{"id":2274,"date":"2025-07-14T11:47:39","date_gmt":"2025-07-14T11:47:39","guid":{"rendered":"https:\/\/md-medicina.si\/?page_id=2274"},"modified":"2026-03-26T16:00:36","modified_gmt":"2026-03-26T16:00:36","slug":"maksilofacialna-kirurgija","status":"publish","type":"page","link":"https:\/\/md-medicina.si\/sq\/operativni-posegi\/maksilofacialna-kirurgija\/","title":{"rendered":"Kirurgjia maksilofaciale"},"content":{"rendered":"<section class=\"bde-section-2274-100 bde-section\">\n              \n  \n  \n\t\n\n\n\n        <div class=\"section-shape-divider-wrapper section-shape-divider-wrapper--1\">\n          <span class=\"section-shape-divider\">\n                      <svg width=\"100%\" height=\"80%\" id=\"svg\" viewbox=\"0 0 1440 350\" xmlns=\"http:\/\/www.w3.org\/2000\/svg\" preserveaspectratio=\"none\" class=\"transition duration-300 ease-in-out delay-150\"><path d=\"M 0,600 L 0,225 C 185.59999999999997,169.8 371.19999999999993,114.6 542,146 C 712.8000000000001,177.4 868.8,295.4 1016,323 C 1163.2,350.6 1301.6,287.8 1440,225 L 1440,600 L 0,600 Z\" stroke=\"none\" stroke-width=\"0\" fill=\"white\" fill-opacity=\"1\" class=\"transition-all duration-300 ease-in-out delay-150 path-0\"><\/path><\/svg>\n                    <\/span>\n      <\/div>\n  <div class=\"section-container\"><div class=\"bde-columns-2274-101 bde-columns\"><div class=\"bde-column-2274-102 bde-column\">\n  \n  \n\t\n\n\n\n<div class=\"bde-button-2274-103 bde-button\">\n    \n                        \n                        \n    \n    \n    \n    \n            \n            <button type=\"button\" class=\"button-atom button-atom--custom bde-button__button\"  >\n    \n        <span class=\"button-atom__text\">Kthehu te nd\u00ebrhyrjet kirurgjikale<\/span>\n\n                            \n        \n            <\/button>\n    \n\n\n<\/div><img decoding=\"async\" class=\"bde-image2-2274-104 bde-image2\" src=\"https:\/\/md-medicina.si\/wp-content\/uploads\/2025\/07\/Ambulanta-za-maksilofacialno-kirurgijo-Glavna.jpeg\" loading=\"lazy\" srcset=\"https:\/\/md-medicina.si\/wp-content\/uploads\/2025\/07\/Ambulanta-za-maksilofacialno-kirurgijo-Glavna.jpeg 1000w, https:\/\/md-medicina.si\/wp-content\/uploads\/2025\/07\/Ambulanta-za-maksilofacialno-kirurgijo-Glavna-300x200.jpeg 300w, https:\/\/md-medicina.si\/wp-content\/uploads\/2025\/07\/Ambulanta-za-maksilofacialno-kirurgijo-Glavna-768x512.jpeg 768w, https:\/\/md-medicina.si\/wp-content\/uploads\/2025\/07\/Ambulanta-za-maksilofacialno-kirurgijo-Glavna-18x12.jpeg 18w\" sizes=\"(max-width: 1000px) 100vw, 1000px\">\n<\/div><div class=\"bde-column-2274-105 bde-column\">\n  \n  \n\t\n\n\n\n<h2 class=\"bde-heading-2274-106 bde-heading\">\nKirurgjia maksilofaciale\n<\/h2><div class=\"bde-text-2274-107 bde-text\">\nAmbulatori i Kirurgjis\u00eb Maksilofaciale n\u00eb MD Medicina kryen t\u00eb gjith\u00eb gam\u00ebn e nd\u00ebrhyrjeve \u2013 nga nxjerrjet e shpejta kirurgjikale orale dhe vendosja e implanteve deri te operacionet komplekse ortognatike dhe rikonstruksionet e artikulacionit temporomandibular. <br><br>Ne bashkojm\u00eb ekspertiz\u00ebn mjek\u00ebsore dhe dentare, punojm\u00eb me teknika minimalisht invazive dhe sigurojm\u00eb rikthimin funksional dhe estetik t\u00eb fytyr\u00ebs, zgavr\u00ebs orale dhe nofullave.\n<\/div><div class=\"bde-div-2274-108 bde-div\">\n  \n  \n\t\n\n\n\n<div class=\"bde-button-2274-109 bde-button\">\n    \n                                    \n    \n    \n    \n    \n            \n            <button type=\"button\" class=\"button-atom button-atom--primary bde-button__button\"  >\n    \n        <span class=\"button-atom__text\">Regjistrohu p\u00ebr vler\u00ebsimin<\/span>\n\n        \n        \n            <\/button>\n    \n\n\n<\/div><div class=\"bde-button-2274-110 bde-button\">\n    \n                        \n                        \n    \n    \n    \n    \n            \n                    \n            \n            \n\n    \n    \n    \n    \n    \n    <a class=\"breakdance-link button-atom button-atom--secondary bde-button__button\" href=\"\/sq\/operativni-posegi\/maksilofacialna-kirurgija\/#podrocja-dela\" target=\"_self\" data-type=\"url\"  >\n\n    \n        <span class=\"button-atom__text\">Fushat e Pun\u00ebs n\u00eb Kirurgjin\u00eb Maksilofaciale<\/span>\n\n        \n        \n                <\/a>\n\n    \n\n\n<\/div>\n<\/div>\n<\/div><\/div><h2 class=\"bde-heading-2274-111 bde-heading\">\nRreth Sh\u00ebrbimit\n<\/h2><div class=\"bde-columns-2274-112 bde-columns\"><div class=\"bde-column-2274-113 bde-column\">\n  \n  \n\t\n\n\n\n<div class=\"bde-text-2274-114 bde-text\">\nEkipi yn\u00eb i kirurgjis\u00eb maksilofaciale trajton gjith\u00e7ka, nga procedurat e thjeshta ambulatore deri te operacionet shum\u00eb t\u00eb specializuara t\u00eb skeletit t\u00eb fytyr\u00ebs. <br><br>Kirurgjia orale p\u00ebrfshin nxjerrje t\u00eb thjeshta dhe t\u00eb komplikuara t\u00eb dh\u00ebmb\u00ebve, heqjen e dh\u00ebmb\u00ebve t\u00eb men\u00e7uris\u00eb dhe dh\u00ebmb\u00ebve shtes\u00eb, apikotomi, trajtimin e kisteve n\u00eb zgavr\u00ebn me goj\u00eb, si dhe vendosjen e implanteve prej titani ose qeramike me shtes\u00eb kockore ose ngritje t\u00eb sinusit. Ne gjithashtu heqim tumor\u00ebt e l\u00ebkur\u00ebs dhe mukoz\u00ebs, ofrojm\u00eb ekzaminime patohistologjike dhe ndjekje afatgjat\u00eb.\n<\/div>\n<\/div><div class=\"bde-column-2274-115 bde-column\">\n  \n  \n\t\n\n\n\n<div class=\"bde-text-2274-116 bde-text\">\nMerremi gjithashtu me kirurgjin\u00eb ortognatike dhe kryejm\u00eb t\u00eb gjitha llojet e nd\u00ebrhyrjeve n\u00eb k\u00ebt\u00eb fush\u00eb (osteotomi Le Fort I, BSSO, SARPE, genioplastik\u00eb). Me k\u00ebto nd\u00ebrhyrje korrigjojm\u00eb okluzionin, p\u00ebrmir\u00ebsojm\u00eb rrug\u00ebt e frym\u00ebmarrjes dhe sigurojm\u00eb simetrin\u00eb e fytyr\u00ebs duke marr\u00eb parasysh me kujdes t\u00eb gjith\u00eb parametrat estetik\u00eb. Nd\u00ebrhyrjet kryhen n\u00ebn anestezi t\u00eb p\u00ebrgjithshme me nj\u00eb q\u00ebndrim t\u00eb shkurt\u00ebr spitalor.<br><br>T\u00eb gjitha procedurat e p\u00ebrmendura bazohen n\u00eb planifikim t\u00eb sakt\u00eb digjital 3D, p\u00ebrdorimin e udh\u00ebzuesve dhe teknika minimalisht invazive, gj\u00eb q\u00eb shkurton koh\u00ebn operative, ul rrezikun e komplikimeve dhe p\u00ebrshpejton sh\u00ebrimin.\n<\/div>\n<\/div><\/div><\/div>\n<\/section><section id=\"podrocja-dela\" class=\"bde-section-2274-117 bde-section\">\n  \n  \n\t\n\n\n\n<div class=\"section-container\"><h2 class=\"bde-heading-2274-118 bde-heading\">\nProcedurat e kirurgjis\u00eb maksilofaciale\n<\/h2><div class=\"bde-grid-2274-119 bde-grid\">\n  \n  \n\t\n\n\n\n<div class=\"bde-div-2274-120 bde-div\">\n  \n  \n\t\n\n\n\n<div class=\"bde-icon-2274-121 bde-icon\">\n\n    \n            <div class=\"bde-icon-icon breakdance-icon-atom\" >\n    \n                    <svg xmlns=\"http:\/\/www.w3.org\/2000\/svg\" width=\"25\" height=\"24\" viewbox=\"0 0 25 24\" fill=\"none\">\r\n<path d=\"M12.0898 22C17.6127 22 22.0898 17.5228 22.0898 12C22.0898 6.47715 17.6127 2 12.0898 2C6.567 2 2.08984 6.47715 2.08984 12C2.08984 17.5228 6.567 22 12.0898 22Z\" stroke=\"#007CB6\" stroke-width=\"2\" stroke-linecap=\"round\" stroke-linejoin=\"round\"\/>\r\n<path d=\"M9.08984 12L11.0898 14L15.0898 10\" stroke=\"#007CB6\" stroke-width=\"2\" stroke-linecap=\"round\" stroke-linejoin=\"round\"\/>\r\n<\/svg>\n        \n        \n        \n            <\/div>\n    \n\n\n<\/div><div class=\"bde-text-2274-122 bde-text\">\nKirurgjia Orale dhe Maksilofaciale\n<\/div><div class=\"bde-rich-text-2274-214 bde-rich-text breakdance-rich-text-styles\">\n<p>Ndryshimet n\u00eb zgavr\u00ebn orale, dh\u00ebmb\u00eb dhe nofulla mund t\u00eb shkaktojn\u00eb dhimbje, inflamacion ose probleme funksionale. Me teknika minimalisht invazive sigurojm\u00eb zgjidhje t\u00eb shpejt\u00eb dhe t\u00eb sigurt t\u00eb problemeve tek t\u00eb rriturit dhe f\u00ebmij\u00ebt.<\/p><ul><li><strong>Ekstraksion i Thjesht\u00eb<\/strong>\u00a0\u2013 heqje pa dhimbje e dh\u00ebmbit pa shpim; plaga sh\u00ebrohet brenda disa dit\u00ebsh.<\/li><li><strong>Ekstraksion i Komplikuar \/ Heqje Kirurgjikale e Dh\u00ebmbit t\u00eb Urte<\/strong>\u00a0\u2013 ngritje e l\u00ebkur\u00ebs s\u00eb mishit t\u00eb dh\u00ebmbit, ndarje e rr\u00ebnj\u00ebve dhe shpim i kock\u00ebs p\u00ebr heqje t\u00eb sigurt t\u00eb dh\u00ebmb\u00ebve t\u00eb futur ose shtes\u00eb.<\/li><li><strong>Apikotomia<\/strong>\u00a0\u2013 heqja e infeksionit n\u00eb maj\u00ebn e rr\u00ebnj\u00ebs, shkurtimi i rr\u00ebnj\u00ebs dhe mbushja retrograde; ruan dh\u00ebmbin dhe eliminon infeksionin kronik.<\/li><li><strong>Frenulotomia<\/strong>\u00a0\u2013 nd\u00ebrprerja e frenulumit gjuh\u00ebsor ose labial tek foshnjat, f\u00ebmij\u00ebt ose t\u00eb rriturit p\u00ebr t\u00eb p\u00ebrmir\u00ebsuar t\u00eb folurin, p\u00ebr t\u00eb parandaluar recesionin e mishrave t\u00eb dh\u00ebmb\u00ebve ose p\u00ebr t\u00eb mb\u00ebshtetur stabilitetin ortodontik.<\/li><li><strong>Zgjatja e kuror\u00ebs klinike<\/strong>\u00a0Zgjatja e kuror\u00ebs klinike<\/li><\/ul>\n<\/div>\n<\/div><div class=\"bde-div-2274-124 bde-div\">\n  \n  \n\t\n\n\n\n<div class=\"bde-icon-2274-125 bde-icon\">\n\n    \n            <div class=\"bde-icon-icon breakdance-icon-atom\" >\n    \n                    <svg xmlns=\"http:\/\/www.w3.org\/2000\/svg\" width=\"25\" height=\"24\" viewbox=\"0 0 25 24\" fill=\"none\">\r\n<path d=\"M12.0898 22C17.6127 22 22.0898 17.5228 22.0898 12C22.0898 6.47715 17.6127 2 12.0898 2C6.567 2 2.08984 6.47715 2.08984 12C2.08984 17.5228 6.567 22 12.0898 22Z\" stroke=\"#007CB6\" stroke-width=\"2\" stroke-linecap=\"round\" stroke-linejoin=\"round\"\/>\r\n<path d=\"M9.08984 12L11.0898 14L15.0898 10\" stroke=\"#007CB6\" stroke-width=\"2\" stroke-linecap=\"round\" stroke-linejoin=\"round\"\/>\r\n<\/svg>\n        \n        \n        \n            <\/div>\n    \n\n\n<\/div><div class=\"bde-text-2274-126 bde-text\">\nImplantologjia dhe Rikonstruksioni i Kock\u00ebs\n<\/div><div class=\"bde-rich-text-2274-215 bde-rich-text breakdance-rich-text-styles\">\n<p>N\u00eb rast humbjeje dh\u00ebmb\u00ebsh ose mungese t\u00eb kock\u00ebs, kombinojm\u00eb implantet titanike\/keramike me teknika rigjenerative p\u00ebr t\u00eb rikthyer funksionin dhe estetik\u00ebn e kafshimit.<\/p><ul><li><strong>Vendosja e implantit dentar<\/strong>\u00a0\u2013 futja e nj\u00eb vidhosje titanike ose qeramike, e cila pas osteointegrimit mb\u00ebshtet nj\u00eb kuror\u00eb, ur\u00eb ose protez\u00eb dhe z\u00ebvend\u00ebson nj\u00eb dh\u00ebmb mungues, segment ose edentuliz\u00ebm total.<\/li><li><strong>Shtimi i kock\u00ebs<\/strong>\u00a0\u2013 zgjerim horizontal ose vertikal i kresht\u00ebs alveolare me kock\u00eb autologe ose artificiale dhe derivate PRP p\u00ebr sh\u00ebrim m\u00eb t\u00eb shpejt\u00eb.<\/li><li><strong>Rritja e sinusit<\/strong>\u00a0\u2013 trepanimi i sinusit maksilar, ngritja e membran\u00ebs s\u00eb sinusit dhe vendosja e materialit kockor n\u00eb kombinim me derivate PRP p\u00ebr fiksim t\u00eb q\u00ebndruesh\u00ebm t\u00eb implantit n\u00eb segmentin posterior t\u00eb nofull\u00ebs s\u00eb sip\u00ebrme, ku lart\u00ebsia e kresht\u00ebs \u00ebsht\u00eb e pamjaftueshme.<\/li><\/ul>\n<\/div>\n<\/div><div class=\"bde-div-2274-128 bde-div\">\n  \n  \n\t\n\n\n\n<div class=\"bde-icon-2274-129 bde-icon\">\n\n    \n            <div class=\"bde-icon-icon breakdance-icon-atom\" >\n    \n                    <svg xmlns=\"http:\/\/www.w3.org\/2000\/svg\" width=\"25\" height=\"24\" viewbox=\"0 0 25 24\" fill=\"none\">\r\n<path d=\"M12.0898 22C17.6127 22 22.0898 17.5228 22.0898 12C22.0898 6.47715 17.6127 2 12.0898 2C6.567 2 2.08984 6.47715 2.08984 12C2.08984 17.5228 6.567 22 12.0898 22Z\" stroke=\"#007CB6\" stroke-width=\"2\" stroke-linecap=\"round\" stroke-linejoin=\"round\"\/>\r\n<path d=\"M9.08984 12L11.0898 14L15.0898 10\" stroke=\"#007CB6\" stroke-width=\"2\" stroke-linecap=\"round\" stroke-linejoin=\"round\"\/>\r\n<\/svg>\n        \n        \n        \n            <\/div>\n    \n\n\n<\/div><div class=\"bde-text-2274-130 bde-text\">\nOrtognatska\/ortofacialna kirurgija\n<\/div><div class=\"bde-rich-text-2274-216 bde-rich-text breakdance-rich-text-styles\">\n<p>P\u00ebrfshin nd\u00ebrhyrje p\u00ebr trajtimin e deformimeve dento-faciale dhe OSAS. Operacionet mund t\u00eb kryhen individualisht ose n\u00eb kombinim, n\u00eb var\u00ebsi t\u00eb shkall\u00ebs s\u00eb anomalive skeletike dhe parametrave estetik\u00eb. Kryhen n\u00ebn anestezi t\u00eb p\u00ebrgjithshme, me shtrim n\u00eb spital nj\u00eb ose dy net.<\/p><ul><li><strong>Osteotomia Le Fort I<\/strong>\u00a0\u2013 osteotomi, mobilizim dhe zhvendosje e nofull\u00ebs s\u00eb sip\u00ebrme; fiksim me pllaka\/vida.<\/li><li><strong>BSSO (Bilateral Sagittal Split Osteotomy)<\/strong>\u00a0\u2013 osteotomi, mobilizim dhe zhvendosje e nofull\u00ebs s\u00eb poshtme p\u00ebrpara\/mbrapa ose korrigjim i asimetris\u00eb; fiksim me pllaka\/vida.<\/li><li><strong>Genioplastika<\/strong>\u00a0\u2013 osteotomi, mobilizim i segmentit t\u00eb mjekr\u00ebs (p\u00ebrpara, mbrapa, posht\u00eb ose shkurtim) p\u00ebr p\u00ebrmir\u00ebsimin e profilit t\u00eb fytyr\u00ebs; fiksim me pllaka\/vida.<\/li><li><strong>SARPE<\/strong>\u00a0\u2013 osteotomi e nofull\u00ebs s\u00eb sip\u00ebrme dhe vendosje e nj\u00eb distraktori p\u00ebr zgjerimin transversal t\u00eb nofull\u00ebs s\u00eb sip\u00ebrme.<\/li><li><strong>Vendosja e ankorave ortodontike<\/strong>\u00a0\u2013 mini-vida n\u00eb mjek\u00ebr ose qiellz\u00eb si mb\u00ebshtetje e q\u00ebndrueshme p\u00ebr trajtime komplekse ortodontiko-kirurgjikale.<\/li><\/ul>\n<\/div>\n<\/div><div class=\"bde-div-2274-132 bde-div\">\n  \n  \n\t\n\n\n\n<div class=\"bde-icon-2274-133 bde-icon\">\n\n    \n            <div class=\"bde-icon-icon breakdance-icon-atom\" >\n    \n                    <svg xmlns=\"http:\/\/www.w3.org\/2000\/svg\" width=\"25\" height=\"24\" viewbox=\"0 0 25 24\" fill=\"none\">\r\n<path d=\"M12.0898 22C17.6127 22 22.0898 17.5228 22.0898 12C22.0898 6.47715 17.6127 2 12.0898 2C6.567 2 2.08984 6.47715 2.08984 12C2.08984 17.5228 6.567 22 12.0898 22Z\" stroke=\"#007CB6\" stroke-width=\"2\" stroke-linecap=\"round\" stroke-linejoin=\"round\"\/>\r\n<path d=\"M9.08984 12L11.0898 14L15.0898 10\" stroke=\"#007CB6\" stroke-width=\"2\" stroke-linecap=\"round\" stroke-linejoin=\"round\"\/>\r\n<\/svg>\n        \n        \n        \n            <\/div>\n    \n\n\n<\/div><div class=\"bde-text-2274-134 bde-text\">\nLezione t\u00eb l\u00ebkur\u00ebs dhe mukoz\u00ebs n\u00eb fytyr\u00eb dhe qaf\u00eb\n<\/div><div class=\"bde-rich-text-2274-217 bde-rich-text breakdance-rich-text-styles\">\n<p>Ne i heqim formacionet n\u00eb m\u00ebnyr\u00eb t\u00eb sigurt estetikisht dhe onkologjikisht, duke siguruar shenj\u00eb minimale dhe konfirmim histologjik t\u00eb diagnoz\u00ebs.<\/p><ul><li><strong>Ekscizioni i lezioneve t\u00eb l\u00ebkur\u00ebs<\/strong>\u00a0\u2013 nevuse pigmentare, keratoza ose lezione t\u00eb dyshimta n\u00eb fytyr\u00eb dhe qaf\u00eb; rikonstruksion me l\u00ebkura lokale n\u00ebse \u00ebsht\u00eb e nevojshme.<\/li><li><strong>Heqja e tumoreve \/ kisteve t\u00eb zgavr\u00ebs orale<\/strong>\u00a0\u2013 ekscizion me kufi sigurie, mostrat d\u00ebrgohen p\u00ebr ekzaminim patohistologjik.<\/li><\/ul>\n<\/div>\n<\/div>\n<\/div><div class=\"bde-globalblock-2274-218 bde-globalblock\"><div class=\"bde-div-1663-100-1663-1 bde-div bde-div-1663-100\">\n  \n  \n\t\n\n\n\n<h2 class=\"bde-heading-1663-101-1663-1 bde-heading bde-heading-1663-101\">\nRegjistrohu p\u00ebr vler\u00ebsimin\n<\/h2>\n<\/div><\/div><\/div>\n<\/section><section class=\"bde-section-2274-154 bde-section\">\n  \n  \n\t\n\n\n\n<div class=\"section-container\"><div class=\"bde-grid-2274-155 bde-grid\">\n  \n  \n\t\n\n\n\n<div class=\"bde-div-2274-156 bde-div\">\n  \n  \n\t\n\n\n\n<img decoding=\"async\" class=\"bde-image2-2274-157 bde-image2\" src=\"https:\/\/md-medicina.si\/wp-content\/uploads\/2025\/04\/telefon.svg\" loading=\"lazy\" sizes=\"(max-width: 32px) 100vw, 32px\"><div class=\"bde-text-2274-158 bde-text\">\nPorosi telefonike\n<\/div><div class=\"bde-text-2274-159 bde-text\">\nPorositja me telefon \u00ebsht\u00eb e mundur nga e h\u00ebna n\u00eb t\u00eb premte, nga ora 8:00 deri n\u00eb 18:00.\n<\/div><div class=\"bde-button-2274-160 bde-button\">\n    \n                        \n                        \n    \n    \n    \n    \n            \n            <button type=\"button\" class=\"button-atom button-atom--custom bde-button__button\"  >\n    \n        <span class=\"button-atom__text\">Telefononi n\u00eb 031 214 444<\/span>\n\n        \n        \n            <\/button>\n    \n\n\n<\/div>\n<\/div><div class=\"bde-div-2274-161 bde-div\">\n  \n  \n\t\n\n\n\n<img decoding=\"async\" class=\"bde-image2-2274-162 bde-image2\" src=\"https:\/\/md-medicina.si\/wp-content\/uploads\/2025\/04\/sdf.svg\" loading=\"lazy\" sizes=\"(max-width: 32px) 100vw, 32px\"><div class=\"bde-text-2274-163 bde-text\">\nListat e \u00e7mimeve\n<\/div><div class=\"bde-text-2274-164 bde-text\">\nP\u00ebr m\u00eb shum\u00eb informacion n\u00eb lidhje me \u00e7mimet e sh\u00ebrbimeve tona, klikoni butonin m\u00eb posht\u00eb.\n<\/div><div class=\"bde-button-2274-165 bde-button\">\n    \n                        \n                        \n    \n    \n    \n    \n            \n            <button type=\"button\" class=\"button-atom button-atom--custom bde-button__button\"  >\n    \n        <span class=\"button-atom__text\">Listat e \u00e7mimeve<\/span>\n\n        \n        \n            <\/button>\n    \n\n\n<\/div>\n<\/div><div class=\"bde-div-2274-166 bde-div\">\n  \n  \n\t\n\n\n\n<img decoding=\"async\" class=\"bde-image2-2274-167 bde-image2\" src=\"https:\/\/md-medicina.si\/wp-content\/uploads\/2025\/04\/Frame.svg\" loading=\"lazy\" sizes=\"(max-width: 32px) 100vw, 32px\"><div class=\"bde-text-2274-168 bde-text\">\nOraret\n<\/div><div class=\"bde-text-2274-169 bde-text\">\nP\u00ebr t\u00eb par\u00eb oraret e t\u00eb gjith\u00eb mjek\u00ebve t\u00eb disponuesh\u00ebm, klikoni butonin m\u00eb posht\u00eb.\n<\/div><div class=\"bde-button-2274-170 bde-button\">\n    \n                        \n                        \n    \n    \n    \n    \n            \n            <button type=\"button\" class=\"button-atom button-atom--custom bde-button__button\"  >\n    \n        <span class=\"button-atom__text\">Oraret<\/span>\n\n        \n        \n            <\/button>\n    \n\n\n<\/div>\n<\/div>\n<\/div><\/div>\n<\/section><section class=\"bde-section-2274-171 bde-section\">\n  \n  \n\t\n\n\n\n        <div class=\"section-shape-divider-wrapper section-shape-divider-wrapper--1\">\n          <span class=\"section-shape-divider\">\n                      <svg width=\"100%\" height=\"100%\" id=\"svg\" viewbox=\"0 0 1440 350\" xmlns=\"http:\/\/www.w3.org\/2000\/svg\" preserveaspectratio=\"none\" class=\"transition duration-300 ease-in-out delay-150\"><path d=\"M 0,600 L 0,225 C 185.59999999999997,169.8 371.19999999999993,114.6 542,146 C 712.8000000000001,177.4 868.8,295.4 1016,323 C 1163.2,350.6 1301.6,287.8 1440,225 L 1440,600 L 0,600 Z\" stroke=\"none\" stroke-width=\"0\" fill=\"#c1e0ef\" fill-opacity=\"1\" class=\"transition-all duration-300 ease-in-out delay-150 path-0\"><\/path><\/svg>\n                    <\/span>\n      <\/div>\n  <div class=\"section-container\"><h2 class=\"bde-heading-2274-172 bde-heading\">\nStafi profesional\n<\/h2><div class=\"bde-text-2274-173 bde-text\">\nMaksilofacialne kirurgije\n<\/div><div class=\"bde-post-loop-2274-174 bde-post-loop\"><div class=\"bde-loop bde-loop-grid ee-posts ee-posts-grid\">    <article class=\"bde-loop-item ee-post\">\n        <a class=\"bde-container-link-278-100-738-278-1 bde-container-link bde-container-link-278-100 breakdance-link\" href=\"https:\/\/md-medicina.si\/sq\/zdravnik\/izr-prof-dr-janez-brecelj-dr-med\/\" target=\"_self\" data-type=\"url\">\n  \n  \n\t\n\n\n\n<img decoding=\"async\" class=\"bde-image2-278-101-738-278-1 bde-image2 bde-image2-278-101\" src=\"https:\/\/md-medicina.si\/wp-content\/uploads\/2025\/05\/Foto-Zupan-scaled.jpg\" loading=\"lazy\" srcset=\"https:\/\/md-medicina.si\/wp-content\/uploads\/2025\/05\/Foto-Zupan-scaled.jpg 1707w, https:\/\/md-medicina.si\/wp-content\/uploads\/2025\/05\/Foto-Zupan-200x300.jpg 200w, https:\/\/md-medicina.si\/wp-content\/uploads\/2025\/05\/Foto-Zupan-683x1024.jpg 683w, https:\/\/md-medicina.si\/wp-content\/uploads\/2025\/05\/Foto-Zupan-768x1152.jpg 768w, https:\/\/md-medicina.si\/wp-content\/uploads\/2025\/05\/Foto-Zupan-1024x1536.jpg 1024w, https:\/\/md-medicina.si\/wp-content\/uploads\/2025\/05\/Foto-Zupan-1365x2048.jpg 1365w, https:\/\/md-medicina.si\/wp-content\/uploads\/2025\/05\/Foto-Zupan-8x12.jpg 8w\" sizes=\"(max-width: 1707px) 100vw, 1707px\"><div class=\"bde-text-278-102-738-278-1 bde-text bde-text-278-102\">\nprof. dr. Oskar Zupanc, dr. med.\n<\/div><div class=\"bde-text-278-103-738-278-1 bde-text bde-text-278-103\">\nspecialist i kirurgjis\u00eb ortopedike\n<\/div><div class=\"bde-text-278-104-738-278-1 bde-text bde-text-278-104\">\nPri svojem delu se ukvarja s \u0161portno patologijo. Osredoto\u010da se predvsem na zdravljenje ramen, komolca in kolen.\n<\/div>\n\n<\/a>    <\/article>\n    <article class=\"bde-loop-item ee-post\">\n        <a class=\"bde-container-link-278-100-726-278-1 bde-container-link bde-container-link-278-100 breakdance-link\" href=\"https:\/\/md-medicina.si\/sq\/zdravnik\/asist-dr-nik-zlak-dr-med\/\" target=\"_self\" data-type=\"url\">\n  \n  \n\t\n\n\n\n<img decoding=\"async\" class=\"bde-image2-278-101-726-278-1 bde-image2 bde-image2-278-101\" src=\"https:\/\/md-medicina.si\/wp-content\/uploads\/2025\/05\/asist.-dr.-Nik-Zlak-dr.-med.webp\" loading=\"lazy\" srcset=\"https:\/\/md-medicina.si\/wp-content\/uploads\/2025\/05\/asist.-dr.-Nik-Zlak-dr.-med.webp 800w, https:\/\/md-medicina.si\/wp-content\/uploads\/2025\/05\/asist.-dr.-Nik-Zlak-dr.-med-240x300.webp 240w, https:\/\/md-medicina.si\/wp-content\/uploads\/2025\/05\/asist.-dr.-Nik-Zlak-dr.-med-768x960.webp 768w\" sizes=\"(max-width: 800px) 100vw, 800px\"><div class=\"bde-text-278-102-726-278-1 bde-text bde-text-278-102\">\nprofesor asistent Nik \u017dlak, MD\n<\/div><div class=\"bde-text-278-103-726-278-1 bde-text bde-text-278-103\">\nspecialist i kirurgjis\u00eb ortopedike\n<\/div><div class=\"bde-text-278-104-726-278-1 bde-text bde-text-278-104\">\nAi merret me patologji sportive dhe procedura rind\u00ebrtuese n\u00eb gju, ky\u00e7in e k\u00ebmb\u00ebs dhe shpatull, ortopedi rigjeneruese dhe patologji t\u00eb k\u00ebmb\u00ebs.\n<\/div>\n\n<\/a>    <\/article>\n    <article class=\"bde-loop-item ee-post\">\n        <a class=\"bde-container-link-278-100-753-278-1 bde-container-link bde-container-link-278-100 breakdance-link\" href=\"https:\/\/md-medicina.si\/sq\/zdravnik\/dasa-zugwitz-dr-med\/\" target=\"_self\" data-type=\"url\">\n  \n  \n\t\n\n\n\n<img decoding=\"async\" class=\"bde-image2-278-101-753-278-1 bde-image2 bde-image2-278-101\" src=\"https:\/\/md-medicina.si\/wp-content\/uploads\/2025\/05\/Dasa-Zugwitz-dr.-med.webp\" loading=\"lazy\" srcset=\"https:\/\/md-medicina.si\/wp-content\/uploads\/2025\/05\/Dasa-Zugwitz-dr.-med.webp 800w, https:\/\/md-medicina.si\/wp-content\/uploads\/2025\/05\/Dasa-Zugwitz-dr.-med-240x300.webp 240w, https:\/\/md-medicina.si\/wp-content\/uploads\/2025\/05\/Dasa-Zugwitz-dr.-med-768x960.webp 768w\" sizes=\"(max-width: 800px) 100vw, 800px\"><div class=\"bde-text-278-102-753-278-1 bde-text bde-text-278-102\">\nDa\u0161a Zugwitz, MD.\n<\/div><div class=\"bde-text-278-103-753-278-1 bde-text bde-text-278-103\">\nspecialist n\u00eb kardiologji dhe mjek\u00ebsi vaskulare\n<\/div><div class=\"bde-text-278-104-753-278-1 bde-text bde-text-278-104\">\nI specializuar n\u00eb imazherin\u00eb kardiake me certifikime nd\u00ebrkomb\u00ebtare dhe njohuri k\u00ebrkimore n\u00eb fush\u00ebn e kardiologjis\u00eb.\n<\/div>\n\n<\/a>    <\/article>\n    <article class=\"bde-loop-item ee-post\">\n        <a class=\"bde-container-link-278-100-723-278-1 bde-container-link bde-container-link-278-100 breakdance-link\" href=\"https:\/\/md-medicina.si\/sq\/zdravnik\/asist-dr-janez-toplisek-dr-med\/\" target=\"_self\" data-type=\"url\">\n  \n  \n\t\n\n\n\n<img decoding=\"async\" class=\"bde-image2-278-101-723-278-1 bde-image2 bde-image2-278-101\" src=\"https:\/\/md-medicina.si\/wp-content\/uploads\/2025\/05\/asist.-dr.-Janez-Toplisek-dr.-med.webp\" loading=\"lazy\" srcset=\"https:\/\/md-medicina.si\/wp-content\/uploads\/2025\/05\/asist.-dr.-Janez-Toplisek-dr.-med.webp 800w, https:\/\/md-medicina.si\/wp-content\/uploads\/2025\/05\/asist.-dr.-Janez-Toplisek-dr.-med-240x300.webp 240w, https:\/\/md-medicina.si\/wp-content\/uploads\/2025\/05\/asist.-dr.-Janez-Toplisek-dr.-med-768x960.webp 768w\" sizes=\"(max-width: 800px) 100vw, 800px\"><div class=\"bde-text-278-102-723-278-1 bde-text bde-text-278-102\">\nAsistojn\u00eb. Janez Topli\u0161ek, Dr. med.\n<\/div><div class=\"bde-text-278-103-723-278-1 bde-text bde-text-278-103\">\nspecialist n\u00eb mjek\u00ebsin\u00eb e brendshme, kardiologjin\u00eb dhe mjek\u00ebsin\u00eb vaskulare\n<\/div><div class=\"bde-text-278-104-723-278-1 bde-text bde-text-278-104\">\nKryesisht trajton probleme q\u00eb lidhen me sistemin kardiovaskular.\n<\/div>\n\n<\/a>    <\/article>\n    <article class=\"bde-loop-item ee-post\">\n        <a class=\"bde-container-link-278-100-728-278-1 bde-container-link bde-container-link-278-100 breakdance-link\" href=\"https:\/\/md-medicina.si\/sq\/zdravnik\/asist-dr-lovro-suhodolcan-dr-med\/\" target=\"_self\" data-type=\"url\">\n  \n  \n\t\n\n\n\n<img decoding=\"async\" class=\"bde-image2-278-101-728-278-1 bde-image2 bde-image2-278-101\" src=\"https:\/\/md-medicina.si\/wp-content\/uploads\/2025\/05\/asist.-dr.-Lovro-Suhodolcan-dr.-med.webp\" loading=\"lazy\" srcset=\"https:\/\/md-medicina.si\/wp-content\/uploads\/2025\/05\/asist.-dr.-Lovro-Suhodolcan-dr.-med.webp 800w, https:\/\/md-medicina.si\/wp-content\/uploads\/2025\/05\/asist.-dr.-Lovro-Suhodolcan-dr.-med-240x300.webp 240w, https:\/\/md-medicina.si\/wp-content\/uploads\/2025\/05\/asist.-dr.-Lovro-Suhodolcan-dr.-med-768x960.webp 768w\" sizes=\"(max-width: 800px) 100vw, 800px\"><div class=\"bde-text-278-102-728-278-1 bde-text bde-text-278-102\">\nAsistojn\u00eb. Lovro Suhodol\u010dan, Dr. med.\n<\/div><div class=\"bde-text-278-103-728-278-1 bde-text bde-text-278-103\">\nspecialist i kirurgjis\u00eb ortopedike\n<\/div><div class=\"bde-text-278-104-728-278-1 bde-text bde-text-278-104\">\nAi merret me trajtimin gjith\u00ebp\u00ebrfshir\u00ebs t\u00eb patologjis\u00eb s\u00eb shtyll\u00ebs kurrizore, duke p\u00ebrfshir\u00eb kirurgjin\u00eb e tumoreve dhe deformimet.\n<\/div>\n\n<\/a>    <\/article>\n    <article class=\"bde-loop-item ee-post\">\n        <a class=\"bde-container-link-278-100-1386-278-1 bde-container-link bde-container-link-278-100 breakdance-link\" href=\"https:\/\/md-medicina.si\/sq\/zdravnik\/izr-prof-klemen-strazar-dr-med\/\" target=\"_self\" data-type=\"url\">\n  \n  \n\t\n\n\n\n<img decoding=\"async\" class=\"bde-image2-278-101-1386-278-1 bde-image2 bde-image2-278-101\" src=\"https:\/\/md-medicina.si\/wp-content\/uploads\/2025\/05\/izr.-prof.-Klemen-Strazar-dr.-med.webp\" loading=\"lazy\" srcset=\"https:\/\/md-medicina.si\/wp-content\/uploads\/2025\/05\/izr.-prof.-Klemen-Strazar-dr.-med.webp 800w, https:\/\/md-medicina.si\/wp-content\/uploads\/2025\/05\/izr.-prof.-Klemen-Strazar-dr.-med-240x300.webp 240w, https:\/\/md-medicina.si\/wp-content\/uploads\/2025\/05\/izr.-prof.-Klemen-Strazar-dr.-med-768x960.webp 768w\" sizes=\"(max-width: 800px) 100vw, 800px\"><div class=\"bde-text-278-102-1386-278-1 bde-text bde-text-278-102\">\nAsoc. Prof. Klemen Stra\u017ear, MD, PhD\n<\/div><div class=\"bde-text-278-103-1386-278-1 bde-text bde-text-278-103\">\nspecialist i kirurgjis\u00eb ortopedike\n<\/div><div class=\"bde-text-278-104-1386-278-1 bde-text bde-text-278-104\">\nNj\u00eb specialist me p\u00ebrvoj\u00eb n\u00eb kirurgjin\u00eb ortopedike, i cili i ka p\u00ebrsosur aft\u00ebsit\u00eb e tij n\u00eb klinika prestigjioze n\u00eb t\u00eb gjith\u00eb bot\u00ebn.\n<\/div>\n\n<\/a>    <\/article>\n    <article class=\"bde-loop-item ee-post\">\n        <a class=\"bde-container-link-278-100-745-278-1 bde-container-link bde-container-link-278-100 breakdance-link\" href=\"https:\/\/md-medicina.si\/sq\/zdravnik\/asist-dr-tanja-slokar-dr-med\/\" target=\"_self\" data-type=\"url\">\n  \n  \n\t\n\n\n\n<img decoding=\"async\" class=\"bde-image2-278-101-745-278-1 bde-image2 bde-image2-278-101\" src=\"https:\/\/md-medicina.si\/wp-content\/uploads\/2025\/05\/asist.-dr.-Tanja-Slokar-dr.-med.webp\" loading=\"lazy\" srcset=\"https:\/\/md-medicina.si\/wp-content\/uploads\/2025\/05\/asist.-dr.-Tanja-Slokar-dr.-med.webp 800w, https:\/\/md-medicina.si\/wp-content\/uploads\/2025\/05\/asist.-dr.-Tanja-Slokar-dr.-med-240x300.webp 240w, https:\/\/md-medicina.si\/wp-content\/uploads\/2025\/05\/asist.-dr.-Tanja-Slokar-dr.-med-768x960.webp 768w\" sizes=\"(max-width: 800px) 100vw, 800px\"><div class=\"bde-text-278-102-745-278-1 bde-text bde-text-278-102\">\nAsistojn\u00eb. Dr. Tanja Slokar, Dr. med.\n<\/div><div class=\"bde-text-278-103-745-278-1 bde-text bde-text-278-103\">\nspecialist i kirurgjis\u00eb ortopedike\n<\/div><div class=\"bde-text-278-104-745-278-1 bde-text bde-text-278-104\">\nAi merret me patologji ortopedike t\u00eb p\u00ebrgjithshme dhe t\u00eb larmishme, me theks n\u00eb patologjin\u00eb e k\u00ebmb\u00ebs dhe t\u00eb gjurit si tek t\u00eb rriturit ashtu edhe tek f\u00ebmij\u00ebt.\n<\/div>\n\n<\/a>    <\/article>\n    <article class=\"bde-loop-item ee-post\">\n        <a class=\"bde-container-link-278-100-737-278-1 bde-container-link bde-container-link-278-100 breakdance-link\" href=\"https:\/\/md-medicina.si\/sq\/zdravnik\/asist-peter-slak-dr-med\/\" target=\"_self\" data-type=\"url\">\n  \n  \n\t\n\n\n\n<img decoding=\"async\" class=\"bde-image2-278-101-737-278-1 bde-image2 bde-image2-278-101\" src=\"https:\/\/md-medicina.si\/wp-content\/uploads\/2025\/05\/asist.-Peter-Slak-dr.-med.webp\" loading=\"lazy\" srcset=\"https:\/\/md-medicina.si\/wp-content\/uploads\/2025\/05\/asist.-Peter-Slak-dr.-med.webp 800w, https:\/\/md-medicina.si\/wp-content\/uploads\/2025\/05\/asist.-Peter-Slak-dr.-med-240x300.webp 240w, https:\/\/md-medicina.si\/wp-content\/uploads\/2025\/05\/asist.-Peter-Slak-dr.-med-768x960.webp 768w\" sizes=\"(max-width: 800px) 100vw, 800px\"><div class=\"bde-text-278-102-737-278-1 bde-text bde-text-278-102\">\nasistent Peter Slak, MD\n<\/div><div class=\"bde-text-278-103-737-278-1 bde-text bde-text-278-103\">\nspecialist i radiologjis\u00eb\n<\/div><div class=\"bde-text-278-104-737-278-1 bde-text bde-text-278-104\">\nAi kryen ekzaminime me ultratinguj t\u00eb barkut, traktit urinar, indeve t\u00eb buta dhe organeve t\u00eb qaf\u00ebs s\u00eb mitr\u00ebs tek njer\u00ebz t\u00eb t\u00eb gjitha moshave.\n<\/div>\n\n<\/a>    <\/article>\n    <article class=\"bde-loop-item ee-post\">\n        <a class=\"bde-container-link-278-100-736-278-1 bde-container-link bde-container-link-278-100 breakdance-link\" href=\"https:\/\/md-medicina.si\/sq\/zdravnik\/doc-dr-domen-plut-dr-med\/\" target=\"_self\" data-type=\"url\">\n  \n  \n\t\n\n\n\n<img decoding=\"async\" class=\"bde-image2-278-101-736-278-1 bde-image2 bde-image2-278-101\" src=\"https:\/\/md-medicina.si\/wp-content\/uploads\/2025\/05\/doc.-dr.-Domen-Plut-dr.-med.webp\" loading=\"lazy\" srcset=\"https:\/\/md-medicina.si\/wp-content\/uploads\/2025\/05\/doc.-dr.-Domen-Plut-dr.-med.webp 800w, https:\/\/md-medicina.si\/wp-content\/uploads\/2025\/05\/doc.-dr.-Domen-Plut-dr.-med-240x300.webp 240w, https:\/\/md-medicina.si\/wp-content\/uploads\/2025\/05\/doc.-dr.-Domen-Plut-dr.-med-768x960.webp 768w\" sizes=\"(max-width: 800px) 100vw, 800px\"><div class=\"bde-text-278-102-736-278-1 bde-text bde-text-278-102\">\ndoc. dr. Domen Plut, dr. med.\n<\/div><div class=\"bde-text-278-103-736-278-1 bde-text bde-text-278-103\">\nspecialist i radiologjis\u00eb\n<\/div><div class=\"bde-text-278-104-736-278-1 bde-text bde-text-278-104\">\nAi kryen kryesisht ekzaminime me ultratinguj si p\u00ebr f\u00ebmij\u00eb ashtu edhe p\u00ebr t\u00eb rritur.\n<\/div>\n\n<\/a>    <\/article>\n    <article class=\"bde-loop-item ee-post\">\n        <a class=\"bde-container-link-278-100-755-278-1 bde-container-link bde-container-link-278-100 breakdance-link\" href=\"https:\/\/md-medicina.si\/sq\/zdravnik\/prof-dr-zvezdan-pirtosek-dr-med\/\" target=\"_self\" data-type=\"url\">\n  \n  \n\t\n\n\n\n<img decoding=\"async\" class=\"bde-image2-278-101-755-278-1 bde-image2 bde-image2-278-101\" src=\"https:\/\/md-medicina.si\/wp-content\/uploads\/2025\/05\/prof.-dr.-Zvezdan-Pirtosek-dr.-med.webp\" loading=\"lazy\" srcset=\"https:\/\/md-medicina.si\/wp-content\/uploads\/2025\/05\/prof.-dr.-Zvezdan-Pirtosek-dr.-med.webp 800w, https:\/\/md-medicina.si\/wp-content\/uploads\/2025\/05\/prof.-dr.-Zvezdan-Pirtosek-dr.-med-240x300.webp 240w, https:\/\/md-medicina.si\/wp-content\/uploads\/2025\/05\/prof.-dr.-Zvezdan-Pirtosek-dr.-med-768x960.webp 768w\" sizes=\"(max-width: 800px) 100vw, 800px\"><div class=\"bde-text-278-102-755-278-1 bde-text bde-text-278-102\">\nProf. Dr. Zvezdan Pirto\u0161ek, Dr. med.\n<\/div><div class=\"bde-text-278-103-755-278-1 bde-text bde-text-278-103\">\nspecialist i neurologjis\u00eb\n<\/div><div class=\"bde-text-278-104-755-278-1 bde-text bde-text-278-104\">\nAi merret kryesisht me s\u00ebmundje neurodegjenerative si s\u00ebmundja e Parkinsonit dhe s\u00ebmundja e Alzheimerit.\n<\/div>\n\n<\/a>    <\/article>\n    <article class=\"bde-loop-item ee-post\">\n        <a class=\"bde-container-link-278-100-749-278-1 bde-container-link bde-container-link-278-100 breakdance-link\" href=\"https:\/\/md-medicina.si\/sq\/zdravnik\/miha-muzic-dr-med\/\" target=\"_self\" data-type=\"url\">\n  \n  \n\t\n\n\n\n<img decoding=\"async\" class=\"bde-image2-278-101-749-278-1 bde-image2 bde-image2-278-101\" src=\"https:\/\/md-medicina.si\/wp-content\/uploads\/2025\/05\/Miha-Muzic-dr.-med.webp\" loading=\"lazy\" srcset=\"https:\/\/md-medicina.si\/wp-content\/uploads\/2025\/05\/Miha-Muzic-dr.-med.webp 800w, https:\/\/md-medicina.si\/wp-content\/uploads\/2025\/05\/Miha-Muzic-dr.-med-240x300.webp 240w, https:\/\/md-medicina.si\/wp-content\/uploads\/2025\/05\/Miha-Muzic-dr.-med-768x960.webp 768w\" sizes=\"(max-width: 800px) 100vw, 800px\"><div class=\"bde-text-278-102-749-278-1 bde-text bde-text-278-102\">\nMiha Mu\u017ei\u010d, dr. med.\n<\/div><div class=\"bde-text-278-103-749-278-1 bde-text bde-text-278-103\">\nspecialist dru\u017einske medicine\n<\/div><div class=\"bde-text-278-104-749-278-1 bde-text bde-text-278-104\">\nSpecializiran za dru\u017einsko medicino z dodatnim znanjem iz interne medicine, dermatologije in urgentne diagnostike.\r\n\r\n\r\n\r\n\r\n\r\n\r\n\n<\/div>\n\n<\/a>    <\/article>\n    <article class=\"bde-loop-item ee-post\">\n        <a class=\"bde-container-link-278-100-2207-278-1 bde-container-link bde-container-link-278-100 breakdance-link\" href=\"https:\/\/md-medicina.si\/sq\/zdravnik\/maja-merkun-dr-med\/\" target=\"_self\" data-type=\"url\">\n  \n  \n\t\n\n\n\n<img decoding=\"async\" class=\"bde-image2-278-101-2207-278-1 bde-image2 bde-image2-278-101\" src=\"https:\/\/md-medicina.si\/wp-content\/uploads\/2025\/07\/Mateja-Lasic.webp\" loading=\"lazy\" srcset=\"https:\/\/md-medicina.si\/wp-content\/uploads\/2025\/07\/Mateja-Lasic.webp 800w, https:\/\/md-medicina.si\/wp-content\/uploads\/2025\/07\/Mateja-Lasic-240x300.webp 240w, https:\/\/md-medicina.si\/wp-content\/uploads\/2025\/07\/Mateja-Lasic-768x960.webp 768w, https:\/\/md-medicina.si\/wp-content\/uploads\/2025\/07\/Mateja-Lasic-10x12.webp 10w\" sizes=\"(max-width: 800px) 100vw, 800px\"><div class=\"bde-text-278-102-2207-278-1 bde-text bde-text-278-102\">\nMaja Merkun, dr.med.\n<\/div><div class=\"bde-text-278-103-2207-278-1 bde-text bde-text-278-103\">\nspecialiste e gjinekologjis\u00eb dhe obstetrik\u00ebs\n<\/div><div class=\"bde-text-278-104-2207-278-1 bde-text bde-text-278-104\">\nVodja dejavnosti ginekologije in porodni\u0161tva v MD medicina. Izvaja specialisti\u010dne preglede in \u0161irok nabor ginekolo\u0161kih posegov z osredoto\u010denostjo na celostnem, posameznici prilagojenem pristopu.\n<\/div>\n\n<\/a>    <\/article>\n    <article class=\"bde-loop-item ee-post\">\n        <a class=\"bde-container-link-278-100-744-278-1 bde-container-link bde-container-link-278-100 breakdance-link\" href=\"https:\/\/md-medicina.si\/sq\/zdravnik\/doc-dr-uros-meglic-dr-med\/\" target=\"_self\" data-type=\"url\">\n  \n  \n\t\n\n\n\n<img decoding=\"async\" class=\"bde-image2-278-101-744-278-1 bde-image2 bde-image2-278-101\" src=\"https:\/\/md-medicina.si\/wp-content\/uploads\/2025\/05\/doc.dr_.-Uros-Meglic-dr.-med.webp\" loading=\"lazy\" srcset=\"https:\/\/md-medicina.si\/wp-content\/uploads\/2025\/05\/doc.dr_.-Uros-Meglic-dr.-med.webp 800w, https:\/\/md-medicina.si\/wp-content\/uploads\/2025\/05\/doc.dr_.-Uros-Meglic-dr.-med-240x300.webp 240w, https:\/\/md-medicina.si\/wp-content\/uploads\/2025\/05\/doc.dr_.-Uros-Meglic-dr.-med-768x960.webp 768w\" sizes=\"(max-width: 800px) 100vw, 800px\"><div class=\"bde-text-278-102-744-278-1 bde-text bde-text-278-102\">\nAsistent Profesor Uro\u0161 Megli\u010d, MD, PhD\n<\/div><div class=\"bde-text-278-103-744-278-1 bde-text bde-text-278-103\">\nspecialist i kirurgjis\u00eb ortopedike\n<\/div><div class=\"bde-text-278-104-744-278-1 bde-text bde-text-278-104\">\nAi p\u00ebrqendrohet n\u00eb trajtimin e l\u00ebndimeve dhe s\u00ebmundjeve t\u00eb nyjeve t\u00eb shpatullave dhe b\u00ebrrylave.\n<\/div>\n\n<\/a>    <\/article>\n    <article class=\"bde-loop-item ee-post\">\n        <a class=\"bde-container-link-278-100-722-278-1 bde-container-link bde-container-link-278-100 breakdance-link\" href=\"https:\/\/md-medicina.si\/sq\/zdravnik\/asist-dr-bostjan-matos-dr-med\/\" target=\"_self\" data-type=\"url\">\n  \n  \n\t\n\n\n\n<img decoding=\"async\" class=\"bde-image2-278-101-722-278-1 bde-image2 bde-image2-278-101\" src=\"https:\/\/md-medicina.si\/wp-content\/uploads\/2025\/05\/dr.-Bostjan-Matos-dr.-med.webp\" loading=\"lazy\" srcset=\"https:\/\/md-medicina.si\/wp-content\/uploads\/2025\/05\/dr.-Bostjan-Matos-dr.-med.webp 800w, https:\/\/md-medicina.si\/wp-content\/uploads\/2025\/05\/dr.-Bostjan-Matos-dr.-med-240x300.webp 240w, https:\/\/md-medicina.si\/wp-content\/uploads\/2025\/05\/dr.-Bostjan-Matos-dr.-med-768x960.webp 768w\" sizes=\"(max-width: 800px) 100vw, 800px\"><div class=\"bde-text-278-102-722-278-1 bde-text bde-text-278-102\">\nAsistojn\u00eb. Bo\u0161tjan Matos, Dr. med.\n<\/div><div class=\"bde-text-278-103-722-278-1 bde-text bde-text-278-103\">\nspecialist i neurokirurgjis\u00eb\n<\/div><div class=\"bde-text-278-104-722-278-1 bde-text bde-text-278-104\">\nAi merret kryesisht me procese patologjike n\u00eb tru dhe palc\u00eb kurrizore, si dhe me procese q\u00eb lidhen me dhimbjen n\u00eb shpin\u00ebn lumbare dhe cervikale.\n<\/div>\n\n<\/a>    <\/article>\n    <article class=\"bde-loop-item ee-post\">\n        <a class=\"bde-container-link-278-100-743-278-1 bde-container-link bde-container-link-278-100 breakdance-link\" href=\"https:\/\/md-medicina.si\/sq\/zdravnik\/asist-dr-david-martincic-dr-med\/\" target=\"_self\" data-type=\"url\">\n  \n  \n\t\n\n\n\n<img decoding=\"async\" class=\"bde-image2-278-101-743-278-1 bde-image2 bde-image2-278-101\" src=\"https:\/\/md-medicina.si\/wp-content\/uploads\/2025\/05\/asist.-dr.-David-Martincic-dr.-med.webp\" loading=\"lazy\" srcset=\"https:\/\/md-medicina.si\/wp-content\/uploads\/2025\/05\/asist.-dr.-David-Martincic-dr.-med.webp 800w, https:\/\/md-medicina.si\/wp-content\/uploads\/2025\/05\/asist.-dr.-David-Martincic-dr.-med-240x300.webp 240w, https:\/\/md-medicina.si\/wp-content\/uploads\/2025\/05\/asist.-dr.-David-Martincic-dr.-med-768x960.webp 768w\" sizes=\"(max-width: 800px) 100vw, 800px\"><div class=\"bde-text-278-102-743-278-1 bde-text bde-text-278-102\">\nAsistojn\u00eb. Dr. David Martin\u00e7i\u00e7, Dr. med.\n<\/div><div class=\"bde-text-278-103-743-278-1 bde-text bde-text-278-103\">\nspecialist i kirurgjis\u00eb ortopedike\n<\/div><div class=\"bde-text-278-104-743-278-1 bde-text bde-text-278-104\">\nPuna e tij p\u00ebrqendrohet n\u00eb ortopedin\u00eb sportive dhe kirurgjin\u00eb e tumoreve t\u00eb kockave.\n<\/div>\n\n<\/a>    <\/article>\n    <article class=\"bde-loop-item ee-post\">\n        <a class=\"bde-container-link-278-100-1759-278-1 bde-container-link bde-container-link-278-100 breakdance-link\" href=\"https:\/\/md-medicina.si\/sq\/zdravnik\/1759\/\" target=\"_self\" data-type=\"url\">\n  \n  \n\t\n\n\n\n<img decoding=\"async\" class=\"bde-image2-278-101-1759-278-1 bde-image2 bde-image2-278-101\" src=\"https:\/\/md-medicina.si\/wp-content\/uploads\/2025\/05\/Anze-Kristan-1.webp\" loading=\"lazy\" srcset=\"https:\/\/md-medicina.si\/wp-content\/uploads\/2025\/05\/Anze-Kristan-1.webp 800w, https:\/\/md-medicina.si\/wp-content\/uploads\/2025\/05\/Anze-Kristan-1-240x300.webp 240w, https:\/\/md-medicina.si\/wp-content\/uploads\/2025\/05\/Anze-Kristan-1-768x960.webp 768w\" sizes=\"(max-width: 800px) 100vw, 800px\"><div class=\"bde-text-278-102-1759-278-1 bde-text bde-text-278-102\">\nProf. Dr. An\u017ee Kristan, Dr. med.\n<\/div><div class=\"bde-text-278-103-1759-278-1 bde-text bde-text-278-103\">\nspecialist i traumatologjis\u00eb\n<\/div><div class=\"bde-text-278-104-1759-278-1 bde-text bde-text-278-104\">\nSpecialist me p\u00ebrvoj\u00eb n\u00eb traumatologji dhe kirurgji t\u00eb p\u00ebrgjithshme me praktik\u00eb t\u00eb gjer\u00eb nd\u00ebrkomb\u00ebtare dhe nj\u00eb rol udh\u00ebheq\u00ebs n\u00eb edukimin e specialist\u00ebve kirurgjikal\u00eb n\u00eb Evrop\u00eb dhe Afrik\u00eb.\n<\/div>\n\n<\/a>    <\/article>\n    <article class=\"bde-loop-item ee-post\">\n        <a class=\"bde-container-link-278-100-742-278-1 bde-container-link bde-container-link-278-100 breakdance-link\" href=\"https:\/\/md-medicina.si\/sq\/zdravnik\/dr-robert-kosak-dr-med\/\" target=\"_self\" data-type=\"url\">\n  \n  \n\t\n\n\n\n<img decoding=\"async\" class=\"bde-image2-278-101-742-278-1 bde-image2 bde-image2-278-101\" src=\"https:\/\/md-medicina.si\/wp-content\/uploads\/2025\/05\/dr.-Robert-Kosak-dr.med_.webp\" loading=\"lazy\" srcset=\"https:\/\/md-medicina.si\/wp-content\/uploads\/2025\/05\/dr.-Robert-Kosak-dr.med_.webp 800w, https:\/\/md-medicina.si\/wp-content\/uploads\/2025\/05\/dr.-Robert-Kosak-dr.med_-240x300.webp 240w, https:\/\/md-medicina.si\/wp-content\/uploads\/2025\/05\/dr.-Robert-Kosak-dr.med_-768x960.webp 768w\" sizes=\"(max-width: 800px) 100vw, 800px\"><div class=\"bde-text-278-102-742-278-1 bde-text bde-text-278-102\">\nDr. Robert Ko\u0161ak, MD.\n<\/div><div class=\"bde-text-278-103-742-278-1 bde-text bde-text-278-103\">\nspecialist i kirurgjis\u00eb ortopedike\n<\/div><div class=\"bde-text-278-104-742-278-1 bde-text bde-text-278-104\">\nAi specializohet kryesisht n\u00eb fush\u00ebn e shtyll\u00ebs kurrizore - kryen operacione n\u00eb t\u00eb gjith\u00eb shtyll\u00ebn kurrizore, nga ajo cervikale, torakale dhe lumbare.\n<\/div>\n\n<\/a>    <\/article>\n    <article class=\"bde-loop-item ee-post\">\n        <a class=\"bde-container-link-278-100-748-278-1 bde-container-link bde-container-link-278-100 breakdance-link\" href=\"https:\/\/md-medicina.si\/sq\/zdravnik\/snezana-kocijancic-dr-med\/\" target=\"_self\" data-type=\"url\">\n  \n  \n\t\n\n\n\n<img decoding=\"async\" class=\"bde-image2-278-101-748-278-1 bde-image2 bde-image2-278-101\" src=\"https:\/\/md-medicina.si\/wp-content\/uploads\/2025\/05\/Snezana-Kocijancic-dr.-med.webp\" loading=\"lazy\" srcset=\"https:\/\/md-medicina.si\/wp-content\/uploads\/2025\/05\/Snezana-Kocijancic-dr.-med.webp 800w, https:\/\/md-medicina.si\/wp-content\/uploads\/2025\/05\/Snezana-Kocijancic-dr.-med-240x300.webp 240w, https:\/\/md-medicina.si\/wp-content\/uploads\/2025\/05\/Snezana-Kocijancic-dr.-med-768x960.webp 768w\" sizes=\"(max-width: 800px) 100vw, 800px\"><div class=\"bde-text-278-102-748-278-1 bde-text bde-text-278-102\">\nSne\u017eana Kocijan\u00e7i\u00e7, dr.\n<\/div><div class=\"bde-text-278-103-748-278-1 bde-text bde-text-278-103\">\nspecialist i mjek\u00ebsis\u00eb s\u00eb p\u00ebrgjithshme\n<\/div><div class=\"bde-text-278-104-748-278-1 bde-text bde-text-278-104\">\nI specializuar n\u00eb mjek\u00ebsi t\u00eb p\u00ebrgjithshme me shum\u00eb vite p\u00ebrvoj\u00eb n\u00eb m\u00ebsimdh\u00ebnie dhe me titullin shenjtor.\r\n\r\n\r\n\r\n\r\n\r\n\r\n\r\n\n<\/div>\n\n<\/a>    <\/article>\n    <article class=\"bde-loop-item ee-post\">\n        <a class=\"bde-container-link-278-100-761-278-1 bde-container-link bde-container-link-278-100 breakdance-link\" href=\"https:\/\/md-medicina.si\/sq\/zdravnik\/mile-knezevic-dr-med\/\" target=\"_self\" data-type=\"url\">\n  \n  \n\t\n\n\n\n<img decoding=\"async\" class=\"bde-image2-278-101-761-278-1 bde-image2 bde-image2-278-101\" src=\"https:\/\/md-medicina.si\/wp-content\/uploads\/2025\/05\/mile-knezevic-dr.med2_.webp\" loading=\"lazy\" srcset=\"https:\/\/md-medicina.si\/wp-content\/uploads\/2025\/05\/mile-knezevic-dr.med2_.webp 800w, https:\/\/md-medicina.si\/wp-content\/uploads\/2025\/05\/mile-knezevic-dr.med2_-240x300.webp 240w, https:\/\/md-medicina.si\/wp-content\/uploads\/2025\/05\/mile-knezevic-dr.med2_-768x960.webp 768w, https:\/\/md-medicina.si\/wp-content\/uploads\/2025\/05\/mile-knezevic-dr.med2_-10x12.webp 10w\" sizes=\"(max-width: 800px) 100vw, 800px\"><div class=\"bde-text-278-102-761-278-1 bde-text bde-text-278-102\">\nMile Knezhevi\u00e7, Dr.\n<\/div><div class=\"bde-text-278-103-761-278-1 bde-text bde-text-278-103\">\nspecialist n\u00eb anesteziologji, reanimacion dhe mjek\u00ebsi intensive perioperative\n<\/div><div class=\"bde-text-278-104-761-278-1 bde-text bde-text-278-104\">\nAi \u00ebsht\u00eb thell\u00ebsisht i p\u00ebrfshir\u00eb n\u00eb anestezin\u00eb rajonale dhe bllokimet nervore periferike t\u00eb udh\u00ebhequra nga ultratingujt.\n<\/div>\n\n<\/a>    <\/article>\n    <article class=\"bde-loop-item ee-post\">\n        <a class=\"bde-container-link-278-100-2182-278-1 bde-container-link bde-container-link-278-100 breakdance-link\" href=\"https:\/\/md-medicina.si\/sq\/zdravnik\/mojca-knez-dr-med-dr-dent-med-spec-maksilofacialne-in-oralne-kirurgije\/\" target=\"_self\" data-type=\"url\">\n  \n  \n\t\n\n\n\n<img decoding=\"async\" class=\"bde-image2-278-101-2182-278-1 bde-image2 bde-image2-278-101\" src=\"https:\/\/md-medicina.si\/wp-content\/uploads\/2025\/07\/Mojca-Knezdr.meddr_.dent_.med_.-.webp\" loading=\"lazy\" srcset=\"https:\/\/md-medicina.si\/wp-content\/uploads\/2025\/07\/Mojca-Knezdr.meddr_.dent_.med_.-.webp 800w, https:\/\/md-medicina.si\/wp-content\/uploads\/2025\/07\/Mojca-Knezdr.meddr_.dent_.med_.--240x300.webp 240w, https:\/\/md-medicina.si\/wp-content\/uploads\/2025\/07\/Mojca-Knezdr.meddr_.dent_.med_.--768x960.webp 768w, https:\/\/md-medicina.si\/wp-content\/uploads\/2025\/07\/Mojca-Knezdr.meddr_.dent_.med_.--10x12.webp 10w\" sizes=\"(max-width: 800px) 100vw, 800px\"><div class=\"bde-text-278-102-2182-278-1 bde-text bde-text-278-102\">\nMojca Knez, dr.med., dr.dent. med.\n<\/div><div class=\"bde-text-278-103-2182-278-1 bde-text bde-text-278-103\">\nspecialiste e kirurgjis\u00eb maksilofaciale dhe orale\n<\/div><div class=\"bde-text-278-104-2182-278-1 bde-text bde-text-278-104\">\nKryen vizita specialistike dhe gjith\u00eb gam\u00ebn e nd\u00ebrhyrjeve: nga kirurgjia orale e thjesht\u00eb dhe komplekse dhe implantologjia deri te operacionet ortognatike.\n<\/div>\n\n<\/a>    <\/article>\n    <article class=\"bde-loop-item ee-post\">\n        <a class=\"bde-container-link-278-100-729-278-1 bde-container-link bde-container-link-278-100 breakdance-link\" href=\"https:\/\/md-medicina.si\/sq\/zdravnik\/prof-dr-andrej-kmetec-dr-med\/\" target=\"_self\" data-type=\"url\">\n  \n  \n\t\n\n\n\n<img decoding=\"async\" class=\"bde-image2-278-101-729-278-1 bde-image2 bde-image2-278-101\" src=\"https:\/\/md-medicina.si\/wp-content\/uploads\/2025\/05\/prof.-dr.-Andrej-Kmetec-dr.-med.webp\" loading=\"lazy\" srcset=\"https:\/\/md-medicina.si\/wp-content\/uploads\/2025\/05\/prof.-dr.-Andrej-Kmetec-dr.-med.webp 800w, https:\/\/md-medicina.si\/wp-content\/uploads\/2025\/05\/prof.-dr.-Andrej-Kmetec-dr.-med-240x300.webp 240w, https:\/\/md-medicina.si\/wp-content\/uploads\/2025\/05\/prof.-dr.-Andrej-Kmetec-dr.-med-768x960.webp 768w\" sizes=\"(max-width: 800px) 100vw, 800px\"><div class=\"bde-text-278-102-729-278-1 bde-text bde-text-278-102\">\nDr. Andrej Kmetec, Dr. med.\n<\/div><div class=\"bde-text-278-103-729-278-1 bde-text bde-text-278-103\">\nspecialist i urologjis\u00eb\n<\/div><div class=\"bde-text-278-104-729-278-1 bde-text bde-text-278-104\">\nMerret me trajtimin gjith\u00ebp\u00ebrfshir\u00ebs t\u00eb problemeve t\u00eb traktit urinar.\n<\/div>\n\n<\/a>    <\/article>\n    <article class=\"bde-loop-item ee-post\">\n        <a class=\"bde-container-link-278-100-2325-278-1 bde-container-link bde-container-link-278-100 breakdance-link\" href=\"https:\/\/md-medicina.si\/sq\/zdravnik\/doc-dr-simona-kirbis-dr-med\/\" target=\"_self\" data-type=\"url\">\n  \n  \n\t\n\n\n\n<img decoding=\"async\" class=\"bde-image2-278-101-2325-278-1 bde-image2 bde-image2-278-101\" src=\"https:\/\/md-medicina.si\/wp-content\/uploads\/2025\/07\/doc.dr_.-Simona-Kirbis-dr.med_.webp\" loading=\"lazy\" srcset=\"https:\/\/md-medicina.si\/wp-content\/uploads\/2025\/07\/doc.dr_.-Simona-Kirbis-dr.med_.webp 800w, https:\/\/md-medicina.si\/wp-content\/uploads\/2025\/07\/doc.dr_.-Simona-Kirbis-dr.med_-240x300.webp 240w, https:\/\/md-medicina.si\/wp-content\/uploads\/2025\/07\/doc.dr_.-Simona-Kirbis-dr.med_-768x960.webp 768w, https:\/\/md-medicina.si\/wp-content\/uploads\/2025\/07\/doc.dr_.-Simona-Kirbis-dr.med_-10x12.webp 10w\" sizes=\"(max-width: 800px) 100vw, 800px\"><div class=\"bde-text-278-102-2325-278-1 bde-text bde-text-278-102\">\ndoc.dr. Simona Kirbi\u0161, dr.med\n<\/div><div class=\"bde-text-278-103-2325-278-1 bde-text bde-text-278-103\">\nspecialiste e mjek\u00ebsis\u00eb s\u00eb brendshme\n<\/div><div class=\"bde-text-278-104-2325-278-1 bde-text bde-text-278-104\">\nMerret me diagnostikimin, trajtimin dhe ndjekjen e s\u00ebmundjeve kardiovaskulare.\n<\/div>\n\n<\/a>    <\/article>\n    <article class=\"bde-loop-item ee-post\">\n        <a class=\"bde-container-link-278-100-720-278-1 bde-container-link bde-container-link-278-100 breakdance-link\" href=\"https:\/\/md-medicina.si\/sq\/zdravnik\/dr-mojca-kirbis-dr-med-specialistka-nevrologije\/\" target=\"_self\" data-type=\"url\">\n  \n  \n\t\n\n\n\n<img decoding=\"async\" class=\"bde-image2-278-101-720-278-1 bde-image2 bde-image2-278-101\" src=\"https:\/\/md-medicina.si\/wp-content\/uploads\/2025\/05\/dr.-Mojca-Kirbis-dr.-med.webp\" loading=\"lazy\" srcset=\"https:\/\/md-medicina.si\/wp-content\/uploads\/2025\/05\/dr.-Mojca-Kirbis-dr.-med.webp 800w, https:\/\/md-medicina.si\/wp-content\/uploads\/2025\/05\/dr.-Mojca-Kirbis-dr.-med-240x300.webp 240w, https:\/\/md-medicina.si\/wp-content\/uploads\/2025\/05\/dr.-Mojca-Kirbis-dr.-med-768x960.webp 768w\" sizes=\"(max-width: 800px) 100vw, 800px\"><div class=\"bde-text-278-102-720-278-1 bde-text bde-text-278-102\">\nDr. Mojca Kirbi\u0161, MD, FEBN\n<\/div><div class=\"bde-text-278-103-720-278-1 bde-text bde-text-278-103\">\nspecialist i neurologjis\u00eb\n<\/div><div class=\"bde-text-278-104-720-278-1 bde-text bde-text-278-104\">\n\u00cbsht\u00eb ve\u00e7an\u00ebrisht i fokusuar n\u00eb sinkop\u00eb, \u00e7rregullime t\u00eb sistemit nervor autonom, d\u00ebmtime t\u00eb fibrave nervore periferike dhe diagnostikim elektrofiziologjik.\n<\/div>\n\n<\/a>    <\/article>\n    <article class=\"bde-loop-item ee-post\">\n        <a class=\"bde-container-link-278-100-3362-278-1 bde-container-link bde-container-link-278-100 breakdance-link\" href=\"https:\/\/md-medicina.si\/sq\/zdravnik\/sebastian-jersinovic-dr-med-febu\/\" target=\"_self\" data-type=\"url\">\n  \n  \n\t\n\n\n\n<img decoding=\"async\" class=\"bde-image2-278-101-3362-278-1 bde-image2 bde-image2-278-101\" src=\"https:\/\/md-medicina.si\/wp-content\/uploads\/2026\/01\/Jersinovic-scaled.jpg\" loading=\"lazy\" srcset=\"https:\/\/md-medicina.si\/wp-content\/uploads\/2026\/01\/Jersinovic-scaled.jpg 1707w, https:\/\/md-medicina.si\/wp-content\/uploads\/2026\/01\/Jersinovic-200x300.jpg 200w, https:\/\/md-medicina.si\/wp-content\/uploads\/2026\/01\/Jersinovic-683x1024.jpg 683w, https:\/\/md-medicina.si\/wp-content\/uploads\/2026\/01\/Jersinovic-768x1152.jpg 768w, https:\/\/md-medicina.si\/wp-content\/uploads\/2026\/01\/Jersinovic-1024x1536.jpg 1024w, https:\/\/md-medicina.si\/wp-content\/uploads\/2026\/01\/Jersinovic-1365x2048.jpg 1365w, https:\/\/md-medicina.si\/wp-content\/uploads\/2026\/01\/Jersinovic-8x12.jpg 8w\" sizes=\"(max-width: 1707px) 100vw, 1707px\"><div class=\"bde-text-278-102-3362-278-1 bde-text bde-text-278-102\">\ndr. Sebastian Jer\u0161inovi\u010d, dr. med., FEBU\n<\/div><div class=\"bde-text-278-103-3362-278-1 bde-text bde-text-278-103\">\nspecialist i urologjis\u00eb\n<\/div><div class=\"bde-text-278-104-3362-278-1 bde-text bde-text-278-104\">\nSpecializiran je za minimalno invazivno lasersko endoskopsko urologijo, vklju\u010dno z lasersko enukleacijo prostate (ThuFLEP) in laserskim drobljenjem ledvi\u010dnih kamnov (URS).\n<\/div>\n\n<\/a>    <\/article>\n    <article class=\"bde-loop-item ee-post\">\n        <a class=\"bde-container-link-278-100-731-278-1 bde-container-link bde-container-link-278-100 breakdance-link\" href=\"https:\/\/md-medicina.si\/sq\/zdravnik\/doc-dr-simon-hawlina-dr-med-febu\/\" target=\"_self\" data-type=\"url\">\n  \n  \n\t\n\n\n\n<img decoding=\"async\" class=\"bde-image2-278-101-731-278-1 bde-image2 bde-image2-278-101\" src=\"https:\/\/md-medicina.si\/wp-content\/uploads\/2025\/05\/Doc.-dr.-Simon-Hawlina-dr.-med.-FEBU.webp\" loading=\"lazy\" srcset=\"https:\/\/md-medicina.si\/wp-content\/uploads\/2025\/05\/Doc.-dr.-Simon-Hawlina-dr.-med.-FEBU.webp 800w, https:\/\/md-medicina.si\/wp-content\/uploads\/2025\/05\/Doc.-dr.-Simon-Hawlina-dr.-med.-FEBU-240x300.webp 240w, https:\/\/md-medicina.si\/wp-content\/uploads\/2025\/05\/Doc.-dr.-Simon-Hawlina-dr.-med.-FEBU-768x960.webp 768w\" sizes=\"(max-width: 800px) 100vw, 800px\"><div class=\"bde-text-278-102-731-278-1 bde-text bde-text-278-102\">\nAsoc. Prof. Dr. Simon Hawlina, MD, FEBU\n<\/div><div class=\"bde-text-278-103-731-278-1 bde-text bde-text-278-103\">\nspecialist i urologjis\u00eb\n<\/div><div class=\"bde-text-278-104-731-278-1 bde-text bde-text-278-104\">\nAi kryen nj\u00eb gam\u00eb t\u00eb gjer\u00eb procedurash kirurgjikale urologjike, duke u p\u00ebrqendruar n\u00eb teknikat minimalisht invazive.\n<\/div>\n\n<\/a>    <\/article>\n    <article class=\"bde-loop-item ee-post\">\n        <a class=\"bde-container-link-278-100-760-278-1 bde-container-link bde-container-link-278-100 breakdance-link\" href=\"https:\/\/md-medicina.si\/sq\/zdravnik\/dejan-galic-dr-med\/\" target=\"_self\" data-type=\"url\">\n  \n  \n\t\n\n\n\n<img decoding=\"async\" class=\"bde-image2-278-101-760-278-1 bde-image2 bde-image2-278-101\" src=\"https:\/\/md-medicina.si\/wp-content\/uploads\/2025\/05\/Dejan-Galic-dr.-med.webp\" loading=\"lazy\" srcset=\"https:\/\/md-medicina.si\/wp-content\/uploads\/2025\/05\/Dejan-Galic-dr.-med.webp 800w, https:\/\/md-medicina.si\/wp-content\/uploads\/2025\/05\/Dejan-Galic-dr.-med-240x300.webp 240w, https:\/\/md-medicina.si\/wp-content\/uploads\/2025\/05\/Dejan-Galic-dr.-med-768x960.webp 768w\" sizes=\"(max-width: 800px) 100vw, 800px\"><div class=\"bde-text-278-102-760-278-1 bde-text bde-text-278-102\">\nDejan Gali\u010d, MD, FEBU, FECSM\n<\/div><div class=\"bde-text-278-103-760-278-1 bde-text bde-text-278-103\">\nspecialist i urologjis\u00eb\n<\/div><div class=\"bde-text-278-104-760-278-1 bde-text bde-text-278-104\">\nAi merret me urologji t\u00eb p\u00ebrgjithshme, ve\u00e7an\u00ebrisht me onkologjin\u00eb urologjike dhe problemet e prostat\u00ebs, si dhe me mjek\u00ebsin\u00eb seksuale.\n<\/div>\n\n<\/a>    <\/article>\n    <article class=\"bde-loop-item ee-post\">\n        <a class=\"bde-container-link-278-100-740-278-1 bde-container-link bde-container-link-278-100 breakdance-link\" href=\"https:\/\/md-medicina.si\/sq\/zdravnik\/prof-dr-matej-drobnic-dr-med\/\" target=\"_self\" data-type=\"url\">\n  \n  \n\t\n\n\n\n<img decoding=\"async\" class=\"bde-image2-278-101-740-278-1 bde-image2 bde-image2-278-101\" src=\"https:\/\/md-medicina.si\/wp-content\/uploads\/2025\/05\/Matej-Drobnic-dr.-med.webp\" loading=\"lazy\" srcset=\"https:\/\/md-medicina.si\/wp-content\/uploads\/2025\/05\/Matej-Drobnic-dr.-med.webp 800w, https:\/\/md-medicina.si\/wp-content\/uploads\/2025\/05\/Matej-Drobnic-dr.-med-240x300.webp 240w, https:\/\/md-medicina.si\/wp-content\/uploads\/2025\/05\/Matej-Drobnic-dr.-med-768x960.webp 768w\" sizes=\"(max-width: 800px) 100vw, 800px\"><div class=\"bde-text-278-102-740-278-1 bde-text bde-text-278-102\">\nProf. Dr. Matej Drobni\u010d, Dr. med.\n<\/div><div class=\"bde-text-278-103-740-278-1 bde-text bde-text-278-103\">\nspecialist i kirurgjis\u00eb ortopedike\n<\/div><div class=\"bde-text-278-104-740-278-1 bde-text bde-text-278-104\">\nAi merret kryesisht me d\u00ebmtimet sportive t\u00eb gjunj\u00ebve, patologjin\u00eb patellare, d\u00ebmtimet dhe s\u00ebmundjet e ky\u00e7it t\u00eb sip\u00ebrm dhe t\u00eb posht\u00ebm dhe t\u00eb k\u00ebmb\u00ebs.\n<\/div>\n\n<\/a>    <\/article>\n    <article class=\"bde-loop-item ee-post\">\n        <a class=\"bde-container-link-278-100-747-278-1 bde-container-link bde-container-link-278-100 breakdance-link\" href=\"https:\/\/md-medicina.si\/sq\/zdravnik\/cvetka-dragos-jancar-dr-med\/\" target=\"_self\" data-type=\"url\">\n  \n  \n\t\n\n\n\n<img decoding=\"async\" class=\"bde-image2-278-101-747-278-1 bde-image2 bde-image2-278-101\" src=\"https:\/\/md-medicina.si\/wp-content\/uploads\/2025\/05\/cvetka-dragos-jancar-dr-med2.webp\" loading=\"lazy\" srcset=\"https:\/\/md-medicina.si\/wp-content\/uploads\/2025\/05\/cvetka-dragos-jancar-dr-med2.webp 800w, https:\/\/md-medicina.si\/wp-content\/uploads\/2025\/05\/cvetka-dragos-jancar-dr-med2-240x300.webp 240w, https:\/\/md-medicina.si\/wp-content\/uploads\/2025\/05\/cvetka-dragos-jancar-dr-med2-768x960.webp 768w, https:\/\/md-medicina.si\/wp-content\/uploads\/2025\/05\/cvetka-dragos-jancar-dr-med2-10x12.webp 10w\" sizes=\"(max-width: 800px) 100vw, 800px\"><div class=\"bde-text-278-102-747-278-1 bde-text bde-text-278-102\">\nCvetka Drago\u0161 Jan\u010dar, MD.\n<\/div><div class=\"bde-text-278-103-747-278-1 bde-text bde-text-278-103\">\nspecialist pediatrik\n<\/div><div class=\"bde-text-278-104-747-278-1 bde-text bde-text-278-104\">\nP\u00ebr shum\u00eb vite, ajo i ka p\u00ebrqendruar aktivitetet e saj n\u00eb parandalimin si p\u00ebr f\u00ebmij\u00ebt ashtu edhe p\u00ebr t\u00eb rriturit. Ajo ka kontribuar ndjesh\u00ebm n\u00eb njohjen e ekzaminimeve t\u00eb menaxhimit parandalues \u200b\u200bme librin Menaxher i Sh\u00ebndetsh\u00ebm - Menaxhim i Suksessh\u00ebm.\n<\/div>\n\n<\/a>    <\/article>\n    <article class=\"bde-loop-item ee-post\">\n        <a class=\"bde-container-link-278-100-739-278-1 bde-container-link bde-container-link-278-100 breakdance-link\" href=\"https:\/\/md-medicina.si\/sq\/zdravnik\/prof-dr-drago-dolinar-dr-med\/\" target=\"_self\" data-type=\"url\">\n  \n  \n\t\n\n\n\n<img decoding=\"async\" class=\"bde-image2-278-101-739-278-1 bde-image2 bde-image2-278-101\" src=\"https:\/\/md-medicina.si\/wp-content\/uploads\/2025\/05\/prof.-dr.-Drago-Dolinar-dr.-med.webp\" loading=\"lazy\" srcset=\"https:\/\/md-medicina.si\/wp-content\/uploads\/2025\/05\/prof.-dr.-Drago-Dolinar-dr.-med.webp 800w, https:\/\/md-medicina.si\/wp-content\/uploads\/2025\/05\/prof.-dr.-Drago-Dolinar-dr.-med-240x300.webp 240w, https:\/\/md-medicina.si\/wp-content\/uploads\/2025\/05\/prof.-dr.-Drago-Dolinar-dr.-med-768x960.webp 768w\" sizes=\"(max-width: 800px) 100vw, 800px\"><div class=\"bde-text-278-102-739-278-1 bde-text bde-text-278-102\">\nDr. Drago Dolinar, Dr. Mjek.\n<\/div><div class=\"bde-text-278-103-739-278-1 bde-text bde-text-278-103\">\nspecialist i kirurgjis\u00eb ortopedike\n<\/div><div class=\"bde-text-278-104-739-278-1 bde-text bde-text-278-104\">\nAi specializohet n\u00eb kryerjen e metodave kirurgjikale minimalisht invazive n\u00eb fush\u00ebn e kirurgjis\u00eb ortopedike.\n<\/div>\n\n<\/a>    <\/article>\n    <article class=\"bde-loop-item ee-post\">\n        <a class=\"bde-container-link-278-100-752-278-1 bde-container-link bde-container-link-278-100 breakdance-link\" href=\"https:\/\/md-medicina.si\/sq\/zdravnik\/ljubka-dimitrovska-dr-med\/\" target=\"_self\" data-type=\"url\">\n  \n  \n\t\n\n\n\n<img decoding=\"async\" class=\"bde-image2-278-101-752-278-1 bde-image2 bde-image2-278-101\" src=\"https:\/\/md-medicina.si\/wp-content\/uploads\/2025\/05\/Ljupka-Dimitrovska-dr.med_.webp\" loading=\"lazy\" srcset=\"https:\/\/md-medicina.si\/wp-content\/uploads\/2025\/05\/Ljupka-Dimitrovska-dr.med_.webp 800w, https:\/\/md-medicina.si\/wp-content\/uploads\/2025\/05\/Ljupka-Dimitrovska-dr.med_-240x300.webp 240w, https:\/\/md-medicina.si\/wp-content\/uploads\/2025\/05\/Ljupka-Dimitrovska-dr.med_-768x960.webp 768w\" sizes=\"(max-width: 800px) 100vw, 800px\"><div class=\"bde-text-278-102-752-278-1 bde-text bde-text-278-102\">\nLjupka Dimitrovska, Dr.\n<\/div><div class=\"bde-text-278-103-752-278-1 bde-text bde-text-278-103\">\nspecialist n\u00eb kardiologji dhe mjek\u00ebsi vaskulare\n<\/div><div class=\"bde-text-278-104-752-278-1 bde-text bde-text-278-104\">\nI specializuar n\u00eb imazherin\u00eb jo-invazive kardiake, me certifikime nd\u00ebrkomb\u00ebtare. N\u00ebnspecialitet i orientuar klinikisht dhe k\u00ebrkimor i fokusuar n\u00eb trajtimin e s\u00ebmundjeve strukturore t\u00eb zemr\u00ebs, ve\u00e7an\u00ebrisht s\u00ebmundjeve t\u00eb valvulave t\u00eb zemr\u00ebs.\n<\/div>\n\n<\/a>    <\/article>\n    <article class=\"bde-loop-item ee-post\">\n        <a class=\"bde-container-link-278-100-725-278-1 bde-container-link bde-container-link-278-100 breakdance-link\" href=\"https:\/\/md-medicina.si\/sq\/zdravnik\/asist-dr-urban-brulc-dr-med\/\" target=\"_self\" data-type=\"url\">\n  \n  \n\t\n\n\n\n<img decoding=\"async\" class=\"bde-image2-278-101-725-278-1 bde-image2 bde-image2-278-101\" src=\"https:\/\/md-medicina.si\/wp-content\/uploads\/2025\/05\/asist.-dr.-Urban-Brulc-dr.-med.-specialist-ortopedske-kirurgije.webp\" loading=\"lazy\" srcset=\"https:\/\/md-medicina.si\/wp-content\/uploads\/2025\/05\/asist.-dr.-Urban-Brulc-dr.-med.-specialist-ortopedske-kirurgije.webp 800w, https:\/\/md-medicina.si\/wp-content\/uploads\/2025\/05\/asist.-dr.-Urban-Brulc-dr.-med.-specialist-ortopedske-kirurgije-240x300.webp 240w, https:\/\/md-medicina.si\/wp-content\/uploads\/2025\/05\/asist.-dr.-Urban-Brulc-dr.-med.-specialist-ortopedske-kirurgije-768x960.webp 768w\" sizes=\"(max-width: 800px) 100vw, 800px\"><div class=\"bde-text-278-102-725-278-1 bde-text bde-text-278-102\">\nAsistojn\u00eb. Urban Brulc, Dr. med.\n<\/div><div class=\"bde-text-278-103-725-278-1 bde-text bde-text-278-103\">\nspecialist i kirurgjis\u00eb ortopedike\n<\/div><div class=\"bde-text-278-104-725-278-1 bde-text bde-text-278-104\">\nAi merret kryesisht me probleme q\u00eb lidhen me shtyll\u00ebn kurrizore dhe nyjet.\n<\/div>\n\n<\/a>    <\/article>\n    <article class=\"bde-loop-item ee-post\">\n        <a class=\"bde-container-link-278-100-721-278-1 bde-container-link bde-container-link-278-100 breakdance-link\" href=\"https:\/\/md-medicina.si\/sq\/zdravnik\/dr-klemen-bosnjak-dr-med\/\" target=\"_self\" data-type=\"url\">\n  \n  \n\t\n\n\n\n<img decoding=\"async\" class=\"bde-image2-278-101-721-278-1 bde-image2 bde-image2-278-101\" src=\"https:\/\/md-medicina.si\/wp-content\/uploads\/2025\/05\/dr.-Klemen-Bosnjak-dr.-med.webp\" loading=\"lazy\" srcset=\"https:\/\/md-medicina.si\/wp-content\/uploads\/2025\/05\/dr.-Klemen-Bosnjak-dr.-med.webp 800w, https:\/\/md-medicina.si\/wp-content\/uploads\/2025\/05\/dr.-Klemen-Bosnjak-dr.-med-240x300.webp 240w, https:\/\/md-medicina.si\/wp-content\/uploads\/2025\/05\/dr.-Klemen-Bosnjak-dr.-med-768x960.webp 768w\" sizes=\"(max-width: 800px) 100vw, 800px\"><div class=\"bde-text-278-102-721-278-1 bde-text bde-text-278-102\">\nDr. Klemen Bo\u0161njak, Dr. med.\n<\/div><div class=\"bde-text-278-103-721-278-1 bde-text bde-text-278-103\">\nspecialist i kirurgjis\u00eb ortopedike\n<\/div><div class=\"bde-text-278-104-721-278-1 bde-text bde-text-278-104\">\nN\u00eb pun\u00ebn e tij, ai merret kryesisht me s\u00ebmundjet e shtyll\u00ebs kurrizore.\n<\/div>\n\n<\/a>    <\/article>\n    <article class=\"bde-loop-item ee-post\">\n        <a class=\"bde-container-link-278-100-746-278-1 bde-container-link bde-container-link-278-100 breakdance-link\" href=\"https:\/\/md-medicina.si\/sq\/zdravnik\/dr-klemen-avsec-dr-med\/\" target=\"_self\" data-type=\"url\">\n  \n  \n\t\n\n\n\n<img decoding=\"async\" class=\"bde-image2-278-101-746-278-1 bde-image2 bde-image2-278-101\" src=\"https:\/\/md-medicina.si\/wp-content\/uploads\/2025\/05\/Klemen-Avsec.webp\" loading=\"lazy\" srcset=\"https:\/\/md-medicina.si\/wp-content\/uploads\/2025\/05\/Klemen-Avsec.webp 800w, https:\/\/md-medicina.si\/wp-content\/uploads\/2025\/05\/Klemen-Avsec-240x300.webp 240w, https:\/\/md-medicina.si\/wp-content\/uploads\/2025\/05\/Klemen-Avsec-768x960.webp 768w\" sizes=\"(max-width: 800px) 100vw, 800px\"><div class=\"bde-text-278-102-746-278-1 bde-text bde-text-278-102\">\nDr. Klemen Avsec, MD\n<\/div><div class=\"bde-text-278-103-746-278-1 bde-text bde-text-278-103\">\nspecialist i kirurgjis\u00eb ortopedike\n<\/div><div class=\"bde-text-278-104-746-278-1 bde-text bde-text-278-104\">\nAi merret kryesisht me konsumimin fillestar dhe t\u00eb avancuar t\u00eb nyjeve t\u00eb gjurit dhe t\u00eb legenit dhe trajtimin e tyre kirurgjikal.\n<\/div>\n\n<\/a>    <\/article>\n    <article class=\"bde-loop-item ee-post\">\n        <a class=\"bde-container-link-278-100-272-278-1 bde-container-link bde-container-link-278-100 breakdance-link\" href=\"https:\/\/md-medicina.si\/sq\/zdravnik\/dr-bogdan-ambrozic-dr-med\/\" target=\"_self\" data-type=\"url\">\n  \n  \n\t\n\n\n\n<img decoding=\"async\" class=\"bde-image2-278-101-272-278-1 bde-image2 bde-image2-278-101\" src=\"https:\/\/md-medicina.si\/wp-content\/uploads\/2025\/04\/dr.-Bogdan-Ambrozic-dr.-med.webp\" loading=\"lazy\" srcset=\"https:\/\/md-medicina.si\/wp-content\/uploads\/2025\/04\/dr.-Bogdan-Ambrozic-dr.-med.webp 800w, https:\/\/md-medicina.si\/wp-content\/uploads\/2025\/04\/dr.-Bogdan-Ambrozic-dr.-med-240x300.webp 240w, https:\/\/md-medicina.si\/wp-content\/uploads\/2025\/04\/dr.-Bogdan-Ambrozic-dr.-med-768x960.webp 768w\" sizes=\"(max-width: 800px) 100vw, 800px\"><div class=\"bde-text-278-102-272-278-1 bde-text bde-text-278-102\">\nDr. Bogdan Ambro\u017ei\u010d, MD\n<\/div><div class=\"bde-text-278-103-272-278-1 bde-text bde-text-278-103\">\nspecialist i kirurgjis\u00eb ortopedike\n<\/div><div class=\"bde-text-278-104-272-278-1 bde-text bde-text-278-104\">\nAi merret me trajtimin kirurgjikal artroskopik dhe minimal invaziv t\u00eb l\u00ebndimeve dhe s\u00ebmundjeve t\u00eb shpatullave, gjurit dhe ky\u00e7it t\u00eb k\u00ebmb\u00ebs.\n<\/div>\n\n<\/a>    <\/article>\n    <article class=\"bde-loop-item ee-post\">\n        <a class=\"bde-container-link-278-100-2867-278-1 bde-container-link bde-container-link-278-100 breakdance-link\" href=\"https:\/\/md-medicina.si\/sq\/zdravnik\/goran-mitrovic-dr-med\/\" target=\"_self\" data-type=\"url\">\n  \n  \n\t\n\n\n\n<img decoding=\"async\" class=\"bde-image2-278-101-2867-278-1 bde-image2 bde-image2-278-101\" src=\"https:\/\/md-medicina.si\/wp-content\/uploads\/2025\/10\/Goran-Mitrovic-dr.-med.webp\" loading=\"lazy\" srcset=\"https:\/\/md-medicina.si\/wp-content\/uploads\/2025\/10\/Goran-Mitrovic-dr.-med.webp 800w, https:\/\/md-medicina.si\/wp-content\/uploads\/2025\/10\/Goran-Mitrovic-dr.-med-240x300.webp 240w, https:\/\/md-medicina.si\/wp-content\/uploads\/2025\/10\/Goran-Mitrovic-dr.-med-768x960.webp 768w, https:\/\/md-medicina.si\/wp-content\/uploads\/2025\/10\/Goran-Mitrovic-dr.-med-10x12.webp 10w\" sizes=\"(max-width: 800px) 100vw, 800px\"><div class=\"bde-text-278-102-2867-278-1 bde-text bde-text-278-102\">\nGoran Mitrovi\u0107, dr. med.\n<\/div><div class=\"bde-text-278-103-2867-278-1 bde-text bde-text-278-103\">\nspecialist dru\u017einske medicine\n<\/div><div class=\"bde-text-278-104-2867-278-1 bde-text bde-text-278-104\">\nPosebno se posve\u010da podro\u010djem antikoagulantnega zdravljenja, arterijske hipertenzije ter medicinskemu izvedenstvu in zavarovalni\u0161ki medicini.\n<\/div>\n\n<\/a>    <\/article>\n<\/div>\r\n<\/div><\/div>\n<\/section><section class=\"bde-section-2274-175 bde-section\">\n              \n  \n  \n\t\n\n\n\n<div class=\"section-container\"><h2 class=\"bde-heading-2274-176 bde-heading\">\nOpinionet e klient\u00ebve t\u00eb k\u00ebnaqur\n<\/h2><div class=\"bde-text-2274-177 bde-text\">\nMendimet e pacient\u00ebve tan\u00eb d\u00ebshmojn\u00eb p\u00ebr besimin, profesionalizmin dhe qasjen personale q\u00eb ne zbatojm\u00eb n\u00eb pun\u00ebn ton\u00eb \u00e7do dit\u00eb.<br>\n<\/div><div class=\"bde-globalblock-2274-213 bde-globalblock\"><div class=\"bde-advancedslider-1251-138-1251-1 bde-advancedslider bde-advancedslider-1251-138\">\n<div class=\"breakdance-swiper-wrapper\" data-swiper-id=\"138\">\n  <div class=\"swiper\">\n    <div class=\"swiper-wrapper\">\n      <div class=\"bde-advancedslide-1251-146-1251-1 bde-advancedslide bde-advancedslide-1251-146 swiper-slide\"><div class=\"advanced-slider__slide\">\r\n  <div class=\"bde-div-1251-147-1251-1 bde-div bde-div-1251-147\">\n  \n  \n\t\n\n\n\n<div class=\"bde-star-rating-1251-148-1251-1 bde-star-rating bde-star-rating-1251-148\">\n\n\n\n  <div class='bde-star-rating__wrapper'>\n    <svg aria-hidden=\"true\" focusable=\"false\" data-prefix=\"fas\"  role=\"img\" xmlns=\"http:\/\/www.w3.org\/2000\/svg\" viewbox=\"0 0 576 512\" class=\"svg-inline--fa fa-star fa-w-18 fa-2x\"><path d=\"M259.3 17.8L194 150.2 47.9 171.5c-26.2 3.8-36.7 36.1-17.7 54.6l105.7 103-25 145.5c-4.5 26.3 23.2 46 46.4 33.7L288 439.6l130.7 68.7c23.2 12.2 50.9-7.4 46.4-33.7l-25-145.5 105.7-103c19-18.5 8.5-50.8-17.7-54.6L382 150.2 316.7 17.8c-11.7-23.6-45.6-23.9-57.4 0z\" class=\"\"><\/path><\/svg>\n    <svg aria-hidden=\"true\" focusable=\"false\" data-prefix=\"fas\"  role=\"img\" xmlns=\"http:\/\/www.w3.org\/2000\/svg\" viewbox=\"0 0 576 512\" class=\"svg-inline--fa fa-star fa-w-18 fa-2x\"><path d=\"M259.3 17.8L194 150.2 47.9 171.5c-26.2 3.8-36.7 36.1-17.7 54.6l105.7 103-25 145.5c-4.5 26.3 23.2 46 46.4 33.7L288 439.6l130.7 68.7c23.2 12.2 50.9-7.4 46.4-33.7l-25-145.5 105.7-103c19-18.5 8.5-50.8-17.7-54.6L382 150.2 316.7 17.8c-11.7-23.6-45.6-23.9-57.4 0z\" class=\"\"><\/path><\/svg>\n    <svg aria-hidden=\"true\" focusable=\"false\" data-prefix=\"fas\"  role=\"img\" xmlns=\"http:\/\/www.w3.org\/2000\/svg\" viewbox=\"0 0 576 512\" class=\"svg-inline--fa fa-star fa-w-18 fa-2x\"><path d=\"M259.3 17.8L194 150.2 47.9 171.5c-26.2 3.8-36.7 36.1-17.7 54.6l105.7 103-25 145.5c-4.5 26.3 23.2 46 46.4 33.7L288 439.6l130.7 68.7c23.2 12.2 50.9-7.4 46.4-33.7l-25-145.5 105.7-103c19-18.5 8.5-50.8-17.7-54.6L382 150.2 316.7 17.8c-11.7-23.6-45.6-23.9-57.4 0z\" class=\"\"><\/path><\/svg>\n    <svg aria-hidden=\"true\" focusable=\"false\" data-prefix=\"fas\"  role=\"img\" xmlns=\"http:\/\/www.w3.org\/2000\/svg\" viewbox=\"0 0 576 512\" class=\"svg-inline--fa fa-star fa-w-18 fa-2x\"><path d=\"M259.3 17.8L194 150.2 47.9 171.5c-26.2 3.8-36.7 36.1-17.7 54.6l105.7 103-25 145.5c-4.5 26.3 23.2 46 46.4 33.7L288 439.6l130.7 68.7c23.2 12.2 50.9-7.4 46.4-33.7l-25-145.5 105.7-103c19-18.5 8.5-50.8-17.7-54.6L382 150.2 316.7 17.8c-11.7-23.6-45.6-23.9-57.4 0z\" class=\"\"><\/path><\/svg>\n    <svg aria-hidden=\"true\" focusable=\"false\" data-prefix=\"fas\"  role=\"img\" xmlns=\"http:\/\/www.w3.org\/2000\/svg\" viewbox=\"0 0 576 512\" class=\"svg-inline--fa fa-star fa-w-18 fa-2x\"><path d=\"M259.3 17.8L194 150.2 47.9 171.5c-26.2 3.8-36.7 36.1-17.7 54.6l105.7 103-25 145.5c-4.5 26.3 23.2 46 46.4 33.7L288 439.6l130.7 68.7c23.2 12.2 50.9-7.4 46.4-33.7l-25-145.5 105.7-103c19-18.5 8.5-50.8-17.7-54.6L382 150.2 316.7 17.8c-11.7-23.6-45.6-23.9-57.4 0z\" class=\"\"><\/path><\/svg>\n  <\/div>\n\n\n\n<svg width=\"0\" height=\"0\">\n<lineargradient id=\"starhalf148\" x1=\"0\" x2=\"100%\" y1=\"0\" y2=\"0\">\n        <stop offset=\"0%\" stop-color=\"var(--bde-palette-color-2-9cf302e2-e388-4912-b6fe-f7cdeb9bf61b)\"><\/stop>\n \t\t<stop offset=\"0%\" stop-color=\"lightgrey\"><\/stop>\n<\/lineargradient>\n<\/svg>\n\n<\/div><div class=\"bde-text-1251-149-1251-1 bde-text bde-text-1251-149\">\nMD Medicina ka nj\u00eb staf miq\u00ebsor dhe, mbi t\u00eb gjitha, profesional. Anesteziolog\u00ebt sigurohen q\u00eb t\u00eb ndiheni v\u00ebrtet t\u00eb sigurt. Kirurgu ju jep t\u00eb gjith\u00eb informacionin dhe e b\u00ebn pun\u00ebn e tij profesionalisht, duke u kujdesur p\u00ebr ju deri sa t\u00eb largoheni dhe sigurisht m\u00eb pas. Infermier\u00ebt, fizioterapisti dhe t\u00eb tjer\u00ebt sigurohen q\u00eb t\u00eb mos humbisni asgj\u00eb, edhe n\u00ebse nuk mund t\u00eb b\u00ebni asgj\u00eb n\u00eb at\u00eb koh\u00eb. Profesionaliz\u00ebm, mir\u00ebsjellje, ngroht\u00ebsi. Kjo \u00ebsht\u00eb ndoshta e gjitha q\u00eb ne si pacient\u00eb duam dhe meritojm\u00eb kur kemi nevoj\u00eb p\u00ebr nd\u00ebrhyrje kirurgjikale. Dhe k\u00ebshtu u ndjeva edhe un\u00eb, sepse gjith\u00e7ka, q\u00eb nga p\u00ebrgatitja p\u00ebr procedur\u00ebn, operacioni dhe kujdesi pas operacionit, u krye n\u00eb m\u00ebnyr\u00eb t\u00eb shk\u00eblqyer. Faleminderit t\u00eb gjith\u00eb ekipit dhe gjith\u00eb t\u00eb mirat!\n<\/div>\n<\/div><div class=\"bde-div-1251-150-1251-1 bde-div bde-div-1251-150\">\n  \n  \n\t\n\n\n\n<div class=\"bde-text-1251-152-1251-1 bde-text bde-text-1251-152\">\nKatarina Sinkovec\n<\/div>\n<\/div>\r\n<\/div><\/div><div class=\"bde-advancedslide-1251-153-1251-1 bde-advancedslide bde-advancedslide-1251-153 swiper-slide\"><div class=\"advanced-slider__slide\">\r\n  <div class=\"bde-div-1251-154-1251-1 bde-div bde-div-1251-154\">\n  \n  \n\t\n\n\n\n<div class=\"bde-star-rating-1251-155-1251-1 bde-star-rating bde-star-rating-1251-155\">\n\n\n\n  <div class='bde-star-rating__wrapper'>\n    <svg aria-hidden=\"true\" focusable=\"false\" data-prefix=\"fas\"  role=\"img\" xmlns=\"http:\/\/www.w3.org\/2000\/svg\" viewbox=\"0 0 576 512\" class=\"svg-inline--fa fa-star fa-w-18 fa-2x\"><path d=\"M259.3 17.8L194 150.2 47.9 171.5c-26.2 3.8-36.7 36.1-17.7 54.6l105.7 103-25 145.5c-4.5 26.3 23.2 46 46.4 33.7L288 439.6l130.7 68.7c23.2 12.2 50.9-7.4 46.4-33.7l-25-145.5 105.7-103c19-18.5 8.5-50.8-17.7-54.6L382 150.2 316.7 17.8c-11.7-23.6-45.6-23.9-57.4 0z\" class=\"\"><\/path><\/svg>\n    <svg aria-hidden=\"true\" focusable=\"false\" data-prefix=\"fas\"  role=\"img\" xmlns=\"http:\/\/www.w3.org\/2000\/svg\" viewbox=\"0 0 576 512\" class=\"svg-inline--fa fa-star fa-w-18 fa-2x\"><path d=\"M259.3 17.8L194 150.2 47.9 171.5c-26.2 3.8-36.7 36.1-17.7 54.6l105.7 103-25 145.5c-4.5 26.3 23.2 46 46.4 33.7L288 439.6l130.7 68.7c23.2 12.2 50.9-7.4 46.4-33.7l-25-145.5 105.7-103c19-18.5 8.5-50.8-17.7-54.6L382 150.2 316.7 17.8c-11.7-23.6-45.6-23.9-57.4 0z\" class=\"\"><\/path><\/svg>\n    <svg aria-hidden=\"true\" focusable=\"false\" data-prefix=\"fas\"  role=\"img\" xmlns=\"http:\/\/www.w3.org\/2000\/svg\" viewbox=\"0 0 576 512\" class=\"svg-inline--fa fa-star fa-w-18 fa-2x\"><path d=\"M259.3 17.8L194 150.2 47.9 171.5c-26.2 3.8-36.7 36.1-17.7 54.6l105.7 103-25 145.5c-4.5 26.3 23.2 46 46.4 33.7L288 439.6l130.7 68.7c23.2 12.2 50.9-7.4 46.4-33.7l-25-145.5 105.7-103c19-18.5 8.5-50.8-17.7-54.6L382 150.2 316.7 17.8c-11.7-23.6-45.6-23.9-57.4 0z\" class=\"\"><\/path><\/svg>\n    <svg aria-hidden=\"true\" focusable=\"false\" data-prefix=\"fas\"  role=\"img\" xmlns=\"http:\/\/www.w3.org\/2000\/svg\" viewbox=\"0 0 576 512\" class=\"svg-inline--fa fa-star fa-w-18 fa-2x\"><path d=\"M259.3 17.8L194 150.2 47.9 171.5c-26.2 3.8-36.7 36.1-17.7 54.6l105.7 103-25 145.5c-4.5 26.3 23.2 46 46.4 33.7L288 439.6l130.7 68.7c23.2 12.2 50.9-7.4 46.4-33.7l-25-145.5 105.7-103c19-18.5 8.5-50.8-17.7-54.6L382 150.2 316.7 17.8c-11.7-23.6-45.6-23.9-57.4 0z\" class=\"\"><\/path><\/svg>\n    <svg aria-hidden=\"true\" focusable=\"false\" data-prefix=\"fas\"  role=\"img\" xmlns=\"http:\/\/www.w3.org\/2000\/svg\" viewbox=\"0 0 576 512\" class=\"svg-inline--fa fa-star fa-w-18 fa-2x\"><path d=\"M259.3 17.8L194 150.2 47.9 171.5c-26.2 3.8-36.7 36.1-17.7 54.6l105.7 103-25 145.5c-4.5 26.3 23.2 46 46.4 33.7L288 439.6l130.7 68.7c23.2 12.2 50.9-7.4 46.4-33.7l-25-145.5 105.7-103c19-18.5 8.5-50.8-17.7-54.6L382 150.2 316.7 17.8c-11.7-23.6-45.6-23.9-57.4 0z\" class=\"\"><\/path><\/svg>\n  <\/div>\n\n\n\n<svg width=\"0\" height=\"0\">\n<lineargradient id=\"starhalf155\" x1=\"0\" x2=\"100%\" y1=\"0\" y2=\"0\">\n        <stop offset=\"0%\" stop-color=\"var(--bde-palette-color-2-9cf302e2-e388-4912-b6fe-f7cdeb9bf61b)\"><\/stop>\n \t\t<stop offset=\"0%\" stop-color=\"lightgrey\"><\/stop>\n<\/lineargradient>\n<\/svg>\n\n<\/div><div class=\"bde-text-1251-156-1251-1 bde-text bde-text-1251-156\">\nFaleminderit t\u00eb gjith\u00ebve ju q\u00eb p\u00ebrdorni pajisjet, metodat dhe format m\u00eb t\u00eb fundit mjek\u00ebsore n\u00eb pun\u00ebn tuaj mjek\u00ebsore. N\u00eb t\u00eb nj\u00ebjt\u00ebn koh\u00eb, ju po trajnoni nj\u00eb brez t\u00eb ri mjek\u00ebsh sepse jeni personalisht t\u00eb bindur se nj\u00eb qasje bashk\u00ebpunuese me pacientin nuk \u00ebsht\u00eb e dobishme vet\u00ebm p\u00ebr ju, por edhe p\u00ebr ne. Kjo na b\u00ebn t\u00eb ndihemi &#034;t\u00eb r\u00ebnd\u00ebsish\u00ebm&#034;.\n<\/div>\n<\/div><div class=\"bde-div-1251-157-1251-1 bde-div bde-div-1251-157\">\n  \n  \n\t\n\n\n\n<div class=\"bde-text-1251-159-1251-1 bde-text bde-text-1251-159\">\nAlenka \u010curin Jan\u017eekovich &amp; Marijan Jan\u017eekovich\n<\/div>\n<\/div>\r\n<\/div><\/div><div class=\"bde-advancedslide-1251-160-1251-1 bde-advancedslide bde-advancedslide-1251-160 swiper-slide\"><div class=\"advanced-slider__slide\">\r\n  <div class=\"bde-div-1251-161-1251-1 bde-div bde-div-1251-161\">\n  \n  \n\t\n\n\n\n<div class=\"bde-star-rating-1251-162-1251-1 bde-star-rating bde-star-rating-1251-162\">\n\n\n\n  <div class='bde-star-rating__wrapper'>\n    <svg aria-hidden=\"true\" focusable=\"false\" data-prefix=\"fas\"  role=\"img\" xmlns=\"http:\/\/www.w3.org\/2000\/svg\" viewbox=\"0 0 576 512\" class=\"svg-inline--fa fa-star fa-w-18 fa-2x\"><path d=\"M259.3 17.8L194 150.2 47.9 171.5c-26.2 3.8-36.7 36.1-17.7 54.6l105.7 103-25 145.5c-4.5 26.3 23.2 46 46.4 33.7L288 439.6l130.7 68.7c23.2 12.2 50.9-7.4 46.4-33.7l-25-145.5 105.7-103c19-18.5 8.5-50.8-17.7-54.6L382 150.2 316.7 17.8c-11.7-23.6-45.6-23.9-57.4 0z\" class=\"\"><\/path><\/svg>\n    <svg aria-hidden=\"true\" focusable=\"false\" data-prefix=\"fas\"  role=\"img\" xmlns=\"http:\/\/www.w3.org\/2000\/svg\" viewbox=\"0 0 576 512\" class=\"svg-inline--fa fa-star fa-w-18 fa-2x\"><path d=\"M259.3 17.8L194 150.2 47.9 171.5c-26.2 3.8-36.7 36.1-17.7 54.6l105.7 103-25 145.5c-4.5 26.3 23.2 46 46.4 33.7L288 439.6l130.7 68.7c23.2 12.2 50.9-7.4 46.4-33.7l-25-145.5 105.7-103c19-18.5 8.5-50.8-17.7-54.6L382 150.2 316.7 17.8c-11.7-23.6-45.6-23.9-57.4 0z\" class=\"\"><\/path><\/svg>\n    <svg aria-hidden=\"true\" focusable=\"false\" data-prefix=\"fas\"  role=\"img\" xmlns=\"http:\/\/www.w3.org\/2000\/svg\" viewbox=\"0 0 576 512\" class=\"svg-inline--fa fa-star fa-w-18 fa-2x\"><path d=\"M259.3 17.8L194 150.2 47.9 171.5c-26.2 3.8-36.7 36.1-17.7 54.6l105.7 103-25 145.5c-4.5 26.3 23.2 46 46.4 33.7L288 439.6l130.7 68.7c23.2 12.2 50.9-7.4 46.4-33.7l-25-145.5 105.7-103c19-18.5 8.5-50.8-17.7-54.6L382 150.2 316.7 17.8c-11.7-23.6-45.6-23.9-57.4 0z\" class=\"\"><\/path><\/svg>\n    <svg aria-hidden=\"true\" focusable=\"false\" data-prefix=\"fas\"  role=\"img\" xmlns=\"http:\/\/www.w3.org\/2000\/svg\" viewbox=\"0 0 576 512\" class=\"svg-inline--fa fa-star fa-w-18 fa-2x\"><path d=\"M259.3 17.8L194 150.2 47.9 171.5c-26.2 3.8-36.7 36.1-17.7 54.6l105.7 103-25 145.5c-4.5 26.3 23.2 46 46.4 33.7L288 439.6l130.7 68.7c23.2 12.2 50.9-7.4 46.4-33.7l-25-145.5 105.7-103c19-18.5 8.5-50.8-17.7-54.6L382 150.2 316.7 17.8c-11.7-23.6-45.6-23.9-57.4 0z\" class=\"\"><\/path><\/svg>\n    <svg aria-hidden=\"true\" focusable=\"false\" data-prefix=\"fas\"  role=\"img\" xmlns=\"http:\/\/www.w3.org\/2000\/svg\" viewbox=\"0 0 576 512\" class=\"svg-inline--fa fa-star fa-w-18 fa-2x\"><path d=\"M259.3 17.8L194 150.2 47.9 171.5c-26.2 3.8-36.7 36.1-17.7 54.6l105.7 103-25 145.5c-4.5 26.3 23.2 46 46.4 33.7L288 439.6l130.7 68.7c23.2 12.2 50.9-7.4 46.4-33.7l-25-145.5 105.7-103c19-18.5 8.5-50.8-17.7-54.6L382 150.2 316.7 17.8c-11.7-23.6-45.6-23.9-57.4 0z\" class=\"\"><\/path><\/svg>\n  <\/div>\n\n\n\n<svg width=\"0\" height=\"0\">\n<lineargradient id=\"starhalf162\" x1=\"0\" x2=\"100%\" y1=\"0\" y2=\"0\">\n        <stop offset=\"0%\" stop-color=\"var(--bde-palette-color-2-9cf302e2-e388-4912-b6fe-f7cdeb9bf61b)\"><\/stop>\n \t\t<stop offset=\"0%\" stop-color=\"lightgrey\"><\/stop>\n<\/lineargradient>\n<\/svg>\n\n<\/div><div class=\"bde-text-1251-163-1251-1 bde-text bde-text-1251-163\">\nKur hyn n\u00eb nd\u00ebrtes\u00ebn e mjek\u00ebsis\u00eb MD, ndihesh m\u00eb rehat sesa jo, sepse nuk e ke menj\u00ebher\u00eb at\u00eb ndjesin\u00eb dhe arom\u00ebn e njohur dhe t\u00eb pak\u00ebndshme t\u00eb nj\u00eb spitali. T\u00eb pret nj\u00eb infermiere miq\u00ebsore e cila t\u00eb p\u00ebrsh\u00ebndet me mir\u00ebsi dhe t\u00eb shpjegon gjith\u00e7ka q\u00eb t\u00eb intereson. \u00c7do gj\u00eb ka nj\u00eb efekt relaksues, n\u00eb m\u00ebnyr\u00eb q\u00eb ajo ndjesia e fundit e ankthit para nj\u00eb ekzaminimi ose nd\u00ebrhyrjeje kirurgjikale nga mjeku t\u00eb zhduket v\u00ebrtet. Mjeku q\u00eb viziton \u00ebsht\u00eb nj\u00eb ekspert i nivelit t\u00eb lart\u00eb q\u00eb t\u00eb p\u00ebrkushtohet t\u00ebr\u00ebsisht, t\u00eb d\u00ebgjon v\u00ebrtet, ka koh\u00eb p\u00ebr ty dhe, n\u00eb fund, t\u00eb jep k\u00ebshilla profesionale. Gjithmon\u00eb largohem nga ambientet e mjek\u00ebsis\u00eb MD i qet\u00eb dhe me nj\u00eb pamje t\u00eb qart\u00eb se k\u00ebtu ka njer\u00ebz q\u00eb do t\u00eb kujdesen gjithmon\u00eb p\u00ebr ty. Prandaj, nj\u00eb fal\u00ebnderim i sinqert\u00eb p\u00ebr t\u00eb gjith\u00eb ju.\n<\/div>\n<\/div><div class=\"bde-div-1251-164-1251-1 bde-div bde-div-1251-164\">\n  \n  \n\t\n\n\n\n<div class=\"bde-text-1251-165-1251-1 bde-text bde-text-1251-165\">\nNeda Fabrizio\n<\/div>\n<\/div>\r\n<\/div><\/div><div class=\"bde-advancedslide-1251-166-1251-1 bde-advancedslide bde-advancedslide-1251-166 swiper-slide\"><div class=\"advanced-slider__slide\">\r\n  <div class=\"bde-div-1251-167-1251-1 bde-div bde-div-1251-167\">\n  \n  \n\t\n\n\n\n<div class=\"bde-star-rating-1251-168-1251-1 bde-star-rating bde-star-rating-1251-168\">\n\n\n\n  <div class='bde-star-rating__wrapper'>\n    <svg aria-hidden=\"true\" focusable=\"false\" data-prefix=\"fas\"  role=\"img\" xmlns=\"http:\/\/www.w3.org\/2000\/svg\" viewbox=\"0 0 576 512\" class=\"svg-inline--fa fa-star fa-w-18 fa-2x\"><path d=\"M259.3 17.8L194 150.2 47.9 171.5c-26.2 3.8-36.7 36.1-17.7 54.6l105.7 103-25 145.5c-4.5 26.3 23.2 46 46.4 33.7L288 439.6l130.7 68.7c23.2 12.2 50.9-7.4 46.4-33.7l-25-145.5 105.7-103c19-18.5 8.5-50.8-17.7-54.6L382 150.2 316.7 17.8c-11.7-23.6-45.6-23.9-57.4 0z\" class=\"\"><\/path><\/svg>\n    <svg aria-hidden=\"true\" focusable=\"false\" data-prefix=\"fas\"  role=\"img\" xmlns=\"http:\/\/www.w3.org\/2000\/svg\" viewbox=\"0 0 576 512\" class=\"svg-inline--fa fa-star fa-w-18 fa-2x\"><path d=\"M259.3 17.8L194 150.2 47.9 171.5c-26.2 3.8-36.7 36.1-17.7 54.6l105.7 103-25 145.5c-4.5 26.3 23.2 46 46.4 33.7L288 439.6l130.7 68.7c23.2 12.2 50.9-7.4 46.4-33.7l-25-145.5 105.7-103c19-18.5 8.5-50.8-17.7-54.6L382 150.2 316.7 17.8c-11.7-23.6-45.6-23.9-57.4 0z\" class=\"\"><\/path><\/svg>\n    <svg aria-hidden=\"true\" focusable=\"false\" data-prefix=\"fas\"  role=\"img\" xmlns=\"http:\/\/www.w3.org\/2000\/svg\" viewbox=\"0 0 576 512\" class=\"svg-inline--fa fa-star fa-w-18 fa-2x\"><path d=\"M259.3 17.8L194 150.2 47.9 171.5c-26.2 3.8-36.7 36.1-17.7 54.6l105.7 103-25 145.5c-4.5 26.3 23.2 46 46.4 33.7L288 439.6l130.7 68.7c23.2 12.2 50.9-7.4 46.4-33.7l-25-145.5 105.7-103c19-18.5 8.5-50.8-17.7-54.6L382 150.2 316.7 17.8c-11.7-23.6-45.6-23.9-57.4 0z\" class=\"\"><\/path><\/svg>\n    <svg aria-hidden=\"true\" focusable=\"false\" data-prefix=\"fas\"  role=\"img\" xmlns=\"http:\/\/www.w3.org\/2000\/svg\" viewbox=\"0 0 576 512\" class=\"svg-inline--fa fa-star fa-w-18 fa-2x\"><path d=\"M259.3 17.8L194 150.2 47.9 171.5c-26.2 3.8-36.7 36.1-17.7 54.6l105.7 103-25 145.5c-4.5 26.3 23.2 46 46.4 33.7L288 439.6l130.7 68.7c23.2 12.2 50.9-7.4 46.4-33.7l-25-145.5 105.7-103c19-18.5 8.5-50.8-17.7-54.6L382 150.2 316.7 17.8c-11.7-23.6-45.6-23.9-57.4 0z\" class=\"\"><\/path><\/svg>\n    <svg aria-hidden=\"true\" focusable=\"false\" data-prefix=\"fas\"  role=\"img\" xmlns=\"http:\/\/www.w3.org\/2000\/svg\" viewbox=\"0 0 576 512\" class=\"svg-inline--fa fa-star fa-w-18 fa-2x\"><path d=\"M259.3 17.8L194 150.2 47.9 171.5c-26.2 3.8-36.7 36.1-17.7 54.6l105.7 103-25 145.5c-4.5 26.3 23.2 46 46.4 33.7L288 439.6l130.7 68.7c23.2 12.2 50.9-7.4 46.4-33.7l-25-145.5 105.7-103c19-18.5 8.5-50.8-17.7-54.6L382 150.2 316.7 17.8c-11.7-23.6-45.6-23.9-57.4 0z\" class=\"\"><\/path><\/svg>\n  <\/div>\n\n\n\n<svg width=\"0\" height=\"0\">\n<lineargradient id=\"starhalf168\" x1=\"0\" x2=\"100%\" y1=\"0\" y2=\"0\">\n        <stop offset=\"0%\" stop-color=\"var(--bde-palette-color-2-9cf302e2-e388-4912-b6fe-f7cdeb9bf61b)\"><\/stop>\n \t\t<stop offset=\"0%\" stop-color=\"lightgrey\"><\/stop>\n<\/lineargradient>\n<\/svg>\n\n<\/div><div class=\"bde-text-1251-169-1251-1 bde-text bde-text-1251-169\">\nQ\u00eb nga viti 2017, kam nj\u00eb mjek personal n\u00eb MD medicine. Q\u00eb nga vizita e par\u00eb, hyra n\u00eb bot\u00ebn e koncesionit sh\u00ebndet\u00ebsor mbi standardet: nj\u00eb pritje e sjellshme n\u00eb hyrjen kryesore t\u00eb rregulluar qart\u00eb, nj\u00eb sall\u00eb pritjeje e ndritshme pa turma, nj\u00eb koh\u00eb ekzaminimi n\u00eb koh\u00ebn e r\u00ebn\u00eb dakord n\u00eb nj\u00eb klinik\u00eb moderne dhe t\u00eb pajisur k\u00ebndsh\u00ebm, nj\u00eb infermiere miq\u00ebsore q\u00eb m\u00eb njeh me em\u00ebr, nj\u00eb mjeke e relaksuar dhe shum\u00eb profesionale q\u00eb ka koh\u00eb si p\u00ebr t\u00eb m\u00eb d\u00ebgjuar ashtu edhe p\u00ebr t\u00eb m\u00eb trajtuar. N\u00eb t\u00eb nj\u00ebjt\u00ebn nd\u00ebrtes\u00eb, mund t\u00eb kryej edhe nj\u00eb laborator dhe shum\u00eb sh\u00ebrbime t\u00eb tjera sh\u00ebndet\u00ebsore. Mund t\u00eb organizoj porosi, referime, receta, k\u00ebshilla me an\u00eb t\u00eb email-it ose me telefon, t\u00eb cilave dikush gjithmon\u00eb u p\u00ebrgjigjet... Sistemi me cil\u00ebsi t\u00eb lart\u00eb i MD medicine funksionon jo vet\u00ebm n\u00eb dobi t\u00eb sh\u00ebndetit t\u00eb pacientit, por edhe p\u00ebr dinjitetin e tyre.\n<\/div>\n<\/div><div class=\"bde-div-1251-170-1251-1 bde-div bde-div-1251-170\">\n  \n  \n\t\n\n\n\n<div class=\"bde-text-1251-171-1251-1 bde-text bde-text-1251-171\">\nMaja Ivani\u00e7\n<\/div>\n<\/div>\r\n<\/div><\/div>\n    <\/div>\n  <\/div>\n\n              <div class=\"swiper-button-prev\">\n            <svg xmlns=\"http:\/\/www.w3.org\/2000\/svg\" width=\"40\" height=\"40\" viewbox=\"0 0 40 40\" fill=\"none\">\r\n<rect x=\"40\" y=\"40\" width=\"40\" height=\"40\" rx=\"8\" transform=\"rotate(-180 40 40)\" fill=\"#001F3F\"\/>\r\n<path d=\"M20.1733 26.1792L13.7003 20.0004L20.1733 13.8216\" stroke=\"white\" stroke-width=\"1.3125\" stroke-linecap=\"round\" stroke-linejoin=\"round\"\/>\r\n<path d=\"M13.7004 20.0005H26.3003\" stroke=\"white\" stroke-width=\"1.3125\" stroke-linecap=\"round\" stroke-linejoin=\"round\"\/>\r\n<\/svg>\n        <\/div>\n        <div class=\"swiper-button-next\">\n            <svg xmlns=\"http:\/\/www.w3.org\/2000\/svg\" width=\"40\" height=\"40\" viewbox=\"0 0 40 40\" fill=\"none\">\r\n<rect width=\"40\" height=\"40\" rx=\"8\" fill=\"#001F3F\"\/>\r\n<path d=\"M19.8267 13.8208L26.2997 19.9996L19.8267 26.1784\" stroke=\"white\" stroke-width=\"1.3125\" stroke-linecap=\"round\" stroke-linejoin=\"round\"\/>\r\n<path d=\"M26.2996 19.9995L13.6997 19.9995\" stroke=\"white\" stroke-width=\"1.3125\" stroke-linecap=\"round\" stroke-linejoin=\"round\"\/>\r\n<\/svg>\n        <\/div>\n    \n    \n<\/div>\n\n<\/div><\/div><h2 class=\"bde-heading-2274-200 bde-heading\">\nPyetje t\u00eb shpeshta\n<\/h2><div class=\"bde-text-2274-201 bde-text\">\nKeni pyetje? K\u00ebtu do t\u00eb gjeni p\u00ebrgjigje p\u00ebr pyetjet m\u00eb t\u00eb shpeshta n\u00eb lidhje me sh\u00ebrbimet dhe procedurat tona. N\u00ebse nuk mund ta gjeni p\u00ebrgjigjen, ju lutemi na kontaktoni - ne jemi t\u00eb lumtur t&#039;ju ndihmojm\u00eb.\n<\/div><div class=\"bde-accordion-2274-202 bde-accordion bde-accordion--pills\"><div class=\"bde-accordion__content-wrapper-2274-203 bde-accordion__content-wrapper\">\n<h3 class=\"bde-accordion__title-tag\">\n  <button type=\"button\" class=\"bde-accordion__button\" id=\"accordion-button-203\" aria-controls=\"accordion-panel-203\" aria-expanded=\"false\">\n     <span class=\"bde-accordion__title\" >A jan\u00eb procedurat t\u00eb dhimbshme dhe \u00e7far\u00eb lloj anestezie p\u00ebrdorni?<\/span>\n     <span class=\"bde-accordion__icon bde-accordion__icon--default\"><\/span>\n     <span class=\"bde-accordion__icon bde-accordion__icon--active\"><\/span>\n  <\/button>\n<\/h3>\n\n<div role=\"region\" class=\"bde-accordion__panel\" id=\"accordion-panel-203\" aria-labelledby=\"accordion-button-203\">\n    <div class=\"bde-accordion__panel-content\">\n        <div class=\"bde-text-2274-204 bde-text\">\nShumica e procedurave orale ambulatore (nxjerrje dh\u00ebmb\u00ebsh, biopsi) kryhen me anestezi lokale, k\u00ebshtu q\u00eb ndjeni vet\u00ebm presion dhe jo dhimbje. Operacionet m\u00eb t\u00eb m\u00ebdha \u2013 si kirurgjia ortognatike, rikonstruksionet dhe ngritja e sinusit \u2013 zakonisht kryhen me anestezi t\u00eb p\u00ebrgjithshme n\u00ebn mbik\u00ebqyrjen e anestezistit, duke siguruar nj\u00eb proces plot\u00ebsisht pa dhimbje.\n<\/div>\n    <\/div>\n<\/div>\n\n\n\n<\/div><div class=\"bde-accordion__content-wrapper-2274-205 bde-accordion__content-wrapper\">\n<h3 class=\"bde-accordion__title-tag\">\n  <button type=\"button\" class=\"bde-accordion__button\" id=\"accordion-button-205\" aria-controls=\"accordion-panel-205\" aria-expanded=\"false\">\n     <span class=\"bde-accordion__title\" >Sa koh\u00eb do t\u00eb zgjas\u00eb sh\u00ebrimi pas nd\u00ebrhyrjeve t\u00eb ndryshme?<\/span>\n     <span class=\"bde-accordion__icon bde-accordion__icon--default\"><\/span>\n     <span class=\"bde-accordion__icon bde-accordion__icon--active\"><\/span>\n  <\/button>\n<\/h3>\n\n<div role=\"region\" class=\"bde-accordion__panel\" id=\"accordion-panel-205\" aria-labelledby=\"accordion-button-205\">\n    <div class=\"bde-accordion__panel-content\">\n        <div class=\"bde-text-2274-206 bde-text\">\nEkstraksion i thjesht\u00eb\/kompleks, biopsi: \u00ebnjtje 2\u20133 dit\u00eb, rikthim n\u00eb pun\u00eb zakonisht brenda 1\u20132 dit\u00ebsh.<br><br>Implantim ose ngritje e sinusit: \u00ebnjtje e leht\u00eb 5\u20137 dit\u00eb, heqja e qep\u00ebve pas 7 dit\u00ebsh; ngarkes\u00eb e plot\u00eb pas 2 jav\u00ebsh.<br><br>Kirurgjia ortognatike (Le Fort I, BSSO): shtrim n\u00eb spital 1\u20132 dit\u00eb, \u00ebnjtje deri n\u00eb 2 jav\u00eb, rikthim n\u00eb aktivitete t\u00eb lehta pas 10\u201314 dit\u00ebsh; stabiliteti p\u00ebrfundimtar i kafshimit pas 6 jav\u00ebsh.\n<\/div>\n    <\/div>\n<\/div>\n\n\n\n<\/div><div class=\"bde-accordion__content-wrapper-2274-207 bde-accordion__content-wrapper\">\n<h3 class=\"bde-accordion__title-tag\">\n  <button type=\"button\" class=\"bde-accordion__button\" id=\"accordion-button-207\" aria-controls=\"accordion-panel-207\" aria-expanded=\"false\">\n     <span class=\"bde-accordion__title\" >A do t\u00eb mbeten plag\u00eb t\u00eb dukshme pas operacionit?<\/span>\n     <span class=\"bde-accordion__icon bde-accordion__icon--default\"><\/span>\n     <span class=\"bde-accordion__icon bde-accordion__icon--active\"><\/span>\n  <\/button>\n<\/h3>\n\n<div role=\"region\" class=\"bde-accordion__panel\" id=\"accordion-panel-207\" aria-labelledby=\"accordion-button-207\">\n    <div class=\"bde-accordion__panel-content\">\n        <div class=\"bde-text-2274-208 bde-text\">\nShumica d\u00ebrrmuese e prerjeve b\u00ebhen brenda zgavr\u00ebs orale, prandaj plag\u00ebt nuk jan\u00eb t\u00eb dukshme nga jasht\u00eb. P\u00ebr heqjen e ndryshimeve t\u00eb l\u00ebkur\u00ebs p\u00ebrdorim qepje plastike-kirurgjikale dhe i p\u00ebrshtatim prerjet me palosjet natyrore t\u00eb l\u00ebkur\u00ebs, duke i b\u00ebr\u00eb plag\u00ebt paksa t\u00eb dukshme. Pas rreth 6 muajsh zakonisht zbuten dhe zbehen.\n<\/div>\n    <\/div>\n<\/div>\n\n\n\n<\/div><div class=\"bde-accordion__content-wrapper-2274-209 bde-accordion__content-wrapper\">\n<h3 class=\"bde-accordion__title-tag\">\n  <button type=\"button\" class=\"bde-accordion__button\" id=\"accordion-button-209\" aria-controls=\"accordion-panel-209\" aria-expanded=\"false\">\n     <span class=\"bde-accordion__title\" >Kur mund t\u00eb filloj p\u00ebrs\u00ebri t\u00eb ha dhe t\u00eb ushtrohem normalisht?<\/span>\n     <span class=\"bde-accordion__icon bde-accordion__icon--default\"><\/span>\n     <span class=\"bde-accordion__icon bde-accordion__icon--active\"><\/span>\n  <\/button>\n<\/h3>\n\n<div role=\"region\" class=\"bde-accordion__panel\" id=\"accordion-panel-209\" aria-labelledby=\"accordion-button-209\">\n    <div class=\"bde-accordion__panel-content\">\n        <div class=\"bde-text-2274-210 bde-text\">\nPas nxjerrjeve orale ose implanteve, rekomandohet ushqim i but\u00eb p\u00ebr 24 or\u00ebt e para, nd\u00ebrsa dieta e plot\u00eb \u00ebsht\u00eb e mundur pas 7 dit\u00ebsh.<br><br>Aktivitetet sportive duhen shmangur p\u00ebr nj\u00eb jav\u00eb. Pas kirurgjis\u00eb ortognatike k\u00ebrkohet ushqim i l\u00ebngsh\u00ebm ose i but\u00eb p\u00ebr rreth 2 jav\u00eb (sipas udh\u00ebzimeve), me rikthim gradual n\u00eb ushqim t\u00eb fort\u00eb pas 4\u20136 jav\u00ebsh. Ushtrimet intensive lejohen pas 6 jav\u00ebsh, kur kockat jan\u00eb plot\u00ebsisht t\u00eb stabilizuara.\n<\/div>\n    <\/div>\n<\/div>\n\n\n\n<\/div><div class=\"bde-accordion__content-wrapper-2274-211 bde-accordion__content-wrapper\">\n<h3 class=\"bde-accordion__title-tag\">\n  <button type=\"button\" class=\"bde-accordion__button\" id=\"accordion-button-211\" aria-controls=\"accordion-panel-211\" aria-expanded=\"false\">\n     <span class=\"bde-accordion__title\" >Cilat jan\u00eb rreziqet p\u00ebr d\u00ebmtimin e nervave ose humbjen e ndjeshm\u00ebris\u00eb?<\/span>\n     <span class=\"bde-accordion__icon bde-accordion__icon--default\"><\/span>\n     <span class=\"bde-accordion__icon bde-accordion__icon--active\"><\/span>\n  <\/button>\n<\/h3>\n\n<div role=\"region\" class=\"bde-accordion__panel\" id=\"accordion-panel-211\" aria-labelledby=\"accordion-button-211\">\n    <div class=\"bde-accordion__panel-content\">\n        <div class=\"bde-text-2274-212 bde-text\">\nGjat\u00eb nxjerrjes s\u00eb dh\u00ebmb\u00ebve t\u00eb men\u00e7uris\u00eb, apikotomive dhe osteotomive ortognatike, ekziston nj\u00eb rrezik i vog\u00ebl p\u00ebr mpirje t\u00eb p\u00ebrkohshme t\u00eb buz\u00ebs s\u00eb poshtme, mjekr\u00ebs ose gjuh\u00ebs p\u00ebr shkak t\u00eb af\u00ebrsis\u00eb me strukturat nervore. Ne p\u00ebrdorim navigim 3D-CBCT dhe instrumente piezo-kirurgjikale q\u00eb e ulin ndjesh\u00ebm mund\u00ebsin\u00eb e d\u00ebmtimit t\u00eb nervit. N\u00eb mbi 95% t\u00eb rasteve, \u00e7rregullimi \u00ebsht\u00eb vet\u00ebm i p\u00ebrkohsh\u00ebm dhe zhduket brenda disa jav\u00ebsh. Ndryshimet e p\u00ebrhershme shqisore jan\u00eb shum\u00eb t\u00eb rralla.\n<\/div>\n    <\/div>\n<\/div>\n\n\n\n<\/div>\r\n\r\n<\/div><\/div>\n<\/section>","protected":false},"excerpt":{"rendered":"<p>Nazaj na operativne posege Maksilofacialna kirurgija Maksilofacialna ambulanta MD Medicine izvaja celoten spekter posegov \u2013 od hitrih oralnokirur\u0161kih ekstrakcij in implantacij, oralne kirurgije otrok do kompleksnih ortognatskih korekcij. Zdru\u017eujemo medicinsko in dentalno stroko, delamo z minimalno invazivnimi tehnikami ter zagotavljamo funkcionalno in estetsko obnovo obraza, ustne votline in \u010deljusti. Naro\u010di se na pregled Podro\u010dja dela [&hellip;]<\/p>\n","protected":false},"author":2,"featured_media":0,"parent":390,"menu_order":0,"comment_status":"closed","ping_status":"closed","template":"","meta":{"_acf_changed":false,"inline_featured_image":false,"_breakdance_hide_in_design_set":false,"_breakdance_tags":"","footnotes":""},"class_list":["post-2274","page","type-page","status-publish","hentry"],"acf":[],"yoast_head":"<!-- This site is optimized with the Yoast SEO plugin v27.3 - https:\/\/yoast.com\/product\/yoast-seo-wordpress\/ -->\n<title>Maksilofacialna kirurgija | MD medicina<\/title>\n<meta name=\"description\" content=\"Maksilofacialna kirurgija MD Medicine prina\u0161a specializirane re\u0161itve za oralne posege in kompleksne ortognatske korekcije. Naro\u010dite se danes!\" \/>\n<meta name=\"robots\" content=\"index, follow, max-snippet:-1, max-image-preview:large, max-video-preview:-1\" \/>\n<link rel=\"canonical\" href=\"https:\/\/md-medicina.si\/sq\/operativni-posegi\/maksilofacialna-kirurgija\/\" \/>\n<meta property=\"og:locale\" content=\"sq_AL\" \/>\n<meta property=\"og:type\" content=\"article\" \/>\n<meta property=\"og:title\" content=\"Maksilofacialna kirurgija | MD medicina\" \/>\n<meta property=\"og:description\" content=\"Maksilofacialna kirurgija MD Medicine prina\u0161a specializirane re\u0161itve za oralne posege in kompleksne ortognatske korekcije. Naro\u010dite se danes!\" \/>\n<meta property=\"og:url\" content=\"https:\/\/md-medicina.si\/sq\/operativni-posegi\/maksilofacialna-kirurgija\/\" \/>\n<meta property=\"og:site_name\" content=\"MD medicina\" \/>\n<meta property=\"article:modified_time\" content=\"2026-03-26T16:00:36+00:00\" \/>\n<meta name=\"twitter:card\" content=\"summary_large_image\" \/>\n<meta name=\"twitter:label1\" content=\"Est. reading time\" \/>\n\t<meta name=\"twitter:data1\" content=\"20 minuta\" \/>\n<script type=\"application\/ld+json\" class=\"yoast-schema-graph\">{\"@context\":\"https:\\\/\\\/schema.org\",\"@graph\":[{\"@type\":\"WebPage\",\"@id\":\"https:\\\/\\\/md-medicina.si\\\/operativni-posegi\\\/maksilofacialna-kirurgija\\\/\",\"url\":\"https:\\\/\\\/md-medicina.si\\\/operativni-posegi\\\/maksilofacialna-kirurgija\\\/\",\"name\":\"Maksilofacialna kirurgija | MD medicina\",\"isPartOf\":{\"@id\":\"https:\\\/\\\/md-medicina.si\\\/en\\\/#website\"},\"datePublished\":\"2025-07-14T11:47:39+00:00\",\"dateModified\":\"2026-03-26T16:00:36+00:00\",\"description\":\"Maksilofacialna kirurgija MD Medicine prina\u0161a specializirane re\u0161itve za oralne posege in kompleksne ortognatske korekcije. Naro\u010dite se danes!\",\"breadcrumb\":{\"@id\":\"https:\\\/\\\/md-medicina.si\\\/operativni-posegi\\\/maksilofacialna-kirurgija\\\/#breadcrumb\"},\"inLanguage\":\"sq\",\"potentialAction\":[{\"@type\":\"ReadAction\",\"target\":[\"https:\\\/\\\/md-medicina.si\\\/operativni-posegi\\\/maksilofacialna-kirurgija\\\/\"]}]},{\"@type\":\"BreadcrumbList\",\"@id\":\"https:\\\/\\\/md-medicina.si\\\/operativni-posegi\\\/maksilofacialna-kirurgija\\\/#breadcrumb\",\"itemListElement\":[{\"@type\":\"ListItem\",\"position\":1,\"name\":\"Home\",\"item\":\"https:\\\/\\\/md-medicina.si\\\/\"},{\"@type\":\"ListItem\",\"position\":2,\"name\":\"Operativni posegi\",\"item\":\"https:\\\/\\\/md-medicina.si\\\/operativni-posegi\\\/\"},{\"@type\":\"ListItem\",\"position\":3,\"name\":\"Maksilofacialna kirurgija\"}]},{\"@type\":\"WebSite\",\"@id\":\"https:\\\/\\\/md-medicina.si\\\/en\\\/#website\",\"url\":\"https:\\\/\\\/md-medicina.si\\\/en\\\/\",\"name\":\"MD medicina\",\"description\":\"Vse za va\u0161e zdravje.\",\"potentialAction\":[{\"@type\":\"SearchAction\",\"target\":{\"@type\":\"EntryPoint\",\"urlTemplate\":\"https:\\\/\\\/md-medicina.si\\\/en\\\/?s={search_term_string}\"},\"query-input\":{\"@type\":\"PropertyValueSpecification\",\"valueRequired\":true,\"valueName\":\"search_term_string\"}}],\"inLanguage\":\"sq\"}]}<\/script>\n<!-- \/ Yoast SEO plugin. -->","yoast_head_json":{"title":"Maksilofacialna kirurgija | MD medicina","description":"Maksilofacialna kirurgija MD Medicine prina\u0161a specializirane re\u0161itve za oralne posege in kompleksne ortognatske korekcije. Naro\u010dite se danes!","robots":{"index":"index","follow":"follow","max-snippet":"max-snippet:-1","max-image-preview":"max-image-preview:large","max-video-preview":"max-video-preview:-1"},"canonical":"https:\/\/md-medicina.si\/sq\/operativni-posegi\/maksilofacialna-kirurgija\/","og_locale":"sq_AL","og_type":"article","og_title":"Maksilofacialna kirurgija | MD medicina","og_description":"Maksilofacialna kirurgija MD Medicine prina\u0161a specializirane re\u0161itve za oralne posege in kompleksne ortognatske korekcije. Naro\u010dite se danes!","og_url":"https:\/\/md-medicina.si\/sq\/operativni-posegi\/maksilofacialna-kirurgija\/","og_site_name":"MD medicina","article_modified_time":"2026-03-26T16:00:36+00:00","twitter_card":"summary_large_image","twitter_misc":{"Est. reading time":"20 minuta"},"schema":{"@context":"https:\/\/schema.org","@graph":[{"@type":"WebPage","@id":"https:\/\/md-medicina.si\/operativni-posegi\/maksilofacialna-kirurgija\/","url":"https:\/\/md-medicina.si\/operativni-posegi\/maksilofacialna-kirurgija\/","name":"Maksilofacialna kirurgija | MD medicina","isPartOf":{"@id":"https:\/\/md-medicina.si\/en\/#website"},"datePublished":"2025-07-14T11:47:39+00:00","dateModified":"2026-03-26T16:00:36+00:00","description":"Maksilofacialna kirurgija MD Medicine prina\u0161a specializirane re\u0161itve za oralne posege in kompleksne ortognatske korekcije. Naro\u010dite se danes!","breadcrumb":{"@id":"https:\/\/md-medicina.si\/operativni-posegi\/maksilofacialna-kirurgija\/#breadcrumb"},"inLanguage":"sq","potentialAction":[{"@type":"ReadAction","target":["https:\/\/md-medicina.si\/operativni-posegi\/maksilofacialna-kirurgija\/"]}]},{"@type":"BreadcrumbList","@id":"https:\/\/md-medicina.si\/operativni-posegi\/maksilofacialna-kirurgija\/#breadcrumb","itemListElement":[{"@type":"ListItem","position":1,"name":"Home","item":"https:\/\/md-medicina.si\/"},{"@type":"ListItem","position":2,"name":"Operativni posegi","item":"https:\/\/md-medicina.si\/operativni-posegi\/"},{"@type":"ListItem","position":3,"name":"Maksilofacialna kirurgija"}]},{"@type":"WebSite","@id":"https:\/\/md-medicina.si\/en\/#website","url":"https:\/\/md-medicina.si\/en\/","name":"MD medicina","description":"T\u00eb gjitha p\u00ebr sh\u00ebndetin tuaj.","potentialAction":[{"@type":"SearchAction","target":{"@type":"EntryPoint","urlTemplate":"https:\/\/md-medicina.si\/en\/?s={search_term_string}"},"query-input":{"@type":"PropertyValueSpecification","valueRequired":true,"valueName":"search_term_string"}}],"inLanguage":"sq"}]}},"_links":{"self":[{"href":"https:\/\/md-medicina.si\/sq\/wp-json\/wp\/v2\/pages\/2274","targetHints":{"allow":["GET"]}}],"collection":[{"href":"https:\/\/md-medicina.si\/sq\/wp-json\/wp\/v2\/pages"}],"about":[{"href":"https:\/\/md-medicina.si\/sq\/wp-json\/wp\/v2\/types\/page"}],"author":[{"embeddable":true,"href":"https:\/\/md-medicina.si\/sq\/wp-json\/wp\/v2\/users\/2"}],"replies":[{"embeddable":true,"href":"https:\/\/md-medicina.si\/sq\/wp-json\/wp\/v2\/comments?post=2274"}],"version-history":[{"count":7,"href":"https:\/\/md-medicina.si\/sq\/wp-json\/wp\/v2\/pages\/2274\/revisions"}],"predecessor-version":[{"id":2597,"href":"https:\/\/md-medicina.si\/sq\/wp-json\/wp\/v2\/pages\/2274\/revisions\/2597"}],"up":[{"embeddable":true,"href":"https:\/\/md-medicina.si\/sq\/wp-json\/wp\/v2\/pages\/390"}],"wp:attachment":[{"href":"https:\/\/md-medicina.si\/sq\/wp-json\/wp\/v2\/media?parent=2274"}],"curies":[{"name":"wp","href":"https:\/\/api.w.org\/{rel}","templated":true}]}}