{"id":382,"date":"2025-04-25T09:10:52","date_gmt":"2025-04-25T09:10:52","guid":{"rendered":"https:\/\/md-medicina.si\/?page_id=382"},"modified":"2026-03-23T15:47:22","modified_gmt":"2026-03-23T15:47:22","slug":"ambulanta-za-anesteziologijo","status":"publish","type":"page","link":"https:\/\/md-medicina.si\/it\/ambulantne-dejavnosti\/specialisticne-ambulante\/ambulanta-za-anesteziologijo\/","title":{"rendered":"Clinica di anestesiologia"},"content":{"rendered":"<section class=\"bde-section-382-100 bde-section\">\n              \n  \n  \n\t\n\n\n\n        <div class=\"section-shape-divider-wrapper section-shape-divider-wrapper--1\">\n          <span class=\"section-shape-divider\">\n                      <svg width=\"100%\" height=\"80%\" id=\"svg\" viewbox=\"0 0 1440 350\" xmlns=\"http:\/\/www.w3.org\/2000\/svg\" preserveaspectratio=\"none\" class=\"transition duration-300 ease-in-out delay-150\"><path d=\"M 0,600 L 0,225 C 185.59999999999997,169.8 371.19999999999993,114.6 542,146 C 712.8000000000001,177.4 868.8,295.4 1016,323 C 1163.2,350.6 1301.6,287.8 1440,225 L 1440,600 L 0,600 Z\" stroke=\"none\" stroke-width=\"0\" fill=\"white\" fill-opacity=\"1\" class=\"transition-all duration-300 ease-in-out delay-150 path-0\"><\/path><\/svg>\n                    <\/span>\n      <\/div>\n  <div class=\"section-container\"><div class=\"bde-columns-382-101 bde-columns\"><div class=\"bde-column-382-102 bde-column\">\n  \n  \n\t\n\n\n\n<div class=\"bde-button-382-103 bde-button\">\n    \n                        \n                        \n    \n    \n    \n    \n            \n                    \n            \n            \n\n    \n    \n    \n    \n    \n    <a class=\"breakdance-link button-atom button-atom--custom bde-button__button\" href=\"\/it\/ambulantne-dejavnosti\/\" target=\"_self\" data-type=\"url\"  >\n\n    \n        <span class=\"button-atom__text\">Ritorno alle attivit\u00e0 ambulatoriali<\/span>\n\n                            \n        \n                <\/a>\n\n    \n\n\n<\/div><img decoding=\"async\" class=\"bde-image2-382-104 bde-image2\" src=\"https:\/\/md-medicina.si\/wp-content\/uploads\/2025\/05\/anesteziologija-1.webp\" loading=\"lazy\" srcset=\"https:\/\/md-medicina.si\/wp-content\/uploads\/2025\/05\/anesteziologija-1.webp 1100w, https:\/\/md-medicina.si\/wp-content\/uploads\/2025\/05\/anesteziologija-1-300x200.webp 300w, https:\/\/md-medicina.si\/wp-content\/uploads\/2025\/05\/anesteziologija-1-1024x682.webp 1024w, https:\/\/md-medicina.si\/wp-content\/uploads\/2025\/05\/anesteziologija-1-768x512.webp 768w\" sizes=\"(max-width: 1100px) 100vw, 1100px\">\n<\/div><div class=\"bde-column-382-105 bde-column\">\n  \n  \n\t\n\n\n\n<h1 class=\"bde-heading-382-106 bde-heading\">\nClinica di anestesiologia\n<\/h1><div class=\"bde-text-382-107 bde-text\">\nL\u2019anestesiologia \u00e8 il ramo della medicina che si occupa dell\u2019assistenza completa al paziente durante la preparazione all\u2019intervento chirurgico, durante l\u2019operazione stessa e nel periodo post-operatorio, compreso il controllo del dolore. L\u2019anestesia viene eseguita sotto la supervisione di un medico anestesista con l\u2019assistenza di un\u2019infermiera di anestesia. L\u2019anestesista \u00e8 un medico specialista che somministra l\u2019anestesia, tratta i pazienti in pericolo di vita nelle unit\u00e0 di terapia intensiva, gestisce il dolore acuto e cronico e partecipa alla cura dei pazienti gravemente traumatizzati.\n<\/div><div class=\"bde-div-382-114 bde-div\">\n  \n  \n\t\n\n\n\n<div class=\"bde-button-382-115 bde-button\">\n    \n                                    \n    \n    \n    \n    \n            \n                    \n            \n            \n\n    \n    \n    \n    \n    \n    <a class=\"breakdance-link button-atom button-atom--primary bde-button__button\" href=\"\/it\/ambulantne-dejavnosti\/specialisticne-ambulante\/ambulanta-za-anesteziologijo\/#podrocja-dela\" target=\"_self\" data-type=\"url\"  >\n\n    \n        <span class=\"button-atom__text\">Visualizza le aree di lavoro<\/span>\n\n        \n        \n                <\/a>\n\n    \n\n\n<\/div>\n<\/div>\n<\/div><\/div><div class=\"bde-columns-382-117 bde-columns\"><div class=\"bde-column-382-118 bde-column\">\n  \n  \n\t\n\n\n\n<h3 class=\"bde-heading-382-119 bde-heading\">\nA proposito della clinica\n<\/h3><div class=\"bde-text-382-120 bde-text\">\nL\u2019anestesiologia \u00e8 il ramo della medicina che si occupa dell\u2019assistenza completa al paziente durante la preparazione all\u2019intervento chirurgico, durante l\u2019operazione stessa e nel periodo post-operatorio, compreso il controllo del dolore. L\u2019anestesia viene eseguita sotto la supervisione di un medico anestesista con l\u2019assistenza di un\u2019infermiera di anestesia. L\u2019anestesista \u00e8 un medico specialista che somministra l\u2019anestesia, tratta i pazienti in pericolo di vita nelle unit\u00e0 di terapia intensiva, gestisce il dolore acuto e cronico e partecipa alla cura dei pazienti gravemente traumatizzati.\n<\/div>\n<\/div><div class=\"bde-column-382-121 bde-column\">\n  \n  \n\t\n\n\n\n<img decoding=\"async\" class=\"bde-image2-382-208 bde-image2\" src=\"https:\/\/md-medicina.si\/wp-content\/uploads\/2025\/05\/image-13.jpg\" loading=\"lazy\" srcset=\"https:\/\/md-medicina.si\/wp-content\/uploads\/2025\/05\/image-13.jpg 500w, https:\/\/md-medicina.si\/wp-content\/uploads\/2025\/05\/image-13-300x180.jpg 300w\" sizes=\"(max-width: 500px) 100vw, 500px\">\n<\/div><\/div><div class=\"bde-columns-382-202 bde-columns\"><div class=\"bde-column-382-203 bde-column\">\n  \n  \n\t\n\n\n\n<div class=\"bde-text-382-205 bde-text\">\nIl paziente incontra l\u2019anestesista alcuni giorni prima dell\u2019intervento chirurgico presso l\u2019ambulatorio di anestesia. Qui l\u2019anestesista raccoglie informazioni sullo stato di salute generale del paziente, sulle malattie pregresse e attuali, su eventuali allergie e sulla terapia abituale, fornendo anche ulteriori indicazioni per la preparazione all\u2019anestesia (anche riguardo all\u2019assunzione dei farmaci abituali). Prima di scegliere il tipo di anestesia, l\u2019anestesista illustra al paziente le opzioni e i vantaggi delle diverse tipologie in relazione all\u2019intervento programmato e alle sue condizioni di salute; successivamente, in accordo con il paziente, viene deciso il metodo di anestesia pi\u00f9 sicuro.\nIl giorno dell\u2019intervento, il paziente viene accolto dal medico anestesista e dall\u2019infermiera di anestesia, che lo preparano all\u2019operazione, somministrano l\u2019anestesia e ne garantiscono la sicurezza per tutta la durata dell\u2019intervento. L\u2019anestesista si occupa anche del controllo del dolore post-operatorio, solitamente attraverso la somministrazione di farmaci per via endovenosa o mediante il blocco di specifici nervi.\n<\/div>\n<\/div><div class=\"bde-column-382-206 bde-column\">\n  \n  \n\t\n\n\n\n<div class=\"bde-text-382-207 bde-text\">\nL\u2019anestesia \u00e8 una condizione in cui il paziente non percepisce dolore durante l\u2019operazione. Esistono diversi tipi di anestesia: generale (il paziente dorme), regionale (viene anestetizzata solo una parte del corpo, mentre il paziente resta sveglio o sedato) o una combinazione di entrambe. La scelta dipende dall\u2019intervento previsto e dalle condizioni di salute del paziente. L\u2019obiettivo principale \u00e8 garantire un ambiente chirurgico sicuro, senza dolore, senza movimenti involontari e con parametri vitali stabili (pressione arteriosa, frequenza cardiaca e saturazione di ossigeno). Tutte le funzioni vitali sono attentamente monitorate e regolate per fornire al chirurgo le condizioni ottimali di lavoro.\n<\/div>\n<\/div><\/div><\/div>\n<\/section><section id=\"podrocja-dela\" class=\"bde-section-382-209 bde-section\">\n  \n  \n\t\n\n\n\n<div class=\"section-container\"><h2 class=\"bde-heading-382-210 bde-heading\">\nAree di lavoro\n<\/h2><div class=\"bde-text-382-211 bde-text\">\nIn ambulatorio di anestesiologia\n<\/div><div class=\"bde-grid-382-212 bde-grid\">\n  \n  \n\t\n\n\n\n<div class=\"bde-div-382-213 bde-div\">\n  \n  \n\t\n\n\n\n<div class=\"bde-div-382-302 bde-div\">\n  \n  \n\t\n\n\n\n<div class=\"bde-icon-382-214 bde-icon\">\n\n    \n            <div class=\"bde-icon-icon breakdance-icon-atom\" >\n    \n                    <svg xmlns=\"http:\/\/www.w3.org\/2000\/svg\" width=\"25\" height=\"24\" viewbox=\"0 0 25 24\" fill=\"none\">\r\n<path d=\"M12.0898 22C17.6127 22 22.0898 17.5228 22.0898 12C22.0898 6.47715 17.6127 2 12.0898 2C6.567 2 2.08984 6.47715 2.08984 12C2.08984 17.5228 6.567 22 12.0898 22Z\" stroke=\"#007CB6\" stroke-width=\"2\" stroke-linecap=\"round\" stroke-linejoin=\"round\"\/>\r\n<path d=\"M9.08984 12L11.0898 14L15.0898 10\" stroke=\"#007CB6\" stroke-width=\"2\" stroke-linecap=\"round\" stroke-linejoin=\"round\"\/>\r\n<\/svg>\n        \n        \n        \n            <\/div>\n    \n\n\n<\/div><div class=\"bde-text-382-215 bde-text\">\nClinica di anestesiologia\n<\/div><div class=\"bde-rich-text-382-216 bde-rich-text breakdance-rich-text-styles\">\n<p>Presso MD Medicina, incontrerete un anestesista qualche giorno prima dell&#039;intervento presso la clinica di anestesia preoperatoria. Insieme alla convocazione per la visita anestesiologica, riceverete anche tutte le istruzioni necessarie per il vostro medico curante, sugli esami da effettuare prima dell&#039;intervento o dell&#039;anestesia, a seconda dell&#039;et\u00e0, delle patologie concomitanti e del tipo di intervento. Dovrete quindi portare con voi i risultati degli esami sopra menzionati alla visita anestesiologica.<\/p>\n<\/div>\n<\/div><div class=\"bde-div-382-267 bde-div\">\n  \n  \n\t\n\n\n\n<a class=\"bde-container-link-382-269 bde-container-link oglej breakdance-link\" href=\"\/it\/ambulantne-dejavnosti\/specialisticne-ambulante\/ambulanta-za-anesteziologijo\/anestezioloska-ambulanta\/\" target=\"_self\" data-type=\"url\">\n  \n  \n\t\n\n\n\n<div class=\"bde-text-382-270 bde-text\">\nScopri di pi\u00f9\n<\/div><div class=\"bde-icon-382-271 bde-icon ikona\">\n\n    \n            <div class=\"bde-icon-icon breakdance-icon-atom\" >\n    \n                    <svg xmlns=\"http:\/\/www.w3.org\/2000\/svg\" width=\"27\" height=\"24\" viewbox=\"0 0 27 24\" fill=\"none\">\r\n<rect x=\"0.981201\" width=\"25.9587\" height=\"24\" rx=\"4\" fill=\"#001F3F\"\/>\r\n<path d=\"M13.8657 7.88086L18.1811 12.0001L13.8657 16.1193\" stroke=\"white\" stroke-width=\"1.5\" stroke-linecap=\"round\" stroke-linejoin=\"round\"\/>\r\n<path d=\"M18.1812 12L9.78125 12\" stroke=\"white\" stroke-width=\"1.5\" stroke-linecap=\"round\" stroke-linejoin=\"round\"\/>\r\n<\/svg>\n        \n        \n        \n            <\/div>\n    \n\n\n<\/div>\n\n<\/a>\n<\/div>\n<\/div><div class=\"bde-div-382-217 bde-div\">\n  \n  \n\t\n\n\n\n<div class=\"bde-div-382-303 bde-div\">\n  \n  \n\t\n\n\n\n<div class=\"bde-icon-382-218 bde-icon\">\n\n    \n            <div class=\"bde-icon-icon breakdance-icon-atom\" >\n    \n                    <svg xmlns=\"http:\/\/www.w3.org\/2000\/svg\" width=\"25\" height=\"24\" viewbox=\"0 0 25 24\" fill=\"none\">\r\n<path d=\"M12.0898 22C17.6127 22 22.0898 17.5228 22.0898 12C22.0898 6.47715 17.6127 2 12.0898 2C6.567 2 2.08984 6.47715 2.08984 12C2.08984 17.5228 6.567 22 12.0898 22Z\" stroke=\"#007CB6\" stroke-width=\"2\" stroke-linecap=\"round\" stroke-linejoin=\"round\"\/>\r\n<path d=\"M9.08984 12L11.0898 14L15.0898 10\" stroke=\"#007CB6\" stroke-width=\"2\" stroke-linecap=\"round\" stroke-linejoin=\"round\"\/>\r\n<\/svg>\n        \n        \n        \n            <\/div>\n    \n\n\n<\/div><div class=\"bde-text-382-219 bde-text\">\nAmmissione del paziente in sala operatoria e monitoraggio durante l&#039;anestesia\n<\/div><div class=\"bde-rich-text-382-259 bde-rich-text breakdance-rich-text-styles\">\n<p>Prima di entrare in sala operatoria, il paziente deve rimuovere occhiali, lenti a contatto, protesi dentarie e tutti i gioielli. Quando il paziente viene ammesso in sala operatoria, gli viene applicato un bracciale per la pressione arteriosa sul braccio, vengono applicati elettrodi ECG al torace per monitorare la frequenza cardiaca e viene posizionato un pulsossimetro al dito del paziente per misurare la saturazione di ossigeno nel sangue.<\/p>\n<\/div>\n<\/div><div class=\"bde-div-382-272 bde-div\">\n  \n  \n\t\n\n\n\n<a class=\"bde-container-link-382-274 bde-container-link oglej breakdance-link\" href=\"\/it\/ambulantne-dejavnosti\/specialisticne-ambulante\/ambulanta-za-anesteziologijo\/sprejem-pacienta-v-operacijsko-dvorano-in-monitoring-med-anestezijo\/\" target=\"_self\" data-type=\"url\">\n  \n  \n\t\n\n\n\n<div class=\"bde-text-382-275 bde-text\">\nScopri di pi\u00f9\n<\/div><div class=\"bde-icon-382-276 bde-icon ikona\">\n\n    \n            <div class=\"bde-icon-icon breakdance-icon-atom\" >\n    \n                    <svg xmlns=\"http:\/\/www.w3.org\/2000\/svg\" width=\"27\" height=\"24\" viewbox=\"0 0 27 24\" fill=\"none\">\r\n<rect x=\"0.981201\" width=\"25.9587\" height=\"24\" rx=\"4\" fill=\"#001F3F\"\/>\r\n<path d=\"M13.8657 7.88086L18.1811 12.0001L13.8657 16.1193\" stroke=\"white\" stroke-width=\"1.5\" stroke-linecap=\"round\" stroke-linejoin=\"round\"\/>\r\n<path d=\"M18.1812 12L9.78125 12\" stroke=\"white\" stroke-width=\"1.5\" stroke-linecap=\"round\" stroke-linejoin=\"round\"\/>\r\n<\/svg>\n        \n        \n        \n            <\/div>\n    \n\n\n<\/div>\n\n<\/a>\n<\/div>\n<\/div><div class=\"bde-div-382-221 bde-div\">\n  \n  \n\t\n\n\n\n<div class=\"bde-div-382-304 bde-div\">\n  \n  \n\t\n\n\n\n<div class=\"bde-icon-382-222 bde-icon\">\n\n    \n            <div class=\"bde-icon-icon breakdance-icon-atom\" >\n    \n                    <svg xmlns=\"http:\/\/www.w3.org\/2000\/svg\" width=\"25\" height=\"24\" viewbox=\"0 0 25 24\" fill=\"none\">\r\n<path d=\"M12.0898 22C17.6127 22 22.0898 17.5228 22.0898 12C22.0898 6.47715 17.6127 2 12.0898 2C6.567 2 2.08984 6.47715 2.08984 12C2.08984 17.5228 6.567 22 12.0898 22Z\" stroke=\"#007CB6\" stroke-width=\"2\" stroke-linecap=\"round\" stroke-linejoin=\"round\"\/>\r\n<path d=\"M9.08984 12L11.0898 14L15.0898 10\" stroke=\"#007CB6\" stroke-width=\"2\" stroke-linecap=\"round\" stroke-linejoin=\"round\"\/>\r\n<\/svg>\n        \n        \n        \n            <\/div>\n    \n\n\n<\/div><div class=\"bde-text-382-223 bde-text\">\nTrasfusione\n<\/div><div class=\"bde-rich-text-382-260 bde-rich-text breakdance-rich-text-styles\">\n<p>Durante l&#039;intervento chirurgico, l&#039;anestesista utilizza infusioni per reintegrare i liquidi corporei persi dal paziente e, in alcuni interventi chirurgici pi\u00f9 importanti, \u00e8 necessario anche reintegrare il sangue perso dal paziente, mediante una trasfusione. In tal senso, l&#039;anestesista tiene conto delle pi\u00f9 recenti linee guida e norme per la somministrazione di trasfusioni o emoderivati.<\/p>\n<\/div>\n<\/div><div class=\"bde-div-382-277 bde-div\">\n  \n  \n\t\n\n\n\n<a class=\"bde-container-link-382-279 bde-container-link oglej breakdance-link\" href=\"\/it\/ambulantne-dejavnosti\/specialisticne-ambulante\/ambulanta-za-anesteziologijo\/transfuzija\/\" target=\"_self\" data-type=\"url\">\n  \n  \n\t\n\n\n\n<div class=\"bde-text-382-280 bde-text\">\nScopri di pi\u00f9\n<\/div><div class=\"bde-icon-382-281 bde-icon ikona\">\n\n    \n            <div class=\"bde-icon-icon breakdance-icon-atom\" >\n    \n                    <svg xmlns=\"http:\/\/www.w3.org\/2000\/svg\" width=\"27\" height=\"24\" viewbox=\"0 0 27 24\" fill=\"none\">\r\n<rect x=\"0.981201\" width=\"25.9587\" height=\"24\" rx=\"4\" fill=\"#001F3F\"\/>\r\n<path d=\"M13.8657 7.88086L18.1811 12.0001L13.8657 16.1193\" stroke=\"white\" stroke-width=\"1.5\" stroke-linecap=\"round\" stroke-linejoin=\"round\"\/>\r\n<path d=\"M18.1812 12L9.78125 12\" stroke=\"white\" stroke-width=\"1.5\" stroke-linecap=\"round\" stroke-linejoin=\"round\"\/>\r\n<\/svg>\n        \n        \n        \n            <\/div>\n    \n\n\n<\/div>\n\n<\/a>\n<\/div>\n<\/div><div class=\"bde-div-382-225 bde-div\">\n  \n  \n\t\n\n\n\n<div class=\"bde-div-382-305 bde-div\">\n  \n  \n\t\n\n\n\n<div class=\"bde-icon-382-226 bde-icon\">\n\n    \n            <div class=\"bde-icon-icon breakdance-icon-atom\" >\n    \n                    <svg xmlns=\"http:\/\/www.w3.org\/2000\/svg\" width=\"25\" height=\"24\" viewbox=\"0 0 25 24\" fill=\"none\">\r\n<path d=\"M12.0898 22C17.6127 22 22.0898 17.5228 22.0898 12C22.0898 6.47715 17.6127 2 12.0898 2C6.567 2 2.08984 6.47715 2.08984 12C2.08984 17.5228 6.567 22 12.0898 22Z\" stroke=\"#007CB6\" stroke-width=\"2\" stroke-linecap=\"round\" stroke-linejoin=\"round\"\/>\r\n<path d=\"M9.08984 12L11.0898 14L15.0898 10\" stroke=\"#007CB6\" stroke-width=\"2\" stroke-linecap=\"round\" stroke-linejoin=\"round\"\/>\r\n<\/svg>\n        \n        \n        \n            <\/div>\n    \n\n\n<\/div><div class=\"bde-text-382-227 bde-text\">\nRisveglio dall&#039;anestesia generale e monitoraggio postoperatorio\n<\/div><div class=\"bde-rich-text-382-261 bde-rich-text breakdance-rich-text-styles\">\n<p>L&#039;anestesista gestisce l&#039;anestesia in modo che il sonno duri un tempo adeguato in base all&#039;intervento e, dopo l&#039;operazione, il paziente si sveglia rapidamente e piacevolmente, senza provare dolore. Il risveglio avviene in sala operatoria, dove il paziente \u00e8 monitorato dall&#039;anestesista e dall&#039;infermiere di anestesia. Quando il paziente si sveglia, respira normalmente e i suoi riflessi sono tornati normali, l&#039;anestesista rimuove il tubo respiratorio (o la maschera laringea). Di solito, il paziente non ricorda pi\u00f9 questo momento.<\/p>\n<\/div>\n<\/div><div class=\"bde-div-382-282 bde-div\">\n  \n  \n\t\n\n\n\n<a class=\"bde-container-link-382-284 bde-container-link oglej breakdance-link\" href=\"\/it\/ambulantne-dejavnosti\/specialisticne-ambulante\/ambulanta-za-anesteziologijo\/zbujanje-po-splosni-anesteziji-in-pooperativni-nadzor\/\" target=\"_self\" data-type=\"url\">\n  \n  \n\t\n\n\n\n<div class=\"bde-text-382-285 bde-text\">\nScopri di pi\u00f9\n<\/div><div class=\"bde-icon-382-286 bde-icon ikona\">\n\n    \n            <div class=\"bde-icon-icon breakdance-icon-atom\" >\n    \n                    <svg xmlns=\"http:\/\/www.w3.org\/2000\/svg\" width=\"27\" height=\"24\" viewbox=\"0 0 27 24\" fill=\"none\">\r\n<rect x=\"0.981201\" width=\"25.9587\" height=\"24\" rx=\"4\" fill=\"#001F3F\"\/>\r\n<path d=\"M13.8657 7.88086L18.1811 12.0001L13.8657 16.1193\" stroke=\"white\" stroke-width=\"1.5\" stroke-linecap=\"round\" stroke-linejoin=\"round\"\/>\r\n<path d=\"M18.1812 12L9.78125 12\" stroke=\"white\" stroke-width=\"1.5\" stroke-linecap=\"round\" stroke-linejoin=\"round\"\/>\r\n<\/svg>\n        \n        \n        \n            <\/div>\n    \n\n\n<\/div>\n\n<\/a>\n<\/div>\n<\/div><div class=\"bde-div-382-229 bde-div\">\n  \n  \n\t\n\n\n\n<div class=\"bde-div-382-306 bde-div\">\n  \n  \n\t\n\n\n\n<div class=\"bde-icon-382-230 bde-icon\">\n\n    \n            <div class=\"bde-icon-icon breakdance-icon-atom\" >\n    \n                    <svg xmlns=\"http:\/\/www.w3.org\/2000\/svg\" width=\"25\" height=\"24\" viewbox=\"0 0 25 24\" fill=\"none\">\r\n<path d=\"M12.0898 22C17.6127 22 22.0898 17.5228 22.0898 12C22.0898 6.47715 17.6127 2 12.0898 2C6.567 2 2.08984 6.47715 2.08984 12C2.08984 17.5228 6.567 22 12.0898 22Z\" stroke=\"#007CB6\" stroke-width=\"2\" stroke-linecap=\"round\" stroke-linejoin=\"round\"\/>\r\n<path d=\"M9.08984 12L11.0898 14L15.0898 10\" stroke=\"#007CB6\" stroke-width=\"2\" stroke-linecap=\"round\" stroke-linejoin=\"round\"\/>\r\n<\/svg>\n        \n        \n        \n            <\/div>\n    \n\n\n<\/div><div class=\"bde-text-382-231 bde-text\">\nSollievo dal dolore postoperatorio\n<\/div><div class=\"bde-rich-text-382-262 bde-rich-text breakdance-rich-text-styles\">\n<p>L&#039;anestesista si assicurer\u00e0 che non proviate alcun dolore dopo l&#039;operazione o che il dolore postoperatorio sia il pi\u00f9 ridotto possibile. Anche voi parteciperete attivamente a questo processo e non dovrete soffrire. Una buona gestione del dolore \u00e8 molto importante, perch\u00e9 oltre al fatto che il dolore \u00e8 fastidioso e vi fa soffrire, ha anche altri effetti collaterali: aumento della pressione sanguigna, accelerazione della frequenza cardiaca, rilascio di ormoni dello stress... Una buona gestione del dolore consente una buona collaborazione con il fisioterapista, accelerando e migliorando cos\u00ec il recupero.<\/p>\n<\/div>\n<\/div><div class=\"bde-div-382-287 bde-div\">\n  \n  \n\t\n\n\n\n<a class=\"bde-container-link-382-289 bde-container-link oglej breakdance-link\" href=\"\/it\/ambulantne-dejavnosti\/specialisticne-ambulante\/ambulanta-za-anesteziologijo\/lajsanje-pooperativne-bolecine\/\" target=\"_self\" data-type=\"url\">\n  \n  \n\t\n\n\n\n<div class=\"bde-text-382-290 bde-text\">\nScopri di pi\u00f9\n<\/div><div class=\"bde-icon-382-291 bde-icon ikona\">\n\n    \n            <div class=\"bde-icon-icon breakdance-icon-atom\" >\n    \n                    <svg xmlns=\"http:\/\/www.w3.org\/2000\/svg\" width=\"27\" height=\"24\" viewbox=\"0 0 27 24\" fill=\"none\">\r\n<rect x=\"0.981201\" width=\"25.9587\" height=\"24\" rx=\"4\" fill=\"#001F3F\"\/>\r\n<path d=\"M13.8657 7.88086L18.1811 12.0001L13.8657 16.1193\" stroke=\"white\" stroke-width=\"1.5\" stroke-linecap=\"round\" stroke-linejoin=\"round\"\/>\r\n<path d=\"M18.1812 12L9.78125 12\" stroke=\"white\" stroke-width=\"1.5\" stroke-linecap=\"round\" stroke-linejoin=\"round\"\/>\r\n<\/svg>\n        \n        \n        \n            <\/div>\n    \n\n\n<\/div>\n\n<\/a>\n<\/div>\n<\/div><div class=\"bde-div-382-233 bde-div\">\n  \n  \n\t\n\n\n\n<div class=\"bde-div-382-307 bde-div\">\n  \n  \n\t\n\n\n\n<div class=\"bde-icon-382-234 bde-icon\">\n\n    \n            <div class=\"bde-icon-icon breakdance-icon-atom\" >\n    \n                    <svg xmlns=\"http:\/\/www.w3.org\/2000\/svg\" width=\"25\" height=\"24\" viewbox=\"0 0 25 24\" fill=\"none\">\r\n<path d=\"M12.0898 22C17.6127 22 22.0898 17.5228 22.0898 12C22.0898 6.47715 17.6127 2 12.0898 2C6.567 2 2.08984 6.47715 2.08984 12C2.08984 17.5228 6.567 22 12.0898 22Z\" stroke=\"#007CB6\" stroke-width=\"2\" stroke-linecap=\"round\" stroke-linejoin=\"round\"\/>\r\n<path d=\"M9.08984 12L11.0898 14L15.0898 10\" stroke=\"#007CB6\" stroke-width=\"2\" stroke-linecap=\"round\" stroke-linejoin=\"round\"\/>\r\n<\/svg>\n        \n        \n        \n            <\/div>\n    \n\n\n<\/div><div class=\"bde-text-382-235 bde-text\">\nRegime alimentare e di bevande prima e dopo l&#039;anestesia\n<\/div><div class=\"bde-rich-text-382-263 bde-rich-text breakdance-rich-text-styles\">\n<p>Prima di un intervento chirurgico programmato, il paziente non deve assumere cibi solidi per almeno 6 ore prima dell&#039;induzione dell&#039;anestesia. Tuttavia, pu\u00f2 bere liquidi chiari (acqua o t\u00e8 non zuccherato) durante questo periodo fino a 2 ore prima dell&#039;induzione dell&#039;anestesia. \u00c8 inoltre necessario smettere di masticare gomme o fumare almeno 2 ore prima dell&#039;induzione dell&#039;anestesia.<\/p>\n<\/div>\n<\/div><div class=\"bde-div-382-292 bde-div\">\n  \n  \n\t\n\n\n\n<a class=\"bde-container-link-382-294 bde-container-link oglej breakdance-link\" href=\"\/it\/ambulantne-dejavnosti\/specialisticne-ambulante\/ambulanta-za-anesteziologijo\/rezim-hranjenja-in-pitja-pred-in-po-anesteziji\/\" target=\"_self\" data-type=\"url\">\n  \n  \n\t\n\n\n\n<div class=\"bde-text-382-295 bde-text\">\nScopri di pi\u00f9\n<\/div><div class=\"bde-icon-382-296 bde-icon ikona\">\n\n    \n            <div class=\"bde-icon-icon breakdance-icon-atom\" >\n    \n                    <svg xmlns=\"http:\/\/www.w3.org\/2000\/svg\" width=\"27\" height=\"24\" viewbox=\"0 0 27 24\" fill=\"none\">\r\n<rect x=\"0.981201\" width=\"25.9587\" height=\"24\" rx=\"4\" fill=\"#001F3F\"\/>\r\n<path d=\"M13.8657 7.88086L18.1811 12.0001L13.8657 16.1193\" stroke=\"white\" stroke-width=\"1.5\" stroke-linecap=\"round\" stroke-linejoin=\"round\"\/>\r\n<path d=\"M18.1812 12L9.78125 12\" stroke=\"white\" stroke-width=\"1.5\" stroke-linecap=\"round\" stroke-linejoin=\"round\"\/>\r\n<\/svg>\n        \n        \n        \n            <\/div>\n    \n\n\n<\/div>\n\n<\/a>\n<\/div>\n<\/div><div class=\"bde-div-382-237 bde-div\">\n  \n  \n\t\n\n\n\n<div class=\"bde-div-382-308 bde-div\">\n  \n  \n\t\n\n\n\n<div class=\"bde-icon-382-238 bde-icon\">\n\n    \n            <div class=\"bde-icon-icon breakdance-icon-atom\" >\n    \n                    <svg xmlns=\"http:\/\/www.w3.org\/2000\/svg\" width=\"25\" height=\"24\" viewbox=\"0 0 25 24\" fill=\"none\">\r\n<path d=\"M12.0898 22C17.6127 22 22.0898 17.5228 22.0898 12C22.0898 6.47715 17.6127 2 12.0898 2C6.567 2 2.08984 6.47715 2.08984 12C2.08984 17.5228 6.567 22 12.0898 22Z\" stroke=\"#007CB6\" stroke-width=\"2\" stroke-linecap=\"round\" stroke-linejoin=\"round\"\/>\r\n<path d=\"M9.08984 12L11.0898 14L15.0898 10\" stroke=\"#007CB6\" stroke-width=\"2\" stroke-linecap=\"round\" stroke-linejoin=\"round\"\/>\r\n<\/svg>\n        \n        \n        \n            <\/div>\n    \n\n\n<\/div><div class=\"bde-text-382-239 bde-text\">\nValutazione del rischio per l&#039;intervento chirurgico e parere sull&#039;idoneit\u00e0 all&#039;anestesia\n<\/div><div class=\"bde-rich-text-382-264 bde-rich-text breakdance-rich-text-styles\">\n<p>Tenendo conto della moderna dottrina medica, l&#039;anestesia programmata \u00e8 sicura e viene eseguita secondo le pi\u00f9 moderne linee guida professionali. Negli ultimi anni, abbiamo avuto accesso a nuovi anestetici, apparecchi per anestesia tecnologicamente avanzati, apparecchiature pi\u00f9 recenti e precise per il monitoraggio o il controllo delle funzioni vitali dei pazienti e anestesisti altamente qualificati, tutti fattori che contribuiscono alla sicurezza dell&#039;esecuzione dell&#039;anestesia.<\/p>\n<\/div>\n<\/div><div class=\"bde-div-382-297 bde-div\">\n  \n  \n\t\n\n\n\n<a class=\"bde-container-link-382-299 bde-container-link oglej breakdance-link\" href=\"\/it\/ambulantne-dejavnosti\/specialisticne-ambulante\/ambulanta-za-anesteziologijo\/ocena-tveganja-za-operacijo-in-mnenje-o-sposobnosti-za-anestezijo\/\" target=\"_self\" data-type=\"url\">\n  \n  \n\t\n\n\n\n<div class=\"bde-text-382-300 bde-text\">\nScopri di pi\u00f9\n<\/div><div class=\"bde-icon-382-301 bde-icon ikona\">\n\n    \n            <div class=\"bde-icon-icon breakdance-icon-atom\" >\n    \n                    <svg xmlns=\"http:\/\/www.w3.org\/2000\/svg\" width=\"27\" height=\"24\" viewbox=\"0 0 27 24\" fill=\"none\">\r\n<rect x=\"0.981201\" width=\"25.9587\" height=\"24\" rx=\"4\" fill=\"#001F3F\"\/>\r\n<path d=\"M13.8657 7.88086L18.1811 12.0001L13.8657 16.1193\" stroke=\"white\" stroke-width=\"1.5\" stroke-linecap=\"round\" stroke-linejoin=\"round\"\/>\r\n<path d=\"M18.1812 12L9.78125 12\" stroke=\"white\" stroke-width=\"1.5\" stroke-linecap=\"round\" stroke-linejoin=\"round\"\/>\r\n<\/svg>\n        \n        \n        \n            <\/div>\n    \n\n\n<\/div>\n\n<\/a>\n<\/div>\n<\/div>\n<\/div><\/div>\n<\/section><section class=\"bde-section-382-143 bde-section\">\n  \n  \n\t\n\n\n\n<div class=\"section-container\"><div class=\"bde-grid-382-144 bde-grid\">\n  \n  \n\t\n\n\n\n<div class=\"bde-div-382-145 bde-div\">\n  \n  \n\t\n\n\n\n<img decoding=\"async\" class=\"bde-image2-382-146 bde-image2\" src=\"https:\/\/md-medicina.si\/wp-content\/uploads\/2025\/04\/telefon.svg\" loading=\"lazy\" sizes=\"(max-width: 32px) 100vw, 32px\"><div class=\"bde-text-382-147 bde-text\">\nOrdine telefonico\n<\/div><div class=\"bde-text-382-148 bde-text\">\n\u00c8 possibile effettuare ordini telefonici dal luned\u00ec al venerd\u00ec dalle 8:00 alle 18:00.\n<\/div><div class=\"bde-button-382-149 bde-button\">\n    \n                        \n                        \n    \n    \n    \n    \n            \n                    \n            \n            \n\n    \n    \n    \n    \n    \n    <a class=\"breakdance-link button-atom button-atom--custom bde-button__button\" href=\"tel:+38631214444\" target=\"_self\" data-type=\"contact\"  >\n\n    \n        <span class=\"button-atom__text\">Chiama 031 214 444<\/span>\n\n        \n        \n                <\/a>\n\n    \n\n\n<\/div>\n<\/div><div class=\"bde-div-382-150 bde-div\">\n  \n  \n\t\n\n\n\n<img decoding=\"async\" class=\"bde-image2-382-151 bde-image2\" src=\"https:\/\/md-medicina.si\/wp-content\/uploads\/2025\/04\/sdf.svg\" loading=\"lazy\" sizes=\"(max-width: 32px) 100vw, 32px\"><div class=\"bde-text-382-152 bde-text\">\nListini prezzi\n<\/div><div class=\"bde-text-382-153 bde-text\">\nPer maggiori informazioni sui prezzi dei nostri servizi, clicca sul pulsante qui sotto.\n<\/div><div class=\"bde-button-382-154 bde-button\">\n    \n                        \n                        \n    \n    \n    \n    \n            \n                    \n            \n            \n\n    \n    \n    \n    \n    \n    <a class=\"breakdance-link button-atom button-atom--custom bde-button__button\" href=\"\/it\/narocanje\/ceniki\/\" target=\"_self\" data-type=\"url\"  >\n\n    \n        <span class=\"button-atom__text\">Listini prezzi<\/span>\n\n        \n        \n                <\/a>\n\n    \n\n\n<\/div>\n<\/div><div class=\"bde-div-382-155 bde-div\">\n  \n  \n\t\n\n\n\n<img decoding=\"async\" class=\"bde-image2-382-156 bde-image2\" src=\"https:\/\/md-medicina.si\/wp-content\/uploads\/2025\/04\/Frame.svg\" loading=\"lazy\" sizes=\"(max-width: 32px) 100vw, 32px\"><div class=\"bde-text-382-157 bde-text\">\nOrari\n<\/div><div class=\"bde-text-382-158 bde-text\">\nPer visualizzare gli orari di tutti i medici disponibili, fare clic sul pulsante qui sotto.\n<\/div><div class=\"bde-button-382-159 bde-button\">\n    \n                        \n                        \n    \n    \n    \n    \n            \n                    \n            \n            \n\n    \n    \n    \n    \n    \n    <a class=\"breakdance-link button-atom button-atom--custom bde-button__button\" href=\"\/it\/narocanje\/urniki-narocanja\/\" target=\"_self\" data-type=\"url\"  >\n\n    \n        <span class=\"button-atom__text\">Orari<\/span>\n\n        \n        \n                <\/a>\n\n    \n\n\n<\/div>\n<\/div>\n<\/div><\/div>\n<\/section><section class=\"bde-section-382-160 bde-section\">\n  \n  \n\t\n\n\n\n        <div class=\"section-shape-divider-wrapper section-shape-divider-wrapper--1\">\n          <span class=\"section-shape-divider\">\n                      <svg width=\"100%\" height=\"100%\" id=\"svg\" viewbox=\"0 0 1440 350\" xmlns=\"http:\/\/www.w3.org\/2000\/svg\" preserveaspectratio=\"none\" class=\"transition duration-300 ease-in-out delay-150\"><path d=\"M 0,600 L 0,225 C 185.59999999999997,169.8 371.19999999999993,114.6 542,146 C 712.8000000000001,177.4 868.8,295.4 1016,323 C 1163.2,350.6 1301.6,287.8 1440,225 L 1440,600 L 0,600 Z\" stroke=\"none\" stroke-width=\"0\" fill=\"#c1e0ef\" fill-opacity=\"1\" class=\"transition-all duration-300 ease-in-out delay-150 path-0\"><\/path><\/svg>\n                    <\/span>\n      <\/div>\n  <div class=\"section-container\"><h2 class=\"bde-heading-382-161 bde-heading\">\npersonale professionale\n<\/h2><div class=\"bde-text-382-162 bde-text\">\nCliniche di anestesiologia\n<\/div><div class=\"bde-post-loop-382-163 bde-post-loop\"><div class=\"bde-loop bde-loop-grid ee-posts ee-posts-grid\">    <article class=\"bde-loop-item ee-post\">\n        <a class=\"bde-container-link-278-100-2867-278-1 bde-container-link bde-container-link-278-100 breakdance-link\" href=\"https:\/\/md-medicina.si\/it\/zdravnik\/goran-mitrovic-dr-med\/\" target=\"_self\" data-type=\"url\">\n  \n  \n\t\n\n\n\n<img decoding=\"async\" class=\"bde-image2-278-101-2867-278-1 bde-image2 bde-image2-278-101\" src=\"https:\/\/md-medicina.si\/wp-content\/uploads\/2025\/10\/Goran-Mitrovic-dr.-med.webp\" loading=\"lazy\" srcset=\"https:\/\/md-medicina.si\/wp-content\/uploads\/2025\/10\/Goran-Mitrovic-dr.-med.webp 800w, https:\/\/md-medicina.si\/wp-content\/uploads\/2025\/10\/Goran-Mitrovic-dr.-med-240x300.webp 240w, https:\/\/md-medicina.si\/wp-content\/uploads\/2025\/10\/Goran-Mitrovic-dr.-med-768x960.webp 768w, https:\/\/md-medicina.si\/wp-content\/uploads\/2025\/10\/Goran-Mitrovic-dr.-med-10x12.webp 10w\" sizes=\"(max-width: 800px) 100vw, 800px\"><div class=\"bde-text-278-102-2867-278-1 bde-text bde-text-278-102\">\nGoran Mitrovi\u0107, dr. med.\n<\/div><div class=\"bde-text-278-103-2867-278-1 bde-text bde-text-278-103\">\nspecialist dru\u017einske medicine\n<\/div><div class=\"bde-text-278-104-2867-278-1 bde-text bde-text-278-104\">\nPosebno se posve\u010da podro\u010djem antikoagulantnega zdravljenja, arterijske hipertenzije ter medicinskemu izvedenstvu in zavarovalni\u0161ki medicini.\n<\/div>\n\n<\/a>    <\/article>\n    <article class=\"bde-loop-item ee-post\">\n        <a class=\"bde-container-link-278-100-272-278-1 bde-container-link bde-container-link-278-100 breakdance-link\" href=\"https:\/\/md-medicina.si\/it\/zdravnik\/dr-bogdan-ambrozic-dr-med\/\" target=\"_self\" data-type=\"url\">\n  \n  \n\t\n\n\n\n<img decoding=\"async\" class=\"bde-image2-278-101-272-278-1 bde-image2 bde-image2-278-101\" src=\"https:\/\/md-medicina.si\/wp-content\/uploads\/2025\/04\/dr.-Bogdan-Ambrozic-dr.-med.webp\" loading=\"lazy\" srcset=\"https:\/\/md-medicina.si\/wp-content\/uploads\/2025\/04\/dr.-Bogdan-Ambrozic-dr.-med.webp 800w, https:\/\/md-medicina.si\/wp-content\/uploads\/2025\/04\/dr.-Bogdan-Ambrozic-dr.-med-240x300.webp 240w, https:\/\/md-medicina.si\/wp-content\/uploads\/2025\/04\/dr.-Bogdan-Ambrozic-dr.-med-768x960.webp 768w\" sizes=\"(max-width: 800px) 100vw, 800px\"><div class=\"bde-text-278-102-272-278-1 bde-text bde-text-278-102\">\nDott. Bogdan Ambro\u017ei\u010d, Dott.\n<\/div><div class=\"bde-text-278-103-272-278-1 bde-text bde-text-278-103\">\nspecialista in chirurgia ortopedica\n<\/div><div class=\"bde-text-278-104-272-278-1 bde-text bde-text-278-104\">\nSi occupa del trattamento chirurgico artroscopico e mininvasivo di lesioni e patologie delle articolazioni della spalla, del ginocchio e della caviglia.\n<\/div>\n\n<\/a>    <\/article>\n    <article class=\"bde-loop-item ee-post\">\n        <a class=\"bde-container-link-278-100-746-278-1 bde-container-link bde-container-link-278-100 breakdance-link\" href=\"https:\/\/md-medicina.si\/it\/zdravnik\/dr-klemen-avsec-dr-med\/\" target=\"_self\" data-type=\"url\">\n  \n  \n\t\n\n\n\n<img decoding=\"async\" class=\"bde-image2-278-101-746-278-1 bde-image2 bde-image2-278-101\" src=\"https:\/\/md-medicina.si\/wp-content\/uploads\/2025\/05\/Klemen-Avsec.webp\" loading=\"lazy\" srcset=\"https:\/\/md-medicina.si\/wp-content\/uploads\/2025\/05\/Klemen-Avsec.webp 800w, https:\/\/md-medicina.si\/wp-content\/uploads\/2025\/05\/Klemen-Avsec-240x300.webp 240w, https:\/\/md-medicina.si\/wp-content\/uploads\/2025\/05\/Klemen-Avsec-768x960.webp 768w\" sizes=\"(max-width: 800px) 100vw, 800px\"><div class=\"bde-text-278-102-746-278-1 bde-text bde-text-278-102\">\nDott. Klemen Avsec, Dott. med.\n<\/div><div class=\"bde-text-278-103-746-278-1 bde-text bde-text-278-103\">\nspecialista in chirurgia ortopedica\n<\/div><div class=\"bde-text-278-104-746-278-1 bde-text bde-text-278-104\">\nSi occupa principalmente dell&#039;usura iniziale e avanzata delle articolazioni del ginocchio e dell&#039;anca e del loro trattamento chirurgico.\n<\/div>\n\n<\/a>    <\/article>\n    <article class=\"bde-loop-item ee-post\">\n        <a class=\"bde-container-link-278-100-721-278-1 bde-container-link bde-container-link-278-100 breakdance-link\" href=\"https:\/\/md-medicina.si\/it\/zdravnik\/dr-klemen-bosnjak-dr-med\/\" target=\"_self\" data-type=\"url\">\n  \n  \n\t\n\n\n\n<img decoding=\"async\" class=\"bde-image2-278-101-721-278-1 bde-image2 bde-image2-278-101\" src=\"https:\/\/md-medicina.si\/wp-content\/uploads\/2025\/05\/dr.-Klemen-Bosnjak-dr.-med.webp\" loading=\"lazy\" srcset=\"https:\/\/md-medicina.si\/wp-content\/uploads\/2025\/05\/dr.-Klemen-Bosnjak-dr.-med.webp 800w, https:\/\/md-medicina.si\/wp-content\/uploads\/2025\/05\/dr.-Klemen-Bosnjak-dr.-med-240x300.webp 240w, https:\/\/md-medicina.si\/wp-content\/uploads\/2025\/05\/dr.-Klemen-Bosnjak-dr.-med-768x960.webp 768w\" sizes=\"(max-width: 800px) 100vw, 800px\"><div class=\"bde-text-278-102-721-278-1 bde-text bde-text-278-102\">\nDott. Klemen Bo\u0161njak, Dott. med.\n<\/div><div class=\"bde-text-278-103-721-278-1 bde-text bde-text-278-103\">\nspecialista in chirurgia ortopedica\n<\/div><div class=\"bde-text-278-104-721-278-1 bde-text bde-text-278-104\">\nNel suo lavoro si occupa principalmente di patologie della colonna vertebrale.\n<\/div>\n\n<\/a>    <\/article>\n    <article class=\"bde-loop-item ee-post\">\n        <a class=\"bde-container-link-278-100-725-278-1 bde-container-link bde-container-link-278-100 breakdance-link\" href=\"https:\/\/md-medicina.si\/it\/zdravnik\/asist-dr-urban-brulc-dr-med\/\" target=\"_self\" data-type=\"url\">\n  \n  \n\t\n\n\n\n<img decoding=\"async\" class=\"bde-image2-278-101-725-278-1 bde-image2 bde-image2-278-101\" src=\"https:\/\/md-medicina.si\/wp-content\/uploads\/2025\/05\/asist.-dr.-Urban-Brulc-dr.-med.-specialist-ortopedske-kirurgije.webp\" loading=\"lazy\" srcset=\"https:\/\/md-medicina.si\/wp-content\/uploads\/2025\/05\/asist.-dr.-Urban-Brulc-dr.-med.-specialist-ortopedske-kirurgije.webp 800w, https:\/\/md-medicina.si\/wp-content\/uploads\/2025\/05\/asist.-dr.-Urban-Brulc-dr.-med.-specialist-ortopedske-kirurgije-240x300.webp 240w, https:\/\/md-medicina.si\/wp-content\/uploads\/2025\/05\/asist.-dr.-Urban-Brulc-dr.-med.-specialist-ortopedske-kirurgije-768x960.webp 768w\" sizes=\"(max-width: 800px) 100vw, 800px\"><div class=\"bde-text-278-102-725-278-1 bde-text bde-text-278-102\">\nAssistere. Dott. Urban Brulc, Dott.\n<\/div><div class=\"bde-text-278-103-725-278-1 bde-text bde-text-278-103\">\nspecialista in chirurgia ortopedica\n<\/div><div class=\"bde-text-278-104-725-278-1 bde-text bde-text-278-104\">\nSi occupa principalmente di problemi legati alla colonna vertebrale e alle articolazioni.\n<\/div>\n\n<\/a>    <\/article>\n    <article class=\"bde-loop-item ee-post\">\n        <a class=\"bde-container-link-278-100-752-278-1 bde-container-link bde-container-link-278-100 breakdance-link\" href=\"https:\/\/md-medicina.si\/it\/zdravnik\/ljubka-dimitrovska-dr-med\/\" target=\"_self\" data-type=\"url\">\n  \n  \n\t\n\n\n\n<img decoding=\"async\" class=\"bde-image2-278-101-752-278-1 bde-image2 bde-image2-278-101\" src=\"https:\/\/md-medicina.si\/wp-content\/uploads\/2025\/05\/Ljupka-Dimitrovska-dr.med_.webp\" loading=\"lazy\" srcset=\"https:\/\/md-medicina.si\/wp-content\/uploads\/2025\/05\/Ljupka-Dimitrovska-dr.med_.webp 800w, https:\/\/md-medicina.si\/wp-content\/uploads\/2025\/05\/Ljupka-Dimitrovska-dr.med_-240x300.webp 240w, https:\/\/md-medicina.si\/wp-content\/uploads\/2025\/05\/Ljupka-Dimitrovska-dr.med_-768x960.webp 768w\" sizes=\"(max-width: 800px) 100vw, 800px\"><div class=\"bde-text-278-102-752-278-1 bde-text bde-text-278-102\">\nDott.ssa Ljupka Dimitrovska, Dott. med.\n<\/div><div class=\"bde-text-278-103-752-278-1 bde-text bde-text-278-103\">\nspecialista in cardiologia e medicina vascolare\n<\/div><div class=\"bde-text-278-104-752-278-1 bde-text bde-text-278-104\">\nSpecializzato in imaging cardiaco non invasivo, con certificazioni internazionali. Sottospecializzazione clinica e di ricerca focalizzata sul trattamento delle cardiopatie strutturali, in particolare delle valvulopatie cardiache.\n<\/div>\n\n<\/a>    <\/article>\n    <article class=\"bde-loop-item ee-post\">\n        <a class=\"bde-container-link-278-100-739-278-1 bde-container-link bde-container-link-278-100 breakdance-link\" href=\"https:\/\/md-medicina.si\/it\/zdravnik\/prof-dr-drago-dolinar-dr-med\/\" target=\"_self\" data-type=\"url\">\n  \n  \n\t\n\n\n\n<img decoding=\"async\" class=\"bde-image2-278-101-739-278-1 bde-image2 bde-image2-278-101\" src=\"https:\/\/md-medicina.si\/wp-content\/uploads\/2025\/05\/prof.-dr.-Drago-Dolinar-dr.-med.webp\" loading=\"lazy\" srcset=\"https:\/\/md-medicina.si\/wp-content\/uploads\/2025\/05\/prof.-dr.-Drago-Dolinar-dr.-med.webp 800w, https:\/\/md-medicina.si\/wp-content\/uploads\/2025\/05\/prof.-dr.-Drago-Dolinar-dr.-med-240x300.webp 240w, https:\/\/md-medicina.si\/wp-content\/uploads\/2025\/05\/prof.-dr.-Drago-Dolinar-dr.-med-768x960.webp 768w\" sizes=\"(max-width: 800px) 100vw, 800px\"><div class=\"bde-text-278-102-739-278-1 bde-text bde-text-278-102\">\nProf. Dott. Drago Dolinar, Dott. med.\n<\/div><div class=\"bde-text-278-103-739-278-1 bde-text bde-text-278-103\">\nspecialista in chirurgia ortopedica\n<\/div><div class=\"bde-text-278-104-739-278-1 bde-text bde-text-278-104\">\n\u00c8 specializzato nell&#039;esecuzione di metodi chirurgici mininvasivi nel campo della chirurgia ortopedica.\n<\/div>\n\n<\/a>    <\/article>\n    <article class=\"bde-loop-item ee-post\">\n        <a class=\"bde-container-link-278-100-747-278-1 bde-container-link bde-container-link-278-100 breakdance-link\" href=\"https:\/\/md-medicina.si\/it\/zdravnik\/cvetka-dragos-jancar-dr-med\/\" target=\"_self\" data-type=\"url\">\n  \n  \n\t\n\n\n\n<img decoding=\"async\" class=\"bde-image2-278-101-747-278-1 bde-image2 bde-image2-278-101\" src=\"https:\/\/md-medicina.si\/wp-content\/uploads\/2025\/05\/cvetka-dragos-jancar-dr-med2.webp\" loading=\"lazy\" srcset=\"https:\/\/md-medicina.si\/wp-content\/uploads\/2025\/05\/cvetka-dragos-jancar-dr-med2.webp 800w, https:\/\/md-medicina.si\/wp-content\/uploads\/2025\/05\/cvetka-dragos-jancar-dr-med2-240x300.webp 240w, https:\/\/md-medicina.si\/wp-content\/uploads\/2025\/05\/cvetka-dragos-jancar-dr-med2-768x960.webp 768w, https:\/\/md-medicina.si\/wp-content\/uploads\/2025\/05\/cvetka-dragos-jancar-dr-med2-10x12.webp 10w\" sizes=\"(max-width: 800px) 100vw, 800px\"><div class=\"bde-text-278-102-747-278-1 bde-text bde-text-278-102\">\nDott.ssa Cvetka Drago\u0161 Jan\u010dar, Dott. med.\n<\/div><div class=\"bde-text-278-103-747-278-1 bde-text bde-text-278-103\">\nspecialista pediatrico\n<\/div><div class=\"bde-text-278-104-747-278-1 bde-text bde-text-278-104\">\nDa molti anni concentra la sua attivit\u00e0 sulla prevenzione, rivolta sia ai bambini che agli adulti. Ha contribuito in modo significativo al riconoscimento degli esami di gestione preventiva con il libro &#034;Healthy Manager - Successful Management&#034;.\n<\/div>\n\n<\/a>    <\/article>\n    <article class=\"bde-loop-item ee-post\">\n        <a class=\"bde-container-link-278-100-740-278-1 bde-container-link bde-container-link-278-100 breakdance-link\" href=\"https:\/\/md-medicina.si\/it\/zdravnik\/prof-dr-matej-drobnic-dr-med\/\" target=\"_self\" data-type=\"url\">\n  \n  \n\t\n\n\n\n<img decoding=\"async\" class=\"bde-image2-278-101-740-278-1 bde-image2 bde-image2-278-101\" src=\"https:\/\/md-medicina.si\/wp-content\/uploads\/2025\/05\/Matej-Drobnic-dr.-med.webp\" loading=\"lazy\" srcset=\"https:\/\/md-medicina.si\/wp-content\/uploads\/2025\/05\/Matej-Drobnic-dr.-med.webp 800w, https:\/\/md-medicina.si\/wp-content\/uploads\/2025\/05\/Matej-Drobnic-dr.-med-240x300.webp 240w, https:\/\/md-medicina.si\/wp-content\/uploads\/2025\/05\/Matej-Drobnic-dr.-med-768x960.webp 768w\" sizes=\"(max-width: 800px) 100vw, 800px\"><div class=\"bde-text-278-102-740-278-1 bde-text bde-text-278-102\">\nProf. Dott. Matej Drobni\u010d, Dott. med.\n<\/div><div class=\"bde-text-278-103-740-278-1 bde-text bde-text-278-103\">\nspecialista in chirurgia ortopedica\n<\/div><div class=\"bde-text-278-104-740-278-1 bde-text bde-text-278-104\">\nSi occupa principalmente di infortuni sportivi alle ginocchia, patologie rotulee, lesioni e patologie dell&#039;articolazione della caviglia superiore e inferiore e del piede.\n<\/div>\n\n<\/a>    <\/article>\n    <article class=\"bde-loop-item ee-post\">\n        <a class=\"bde-container-link-278-100-760-278-1 bde-container-link bde-container-link-278-100 breakdance-link\" href=\"https:\/\/md-medicina.si\/it\/zdravnik\/dejan-galic-dr-med\/\" target=\"_self\" data-type=\"url\">\n  \n  \n\t\n\n\n\n<img decoding=\"async\" class=\"bde-image2-278-101-760-278-1 bde-image2 bde-image2-278-101\" src=\"https:\/\/md-medicina.si\/wp-content\/uploads\/2025\/05\/Dejan-Galic-dr.-med.webp\" loading=\"lazy\" srcset=\"https:\/\/md-medicina.si\/wp-content\/uploads\/2025\/05\/Dejan-Galic-dr.-med.webp 800w, https:\/\/md-medicina.si\/wp-content\/uploads\/2025\/05\/Dejan-Galic-dr.-med-240x300.webp 240w, https:\/\/md-medicina.si\/wp-content\/uploads\/2025\/05\/Dejan-Galic-dr.-med-768x960.webp 768w\" sizes=\"(max-width: 800px) 100vw, 800px\"><div class=\"bde-text-278-102-760-278-1 bde-text bde-text-278-102\">\nDott. Dejan Gali\u010d, FEBU, FECSM\n<\/div><div class=\"bde-text-278-103-760-278-1 bde-text bde-text-278-103\">\nspecialista in urologia\n<\/div><div class=\"bde-text-278-104-760-278-1 bde-text bde-text-278-104\">\nSi occupa di urologia generale, in particolare di oncologia urologica e problemi alla prostata, nonch\u00e9 di medicina sessuale.\n<\/div>\n\n<\/a>    <\/article>\n    <article class=\"bde-loop-item ee-post\">\n        <a class=\"bde-container-link-278-100-731-278-1 bde-container-link bde-container-link-278-100 breakdance-link\" href=\"https:\/\/md-medicina.si\/it\/zdravnik\/doc-dr-simon-hawlina-dr-med-febu\/\" target=\"_self\" data-type=\"url\">\n  \n  \n\t\n\n\n\n<img decoding=\"async\" class=\"bde-image2-278-101-731-278-1 bde-image2 bde-image2-278-101\" src=\"https:\/\/md-medicina.si\/wp-content\/uploads\/2025\/05\/Doc.-dr.-Simon-Hawlina-dr.-med.-FEBU.webp\" loading=\"lazy\" srcset=\"https:\/\/md-medicina.si\/wp-content\/uploads\/2025\/05\/Doc.-dr.-Simon-Hawlina-dr.-med.-FEBU.webp 800w, https:\/\/md-medicina.si\/wp-content\/uploads\/2025\/05\/Doc.-dr.-Simon-Hawlina-dr.-med.-FEBU-240x300.webp 240w, https:\/\/md-medicina.si\/wp-content\/uploads\/2025\/05\/Doc.-dr.-Simon-Hawlina-dr.-med.-FEBU-768x960.webp 768w\" sizes=\"(max-width: 800px) 100vw, 800px\"><div class=\"bde-text-278-102-731-278-1 bde-text bde-text-278-102\">\nAss. Prof. Dott. Simon Hawlina, Dott. med., FEBBRAIO\n<\/div><div class=\"bde-text-278-103-731-278-1 bde-text bde-text-278-103\">\nspecialista in urologia\n<\/div><div class=\"bde-text-278-104-731-278-1 bde-text bde-text-278-104\">\nEsegue un&#039;ampia gamma di interventi chirurgici urologici, concentrandosi sulle tecniche mini-invasive.\n<\/div>\n\n<\/a>    <\/article>\n    <article class=\"bde-loop-item ee-post\">\n        <a class=\"bde-container-link-278-100-3362-278-1 bde-container-link bde-container-link-278-100 breakdance-link\" href=\"https:\/\/md-medicina.si\/it\/zdravnik\/sebastian-jersinovic-dr-med-febu\/\" target=\"_self\" data-type=\"url\">\n  \n  \n\t\n\n\n\n<img decoding=\"async\" class=\"bde-image2-278-101-3362-278-1 bde-image2 bde-image2-278-101\" src=\"https:\/\/md-medicina.si\/wp-content\/uploads\/2026\/01\/Jersinovic-scaled.jpg\" loading=\"lazy\" srcset=\"https:\/\/md-medicina.si\/wp-content\/uploads\/2026\/01\/Jersinovic-scaled.jpg 1707w, https:\/\/md-medicina.si\/wp-content\/uploads\/2026\/01\/Jersinovic-200x300.jpg 200w, https:\/\/md-medicina.si\/wp-content\/uploads\/2026\/01\/Jersinovic-683x1024.jpg 683w, https:\/\/md-medicina.si\/wp-content\/uploads\/2026\/01\/Jersinovic-768x1152.jpg 768w, https:\/\/md-medicina.si\/wp-content\/uploads\/2026\/01\/Jersinovic-1024x1536.jpg 1024w, https:\/\/md-medicina.si\/wp-content\/uploads\/2026\/01\/Jersinovic-1365x2048.jpg 1365w, https:\/\/md-medicina.si\/wp-content\/uploads\/2026\/01\/Jersinovic-8x12.jpg 8w\" sizes=\"(max-width: 1707px) 100vw, 1707px\"><div class=\"bde-text-278-102-3362-278-1 bde-text bde-text-278-102\">\ndr. Sebastian Jer\u0161inovi\u010d, dr. med., FEBU\n<\/div><div class=\"bde-text-278-103-3362-278-1 bde-text bde-text-278-103\">\nspecialista in urologia\n<\/div><div class=\"bde-text-278-104-3362-278-1 bde-text bde-text-278-104\">\nSpecializiran je za minimalno invazivno lasersko endoskopsko urologijo, vklju\u010dno z lasersko enukleacijo prostate (ThuFLEP) in laserskim drobljenjem ledvi\u010dnih kamnov (URS).\n<\/div>\n\n<\/a>    <\/article>\n    <article class=\"bde-loop-item ee-post\">\n        <a class=\"bde-container-link-278-100-720-278-1 bde-container-link bde-container-link-278-100 breakdance-link\" href=\"https:\/\/md-medicina.si\/it\/zdravnik\/dr-mojca-kirbis-dr-med-specialistka-nevrologije\/\" target=\"_self\" data-type=\"url\">\n  \n  \n\t\n\n\n\n<img decoding=\"async\" class=\"bde-image2-278-101-720-278-1 bde-image2 bde-image2-278-101\" src=\"https:\/\/md-medicina.si\/wp-content\/uploads\/2025\/05\/dr.-Mojca-Kirbis-dr.-med.webp\" loading=\"lazy\" srcset=\"https:\/\/md-medicina.si\/wp-content\/uploads\/2025\/05\/dr.-Mojca-Kirbis-dr.-med.webp 800w, https:\/\/md-medicina.si\/wp-content\/uploads\/2025\/05\/dr.-Mojca-Kirbis-dr.-med-240x300.webp 240w, https:\/\/md-medicina.si\/wp-content\/uploads\/2025\/05\/dr.-Mojca-Kirbis-dr.-med-768x960.webp 768w\" sizes=\"(max-width: 800px) 100vw, 800px\"><div class=\"bde-text-278-102-720-278-1 bde-text bde-text-278-102\">\nDott.ssa Mojca Kirbi\u0161, Dott. med., FEBN\n<\/div><div class=\"bde-text-278-103-720-278-1 bde-text bde-text-278-103\">\nspecialista in neurologia\n<\/div><div class=\"bde-text-278-104-720-278-1 bde-text bde-text-278-104\">\nSi concentra in particolare sulla sincope, sui disturbi del sistema nervoso autonomo, sui danni alle fibre nervose periferiche e sulla diagnostica elettrofisiologica.\n<\/div>\n\n<\/a>    <\/article>\n    <article class=\"bde-loop-item ee-post\">\n        <a class=\"bde-container-link-278-100-2325-278-1 bde-container-link bde-container-link-278-100 breakdance-link\" href=\"https:\/\/md-medicina.si\/it\/zdravnik\/doc-dr-simona-kirbis-dr-med\/\" target=\"_self\" data-type=\"url\">\n  \n  \n\t\n\n\n\n<img decoding=\"async\" class=\"bde-image2-278-101-2325-278-1 bde-image2 bde-image2-278-101\" src=\"https:\/\/md-medicina.si\/wp-content\/uploads\/2025\/07\/doc.dr_.-Simona-Kirbis-dr.med_.webp\" loading=\"lazy\" srcset=\"https:\/\/md-medicina.si\/wp-content\/uploads\/2025\/07\/doc.dr_.-Simona-Kirbis-dr.med_.webp 800w, https:\/\/md-medicina.si\/wp-content\/uploads\/2025\/07\/doc.dr_.-Simona-Kirbis-dr.med_-240x300.webp 240w, https:\/\/md-medicina.si\/wp-content\/uploads\/2025\/07\/doc.dr_.-Simona-Kirbis-dr.med_-768x960.webp 768w, https:\/\/md-medicina.si\/wp-content\/uploads\/2025\/07\/doc.dr_.-Simona-Kirbis-dr.med_-10x12.webp 10w\" sizes=\"(max-width: 800px) 100vw, 800px\"><div class=\"bde-text-278-102-2325-278-1 bde-text bde-text-278-102\">\ndoc.dr. Simona Kirbi\u0161, dr.med\n<\/div><div class=\"bde-text-278-103-2325-278-1 bde-text bde-text-278-103\">\nspecialista in medicina interna\n<\/div><div class=\"bde-text-278-104-2325-278-1 bde-text bde-text-278-104\">\nSi occupa della diagnosi, cura e monitoraggio delle malattie cardiovascolari.\n<\/div>\n\n<\/a>    <\/article>\n    <article class=\"bde-loop-item ee-post\">\n        <a class=\"bde-container-link-278-100-729-278-1 bde-container-link bde-container-link-278-100 breakdance-link\" href=\"https:\/\/md-medicina.si\/it\/zdravnik\/prof-dr-andrej-kmetec-dr-med\/\" target=\"_self\" data-type=\"url\">\n  \n  \n\t\n\n\n\n<img decoding=\"async\" class=\"bde-image2-278-101-729-278-1 bde-image2 bde-image2-278-101\" src=\"https:\/\/md-medicina.si\/wp-content\/uploads\/2025\/05\/prof.-dr.-Andrej-Kmetec-dr.-med.webp\" loading=\"lazy\" srcset=\"https:\/\/md-medicina.si\/wp-content\/uploads\/2025\/05\/prof.-dr.-Andrej-Kmetec-dr.-med.webp 800w, https:\/\/md-medicina.si\/wp-content\/uploads\/2025\/05\/prof.-dr.-Andrej-Kmetec-dr.-med-240x300.webp 240w, https:\/\/md-medicina.si\/wp-content\/uploads\/2025\/05\/prof.-dr.-Andrej-Kmetec-dr.-med-768x960.webp 768w\" sizes=\"(max-width: 800px) 100vw, 800px\"><div class=\"bde-text-278-102-729-278-1 bde-text bde-text-278-102\">\nProf. Dott. Andrej Kmetec, Dott. med.\n<\/div><div class=\"bde-text-278-103-729-278-1 bde-text bde-text-278-103\">\nspecialista in urologia\n<\/div><div class=\"bde-text-278-104-729-278-1 bde-text bde-text-278-104\">\nSi occupa del trattamento completo dei problemi del tratto urinario.\n<\/div>\n\n<\/a>    <\/article>\n    <article class=\"bde-loop-item ee-post\">\n        <a class=\"bde-container-link-278-100-2182-278-1 bde-container-link bde-container-link-278-100 breakdance-link\" href=\"https:\/\/md-medicina.si\/it\/zdravnik\/mojca-knez-dr-med-dr-dent-med-spec-maksilofacialne-in-oralne-kirurgije\/\" target=\"_self\" data-type=\"url\">\n  \n  \n\t\n\n\n\n<img decoding=\"async\" class=\"bde-image2-278-101-2182-278-1 bde-image2 bde-image2-278-101\" src=\"https:\/\/md-medicina.si\/wp-content\/uploads\/2025\/07\/Mojca-Knezdr.meddr_.dent_.med_.-.webp\" loading=\"lazy\" srcset=\"https:\/\/md-medicina.si\/wp-content\/uploads\/2025\/07\/Mojca-Knezdr.meddr_.dent_.med_.-.webp 800w, https:\/\/md-medicina.si\/wp-content\/uploads\/2025\/07\/Mojca-Knezdr.meddr_.dent_.med_.--240x300.webp 240w, https:\/\/md-medicina.si\/wp-content\/uploads\/2025\/07\/Mojca-Knezdr.meddr_.dent_.med_.--768x960.webp 768w, https:\/\/md-medicina.si\/wp-content\/uploads\/2025\/07\/Mojca-Knezdr.meddr_.dent_.med_.--10x12.webp 10w\" sizes=\"(max-width: 800px) 100vw, 800px\"><div class=\"bde-text-278-102-2182-278-1 bde-text bde-text-278-102\">\nMojca Knez, dr.med., dr.dent. med.\n<\/div><div class=\"bde-text-278-103-2182-278-1 bde-text bde-text-278-103\">\nspecialista in chirurgia maxillo-facciale e orale\n<\/div><div class=\"bde-text-278-104-2182-278-1 bde-text bde-text-278-104\">\nEsegue visite specialistiche e l\u2019intera gamma di interventi: dalla chirurgia orale semplice e complessa e implantologia fino agli interventi ortognatici.\n<\/div>\n\n<\/a>    <\/article>\n    <article class=\"bde-loop-item ee-post\">\n        <a class=\"bde-container-link-278-100-761-278-1 bde-container-link bde-container-link-278-100 breakdance-link\" href=\"https:\/\/md-medicina.si\/it\/zdravnik\/mile-knezevic-dr-med\/\" target=\"_self\" data-type=\"url\">\n  \n  \n\t\n\n\n\n<img decoding=\"async\" class=\"bde-image2-278-101-761-278-1 bde-image2 bde-image2-278-101\" src=\"https:\/\/md-medicina.si\/wp-content\/uploads\/2025\/05\/mile-knezevic-dr.med2_.webp\" loading=\"lazy\" srcset=\"https:\/\/md-medicina.si\/wp-content\/uploads\/2025\/05\/mile-knezevic-dr.med2_.webp 800w, https:\/\/md-medicina.si\/wp-content\/uploads\/2025\/05\/mile-knezevic-dr.med2_-240x300.webp 240w, https:\/\/md-medicina.si\/wp-content\/uploads\/2025\/05\/mile-knezevic-dr.med2_-768x960.webp 768w, https:\/\/md-medicina.si\/wp-content\/uploads\/2025\/05\/mile-knezevic-dr.med2_-10x12.webp 10w\" sizes=\"(max-width: 800px) 100vw, 800px\"><div class=\"bde-text-278-102-761-278-1 bde-text bde-text-278-102\">\nDott. Mile Kne\u017eevi\u0107, Dott. med.\n<\/div><div class=\"bde-text-278-103-761-278-1 bde-text bde-text-278-103\">\nspecialista in anestesiologia, rianimazione e terapia intensiva perioperatoria\n<\/div><div class=\"bde-text-278-104-761-278-1 bde-text bde-text-278-104\">\n\u00c8 profondamente interessato all&#039;anestesia regionale e ai blocchi dei nervi periferici ecoguidati.\n<\/div>\n\n<\/a>    <\/article>\n    <article class=\"bde-loop-item ee-post\">\n        <a class=\"bde-container-link-278-100-748-278-1 bde-container-link bde-container-link-278-100 breakdance-link\" href=\"https:\/\/md-medicina.si\/it\/zdravnik\/snezana-kocijancic-dr-med\/\" target=\"_self\" data-type=\"url\">\n  \n  \n\t\n\n\n\n<img decoding=\"async\" class=\"bde-image2-278-101-748-278-1 bde-image2 bde-image2-278-101\" src=\"https:\/\/md-medicina.si\/wp-content\/uploads\/2025\/05\/Snezana-Kocijancic-dr.-med.webp\" loading=\"lazy\" srcset=\"https:\/\/md-medicina.si\/wp-content\/uploads\/2025\/05\/Snezana-Kocijancic-dr.-med.webp 800w, https:\/\/md-medicina.si\/wp-content\/uploads\/2025\/05\/Snezana-Kocijancic-dr.-med-240x300.webp 240w, https:\/\/md-medicina.si\/wp-content\/uploads\/2025\/05\/Snezana-Kocijancic-dr.-med-768x960.webp 768w\" sizes=\"(max-width: 800px) 100vw, 800px\"><div class=\"bde-text-278-102-748-278-1 bde-text bde-text-278-102\">\nDott.ssa Sne\u017eana Kocijan\u010di\u010d, Dott. med.\n<\/div><div class=\"bde-text-278-103-748-278-1 bde-text bde-text-278-103\">\nspecialista in medicina generale\n<\/div><div class=\"bde-text-278-104-748-278-1 bde-text bde-text-278-104\">\nSpecializzato in medicina generale, con molti anni di esperienza nell&#039;insegnamento e il titolo di santo.\r\n\r\n\r\n\r\n\r\n\r\n\r\n\r\n\n<\/div>\n\n<\/a>    <\/article>\n    <article class=\"bde-loop-item ee-post\">\n        <a class=\"bde-container-link-278-100-742-278-1 bde-container-link bde-container-link-278-100 breakdance-link\" href=\"https:\/\/md-medicina.si\/it\/zdravnik\/dr-robert-kosak-dr-med\/\" target=\"_self\" data-type=\"url\">\n  \n  \n\t\n\n\n\n<img decoding=\"async\" class=\"bde-image2-278-101-742-278-1 bde-image2 bde-image2-278-101\" src=\"https:\/\/md-medicina.si\/wp-content\/uploads\/2025\/05\/dr.-Robert-Kosak-dr.med_.webp\" loading=\"lazy\" srcset=\"https:\/\/md-medicina.si\/wp-content\/uploads\/2025\/05\/dr.-Robert-Kosak-dr.med_.webp 800w, https:\/\/md-medicina.si\/wp-content\/uploads\/2025\/05\/dr.-Robert-Kosak-dr.med_-240x300.webp 240w, https:\/\/md-medicina.si\/wp-content\/uploads\/2025\/05\/dr.-Robert-Kosak-dr.med_-768x960.webp 768w\" sizes=\"(max-width: 800px) 100vw, 800px\"><div class=\"bde-text-278-102-742-278-1 bde-text bde-text-278-102\">\nDott. Robert Ko\u0161ak, Dott. med.\n<\/div><div class=\"bde-text-278-103-742-278-1 bde-text bde-text-278-103\">\nspecialista in chirurgia ortopedica\n<\/div><div class=\"bde-text-278-104-742-278-1 bde-text bde-text-278-104\">\n\u00c8 specializzato principalmente nel campo della colonna vertebrale: esegue interventi chirurgici su tutta la colonna vertebrale, dalla cervicale, toracica e lombare.\n<\/div>\n\n<\/a>    <\/article>\n    <article class=\"bde-loop-item ee-post\">\n        <a class=\"bde-container-link-278-100-1759-278-1 bde-container-link bde-container-link-278-100 breakdance-link\" href=\"https:\/\/md-medicina.si\/it\/zdravnik\/1759\/\" target=\"_self\" data-type=\"url\">\n  \n  \n\t\n\n\n\n<img decoding=\"async\" class=\"bde-image2-278-101-1759-278-1 bde-image2 bde-image2-278-101\" src=\"https:\/\/md-medicina.si\/wp-content\/uploads\/2025\/05\/Anze-Kristan-1.webp\" loading=\"lazy\" srcset=\"https:\/\/md-medicina.si\/wp-content\/uploads\/2025\/05\/Anze-Kristan-1.webp 800w, https:\/\/md-medicina.si\/wp-content\/uploads\/2025\/05\/Anze-Kristan-1-240x300.webp 240w, https:\/\/md-medicina.si\/wp-content\/uploads\/2025\/05\/Anze-Kristan-1-768x960.webp 768w\" sizes=\"(max-width: 800px) 100vw, 800px\"><div class=\"bde-text-278-102-1759-278-1 bde-text bde-text-278-102\">\nProf. Dott. An\u017ee Kristan, Dott. med.\n<\/div><div class=\"bde-text-278-103-1759-278-1 bde-text bde-text-278-103\">\nspecialista in traumatologia\n<\/div><div class=\"bde-text-278-104-1759-278-1 bde-text bde-text-278-104\">\nSpecialista esperto in traumatologia e chirurgia generale con vasta esperienza a livello internazionale e un ruolo di primo piano nella formazione di specialisti chirurghi in Europa e Africa.\n<\/div>\n\n<\/a>    <\/article>\n    <article class=\"bde-loop-item ee-post\">\n        <a class=\"bde-container-link-278-100-743-278-1 bde-container-link bde-container-link-278-100 breakdance-link\" href=\"https:\/\/md-medicina.si\/it\/zdravnik\/asist-dr-david-martincic-dr-med\/\" target=\"_self\" data-type=\"url\">\n  \n  \n\t\n\n\n\n<img decoding=\"async\" class=\"bde-image2-278-101-743-278-1 bde-image2 bde-image2-278-101\" src=\"https:\/\/md-medicina.si\/wp-content\/uploads\/2025\/05\/asist.-dr.-David-Martincic-dr.-med.webp\" loading=\"lazy\" srcset=\"https:\/\/md-medicina.si\/wp-content\/uploads\/2025\/05\/asist.-dr.-David-Martincic-dr.-med.webp 800w, https:\/\/md-medicina.si\/wp-content\/uploads\/2025\/05\/asist.-dr.-David-Martincic-dr.-med-240x300.webp 240w, https:\/\/md-medicina.si\/wp-content\/uploads\/2025\/05\/asist.-dr.-David-Martincic-dr.-med-768x960.webp 768w\" sizes=\"(max-width: 800px) 100vw, 800px\"><div class=\"bde-text-278-102-743-278-1 bde-text bde-text-278-102\">\nAssistere. Dott. David Martin\u010di\u010d, Dott. med.\n<\/div><div class=\"bde-text-278-103-743-278-1 bde-text bde-text-278-103\">\nspecialista in chirurgia ortopedica\n<\/div><div class=\"bde-text-278-104-743-278-1 bde-text bde-text-278-104\">\nIl suo lavoro si concentra sull&#039;ortopedia sportiva e sulla chirurgia dei tumori ossei.\n<\/div>\n\n<\/a>    <\/article>\n    <article class=\"bde-loop-item ee-post\">\n        <a class=\"bde-container-link-278-100-722-278-1 bde-container-link bde-container-link-278-100 breakdance-link\" href=\"https:\/\/md-medicina.si\/it\/zdravnik\/asist-dr-bostjan-matos-dr-med\/\" target=\"_self\" data-type=\"url\">\n  \n  \n\t\n\n\n\n<img decoding=\"async\" class=\"bde-image2-278-101-722-278-1 bde-image2 bde-image2-278-101\" src=\"https:\/\/md-medicina.si\/wp-content\/uploads\/2025\/05\/dr.-Bostjan-Matos-dr.-med.webp\" loading=\"lazy\" srcset=\"https:\/\/md-medicina.si\/wp-content\/uploads\/2025\/05\/dr.-Bostjan-Matos-dr.-med.webp 800w, https:\/\/md-medicina.si\/wp-content\/uploads\/2025\/05\/dr.-Bostjan-Matos-dr.-med-240x300.webp 240w, https:\/\/md-medicina.si\/wp-content\/uploads\/2025\/05\/dr.-Bostjan-Matos-dr.-med-768x960.webp 768w\" sizes=\"(max-width: 800px) 100vw, 800px\"><div class=\"bde-text-278-102-722-278-1 bde-text bde-text-278-102\">\nAssistere. Dott. Bo\u0161tjan Matos, Dott. med.\n<\/div><div class=\"bde-text-278-103-722-278-1 bde-text bde-text-278-103\">\nspecialista in neurochirurgia\n<\/div><div class=\"bde-text-278-104-722-278-1 bde-text bde-text-278-104\">\nSi occupa principalmente dei processi patologici del cervello e del midollo spinale, nonch\u00e9 dei processi correlati al dolore nella colonna lombare e cervicale.\n<\/div>\n\n<\/a>    <\/article>\n    <article class=\"bde-loop-item ee-post\">\n        <a class=\"bde-container-link-278-100-744-278-1 bde-container-link bde-container-link-278-100 breakdance-link\" href=\"https:\/\/md-medicina.si\/it\/zdravnik\/doc-dr-uros-meglic-dr-med\/\" target=\"_self\" data-type=\"url\">\n  \n  \n\t\n\n\n\n<img decoding=\"async\" class=\"bde-image2-278-101-744-278-1 bde-image2 bde-image2-278-101\" src=\"https:\/\/md-medicina.si\/wp-content\/uploads\/2025\/05\/doc.dr_.-Uros-Meglic-dr.-med.webp\" loading=\"lazy\" srcset=\"https:\/\/md-medicina.si\/wp-content\/uploads\/2025\/05\/doc.dr_.-Uros-Meglic-dr.-med.webp 800w, https:\/\/md-medicina.si\/wp-content\/uploads\/2025\/05\/doc.dr_.-Uros-Meglic-dr.-med-240x300.webp 240w, https:\/\/md-medicina.si\/wp-content\/uploads\/2025\/05\/doc.dr_.-Uros-Meglic-dr.-med-768x960.webp 768w\" sizes=\"(max-width: 800px) 100vw, 800px\"><div class=\"bde-text-278-102-744-278-1 bde-text bde-text-278-102\">\nProf. Assist. Uro\u0161 Megli\u010d, Dott. med., PhD\n<\/div><div class=\"bde-text-278-103-744-278-1 bde-text bde-text-278-103\">\nspecialista in chirurgia ortopedica\n<\/div><div class=\"bde-text-278-104-744-278-1 bde-text bde-text-278-104\">\nSi concentra sul trattamento di lesioni e patologie delle articolazioni della spalla e del gomito.\n<\/div>\n\n<\/a>    <\/article>\n    <article class=\"bde-loop-item ee-post\">\n        <a class=\"bde-container-link-278-100-2207-278-1 bde-container-link bde-container-link-278-100 breakdance-link\" href=\"https:\/\/md-medicina.si\/it\/zdravnik\/maja-merkun-dr-med\/\" target=\"_self\" data-type=\"url\">\n  \n  \n\t\n\n\n\n<img decoding=\"async\" class=\"bde-image2-278-101-2207-278-1 bde-image2 bde-image2-278-101\" src=\"https:\/\/md-medicina.si\/wp-content\/uploads\/2025\/07\/Mateja-Lasic.webp\" loading=\"lazy\" srcset=\"https:\/\/md-medicina.si\/wp-content\/uploads\/2025\/07\/Mateja-Lasic.webp 800w, https:\/\/md-medicina.si\/wp-content\/uploads\/2025\/07\/Mateja-Lasic-240x300.webp 240w, https:\/\/md-medicina.si\/wp-content\/uploads\/2025\/07\/Mateja-Lasic-768x960.webp 768w, https:\/\/md-medicina.si\/wp-content\/uploads\/2025\/07\/Mateja-Lasic-10x12.webp 10w\" sizes=\"(max-width: 800px) 100vw, 800px\"><div class=\"bde-text-278-102-2207-278-1 bde-text bde-text-278-102\">\nMaja Merkun, dr.med.\n<\/div><div class=\"bde-text-278-103-2207-278-1 bde-text bde-text-278-103\">\nspecialista in ginecologia e ostetricia\n<\/div><div class=\"bde-text-278-104-2207-278-1 bde-text bde-text-278-104\">\nVodja dejavnosti ginekologije in porodni\u0161tva v MD medicina. Izvaja specialisti\u010dne preglede in \u0161irok nabor ginekolo\u0161kih posegov z osredoto\u010denostjo na celostnem, posameznici prilagojenem pristopu.\n<\/div>\n\n<\/a>    <\/article>\n    <article class=\"bde-loop-item ee-post\">\n        <a class=\"bde-container-link-278-100-749-278-1 bde-container-link bde-container-link-278-100 breakdance-link\" href=\"https:\/\/md-medicina.si\/it\/zdravnik\/miha-muzic-dr-med\/\" target=\"_self\" data-type=\"url\">\n  \n  \n\t\n\n\n\n<img decoding=\"async\" class=\"bde-image2-278-101-749-278-1 bde-image2 bde-image2-278-101\" src=\"https:\/\/md-medicina.si\/wp-content\/uploads\/2025\/05\/Miha-Muzic-dr.-med.webp\" loading=\"lazy\" srcset=\"https:\/\/md-medicina.si\/wp-content\/uploads\/2025\/05\/Miha-Muzic-dr.-med.webp 800w, https:\/\/md-medicina.si\/wp-content\/uploads\/2025\/05\/Miha-Muzic-dr.-med-240x300.webp 240w, https:\/\/md-medicina.si\/wp-content\/uploads\/2025\/05\/Miha-Muzic-dr.-med-768x960.webp 768w\" sizes=\"(max-width: 800px) 100vw, 800px\"><div class=\"bde-text-278-102-749-278-1 bde-text bde-text-278-102\">\nMiha Mu\u017ei\u010d, dr. med.\n<\/div><div class=\"bde-text-278-103-749-278-1 bde-text bde-text-278-103\">\nspecialist dru\u017einske medicine\n<\/div><div class=\"bde-text-278-104-749-278-1 bde-text bde-text-278-104\">\nSpecializiran za dru\u017einsko medicino z dodatnim znanjem iz interne medicine, dermatologije in urgentne diagnostike.\r\n\r\n\r\n\r\n\r\n\r\n\r\n\n<\/div>\n\n<\/a>    <\/article>\n    <article class=\"bde-loop-item ee-post\">\n        <a class=\"bde-container-link-278-100-755-278-1 bde-container-link bde-container-link-278-100 breakdance-link\" href=\"https:\/\/md-medicina.si\/it\/zdravnik\/prof-dr-zvezdan-pirtosek-dr-med\/\" target=\"_self\" data-type=\"url\">\n  \n  \n\t\n\n\n\n<img decoding=\"async\" class=\"bde-image2-278-101-755-278-1 bde-image2 bde-image2-278-101\" src=\"https:\/\/md-medicina.si\/wp-content\/uploads\/2025\/05\/prof.-dr.-Zvezdan-Pirtosek-dr.-med.webp\" loading=\"lazy\" srcset=\"https:\/\/md-medicina.si\/wp-content\/uploads\/2025\/05\/prof.-dr.-Zvezdan-Pirtosek-dr.-med.webp 800w, https:\/\/md-medicina.si\/wp-content\/uploads\/2025\/05\/prof.-dr.-Zvezdan-Pirtosek-dr.-med-240x300.webp 240w, https:\/\/md-medicina.si\/wp-content\/uploads\/2025\/05\/prof.-dr.-Zvezdan-Pirtosek-dr.-med-768x960.webp 768w\" sizes=\"(max-width: 800px) 100vw, 800px\"><div class=\"bde-text-278-102-755-278-1 bde-text bde-text-278-102\">\nProf. Dott. Zvezdan Pirto\u0161ek, Dott. med.\n<\/div><div class=\"bde-text-278-103-755-278-1 bde-text bde-text-278-103\">\nspecialista in neurologia\n<\/div><div class=\"bde-text-278-104-755-278-1 bde-text bde-text-278-104\">\nSi occupa principalmente di malattie neurodegenerative come il Parkinson e l&#039;Alzheimer.\n<\/div>\n\n<\/a>    <\/article>\n    <article class=\"bde-loop-item ee-post\">\n        <a class=\"bde-container-link-278-100-736-278-1 bde-container-link bde-container-link-278-100 breakdance-link\" href=\"https:\/\/md-medicina.si\/it\/zdravnik\/doc-dr-domen-plut-dr-med\/\" target=\"_self\" data-type=\"url\">\n  \n  \n\t\n\n\n\n<img decoding=\"async\" class=\"bde-image2-278-101-736-278-1 bde-image2 bde-image2-278-101\" src=\"https:\/\/md-medicina.si\/wp-content\/uploads\/2025\/05\/doc.-dr.-Domen-Plut-dr.-med.webp\" loading=\"lazy\" srcset=\"https:\/\/md-medicina.si\/wp-content\/uploads\/2025\/05\/doc.-dr.-Domen-Plut-dr.-med.webp 800w, https:\/\/md-medicina.si\/wp-content\/uploads\/2025\/05\/doc.-dr.-Domen-Plut-dr.-med-240x300.webp 240w, https:\/\/md-medicina.si\/wp-content\/uploads\/2025\/05\/doc.-dr.-Domen-Plut-dr.-med-768x960.webp 768w\" sizes=\"(max-width: 800px) 100vw, 800px\"><div class=\"bde-text-278-102-736-278-1 bde-text bde-text-278-102\">\nDott. Domen Plut, dott. med.\n<\/div><div class=\"bde-text-278-103-736-278-1 bde-text bde-text-278-103\">\nspecialista in radiologia\n<\/div><div class=\"bde-text-278-104-736-278-1 bde-text bde-text-278-104\">\nEsegue principalmente ecografie su bambini e adulti.\n<\/div>\n\n<\/a>    <\/article>\n    <article class=\"bde-loop-item ee-post\">\n        <a class=\"bde-container-link-278-100-737-278-1 bde-container-link bde-container-link-278-100 breakdance-link\" href=\"https:\/\/md-medicina.si\/it\/zdravnik\/asist-peter-slak-dr-med\/\" target=\"_self\" data-type=\"url\">\n  \n  \n\t\n\n\n\n<img decoding=\"async\" class=\"bde-image2-278-101-737-278-1 bde-image2 bde-image2-278-101\" src=\"https:\/\/md-medicina.si\/wp-content\/uploads\/2025\/05\/asist.-Peter-Slak-dr.-med.webp\" loading=\"lazy\" srcset=\"https:\/\/md-medicina.si\/wp-content\/uploads\/2025\/05\/asist.-Peter-Slak-dr.-med.webp 800w, https:\/\/md-medicina.si\/wp-content\/uploads\/2025\/05\/asist.-Peter-Slak-dr.-med-240x300.webp 240w, https:\/\/md-medicina.si\/wp-content\/uploads\/2025\/05\/asist.-Peter-Slak-dr.-med-768x960.webp 768w\" sizes=\"(max-width: 800px) 100vw, 800px\"><div class=\"bde-text-278-102-737-278-1 bde-text bde-text-278-102\">\nAssist. Peter Slak, Dott. med.\n<\/div><div class=\"bde-text-278-103-737-278-1 bde-text bde-text-278-103\">\nspecialista in radiologia\n<\/div><div class=\"bde-text-278-104-737-278-1 bde-text bde-text-278-104\">\nEsegue ecografie dell&#039;addome, delle vie urinarie, dei tessuti molli e degli organi cervicali su persone di tutte le et\u00e0.\n<\/div>\n\n<\/a>    <\/article>\n    <article class=\"bde-loop-item ee-post\">\n        <a class=\"bde-container-link-278-100-745-278-1 bde-container-link bde-container-link-278-100 breakdance-link\" href=\"https:\/\/md-medicina.si\/it\/zdravnik\/asist-dr-tanja-slokar-dr-med\/\" target=\"_self\" data-type=\"url\">\n  \n  \n\t\n\n\n\n<img decoding=\"async\" class=\"bde-image2-278-101-745-278-1 bde-image2 bde-image2-278-101\" src=\"https:\/\/md-medicina.si\/wp-content\/uploads\/2025\/05\/asist.-dr.-Tanja-Slokar-dr.-med.webp\" loading=\"lazy\" srcset=\"https:\/\/md-medicina.si\/wp-content\/uploads\/2025\/05\/asist.-dr.-Tanja-Slokar-dr.-med.webp 800w, https:\/\/md-medicina.si\/wp-content\/uploads\/2025\/05\/asist.-dr.-Tanja-Slokar-dr.-med-240x300.webp 240w, https:\/\/md-medicina.si\/wp-content\/uploads\/2025\/05\/asist.-dr.-Tanja-Slokar-dr.-med-768x960.webp 768w\" sizes=\"(max-width: 800px) 100vw, 800px\"><div class=\"bde-text-278-102-745-278-1 bde-text bde-text-278-102\">\nAssistere. Dott.ssa Tanja Slokar, Dott.ssa med.\n<\/div><div class=\"bde-text-278-103-745-278-1 bde-text bde-text-278-103\">\nspecialista in chirurgia ortopedica\n<\/div><div class=\"bde-text-278-104-745-278-1 bde-text bde-text-278-104\">\nSi occupa di patologia ortopedica generale e varia, con particolare attenzione alla patologia del piede e del ginocchio sia nell&#039;adulto che nel bambino.\n<\/div>\n\n<\/a>    <\/article>\n    <article class=\"bde-loop-item ee-post\">\n        <a class=\"bde-container-link-278-100-1386-278-1 bde-container-link bde-container-link-278-100 breakdance-link\" href=\"https:\/\/md-medicina.si\/it\/zdravnik\/izr-prof-klemen-strazar-dr-med\/\" target=\"_self\" data-type=\"url\">\n  \n  \n\t\n\n\n\n<img decoding=\"async\" class=\"bde-image2-278-101-1386-278-1 bde-image2 bde-image2-278-101\" src=\"https:\/\/md-medicina.si\/wp-content\/uploads\/2025\/05\/izr.-prof.-Klemen-Strazar-dr.-med.webp\" loading=\"lazy\" srcset=\"https:\/\/md-medicina.si\/wp-content\/uploads\/2025\/05\/izr.-prof.-Klemen-Strazar-dr.-med.webp 800w, https:\/\/md-medicina.si\/wp-content\/uploads\/2025\/05\/izr.-prof.-Klemen-Strazar-dr.-med-240x300.webp 240w, https:\/\/md-medicina.si\/wp-content\/uploads\/2025\/05\/izr.-prof.-Klemen-Strazar-dr.-med-768x960.webp 768w\" sizes=\"(max-width: 800px) 100vw, 800px\"><div class=\"bde-text-278-102-1386-278-1 bde-text bde-text-278-102\">\nAss. Prof. Klemen Stra\u017ear, Dott. med., PhD\n<\/div><div class=\"bde-text-278-103-1386-278-1 bde-text bde-text-278-103\">\nspecialista in chirurgia ortopedica\n<\/div><div class=\"bde-text-278-104-1386-278-1 bde-text bde-text-278-104\">\nSpecialista esperto in chirurgia ortopedica che ha affinato le sue competenze presso prestigiose cliniche in tutto il mondo.\n<\/div>\n\n<\/a>    <\/article>\n    <article class=\"bde-loop-item ee-post\">\n        <a class=\"bde-container-link-278-100-728-278-1 bde-container-link bde-container-link-278-100 breakdance-link\" href=\"https:\/\/md-medicina.si\/it\/zdravnik\/asist-dr-lovro-suhodolcan-dr-med\/\" target=\"_self\" data-type=\"url\">\n  \n  \n\t\n\n\n\n<img decoding=\"async\" class=\"bde-image2-278-101-728-278-1 bde-image2 bde-image2-278-101\" src=\"https:\/\/md-medicina.si\/wp-content\/uploads\/2025\/05\/asist.-dr.-Lovro-Suhodolcan-dr.-med.webp\" loading=\"lazy\" srcset=\"https:\/\/md-medicina.si\/wp-content\/uploads\/2025\/05\/asist.-dr.-Lovro-Suhodolcan-dr.-med.webp 800w, https:\/\/md-medicina.si\/wp-content\/uploads\/2025\/05\/asist.-dr.-Lovro-Suhodolcan-dr.-med-240x300.webp 240w, https:\/\/md-medicina.si\/wp-content\/uploads\/2025\/05\/asist.-dr.-Lovro-Suhodolcan-dr.-med-768x960.webp 768w\" sizes=\"(max-width: 800px) 100vw, 800px\"><div class=\"bde-text-278-102-728-278-1 bde-text bde-text-278-102\">\nAssistere. Dott. Lovro Suhodol\u010dan, Dott. med.\n<\/div><div class=\"bde-text-278-103-728-278-1 bde-text bde-text-278-103\">\nspecialista in chirurgia ortopedica\n<\/div><div class=\"bde-text-278-104-728-278-1 bde-text bde-text-278-104\">\nSi occupa del trattamento completo delle patologie della colonna vertebrale, compresa la chirurgia dei tumori e delle deformit\u00e0.\n<\/div>\n\n<\/a>    <\/article>\n    <article class=\"bde-loop-item ee-post\">\n        <a class=\"bde-container-link-278-100-723-278-1 bde-container-link bde-container-link-278-100 breakdance-link\" href=\"https:\/\/md-medicina.si\/it\/zdravnik\/asist-dr-janez-toplisek-dr-med\/\" target=\"_self\" data-type=\"url\">\n  \n  \n\t\n\n\n\n<img decoding=\"async\" class=\"bde-image2-278-101-723-278-1 bde-image2 bde-image2-278-101\" src=\"https:\/\/md-medicina.si\/wp-content\/uploads\/2025\/05\/asist.-dr.-Janez-Toplisek-dr.-med.webp\" loading=\"lazy\" srcset=\"https:\/\/md-medicina.si\/wp-content\/uploads\/2025\/05\/asist.-dr.-Janez-Toplisek-dr.-med.webp 800w, https:\/\/md-medicina.si\/wp-content\/uploads\/2025\/05\/asist.-dr.-Janez-Toplisek-dr.-med-240x300.webp 240w, https:\/\/md-medicina.si\/wp-content\/uploads\/2025\/05\/asist.-dr.-Janez-Toplisek-dr.-med-768x960.webp 768w\" sizes=\"(max-width: 800px) 100vw, 800px\"><div class=\"bde-text-278-102-723-278-1 bde-text bde-text-278-102\">\nAssistere. Dott. Janez Topli\u0161ek, Dott. med.\n<\/div><div class=\"bde-text-278-103-723-278-1 bde-text bde-text-278-103\">\nspecialista in medicina interna, cardiologia e medicina vascolare\n<\/div><div class=\"bde-text-278-104-723-278-1 bde-text bde-text-278-104\">\nSi occupa principalmente di problemi legati al sistema cardiovascolare.\n<\/div>\n\n<\/a>    <\/article>\n    <article class=\"bde-loop-item ee-post\">\n        <a class=\"bde-container-link-278-100-753-278-1 bde-container-link bde-container-link-278-100 breakdance-link\" href=\"https:\/\/md-medicina.si\/it\/zdravnik\/dasa-zugwitz-dr-med\/\" target=\"_self\" data-type=\"url\">\n  \n  \n\t\n\n\n\n<img decoding=\"async\" class=\"bde-image2-278-101-753-278-1 bde-image2 bde-image2-278-101\" src=\"https:\/\/md-medicina.si\/wp-content\/uploads\/2025\/05\/Dasa-Zugwitz-dr.-med.webp\" loading=\"lazy\" srcset=\"https:\/\/md-medicina.si\/wp-content\/uploads\/2025\/05\/Dasa-Zugwitz-dr.-med.webp 800w, https:\/\/md-medicina.si\/wp-content\/uploads\/2025\/05\/Dasa-Zugwitz-dr.-med-240x300.webp 240w, https:\/\/md-medicina.si\/wp-content\/uploads\/2025\/05\/Dasa-Zugwitz-dr.-med-768x960.webp 768w\" sizes=\"(max-width: 800px) 100vw, 800px\"><div class=\"bde-text-278-102-753-278-1 bde-text bde-text-278-102\">\nDott. Da\u0161a Zugwitz, Dott. med.\n<\/div><div class=\"bde-text-278-103-753-278-1 bde-text bde-text-278-103\">\nspecialista in cardiologia e medicina vascolare\n<\/div><div class=\"bde-text-278-104-753-278-1 bde-text bde-text-278-104\">\nSpecializzato in imaging cardiaco con certificazioni internazionali e competenze di ricerca nel campo della cardiologia.\n<\/div>\n\n<\/a>    <\/article>\n    <article class=\"bde-loop-item ee-post\">\n        <a class=\"bde-container-link-278-100-726-278-1 bde-container-link bde-container-link-278-100 breakdance-link\" href=\"https:\/\/md-medicina.si\/it\/zdravnik\/asist-dr-nik-zlak-dr-med\/\" target=\"_self\" data-type=\"url\">\n  \n  \n\t\n\n\n\n<img decoding=\"async\" class=\"bde-image2-278-101-726-278-1 bde-image2 bde-image2-278-101\" src=\"https:\/\/md-medicina.si\/wp-content\/uploads\/2025\/05\/asist.-dr.-Nik-Zlak-dr.-med.webp\" loading=\"lazy\" srcset=\"https:\/\/md-medicina.si\/wp-content\/uploads\/2025\/05\/asist.-dr.-Nik-Zlak-dr.-med.webp 800w, https:\/\/md-medicina.si\/wp-content\/uploads\/2025\/05\/asist.-dr.-Nik-Zlak-dr.-med-240x300.webp 240w, https:\/\/md-medicina.si\/wp-content\/uploads\/2025\/05\/asist.-dr.-Nik-Zlak-dr.-med-768x960.webp 768w\" sizes=\"(max-width: 800px) 100vw, 800px\"><div class=\"bde-text-278-102-726-278-1 bde-text bde-text-278-102\">\nProf. Assist. Nik \u017dlak, Dott. med.\n<\/div><div class=\"bde-text-278-103-726-278-1 bde-text bde-text-278-103\">\nspecialista in chirurgia ortopedica\n<\/div><div class=\"bde-text-278-104-726-278-1 bde-text bde-text-278-104\">\nSi occupa di patologia sportiva e di interventi ricostruttivi su ginocchio, caviglia e spalla, di ortopedia rigenerativa e di patologia del piede.\n<\/div>\n\n<\/a>    <\/article>\n    <article class=\"bde-loop-item ee-post\">\n        <a class=\"bde-container-link-278-100-738-278-1 bde-container-link bde-container-link-278-100 breakdance-link\" href=\"https:\/\/md-medicina.si\/it\/zdravnik\/izr-prof-dr-janez-brecelj-dr-med\/\" target=\"_self\" data-type=\"url\">\n  \n  \n\t\n\n\n\n<img decoding=\"async\" class=\"bde-image2-278-101-738-278-1 bde-image2 bde-image2-278-101\" src=\"https:\/\/md-medicina.si\/wp-content\/uploads\/2025\/05\/Foto-Zupan-scaled.jpg\" loading=\"lazy\" srcset=\"https:\/\/md-medicina.si\/wp-content\/uploads\/2025\/05\/Foto-Zupan-scaled.jpg 1707w, https:\/\/md-medicina.si\/wp-content\/uploads\/2025\/05\/Foto-Zupan-200x300.jpg 200w, https:\/\/md-medicina.si\/wp-content\/uploads\/2025\/05\/Foto-Zupan-683x1024.jpg 683w, https:\/\/md-medicina.si\/wp-content\/uploads\/2025\/05\/Foto-Zupan-768x1152.jpg 768w, https:\/\/md-medicina.si\/wp-content\/uploads\/2025\/05\/Foto-Zupan-1024x1536.jpg 1024w, https:\/\/md-medicina.si\/wp-content\/uploads\/2025\/05\/Foto-Zupan-1365x2048.jpg 1365w, https:\/\/md-medicina.si\/wp-content\/uploads\/2025\/05\/Foto-Zupan-8x12.jpg 8w\" sizes=\"(max-width: 1707px) 100vw, 1707px\"><div class=\"bde-text-278-102-738-278-1 bde-text bde-text-278-102\">\nprof. dr. Oskar Zupanc, dr. med.\n<\/div><div class=\"bde-text-278-103-738-278-1 bde-text bde-text-278-103\">\nspecialista in chirurgia ortopedica\n<\/div><div class=\"bde-text-278-104-738-278-1 bde-text bde-text-278-104\">\nPri svojem delu se ukvarja s \u0161portno patologijo. Osredoto\u010da se predvsem na zdravljenje ramen, komolca in kolen.\n<\/div>\n\n<\/a>    <\/article>\n<\/div>\r\n<\/div><\/div>\n<\/section><section class=\"bde-section-382-164 bde-section\">\n              \n  \n  \n\t\n\n\n\n<div class=\"section-container\"><h2 class=\"bde-heading-382-165 bde-heading\">\nOpinioni dei clienti soddisfatti\n<\/h2><div class=\"bde-text-382-166 bde-text\">\nLe opinioni dei nostri pazienti testimoniano la fiducia, la professionalit\u00e0 e l&#039;approccio personale che mettiamo in pratica ogni giorno nel nostro lavoro.\n<\/div><div class=\"bde-globalblock-382-266 bde-globalblock\"><div class=\"bde-advancedslider-1251-138-1251-1 bde-advancedslider bde-advancedslider-1251-138\">\n<div class=\"breakdance-swiper-wrapper\" data-swiper-id=\"138\">\n  <div class=\"swiper\">\n    <div class=\"swiper-wrapper\">\n      <div class=\"bde-advancedslide-1251-146-1251-1 bde-advancedslide bde-advancedslide-1251-146 swiper-slide\"><div class=\"advanced-slider__slide\">\r\n  <div class=\"bde-div-1251-147-1251-1 bde-div bde-div-1251-147\">\n  \n  \n\t\n\n\n\n<div class=\"bde-star-rating-1251-148-1251-1 bde-star-rating bde-star-rating-1251-148\">\n\n\n\n  <div class='bde-star-rating__wrapper'>\n    <svg aria-hidden=\"true\" focusable=\"false\" data-prefix=\"fas\"  role=\"img\" xmlns=\"http:\/\/www.w3.org\/2000\/svg\" viewbox=\"0 0 576 512\" class=\"svg-inline--fa fa-star fa-w-18 fa-2x\"><path d=\"M259.3 17.8L194 150.2 47.9 171.5c-26.2 3.8-36.7 36.1-17.7 54.6l105.7 103-25 145.5c-4.5 26.3 23.2 46 46.4 33.7L288 439.6l130.7 68.7c23.2 12.2 50.9-7.4 46.4-33.7l-25-145.5 105.7-103c19-18.5 8.5-50.8-17.7-54.6L382 150.2 316.7 17.8c-11.7-23.6-45.6-23.9-57.4 0z\" class=\"\"><\/path><\/svg>\n    <svg aria-hidden=\"true\" focusable=\"false\" data-prefix=\"fas\"  role=\"img\" xmlns=\"http:\/\/www.w3.org\/2000\/svg\" viewbox=\"0 0 576 512\" class=\"svg-inline--fa fa-star fa-w-18 fa-2x\"><path d=\"M259.3 17.8L194 150.2 47.9 171.5c-26.2 3.8-36.7 36.1-17.7 54.6l105.7 103-25 145.5c-4.5 26.3 23.2 46 46.4 33.7L288 439.6l130.7 68.7c23.2 12.2 50.9-7.4 46.4-33.7l-25-145.5 105.7-103c19-18.5 8.5-50.8-17.7-54.6L382 150.2 316.7 17.8c-11.7-23.6-45.6-23.9-57.4 0z\" class=\"\"><\/path><\/svg>\n    <svg aria-hidden=\"true\" focusable=\"false\" data-prefix=\"fas\"  role=\"img\" xmlns=\"http:\/\/www.w3.org\/2000\/svg\" viewbox=\"0 0 576 512\" class=\"svg-inline--fa fa-star fa-w-18 fa-2x\"><path d=\"M259.3 17.8L194 150.2 47.9 171.5c-26.2 3.8-36.7 36.1-17.7 54.6l105.7 103-25 145.5c-4.5 26.3 23.2 46 46.4 33.7L288 439.6l130.7 68.7c23.2 12.2 50.9-7.4 46.4-33.7l-25-145.5 105.7-103c19-18.5 8.5-50.8-17.7-54.6L382 150.2 316.7 17.8c-11.7-23.6-45.6-23.9-57.4 0z\" class=\"\"><\/path><\/svg>\n    <svg aria-hidden=\"true\" focusable=\"false\" data-prefix=\"fas\"  role=\"img\" xmlns=\"http:\/\/www.w3.org\/2000\/svg\" viewbox=\"0 0 576 512\" class=\"svg-inline--fa fa-star fa-w-18 fa-2x\"><path d=\"M259.3 17.8L194 150.2 47.9 171.5c-26.2 3.8-36.7 36.1-17.7 54.6l105.7 103-25 145.5c-4.5 26.3 23.2 46 46.4 33.7L288 439.6l130.7 68.7c23.2 12.2 50.9-7.4 46.4-33.7l-25-145.5 105.7-103c19-18.5 8.5-50.8-17.7-54.6L382 150.2 316.7 17.8c-11.7-23.6-45.6-23.9-57.4 0z\" class=\"\"><\/path><\/svg>\n    <svg aria-hidden=\"true\" focusable=\"false\" data-prefix=\"fas\"  role=\"img\" xmlns=\"http:\/\/www.w3.org\/2000\/svg\" viewbox=\"0 0 576 512\" class=\"svg-inline--fa fa-star fa-w-18 fa-2x\"><path d=\"M259.3 17.8L194 150.2 47.9 171.5c-26.2 3.8-36.7 36.1-17.7 54.6l105.7 103-25 145.5c-4.5 26.3 23.2 46 46.4 33.7L288 439.6l130.7 68.7c23.2 12.2 50.9-7.4 46.4-33.7l-25-145.5 105.7-103c19-18.5 8.5-50.8-17.7-54.6L382 150.2 316.7 17.8c-11.7-23.6-45.6-23.9-57.4 0z\" class=\"\"><\/path><\/svg>\n  <\/div>\n\n\n\n<svg width=\"0\" height=\"0\">\n<lineargradient id=\"starhalf148\" x1=\"0\" x2=\"100%\" y1=\"0\" y2=\"0\">\n        <stop offset=\"0%\" stop-color=\"var(--bde-palette-color-2-9cf302e2-e388-4912-b6fe-f7cdeb9bf61b)\"><\/stop>\n \t\t<stop offset=\"0%\" stop-color=\"lightgrey\"><\/stop>\n<\/lineargradient>\n<\/svg>\n\n<\/div><div class=\"bde-text-1251-149-1251-1 bde-text bde-text-1251-149\">\nMD Medicina vanta uno staff cordiale e, soprattutto, professionale. Gli anestesisti si assicurano che vi sentiate davvero al sicuro. Il chirurgo vi fornisce tutte le informazioni e svolge il suo lavoro con professionalit\u00e0, prendendosi cura di voi fino alla dimissione e, naturalmente, anche dopo. Infermieri, fisioterapisti e altri operatori sanitari si assicurano che non vi sfugga nulla, anche se in quel momento non potete fare nulla. Professionalit\u00e0, cordialit\u00e0, familiarit\u00e0. Questo \u00e8 probabilmente tutto ci\u00f2 che noi pazienti desideriamo e meritiamo quando abbiamo bisogno di un intervento chirurgico. Ed \u00e8 cos\u00ec che mi sono sentito anch&#039;io, perch\u00e9 tutto, dalla preparazione all&#039;intervento, all&#039;intervento e alle cure postoperatorie, \u00e8 stato svolto in modo superbo. Grazie a tutta l&#039;\u00e9quipe e in bocca al lupo!\n<\/div>\n<\/div><div class=\"bde-div-1251-150-1251-1 bde-div bde-div-1251-150\">\n  \n  \n\t\n\n\n\n<div class=\"bde-text-1251-152-1251-1 bde-text bde-text-1251-152\">\nKatarina Sinkovec\n<\/div>\n<\/div>\r\n<\/div><\/div><div class=\"bde-advancedslide-1251-153-1251-1 bde-advancedslide bde-advancedslide-1251-153 swiper-slide\"><div class=\"advanced-slider__slide\">\r\n  <div class=\"bde-div-1251-154-1251-1 bde-div bde-div-1251-154\">\n  \n  \n\t\n\n\n\n<div class=\"bde-star-rating-1251-155-1251-1 bde-star-rating bde-star-rating-1251-155\">\n\n\n\n  <div class='bde-star-rating__wrapper'>\n    <svg aria-hidden=\"true\" focusable=\"false\" data-prefix=\"fas\"  role=\"img\" xmlns=\"http:\/\/www.w3.org\/2000\/svg\" viewbox=\"0 0 576 512\" class=\"svg-inline--fa fa-star fa-w-18 fa-2x\"><path d=\"M259.3 17.8L194 150.2 47.9 171.5c-26.2 3.8-36.7 36.1-17.7 54.6l105.7 103-25 145.5c-4.5 26.3 23.2 46 46.4 33.7L288 439.6l130.7 68.7c23.2 12.2 50.9-7.4 46.4-33.7l-25-145.5 105.7-103c19-18.5 8.5-50.8-17.7-54.6L382 150.2 316.7 17.8c-11.7-23.6-45.6-23.9-57.4 0z\" class=\"\"><\/path><\/svg>\n    <svg aria-hidden=\"true\" focusable=\"false\" data-prefix=\"fas\"  role=\"img\" xmlns=\"http:\/\/www.w3.org\/2000\/svg\" viewbox=\"0 0 576 512\" class=\"svg-inline--fa fa-star fa-w-18 fa-2x\"><path d=\"M259.3 17.8L194 150.2 47.9 171.5c-26.2 3.8-36.7 36.1-17.7 54.6l105.7 103-25 145.5c-4.5 26.3 23.2 46 46.4 33.7L288 439.6l130.7 68.7c23.2 12.2 50.9-7.4 46.4-33.7l-25-145.5 105.7-103c19-18.5 8.5-50.8-17.7-54.6L382 150.2 316.7 17.8c-11.7-23.6-45.6-23.9-57.4 0z\" class=\"\"><\/path><\/svg>\n    <svg aria-hidden=\"true\" focusable=\"false\" data-prefix=\"fas\"  role=\"img\" xmlns=\"http:\/\/www.w3.org\/2000\/svg\" viewbox=\"0 0 576 512\" class=\"svg-inline--fa fa-star fa-w-18 fa-2x\"><path d=\"M259.3 17.8L194 150.2 47.9 171.5c-26.2 3.8-36.7 36.1-17.7 54.6l105.7 103-25 145.5c-4.5 26.3 23.2 46 46.4 33.7L288 439.6l130.7 68.7c23.2 12.2 50.9-7.4 46.4-33.7l-25-145.5 105.7-103c19-18.5 8.5-50.8-17.7-54.6L382 150.2 316.7 17.8c-11.7-23.6-45.6-23.9-57.4 0z\" class=\"\"><\/path><\/svg>\n    <svg aria-hidden=\"true\" focusable=\"false\" data-prefix=\"fas\"  role=\"img\" xmlns=\"http:\/\/www.w3.org\/2000\/svg\" viewbox=\"0 0 576 512\" class=\"svg-inline--fa fa-star fa-w-18 fa-2x\"><path d=\"M259.3 17.8L194 150.2 47.9 171.5c-26.2 3.8-36.7 36.1-17.7 54.6l105.7 103-25 145.5c-4.5 26.3 23.2 46 46.4 33.7L288 439.6l130.7 68.7c23.2 12.2 50.9-7.4 46.4-33.7l-25-145.5 105.7-103c19-18.5 8.5-50.8-17.7-54.6L382 150.2 316.7 17.8c-11.7-23.6-45.6-23.9-57.4 0z\" class=\"\"><\/path><\/svg>\n    <svg aria-hidden=\"true\" focusable=\"false\" data-prefix=\"fas\"  role=\"img\" xmlns=\"http:\/\/www.w3.org\/2000\/svg\" viewbox=\"0 0 576 512\" class=\"svg-inline--fa fa-star fa-w-18 fa-2x\"><path d=\"M259.3 17.8L194 150.2 47.9 171.5c-26.2 3.8-36.7 36.1-17.7 54.6l105.7 103-25 145.5c-4.5 26.3 23.2 46 46.4 33.7L288 439.6l130.7 68.7c23.2 12.2 50.9-7.4 46.4-33.7l-25-145.5 105.7-103c19-18.5 8.5-50.8-17.7-54.6L382 150.2 316.7 17.8c-11.7-23.6-45.6-23.9-57.4 0z\" class=\"\"><\/path><\/svg>\n  <\/div>\n\n\n\n<svg width=\"0\" height=\"0\">\n<lineargradient id=\"starhalf155\" x1=\"0\" x2=\"100%\" y1=\"0\" y2=\"0\">\n        <stop offset=\"0%\" stop-color=\"var(--bde-palette-color-2-9cf302e2-e388-4912-b6fe-f7cdeb9bf61b)\"><\/stop>\n \t\t<stop offset=\"0%\" stop-color=\"lightgrey\"><\/stop>\n<\/lineargradient>\n<\/svg>\n\n<\/div><div class=\"bde-text-1251-156-1251-1 bde-text bde-text-1251-156\">\nGrazie a tutti voi che utilizzate i dispositivi medici, i metodi e le forme di lavoro pi\u00f9 innovativi nel vostro lavoro medico. Allo stesso tempo, state formando una nuova generazione di medici perch\u00e9 siete personalmente convinti che un approccio collaborativo con il paziente sia vantaggioso non solo per voi, ma anche per noi. Questo ci fa sentire &#034;importanti&#034;.\n<\/div>\n<\/div><div class=\"bde-div-1251-157-1251-1 bde-div bde-div-1251-157\">\n  \n  \n\t\n\n\n\n<div class=\"bde-text-1251-159-1251-1 bde-text bde-text-1251-159\">\nAlenka \u010curin Jan\u017eekovi\u010d &amp; Marijan Jan\u017eekovi\u010d\n<\/div>\n<\/div>\r\n<\/div><\/div><div class=\"bde-advancedslide-1251-160-1251-1 bde-advancedslide bde-advancedslide-1251-160 swiper-slide\"><div class=\"advanced-slider__slide\">\r\n  <div class=\"bde-div-1251-161-1251-1 bde-div bde-div-1251-161\">\n  \n  \n\t\n\n\n\n<div class=\"bde-star-rating-1251-162-1251-1 bde-star-rating bde-star-rating-1251-162\">\n\n\n\n  <div class='bde-star-rating__wrapper'>\n    <svg aria-hidden=\"true\" focusable=\"false\" data-prefix=\"fas\"  role=\"img\" xmlns=\"http:\/\/www.w3.org\/2000\/svg\" viewbox=\"0 0 576 512\" class=\"svg-inline--fa fa-star fa-w-18 fa-2x\"><path d=\"M259.3 17.8L194 150.2 47.9 171.5c-26.2 3.8-36.7 36.1-17.7 54.6l105.7 103-25 145.5c-4.5 26.3 23.2 46 46.4 33.7L288 439.6l130.7 68.7c23.2 12.2 50.9-7.4 46.4-33.7l-25-145.5 105.7-103c19-18.5 8.5-50.8-17.7-54.6L382 150.2 316.7 17.8c-11.7-23.6-45.6-23.9-57.4 0z\" class=\"\"><\/path><\/svg>\n    <svg aria-hidden=\"true\" focusable=\"false\" data-prefix=\"fas\"  role=\"img\" xmlns=\"http:\/\/www.w3.org\/2000\/svg\" viewbox=\"0 0 576 512\" class=\"svg-inline--fa fa-star fa-w-18 fa-2x\"><path d=\"M259.3 17.8L194 150.2 47.9 171.5c-26.2 3.8-36.7 36.1-17.7 54.6l105.7 103-25 145.5c-4.5 26.3 23.2 46 46.4 33.7L288 439.6l130.7 68.7c23.2 12.2 50.9-7.4 46.4-33.7l-25-145.5 105.7-103c19-18.5 8.5-50.8-17.7-54.6L382 150.2 316.7 17.8c-11.7-23.6-45.6-23.9-57.4 0z\" class=\"\"><\/path><\/svg>\n    <svg aria-hidden=\"true\" focusable=\"false\" data-prefix=\"fas\"  role=\"img\" xmlns=\"http:\/\/www.w3.org\/2000\/svg\" viewbox=\"0 0 576 512\" class=\"svg-inline--fa fa-star fa-w-18 fa-2x\"><path d=\"M259.3 17.8L194 150.2 47.9 171.5c-26.2 3.8-36.7 36.1-17.7 54.6l105.7 103-25 145.5c-4.5 26.3 23.2 46 46.4 33.7L288 439.6l130.7 68.7c23.2 12.2 50.9-7.4 46.4-33.7l-25-145.5 105.7-103c19-18.5 8.5-50.8-17.7-54.6L382 150.2 316.7 17.8c-11.7-23.6-45.6-23.9-57.4 0z\" class=\"\"><\/path><\/svg>\n    <svg aria-hidden=\"true\" focusable=\"false\" data-prefix=\"fas\"  role=\"img\" xmlns=\"http:\/\/www.w3.org\/2000\/svg\" viewbox=\"0 0 576 512\" class=\"svg-inline--fa fa-star fa-w-18 fa-2x\"><path d=\"M259.3 17.8L194 150.2 47.9 171.5c-26.2 3.8-36.7 36.1-17.7 54.6l105.7 103-25 145.5c-4.5 26.3 23.2 46 46.4 33.7L288 439.6l130.7 68.7c23.2 12.2 50.9-7.4 46.4-33.7l-25-145.5 105.7-103c19-18.5 8.5-50.8-17.7-54.6L382 150.2 316.7 17.8c-11.7-23.6-45.6-23.9-57.4 0z\" class=\"\"><\/path><\/svg>\n    <svg aria-hidden=\"true\" focusable=\"false\" data-prefix=\"fas\"  role=\"img\" xmlns=\"http:\/\/www.w3.org\/2000\/svg\" viewbox=\"0 0 576 512\" class=\"svg-inline--fa fa-star fa-w-18 fa-2x\"><path d=\"M259.3 17.8L194 150.2 47.9 171.5c-26.2 3.8-36.7 36.1-17.7 54.6l105.7 103-25 145.5c-4.5 26.3 23.2 46 46.4 33.7L288 439.6l130.7 68.7c23.2 12.2 50.9-7.4 46.4-33.7l-25-145.5 105.7-103c19-18.5 8.5-50.8-17.7-54.6L382 150.2 316.7 17.8c-11.7-23.6-45.6-23.9-57.4 0z\" class=\"\"><\/path><\/svg>\n  <\/div>\n\n\n\n<svg width=\"0\" height=\"0\">\n<lineargradient id=\"starhalf162\" x1=\"0\" x2=\"100%\" y1=\"0\" y2=\"0\">\n        <stop offset=\"0%\" stop-color=\"var(--bde-palette-color-2-9cf302e2-e388-4912-b6fe-f7cdeb9bf61b)\"><\/stop>\n \t\t<stop offset=\"0%\" stop-color=\"lightgrey\"><\/stop>\n<\/lineargradient>\n<\/svg>\n\n<\/div><div class=\"bde-text-1251-163-1251-1 bde-text bde-text-1251-163\">\nQuando entri nell&#039;edificio del MD Medicine, ti senti pi\u00f9 a tuo agio che a disagio, perch\u00e9 non hai immediatamente quella sensazione e quell&#039;odore familiare e sgradevole di ospedale. Sei accolto da un&#039;infermiera cordiale che ti accoglie con gentilezza e ti spiega tutto ci\u00f2 che ti interessa. Tutto ha un effetto rilassante, tanto che quell&#039;ultima sensazione di ansia prima di una visita medica o di un intervento chirurgico scompare davvero. Il medico che visiti \u00e8 un esperto di prim&#039;ordine che si dedica completamente a te, ti ascolta davvero, ha tempo per te e, infine, ti offre consigli professionali. Lascio sempre la sede del MD Medicine con serenit\u00e0 e con la chiara consapevolezza che qui ci sono persone che si prenderanno sempre cura di te. Pertanto, un sincero ringraziamento a tutti voi.\n<\/div>\n<\/div><div class=\"bde-div-1251-164-1251-1 bde-div bde-div-1251-164\">\n  \n  \n\t\n\n\n\n<div class=\"bde-text-1251-165-1251-1 bde-text bde-text-1251-165\">\nNeda Fabrizio\n<\/div>\n<\/div>\r\n<\/div><\/div><div class=\"bde-advancedslide-1251-166-1251-1 bde-advancedslide bde-advancedslide-1251-166 swiper-slide\"><div class=\"advanced-slider__slide\">\r\n  <div class=\"bde-div-1251-167-1251-1 bde-div bde-div-1251-167\">\n  \n  \n\t\n\n\n\n<div class=\"bde-star-rating-1251-168-1251-1 bde-star-rating bde-star-rating-1251-168\">\n\n\n\n  <div class='bde-star-rating__wrapper'>\n    <svg aria-hidden=\"true\" focusable=\"false\" data-prefix=\"fas\"  role=\"img\" xmlns=\"http:\/\/www.w3.org\/2000\/svg\" viewbox=\"0 0 576 512\" class=\"svg-inline--fa fa-star fa-w-18 fa-2x\"><path d=\"M259.3 17.8L194 150.2 47.9 171.5c-26.2 3.8-36.7 36.1-17.7 54.6l105.7 103-25 145.5c-4.5 26.3 23.2 46 46.4 33.7L288 439.6l130.7 68.7c23.2 12.2 50.9-7.4 46.4-33.7l-25-145.5 105.7-103c19-18.5 8.5-50.8-17.7-54.6L382 150.2 316.7 17.8c-11.7-23.6-45.6-23.9-57.4 0z\" class=\"\"><\/path><\/svg>\n    <svg aria-hidden=\"true\" focusable=\"false\" data-prefix=\"fas\"  role=\"img\" xmlns=\"http:\/\/www.w3.org\/2000\/svg\" viewbox=\"0 0 576 512\" class=\"svg-inline--fa fa-star fa-w-18 fa-2x\"><path d=\"M259.3 17.8L194 150.2 47.9 171.5c-26.2 3.8-36.7 36.1-17.7 54.6l105.7 103-25 145.5c-4.5 26.3 23.2 46 46.4 33.7L288 439.6l130.7 68.7c23.2 12.2 50.9-7.4 46.4-33.7l-25-145.5 105.7-103c19-18.5 8.5-50.8-17.7-54.6L382 150.2 316.7 17.8c-11.7-23.6-45.6-23.9-57.4 0z\" class=\"\"><\/path><\/svg>\n    <svg aria-hidden=\"true\" focusable=\"false\" data-prefix=\"fas\"  role=\"img\" xmlns=\"http:\/\/www.w3.org\/2000\/svg\" viewbox=\"0 0 576 512\" class=\"svg-inline--fa fa-star fa-w-18 fa-2x\"><path d=\"M259.3 17.8L194 150.2 47.9 171.5c-26.2 3.8-36.7 36.1-17.7 54.6l105.7 103-25 145.5c-4.5 26.3 23.2 46 46.4 33.7L288 439.6l130.7 68.7c23.2 12.2 50.9-7.4 46.4-33.7l-25-145.5 105.7-103c19-18.5 8.5-50.8-17.7-54.6L382 150.2 316.7 17.8c-11.7-23.6-45.6-23.9-57.4 0z\" class=\"\"><\/path><\/svg>\n    <svg aria-hidden=\"true\" focusable=\"false\" data-prefix=\"fas\"  role=\"img\" xmlns=\"http:\/\/www.w3.org\/2000\/svg\" viewbox=\"0 0 576 512\" class=\"svg-inline--fa fa-star fa-w-18 fa-2x\"><path d=\"M259.3 17.8L194 150.2 47.9 171.5c-26.2 3.8-36.7 36.1-17.7 54.6l105.7 103-25 145.5c-4.5 26.3 23.2 46 46.4 33.7L288 439.6l130.7 68.7c23.2 12.2 50.9-7.4 46.4-33.7l-25-145.5 105.7-103c19-18.5 8.5-50.8-17.7-54.6L382 150.2 316.7 17.8c-11.7-23.6-45.6-23.9-57.4 0z\" class=\"\"><\/path><\/svg>\n    <svg aria-hidden=\"true\" focusable=\"false\" data-prefix=\"fas\"  role=\"img\" xmlns=\"http:\/\/www.w3.org\/2000\/svg\" viewbox=\"0 0 576 512\" class=\"svg-inline--fa fa-star fa-w-18 fa-2x\"><path d=\"M259.3 17.8L194 150.2 47.9 171.5c-26.2 3.8-36.7 36.1-17.7 54.6l105.7 103-25 145.5c-4.5 26.3 23.2 46 46.4 33.7L288 439.6l130.7 68.7c23.2 12.2 50.9-7.4 46.4-33.7l-25-145.5 105.7-103c19-18.5 8.5-50.8-17.7-54.6L382 150.2 316.7 17.8c-11.7-23.6-45.6-23.9-57.4 0z\" class=\"\"><\/path><\/svg>\n  <\/div>\n\n\n\n<svg width=\"0\" height=\"0\">\n<lineargradient id=\"starhalf168\" x1=\"0\" x2=\"100%\" y1=\"0\" y2=\"0\">\n        <stop offset=\"0%\" stop-color=\"var(--bde-palette-color-2-9cf302e2-e388-4912-b6fe-f7cdeb9bf61b)\"><\/stop>\n \t\t<stop offset=\"0%\" stop-color=\"lightgrey\"><\/stop>\n<\/lineargradient>\n<\/svg>\n\n<\/div><div class=\"bde-text-1251-169-1251-1 bde-text bde-text-1251-169\">\nHo un medico personale presso MD Medicine dal 2017. Fin dalla prima visita, sono entrato in un mondo di alta qualit\u00e0 per quanto riguarda la sanit\u00e0: un&#039;accoglienza cortese all&#039;ingresso principale, una sala d&#039;attesa luminosa e senza folla, un appuntamento per la visita all&#039;orario concordato in una clinica moderna e piacevolmente attrezzata, un&#039;infermiera cordiale che mi conosce per nome, un medico rilassato e altamente professionale che ha tempo sia per ascoltarmi che per curarmi. Nello stesso edificio, posso anche usufruire di un laboratorio di analisi e di molti altri servizi sanitari. Posso gestire prescrizioni, visite, prescrizioni e consulenze via e-mail o per telefono, a cui c&#039;\u00e8 sempre qualcuno che risponde... Il sistema di alta qualit\u00e0 di MD Medicine opera non solo a beneficio della salute del paziente, ma anche della sua dignit\u00e0.\n<\/div>\n<\/div><div class=\"bde-div-1251-170-1251-1 bde-div bde-div-1251-170\">\n  \n  \n\t\n\n\n\n<div class=\"bde-text-1251-171-1251-1 bde-text bde-text-1251-171\">\nMaja Ivanic\n<\/div>\n<\/div>\r\n<\/div><\/div>\n    <\/div>\n  <\/div>\n\n              <div class=\"swiper-button-prev\">\n            <svg xmlns=\"http:\/\/www.w3.org\/2000\/svg\" width=\"40\" height=\"40\" viewbox=\"0 0 40 40\" fill=\"none\">\r\n<rect x=\"40\" y=\"40\" width=\"40\" height=\"40\" rx=\"8\" transform=\"rotate(-180 40 40)\" fill=\"#001F3F\"\/>\r\n<path d=\"M20.1733 26.1792L13.7003 20.0004L20.1733 13.8216\" stroke=\"white\" stroke-width=\"1.3125\" stroke-linecap=\"round\" stroke-linejoin=\"round\"\/>\r\n<path d=\"M13.7004 20.0005H26.3003\" stroke=\"white\" stroke-width=\"1.3125\" stroke-linecap=\"round\" stroke-linejoin=\"round\"\/>\r\n<\/svg>\n        <\/div>\n        <div class=\"swiper-button-next\">\n            <svg xmlns=\"http:\/\/www.w3.org\/2000\/svg\" width=\"40\" height=\"40\" viewbox=\"0 0 40 40\" fill=\"none\">\r\n<rect width=\"40\" height=\"40\" rx=\"8\" fill=\"#001F3F\"\/>\r\n<path d=\"M19.8267 13.8208L26.2997 19.9996L19.8267 26.1784\" stroke=\"white\" stroke-width=\"1.3125\" stroke-linecap=\"round\" stroke-linejoin=\"round\"\/>\r\n<path d=\"M26.2996 19.9995L13.6997 19.9995\" stroke=\"white\" stroke-width=\"1.3125\" stroke-linecap=\"round\" stroke-linejoin=\"round\"\/>\r\n<\/svg>\n        <\/div>\n    \n    \n<\/div>\n\n<\/div><\/div><h2 class=\"bde-heading-382-189 bde-heading\">\nDomande frequenti\n<\/h2><div class=\"bde-text-382-190 bde-text\">\nHai domande? Qui troverai le risposte alle domande pi\u00f9 frequenti relative ai nostri servizi e alle nostre procedure. Se non trovi la risposta, contattaci: saremo lieti di aiutarti.\n<\/div><div class=\"bde-accordion-382-191 bde-accordion bde-accordion--pills\"><div class=\"bde-accordion__content-wrapper-382-192 bde-accordion__content-wrapper\">\n<h3 class=\"bde-accordion__title-tag\">\n  <button type=\"button\" class=\"bde-accordion__button\" id=\"accordion-button-192\" aria-controls=\"accordion-panel-192\" aria-expanded=\"false\">\n     <span class=\"bde-accordion__title\" >Quando e come sapr\u00f2 quale tipo di anestesia verr\u00e0 utilizzata?<\/span>\n     <span class=\"bde-accordion__icon bde-accordion__icon--default\"><\/span>\n     <span class=\"bde-accordion__icon bde-accordion__icon--active\"><\/span>\n  <\/button>\n<\/h3>\n\n<div role=\"region\" class=\"bde-accordion__panel\" id=\"accordion-panel-192\" aria-labelledby=\"accordion-button-192\">\n    <div class=\"bde-accordion__panel-content\">\n        <div class=\"bde-text-382-193 bde-text\">\nIl tipo di anestesia viene deciso dall\u2019anestesista in base al tipo di intervento, al suo stato di salute e alle eventuali preferenze. Durante la visita pre-operatoria, verranno discusse tutte le opzioni, i rischi e le esperienze pregresse. Insieme, si sceglier\u00e0 la forma di anestesia pi\u00f9 appropriata.\n<\/div>\n    <\/div>\n<\/div>\n\n\n\n<\/div><div class=\"bde-accordion__content-wrapper-382-194 bde-accordion__content-wrapper\">\n<h3 class=\"bde-accordion__title-tag\">\n  <button type=\"button\" class=\"bde-accordion__button\" id=\"accordion-button-194\" aria-controls=\"accordion-panel-194\" aria-expanded=\"false\">\n     <span class=\"bde-accordion__title\" >Cosa include la visita pre-operatoria dall\u2019anestesista?<\/span>\n     <span class=\"bde-accordion__icon bde-accordion__icon--default\"><\/span>\n     <span class=\"bde-accordion__icon bde-accordion__icon--active\"><\/span>\n  <\/button>\n<\/h3>\n\n<div role=\"region\" class=\"bde-accordion__panel\" id=\"accordion-panel-194\" aria-labelledby=\"accordion-button-194\">\n    <div class=\"bde-accordion__panel-content\">\n        <div class=\"bde-text-382-195 bde-text\">\nLa visita comprende la valutazione dello stato di salute generale, l\u2019esame degli esiti di laboratorio, l\u2019analisi di eventuali allergie, la terapia in corso e le esperienze precedenti con l\u2019anestesia. L\u2019anestesista illustrer\u00e0 il tipo di anestesia e il piano per il controllo del dolore post-operatorio.\n<\/div>\n    <\/div>\n<\/div>\n\n\n\n<\/div><div class=\"bde-accordion__content-wrapper-382-196 bde-accordion__content-wrapper\">\n<h3 class=\"bde-accordion__title-tag\">\n  <button type=\"button\" class=\"bde-accordion__button\" id=\"accordion-button-196\" aria-controls=\"accordion-panel-196\" aria-expanded=\"false\">\n     <span class=\"bde-accordion__title\" >Qual \u00e8 la differenza tra anestesia generale e locale?<\/span>\n     <span class=\"bde-accordion__icon bde-accordion__icon--default\"><\/span>\n     <span class=\"bde-accordion__icon bde-accordion__icon--active\"><\/span>\n  <\/button>\n<\/h3>\n\n<div role=\"region\" class=\"bde-accordion__panel\" id=\"accordion-panel-196\" aria-labelledby=\"accordion-button-196\">\n    <div class=\"bde-accordion__panel-content\">\n        <div class=\"bde-text-382-197 bde-text\">\nL\u2019anestesia generale comporta uno stato di incoscienza totale e assenza di percezioni. L\u2019anestesia locale anestetizza solo una parte del corpo, mantenendo il paziente sveglio. Esistono forme intermedie, come l\u2019anestesia regionale e la sedazione. La scelta dipende dall\u2019intervento e dalle condizioni cliniche.\n<\/div>\n    <\/div>\n<\/div>\n\n\n\n<\/div><div class=\"bde-accordion__content-wrapper-382-198 bde-accordion__content-wrapper\">\n<h3 class=\"bde-accordion__title-tag\">\n  <button type=\"button\" class=\"bde-accordion__button\" id=\"accordion-button-198\" aria-controls=\"accordion-panel-198\" aria-expanded=\"false\">\n     <span class=\"bde-accordion__title\" > Quanto dura il recupero dopo l\u2019anestesia?<\/span>\n     <span class=\"bde-accordion__icon bde-accordion__icon--default\"><\/span>\n     <span class=\"bde-accordion__icon bde-accordion__icon--active\"><\/span>\n  <\/button>\n<\/h3>\n\n<div role=\"region\" class=\"bde-accordion__panel\" id=\"accordion-panel-198\" aria-labelledby=\"accordion-button-198\">\n    <div class=\"bde-accordion__panel-content\">\n        <div class=\"bde-text-382-199 bde-text\">\nIl recupero dipende dal tipo di anestesia. Dopo l\u2019anestesia locale, si pu\u00f2 tornare rapidamente alle attivit\u00e0; dopo l\u2019anestesia generale, possono essere necessarie alcune ore per svegliarsi completamente e riacquistare l\u2019orientamento. Talvolta possono verificarsi stanchezza, nausea o confusione, che solitamente scompaiono entro 24 ore.\n<\/div>\n    <\/div>\n<\/div>\n\n\n\n<\/div><div class=\"bde-accordion__content-wrapper-382-200 bde-accordion__content-wrapper\">\n<h3 class=\"bde-accordion__title-tag\">\n  <button type=\"button\" class=\"bde-accordion__button\" id=\"accordion-button-200\" aria-controls=\"accordion-panel-200\" aria-expanded=\"false\">\n     <span class=\"bde-accordion__title\" >Avr\u00f2 molto dolore dopo l\u2019operazione? Come verr\u00e0 gestito il dolore?<\/span>\n     <span class=\"bde-accordion__icon bde-accordion__icon--default\"><\/span>\n     <span class=\"bde-accordion__icon bde-accordion__icon--active\"><\/span>\n  <\/button>\n<\/h3>\n\n<div role=\"region\" class=\"bde-accordion__panel\" id=\"accordion-panel-200\" aria-labelledby=\"accordion-button-200\">\n    <div class=\"bde-accordion__panel-content\">\n        <div class=\"bde-text-382-201 bde-text\">\nIl controllo del dolore \u00e8 parte integrante dell\u2019assistenza anestesiologica. Gi\u00e0 durante l\u2019intervento, l\u2019anestesista somministra un\u2019adeguata analgesia; dopo l\u2019operazione, vengono forniti analgesici specifici in base al tipo di intervento e alle esigenze del paziente. L\u2019obiettivo \u00e8 ridurre al minimo il dolore e favorire un recupero rapido.\n<\/div>\n    <\/div>\n<\/div>\n\n\n\n<\/div>\r\n\r\n<\/div><\/div>\n<\/section>","protected":false},"excerpt":{"rendered":"<p>Nazaj na ambulantne dejavnosti Ambulanta za anesteziologijo Anesteziologija je veja medicine, ki se ukvarja s popolno oskrbo pacienta v \u010dasu priprave na operativni poseg, med samim posegom in po njem, vklju\u010dno z laj\u0161anjem bole\u010dine. Anestezija poteka pod vodstvom zdravnika anesteziologa ob pomo\u010di anesteziolo\u0161ke medicinske sestre. Anesteziolog je zdravnik specialist, ki daje anestezijo, zdravi \u017eivljenjsko ogro\u017eene [&hellip;]<\/p>\n","protected":false},"author":1,"featured_media":0,"parent":358,"menu_order":0,"comment_status":"closed","ping_status":"closed","template":"","meta":{"_acf_changed":false,"inline_featured_image":false,"_breakdance_hide_in_design_set":false,"_breakdance_tags":"","footnotes":""},"class_list":["post-382","page","type-page","status-publish","hentry"],"acf":[],"yoast_head":"<!-- This site is optimized with the Yoast SEO plugin v27.3 - https:\/\/yoast.com\/product\/yoast-seo-wordpress\/ -->\n<title>Ambulanta za anesteziologijo | MD medicina<\/title>\n<meta name=\"description\" content=\"V MD Medicina vam Ambulanta za anesteziologijo nudi varno pripravo na poseg in laj\u0161anje bole\u010din. Rezervirajte svoj strokovni termin \u0161e danes!\" \/>\n<meta name=\"robots\" content=\"index, follow, max-snippet:-1, max-image-preview:large, max-video-preview:-1\" \/>\n<link rel=\"canonical\" href=\"https:\/\/md-medicina.si\/it\/ambulantne-dejavnosti\/specialisticne-ambulante\/ambulanta-za-anesteziologijo\/\" \/>\n<meta property=\"og:locale\" content=\"it_IT\" \/>\n<meta property=\"og:type\" content=\"article\" \/>\n<meta property=\"og:title\" content=\"Ambulanta za anesteziologijo | MD medicina\" \/>\n<meta property=\"og:description\" content=\"V MD Medicina vam Ambulanta za anesteziologijo nudi varno pripravo na poseg in laj\u0161anje bole\u010din. Rezervirajte svoj strokovni termin \u0161e danes!\" \/>\n<meta property=\"og:url\" content=\"https:\/\/md-medicina.si\/it\/ambulantne-dejavnosti\/specialisticne-ambulante\/ambulanta-za-anesteziologijo\/\" \/>\n<meta property=\"og:site_name\" content=\"MD medicina\" \/>\n<meta property=\"article:modified_time\" content=\"2026-03-23T15:47:22+00:00\" \/>\n<meta name=\"twitter:card\" content=\"summary_large_image\" \/>\n<meta name=\"twitter:label1\" content=\"Tempo di lettura stimato\" \/>\n\t<meta name=\"twitter:data1\" content=\"22 minuti\" \/>\n<script type=\"application\/ld+json\" class=\"yoast-schema-graph\">{\"@context\":\"https:\\\/\\\/schema.org\",\"@graph\":[{\"@type\":\"WebPage\",\"@id\":\"https:\\\/\\\/md-medicina.si\\\/ambulantne-dejavnosti\\\/specialisticne-ambulante\\\/ambulanta-za-anesteziologijo\\\/\",\"url\":\"https:\\\/\\\/md-medicina.si\\\/ambulantne-dejavnosti\\\/specialisticne-ambulante\\\/ambulanta-za-anesteziologijo\\\/\",\"name\":\"Ambulanta za anesteziologijo | MD medicina\",\"isPartOf\":{\"@id\":\"https:\\\/\\\/md-medicina.si\\\/en\\\/#website\"},\"datePublished\":\"2025-04-25T09:10:52+00:00\",\"dateModified\":\"2026-03-23T15:47:22+00:00\",\"description\":\"V MD Medicina vam Ambulanta za anesteziologijo nudi varno pripravo na poseg in laj\u0161anje bole\u010din. Rezervirajte svoj strokovni termin \u0161e danes!\",\"breadcrumb\":{\"@id\":\"https:\\\/\\\/md-medicina.si\\\/ambulantne-dejavnosti\\\/specialisticne-ambulante\\\/ambulanta-za-anesteziologijo\\\/#breadcrumb\"},\"inLanguage\":\"it-IT\",\"potentialAction\":[{\"@type\":\"ReadAction\",\"target\":[\"https:\\\/\\\/md-medicina.si\\\/ambulantne-dejavnosti\\\/specialisticne-ambulante\\\/ambulanta-za-anesteziologijo\\\/\"]}]},{\"@type\":\"BreadcrumbList\",\"@id\":\"https:\\\/\\\/md-medicina.si\\\/ambulantne-dejavnosti\\\/specialisticne-ambulante\\\/ambulanta-za-anesteziologijo\\\/#breadcrumb\",\"itemListElement\":[{\"@type\":\"ListItem\",\"position\":1,\"name\":\"Home\",\"item\":\"https:\\\/\\\/md-medicina.si\\\/\"},{\"@type\":\"ListItem\",\"position\":2,\"name\":\"Ambulantne dejavnosti\",\"item\":\"https:\\\/\\\/md-medicina.si\\\/ambulantne-dejavnosti\\\/\"},{\"@type\":\"ListItem\",\"position\":3,\"name\":\"Specialisti\u010dne ambulante\",\"item\":\"https:\\\/\\\/md-medicina.si\\\/ambulantne-dejavnosti\\\/specialisticne-ambulante\\\/\"},{\"@type\":\"ListItem\",\"position\":4,\"name\":\"Ambulanta za anesteziologijo\"}]},{\"@type\":\"WebSite\",\"@id\":\"https:\\\/\\\/md-medicina.si\\\/en\\\/#website\",\"url\":\"https:\\\/\\\/md-medicina.si\\\/en\\\/\",\"name\":\"MD medicina\",\"description\":\"Vse za va\u0161e zdravje.\",\"potentialAction\":[{\"@type\":\"SearchAction\",\"target\":{\"@type\":\"EntryPoint\",\"urlTemplate\":\"https:\\\/\\\/md-medicina.si\\\/en\\\/?s={search_term_string}\"},\"query-input\":{\"@type\":\"PropertyValueSpecification\",\"valueRequired\":true,\"valueName\":\"search_term_string\"}}],\"inLanguage\":\"it-IT\"}]}<\/script>\n<!-- \/ Yoast SEO plugin. -->","yoast_head_json":{"title":"Ambulanta za anesteziologijo | MD medicina","description":"V MD Medicina vam Ambulanta za anesteziologijo nudi varno pripravo na poseg in laj\u0161anje bole\u010din. Rezervirajte svoj strokovni termin \u0161e danes!","robots":{"index":"index","follow":"follow","max-snippet":"max-snippet:-1","max-image-preview":"max-image-preview:large","max-video-preview":"max-video-preview:-1"},"canonical":"https:\/\/md-medicina.si\/it\/ambulantne-dejavnosti\/specialisticne-ambulante\/ambulanta-za-anesteziologijo\/","og_locale":"it_IT","og_type":"article","og_title":"Ambulanta za anesteziologijo | MD medicina","og_description":"V MD Medicina vam Ambulanta za anesteziologijo nudi varno pripravo na poseg in laj\u0161anje bole\u010din. Rezervirajte svoj strokovni termin \u0161e danes!","og_url":"https:\/\/md-medicina.si\/it\/ambulantne-dejavnosti\/specialisticne-ambulante\/ambulanta-za-anesteziologijo\/","og_site_name":"MD medicina","article_modified_time":"2026-03-23T15:47:22+00:00","twitter_card":"summary_large_image","twitter_misc":{"Tempo di lettura stimato":"22 minuti"},"schema":{"@context":"https:\/\/schema.org","@graph":[{"@type":"WebPage","@id":"https:\/\/md-medicina.si\/ambulantne-dejavnosti\/specialisticne-ambulante\/ambulanta-za-anesteziologijo\/","url":"https:\/\/md-medicina.si\/ambulantne-dejavnosti\/specialisticne-ambulante\/ambulanta-za-anesteziologijo\/","name":"Ambulanta za anesteziologijo | MD medicina","isPartOf":{"@id":"https:\/\/md-medicina.si\/en\/#website"},"datePublished":"2025-04-25T09:10:52+00:00","dateModified":"2026-03-23T15:47:22+00:00","description":"V MD Medicina vam Ambulanta za anesteziologijo nudi varno pripravo na poseg in laj\u0161anje bole\u010din. Rezervirajte svoj strokovni termin \u0161e danes!","breadcrumb":{"@id":"https:\/\/md-medicina.si\/ambulantne-dejavnosti\/specialisticne-ambulante\/ambulanta-za-anesteziologijo\/#breadcrumb"},"inLanguage":"it-IT","potentialAction":[{"@type":"ReadAction","target":["https:\/\/md-medicina.si\/ambulantne-dejavnosti\/specialisticne-ambulante\/ambulanta-za-anesteziologijo\/"]}]},{"@type":"BreadcrumbList","@id":"https:\/\/md-medicina.si\/ambulantne-dejavnosti\/specialisticne-ambulante\/ambulanta-za-anesteziologijo\/#breadcrumb","itemListElement":[{"@type":"ListItem","position":1,"name":"Home","item":"https:\/\/md-medicina.si\/"},{"@type":"ListItem","position":2,"name":"Ambulantne dejavnosti","item":"https:\/\/md-medicina.si\/ambulantne-dejavnosti\/"},{"@type":"ListItem","position":3,"name":"Specialisti\u010dne ambulante","item":"https:\/\/md-medicina.si\/ambulantne-dejavnosti\/specialisticne-ambulante\/"},{"@type":"ListItem","position":4,"name":"Ambulanta za anesteziologijo"}]},{"@type":"WebSite","@id":"https:\/\/md-medicina.si\/en\/#website","url":"https:\/\/md-medicina.si\/en\/","name":"MD medicina","description":"Tutto per la tua salute.","potentialAction":[{"@type":"SearchAction","target":{"@type":"EntryPoint","urlTemplate":"https:\/\/md-medicina.si\/en\/?s={search_term_string}"},"query-input":{"@type":"PropertyValueSpecification","valueRequired":true,"valueName":"search_term_string"}}],"inLanguage":"it-IT"}]}},"_links":{"self":[{"href":"https:\/\/md-medicina.si\/it\/wp-json\/wp\/v2\/pages\/382","targetHints":{"allow":["GET"]}}],"collection":[{"href":"https:\/\/md-medicina.si\/it\/wp-json\/wp\/v2\/pages"}],"about":[{"href":"https:\/\/md-medicina.si\/it\/wp-json\/wp\/v2\/types\/page"}],"author":[{"embeddable":true,"href":"https:\/\/md-medicina.si\/it\/wp-json\/wp\/v2\/users\/1"}],"replies":[{"embeddable":true,"href":"https:\/\/md-medicina.si\/it\/wp-json\/wp\/v2\/comments?post=382"}],"version-history":[{"count":25,"href":"https:\/\/md-medicina.si\/it\/wp-json\/wp\/v2\/pages\/382\/revisions"}],"predecessor-version":[{"id":2117,"href":"https:\/\/md-medicina.si\/it\/wp-json\/wp\/v2\/pages\/382\/revisions\/2117"}],"up":[{"embeddable":true,"href":"https:\/\/md-medicina.si\/it\/wp-json\/wp\/v2\/pages\/358"}],"wp:attachment":[{"href":"https:\/\/md-medicina.si\/it\/wp-json\/wp\/v2\/media?parent=382"}],"curies":[{"name":"wp","href":"https:\/\/api.w.org\/{rel}","templated":true}]}}