{"id":345,"date":"2025-04-23T11:57:36","date_gmt":"2025-04-23T11:57:36","guid":{"rendered":"https:\/\/md-medicina.si\/?page_id=345"},"modified":"2026-03-26T16:25:20","modified_gmt":"2026-03-26T16:25:20","slug":"zdravniki","status":"publish","type":"page","link":"https:\/\/md-medicina.si\/it\/zdravniki\/","title":{"rendered":"Medici"},"content":{"rendered":"<section class=\"bde-section-345-101 bde-section\">\n              \n  \n  \n\t\n\n  <div class=\"section-background-overlay\"><\/div>\n\n\n<div class=\"section-container\"><h2 class=\"bde-heading-345-102 bde-heading\">\nMedici\n<\/h2><div class=\"bde-text-345-103 bde-text\">\nPresso MD Medicina, Sanatorij Ljubljana, ci impegniamo per la qualit\u00e0 dei servizi sanitari e di altro tipo fin dalla nostra fondazione. Un&#039;organizzazione efficiente e la massima professionalit\u00e0 caratterizzano il lavoro dei nostri medici e del resto del personale, che si dedicano ai pazienti dalla visita iniziale fino all&#039;intervento chirurgico e al trattamento postoperatorio. Offriamo ai pazienti professionalit\u00e0 eccezionale, cure attente, sicurezza e personale cordiale che garantiscono un soggiorno piacevole.\n<\/div><\/div>\n<\/section><section class=\"bde-section-345-104 bde-section\">\n              \n  \n  \n\t\n\n\n\n        <div class=\"section-shape-divider-wrapper section-shape-divider-wrapper--1\">\n          <span class=\"section-shape-divider\">\n                      <svg width=\"100%\" height=\"80%\" id=\"svg\" viewbox=\"0 0 1440 350\" xmlns=\"http:\/\/www.w3.org\/2000\/svg\" preserveaspectratio=\"none\" class=\"transition duration-300 ease-in-out delay-150\"><path d=\"M 0,600 L 0,225 C 185.59999999999997,169.8 371.19999999999993,114.6 542,146 C 712.8000000000001,177.4 868.8,295.4 1016,323 C 1163.2,350.6 1301.6,287.8 1440,225 L 1440,600 L 0,600 Z\" stroke=\"none\" stroke-width=\"0\" fill=\"white\" fill-opacity=\"1\" class=\"transition-all duration-300 ease-in-out delay-150 path-0\"><\/path><\/svg>\n                    <\/span>\n      <\/div>\n  <div class=\"section-container\"><div class=\"bde-text-345-105 bde-text\">\nScegli un&#039;attivit\u00e0:\n<\/div><div class=\"bde-wpgbfacet-345-106 bde-wpgbfacet\"><div class=\"wpgb-facet wpgb-loading wpgb-facet-1 wpgb-style-1\" data-facet=\"1\" data-grid=\"wpgb-content\"><\/div><\/div><div class=\"bde-wpgbfacet-345-107 bde-wpgbfacet\"><div class=\"wpgb-facet wpgb-loading wpgb-facet-3 wpgb-style-1\" data-facet=\"3\" data-grid=\"wpgb-content\"><\/div><\/div><div class=\"bde-wpgbfacet-345-108 bde-wpgbfacet\"><div class=\"wpgb-facet wpgb-loading wpgb-facet-5 wpgb-style-1\" data-facet=\"5\" data-grid=\"wpgb-content\"><\/div><\/div><\/div>\n<\/section><section class=\"bde-section-345-109 bde-section\">\n  \n  \n\t\n\n\n\n<div class=\"section-container\"><div class=\"bde-post-loop-345-111 bde-post-loop wpgb-content\"><div class=\"bde-loop bde-loop-grid ee-posts ee-posts-grid\">    <article class=\"bde-loop-item ee-post\">\n        <a class=\"bde-container-link-278-100-2867-278-1 bde-container-link bde-container-link-278-100 breakdance-link\" href=\"https:\/\/md-medicina.si\/it\/zdravnik\/goran-mitrovic-dr-med\/\" target=\"_self\" data-type=\"url\">\n  \n  \n\t\n\n\n\n<img decoding=\"async\" class=\"bde-image2-278-101-2867-278-1 bde-image2 bde-image2-278-101\" src=\"https:\/\/md-medicina.si\/wp-content\/uploads\/2025\/10\/Goran-Mitrovic-dr.-med.webp\" loading=\"lazy\" srcset=\"https:\/\/md-medicina.si\/wp-content\/uploads\/2025\/10\/Goran-Mitrovic-dr.-med.webp 800w, https:\/\/md-medicina.si\/wp-content\/uploads\/2025\/10\/Goran-Mitrovic-dr.-med-240x300.webp 240w, https:\/\/md-medicina.si\/wp-content\/uploads\/2025\/10\/Goran-Mitrovic-dr.-med-768x960.webp 768w, https:\/\/md-medicina.si\/wp-content\/uploads\/2025\/10\/Goran-Mitrovic-dr.-med-10x12.webp 10w\" sizes=\"(max-width: 800px) 100vw, 800px\"><div class=\"bde-text-278-102-2867-278-1 bde-text bde-text-278-102\">\nGoran Mitrovi\u0107, dr. med.\n<\/div><div class=\"bde-text-278-103-2867-278-1 bde-text bde-text-278-103\">\nspecialist dru\u017einske medicine\n<\/div><div class=\"bde-text-278-104-2867-278-1 bde-text bde-text-278-104\">\nPosebno se posve\u010da podro\u010djem antikoagulantnega zdravljenja, arterijske hipertenzije ter medicinskemu izvedenstvu in zavarovalni\u0161ki medicini.\n<\/div>\n\n<\/a>    <\/article>\n    <article class=\"bde-loop-item ee-post\">\n        <a class=\"bde-container-link-278-100-272-278-1 bde-container-link bde-container-link-278-100 breakdance-link\" href=\"https:\/\/md-medicina.si\/it\/zdravnik\/dr-bogdan-ambrozic-dr-med\/\" target=\"_self\" data-type=\"url\">\n  \n  \n\t\n\n\n\n<img decoding=\"async\" class=\"bde-image2-278-101-272-278-1 bde-image2 bde-image2-278-101\" src=\"https:\/\/md-medicina.si\/wp-content\/uploads\/2025\/04\/dr.-Bogdan-Ambrozic-dr.-med.webp\" loading=\"lazy\" srcset=\"https:\/\/md-medicina.si\/wp-content\/uploads\/2025\/04\/dr.-Bogdan-Ambrozic-dr.-med.webp 800w, https:\/\/md-medicina.si\/wp-content\/uploads\/2025\/04\/dr.-Bogdan-Ambrozic-dr.-med-240x300.webp 240w, https:\/\/md-medicina.si\/wp-content\/uploads\/2025\/04\/dr.-Bogdan-Ambrozic-dr.-med-768x960.webp 768w\" sizes=\"(max-width: 800px) 100vw, 800px\"><div class=\"bde-text-278-102-272-278-1 bde-text bde-text-278-102\">\nDott. Bogdan Ambro\u017ei\u010d, Dott.\n<\/div><div class=\"bde-text-278-103-272-278-1 bde-text bde-text-278-103\">\nspecialista in chirurgia ortopedica\n<\/div><div class=\"bde-text-278-104-272-278-1 bde-text bde-text-278-104\">\nSi occupa del trattamento chirurgico artroscopico e mininvasivo di lesioni e patologie delle articolazioni della spalla, del ginocchio e della caviglia.\n<\/div>\n\n<\/a>    <\/article>\n    <article class=\"bde-loop-item ee-post\">\n        <a class=\"bde-container-link-278-100-746-278-1 bde-container-link bde-container-link-278-100 breakdance-link\" href=\"https:\/\/md-medicina.si\/it\/zdravnik\/dr-klemen-avsec-dr-med\/\" target=\"_self\" data-type=\"url\">\n  \n  \n\t\n\n\n\n<img decoding=\"async\" class=\"bde-image2-278-101-746-278-1 bde-image2 bde-image2-278-101\" src=\"https:\/\/md-medicina.si\/wp-content\/uploads\/2025\/05\/Klemen-Avsec.webp\" loading=\"lazy\" srcset=\"https:\/\/md-medicina.si\/wp-content\/uploads\/2025\/05\/Klemen-Avsec.webp 800w, https:\/\/md-medicina.si\/wp-content\/uploads\/2025\/05\/Klemen-Avsec-240x300.webp 240w, https:\/\/md-medicina.si\/wp-content\/uploads\/2025\/05\/Klemen-Avsec-768x960.webp 768w\" sizes=\"(max-width: 800px) 100vw, 800px\"><div class=\"bde-text-278-102-746-278-1 bde-text bde-text-278-102\">\nDott. Klemen Avsec, Dott. med.\n<\/div><div class=\"bde-text-278-103-746-278-1 bde-text bde-text-278-103\">\nspecialista in chirurgia ortopedica\n<\/div><div class=\"bde-text-278-104-746-278-1 bde-text bde-text-278-104\">\nSi occupa principalmente dell&#039;usura iniziale e avanzata delle articolazioni del ginocchio e dell&#039;anca e del loro trattamento chirurgico.\n<\/div>\n\n<\/a>    <\/article>\n    <article class=\"bde-loop-item ee-post\">\n        <a class=\"bde-container-link-278-100-721-278-1 bde-container-link bde-container-link-278-100 breakdance-link\" href=\"https:\/\/md-medicina.si\/it\/zdravnik\/dr-klemen-bosnjak-dr-med\/\" target=\"_self\" data-type=\"url\">\n  \n  \n\t\n\n\n\n<img decoding=\"async\" class=\"bde-image2-278-101-721-278-1 bde-image2 bde-image2-278-101\" src=\"https:\/\/md-medicina.si\/wp-content\/uploads\/2025\/05\/dr.-Klemen-Bosnjak-dr.-med.webp\" loading=\"lazy\" srcset=\"https:\/\/md-medicina.si\/wp-content\/uploads\/2025\/05\/dr.-Klemen-Bosnjak-dr.-med.webp 800w, https:\/\/md-medicina.si\/wp-content\/uploads\/2025\/05\/dr.-Klemen-Bosnjak-dr.-med-240x300.webp 240w, https:\/\/md-medicina.si\/wp-content\/uploads\/2025\/05\/dr.-Klemen-Bosnjak-dr.-med-768x960.webp 768w\" sizes=\"(max-width: 800px) 100vw, 800px\"><div class=\"bde-text-278-102-721-278-1 bde-text bde-text-278-102\">\nDott. Klemen Bo\u0161njak, Dott. med.\n<\/div><div class=\"bde-text-278-103-721-278-1 bde-text bde-text-278-103\">\nspecialista in chirurgia ortopedica\n<\/div><div class=\"bde-text-278-104-721-278-1 bde-text bde-text-278-104\">\nNel suo lavoro si occupa principalmente di patologie della colonna vertebrale.\n<\/div>\n\n<\/a>    <\/article>\n    <article class=\"bde-loop-item ee-post\">\n        <a class=\"bde-container-link-278-100-725-278-1 bde-container-link bde-container-link-278-100 breakdance-link\" href=\"https:\/\/md-medicina.si\/it\/zdravnik\/asist-dr-urban-brulc-dr-med\/\" target=\"_self\" data-type=\"url\">\n  \n  \n\t\n\n\n\n<img decoding=\"async\" class=\"bde-image2-278-101-725-278-1 bde-image2 bde-image2-278-101\" src=\"https:\/\/md-medicina.si\/wp-content\/uploads\/2025\/05\/asist.-dr.-Urban-Brulc-dr.-med.-specialist-ortopedske-kirurgije.webp\" loading=\"lazy\" srcset=\"https:\/\/md-medicina.si\/wp-content\/uploads\/2025\/05\/asist.-dr.-Urban-Brulc-dr.-med.-specialist-ortopedske-kirurgije.webp 800w, https:\/\/md-medicina.si\/wp-content\/uploads\/2025\/05\/asist.-dr.-Urban-Brulc-dr.-med.-specialist-ortopedske-kirurgije-240x300.webp 240w, https:\/\/md-medicina.si\/wp-content\/uploads\/2025\/05\/asist.-dr.-Urban-Brulc-dr.-med.-specialist-ortopedske-kirurgije-768x960.webp 768w\" sizes=\"(max-width: 800px) 100vw, 800px\"><div class=\"bde-text-278-102-725-278-1 bde-text bde-text-278-102\">\nAssistere. Dott. Urban Brulc, Dott.\n<\/div><div class=\"bde-text-278-103-725-278-1 bde-text bde-text-278-103\">\nspecialista in chirurgia ortopedica\n<\/div><div class=\"bde-text-278-104-725-278-1 bde-text bde-text-278-104\">\nSi occupa principalmente di problemi legati alla colonna vertebrale e alle articolazioni.\n<\/div>\n\n<\/a>    <\/article>\n    <article class=\"bde-loop-item ee-post\">\n        <a class=\"bde-container-link-278-100-752-278-1 bde-container-link bde-container-link-278-100 breakdance-link\" href=\"https:\/\/md-medicina.si\/it\/zdravnik\/ljubka-dimitrovska-dr-med\/\" target=\"_self\" data-type=\"url\">\n  \n  \n\t\n\n\n\n<img decoding=\"async\" class=\"bde-image2-278-101-752-278-1 bde-image2 bde-image2-278-101\" src=\"https:\/\/md-medicina.si\/wp-content\/uploads\/2025\/05\/Ljupka-Dimitrovska-dr.med_.webp\" loading=\"lazy\" srcset=\"https:\/\/md-medicina.si\/wp-content\/uploads\/2025\/05\/Ljupka-Dimitrovska-dr.med_.webp 800w, https:\/\/md-medicina.si\/wp-content\/uploads\/2025\/05\/Ljupka-Dimitrovska-dr.med_-240x300.webp 240w, https:\/\/md-medicina.si\/wp-content\/uploads\/2025\/05\/Ljupka-Dimitrovska-dr.med_-768x960.webp 768w\" sizes=\"(max-width: 800px) 100vw, 800px\"><div class=\"bde-text-278-102-752-278-1 bde-text bde-text-278-102\">\nDott.ssa Ljupka Dimitrovska, Dott. med.\n<\/div><div class=\"bde-text-278-103-752-278-1 bde-text bde-text-278-103\">\nspecialista in cardiologia e medicina vascolare\n<\/div><div class=\"bde-text-278-104-752-278-1 bde-text bde-text-278-104\">\nSpecializzato in imaging cardiaco non invasivo, con certificazioni internazionali. Sottospecializzazione clinica e di ricerca focalizzata sul trattamento delle cardiopatie strutturali, in particolare delle valvulopatie cardiache.\n<\/div>\n\n<\/a>    <\/article>\n    <article class=\"bde-loop-item ee-post\">\n        <a class=\"bde-container-link-278-100-739-278-1 bde-container-link bde-container-link-278-100 breakdance-link\" href=\"https:\/\/md-medicina.si\/it\/zdravnik\/prof-dr-drago-dolinar-dr-med\/\" target=\"_self\" data-type=\"url\">\n  \n  \n\t\n\n\n\n<img decoding=\"async\" class=\"bde-image2-278-101-739-278-1 bde-image2 bde-image2-278-101\" src=\"https:\/\/md-medicina.si\/wp-content\/uploads\/2025\/05\/prof.-dr.-Drago-Dolinar-dr.-med.webp\" loading=\"lazy\" srcset=\"https:\/\/md-medicina.si\/wp-content\/uploads\/2025\/05\/prof.-dr.-Drago-Dolinar-dr.-med.webp 800w, https:\/\/md-medicina.si\/wp-content\/uploads\/2025\/05\/prof.-dr.-Drago-Dolinar-dr.-med-240x300.webp 240w, https:\/\/md-medicina.si\/wp-content\/uploads\/2025\/05\/prof.-dr.-Drago-Dolinar-dr.-med-768x960.webp 768w\" sizes=\"(max-width: 800px) 100vw, 800px\"><div class=\"bde-text-278-102-739-278-1 bde-text bde-text-278-102\">\nProf. Dott. Drago Dolinar, Dott. med.\n<\/div><div class=\"bde-text-278-103-739-278-1 bde-text bde-text-278-103\">\nspecialista in chirurgia ortopedica\n<\/div><div class=\"bde-text-278-104-739-278-1 bde-text bde-text-278-104\">\n\u00c8 specializzato nell&#039;esecuzione di metodi chirurgici mininvasivi nel campo della chirurgia ortopedica.\n<\/div>\n\n<\/a>    <\/article>\n    <article class=\"bde-loop-item ee-post\">\n        <a class=\"bde-container-link-278-100-747-278-1 bde-container-link bde-container-link-278-100 breakdance-link\" href=\"https:\/\/md-medicina.si\/it\/zdravnik\/cvetka-dragos-jancar-dr-med\/\" target=\"_self\" data-type=\"url\">\n  \n  \n\t\n\n\n\n<img decoding=\"async\" class=\"bde-image2-278-101-747-278-1 bde-image2 bde-image2-278-101\" src=\"https:\/\/md-medicina.si\/wp-content\/uploads\/2025\/05\/cvetka-dragos-jancar-dr-med2.webp\" loading=\"lazy\" srcset=\"https:\/\/md-medicina.si\/wp-content\/uploads\/2025\/05\/cvetka-dragos-jancar-dr-med2.webp 800w, https:\/\/md-medicina.si\/wp-content\/uploads\/2025\/05\/cvetka-dragos-jancar-dr-med2-240x300.webp 240w, https:\/\/md-medicina.si\/wp-content\/uploads\/2025\/05\/cvetka-dragos-jancar-dr-med2-768x960.webp 768w, https:\/\/md-medicina.si\/wp-content\/uploads\/2025\/05\/cvetka-dragos-jancar-dr-med2-10x12.webp 10w\" sizes=\"(max-width: 800px) 100vw, 800px\"><div class=\"bde-text-278-102-747-278-1 bde-text bde-text-278-102\">\nDott.ssa Cvetka Drago\u0161 Jan\u010dar, Dott. med.\n<\/div><div class=\"bde-text-278-103-747-278-1 bde-text bde-text-278-103\">\nspecialista pediatrico\n<\/div><div class=\"bde-text-278-104-747-278-1 bde-text bde-text-278-104\">\nDa molti anni concentra la sua attivit\u00e0 sulla prevenzione, rivolta sia ai bambini che agli adulti. Ha contribuito in modo significativo al riconoscimento degli esami di gestione preventiva con il libro &#034;Healthy Manager - Successful Management&#034;.\n<\/div>\n\n<\/a>    <\/article>\n    <article class=\"bde-loop-item ee-post\">\n        <a class=\"bde-container-link-278-100-740-278-1 bde-container-link bde-container-link-278-100 breakdance-link\" href=\"https:\/\/md-medicina.si\/it\/zdravnik\/prof-dr-matej-drobnic-dr-med\/\" target=\"_self\" data-type=\"url\">\n  \n  \n\t\n\n\n\n<img decoding=\"async\" class=\"bde-image2-278-101-740-278-1 bde-image2 bde-image2-278-101\" src=\"https:\/\/md-medicina.si\/wp-content\/uploads\/2025\/05\/Matej-Drobnic-dr.-med.webp\" loading=\"lazy\" srcset=\"https:\/\/md-medicina.si\/wp-content\/uploads\/2025\/05\/Matej-Drobnic-dr.-med.webp 800w, https:\/\/md-medicina.si\/wp-content\/uploads\/2025\/05\/Matej-Drobnic-dr.-med-240x300.webp 240w, https:\/\/md-medicina.si\/wp-content\/uploads\/2025\/05\/Matej-Drobnic-dr.-med-768x960.webp 768w\" sizes=\"(max-width: 800px) 100vw, 800px\"><div class=\"bde-text-278-102-740-278-1 bde-text bde-text-278-102\">\nProf. Dott. Matej Drobni\u010d, Dott. med.\n<\/div><div class=\"bde-text-278-103-740-278-1 bde-text bde-text-278-103\">\nspecialista in chirurgia ortopedica\n<\/div><div class=\"bde-text-278-104-740-278-1 bde-text bde-text-278-104\">\nSi occupa principalmente di infortuni sportivi alle ginocchia, patologie rotulee, lesioni e patologie dell&#039;articolazione della caviglia superiore e inferiore e del piede.\n<\/div>\n\n<\/a>    <\/article>\n    <article class=\"bde-loop-item ee-post\">\n        <a class=\"bde-container-link-278-100-760-278-1 bde-container-link bde-container-link-278-100 breakdance-link\" href=\"https:\/\/md-medicina.si\/it\/zdravnik\/dejan-galic-dr-med\/\" target=\"_self\" data-type=\"url\">\n  \n  \n\t\n\n\n\n<img decoding=\"async\" class=\"bde-image2-278-101-760-278-1 bde-image2 bde-image2-278-101\" src=\"https:\/\/md-medicina.si\/wp-content\/uploads\/2025\/05\/Dejan-Galic-dr.-med.webp\" loading=\"lazy\" srcset=\"https:\/\/md-medicina.si\/wp-content\/uploads\/2025\/05\/Dejan-Galic-dr.-med.webp 800w, https:\/\/md-medicina.si\/wp-content\/uploads\/2025\/05\/Dejan-Galic-dr.-med-240x300.webp 240w, https:\/\/md-medicina.si\/wp-content\/uploads\/2025\/05\/Dejan-Galic-dr.-med-768x960.webp 768w\" sizes=\"(max-width: 800px) 100vw, 800px\"><div class=\"bde-text-278-102-760-278-1 bde-text bde-text-278-102\">\nDott. Dejan Gali\u010d, FEBU, FECSM\n<\/div><div class=\"bde-text-278-103-760-278-1 bde-text bde-text-278-103\">\nspecialista in urologia\n<\/div><div class=\"bde-text-278-104-760-278-1 bde-text bde-text-278-104\">\nSi occupa di urologia generale, in particolare di oncologia urologica e problemi alla prostata, nonch\u00e9 di medicina sessuale.\n<\/div>\n\n<\/a>    <\/article>\n    <article class=\"bde-loop-item ee-post\">\n        <a class=\"bde-container-link-278-100-731-278-1 bde-container-link bde-container-link-278-100 breakdance-link\" href=\"https:\/\/md-medicina.si\/it\/zdravnik\/doc-dr-simon-hawlina-dr-med-febu\/\" target=\"_self\" data-type=\"url\">\n  \n  \n\t\n\n\n\n<img decoding=\"async\" class=\"bde-image2-278-101-731-278-1 bde-image2 bde-image2-278-101\" src=\"https:\/\/md-medicina.si\/wp-content\/uploads\/2025\/05\/Doc.-dr.-Simon-Hawlina-dr.-med.-FEBU.webp\" loading=\"lazy\" srcset=\"https:\/\/md-medicina.si\/wp-content\/uploads\/2025\/05\/Doc.-dr.-Simon-Hawlina-dr.-med.-FEBU.webp 800w, https:\/\/md-medicina.si\/wp-content\/uploads\/2025\/05\/Doc.-dr.-Simon-Hawlina-dr.-med.-FEBU-240x300.webp 240w, https:\/\/md-medicina.si\/wp-content\/uploads\/2025\/05\/Doc.-dr.-Simon-Hawlina-dr.-med.-FEBU-768x960.webp 768w\" sizes=\"(max-width: 800px) 100vw, 800px\"><div class=\"bde-text-278-102-731-278-1 bde-text bde-text-278-102\">\nAss. Prof. Dott. Simon Hawlina, Dott. med., FEBBRAIO\n<\/div><div class=\"bde-text-278-103-731-278-1 bde-text bde-text-278-103\">\nspecialista in urologia\n<\/div><div class=\"bde-text-278-104-731-278-1 bde-text bde-text-278-104\">\nEsegue un&#039;ampia gamma di interventi chirurgici urologici, concentrandosi sulle tecniche mini-invasive.\n<\/div>\n\n<\/a>    <\/article>\n    <article class=\"bde-loop-item ee-post\">\n        <a class=\"bde-container-link-278-100-3362-278-1 bde-container-link bde-container-link-278-100 breakdance-link\" href=\"https:\/\/md-medicina.si\/it\/zdravnik\/sebastian-jersinovic-dr-med-febu\/\" target=\"_self\" data-type=\"url\">\n  \n  \n\t\n\n\n\n<img decoding=\"async\" class=\"bde-image2-278-101-3362-278-1 bde-image2 bde-image2-278-101\" src=\"https:\/\/md-medicina.si\/wp-content\/uploads\/2026\/01\/Jersinovic-scaled.jpg\" loading=\"lazy\" srcset=\"https:\/\/md-medicina.si\/wp-content\/uploads\/2026\/01\/Jersinovic-scaled.jpg 1707w, https:\/\/md-medicina.si\/wp-content\/uploads\/2026\/01\/Jersinovic-200x300.jpg 200w, https:\/\/md-medicina.si\/wp-content\/uploads\/2026\/01\/Jersinovic-683x1024.jpg 683w, https:\/\/md-medicina.si\/wp-content\/uploads\/2026\/01\/Jersinovic-768x1152.jpg 768w, https:\/\/md-medicina.si\/wp-content\/uploads\/2026\/01\/Jersinovic-1024x1536.jpg 1024w, https:\/\/md-medicina.si\/wp-content\/uploads\/2026\/01\/Jersinovic-1365x2048.jpg 1365w, https:\/\/md-medicina.si\/wp-content\/uploads\/2026\/01\/Jersinovic-8x12.jpg 8w\" sizes=\"(max-width: 1707px) 100vw, 1707px\"><div class=\"bde-text-278-102-3362-278-1 bde-text bde-text-278-102\">\ndr. Sebastian Jer\u0161inovi\u010d, dr. med., FEBU\n<\/div><div class=\"bde-text-278-103-3362-278-1 bde-text bde-text-278-103\">\nspecialista in urologia\n<\/div><div class=\"bde-text-278-104-3362-278-1 bde-text bde-text-278-104\">\nSpecializiran je za minimalno invazivno lasersko endoskopsko urologijo, vklju\u010dno z lasersko enukleacijo prostate (ThuFLEP) in laserskim drobljenjem ledvi\u010dnih kamnov (URS).\n<\/div>\n\n<\/a>    <\/article>\n    <article class=\"bde-loop-item ee-post\">\n        <a class=\"bde-container-link-278-100-720-278-1 bde-container-link bde-container-link-278-100 breakdance-link\" href=\"https:\/\/md-medicina.si\/it\/zdravnik\/dr-mojca-kirbis-dr-med-specialistka-nevrologije\/\" target=\"_self\" data-type=\"url\">\n  \n  \n\t\n\n\n\n<img decoding=\"async\" class=\"bde-image2-278-101-720-278-1 bde-image2 bde-image2-278-101\" src=\"https:\/\/md-medicina.si\/wp-content\/uploads\/2025\/05\/dr.-Mojca-Kirbis-dr.-med.webp\" loading=\"lazy\" srcset=\"https:\/\/md-medicina.si\/wp-content\/uploads\/2025\/05\/dr.-Mojca-Kirbis-dr.-med.webp 800w, https:\/\/md-medicina.si\/wp-content\/uploads\/2025\/05\/dr.-Mojca-Kirbis-dr.-med-240x300.webp 240w, https:\/\/md-medicina.si\/wp-content\/uploads\/2025\/05\/dr.-Mojca-Kirbis-dr.-med-768x960.webp 768w\" sizes=\"(max-width: 800px) 100vw, 800px\"><div class=\"bde-text-278-102-720-278-1 bde-text bde-text-278-102\">\nDott.ssa Mojca Kirbi\u0161, Dott. med., FEBN\n<\/div><div class=\"bde-text-278-103-720-278-1 bde-text bde-text-278-103\">\nspecialista in neurologia\n<\/div><div class=\"bde-text-278-104-720-278-1 bde-text bde-text-278-104\">\nSi concentra in particolare sulla sincope, sui disturbi del sistema nervoso autonomo, sui danni alle fibre nervose periferiche e sulla diagnostica elettrofisiologica.\n<\/div>\n\n<\/a>    <\/article>\n    <article class=\"bde-loop-item ee-post\">\n        <a class=\"bde-container-link-278-100-2325-278-1 bde-container-link bde-container-link-278-100 breakdance-link\" href=\"https:\/\/md-medicina.si\/it\/zdravnik\/doc-dr-simona-kirbis-dr-med\/\" target=\"_self\" data-type=\"url\">\n  \n  \n\t\n\n\n\n<img decoding=\"async\" class=\"bde-image2-278-101-2325-278-1 bde-image2 bde-image2-278-101\" src=\"https:\/\/md-medicina.si\/wp-content\/uploads\/2025\/07\/doc.dr_.-Simona-Kirbis-dr.med_.webp\" loading=\"lazy\" srcset=\"https:\/\/md-medicina.si\/wp-content\/uploads\/2025\/07\/doc.dr_.-Simona-Kirbis-dr.med_.webp 800w, https:\/\/md-medicina.si\/wp-content\/uploads\/2025\/07\/doc.dr_.-Simona-Kirbis-dr.med_-240x300.webp 240w, https:\/\/md-medicina.si\/wp-content\/uploads\/2025\/07\/doc.dr_.-Simona-Kirbis-dr.med_-768x960.webp 768w, https:\/\/md-medicina.si\/wp-content\/uploads\/2025\/07\/doc.dr_.-Simona-Kirbis-dr.med_-10x12.webp 10w\" sizes=\"(max-width: 800px) 100vw, 800px\"><div class=\"bde-text-278-102-2325-278-1 bde-text bde-text-278-102\">\ndoc.dr. Simona Kirbi\u0161, dr.med\n<\/div><div class=\"bde-text-278-103-2325-278-1 bde-text bde-text-278-103\">\nspecialista in medicina interna\n<\/div><div class=\"bde-text-278-104-2325-278-1 bde-text bde-text-278-104\">\nSi occupa della diagnosi, cura e monitoraggio delle malattie cardiovascolari.\n<\/div>\n\n<\/a>    <\/article>\n    <article class=\"bde-loop-item ee-post\">\n        <a class=\"bde-container-link-278-100-729-278-1 bde-container-link bde-container-link-278-100 breakdance-link\" href=\"https:\/\/md-medicina.si\/it\/zdravnik\/prof-dr-andrej-kmetec-dr-med\/\" target=\"_self\" data-type=\"url\">\n  \n  \n\t\n\n\n\n<img decoding=\"async\" class=\"bde-image2-278-101-729-278-1 bde-image2 bde-image2-278-101\" src=\"https:\/\/md-medicina.si\/wp-content\/uploads\/2025\/05\/prof.-dr.-Andrej-Kmetec-dr.-med.webp\" loading=\"lazy\" srcset=\"https:\/\/md-medicina.si\/wp-content\/uploads\/2025\/05\/prof.-dr.-Andrej-Kmetec-dr.-med.webp 800w, https:\/\/md-medicina.si\/wp-content\/uploads\/2025\/05\/prof.-dr.-Andrej-Kmetec-dr.-med-240x300.webp 240w, https:\/\/md-medicina.si\/wp-content\/uploads\/2025\/05\/prof.-dr.-Andrej-Kmetec-dr.-med-768x960.webp 768w\" sizes=\"(max-width: 800px) 100vw, 800px\"><div class=\"bde-text-278-102-729-278-1 bde-text bde-text-278-102\">\nProf. Dott. Andrej Kmetec, Dott. med.\n<\/div><div class=\"bde-text-278-103-729-278-1 bde-text bde-text-278-103\">\nspecialista in urologia\n<\/div><div class=\"bde-text-278-104-729-278-1 bde-text bde-text-278-104\">\nSi occupa del trattamento completo dei problemi del tratto urinario.\n<\/div>\n\n<\/a>    <\/article>\n    <article class=\"bde-loop-item ee-post\">\n        <a class=\"bde-container-link-278-100-2182-278-1 bde-container-link bde-container-link-278-100 breakdance-link\" href=\"https:\/\/md-medicina.si\/it\/zdravnik\/mojca-knez-dr-med-dr-dent-med-spec-maksilofacialne-in-oralne-kirurgije\/\" target=\"_self\" data-type=\"url\">\n  \n  \n\t\n\n\n\n<img decoding=\"async\" class=\"bde-image2-278-101-2182-278-1 bde-image2 bde-image2-278-101\" src=\"https:\/\/md-medicina.si\/wp-content\/uploads\/2025\/07\/Mojca-Knezdr.meddr_.dent_.med_.-.webp\" loading=\"lazy\" srcset=\"https:\/\/md-medicina.si\/wp-content\/uploads\/2025\/07\/Mojca-Knezdr.meddr_.dent_.med_.-.webp 800w, https:\/\/md-medicina.si\/wp-content\/uploads\/2025\/07\/Mojca-Knezdr.meddr_.dent_.med_.--240x300.webp 240w, https:\/\/md-medicina.si\/wp-content\/uploads\/2025\/07\/Mojca-Knezdr.meddr_.dent_.med_.--768x960.webp 768w, https:\/\/md-medicina.si\/wp-content\/uploads\/2025\/07\/Mojca-Knezdr.meddr_.dent_.med_.--10x12.webp 10w\" sizes=\"(max-width: 800px) 100vw, 800px\"><div class=\"bde-text-278-102-2182-278-1 bde-text bde-text-278-102\">\nMojca Knez, dr.med., dr.dent. med.\n<\/div><div class=\"bde-text-278-103-2182-278-1 bde-text bde-text-278-103\">\nspecialista in chirurgia maxillo-facciale e orale\n<\/div><div class=\"bde-text-278-104-2182-278-1 bde-text bde-text-278-104\">\nEsegue visite specialistiche e l\u2019intera gamma di interventi: dalla chirurgia orale semplice e complessa e implantologia fino agli interventi ortognatici.\n<\/div>\n\n<\/a>    <\/article>\n    <article class=\"bde-loop-item ee-post\">\n        <a class=\"bde-container-link-278-100-761-278-1 bde-container-link bde-container-link-278-100 breakdance-link\" href=\"https:\/\/md-medicina.si\/it\/zdravnik\/mile-knezevic-dr-med\/\" target=\"_self\" data-type=\"url\">\n  \n  \n\t\n\n\n\n<img decoding=\"async\" class=\"bde-image2-278-101-761-278-1 bde-image2 bde-image2-278-101\" src=\"https:\/\/md-medicina.si\/wp-content\/uploads\/2025\/05\/mile-knezevic-dr.med2_.webp\" loading=\"lazy\" srcset=\"https:\/\/md-medicina.si\/wp-content\/uploads\/2025\/05\/mile-knezevic-dr.med2_.webp 800w, https:\/\/md-medicina.si\/wp-content\/uploads\/2025\/05\/mile-knezevic-dr.med2_-240x300.webp 240w, https:\/\/md-medicina.si\/wp-content\/uploads\/2025\/05\/mile-knezevic-dr.med2_-768x960.webp 768w, https:\/\/md-medicina.si\/wp-content\/uploads\/2025\/05\/mile-knezevic-dr.med2_-10x12.webp 10w\" sizes=\"(max-width: 800px) 100vw, 800px\"><div class=\"bde-text-278-102-761-278-1 bde-text bde-text-278-102\">\nDott. Mile Kne\u017eevi\u0107, Dott. med.\n<\/div><div class=\"bde-text-278-103-761-278-1 bde-text bde-text-278-103\">\nspecialista in anestesiologia, rianimazione e terapia intensiva perioperatoria\n<\/div><div class=\"bde-text-278-104-761-278-1 bde-text bde-text-278-104\">\n\u00c8 profondamente interessato all&#039;anestesia regionale e ai blocchi dei nervi periferici ecoguidati.\n<\/div>\n\n<\/a>    <\/article>\n    <article class=\"bde-loop-item ee-post\">\n        <a class=\"bde-container-link-278-100-748-278-1 bde-container-link bde-container-link-278-100 breakdance-link\" href=\"https:\/\/md-medicina.si\/it\/zdravnik\/snezana-kocijancic-dr-med\/\" target=\"_self\" data-type=\"url\">\n  \n  \n\t\n\n\n\n<img decoding=\"async\" class=\"bde-image2-278-101-748-278-1 bde-image2 bde-image2-278-101\" src=\"https:\/\/md-medicina.si\/wp-content\/uploads\/2025\/05\/Snezana-Kocijancic-dr.-med.webp\" loading=\"lazy\" srcset=\"https:\/\/md-medicina.si\/wp-content\/uploads\/2025\/05\/Snezana-Kocijancic-dr.-med.webp 800w, https:\/\/md-medicina.si\/wp-content\/uploads\/2025\/05\/Snezana-Kocijancic-dr.-med-240x300.webp 240w, https:\/\/md-medicina.si\/wp-content\/uploads\/2025\/05\/Snezana-Kocijancic-dr.-med-768x960.webp 768w\" sizes=\"(max-width: 800px) 100vw, 800px\"><div class=\"bde-text-278-102-748-278-1 bde-text bde-text-278-102\">\nDott.ssa Sne\u017eana Kocijan\u010di\u010d, Dott. med.\n<\/div><div class=\"bde-text-278-103-748-278-1 bde-text bde-text-278-103\">\nspecialista in medicina generale\n<\/div><div class=\"bde-text-278-104-748-278-1 bde-text bde-text-278-104\">\nSpecializzato in medicina generale, con molti anni di esperienza nell&#039;insegnamento e il titolo di santo.\r\n\r\n\r\n\r\n\r\n\r\n\r\n\r\n\n<\/div>\n\n<\/a>    <\/article>\n    <article class=\"bde-loop-item ee-post\">\n        <a class=\"bde-container-link-278-100-742-278-1 bde-container-link bde-container-link-278-100 breakdance-link\" href=\"https:\/\/md-medicina.si\/it\/zdravnik\/dr-robert-kosak-dr-med\/\" target=\"_self\" data-type=\"url\">\n  \n  \n\t\n\n\n\n<img decoding=\"async\" class=\"bde-image2-278-101-742-278-1 bde-image2 bde-image2-278-101\" src=\"https:\/\/md-medicina.si\/wp-content\/uploads\/2025\/05\/dr.-Robert-Kosak-dr.med_.webp\" loading=\"lazy\" srcset=\"https:\/\/md-medicina.si\/wp-content\/uploads\/2025\/05\/dr.-Robert-Kosak-dr.med_.webp 800w, https:\/\/md-medicina.si\/wp-content\/uploads\/2025\/05\/dr.-Robert-Kosak-dr.med_-240x300.webp 240w, https:\/\/md-medicina.si\/wp-content\/uploads\/2025\/05\/dr.-Robert-Kosak-dr.med_-768x960.webp 768w\" sizes=\"(max-width: 800px) 100vw, 800px\"><div class=\"bde-text-278-102-742-278-1 bde-text bde-text-278-102\">\nDott. Robert Ko\u0161ak, Dott. med.\n<\/div><div class=\"bde-text-278-103-742-278-1 bde-text bde-text-278-103\">\nspecialista in chirurgia ortopedica\n<\/div><div class=\"bde-text-278-104-742-278-1 bde-text bde-text-278-104\">\n\u00c8 specializzato principalmente nel campo della colonna vertebrale: esegue interventi chirurgici su tutta la colonna vertebrale, dalla cervicale, toracica e lombare.\n<\/div>\n\n<\/a>    <\/article>\n    <article class=\"bde-loop-item ee-post\">\n        <a class=\"bde-container-link-278-100-1759-278-1 bde-container-link bde-container-link-278-100 breakdance-link\" href=\"https:\/\/md-medicina.si\/it\/zdravnik\/1759\/\" target=\"_self\" data-type=\"url\">\n  \n  \n\t\n\n\n\n<img decoding=\"async\" class=\"bde-image2-278-101-1759-278-1 bde-image2 bde-image2-278-101\" src=\"https:\/\/md-medicina.si\/wp-content\/uploads\/2025\/05\/Anze-Kristan-1.webp\" loading=\"lazy\" srcset=\"https:\/\/md-medicina.si\/wp-content\/uploads\/2025\/05\/Anze-Kristan-1.webp 800w, https:\/\/md-medicina.si\/wp-content\/uploads\/2025\/05\/Anze-Kristan-1-240x300.webp 240w, https:\/\/md-medicina.si\/wp-content\/uploads\/2025\/05\/Anze-Kristan-1-768x960.webp 768w\" sizes=\"(max-width: 800px) 100vw, 800px\"><div class=\"bde-text-278-102-1759-278-1 bde-text bde-text-278-102\">\nProf. Dott. An\u017ee Kristan, Dott. med.\n<\/div><div class=\"bde-text-278-103-1759-278-1 bde-text bde-text-278-103\">\nspecialista in traumatologia\n<\/div><div class=\"bde-text-278-104-1759-278-1 bde-text bde-text-278-104\">\nSpecialista esperto in traumatologia e chirurgia generale con vasta esperienza a livello internazionale e un ruolo di primo piano nella formazione di specialisti chirurghi in Europa e Africa.\n<\/div>\n\n<\/a>    <\/article>\n    <article class=\"bde-loop-item ee-post\">\n        <a class=\"bde-container-link-278-100-743-278-1 bde-container-link bde-container-link-278-100 breakdance-link\" href=\"https:\/\/md-medicina.si\/it\/zdravnik\/asist-dr-david-martincic-dr-med\/\" target=\"_self\" data-type=\"url\">\n  \n  \n\t\n\n\n\n<img decoding=\"async\" class=\"bde-image2-278-101-743-278-1 bde-image2 bde-image2-278-101\" src=\"https:\/\/md-medicina.si\/wp-content\/uploads\/2025\/05\/asist.-dr.-David-Martincic-dr.-med.webp\" loading=\"lazy\" srcset=\"https:\/\/md-medicina.si\/wp-content\/uploads\/2025\/05\/asist.-dr.-David-Martincic-dr.-med.webp 800w, https:\/\/md-medicina.si\/wp-content\/uploads\/2025\/05\/asist.-dr.-David-Martincic-dr.-med-240x300.webp 240w, https:\/\/md-medicina.si\/wp-content\/uploads\/2025\/05\/asist.-dr.-David-Martincic-dr.-med-768x960.webp 768w\" sizes=\"(max-width: 800px) 100vw, 800px\"><div class=\"bde-text-278-102-743-278-1 bde-text bde-text-278-102\">\nAssistere. Dott. David Martin\u010di\u010d, Dott. med.\n<\/div><div class=\"bde-text-278-103-743-278-1 bde-text bde-text-278-103\">\nspecialista in chirurgia ortopedica\n<\/div><div class=\"bde-text-278-104-743-278-1 bde-text bde-text-278-104\">\nIl suo lavoro si concentra sull&#039;ortopedia sportiva e sulla chirurgia dei tumori ossei.\n<\/div>\n\n<\/a>    <\/article>\n    <article class=\"bde-loop-item ee-post\">\n        <a class=\"bde-container-link-278-100-722-278-1 bde-container-link bde-container-link-278-100 breakdance-link\" href=\"https:\/\/md-medicina.si\/it\/zdravnik\/asist-dr-bostjan-matos-dr-med\/\" target=\"_self\" data-type=\"url\">\n  \n  \n\t\n\n\n\n<img decoding=\"async\" class=\"bde-image2-278-101-722-278-1 bde-image2 bde-image2-278-101\" src=\"https:\/\/md-medicina.si\/wp-content\/uploads\/2025\/05\/dr.-Bostjan-Matos-dr.-med.webp\" loading=\"lazy\" srcset=\"https:\/\/md-medicina.si\/wp-content\/uploads\/2025\/05\/dr.-Bostjan-Matos-dr.-med.webp 800w, https:\/\/md-medicina.si\/wp-content\/uploads\/2025\/05\/dr.-Bostjan-Matos-dr.-med-240x300.webp 240w, https:\/\/md-medicina.si\/wp-content\/uploads\/2025\/05\/dr.-Bostjan-Matos-dr.-med-768x960.webp 768w\" sizes=\"(max-width: 800px) 100vw, 800px\"><div class=\"bde-text-278-102-722-278-1 bde-text bde-text-278-102\">\nAssistere. Dott. Bo\u0161tjan Matos, Dott. med.\n<\/div><div class=\"bde-text-278-103-722-278-1 bde-text bde-text-278-103\">\nspecialista in neurochirurgia\n<\/div><div class=\"bde-text-278-104-722-278-1 bde-text bde-text-278-104\">\nSi occupa principalmente dei processi patologici del cervello e del midollo spinale, nonch\u00e9 dei processi correlati al dolore nella colonna lombare e cervicale.\n<\/div>\n\n<\/a>    <\/article>\n    <article class=\"bde-loop-item ee-post\">\n        <a class=\"bde-container-link-278-100-744-278-1 bde-container-link bde-container-link-278-100 breakdance-link\" href=\"https:\/\/md-medicina.si\/it\/zdravnik\/doc-dr-uros-meglic-dr-med\/\" target=\"_self\" data-type=\"url\">\n  \n  \n\t\n\n\n\n<img decoding=\"async\" class=\"bde-image2-278-101-744-278-1 bde-image2 bde-image2-278-101\" src=\"https:\/\/md-medicina.si\/wp-content\/uploads\/2025\/05\/doc.dr_.-Uros-Meglic-dr.-med.webp\" loading=\"lazy\" srcset=\"https:\/\/md-medicina.si\/wp-content\/uploads\/2025\/05\/doc.dr_.-Uros-Meglic-dr.-med.webp 800w, https:\/\/md-medicina.si\/wp-content\/uploads\/2025\/05\/doc.dr_.-Uros-Meglic-dr.-med-240x300.webp 240w, https:\/\/md-medicina.si\/wp-content\/uploads\/2025\/05\/doc.dr_.-Uros-Meglic-dr.-med-768x960.webp 768w\" sizes=\"(max-width: 800px) 100vw, 800px\"><div class=\"bde-text-278-102-744-278-1 bde-text bde-text-278-102\">\nProf. Assist. Uro\u0161 Megli\u010d, Dott. med., PhD\n<\/div><div class=\"bde-text-278-103-744-278-1 bde-text bde-text-278-103\">\nspecialista in chirurgia ortopedica\n<\/div><div class=\"bde-text-278-104-744-278-1 bde-text bde-text-278-104\">\nSi concentra sul trattamento di lesioni e patologie delle articolazioni della spalla e del gomito.\n<\/div>\n\n<\/a>    <\/article>\n    <article class=\"bde-loop-item ee-post\">\n        <a class=\"bde-container-link-278-100-2207-278-1 bde-container-link bde-container-link-278-100 breakdance-link\" href=\"https:\/\/md-medicina.si\/it\/zdravnik\/maja-merkun-dr-med\/\" target=\"_self\" data-type=\"url\">\n  \n  \n\t\n\n\n\n<img decoding=\"async\" class=\"bde-image2-278-101-2207-278-1 bde-image2 bde-image2-278-101\" src=\"https:\/\/md-medicina.si\/wp-content\/uploads\/2025\/07\/Mateja-Lasic.webp\" loading=\"lazy\" srcset=\"https:\/\/md-medicina.si\/wp-content\/uploads\/2025\/07\/Mateja-Lasic.webp 800w, https:\/\/md-medicina.si\/wp-content\/uploads\/2025\/07\/Mateja-Lasic-240x300.webp 240w, https:\/\/md-medicina.si\/wp-content\/uploads\/2025\/07\/Mateja-Lasic-768x960.webp 768w, https:\/\/md-medicina.si\/wp-content\/uploads\/2025\/07\/Mateja-Lasic-10x12.webp 10w\" sizes=\"(max-width: 800px) 100vw, 800px\"><div class=\"bde-text-278-102-2207-278-1 bde-text bde-text-278-102\">\nMaja Merkun, dr.med.\n<\/div><div class=\"bde-text-278-103-2207-278-1 bde-text bde-text-278-103\">\nspecialista in ginecologia e ostetricia\n<\/div><div class=\"bde-text-278-104-2207-278-1 bde-text bde-text-278-104\">\nVodja dejavnosti ginekologije in porodni\u0161tva v MD medicina. Izvaja specialisti\u010dne preglede in \u0161irok nabor ginekolo\u0161kih posegov z osredoto\u010denostjo na celostnem, posameznici prilagojenem pristopu.\n<\/div>\n\n<\/a>    <\/article>\n    <article class=\"bde-loop-item ee-post\">\n        <a class=\"bde-container-link-278-100-749-278-1 bde-container-link bde-container-link-278-100 breakdance-link\" href=\"https:\/\/md-medicina.si\/it\/zdravnik\/miha-muzic-dr-med\/\" target=\"_self\" data-type=\"url\">\n  \n  \n\t\n\n\n\n<img decoding=\"async\" class=\"bde-image2-278-101-749-278-1 bde-image2 bde-image2-278-101\" src=\"https:\/\/md-medicina.si\/wp-content\/uploads\/2025\/05\/Miha-Muzic-dr.-med.webp\" loading=\"lazy\" srcset=\"https:\/\/md-medicina.si\/wp-content\/uploads\/2025\/05\/Miha-Muzic-dr.-med.webp 800w, https:\/\/md-medicina.si\/wp-content\/uploads\/2025\/05\/Miha-Muzic-dr.-med-240x300.webp 240w, https:\/\/md-medicina.si\/wp-content\/uploads\/2025\/05\/Miha-Muzic-dr.-med-768x960.webp 768w\" sizes=\"(max-width: 800px) 100vw, 800px\"><div class=\"bde-text-278-102-749-278-1 bde-text bde-text-278-102\">\nMiha Mu\u017ei\u010d, dr. med.\n<\/div><div class=\"bde-text-278-103-749-278-1 bde-text bde-text-278-103\">\nspecialist dru\u017einske medicine\n<\/div><div class=\"bde-text-278-104-749-278-1 bde-text bde-text-278-104\">\nSpecializiran za dru\u017einsko medicino z dodatnim znanjem iz interne medicine, dermatologije in urgentne diagnostike.\r\n\r\n\r\n\r\n\r\n\r\n\r\n\n<\/div>\n\n<\/a>    <\/article>\n    <article class=\"bde-loop-item ee-post\">\n        <a class=\"bde-container-link-278-100-755-278-1 bde-container-link bde-container-link-278-100 breakdance-link\" href=\"https:\/\/md-medicina.si\/it\/zdravnik\/prof-dr-zvezdan-pirtosek-dr-med\/\" target=\"_self\" data-type=\"url\">\n  \n  \n\t\n\n\n\n<img decoding=\"async\" class=\"bde-image2-278-101-755-278-1 bde-image2 bde-image2-278-101\" src=\"https:\/\/md-medicina.si\/wp-content\/uploads\/2025\/05\/prof.-dr.-Zvezdan-Pirtosek-dr.-med.webp\" loading=\"lazy\" srcset=\"https:\/\/md-medicina.si\/wp-content\/uploads\/2025\/05\/prof.-dr.-Zvezdan-Pirtosek-dr.-med.webp 800w, https:\/\/md-medicina.si\/wp-content\/uploads\/2025\/05\/prof.-dr.-Zvezdan-Pirtosek-dr.-med-240x300.webp 240w, https:\/\/md-medicina.si\/wp-content\/uploads\/2025\/05\/prof.-dr.-Zvezdan-Pirtosek-dr.-med-768x960.webp 768w\" sizes=\"(max-width: 800px) 100vw, 800px\"><div class=\"bde-text-278-102-755-278-1 bde-text bde-text-278-102\">\nProf. Dott. Zvezdan Pirto\u0161ek, Dott. med.\n<\/div><div class=\"bde-text-278-103-755-278-1 bde-text bde-text-278-103\">\nspecialista in neurologia\n<\/div><div class=\"bde-text-278-104-755-278-1 bde-text bde-text-278-104\">\nSi occupa principalmente di malattie neurodegenerative come il Parkinson e l&#039;Alzheimer.\n<\/div>\n\n<\/a>    <\/article>\n    <article class=\"bde-loop-item ee-post\">\n        <a class=\"bde-container-link-278-100-736-278-1 bde-container-link bde-container-link-278-100 breakdance-link\" href=\"https:\/\/md-medicina.si\/it\/zdravnik\/doc-dr-domen-plut-dr-med\/\" target=\"_self\" data-type=\"url\">\n  \n  \n\t\n\n\n\n<img decoding=\"async\" class=\"bde-image2-278-101-736-278-1 bde-image2 bde-image2-278-101\" src=\"https:\/\/md-medicina.si\/wp-content\/uploads\/2025\/05\/doc.-dr.-Domen-Plut-dr.-med.webp\" loading=\"lazy\" srcset=\"https:\/\/md-medicina.si\/wp-content\/uploads\/2025\/05\/doc.-dr.-Domen-Plut-dr.-med.webp 800w, https:\/\/md-medicina.si\/wp-content\/uploads\/2025\/05\/doc.-dr.-Domen-Plut-dr.-med-240x300.webp 240w, https:\/\/md-medicina.si\/wp-content\/uploads\/2025\/05\/doc.-dr.-Domen-Plut-dr.-med-768x960.webp 768w\" sizes=\"(max-width: 800px) 100vw, 800px\"><div class=\"bde-text-278-102-736-278-1 bde-text bde-text-278-102\">\nDott. Domen Plut, dott. med.\n<\/div><div class=\"bde-text-278-103-736-278-1 bde-text bde-text-278-103\">\nspecialista in radiologia\n<\/div><div class=\"bde-text-278-104-736-278-1 bde-text bde-text-278-104\">\nEsegue principalmente ecografie su bambini e adulti.\n<\/div>\n\n<\/a>    <\/article>\n    <article class=\"bde-loop-item ee-post\">\n        <a class=\"bde-container-link-278-100-737-278-1 bde-container-link bde-container-link-278-100 breakdance-link\" href=\"https:\/\/md-medicina.si\/it\/zdravnik\/asist-peter-slak-dr-med\/\" target=\"_self\" data-type=\"url\">\n  \n  \n\t\n\n\n\n<img decoding=\"async\" class=\"bde-image2-278-101-737-278-1 bde-image2 bde-image2-278-101\" src=\"https:\/\/md-medicina.si\/wp-content\/uploads\/2025\/05\/asist.-Peter-Slak-dr.-med.webp\" loading=\"lazy\" srcset=\"https:\/\/md-medicina.si\/wp-content\/uploads\/2025\/05\/asist.-Peter-Slak-dr.-med.webp 800w, https:\/\/md-medicina.si\/wp-content\/uploads\/2025\/05\/asist.-Peter-Slak-dr.-med-240x300.webp 240w, https:\/\/md-medicina.si\/wp-content\/uploads\/2025\/05\/asist.-Peter-Slak-dr.-med-768x960.webp 768w\" sizes=\"(max-width: 800px) 100vw, 800px\"><div class=\"bde-text-278-102-737-278-1 bde-text bde-text-278-102\">\nAssist. Peter Slak, Dott. med.\n<\/div><div class=\"bde-text-278-103-737-278-1 bde-text bde-text-278-103\">\nspecialista in radiologia\n<\/div><div class=\"bde-text-278-104-737-278-1 bde-text bde-text-278-104\">\nEsegue ecografie dell&#039;addome, delle vie urinarie, dei tessuti molli e degli organi cervicali su persone di tutte le et\u00e0.\n<\/div>\n\n<\/a>    <\/article>\n    <article class=\"bde-loop-item ee-post\">\n        <a class=\"bde-container-link-278-100-745-278-1 bde-container-link bde-container-link-278-100 breakdance-link\" href=\"https:\/\/md-medicina.si\/it\/zdravnik\/asist-dr-tanja-slokar-dr-med\/\" target=\"_self\" data-type=\"url\">\n  \n  \n\t\n\n\n\n<img decoding=\"async\" class=\"bde-image2-278-101-745-278-1 bde-image2 bde-image2-278-101\" src=\"https:\/\/md-medicina.si\/wp-content\/uploads\/2025\/05\/asist.-dr.-Tanja-Slokar-dr.-med.webp\" loading=\"lazy\" srcset=\"https:\/\/md-medicina.si\/wp-content\/uploads\/2025\/05\/asist.-dr.-Tanja-Slokar-dr.-med.webp 800w, https:\/\/md-medicina.si\/wp-content\/uploads\/2025\/05\/asist.-dr.-Tanja-Slokar-dr.-med-240x300.webp 240w, https:\/\/md-medicina.si\/wp-content\/uploads\/2025\/05\/asist.-dr.-Tanja-Slokar-dr.-med-768x960.webp 768w\" sizes=\"(max-width: 800px) 100vw, 800px\"><div class=\"bde-text-278-102-745-278-1 bde-text bde-text-278-102\">\nAssistere. Dott.ssa Tanja Slokar, Dott.ssa med.\n<\/div><div class=\"bde-text-278-103-745-278-1 bde-text bde-text-278-103\">\nspecialista in chirurgia ortopedica\n<\/div><div class=\"bde-text-278-104-745-278-1 bde-text bde-text-278-104\">\nSi occupa di patologia ortopedica generale e varia, con particolare attenzione alla patologia del piede e del ginocchio sia nell&#039;adulto che nel bambino.\n<\/div>\n\n<\/a>    <\/article>\n    <article class=\"bde-loop-item ee-post\">\n        <a class=\"bde-container-link-278-100-1386-278-1 bde-container-link bde-container-link-278-100 breakdance-link\" href=\"https:\/\/md-medicina.si\/it\/zdravnik\/izr-prof-klemen-strazar-dr-med\/\" target=\"_self\" data-type=\"url\">\n  \n  \n\t\n\n\n\n<img decoding=\"async\" class=\"bde-image2-278-101-1386-278-1 bde-image2 bde-image2-278-101\" src=\"https:\/\/md-medicina.si\/wp-content\/uploads\/2025\/05\/izr.-prof.-Klemen-Strazar-dr.-med.webp\" loading=\"lazy\" srcset=\"https:\/\/md-medicina.si\/wp-content\/uploads\/2025\/05\/izr.-prof.-Klemen-Strazar-dr.-med.webp 800w, https:\/\/md-medicina.si\/wp-content\/uploads\/2025\/05\/izr.-prof.-Klemen-Strazar-dr.-med-240x300.webp 240w, https:\/\/md-medicina.si\/wp-content\/uploads\/2025\/05\/izr.-prof.-Klemen-Strazar-dr.-med-768x960.webp 768w\" sizes=\"(max-width: 800px) 100vw, 800px\"><div class=\"bde-text-278-102-1386-278-1 bde-text bde-text-278-102\">\nAss. Prof. Klemen Stra\u017ear, Dott. med., PhD\n<\/div><div class=\"bde-text-278-103-1386-278-1 bde-text bde-text-278-103\">\nspecialista in chirurgia ortopedica\n<\/div><div class=\"bde-text-278-104-1386-278-1 bde-text bde-text-278-104\">\nSpecialista esperto in chirurgia ortopedica che ha affinato le sue competenze presso prestigiose cliniche in tutto il mondo.\n<\/div>\n\n<\/a>    <\/article>\n    <article class=\"bde-loop-item ee-post\">\n        <a class=\"bde-container-link-278-100-728-278-1 bde-container-link bde-container-link-278-100 breakdance-link\" href=\"https:\/\/md-medicina.si\/it\/zdravnik\/asist-dr-lovro-suhodolcan-dr-med\/\" target=\"_self\" data-type=\"url\">\n  \n  \n\t\n\n\n\n<img decoding=\"async\" class=\"bde-image2-278-101-728-278-1 bde-image2 bde-image2-278-101\" src=\"https:\/\/md-medicina.si\/wp-content\/uploads\/2025\/05\/asist.-dr.-Lovro-Suhodolcan-dr.-med.webp\" loading=\"lazy\" srcset=\"https:\/\/md-medicina.si\/wp-content\/uploads\/2025\/05\/asist.-dr.-Lovro-Suhodolcan-dr.-med.webp 800w, https:\/\/md-medicina.si\/wp-content\/uploads\/2025\/05\/asist.-dr.-Lovro-Suhodolcan-dr.-med-240x300.webp 240w, https:\/\/md-medicina.si\/wp-content\/uploads\/2025\/05\/asist.-dr.-Lovro-Suhodolcan-dr.-med-768x960.webp 768w\" sizes=\"(max-width: 800px) 100vw, 800px\"><div class=\"bde-text-278-102-728-278-1 bde-text bde-text-278-102\">\nAssistere. Dott. Lovro Suhodol\u010dan, Dott. med.\n<\/div><div class=\"bde-text-278-103-728-278-1 bde-text bde-text-278-103\">\nspecialista in chirurgia ortopedica\n<\/div><div class=\"bde-text-278-104-728-278-1 bde-text bde-text-278-104\">\nSi occupa del trattamento completo delle patologie della colonna vertebrale, compresa la chirurgia dei tumori e delle deformit\u00e0.\n<\/div>\n\n<\/a>    <\/article>\n    <article class=\"bde-loop-item ee-post\">\n        <a class=\"bde-container-link-278-100-723-278-1 bde-container-link bde-container-link-278-100 breakdance-link\" href=\"https:\/\/md-medicina.si\/it\/zdravnik\/asist-dr-janez-toplisek-dr-med\/\" target=\"_self\" data-type=\"url\">\n  \n  \n\t\n\n\n\n<img decoding=\"async\" class=\"bde-image2-278-101-723-278-1 bde-image2 bde-image2-278-101\" src=\"https:\/\/md-medicina.si\/wp-content\/uploads\/2025\/05\/asist.-dr.-Janez-Toplisek-dr.-med.webp\" loading=\"lazy\" srcset=\"https:\/\/md-medicina.si\/wp-content\/uploads\/2025\/05\/asist.-dr.-Janez-Toplisek-dr.-med.webp 800w, https:\/\/md-medicina.si\/wp-content\/uploads\/2025\/05\/asist.-dr.-Janez-Toplisek-dr.-med-240x300.webp 240w, https:\/\/md-medicina.si\/wp-content\/uploads\/2025\/05\/asist.-dr.-Janez-Toplisek-dr.-med-768x960.webp 768w\" sizes=\"(max-width: 800px) 100vw, 800px\"><div class=\"bde-text-278-102-723-278-1 bde-text bde-text-278-102\">\nAssistere. Dott. Janez Topli\u0161ek, Dott. med.\n<\/div><div class=\"bde-text-278-103-723-278-1 bde-text bde-text-278-103\">\nspecialista in medicina interna, cardiologia e medicina vascolare\n<\/div><div class=\"bde-text-278-104-723-278-1 bde-text bde-text-278-104\">\nSi occupa principalmente di problemi legati al sistema cardiovascolare.\n<\/div>\n\n<\/a>    <\/article>\n    <article class=\"bde-loop-item ee-post\">\n        <a class=\"bde-container-link-278-100-753-278-1 bde-container-link bde-container-link-278-100 breakdance-link\" href=\"https:\/\/md-medicina.si\/it\/zdravnik\/dasa-zugwitz-dr-med\/\" target=\"_self\" data-type=\"url\">\n  \n  \n\t\n\n\n\n<img decoding=\"async\" class=\"bde-image2-278-101-753-278-1 bde-image2 bde-image2-278-101\" src=\"https:\/\/md-medicina.si\/wp-content\/uploads\/2025\/05\/Dasa-Zugwitz-dr.-med.webp\" loading=\"lazy\" srcset=\"https:\/\/md-medicina.si\/wp-content\/uploads\/2025\/05\/Dasa-Zugwitz-dr.-med.webp 800w, https:\/\/md-medicina.si\/wp-content\/uploads\/2025\/05\/Dasa-Zugwitz-dr.-med-240x300.webp 240w, https:\/\/md-medicina.si\/wp-content\/uploads\/2025\/05\/Dasa-Zugwitz-dr.-med-768x960.webp 768w\" sizes=\"(max-width: 800px) 100vw, 800px\"><div class=\"bde-text-278-102-753-278-1 bde-text bde-text-278-102\">\nDott. Da\u0161a Zugwitz, Dott. med.\n<\/div><div class=\"bde-text-278-103-753-278-1 bde-text bde-text-278-103\">\nspecialista in cardiologia e medicina vascolare\n<\/div><div class=\"bde-text-278-104-753-278-1 bde-text bde-text-278-104\">\nSpecializzato in imaging cardiaco con certificazioni internazionali e competenze di ricerca nel campo della cardiologia.\n<\/div>\n\n<\/a>    <\/article>\n    <article class=\"bde-loop-item ee-post\">\n        <a class=\"bde-container-link-278-100-726-278-1 bde-container-link bde-container-link-278-100 breakdance-link\" href=\"https:\/\/md-medicina.si\/it\/zdravnik\/asist-dr-nik-zlak-dr-med\/\" target=\"_self\" data-type=\"url\">\n  \n  \n\t\n\n\n\n<img decoding=\"async\" class=\"bde-image2-278-101-726-278-1 bde-image2 bde-image2-278-101\" src=\"https:\/\/md-medicina.si\/wp-content\/uploads\/2025\/05\/asist.-dr.-Nik-Zlak-dr.-med.webp\" loading=\"lazy\" srcset=\"https:\/\/md-medicina.si\/wp-content\/uploads\/2025\/05\/asist.-dr.-Nik-Zlak-dr.-med.webp 800w, https:\/\/md-medicina.si\/wp-content\/uploads\/2025\/05\/asist.-dr.-Nik-Zlak-dr.-med-240x300.webp 240w, https:\/\/md-medicina.si\/wp-content\/uploads\/2025\/05\/asist.-dr.-Nik-Zlak-dr.-med-768x960.webp 768w\" sizes=\"(max-width: 800px) 100vw, 800px\"><div class=\"bde-text-278-102-726-278-1 bde-text bde-text-278-102\">\nProf. Assist. Nik \u017dlak, Dott. med.\n<\/div><div class=\"bde-text-278-103-726-278-1 bde-text bde-text-278-103\">\nspecialista in chirurgia ortopedica\n<\/div><div class=\"bde-text-278-104-726-278-1 bde-text bde-text-278-104\">\nSi occupa di patologia sportiva e di interventi ricostruttivi su ginocchio, caviglia e spalla, di ortopedia rigenerativa e di patologia del piede.\n<\/div>\n\n<\/a>    <\/article>\n    <article class=\"bde-loop-item ee-post\">\n        <a class=\"bde-container-link-278-100-738-278-1 bde-container-link bde-container-link-278-100 breakdance-link\" href=\"https:\/\/md-medicina.si\/it\/zdravnik\/izr-prof-dr-janez-brecelj-dr-med\/\" target=\"_self\" data-type=\"url\">\n  \n  \n\t\n\n\n\n<img decoding=\"async\" class=\"bde-image2-278-101-738-278-1 bde-image2 bde-image2-278-101\" src=\"https:\/\/md-medicina.si\/wp-content\/uploads\/2025\/05\/Foto-Zupan-scaled.jpg\" loading=\"lazy\" srcset=\"https:\/\/md-medicina.si\/wp-content\/uploads\/2025\/05\/Foto-Zupan-scaled.jpg 1707w, https:\/\/md-medicina.si\/wp-content\/uploads\/2025\/05\/Foto-Zupan-200x300.jpg 200w, https:\/\/md-medicina.si\/wp-content\/uploads\/2025\/05\/Foto-Zupan-683x1024.jpg 683w, https:\/\/md-medicina.si\/wp-content\/uploads\/2025\/05\/Foto-Zupan-768x1152.jpg 768w, https:\/\/md-medicina.si\/wp-content\/uploads\/2025\/05\/Foto-Zupan-1024x1536.jpg 1024w, https:\/\/md-medicina.si\/wp-content\/uploads\/2025\/05\/Foto-Zupan-1365x2048.jpg 1365w, https:\/\/md-medicina.si\/wp-content\/uploads\/2025\/05\/Foto-Zupan-8x12.jpg 8w\" sizes=\"(max-width: 1707px) 100vw, 1707px\"><div class=\"bde-text-278-102-738-278-1 bde-text bde-text-278-102\">\nprof. dr. Oskar Zupanc, dr. med.\n<\/div><div class=\"bde-text-278-103-738-278-1 bde-text bde-text-278-103\">\nspecialista in chirurgia ortopedica\n<\/div><div class=\"bde-text-278-104-738-278-1 bde-text bde-text-278-104\">\nPri svojem delu se ukvarja s \u0161portno patologijo. Osredoto\u010da se predvsem na zdravljenje ramen, komolca in kolen.\n<\/div>\n\n<\/a>    <\/article>\n<\/div>\r\n<\/div><\/div>\n<\/section>","protected":false},"excerpt":{"rendered":"<p>Zdravniki V MD medicina, Sanatorij Ljubljana, se s kakovostjo zdravstvenih in drugih storitev ukvarjamo vse od ustanovitve. U\u010dinkovita organizacija in vrhunska strokovnost ozna\u010dujeta delo na\u0161ih zdravnikov in ostalega osebja, ki se posve\u010dajo bolnikom od za\u010detnega pregleda do operacije in pooperativnega zdravljenja. Bolnikom nudimo izjemno strokovnost, skrbno nego, varnost in prijazno osebje, ki zagotavlja prijetno po\u010dutje. [&hellip;]<\/p>\n","protected":false},"author":1,"featured_media":0,"parent":0,"menu_order":0,"comment_status":"closed","ping_status":"open","template":"","meta":{"_acf_changed":false,"inline_featured_image":false,"_breakdance_hide_in_design_set":false,"_breakdance_tags":"","footnotes":""},"class_list":["post-345","page","type-page","status-publish","hentry"],"acf":[],"yoast_head":"<!-- This site is optimized with the Yoast SEO plugin v27.3 - https:\/\/yoast.com\/product\/yoast-seo-wordpress\/ -->\n<title>Zdravniki | MD medicina<\/title>\n<meta name=\"description\" content=\"Spoznajte vrhunsko ekipo MD Medicina. Ve\u010d kot 25 priznanih zdravnikov specialistov, ki zagotavlja strokovno obravnavo.\" \/>\n<meta name=\"robots\" content=\"index, follow, max-snippet:-1, max-image-preview:large, max-video-preview:-1\" \/>\n<link rel=\"canonical\" href=\"https:\/\/md-medicina.si\/it\/zdravniki\/\" \/>\n<meta property=\"og:locale\" content=\"it_IT\" \/>\n<meta property=\"og:type\" content=\"article\" \/>\n<meta property=\"og:title\" content=\"Zdravniki | MD medicina\" \/>\n<meta property=\"og:description\" content=\"Spoznajte vrhunsko ekipo MD Medicina. Ve\u010d kot 25 priznanih zdravnikov specialistov, ki zagotavlja strokovno obravnavo.\" \/>\n<meta property=\"og:url\" content=\"https:\/\/md-medicina.si\/it\/zdravniki\/\" \/>\n<meta property=\"og:site_name\" content=\"MD medicina\" \/>\n<meta property=\"article:modified_time\" content=\"2026-03-26T16:25:20+00:00\" \/>\n<meta name=\"twitter:card\" content=\"summary_large_image\" \/>\n<meta name=\"twitter:label1\" content=\"Tempo di lettura stimato\" \/>\n\t<meta name=\"twitter:data1\" content=\"12 minuti\" \/>\n<script type=\"application\/ld+json\" class=\"yoast-schema-graph\">{\"@context\":\"https:\\\/\\\/schema.org\",\"@graph\":[{\"@type\":\"WebPage\",\"@id\":\"https:\\\/\\\/md-medicina.si\\\/zdravniki\\\/\",\"url\":\"https:\\\/\\\/md-medicina.si\\\/zdravniki\\\/\",\"name\":\"Zdravniki | MD medicina\",\"isPartOf\":{\"@id\":\"https:\\\/\\\/md-medicina.si\\\/en\\\/#website\"},\"datePublished\":\"2025-04-23T11:57:36+00:00\",\"dateModified\":\"2026-03-26T16:25:20+00:00\",\"description\":\"Spoznajte vrhunsko ekipo MD Medicina. Ve\u010d kot 25 priznanih zdravnikov specialistov, ki zagotavlja strokovno obravnavo.\",\"breadcrumb\":{\"@id\":\"https:\\\/\\\/md-medicina.si\\\/zdravniki\\\/#breadcrumb\"},\"inLanguage\":\"it-IT\",\"potentialAction\":[{\"@type\":\"ReadAction\",\"target\":[\"https:\\\/\\\/md-medicina.si\\\/zdravniki\\\/\"]}]},{\"@type\":\"BreadcrumbList\",\"@id\":\"https:\\\/\\\/md-medicina.si\\\/zdravniki\\\/#breadcrumb\",\"itemListElement\":[{\"@type\":\"ListItem\",\"position\":1,\"name\":\"Home\",\"item\":\"https:\\\/\\\/md-medicina.si\\\/\"},{\"@type\":\"ListItem\",\"position\":2,\"name\":\"Zdravniki\"}]},{\"@type\":\"WebSite\",\"@id\":\"https:\\\/\\\/md-medicina.si\\\/en\\\/#website\",\"url\":\"https:\\\/\\\/md-medicina.si\\\/en\\\/\",\"name\":\"MD medicina\",\"description\":\"Vse za va\u0161e zdravje.\",\"potentialAction\":[{\"@type\":\"SearchAction\",\"target\":{\"@type\":\"EntryPoint\",\"urlTemplate\":\"https:\\\/\\\/md-medicina.si\\\/en\\\/?s={search_term_string}\"},\"query-input\":{\"@type\":\"PropertyValueSpecification\",\"valueRequired\":true,\"valueName\":\"search_term_string\"}}],\"inLanguage\":\"it-IT\"}]}<\/script>\n<!-- \/ Yoast SEO plugin. -->","yoast_head_json":{"title":"Zdravniki | MD medicina","description":"Spoznajte vrhunsko ekipo MD Medicina. Ve\u010d kot 25 priznanih zdravnikov specialistov, ki zagotavlja strokovno obravnavo.","robots":{"index":"index","follow":"follow","max-snippet":"max-snippet:-1","max-image-preview":"max-image-preview:large","max-video-preview":"max-video-preview:-1"},"canonical":"https:\/\/md-medicina.si\/it\/zdravniki\/","og_locale":"it_IT","og_type":"article","og_title":"Zdravniki | MD medicina","og_description":"Spoznajte vrhunsko ekipo MD Medicina. Ve\u010d kot 25 priznanih zdravnikov specialistov, ki zagotavlja strokovno obravnavo.","og_url":"https:\/\/md-medicina.si\/it\/zdravniki\/","og_site_name":"MD medicina","article_modified_time":"2026-03-26T16:25:20+00:00","twitter_card":"summary_large_image","twitter_misc":{"Tempo di lettura stimato":"12 minuti"},"schema":{"@context":"https:\/\/schema.org","@graph":[{"@type":"WebPage","@id":"https:\/\/md-medicina.si\/zdravniki\/","url":"https:\/\/md-medicina.si\/zdravniki\/","name":"Zdravniki | MD medicina","isPartOf":{"@id":"https:\/\/md-medicina.si\/en\/#website"},"datePublished":"2025-04-23T11:57:36+00:00","dateModified":"2026-03-26T16:25:20+00:00","description":"Spoznajte vrhunsko ekipo MD Medicina. Ve\u010d kot 25 priznanih zdravnikov specialistov, ki zagotavlja strokovno obravnavo.","breadcrumb":{"@id":"https:\/\/md-medicina.si\/zdravniki\/#breadcrumb"},"inLanguage":"it-IT","potentialAction":[{"@type":"ReadAction","target":["https:\/\/md-medicina.si\/zdravniki\/"]}]},{"@type":"BreadcrumbList","@id":"https:\/\/md-medicina.si\/zdravniki\/#breadcrumb","itemListElement":[{"@type":"ListItem","position":1,"name":"Home","item":"https:\/\/md-medicina.si\/"},{"@type":"ListItem","position":2,"name":"Zdravniki"}]},{"@type":"WebSite","@id":"https:\/\/md-medicina.si\/en\/#website","url":"https:\/\/md-medicina.si\/en\/","name":"MD medicina","description":"Tutto per la tua salute.","potentialAction":[{"@type":"SearchAction","target":{"@type":"EntryPoint","urlTemplate":"https:\/\/md-medicina.si\/en\/?s={search_term_string}"},"query-input":{"@type":"PropertyValueSpecification","valueRequired":true,"valueName":"search_term_string"}}],"inLanguage":"it-IT"}]}},"_links":{"self":[{"href":"https:\/\/md-medicina.si\/it\/wp-json\/wp\/v2\/pages\/345","targetHints":{"allow":["GET"]}}],"collection":[{"href":"https:\/\/md-medicina.si\/it\/wp-json\/wp\/v2\/pages"}],"about":[{"href":"https:\/\/md-medicina.si\/it\/wp-json\/wp\/v2\/types\/page"}],"author":[{"embeddable":true,"href":"https:\/\/md-medicina.si\/it\/wp-json\/wp\/v2\/users\/1"}],"replies":[{"embeddable":true,"href":"https:\/\/md-medicina.si\/it\/wp-json\/wp\/v2\/comments?post=345"}],"version-history":[{"count":9,"href":"https:\/\/md-medicina.si\/it\/wp-json\/wp\/v2\/pages\/345\/revisions"}],"predecessor-version":[{"id":1801,"href":"https:\/\/md-medicina.si\/it\/wp-json\/wp\/v2\/pages\/345\/revisions\/1801"}],"wp:attachment":[{"href":"https:\/\/md-medicina.si\/it\/wp-json\/wp\/v2\/media?parent=345"}],"curies":[{"name":"wp","href":"https:\/\/api.w.org\/{rel}","templated":true}]}}