{"id":2149,"date":"2025-07-01T19:21:59","date_gmt":"2025-07-01T19:21:59","guid":{"rendered":"https:\/\/md-medicina.si\/?page_id=2149"},"modified":"2026-03-23T16:26:33","modified_gmt":"2026-03-23T16:26:33","slug":"ambulanta-za-maksilofacialno-kirurgijo","status":"publish","type":"page","link":"https:\/\/md-medicina.si\/it\/ambulantne-dejavnosti\/specialisticne-ambulante\/ambulanta-za-maksilofacialno-kirurgijo\/","title":{"rendered":"Chirurgia maxillo-facciale"},"content":{"rendered":"<section class=\"bde-section-2149-100 bde-section\">\n              \n  \n  \n\t\n\n\n\n        <div class=\"section-shape-divider-wrapper section-shape-divider-wrapper--1\">\n          <span class=\"section-shape-divider\">\n                      <svg width=\"100%\" height=\"80%\" id=\"svg\" viewbox=\"0 0 1440 350\" xmlns=\"http:\/\/www.w3.org\/2000\/svg\" preserveaspectratio=\"none\" class=\"transition duration-300 ease-in-out delay-150\"><path d=\"M 0,600 L 0,225 C 185.59999999999997,169.8 371.19999999999993,114.6 542,146 C 712.8000000000001,177.4 868.8,295.4 1016,323 C 1163.2,350.6 1301.6,287.8 1440,225 L 1440,600 L 0,600 Z\" stroke=\"none\" stroke-width=\"0\" fill=\"white\" fill-opacity=\"1\" class=\"transition-all duration-300 ease-in-out delay-150 path-0\"><\/path><\/svg>\n                    <\/span>\n      <\/div>\n  <div class=\"section-container\"><div class=\"bde-columns-2149-101 bde-columns\"><div class=\"bde-column-2149-102 bde-column\">\n  \n  \n\t\n\n\n\n<div class=\"bde-button-2149-103 bde-button\">\n    \n                        \n                        \n    \n    \n    \n    \n            \n                    \n            \n            \n\n    \n    \n    \n    \n    \n    <a class=\"breakdance-link button-atom button-atom--custom bde-button__button\" href=\"\/it\/ambulantne-dejavnosti\/splosna-ambulanta\/\" target=\"_self\" data-type=\"url\"  >\n\n    \n        <span class=\"button-atom__text\">Ritorno alle attivit\u00e0 ambulatoriali<\/span>\n\n                            \n        \n                <\/a>\n\n    \n\n\n<\/div><img decoding=\"async\" class=\"bde-image2-2149-104 bde-image2\" src=\"https:\/\/md-medicina.si\/wp-content\/uploads\/2025\/07\/Ambulanta-za-maksilofacialno-kirurgijo-Glavna.jpeg\" loading=\"lazy\" srcset=\"https:\/\/md-medicina.si\/wp-content\/uploads\/2025\/07\/Ambulanta-za-maksilofacialno-kirurgijo-Glavna.jpeg 1000w, https:\/\/md-medicina.si\/wp-content\/uploads\/2025\/07\/Ambulanta-za-maksilofacialno-kirurgijo-Glavna-300x200.jpeg 300w, https:\/\/md-medicina.si\/wp-content\/uploads\/2025\/07\/Ambulanta-za-maksilofacialno-kirurgijo-Glavna-768x512.jpeg 768w, https:\/\/md-medicina.si\/wp-content\/uploads\/2025\/07\/Ambulanta-za-maksilofacialno-kirurgijo-Glavna-18x12.jpeg 18w\" sizes=\"(max-width: 1000px) 100vw, 1000px\">\n<\/div><div class=\"bde-column-2149-105 bde-column\">\n  \n  \n\t\n\n\n\n<h1 class=\"bde-heading-2149-106 bde-heading\">\nChirurgia maxillo-facciale\n<\/h1><div class=\"bde-text-2149-107 bde-text\">\nLa chirurgia maxillo-facciale \u00e8 una specialit\u00e0 medica che si occupa della diagnosi, del trattamento e della riabilitazione di malattie, lesioni, nonch\u00e9 di malformazioni congenite e acquisite del viso, della cavit\u00e0 orale e dell\u2019articolazione temporo-mandibolare. Comprende interventi chirurgici eseguiti in anestesia locale e generale. <br>\n<\/div><div class=\"bde-div-2149-108 bde-div\">\n  \n  \n\t\n\n\n\n<div class=\"bde-text-2149-109 bde-text\">\nPeriodi di attesa\n<\/div><div class=\"bde-fancy-divider-2149-110 bde-fancy-divider\">\n\n\n<div class=\"bde-fancy-divider__wrapper\">\n  <div class=\"bde-fancy-divider__separator\">\n  \t  <\/div>\n<\/div>\n\n<\/div><div class=\"bde-div-2149-111 bde-div\">\n  \n  \n\t\n\n\n\n<div class=\"bde-icon-list-2149-112 bde-icon-list\">\n<ul>\n  \n              \n    <li>\n              <div class='bde-icon-list__item-wrapper'>\n      \n      <span class='bde-icon-list__icon'>\n        <svg xmlns=\"http:\/\/www.w3.org\/2000\/svg\" width=\"40\" height=\"40\" viewbox=\"0 0 40 40\" fill=\"none\">\r\n<rect width=\"40\" height=\"40\" rx=\"8\" fill=\"#001F3F\"\/>\r\n<path d=\"M19.8267 13.8208L26.2997 19.9996L19.8267 26.1784\" stroke=\"white\" stroke-width=\"1.3125\" stroke-linecap=\"round\" stroke-linejoin=\"round\"\/>\r\n<path d=\"M26.2996 19.9995L13.6997 19.9995\" stroke=\"white\" stroke-width=\"1.3125\" stroke-linecap=\"round\" stroke-linejoin=\"round\"\/>\r\n<\/svg>\n      <\/span>\n      <span class='bde-icon-list__text' >\n      Concessione\n      <\/span>\n              <\/div>\n      \n    <\/li>\n\n  <\/ul>\n\n<\/div><div class=\"bde-button-2149-113 bde-button\">\n    \n                                    \n    \n    \n    \n    \n            \n            <button type=\"button\" class=\"button-atom button-atom--primary bde-button__button\"  >\n    \n        <span class=\"button-atom__text\">Visualizza i tempi di attesa allo ZZZS<\/span>\n\n        \n        \n            <\/button>\n    \n\n\n<\/div>\n<\/div><div class=\"bde-fancy-divider-2149-114 bde-fancy-divider\">\n\n\n<div class=\"bde-fancy-divider__wrapper\">\n  <div class=\"bde-fancy-divider__separator\">\n  \t  <\/div>\n<\/div>\n\n<\/div><div class=\"bde-div-2149-115 bde-div\">\n  \n  \n\t\n\n\n\n<div class=\"bde-icon-list-2149-116 bde-icon-list\">\n<ul>\n  \n              \n    <li>\n              <div class='bde-icon-list__item-wrapper'>\n      \n      <span class='bde-icon-list__icon'>\n        <svg xmlns=\"http:\/\/www.w3.org\/2000\/svg\" width=\"40\" height=\"40\" viewbox=\"0 0 40 40\" fill=\"none\">\r\n<rect width=\"40\" height=\"40\" rx=\"8\" fill=\"#001F3F\"\/>\r\n<path d=\"M19.8267 13.8208L26.2997 19.9996L19.8267 26.1784\" stroke=\"white\" stroke-width=\"1.3125\" stroke-linecap=\"round\" stroke-linejoin=\"round\"\/>\r\n<path d=\"M26.2996 19.9995L13.6997 19.9995\" stroke=\"white\" stroke-width=\"1.3125\" stroke-linecap=\"round\" stroke-linejoin=\"round\"\/>\r\n<\/svg>\n      <\/span>\n      <span class='bde-icon-list__text' >\n      Pagamento autonomo\n      <\/span>\n              <\/div>\n      \n    <\/li>\n\n  <\/ul>\n\n<\/div><div class=\"bde-text-2149-117 bde-text\">\n1-2 settimane\n<\/div>\n<\/div>\n<\/div><div class=\"bde-div-2149-118 bde-div\">\n  \n  \n\t\n\n\n\n<div class=\"bde-button-2149-119 bde-button\">\n    \n                                    \n    \n    \n    \n    \n            \n                    \n            \n            \n\n    \n    \n    \n    \n    \n    <a class=\"breakdance-link button-atom button-atom--primary bde-button__button\" href=\"\/it\/narocanje\/\" target=\"_self\" data-type=\"url\"  >\n\n    \n        <span class=\"button-atom__text\">Iscriviti alla recensione<\/span>\n\n        \n        \n                <\/a>\n\n    \n\n\n<\/div><div class=\"bde-button-2149-120 bde-button\">\n    \n                        \n                        \n    \n    \n    \n    \n            \n                    \n            \n            \n\n    \n    \n    \n    \n    \n    <a class=\"breakdance-link button-atom button-atom--secondary bde-button__button\" href=\"\/it\/ambulantne-dejavnosti\/specialisticne-ambulante\/ambulanta-za-maksilofacialno-kirurgijo\/#podrocja-dela\" target=\"_self\" data-type=\"url\"  >\n\n    \n        <span class=\"button-atom__text\">Visualizza le aree di lavoro<\/span>\n\n        \n        \n                <\/a>\n\n    \n\n\n<\/div>\n<\/div>\n<\/div><\/div><h3 class=\"bde-heading-2149-121 bde-heading\">\nA proposito della clinica\n<\/h3><div class=\"bde-columns-2149-122 bde-columns\"><div class=\"bde-column-2149-123 bde-column\">\n  \n  \n\t\n\n\n\n<div class=\"bde-text-2149-124 bde-text\">\nLa chirurgia maxillo-facciale \u00e8 una branca specialistica della medicina che si occupa della diagnosi, del trattamento e della riabilitazione di varie malattie, lesioni e anomalie del viso, della cavit\u00e0 orale, dell\u2019articolazione temporo-mandibolare, della testa e del collo. Combina competenze di medicina e odontoiatria, coprendo un\u2019ampia gamma di interventi \u2013 dalle piccole procedure ambulatoriali di chirurgia orale e implantologia fino a complesse ricostruzioni o rimodellamenti dello scheletro facciale.\n<\/div>\n<\/div><div class=\"bde-column-2149-125 bde-column\">\n  \n  \n\t\n\n\n\n<div class=\"bde-text-2149-126 bde-text\">\nI chirurghi maxillo-facciali trattano traumi facciali, rimuovono tumori e cisti benigni e maligni, eseguono interventi correttivi alle mascelle (chirurgia ortognatica), correggono difetti congeniti (ad esempio, labbro leporino e palatoschisi) e collaborano nel trattamento di gravi infezioni della testa e del collo, oltre a interventi estetici al viso. <br><br>Il loro lavoro contribuisce in modo significativo a migliorare la qualit\u00e0 della vita dei pazienti, poich\u00e9 non si tratta solo di cura, ma anche di ripristino estetico e funzionale di parti importanti del corpo. Offriamo diversi interventi di chirurgia orale in anestesia locale e generale, specializzandoci in chirurgia ortognatica e chirurgia dell\u2019articolazione temporo-mandibolare. <br>\n<\/div>\n<\/div><\/div><\/div>\n<\/section><section id=\"podrocja-dela\" class=\"bde-section-2149-230 bde-section\">\n  \n  \n\t\n\n\n\n<div class=\"section-container\"><h2 class=\"bde-heading-2149-231 bde-heading\">\nAree di lavoro\n<\/h2><div class=\"bde-text-2149-232 bde-text\">\nAmbulatori di Chirurgia Maxillo-Facciale\n<\/div><div class=\"bde-grid-2149-233 bde-grid\">\n  \n  \n\t\n\n\n\n<div class=\"bde-div-2149-234 bde-div\">\n  \n  \n\t\n\n\n\n<div class=\"bde-div-2149-235 bde-div\">\n  \n  \n\t\n\n\n\n<div class=\"bde-icon-2149-236 bde-icon\">\n\n    \n            <div class=\"bde-icon-icon breakdance-icon-atom\" >\n    \n                    <svg xmlns=\"http:\/\/www.w3.org\/2000\/svg\" width=\"25\" height=\"24\" viewbox=\"0 0 25 24\" fill=\"none\">\r\n<path d=\"M12.0898 22C17.6127 22 22.0898 17.5228 22.0898 12C22.0898 6.47715 17.6127 2 12.0898 2C6.567 2 2.08984 6.47715 2.08984 12C2.08984 17.5228 6.567 22 12.0898 22Z\" stroke=\"#007CB6\" stroke-width=\"2\" stroke-linecap=\"round\" stroke-linejoin=\"round\"\/>\r\n<path d=\"M9.08984 12L11.0898 14L15.0898 10\" stroke=\"#007CB6\" stroke-width=\"2\" stroke-linecap=\"round\" stroke-linejoin=\"round\"\/>\r\n<\/svg>\n        \n        \n        \n            <\/div>\n    \n\n\n<\/div><div class=\"bde-text-2149-237 bde-text\">\nEsame Oromaxillo-Facciale\n<\/div><div class=\"bde-rich-text-2149-238 bde-rich-text breakdance-rich-text-styles\">\n<p><span style=\"font-weight: 400;\">Comprende l\u2019esame del viso e del collo, la valutazione della funzionalit\u00e0 dell\u2019articolazione temporo-mandibolare, l\u2019ispezione dei denti e della cavit\u00e0 orale, l\u2019analisi di un ortopantomogramma o di una CBCT e la redazione di un referto specialistico.<\/span><\/p>\n<\/div>\n<\/div>\n<\/div><div class=\"bde-div-2149-271 bde-div\">\n  \n  \n\t\n\n\n\n<div class=\"bde-div-2149-272 bde-div\">\n  \n  \n\t\n\n\n\n<div class=\"bde-icon-2149-273 bde-icon\">\n\n    \n            <div class=\"bde-icon-icon breakdance-icon-atom\" >\n    \n                    <svg xmlns=\"http:\/\/www.w3.org\/2000\/svg\" width=\"25\" height=\"24\" viewbox=\"0 0 25 24\" fill=\"none\">\r\n<path d=\"M12.0898 22C17.6127 22 22.0898 17.5228 22.0898 12C22.0898 6.47715 17.6127 2 12.0898 2C6.567 2 2.08984 6.47715 2.08984 12C2.08984 17.5228 6.567 22 12.0898 22Z\" stroke=\"#007CB6\" stroke-width=\"2\" stroke-linecap=\"round\" stroke-linejoin=\"round\"\/>\r\n<path d=\"M9.08984 12L11.0898 14L15.0898 10\" stroke=\"#007CB6\" stroke-width=\"2\" stroke-linecap=\"round\" stroke-linejoin=\"round\"\/>\r\n<\/svg>\n        \n        \n        \n            <\/div>\n    \n\n\n<\/div><div class=\"bde-text-2149-274 bde-text\">\nIzkles modrostnih zob\n<\/div><div class=\"bde-rich-text-2149-275 bde-rich-text breakdance-rich-text-styles\">\n<p>Bole\u010d, impaktiran ali nepravilno izra\u0161\u010den modrostni zob ne sme \u010dakati. <span style=\"font-weight: 400;\">Na\u0161 <\/span><b>maksilofacialni kirurg<\/b><span style=\"font-weight: 400;\"> bo poskrbel za strokovno izvedbo, najvi\u0161je standarde varnosti in hitro okrevanje.<\/span><\/p>\n<\/div>\n<\/div><a class=\"bde-container-link-2149-290 bde-container-link oglej breakdance-link\" href=\"\/it\/ambulantne-dejavnosti\/specialisticne-ambulante\/ambulanta-za-maksilofacialno-kirurgijo\/izkles-modrostnih-zob\/\" target=\"_self\" data-type=\"url\">\n  \n  \n\t\n\n\n\n<div class=\"bde-text-2149-291 bde-text\">\nScopri di pi\u00f9\n<\/div><div class=\"bde-icon-2149-292 bde-icon ikona\">\n\n    \n            <div class=\"bde-icon-icon breakdance-icon-atom\" >\n    \n                    <svg xmlns=\"http:\/\/www.w3.org\/2000\/svg\" width=\"27\" height=\"24\" viewbox=\"0 0 27 24\" fill=\"none\">\r\n<rect x=\"0.981201\" width=\"25.9587\" height=\"24\" rx=\"4\" fill=\"#001F3F\"\/>\r\n<path d=\"M13.8657 7.88086L18.1811 12.0001L13.8657 16.1193\" stroke=\"white\" stroke-width=\"1.5\" stroke-linecap=\"round\" stroke-linejoin=\"round\"\/>\r\n<path d=\"M18.1812 12L9.78125 12\" stroke=\"white\" stroke-width=\"1.5\" stroke-linecap=\"round\" stroke-linejoin=\"round\"\/>\r\n<\/svg>\n        \n        \n        \n            <\/div>\n    \n\n\n<\/div>\n\n<\/a>\n<\/div><div class=\"bde-div-2149-316 bde-div\">\n  \n  \n\t\n\n\n\n<div class=\"bde-div-2149-317 bde-div\">\n  \n  \n\t\n\n\n\n<div class=\"bde-icon-2149-318 bde-icon\">\n\n    \n            <div class=\"bde-icon-icon breakdance-icon-atom\" >\n    \n                    <svg xmlns=\"http:\/\/www.w3.org\/2000\/svg\" width=\"25\" height=\"24\" viewbox=\"0 0 25 24\" fill=\"none\">\r\n<path d=\"M12.0898 22C17.6127 22 22.0898 17.5228 22.0898 12C22.0898 6.47715 17.6127 2 12.0898 2C6.567 2 2.08984 6.47715 2.08984 12C2.08984 17.5228 6.567 22 12.0898 22Z\" stroke=\"#007CB6\" stroke-width=\"2\" stroke-linecap=\"round\" stroke-linejoin=\"round\"\/>\r\n<path d=\"M9.08984 12L11.0898 14L15.0898 10\" stroke=\"#007CB6\" stroke-width=\"2\" stroke-linecap=\"round\" stroke-linejoin=\"round\"\/>\r\n<\/svg>\n        \n        \n        \n            <\/div>\n    \n\n\n<\/div><div class=\"bde-text-2149-319 bde-text\">\nImplantologia\n<\/div><div class=\"bde-rich-text-2149-320 bde-rich-text breakdance-rich-text-styles\">\n<p><span style=\"font-weight: 400;\">Comprende l\u2019inserimento di impianti in titanio o ceramica per sostituire i denti o ancorare protesi, l\u2019aumento osseo o il rialzo del pavimento del seno mascellare e l\u2019uso di derivati del sangue (PRP) per risultati migliori.<\/span><\/p>\n<\/div>\n<\/div><a class=\"bde-container-link-2149-321 bde-container-link oglej breakdance-link\" href=\"\/it\/ambulantne-dejavnosti\/specialisticne-ambulante\/ambulanta-za-maksilofacialno-kirurgijo\/implantati\/\" target=\"_self\" data-type=\"url\">\n  \n  \n\t\n\n\n\n<div class=\"bde-text-2149-322 bde-text\">\nScopri di pi\u00f9\n<\/div><div class=\"bde-icon-2149-323 bde-icon ikona\">\n\n    \n            <div class=\"bde-icon-icon breakdance-icon-atom\" >\n    \n                    <svg xmlns=\"http:\/\/www.w3.org\/2000\/svg\" width=\"27\" height=\"24\" viewbox=\"0 0 27 24\" fill=\"none\">\r\n<rect x=\"0.981201\" width=\"25.9587\" height=\"24\" rx=\"4\" fill=\"#001F3F\"\/>\r\n<path d=\"M13.8657 7.88086L18.1811 12.0001L13.8657 16.1193\" stroke=\"white\" stroke-width=\"1.5\" stroke-linecap=\"round\" stroke-linejoin=\"round\"\/>\r\n<path d=\"M18.1812 12L9.78125 12\" stroke=\"white\" stroke-width=\"1.5\" stroke-linecap=\"round\" stroke-linejoin=\"round\"\/>\r\n<\/svg>\n        \n        \n        \n            <\/div>\n    \n\n\n<\/div>\n\n<\/a>\n<\/div><div class=\"bde-div-2149-239 bde-div\">\n  \n  \n\t\n\n\n\n<div class=\"bde-div-2149-240 bde-div\">\n  \n  \n\t\n\n\n\n<div class=\"bde-icon-2149-241 bde-icon\">\n\n    \n            <div class=\"bde-icon-icon breakdance-icon-atom\" >\n    \n                    <svg xmlns=\"http:\/\/www.w3.org\/2000\/svg\" width=\"25\" height=\"24\" viewbox=\"0 0 25 24\" fill=\"none\">\r\n<path d=\"M12.0898 22C17.6127 22 22.0898 17.5228 22.0898 12C22.0898 6.47715 17.6127 2 12.0898 2C6.567 2 2.08984 6.47715 2.08984 12C2.08984 17.5228 6.567 22 12.0898 22Z\" stroke=\"#007CB6\" stroke-width=\"2\" stroke-linecap=\"round\" stroke-linejoin=\"round\"\/>\r\n<path d=\"M9.08984 12L11.0898 14L15.0898 10\" stroke=\"#007CB6\" stroke-width=\"2\" stroke-linecap=\"round\" stroke-linejoin=\"round\"\/>\r\n<\/svg>\n        \n        \n        \n            <\/div>\n    \n\n\n<\/div><div class=\"bde-text-2149-242 bde-text\">\nChirurgia Orale per Adulti\n<\/div><div class=\"bde-rich-text-2149-243 bde-rich-text breakdance-rich-text-styles\">\n<p><span style=\"font-weight: 400;\">Comprende vari interventi nella cavit\u00e0 orale e sui denti. Includono estrazioni dentarie semplici o complesse, rimozione dei denti del giudizio o dei denti soprannumerari, apicectomie, rimozione di vari tumori della cavit\u00e0 orale con verifica istopatologica, trattamento delle cisti orali e allungamento della corona clinica. Gli interventi possono essere eseguiti anche in anestesia generale. In caso di anestesia generale non \u00e8 necessario il ricovero.<\/span><\/p>\n<\/div>\n<\/div>\n<\/div><div class=\"bde-div-2149-247 bde-div\">\n  \n  \n\t\n\n\n\n<div class=\"bde-icon-2149-248 bde-icon\">\n\n    \n            <div class=\"bde-icon-icon breakdance-icon-atom\" >\n    \n                    <svg xmlns=\"http:\/\/www.w3.org\/2000\/svg\" width=\"25\" height=\"24\" viewbox=\"0 0 25 24\" fill=\"none\">\r\n<path d=\"M12.0898 22C17.6127 22 22.0898 17.5228 22.0898 12C22.0898 6.47715 17.6127 2 12.0898 2C6.567 2 2.08984 6.47715 2.08984 12C2.08984 17.5228 6.567 22 12.0898 22Z\" stroke=\"#007CB6\" stroke-width=\"2\" stroke-linecap=\"round\" stroke-linejoin=\"round\"\/>\r\n<path d=\"M9.08984 12L11.0898 14L15.0898 10\" stroke=\"#007CB6\" stroke-width=\"2\" stroke-linecap=\"round\" stroke-linejoin=\"round\"\/>\r\n<\/svg>\n        \n        \n        \n            <\/div>\n    \n\n\n<\/div><div class=\"bde-text-2149-249 bde-text\">\nChirurgia Orale per Bambini\n<\/div><div class=\"bde-rich-text-2149-250 bde-rich-text breakdance-rich-text-styles\">\n<p><span style=\"font-weight: 400;\">Comprende l\u2019estrazione di denti da latte o permanenti cariati, denti soprannumerari, frenulotomie, fenestrazioni dentarie aperte o chiuse e l\u2019inserimento di ancoraggi ortodontici. Gli interventi vengono eseguiti in anestesia locale o generale. In caso di anestesia generale non \u00e8 necessario il ricovero.<\/span><\/p>\n<\/div>\n<\/div><div class=\"bde-div-2149-255 bde-div\">\n  \n  \n\t\n\n\n\n<div class=\"bde-icon-2149-256 bde-icon\">\n\n    \n            <div class=\"bde-icon-icon breakdance-icon-atom\" >\n    \n                    <svg xmlns=\"http:\/\/www.w3.org\/2000\/svg\" width=\"25\" height=\"24\" viewbox=\"0 0 25 24\" fill=\"none\">\r\n<path d=\"M12.0898 22C17.6127 22 22.0898 17.5228 22.0898 12C22.0898 6.47715 17.6127 2 12.0898 2C6.567 2 2.08984 6.47715 2.08984 12C2.08984 17.5228 6.567 22 12.0898 22Z\" stroke=\"#007CB6\" stroke-width=\"2\" stroke-linecap=\"round\" stroke-linejoin=\"round\"\/>\r\n<path d=\"M9.08984 12L11.0898 14L15.0898 10\" stroke=\"#007CB6\" stroke-width=\"2\" stroke-linecap=\"round\" stroke-linejoin=\"round\"\/>\r\n<\/svg>\n        \n        \n        \n            <\/div>\n    \n\n\n<\/div><div class=\"bde-text-2149-257 bde-text\">\nChirurgia Ortognatica o Ortofacciale\n<\/div><div class=\"bde-rich-text-2149-258 bde-rich-text breakdance-rich-text-styles\">\n<p><span style=\"font-weight: 400;\">Comprende interventi per il trattamento delle deformit\u00e0 dentofacciali e dell\u2019OSAS. Si tratta di interventi di chirurgia ortognatica (BSSO, osteotomia Le Fort I, genioplastica, SARPE). Le operazioni vengono eseguite in anestesia generale e richiedono il ricovero in clinica per una o due notti.<\/span><\/p>\n<\/div>\n<\/div><div class=\"bde-div-2149-267 bde-div\">\n  \n  \n\t\n\n\n\n<div class=\"bde-icon-2149-268 bde-icon\">\n\n    \n            <div class=\"bde-icon-icon breakdance-icon-atom\" >\n    \n                    <svg xmlns=\"http:\/\/www.w3.org\/2000\/svg\" width=\"25\" height=\"24\" viewbox=\"0 0 25 24\" fill=\"none\">\r\n<path d=\"M12.0898 22C17.6127 22 22.0898 17.5228 22.0898 12C22.0898 6.47715 17.6127 2 12.0898 2C6.567 2 2.08984 6.47715 2.08984 12C2.08984 17.5228 6.567 22 12.0898 22Z\" stroke=\"#007CB6\" stroke-width=\"2\" stroke-linecap=\"round\" stroke-linejoin=\"round\"\/>\r\n<path d=\"M9.08984 12L11.0898 14L15.0898 10\" stroke=\"#007CB6\" stroke-width=\"2\" stroke-linecap=\"round\" stroke-linejoin=\"round\"\/>\r\n<\/svg>\n        \n        \n        \n            <\/div>\n    \n\n\n<\/div><div class=\"bde-text-2149-269 bde-text\">\nAsportazione di Lesioni Cutanee del Viso o del Collo\n<\/div><div class=\"bde-rich-text-2149-270 bde-rich-text breakdance-rich-text-styles\">\n<p><span style=\"font-weight: 400;\">Tenendo conto dei parametri estetici, rimuoviamo le lesioni cutanee del viso o del collo. In caso di sospetto di patologia maligna, i campioni vengono inviati anche per l\u2019esame istopatologico.<\/span><\/p>\n<\/div>\n<\/div>\n<\/div><div class=\"bde-globalblock-2149-266 bde-globalblock\"><div class=\"bde-div-1663-100-1663-1 bde-div bde-div-1663-100\">\n  \n  \n\t\n\n\n\n<h2 class=\"bde-heading-1663-101-1663-1 bde-heading bde-heading-1663-101\">\nIscriviti alla recensione\n<\/h2>\n<\/div><\/div><\/div>\n<\/section><section class=\"bde-section-2149-161 bde-section\">\n  \n  \n\t\n\n\n\n<div class=\"section-container\"><div class=\"bde-grid-2149-162 bde-grid\">\n  \n  \n\t\n\n\n\n<div class=\"bde-div-2149-163 bde-div\">\n  \n  \n\t\n\n\n\n<img decoding=\"async\" class=\"bde-image2-2149-164 bde-image2\" src=\"https:\/\/md-medicina.si\/wp-content\/uploads\/2025\/04\/telefon.svg\" loading=\"lazy\" sizes=\"(max-width: 32px) 100vw, 32px\"><div class=\"bde-text-2149-165 bde-text\">\nOrdine telefonico\n<\/div><div class=\"bde-text-2149-166 bde-text\">\n\u00c8 possibile effettuare ordini telefonici dal luned\u00ec al venerd\u00ec dalle 8:00 alle 18:00.\n<\/div><div class=\"bde-button-2149-167 bde-button\">\n    \n                        \n                        \n    \n    \n    \n    \n            \n                    \n            \n            \n\n    \n    \n    \n    \n    \n    <a class=\"breakdance-link button-atom button-atom--custom bde-button__button\" href=\"tel:+38631214444\" target=\"_self\" data-type=\"contact\"  >\n\n    \n        <span class=\"button-atom__text\">Chiama 031 214 444<\/span>\n\n        \n        \n                <\/a>\n\n    \n\n\n<\/div>\n<\/div><div class=\"bde-div-2149-168 bde-div\">\n  \n  \n\t\n\n\n\n<img decoding=\"async\" class=\"bde-image2-2149-169 bde-image2\" src=\"https:\/\/md-medicina.si\/wp-content\/uploads\/2025\/04\/sdf.svg\" loading=\"lazy\" sizes=\"(max-width: 32px) 100vw, 32px\"><div class=\"bde-text-2149-170 bde-text\">\nListini prezzi\n<\/div><div class=\"bde-text-2149-171 bde-text\">\nPer maggiori informazioni sui prezzi dei nostri servizi, clicca sul pulsante qui sotto.\n<\/div><div class=\"bde-button-2149-172 bde-button\">\n    \n                        \n                        \n    \n    \n    \n    \n            \n                    \n            \n            \n\n    \n    \n    \n    \n    \n    <a class=\"breakdance-link button-atom button-atom--custom bde-button__button\" href=\"\/it\/narocanje\/ceniki\/\" target=\"_self\" data-type=\"url\"  >\n\n    \n        <span class=\"button-atom__text\">Listini prezzi<\/span>\n\n        \n        \n                <\/a>\n\n    \n\n\n<\/div>\n<\/div><div class=\"bde-div-2149-173 bde-div\">\n  \n  \n\t\n\n\n\n<img decoding=\"async\" class=\"bde-image2-2149-174 bde-image2\" src=\"https:\/\/md-medicina.si\/wp-content\/uploads\/2025\/04\/Frame.svg\" loading=\"lazy\" sizes=\"(max-width: 32px) 100vw, 32px\"><div class=\"bde-text-2149-175 bde-text\">\nOrari\n<\/div><div class=\"bde-text-2149-176 bde-text\">\nPer visualizzare gli orari di tutti i medici disponibili, fare clic sul pulsante qui sotto.\n<\/div><div class=\"bde-button-2149-177 bde-button\">\n    \n                        \n                        \n    \n    \n    \n    \n            \n                    \n            \n            \n\n    \n    \n    \n    \n    \n    <a class=\"breakdance-link button-atom button-atom--custom bde-button__button\" href=\"\/it\/narocanje\/urniki-narocanja\/\" target=\"_self\" data-type=\"url\"  >\n\n    \n        <span class=\"button-atom__text\">Orari<\/span>\n\n        \n        \n                <\/a>\n\n    \n\n\n<\/div>\n<\/div>\n<\/div><\/div>\n<\/section><section class=\"bde-section-2149-178 bde-section\">\n  \n  \n\t\n\n\n\n        <div class=\"section-shape-divider-wrapper section-shape-divider-wrapper--1\">\n          <span class=\"section-shape-divider\">\n                      <svg width=\"100%\" height=\"100%\" id=\"svg\" viewbox=\"0 0 1440 350\" xmlns=\"http:\/\/www.w3.org\/2000\/svg\" preserveaspectratio=\"none\" class=\"transition duration-300 ease-in-out delay-150\"><path d=\"M 0,600 L 0,225 C 185.59999999999997,169.8 371.19999999999993,114.6 542,146 C 712.8000000000001,177.4 868.8,295.4 1016,323 C 1163.2,350.6 1301.6,287.8 1440,225 L 1440,600 L 0,600 Z\" stroke=\"none\" stroke-width=\"0\" fill=\"#c1e0ef\" fill-opacity=\"1\" class=\"transition-all duration-300 ease-in-out delay-150 path-0\"><\/path><\/svg>\n                    <\/span>\n      <\/div>\n  <div class=\"section-container\"><h2 class=\"bde-heading-2149-179 bde-heading\">\npersonale professionale\n<\/h2><div class=\"bde-text-2149-180 bde-text\">\nAmbulatori di Chirurgia Maxillo-Facciale\n<\/div><div class=\"bde-post-loop-2149-181 bde-post-loop\"><div class=\"bde-loop bde-loop-grid ee-posts ee-posts-grid\">    <article class=\"bde-loop-item ee-post\">\n        <a class=\"bde-container-link-278-100-2867-278-1 bde-container-link bde-container-link-278-100 breakdance-link\" href=\"https:\/\/md-medicina.si\/it\/zdravnik\/goran-mitrovic-dr-med\/\" target=\"_self\" data-type=\"url\">\n  \n  \n\t\n\n\n\n<img decoding=\"async\" class=\"bde-image2-278-101-2867-278-1 bde-image2 bde-image2-278-101\" src=\"https:\/\/md-medicina.si\/wp-content\/uploads\/2025\/10\/Goran-Mitrovic-dr.-med.webp\" loading=\"lazy\" srcset=\"https:\/\/md-medicina.si\/wp-content\/uploads\/2025\/10\/Goran-Mitrovic-dr.-med.webp 800w, https:\/\/md-medicina.si\/wp-content\/uploads\/2025\/10\/Goran-Mitrovic-dr.-med-240x300.webp 240w, https:\/\/md-medicina.si\/wp-content\/uploads\/2025\/10\/Goran-Mitrovic-dr.-med-768x960.webp 768w, https:\/\/md-medicina.si\/wp-content\/uploads\/2025\/10\/Goran-Mitrovic-dr.-med-10x12.webp 10w\" sizes=\"(max-width: 800px) 100vw, 800px\"><div class=\"bde-text-278-102-2867-278-1 bde-text bde-text-278-102\">\nGoran Mitrovi\u0107, dr. med.\n<\/div><div class=\"bde-text-278-103-2867-278-1 bde-text bde-text-278-103\">\nspecialist dru\u017einske medicine\n<\/div><div class=\"bde-text-278-104-2867-278-1 bde-text bde-text-278-104\">\nPosebno se posve\u010da podro\u010djem antikoagulantnega zdravljenja, arterijske hipertenzije ter medicinskemu izvedenstvu in zavarovalni\u0161ki medicini.\n<\/div>\n\n<\/a>    <\/article>\n    <article class=\"bde-loop-item ee-post\">\n        <a class=\"bde-container-link-278-100-272-278-1 bde-container-link bde-container-link-278-100 breakdance-link\" href=\"https:\/\/md-medicina.si\/it\/zdravnik\/dr-bogdan-ambrozic-dr-med\/\" target=\"_self\" data-type=\"url\">\n  \n  \n\t\n\n\n\n<img decoding=\"async\" class=\"bde-image2-278-101-272-278-1 bde-image2 bde-image2-278-101\" src=\"https:\/\/md-medicina.si\/wp-content\/uploads\/2025\/04\/dr.-Bogdan-Ambrozic-dr.-med.webp\" loading=\"lazy\" srcset=\"https:\/\/md-medicina.si\/wp-content\/uploads\/2025\/04\/dr.-Bogdan-Ambrozic-dr.-med.webp 800w, https:\/\/md-medicina.si\/wp-content\/uploads\/2025\/04\/dr.-Bogdan-Ambrozic-dr.-med-240x300.webp 240w, https:\/\/md-medicina.si\/wp-content\/uploads\/2025\/04\/dr.-Bogdan-Ambrozic-dr.-med-768x960.webp 768w\" sizes=\"(max-width: 800px) 100vw, 800px\"><div class=\"bde-text-278-102-272-278-1 bde-text bde-text-278-102\">\nDott. Bogdan Ambro\u017ei\u010d, Dott.\n<\/div><div class=\"bde-text-278-103-272-278-1 bde-text bde-text-278-103\">\nspecialista in chirurgia ortopedica\n<\/div><div class=\"bde-text-278-104-272-278-1 bde-text bde-text-278-104\">\nSi occupa del trattamento chirurgico artroscopico e mininvasivo di lesioni e patologie delle articolazioni della spalla, del ginocchio e della caviglia.\n<\/div>\n\n<\/a>    <\/article>\n    <article class=\"bde-loop-item ee-post\">\n        <a class=\"bde-container-link-278-100-746-278-1 bde-container-link bde-container-link-278-100 breakdance-link\" href=\"https:\/\/md-medicina.si\/it\/zdravnik\/dr-klemen-avsec-dr-med\/\" target=\"_self\" data-type=\"url\">\n  \n  \n\t\n\n\n\n<img decoding=\"async\" class=\"bde-image2-278-101-746-278-1 bde-image2 bde-image2-278-101\" src=\"https:\/\/md-medicina.si\/wp-content\/uploads\/2025\/05\/Klemen-Avsec.webp\" loading=\"lazy\" srcset=\"https:\/\/md-medicina.si\/wp-content\/uploads\/2025\/05\/Klemen-Avsec.webp 800w, https:\/\/md-medicina.si\/wp-content\/uploads\/2025\/05\/Klemen-Avsec-240x300.webp 240w, https:\/\/md-medicina.si\/wp-content\/uploads\/2025\/05\/Klemen-Avsec-768x960.webp 768w\" sizes=\"(max-width: 800px) 100vw, 800px\"><div class=\"bde-text-278-102-746-278-1 bde-text bde-text-278-102\">\nDott. Klemen Avsec, Dott. med.\n<\/div><div class=\"bde-text-278-103-746-278-1 bde-text bde-text-278-103\">\nspecialista in chirurgia ortopedica\n<\/div><div class=\"bde-text-278-104-746-278-1 bde-text bde-text-278-104\">\nSi occupa principalmente dell&#039;usura iniziale e avanzata delle articolazioni del ginocchio e dell&#039;anca e del loro trattamento chirurgico.\n<\/div>\n\n<\/a>    <\/article>\n    <article class=\"bde-loop-item ee-post\">\n        <a class=\"bde-container-link-278-100-721-278-1 bde-container-link bde-container-link-278-100 breakdance-link\" href=\"https:\/\/md-medicina.si\/it\/zdravnik\/dr-klemen-bosnjak-dr-med\/\" target=\"_self\" data-type=\"url\">\n  \n  \n\t\n\n\n\n<img decoding=\"async\" class=\"bde-image2-278-101-721-278-1 bde-image2 bde-image2-278-101\" src=\"https:\/\/md-medicina.si\/wp-content\/uploads\/2025\/05\/dr.-Klemen-Bosnjak-dr.-med.webp\" loading=\"lazy\" srcset=\"https:\/\/md-medicina.si\/wp-content\/uploads\/2025\/05\/dr.-Klemen-Bosnjak-dr.-med.webp 800w, https:\/\/md-medicina.si\/wp-content\/uploads\/2025\/05\/dr.-Klemen-Bosnjak-dr.-med-240x300.webp 240w, https:\/\/md-medicina.si\/wp-content\/uploads\/2025\/05\/dr.-Klemen-Bosnjak-dr.-med-768x960.webp 768w\" sizes=\"(max-width: 800px) 100vw, 800px\"><div class=\"bde-text-278-102-721-278-1 bde-text bde-text-278-102\">\nDott. Klemen Bo\u0161njak, Dott. med.\n<\/div><div class=\"bde-text-278-103-721-278-1 bde-text bde-text-278-103\">\nspecialista in chirurgia ortopedica\n<\/div><div class=\"bde-text-278-104-721-278-1 bde-text bde-text-278-104\">\nNel suo lavoro si occupa principalmente di patologie della colonna vertebrale.\n<\/div>\n\n<\/a>    <\/article>\n    <article class=\"bde-loop-item ee-post\">\n        <a class=\"bde-container-link-278-100-725-278-1 bde-container-link bde-container-link-278-100 breakdance-link\" href=\"https:\/\/md-medicina.si\/it\/zdravnik\/asist-dr-urban-brulc-dr-med\/\" target=\"_self\" data-type=\"url\">\n  \n  \n\t\n\n\n\n<img decoding=\"async\" class=\"bde-image2-278-101-725-278-1 bde-image2 bde-image2-278-101\" src=\"https:\/\/md-medicina.si\/wp-content\/uploads\/2025\/05\/asist.-dr.-Urban-Brulc-dr.-med.-specialist-ortopedske-kirurgije.webp\" loading=\"lazy\" srcset=\"https:\/\/md-medicina.si\/wp-content\/uploads\/2025\/05\/asist.-dr.-Urban-Brulc-dr.-med.-specialist-ortopedske-kirurgije.webp 800w, https:\/\/md-medicina.si\/wp-content\/uploads\/2025\/05\/asist.-dr.-Urban-Brulc-dr.-med.-specialist-ortopedske-kirurgije-240x300.webp 240w, https:\/\/md-medicina.si\/wp-content\/uploads\/2025\/05\/asist.-dr.-Urban-Brulc-dr.-med.-specialist-ortopedske-kirurgije-768x960.webp 768w\" sizes=\"(max-width: 800px) 100vw, 800px\"><div class=\"bde-text-278-102-725-278-1 bde-text bde-text-278-102\">\nAssistere. Dott. Urban Brulc, Dott.\n<\/div><div class=\"bde-text-278-103-725-278-1 bde-text bde-text-278-103\">\nspecialista in chirurgia ortopedica\n<\/div><div class=\"bde-text-278-104-725-278-1 bde-text bde-text-278-104\">\nSi occupa principalmente di problemi legati alla colonna vertebrale e alle articolazioni.\n<\/div>\n\n<\/a>    <\/article>\n    <article class=\"bde-loop-item ee-post\">\n        <a class=\"bde-container-link-278-100-752-278-1 bde-container-link bde-container-link-278-100 breakdance-link\" href=\"https:\/\/md-medicina.si\/it\/zdravnik\/ljubka-dimitrovska-dr-med\/\" target=\"_self\" data-type=\"url\">\n  \n  \n\t\n\n\n\n<img decoding=\"async\" class=\"bde-image2-278-101-752-278-1 bde-image2 bde-image2-278-101\" src=\"https:\/\/md-medicina.si\/wp-content\/uploads\/2025\/05\/Ljupka-Dimitrovska-dr.med_.webp\" loading=\"lazy\" srcset=\"https:\/\/md-medicina.si\/wp-content\/uploads\/2025\/05\/Ljupka-Dimitrovska-dr.med_.webp 800w, https:\/\/md-medicina.si\/wp-content\/uploads\/2025\/05\/Ljupka-Dimitrovska-dr.med_-240x300.webp 240w, https:\/\/md-medicina.si\/wp-content\/uploads\/2025\/05\/Ljupka-Dimitrovska-dr.med_-768x960.webp 768w\" sizes=\"(max-width: 800px) 100vw, 800px\"><div class=\"bde-text-278-102-752-278-1 bde-text bde-text-278-102\">\nDott.ssa Ljupka Dimitrovska, Dott. med.\n<\/div><div class=\"bde-text-278-103-752-278-1 bde-text bde-text-278-103\">\nspecialista in cardiologia e medicina vascolare\n<\/div><div class=\"bde-text-278-104-752-278-1 bde-text bde-text-278-104\">\nSpecializzato in imaging cardiaco non invasivo, con certificazioni internazionali. Sottospecializzazione clinica e di ricerca focalizzata sul trattamento delle cardiopatie strutturali, in particolare delle valvulopatie cardiache.\n<\/div>\n\n<\/a>    <\/article>\n    <article class=\"bde-loop-item ee-post\">\n        <a class=\"bde-container-link-278-100-739-278-1 bde-container-link bde-container-link-278-100 breakdance-link\" href=\"https:\/\/md-medicina.si\/it\/zdravnik\/prof-dr-drago-dolinar-dr-med\/\" target=\"_self\" data-type=\"url\">\n  \n  \n\t\n\n\n\n<img decoding=\"async\" class=\"bde-image2-278-101-739-278-1 bde-image2 bde-image2-278-101\" src=\"https:\/\/md-medicina.si\/wp-content\/uploads\/2025\/05\/prof.-dr.-Drago-Dolinar-dr.-med.webp\" loading=\"lazy\" srcset=\"https:\/\/md-medicina.si\/wp-content\/uploads\/2025\/05\/prof.-dr.-Drago-Dolinar-dr.-med.webp 800w, https:\/\/md-medicina.si\/wp-content\/uploads\/2025\/05\/prof.-dr.-Drago-Dolinar-dr.-med-240x300.webp 240w, https:\/\/md-medicina.si\/wp-content\/uploads\/2025\/05\/prof.-dr.-Drago-Dolinar-dr.-med-768x960.webp 768w\" sizes=\"(max-width: 800px) 100vw, 800px\"><div class=\"bde-text-278-102-739-278-1 bde-text bde-text-278-102\">\nProf. Dott. Drago Dolinar, Dott. med.\n<\/div><div class=\"bde-text-278-103-739-278-1 bde-text bde-text-278-103\">\nspecialista in chirurgia ortopedica\n<\/div><div class=\"bde-text-278-104-739-278-1 bde-text bde-text-278-104\">\n\u00c8 specializzato nell&#039;esecuzione di metodi chirurgici mininvasivi nel campo della chirurgia ortopedica.\n<\/div>\n\n<\/a>    <\/article>\n    <article class=\"bde-loop-item ee-post\">\n        <a class=\"bde-container-link-278-100-747-278-1 bde-container-link bde-container-link-278-100 breakdance-link\" href=\"https:\/\/md-medicina.si\/it\/zdravnik\/cvetka-dragos-jancar-dr-med\/\" target=\"_self\" data-type=\"url\">\n  \n  \n\t\n\n\n\n<img decoding=\"async\" class=\"bde-image2-278-101-747-278-1 bde-image2 bde-image2-278-101\" src=\"https:\/\/md-medicina.si\/wp-content\/uploads\/2025\/05\/cvetka-dragos-jancar-dr-med2.webp\" loading=\"lazy\" srcset=\"https:\/\/md-medicina.si\/wp-content\/uploads\/2025\/05\/cvetka-dragos-jancar-dr-med2.webp 800w, https:\/\/md-medicina.si\/wp-content\/uploads\/2025\/05\/cvetka-dragos-jancar-dr-med2-240x300.webp 240w, https:\/\/md-medicina.si\/wp-content\/uploads\/2025\/05\/cvetka-dragos-jancar-dr-med2-768x960.webp 768w, https:\/\/md-medicina.si\/wp-content\/uploads\/2025\/05\/cvetka-dragos-jancar-dr-med2-10x12.webp 10w\" sizes=\"(max-width: 800px) 100vw, 800px\"><div class=\"bde-text-278-102-747-278-1 bde-text bde-text-278-102\">\nDott.ssa Cvetka Drago\u0161 Jan\u010dar, Dott. med.\n<\/div><div class=\"bde-text-278-103-747-278-1 bde-text bde-text-278-103\">\nspecialista pediatrico\n<\/div><div class=\"bde-text-278-104-747-278-1 bde-text bde-text-278-104\">\nDa molti anni concentra la sua attivit\u00e0 sulla prevenzione, rivolta sia ai bambini che agli adulti. Ha contribuito in modo significativo al riconoscimento degli esami di gestione preventiva con il libro &#034;Healthy Manager - Successful Management&#034;.\n<\/div>\n\n<\/a>    <\/article>\n    <article class=\"bde-loop-item ee-post\">\n        <a class=\"bde-container-link-278-100-740-278-1 bde-container-link bde-container-link-278-100 breakdance-link\" href=\"https:\/\/md-medicina.si\/it\/zdravnik\/prof-dr-matej-drobnic-dr-med\/\" target=\"_self\" data-type=\"url\">\n  \n  \n\t\n\n\n\n<img decoding=\"async\" class=\"bde-image2-278-101-740-278-1 bde-image2 bde-image2-278-101\" src=\"https:\/\/md-medicina.si\/wp-content\/uploads\/2025\/05\/Matej-Drobnic-dr.-med.webp\" loading=\"lazy\" srcset=\"https:\/\/md-medicina.si\/wp-content\/uploads\/2025\/05\/Matej-Drobnic-dr.-med.webp 800w, https:\/\/md-medicina.si\/wp-content\/uploads\/2025\/05\/Matej-Drobnic-dr.-med-240x300.webp 240w, https:\/\/md-medicina.si\/wp-content\/uploads\/2025\/05\/Matej-Drobnic-dr.-med-768x960.webp 768w\" sizes=\"(max-width: 800px) 100vw, 800px\"><div class=\"bde-text-278-102-740-278-1 bde-text bde-text-278-102\">\nProf. Dott. Matej Drobni\u010d, Dott. med.\n<\/div><div class=\"bde-text-278-103-740-278-1 bde-text bde-text-278-103\">\nspecialista in chirurgia ortopedica\n<\/div><div class=\"bde-text-278-104-740-278-1 bde-text bde-text-278-104\">\nSi occupa principalmente di infortuni sportivi alle ginocchia, patologie rotulee, lesioni e patologie dell&#039;articolazione della caviglia superiore e inferiore e del piede.\n<\/div>\n\n<\/a>    <\/article>\n    <article class=\"bde-loop-item ee-post\">\n        <a class=\"bde-container-link-278-100-760-278-1 bde-container-link bde-container-link-278-100 breakdance-link\" href=\"https:\/\/md-medicina.si\/it\/zdravnik\/dejan-galic-dr-med\/\" target=\"_self\" data-type=\"url\">\n  \n  \n\t\n\n\n\n<img decoding=\"async\" class=\"bde-image2-278-101-760-278-1 bde-image2 bde-image2-278-101\" src=\"https:\/\/md-medicina.si\/wp-content\/uploads\/2025\/05\/Dejan-Galic-dr.-med.webp\" loading=\"lazy\" srcset=\"https:\/\/md-medicina.si\/wp-content\/uploads\/2025\/05\/Dejan-Galic-dr.-med.webp 800w, https:\/\/md-medicina.si\/wp-content\/uploads\/2025\/05\/Dejan-Galic-dr.-med-240x300.webp 240w, https:\/\/md-medicina.si\/wp-content\/uploads\/2025\/05\/Dejan-Galic-dr.-med-768x960.webp 768w\" sizes=\"(max-width: 800px) 100vw, 800px\"><div class=\"bde-text-278-102-760-278-1 bde-text bde-text-278-102\">\nDott. Dejan Gali\u010d, FEBU, FECSM\n<\/div><div class=\"bde-text-278-103-760-278-1 bde-text bde-text-278-103\">\nspecialista in urologia\n<\/div><div class=\"bde-text-278-104-760-278-1 bde-text bde-text-278-104\">\nSi occupa di urologia generale, in particolare di oncologia urologica e problemi alla prostata, nonch\u00e9 di medicina sessuale.\n<\/div>\n\n<\/a>    <\/article>\n    <article class=\"bde-loop-item ee-post\">\n        <a class=\"bde-container-link-278-100-731-278-1 bde-container-link bde-container-link-278-100 breakdance-link\" href=\"https:\/\/md-medicina.si\/it\/zdravnik\/doc-dr-simon-hawlina-dr-med-febu\/\" target=\"_self\" data-type=\"url\">\n  \n  \n\t\n\n\n\n<img decoding=\"async\" class=\"bde-image2-278-101-731-278-1 bde-image2 bde-image2-278-101\" src=\"https:\/\/md-medicina.si\/wp-content\/uploads\/2025\/05\/Doc.-dr.-Simon-Hawlina-dr.-med.-FEBU.webp\" loading=\"lazy\" srcset=\"https:\/\/md-medicina.si\/wp-content\/uploads\/2025\/05\/Doc.-dr.-Simon-Hawlina-dr.-med.-FEBU.webp 800w, https:\/\/md-medicina.si\/wp-content\/uploads\/2025\/05\/Doc.-dr.-Simon-Hawlina-dr.-med.-FEBU-240x300.webp 240w, https:\/\/md-medicina.si\/wp-content\/uploads\/2025\/05\/Doc.-dr.-Simon-Hawlina-dr.-med.-FEBU-768x960.webp 768w\" sizes=\"(max-width: 800px) 100vw, 800px\"><div class=\"bde-text-278-102-731-278-1 bde-text bde-text-278-102\">\nAss. Prof. Dott. Simon Hawlina, Dott. med., FEBBRAIO\n<\/div><div class=\"bde-text-278-103-731-278-1 bde-text bde-text-278-103\">\nspecialista in urologia\n<\/div><div class=\"bde-text-278-104-731-278-1 bde-text bde-text-278-104\">\nEsegue un&#039;ampia gamma di interventi chirurgici urologici, concentrandosi sulle tecniche mini-invasive.\n<\/div>\n\n<\/a>    <\/article>\n    <article class=\"bde-loop-item ee-post\">\n        <a class=\"bde-container-link-278-100-3362-278-1 bde-container-link bde-container-link-278-100 breakdance-link\" href=\"https:\/\/md-medicina.si\/it\/zdravnik\/sebastian-jersinovic-dr-med-febu\/\" target=\"_self\" data-type=\"url\">\n  \n  \n\t\n\n\n\n<img decoding=\"async\" class=\"bde-image2-278-101-3362-278-1 bde-image2 bde-image2-278-101\" src=\"https:\/\/md-medicina.si\/wp-content\/uploads\/2026\/01\/Jersinovic-scaled.jpg\" loading=\"lazy\" srcset=\"https:\/\/md-medicina.si\/wp-content\/uploads\/2026\/01\/Jersinovic-scaled.jpg 1707w, https:\/\/md-medicina.si\/wp-content\/uploads\/2026\/01\/Jersinovic-200x300.jpg 200w, https:\/\/md-medicina.si\/wp-content\/uploads\/2026\/01\/Jersinovic-683x1024.jpg 683w, https:\/\/md-medicina.si\/wp-content\/uploads\/2026\/01\/Jersinovic-768x1152.jpg 768w, https:\/\/md-medicina.si\/wp-content\/uploads\/2026\/01\/Jersinovic-1024x1536.jpg 1024w, https:\/\/md-medicina.si\/wp-content\/uploads\/2026\/01\/Jersinovic-1365x2048.jpg 1365w, https:\/\/md-medicina.si\/wp-content\/uploads\/2026\/01\/Jersinovic-8x12.jpg 8w\" sizes=\"(max-width: 1707px) 100vw, 1707px\"><div class=\"bde-text-278-102-3362-278-1 bde-text bde-text-278-102\">\ndr. Sebastian Jer\u0161inovi\u010d, dr. med., FEBU\n<\/div><div class=\"bde-text-278-103-3362-278-1 bde-text bde-text-278-103\">\nspecialista in urologia\n<\/div><div class=\"bde-text-278-104-3362-278-1 bde-text bde-text-278-104\">\nSpecializiran je za minimalno invazivno lasersko endoskopsko urologijo, vklju\u010dno z lasersko enukleacijo prostate (ThuFLEP) in laserskim drobljenjem ledvi\u010dnih kamnov (URS).\n<\/div>\n\n<\/a>    <\/article>\n    <article class=\"bde-loop-item ee-post\">\n        <a class=\"bde-container-link-278-100-720-278-1 bde-container-link bde-container-link-278-100 breakdance-link\" href=\"https:\/\/md-medicina.si\/it\/zdravnik\/dr-mojca-kirbis-dr-med-specialistka-nevrologije\/\" target=\"_self\" data-type=\"url\">\n  \n  \n\t\n\n\n\n<img decoding=\"async\" class=\"bde-image2-278-101-720-278-1 bde-image2 bde-image2-278-101\" src=\"https:\/\/md-medicina.si\/wp-content\/uploads\/2025\/05\/dr.-Mojca-Kirbis-dr.-med.webp\" loading=\"lazy\" srcset=\"https:\/\/md-medicina.si\/wp-content\/uploads\/2025\/05\/dr.-Mojca-Kirbis-dr.-med.webp 800w, https:\/\/md-medicina.si\/wp-content\/uploads\/2025\/05\/dr.-Mojca-Kirbis-dr.-med-240x300.webp 240w, https:\/\/md-medicina.si\/wp-content\/uploads\/2025\/05\/dr.-Mojca-Kirbis-dr.-med-768x960.webp 768w\" sizes=\"(max-width: 800px) 100vw, 800px\"><div class=\"bde-text-278-102-720-278-1 bde-text bde-text-278-102\">\nDott.ssa Mojca Kirbi\u0161, Dott. med., FEBN\n<\/div><div class=\"bde-text-278-103-720-278-1 bde-text bde-text-278-103\">\nspecialista in neurologia\n<\/div><div class=\"bde-text-278-104-720-278-1 bde-text bde-text-278-104\">\nSi concentra in particolare sulla sincope, sui disturbi del sistema nervoso autonomo, sui danni alle fibre nervose periferiche e sulla diagnostica elettrofisiologica.\n<\/div>\n\n<\/a>    <\/article>\n    <article class=\"bde-loop-item ee-post\">\n        <a class=\"bde-container-link-278-100-2325-278-1 bde-container-link bde-container-link-278-100 breakdance-link\" href=\"https:\/\/md-medicina.si\/it\/zdravnik\/doc-dr-simona-kirbis-dr-med\/\" target=\"_self\" data-type=\"url\">\n  \n  \n\t\n\n\n\n<img decoding=\"async\" class=\"bde-image2-278-101-2325-278-1 bde-image2 bde-image2-278-101\" src=\"https:\/\/md-medicina.si\/wp-content\/uploads\/2025\/07\/doc.dr_.-Simona-Kirbis-dr.med_.webp\" loading=\"lazy\" srcset=\"https:\/\/md-medicina.si\/wp-content\/uploads\/2025\/07\/doc.dr_.-Simona-Kirbis-dr.med_.webp 800w, https:\/\/md-medicina.si\/wp-content\/uploads\/2025\/07\/doc.dr_.-Simona-Kirbis-dr.med_-240x300.webp 240w, https:\/\/md-medicina.si\/wp-content\/uploads\/2025\/07\/doc.dr_.-Simona-Kirbis-dr.med_-768x960.webp 768w, https:\/\/md-medicina.si\/wp-content\/uploads\/2025\/07\/doc.dr_.-Simona-Kirbis-dr.med_-10x12.webp 10w\" sizes=\"(max-width: 800px) 100vw, 800px\"><div class=\"bde-text-278-102-2325-278-1 bde-text bde-text-278-102\">\ndoc.dr. Simona Kirbi\u0161, dr.med\n<\/div><div class=\"bde-text-278-103-2325-278-1 bde-text bde-text-278-103\">\nspecialista in medicina interna\n<\/div><div class=\"bde-text-278-104-2325-278-1 bde-text bde-text-278-104\">\nSi occupa della diagnosi, cura e monitoraggio delle malattie cardiovascolari.\n<\/div>\n\n<\/a>    <\/article>\n    <article class=\"bde-loop-item ee-post\">\n        <a class=\"bde-container-link-278-100-729-278-1 bde-container-link bde-container-link-278-100 breakdance-link\" href=\"https:\/\/md-medicina.si\/it\/zdravnik\/prof-dr-andrej-kmetec-dr-med\/\" target=\"_self\" data-type=\"url\">\n  \n  \n\t\n\n\n\n<img decoding=\"async\" class=\"bde-image2-278-101-729-278-1 bde-image2 bde-image2-278-101\" src=\"https:\/\/md-medicina.si\/wp-content\/uploads\/2025\/05\/prof.-dr.-Andrej-Kmetec-dr.-med.webp\" loading=\"lazy\" srcset=\"https:\/\/md-medicina.si\/wp-content\/uploads\/2025\/05\/prof.-dr.-Andrej-Kmetec-dr.-med.webp 800w, https:\/\/md-medicina.si\/wp-content\/uploads\/2025\/05\/prof.-dr.-Andrej-Kmetec-dr.-med-240x300.webp 240w, https:\/\/md-medicina.si\/wp-content\/uploads\/2025\/05\/prof.-dr.-Andrej-Kmetec-dr.-med-768x960.webp 768w\" sizes=\"(max-width: 800px) 100vw, 800px\"><div class=\"bde-text-278-102-729-278-1 bde-text bde-text-278-102\">\nProf. Dott. Andrej Kmetec, Dott. med.\n<\/div><div class=\"bde-text-278-103-729-278-1 bde-text bde-text-278-103\">\nspecialista in urologia\n<\/div><div class=\"bde-text-278-104-729-278-1 bde-text bde-text-278-104\">\nSi occupa del trattamento completo dei problemi del tratto urinario.\n<\/div>\n\n<\/a>    <\/article>\n    <article class=\"bde-loop-item ee-post\">\n        <a class=\"bde-container-link-278-100-2182-278-1 bde-container-link bde-container-link-278-100 breakdance-link\" href=\"https:\/\/md-medicina.si\/it\/zdravnik\/mojca-knez-dr-med-dr-dent-med-spec-maksilofacialne-in-oralne-kirurgije\/\" target=\"_self\" data-type=\"url\">\n  \n  \n\t\n\n\n\n<img decoding=\"async\" class=\"bde-image2-278-101-2182-278-1 bde-image2 bde-image2-278-101\" src=\"https:\/\/md-medicina.si\/wp-content\/uploads\/2025\/07\/Mojca-Knezdr.meddr_.dent_.med_.-.webp\" loading=\"lazy\" srcset=\"https:\/\/md-medicina.si\/wp-content\/uploads\/2025\/07\/Mojca-Knezdr.meddr_.dent_.med_.-.webp 800w, https:\/\/md-medicina.si\/wp-content\/uploads\/2025\/07\/Mojca-Knezdr.meddr_.dent_.med_.--240x300.webp 240w, https:\/\/md-medicina.si\/wp-content\/uploads\/2025\/07\/Mojca-Knezdr.meddr_.dent_.med_.--768x960.webp 768w, https:\/\/md-medicina.si\/wp-content\/uploads\/2025\/07\/Mojca-Knezdr.meddr_.dent_.med_.--10x12.webp 10w\" sizes=\"(max-width: 800px) 100vw, 800px\"><div class=\"bde-text-278-102-2182-278-1 bde-text bde-text-278-102\">\nMojca Knez, dr.med., dr.dent. med.\n<\/div><div class=\"bde-text-278-103-2182-278-1 bde-text bde-text-278-103\">\nspecialista in chirurgia maxillo-facciale e orale\n<\/div><div class=\"bde-text-278-104-2182-278-1 bde-text bde-text-278-104\">\nEsegue visite specialistiche e l\u2019intera gamma di interventi: dalla chirurgia orale semplice e complessa e implantologia fino agli interventi ortognatici.\n<\/div>\n\n<\/a>    <\/article>\n    <article class=\"bde-loop-item ee-post\">\n        <a class=\"bde-container-link-278-100-761-278-1 bde-container-link bde-container-link-278-100 breakdance-link\" href=\"https:\/\/md-medicina.si\/it\/zdravnik\/mile-knezevic-dr-med\/\" target=\"_self\" data-type=\"url\">\n  \n  \n\t\n\n\n\n<img decoding=\"async\" class=\"bde-image2-278-101-761-278-1 bde-image2 bde-image2-278-101\" src=\"https:\/\/md-medicina.si\/wp-content\/uploads\/2025\/05\/mile-knezevic-dr.med2_.webp\" loading=\"lazy\" srcset=\"https:\/\/md-medicina.si\/wp-content\/uploads\/2025\/05\/mile-knezevic-dr.med2_.webp 800w, https:\/\/md-medicina.si\/wp-content\/uploads\/2025\/05\/mile-knezevic-dr.med2_-240x300.webp 240w, https:\/\/md-medicina.si\/wp-content\/uploads\/2025\/05\/mile-knezevic-dr.med2_-768x960.webp 768w, https:\/\/md-medicina.si\/wp-content\/uploads\/2025\/05\/mile-knezevic-dr.med2_-10x12.webp 10w\" sizes=\"(max-width: 800px) 100vw, 800px\"><div class=\"bde-text-278-102-761-278-1 bde-text bde-text-278-102\">\nDott. Mile Kne\u017eevi\u0107, Dott. med.\n<\/div><div class=\"bde-text-278-103-761-278-1 bde-text bde-text-278-103\">\nspecialista in anestesiologia, rianimazione e terapia intensiva perioperatoria\n<\/div><div class=\"bde-text-278-104-761-278-1 bde-text bde-text-278-104\">\n\u00c8 profondamente interessato all&#039;anestesia regionale e ai blocchi dei nervi periferici ecoguidati.\n<\/div>\n\n<\/a>    <\/article>\n    <article class=\"bde-loop-item ee-post\">\n        <a class=\"bde-container-link-278-100-748-278-1 bde-container-link bde-container-link-278-100 breakdance-link\" href=\"https:\/\/md-medicina.si\/it\/zdravnik\/snezana-kocijancic-dr-med\/\" target=\"_self\" data-type=\"url\">\n  \n  \n\t\n\n\n\n<img decoding=\"async\" class=\"bde-image2-278-101-748-278-1 bde-image2 bde-image2-278-101\" src=\"https:\/\/md-medicina.si\/wp-content\/uploads\/2025\/05\/Snezana-Kocijancic-dr.-med.webp\" loading=\"lazy\" srcset=\"https:\/\/md-medicina.si\/wp-content\/uploads\/2025\/05\/Snezana-Kocijancic-dr.-med.webp 800w, https:\/\/md-medicina.si\/wp-content\/uploads\/2025\/05\/Snezana-Kocijancic-dr.-med-240x300.webp 240w, https:\/\/md-medicina.si\/wp-content\/uploads\/2025\/05\/Snezana-Kocijancic-dr.-med-768x960.webp 768w\" sizes=\"(max-width: 800px) 100vw, 800px\"><div class=\"bde-text-278-102-748-278-1 bde-text bde-text-278-102\">\nDott.ssa Sne\u017eana Kocijan\u010di\u010d, Dott. med.\n<\/div><div class=\"bde-text-278-103-748-278-1 bde-text bde-text-278-103\">\nspecialista in medicina generale\n<\/div><div class=\"bde-text-278-104-748-278-1 bde-text bde-text-278-104\">\nSpecializzato in medicina generale, con molti anni di esperienza nell&#039;insegnamento e il titolo di santo.\r\n\r\n\r\n\r\n\r\n\r\n\r\n\r\n\n<\/div>\n\n<\/a>    <\/article>\n    <article class=\"bde-loop-item ee-post\">\n        <a class=\"bde-container-link-278-100-742-278-1 bde-container-link bde-container-link-278-100 breakdance-link\" href=\"https:\/\/md-medicina.si\/it\/zdravnik\/dr-robert-kosak-dr-med\/\" target=\"_self\" data-type=\"url\">\n  \n  \n\t\n\n\n\n<img decoding=\"async\" class=\"bde-image2-278-101-742-278-1 bde-image2 bde-image2-278-101\" src=\"https:\/\/md-medicina.si\/wp-content\/uploads\/2025\/05\/dr.-Robert-Kosak-dr.med_.webp\" loading=\"lazy\" srcset=\"https:\/\/md-medicina.si\/wp-content\/uploads\/2025\/05\/dr.-Robert-Kosak-dr.med_.webp 800w, https:\/\/md-medicina.si\/wp-content\/uploads\/2025\/05\/dr.-Robert-Kosak-dr.med_-240x300.webp 240w, https:\/\/md-medicina.si\/wp-content\/uploads\/2025\/05\/dr.-Robert-Kosak-dr.med_-768x960.webp 768w\" sizes=\"(max-width: 800px) 100vw, 800px\"><div class=\"bde-text-278-102-742-278-1 bde-text bde-text-278-102\">\nDott. Robert Ko\u0161ak, Dott. med.\n<\/div><div class=\"bde-text-278-103-742-278-1 bde-text bde-text-278-103\">\nspecialista in chirurgia ortopedica\n<\/div><div class=\"bde-text-278-104-742-278-1 bde-text bde-text-278-104\">\n\u00c8 specializzato principalmente nel campo della colonna vertebrale: esegue interventi chirurgici su tutta la colonna vertebrale, dalla cervicale, toracica e lombare.\n<\/div>\n\n<\/a>    <\/article>\n    <article class=\"bde-loop-item ee-post\">\n        <a class=\"bde-container-link-278-100-1759-278-1 bde-container-link bde-container-link-278-100 breakdance-link\" href=\"https:\/\/md-medicina.si\/it\/zdravnik\/1759\/\" target=\"_self\" data-type=\"url\">\n  \n  \n\t\n\n\n\n<img decoding=\"async\" class=\"bde-image2-278-101-1759-278-1 bde-image2 bde-image2-278-101\" src=\"https:\/\/md-medicina.si\/wp-content\/uploads\/2025\/05\/Anze-Kristan-1.webp\" loading=\"lazy\" srcset=\"https:\/\/md-medicina.si\/wp-content\/uploads\/2025\/05\/Anze-Kristan-1.webp 800w, https:\/\/md-medicina.si\/wp-content\/uploads\/2025\/05\/Anze-Kristan-1-240x300.webp 240w, https:\/\/md-medicina.si\/wp-content\/uploads\/2025\/05\/Anze-Kristan-1-768x960.webp 768w\" sizes=\"(max-width: 800px) 100vw, 800px\"><div class=\"bde-text-278-102-1759-278-1 bde-text bde-text-278-102\">\nProf. Dott. An\u017ee Kristan, Dott. med.\n<\/div><div class=\"bde-text-278-103-1759-278-1 bde-text bde-text-278-103\">\nspecialista in traumatologia\n<\/div><div class=\"bde-text-278-104-1759-278-1 bde-text bde-text-278-104\">\nSpecialista esperto in traumatologia e chirurgia generale con vasta esperienza a livello internazionale e un ruolo di primo piano nella formazione di specialisti chirurghi in Europa e Africa.\n<\/div>\n\n<\/a>    <\/article>\n    <article class=\"bde-loop-item ee-post\">\n        <a class=\"bde-container-link-278-100-743-278-1 bde-container-link bde-container-link-278-100 breakdance-link\" href=\"https:\/\/md-medicina.si\/it\/zdravnik\/asist-dr-david-martincic-dr-med\/\" target=\"_self\" data-type=\"url\">\n  \n  \n\t\n\n\n\n<img decoding=\"async\" class=\"bde-image2-278-101-743-278-1 bde-image2 bde-image2-278-101\" src=\"https:\/\/md-medicina.si\/wp-content\/uploads\/2025\/05\/asist.-dr.-David-Martincic-dr.-med.webp\" loading=\"lazy\" srcset=\"https:\/\/md-medicina.si\/wp-content\/uploads\/2025\/05\/asist.-dr.-David-Martincic-dr.-med.webp 800w, https:\/\/md-medicina.si\/wp-content\/uploads\/2025\/05\/asist.-dr.-David-Martincic-dr.-med-240x300.webp 240w, https:\/\/md-medicina.si\/wp-content\/uploads\/2025\/05\/asist.-dr.-David-Martincic-dr.-med-768x960.webp 768w\" sizes=\"(max-width: 800px) 100vw, 800px\"><div class=\"bde-text-278-102-743-278-1 bde-text bde-text-278-102\">\nAssistere. Dott. David Martin\u010di\u010d, Dott. med.\n<\/div><div class=\"bde-text-278-103-743-278-1 bde-text bde-text-278-103\">\nspecialista in chirurgia ortopedica\n<\/div><div class=\"bde-text-278-104-743-278-1 bde-text bde-text-278-104\">\nIl suo lavoro si concentra sull&#039;ortopedia sportiva e sulla chirurgia dei tumori ossei.\n<\/div>\n\n<\/a>    <\/article>\n    <article class=\"bde-loop-item ee-post\">\n        <a class=\"bde-container-link-278-100-722-278-1 bde-container-link bde-container-link-278-100 breakdance-link\" href=\"https:\/\/md-medicina.si\/it\/zdravnik\/asist-dr-bostjan-matos-dr-med\/\" target=\"_self\" data-type=\"url\">\n  \n  \n\t\n\n\n\n<img decoding=\"async\" class=\"bde-image2-278-101-722-278-1 bde-image2 bde-image2-278-101\" src=\"https:\/\/md-medicina.si\/wp-content\/uploads\/2025\/05\/dr.-Bostjan-Matos-dr.-med.webp\" loading=\"lazy\" srcset=\"https:\/\/md-medicina.si\/wp-content\/uploads\/2025\/05\/dr.-Bostjan-Matos-dr.-med.webp 800w, https:\/\/md-medicina.si\/wp-content\/uploads\/2025\/05\/dr.-Bostjan-Matos-dr.-med-240x300.webp 240w, https:\/\/md-medicina.si\/wp-content\/uploads\/2025\/05\/dr.-Bostjan-Matos-dr.-med-768x960.webp 768w\" sizes=\"(max-width: 800px) 100vw, 800px\"><div class=\"bde-text-278-102-722-278-1 bde-text bde-text-278-102\">\nAssistere. Dott. Bo\u0161tjan Matos, Dott. med.\n<\/div><div class=\"bde-text-278-103-722-278-1 bde-text bde-text-278-103\">\nspecialista in neurochirurgia\n<\/div><div class=\"bde-text-278-104-722-278-1 bde-text bde-text-278-104\">\nSi occupa principalmente dei processi patologici del cervello e del midollo spinale, nonch\u00e9 dei processi correlati al dolore nella colonna lombare e cervicale.\n<\/div>\n\n<\/a>    <\/article>\n    <article class=\"bde-loop-item ee-post\">\n        <a class=\"bde-container-link-278-100-744-278-1 bde-container-link bde-container-link-278-100 breakdance-link\" href=\"https:\/\/md-medicina.si\/it\/zdravnik\/doc-dr-uros-meglic-dr-med\/\" target=\"_self\" data-type=\"url\">\n  \n  \n\t\n\n\n\n<img decoding=\"async\" class=\"bde-image2-278-101-744-278-1 bde-image2 bde-image2-278-101\" src=\"https:\/\/md-medicina.si\/wp-content\/uploads\/2025\/05\/doc.dr_.-Uros-Meglic-dr.-med.webp\" loading=\"lazy\" srcset=\"https:\/\/md-medicina.si\/wp-content\/uploads\/2025\/05\/doc.dr_.-Uros-Meglic-dr.-med.webp 800w, https:\/\/md-medicina.si\/wp-content\/uploads\/2025\/05\/doc.dr_.-Uros-Meglic-dr.-med-240x300.webp 240w, https:\/\/md-medicina.si\/wp-content\/uploads\/2025\/05\/doc.dr_.-Uros-Meglic-dr.-med-768x960.webp 768w\" sizes=\"(max-width: 800px) 100vw, 800px\"><div class=\"bde-text-278-102-744-278-1 bde-text bde-text-278-102\">\nProf. Assist. Uro\u0161 Megli\u010d, Dott. med., PhD\n<\/div><div class=\"bde-text-278-103-744-278-1 bde-text bde-text-278-103\">\nspecialista in chirurgia ortopedica\n<\/div><div class=\"bde-text-278-104-744-278-1 bde-text bde-text-278-104\">\nSi concentra sul trattamento di lesioni e patologie delle articolazioni della spalla e del gomito.\n<\/div>\n\n<\/a>    <\/article>\n    <article class=\"bde-loop-item ee-post\">\n        <a class=\"bde-container-link-278-100-2207-278-1 bde-container-link bde-container-link-278-100 breakdance-link\" href=\"https:\/\/md-medicina.si\/it\/zdravnik\/maja-merkun-dr-med\/\" target=\"_self\" data-type=\"url\">\n  \n  \n\t\n\n\n\n<img decoding=\"async\" class=\"bde-image2-278-101-2207-278-1 bde-image2 bde-image2-278-101\" src=\"https:\/\/md-medicina.si\/wp-content\/uploads\/2025\/07\/Mateja-Lasic.webp\" loading=\"lazy\" srcset=\"https:\/\/md-medicina.si\/wp-content\/uploads\/2025\/07\/Mateja-Lasic.webp 800w, https:\/\/md-medicina.si\/wp-content\/uploads\/2025\/07\/Mateja-Lasic-240x300.webp 240w, https:\/\/md-medicina.si\/wp-content\/uploads\/2025\/07\/Mateja-Lasic-768x960.webp 768w, https:\/\/md-medicina.si\/wp-content\/uploads\/2025\/07\/Mateja-Lasic-10x12.webp 10w\" sizes=\"(max-width: 800px) 100vw, 800px\"><div class=\"bde-text-278-102-2207-278-1 bde-text bde-text-278-102\">\nMaja Merkun, dr.med.\n<\/div><div class=\"bde-text-278-103-2207-278-1 bde-text bde-text-278-103\">\nspecialista in ginecologia e ostetricia\n<\/div><div class=\"bde-text-278-104-2207-278-1 bde-text bde-text-278-104\">\nVodja dejavnosti ginekologije in porodni\u0161tva v MD medicina. Izvaja specialisti\u010dne preglede in \u0161irok nabor ginekolo\u0161kih posegov z osredoto\u010denostjo na celostnem, posameznici prilagojenem pristopu.\n<\/div>\n\n<\/a>    <\/article>\n    <article class=\"bde-loop-item ee-post\">\n        <a class=\"bde-container-link-278-100-749-278-1 bde-container-link bde-container-link-278-100 breakdance-link\" href=\"https:\/\/md-medicina.si\/it\/zdravnik\/miha-muzic-dr-med\/\" target=\"_self\" data-type=\"url\">\n  \n  \n\t\n\n\n\n<img decoding=\"async\" class=\"bde-image2-278-101-749-278-1 bde-image2 bde-image2-278-101\" src=\"https:\/\/md-medicina.si\/wp-content\/uploads\/2025\/05\/Miha-Muzic-dr.-med.webp\" loading=\"lazy\" srcset=\"https:\/\/md-medicina.si\/wp-content\/uploads\/2025\/05\/Miha-Muzic-dr.-med.webp 800w, https:\/\/md-medicina.si\/wp-content\/uploads\/2025\/05\/Miha-Muzic-dr.-med-240x300.webp 240w, https:\/\/md-medicina.si\/wp-content\/uploads\/2025\/05\/Miha-Muzic-dr.-med-768x960.webp 768w\" sizes=\"(max-width: 800px) 100vw, 800px\"><div class=\"bde-text-278-102-749-278-1 bde-text bde-text-278-102\">\nMiha Mu\u017ei\u010d, dr. med.\n<\/div><div class=\"bde-text-278-103-749-278-1 bde-text bde-text-278-103\">\nspecialist dru\u017einske medicine\n<\/div><div class=\"bde-text-278-104-749-278-1 bde-text bde-text-278-104\">\nSpecializiran za dru\u017einsko medicino z dodatnim znanjem iz interne medicine, dermatologije in urgentne diagnostike.\r\n\r\n\r\n\r\n\r\n\r\n\r\n\n<\/div>\n\n<\/a>    <\/article>\n    <article class=\"bde-loop-item ee-post\">\n        <a class=\"bde-container-link-278-100-755-278-1 bde-container-link bde-container-link-278-100 breakdance-link\" href=\"https:\/\/md-medicina.si\/it\/zdravnik\/prof-dr-zvezdan-pirtosek-dr-med\/\" target=\"_self\" data-type=\"url\">\n  \n  \n\t\n\n\n\n<img decoding=\"async\" class=\"bde-image2-278-101-755-278-1 bde-image2 bde-image2-278-101\" src=\"https:\/\/md-medicina.si\/wp-content\/uploads\/2025\/05\/prof.-dr.-Zvezdan-Pirtosek-dr.-med.webp\" loading=\"lazy\" srcset=\"https:\/\/md-medicina.si\/wp-content\/uploads\/2025\/05\/prof.-dr.-Zvezdan-Pirtosek-dr.-med.webp 800w, https:\/\/md-medicina.si\/wp-content\/uploads\/2025\/05\/prof.-dr.-Zvezdan-Pirtosek-dr.-med-240x300.webp 240w, https:\/\/md-medicina.si\/wp-content\/uploads\/2025\/05\/prof.-dr.-Zvezdan-Pirtosek-dr.-med-768x960.webp 768w\" sizes=\"(max-width: 800px) 100vw, 800px\"><div class=\"bde-text-278-102-755-278-1 bde-text bde-text-278-102\">\nProf. Dott. Zvezdan Pirto\u0161ek, Dott. med.\n<\/div><div class=\"bde-text-278-103-755-278-1 bde-text bde-text-278-103\">\nspecialista in neurologia\n<\/div><div class=\"bde-text-278-104-755-278-1 bde-text bde-text-278-104\">\nSi occupa principalmente di malattie neurodegenerative come il Parkinson e l&#039;Alzheimer.\n<\/div>\n\n<\/a>    <\/article>\n    <article class=\"bde-loop-item ee-post\">\n        <a class=\"bde-container-link-278-100-736-278-1 bde-container-link bde-container-link-278-100 breakdance-link\" href=\"https:\/\/md-medicina.si\/it\/zdravnik\/doc-dr-domen-plut-dr-med\/\" target=\"_self\" data-type=\"url\">\n  \n  \n\t\n\n\n\n<img decoding=\"async\" class=\"bde-image2-278-101-736-278-1 bde-image2 bde-image2-278-101\" src=\"https:\/\/md-medicina.si\/wp-content\/uploads\/2025\/05\/doc.-dr.-Domen-Plut-dr.-med.webp\" loading=\"lazy\" srcset=\"https:\/\/md-medicina.si\/wp-content\/uploads\/2025\/05\/doc.-dr.-Domen-Plut-dr.-med.webp 800w, https:\/\/md-medicina.si\/wp-content\/uploads\/2025\/05\/doc.-dr.-Domen-Plut-dr.-med-240x300.webp 240w, https:\/\/md-medicina.si\/wp-content\/uploads\/2025\/05\/doc.-dr.-Domen-Plut-dr.-med-768x960.webp 768w\" sizes=\"(max-width: 800px) 100vw, 800px\"><div class=\"bde-text-278-102-736-278-1 bde-text bde-text-278-102\">\nDott. Domen Plut, dott. med.\n<\/div><div class=\"bde-text-278-103-736-278-1 bde-text bde-text-278-103\">\nspecialista in radiologia\n<\/div><div class=\"bde-text-278-104-736-278-1 bde-text bde-text-278-104\">\nEsegue principalmente ecografie su bambini e adulti.\n<\/div>\n\n<\/a>    <\/article>\n    <article class=\"bde-loop-item ee-post\">\n        <a class=\"bde-container-link-278-100-737-278-1 bde-container-link bde-container-link-278-100 breakdance-link\" href=\"https:\/\/md-medicina.si\/it\/zdravnik\/asist-peter-slak-dr-med\/\" target=\"_self\" data-type=\"url\">\n  \n  \n\t\n\n\n\n<img decoding=\"async\" class=\"bde-image2-278-101-737-278-1 bde-image2 bde-image2-278-101\" src=\"https:\/\/md-medicina.si\/wp-content\/uploads\/2025\/05\/asist.-Peter-Slak-dr.-med.webp\" loading=\"lazy\" srcset=\"https:\/\/md-medicina.si\/wp-content\/uploads\/2025\/05\/asist.-Peter-Slak-dr.-med.webp 800w, https:\/\/md-medicina.si\/wp-content\/uploads\/2025\/05\/asist.-Peter-Slak-dr.-med-240x300.webp 240w, https:\/\/md-medicina.si\/wp-content\/uploads\/2025\/05\/asist.-Peter-Slak-dr.-med-768x960.webp 768w\" sizes=\"(max-width: 800px) 100vw, 800px\"><div class=\"bde-text-278-102-737-278-1 bde-text bde-text-278-102\">\nAssist. Peter Slak, Dott. med.\n<\/div><div class=\"bde-text-278-103-737-278-1 bde-text bde-text-278-103\">\nspecialista in radiologia\n<\/div><div class=\"bde-text-278-104-737-278-1 bde-text bde-text-278-104\">\nEsegue ecografie dell&#039;addome, delle vie urinarie, dei tessuti molli e degli organi cervicali su persone di tutte le et\u00e0.\n<\/div>\n\n<\/a>    <\/article>\n    <article class=\"bde-loop-item ee-post\">\n        <a class=\"bde-container-link-278-100-745-278-1 bde-container-link bde-container-link-278-100 breakdance-link\" href=\"https:\/\/md-medicina.si\/it\/zdravnik\/asist-dr-tanja-slokar-dr-med\/\" target=\"_self\" data-type=\"url\">\n  \n  \n\t\n\n\n\n<img decoding=\"async\" class=\"bde-image2-278-101-745-278-1 bde-image2 bde-image2-278-101\" src=\"https:\/\/md-medicina.si\/wp-content\/uploads\/2025\/05\/asist.-dr.-Tanja-Slokar-dr.-med.webp\" loading=\"lazy\" srcset=\"https:\/\/md-medicina.si\/wp-content\/uploads\/2025\/05\/asist.-dr.-Tanja-Slokar-dr.-med.webp 800w, https:\/\/md-medicina.si\/wp-content\/uploads\/2025\/05\/asist.-dr.-Tanja-Slokar-dr.-med-240x300.webp 240w, https:\/\/md-medicina.si\/wp-content\/uploads\/2025\/05\/asist.-dr.-Tanja-Slokar-dr.-med-768x960.webp 768w\" sizes=\"(max-width: 800px) 100vw, 800px\"><div class=\"bde-text-278-102-745-278-1 bde-text bde-text-278-102\">\nAssistere. Dott.ssa Tanja Slokar, Dott.ssa med.\n<\/div><div class=\"bde-text-278-103-745-278-1 bde-text bde-text-278-103\">\nspecialista in chirurgia ortopedica\n<\/div><div class=\"bde-text-278-104-745-278-1 bde-text bde-text-278-104\">\nSi occupa di patologia ortopedica generale e varia, con particolare attenzione alla patologia del piede e del ginocchio sia nell&#039;adulto che nel bambino.\n<\/div>\n\n<\/a>    <\/article>\n    <article class=\"bde-loop-item ee-post\">\n        <a class=\"bde-container-link-278-100-1386-278-1 bde-container-link bde-container-link-278-100 breakdance-link\" href=\"https:\/\/md-medicina.si\/it\/zdravnik\/izr-prof-klemen-strazar-dr-med\/\" target=\"_self\" data-type=\"url\">\n  \n  \n\t\n\n\n\n<img decoding=\"async\" class=\"bde-image2-278-101-1386-278-1 bde-image2 bde-image2-278-101\" src=\"https:\/\/md-medicina.si\/wp-content\/uploads\/2025\/05\/izr.-prof.-Klemen-Strazar-dr.-med.webp\" loading=\"lazy\" srcset=\"https:\/\/md-medicina.si\/wp-content\/uploads\/2025\/05\/izr.-prof.-Klemen-Strazar-dr.-med.webp 800w, https:\/\/md-medicina.si\/wp-content\/uploads\/2025\/05\/izr.-prof.-Klemen-Strazar-dr.-med-240x300.webp 240w, https:\/\/md-medicina.si\/wp-content\/uploads\/2025\/05\/izr.-prof.-Klemen-Strazar-dr.-med-768x960.webp 768w\" sizes=\"(max-width: 800px) 100vw, 800px\"><div class=\"bde-text-278-102-1386-278-1 bde-text bde-text-278-102\">\nAss. Prof. Klemen Stra\u017ear, Dott. med., PhD\n<\/div><div class=\"bde-text-278-103-1386-278-1 bde-text bde-text-278-103\">\nspecialista in chirurgia ortopedica\n<\/div><div class=\"bde-text-278-104-1386-278-1 bde-text bde-text-278-104\">\nSpecialista esperto in chirurgia ortopedica che ha affinato le sue competenze presso prestigiose cliniche in tutto il mondo.\n<\/div>\n\n<\/a>    <\/article>\n    <article class=\"bde-loop-item ee-post\">\n        <a class=\"bde-container-link-278-100-728-278-1 bde-container-link bde-container-link-278-100 breakdance-link\" href=\"https:\/\/md-medicina.si\/it\/zdravnik\/asist-dr-lovro-suhodolcan-dr-med\/\" target=\"_self\" data-type=\"url\">\n  \n  \n\t\n\n\n\n<img decoding=\"async\" class=\"bde-image2-278-101-728-278-1 bde-image2 bde-image2-278-101\" src=\"https:\/\/md-medicina.si\/wp-content\/uploads\/2025\/05\/asist.-dr.-Lovro-Suhodolcan-dr.-med.webp\" loading=\"lazy\" srcset=\"https:\/\/md-medicina.si\/wp-content\/uploads\/2025\/05\/asist.-dr.-Lovro-Suhodolcan-dr.-med.webp 800w, https:\/\/md-medicina.si\/wp-content\/uploads\/2025\/05\/asist.-dr.-Lovro-Suhodolcan-dr.-med-240x300.webp 240w, https:\/\/md-medicina.si\/wp-content\/uploads\/2025\/05\/asist.-dr.-Lovro-Suhodolcan-dr.-med-768x960.webp 768w\" sizes=\"(max-width: 800px) 100vw, 800px\"><div class=\"bde-text-278-102-728-278-1 bde-text bde-text-278-102\">\nAssistere. Dott. Lovro Suhodol\u010dan, Dott. med.\n<\/div><div class=\"bde-text-278-103-728-278-1 bde-text bde-text-278-103\">\nspecialista in chirurgia ortopedica\n<\/div><div class=\"bde-text-278-104-728-278-1 bde-text bde-text-278-104\">\nSi occupa del trattamento completo delle patologie della colonna vertebrale, compresa la chirurgia dei tumori e delle deformit\u00e0.\n<\/div>\n\n<\/a>    <\/article>\n    <article class=\"bde-loop-item ee-post\">\n        <a class=\"bde-container-link-278-100-723-278-1 bde-container-link bde-container-link-278-100 breakdance-link\" href=\"https:\/\/md-medicina.si\/it\/zdravnik\/asist-dr-janez-toplisek-dr-med\/\" target=\"_self\" data-type=\"url\">\n  \n  \n\t\n\n\n\n<img decoding=\"async\" class=\"bde-image2-278-101-723-278-1 bde-image2 bde-image2-278-101\" src=\"https:\/\/md-medicina.si\/wp-content\/uploads\/2025\/05\/asist.-dr.-Janez-Toplisek-dr.-med.webp\" loading=\"lazy\" srcset=\"https:\/\/md-medicina.si\/wp-content\/uploads\/2025\/05\/asist.-dr.-Janez-Toplisek-dr.-med.webp 800w, https:\/\/md-medicina.si\/wp-content\/uploads\/2025\/05\/asist.-dr.-Janez-Toplisek-dr.-med-240x300.webp 240w, https:\/\/md-medicina.si\/wp-content\/uploads\/2025\/05\/asist.-dr.-Janez-Toplisek-dr.-med-768x960.webp 768w\" sizes=\"(max-width: 800px) 100vw, 800px\"><div class=\"bde-text-278-102-723-278-1 bde-text bde-text-278-102\">\nAssistere. Dott. Janez Topli\u0161ek, Dott. med.\n<\/div><div class=\"bde-text-278-103-723-278-1 bde-text bde-text-278-103\">\nspecialista in medicina interna, cardiologia e medicina vascolare\n<\/div><div class=\"bde-text-278-104-723-278-1 bde-text bde-text-278-104\">\nSi occupa principalmente di problemi legati al sistema cardiovascolare.\n<\/div>\n\n<\/a>    <\/article>\n    <article class=\"bde-loop-item ee-post\">\n        <a class=\"bde-container-link-278-100-753-278-1 bde-container-link bde-container-link-278-100 breakdance-link\" href=\"https:\/\/md-medicina.si\/it\/zdravnik\/dasa-zugwitz-dr-med\/\" target=\"_self\" data-type=\"url\">\n  \n  \n\t\n\n\n\n<img decoding=\"async\" class=\"bde-image2-278-101-753-278-1 bde-image2 bde-image2-278-101\" src=\"https:\/\/md-medicina.si\/wp-content\/uploads\/2025\/05\/Dasa-Zugwitz-dr.-med.webp\" loading=\"lazy\" srcset=\"https:\/\/md-medicina.si\/wp-content\/uploads\/2025\/05\/Dasa-Zugwitz-dr.-med.webp 800w, https:\/\/md-medicina.si\/wp-content\/uploads\/2025\/05\/Dasa-Zugwitz-dr.-med-240x300.webp 240w, https:\/\/md-medicina.si\/wp-content\/uploads\/2025\/05\/Dasa-Zugwitz-dr.-med-768x960.webp 768w\" sizes=\"(max-width: 800px) 100vw, 800px\"><div class=\"bde-text-278-102-753-278-1 bde-text bde-text-278-102\">\nDott. Da\u0161a Zugwitz, Dott. med.\n<\/div><div class=\"bde-text-278-103-753-278-1 bde-text bde-text-278-103\">\nspecialista in cardiologia e medicina vascolare\n<\/div><div class=\"bde-text-278-104-753-278-1 bde-text bde-text-278-104\">\nSpecializzato in imaging cardiaco con certificazioni internazionali e competenze di ricerca nel campo della cardiologia.\n<\/div>\n\n<\/a>    <\/article>\n    <article class=\"bde-loop-item ee-post\">\n        <a class=\"bde-container-link-278-100-726-278-1 bde-container-link bde-container-link-278-100 breakdance-link\" href=\"https:\/\/md-medicina.si\/it\/zdravnik\/asist-dr-nik-zlak-dr-med\/\" target=\"_self\" data-type=\"url\">\n  \n  \n\t\n\n\n\n<img decoding=\"async\" class=\"bde-image2-278-101-726-278-1 bde-image2 bde-image2-278-101\" src=\"https:\/\/md-medicina.si\/wp-content\/uploads\/2025\/05\/asist.-dr.-Nik-Zlak-dr.-med.webp\" loading=\"lazy\" srcset=\"https:\/\/md-medicina.si\/wp-content\/uploads\/2025\/05\/asist.-dr.-Nik-Zlak-dr.-med.webp 800w, https:\/\/md-medicina.si\/wp-content\/uploads\/2025\/05\/asist.-dr.-Nik-Zlak-dr.-med-240x300.webp 240w, https:\/\/md-medicina.si\/wp-content\/uploads\/2025\/05\/asist.-dr.-Nik-Zlak-dr.-med-768x960.webp 768w\" sizes=\"(max-width: 800px) 100vw, 800px\"><div class=\"bde-text-278-102-726-278-1 bde-text bde-text-278-102\">\nProf. Assist. Nik \u017dlak, Dott. med.\n<\/div><div class=\"bde-text-278-103-726-278-1 bde-text bde-text-278-103\">\nspecialista in chirurgia ortopedica\n<\/div><div class=\"bde-text-278-104-726-278-1 bde-text bde-text-278-104\">\nSi occupa di patologia sportiva e di interventi ricostruttivi su ginocchio, caviglia e spalla, di ortopedia rigenerativa e di patologia del piede.\n<\/div>\n\n<\/a>    <\/article>\n    <article class=\"bde-loop-item ee-post\">\n        <a class=\"bde-container-link-278-100-738-278-1 bde-container-link bde-container-link-278-100 breakdance-link\" href=\"https:\/\/md-medicina.si\/it\/zdravnik\/izr-prof-dr-janez-brecelj-dr-med\/\" target=\"_self\" data-type=\"url\">\n  \n  \n\t\n\n\n\n<img decoding=\"async\" class=\"bde-image2-278-101-738-278-1 bde-image2 bde-image2-278-101\" src=\"https:\/\/md-medicina.si\/wp-content\/uploads\/2025\/05\/Foto-Zupan-scaled.jpg\" loading=\"lazy\" srcset=\"https:\/\/md-medicina.si\/wp-content\/uploads\/2025\/05\/Foto-Zupan-scaled.jpg 1707w, https:\/\/md-medicina.si\/wp-content\/uploads\/2025\/05\/Foto-Zupan-200x300.jpg 200w, https:\/\/md-medicina.si\/wp-content\/uploads\/2025\/05\/Foto-Zupan-683x1024.jpg 683w, https:\/\/md-medicina.si\/wp-content\/uploads\/2025\/05\/Foto-Zupan-768x1152.jpg 768w, https:\/\/md-medicina.si\/wp-content\/uploads\/2025\/05\/Foto-Zupan-1024x1536.jpg 1024w, https:\/\/md-medicina.si\/wp-content\/uploads\/2025\/05\/Foto-Zupan-1365x2048.jpg 1365w, https:\/\/md-medicina.si\/wp-content\/uploads\/2025\/05\/Foto-Zupan-8x12.jpg 8w\" sizes=\"(max-width: 1707px) 100vw, 1707px\"><div class=\"bde-text-278-102-738-278-1 bde-text bde-text-278-102\">\nprof. dr. Oskar Zupanc, dr. med.\n<\/div><div class=\"bde-text-278-103-738-278-1 bde-text bde-text-278-103\">\nspecialista in chirurgia ortopedica\n<\/div><div class=\"bde-text-278-104-738-278-1 bde-text bde-text-278-104\">\nPri svojem delu se ukvarja s \u0161portno patologijo. Osredoto\u010da se predvsem na zdravljenje ramen, komolca in kolen.\n<\/div>\n\n<\/a>    <\/article>\n<\/div>\r\n<\/div><\/div>\n<\/section><section class=\"bde-section-2149-182 bde-section\">\n              \n  \n  \n\t\n\n\n\n<div class=\"section-container\"><h2 class=\"bde-heading-2149-183 bde-heading\">\nOpinioni dei clienti soddisfatti\n<\/h2><div class=\"bde-text-2149-184 bde-text\">\nLe opinioni dei nostri pazienti testimoniano la fiducia, la professionalit\u00e0 e l&#039;approccio personale che mettiamo in pratica ogni giorno nel nostro lavoro.\n<\/div><div class=\"bde-globalblock-2149-224 bde-globalblock\"><div class=\"bde-advancedslider-1251-138-1251-1 bde-advancedslider bde-advancedslider-1251-138\">\n<div class=\"breakdance-swiper-wrapper\" data-swiper-id=\"138\">\n  <div class=\"swiper\">\n    <div class=\"swiper-wrapper\">\n      <div class=\"bde-advancedslide-1251-146-1251-1 bde-advancedslide bde-advancedslide-1251-146 swiper-slide\"><div class=\"advanced-slider__slide\">\r\n  <div class=\"bde-div-1251-147-1251-1 bde-div bde-div-1251-147\">\n  \n  \n\t\n\n\n\n<div class=\"bde-star-rating-1251-148-1251-1 bde-star-rating bde-star-rating-1251-148\">\n\n\n\n  <div class='bde-star-rating__wrapper'>\n    <svg aria-hidden=\"true\" focusable=\"false\" data-prefix=\"fas\"  role=\"img\" xmlns=\"http:\/\/www.w3.org\/2000\/svg\" viewbox=\"0 0 576 512\" class=\"svg-inline--fa fa-star fa-w-18 fa-2x\"><path d=\"M259.3 17.8L194 150.2 47.9 171.5c-26.2 3.8-36.7 36.1-17.7 54.6l105.7 103-25 145.5c-4.5 26.3 23.2 46 46.4 33.7L288 439.6l130.7 68.7c23.2 12.2 50.9-7.4 46.4-33.7l-25-145.5 105.7-103c19-18.5 8.5-50.8-17.7-54.6L382 150.2 316.7 17.8c-11.7-23.6-45.6-23.9-57.4 0z\" class=\"\"><\/path><\/svg>\n    <svg aria-hidden=\"true\" focusable=\"false\" data-prefix=\"fas\"  role=\"img\" xmlns=\"http:\/\/www.w3.org\/2000\/svg\" viewbox=\"0 0 576 512\" class=\"svg-inline--fa fa-star fa-w-18 fa-2x\"><path d=\"M259.3 17.8L194 150.2 47.9 171.5c-26.2 3.8-36.7 36.1-17.7 54.6l105.7 103-25 145.5c-4.5 26.3 23.2 46 46.4 33.7L288 439.6l130.7 68.7c23.2 12.2 50.9-7.4 46.4-33.7l-25-145.5 105.7-103c19-18.5 8.5-50.8-17.7-54.6L382 150.2 316.7 17.8c-11.7-23.6-45.6-23.9-57.4 0z\" class=\"\"><\/path><\/svg>\n    <svg aria-hidden=\"true\" focusable=\"false\" data-prefix=\"fas\"  role=\"img\" xmlns=\"http:\/\/www.w3.org\/2000\/svg\" viewbox=\"0 0 576 512\" class=\"svg-inline--fa fa-star fa-w-18 fa-2x\"><path d=\"M259.3 17.8L194 150.2 47.9 171.5c-26.2 3.8-36.7 36.1-17.7 54.6l105.7 103-25 145.5c-4.5 26.3 23.2 46 46.4 33.7L288 439.6l130.7 68.7c23.2 12.2 50.9-7.4 46.4-33.7l-25-145.5 105.7-103c19-18.5 8.5-50.8-17.7-54.6L382 150.2 316.7 17.8c-11.7-23.6-45.6-23.9-57.4 0z\" class=\"\"><\/path><\/svg>\n    <svg aria-hidden=\"true\" focusable=\"false\" data-prefix=\"fas\"  role=\"img\" xmlns=\"http:\/\/www.w3.org\/2000\/svg\" viewbox=\"0 0 576 512\" class=\"svg-inline--fa fa-star fa-w-18 fa-2x\"><path d=\"M259.3 17.8L194 150.2 47.9 171.5c-26.2 3.8-36.7 36.1-17.7 54.6l105.7 103-25 145.5c-4.5 26.3 23.2 46 46.4 33.7L288 439.6l130.7 68.7c23.2 12.2 50.9-7.4 46.4-33.7l-25-145.5 105.7-103c19-18.5 8.5-50.8-17.7-54.6L382 150.2 316.7 17.8c-11.7-23.6-45.6-23.9-57.4 0z\" class=\"\"><\/path><\/svg>\n    <svg aria-hidden=\"true\" focusable=\"false\" data-prefix=\"fas\"  role=\"img\" xmlns=\"http:\/\/www.w3.org\/2000\/svg\" viewbox=\"0 0 576 512\" class=\"svg-inline--fa fa-star fa-w-18 fa-2x\"><path d=\"M259.3 17.8L194 150.2 47.9 171.5c-26.2 3.8-36.7 36.1-17.7 54.6l105.7 103-25 145.5c-4.5 26.3 23.2 46 46.4 33.7L288 439.6l130.7 68.7c23.2 12.2 50.9-7.4 46.4-33.7l-25-145.5 105.7-103c19-18.5 8.5-50.8-17.7-54.6L382 150.2 316.7 17.8c-11.7-23.6-45.6-23.9-57.4 0z\" class=\"\"><\/path><\/svg>\n  <\/div>\n\n\n\n<svg width=\"0\" height=\"0\">\n<lineargradient id=\"starhalf148\" x1=\"0\" x2=\"100%\" y1=\"0\" y2=\"0\">\n        <stop offset=\"0%\" stop-color=\"var(--bde-palette-color-2-9cf302e2-e388-4912-b6fe-f7cdeb9bf61b)\"><\/stop>\n \t\t<stop offset=\"0%\" stop-color=\"lightgrey\"><\/stop>\n<\/lineargradient>\n<\/svg>\n\n<\/div><div class=\"bde-text-1251-149-1251-1 bde-text bde-text-1251-149\">\nMD Medicina vanta uno staff cordiale e, soprattutto, professionale. Gli anestesisti si assicurano che vi sentiate davvero al sicuro. Il chirurgo vi fornisce tutte le informazioni e svolge il suo lavoro con professionalit\u00e0, prendendosi cura di voi fino alla dimissione e, naturalmente, anche dopo. Infermieri, fisioterapisti e altri operatori sanitari si assicurano che non vi sfugga nulla, anche se in quel momento non potete fare nulla. Professionalit\u00e0, cordialit\u00e0, familiarit\u00e0. Questo \u00e8 probabilmente tutto ci\u00f2 che noi pazienti desideriamo e meritiamo quando abbiamo bisogno di un intervento chirurgico. Ed \u00e8 cos\u00ec che mi sono sentito anch&#039;io, perch\u00e9 tutto, dalla preparazione all&#039;intervento, all&#039;intervento e alle cure postoperatorie, \u00e8 stato svolto in modo superbo. Grazie a tutta l&#039;\u00e9quipe e in bocca al lupo!\n<\/div>\n<\/div><div class=\"bde-div-1251-150-1251-1 bde-div bde-div-1251-150\">\n  \n  \n\t\n\n\n\n<div class=\"bde-text-1251-152-1251-1 bde-text bde-text-1251-152\">\nKatarina Sinkovec\n<\/div>\n<\/div>\r\n<\/div><\/div><div class=\"bde-advancedslide-1251-153-1251-1 bde-advancedslide bde-advancedslide-1251-153 swiper-slide\"><div class=\"advanced-slider__slide\">\r\n  <div class=\"bde-div-1251-154-1251-1 bde-div bde-div-1251-154\">\n  \n  \n\t\n\n\n\n<div class=\"bde-star-rating-1251-155-1251-1 bde-star-rating bde-star-rating-1251-155\">\n\n\n\n  <div class='bde-star-rating__wrapper'>\n    <svg aria-hidden=\"true\" focusable=\"false\" data-prefix=\"fas\"  role=\"img\" xmlns=\"http:\/\/www.w3.org\/2000\/svg\" viewbox=\"0 0 576 512\" class=\"svg-inline--fa fa-star fa-w-18 fa-2x\"><path d=\"M259.3 17.8L194 150.2 47.9 171.5c-26.2 3.8-36.7 36.1-17.7 54.6l105.7 103-25 145.5c-4.5 26.3 23.2 46 46.4 33.7L288 439.6l130.7 68.7c23.2 12.2 50.9-7.4 46.4-33.7l-25-145.5 105.7-103c19-18.5 8.5-50.8-17.7-54.6L382 150.2 316.7 17.8c-11.7-23.6-45.6-23.9-57.4 0z\" class=\"\"><\/path><\/svg>\n    <svg aria-hidden=\"true\" focusable=\"false\" data-prefix=\"fas\"  role=\"img\" xmlns=\"http:\/\/www.w3.org\/2000\/svg\" viewbox=\"0 0 576 512\" class=\"svg-inline--fa fa-star fa-w-18 fa-2x\"><path d=\"M259.3 17.8L194 150.2 47.9 171.5c-26.2 3.8-36.7 36.1-17.7 54.6l105.7 103-25 145.5c-4.5 26.3 23.2 46 46.4 33.7L288 439.6l130.7 68.7c23.2 12.2 50.9-7.4 46.4-33.7l-25-145.5 105.7-103c19-18.5 8.5-50.8-17.7-54.6L382 150.2 316.7 17.8c-11.7-23.6-45.6-23.9-57.4 0z\" class=\"\"><\/path><\/svg>\n    <svg aria-hidden=\"true\" focusable=\"false\" data-prefix=\"fas\"  role=\"img\" xmlns=\"http:\/\/www.w3.org\/2000\/svg\" viewbox=\"0 0 576 512\" class=\"svg-inline--fa fa-star fa-w-18 fa-2x\"><path d=\"M259.3 17.8L194 150.2 47.9 171.5c-26.2 3.8-36.7 36.1-17.7 54.6l105.7 103-25 145.5c-4.5 26.3 23.2 46 46.4 33.7L288 439.6l130.7 68.7c23.2 12.2 50.9-7.4 46.4-33.7l-25-145.5 105.7-103c19-18.5 8.5-50.8-17.7-54.6L382 150.2 316.7 17.8c-11.7-23.6-45.6-23.9-57.4 0z\" class=\"\"><\/path><\/svg>\n    <svg aria-hidden=\"true\" focusable=\"false\" data-prefix=\"fas\"  role=\"img\" xmlns=\"http:\/\/www.w3.org\/2000\/svg\" viewbox=\"0 0 576 512\" class=\"svg-inline--fa fa-star fa-w-18 fa-2x\"><path d=\"M259.3 17.8L194 150.2 47.9 171.5c-26.2 3.8-36.7 36.1-17.7 54.6l105.7 103-25 145.5c-4.5 26.3 23.2 46 46.4 33.7L288 439.6l130.7 68.7c23.2 12.2 50.9-7.4 46.4-33.7l-25-145.5 105.7-103c19-18.5 8.5-50.8-17.7-54.6L382 150.2 316.7 17.8c-11.7-23.6-45.6-23.9-57.4 0z\" class=\"\"><\/path><\/svg>\n    <svg aria-hidden=\"true\" focusable=\"false\" data-prefix=\"fas\"  role=\"img\" xmlns=\"http:\/\/www.w3.org\/2000\/svg\" viewbox=\"0 0 576 512\" class=\"svg-inline--fa fa-star fa-w-18 fa-2x\"><path d=\"M259.3 17.8L194 150.2 47.9 171.5c-26.2 3.8-36.7 36.1-17.7 54.6l105.7 103-25 145.5c-4.5 26.3 23.2 46 46.4 33.7L288 439.6l130.7 68.7c23.2 12.2 50.9-7.4 46.4-33.7l-25-145.5 105.7-103c19-18.5 8.5-50.8-17.7-54.6L382 150.2 316.7 17.8c-11.7-23.6-45.6-23.9-57.4 0z\" class=\"\"><\/path><\/svg>\n  <\/div>\n\n\n\n<svg width=\"0\" height=\"0\">\n<lineargradient id=\"starhalf155\" x1=\"0\" x2=\"100%\" y1=\"0\" y2=\"0\">\n        <stop offset=\"0%\" stop-color=\"var(--bde-palette-color-2-9cf302e2-e388-4912-b6fe-f7cdeb9bf61b)\"><\/stop>\n \t\t<stop offset=\"0%\" stop-color=\"lightgrey\"><\/stop>\n<\/lineargradient>\n<\/svg>\n\n<\/div><div class=\"bde-text-1251-156-1251-1 bde-text bde-text-1251-156\">\nGrazie a tutti voi che utilizzate i dispositivi medici, i metodi e le forme di lavoro pi\u00f9 innovativi nel vostro lavoro medico. Allo stesso tempo, state formando una nuova generazione di medici perch\u00e9 siete personalmente convinti che un approccio collaborativo con il paziente sia vantaggioso non solo per voi, ma anche per noi. Questo ci fa sentire &#034;importanti&#034;.\n<\/div>\n<\/div><div class=\"bde-div-1251-157-1251-1 bde-div bde-div-1251-157\">\n  \n  \n\t\n\n\n\n<div class=\"bde-text-1251-159-1251-1 bde-text bde-text-1251-159\">\nAlenka \u010curin Jan\u017eekovi\u010d &amp; Marijan Jan\u017eekovi\u010d\n<\/div>\n<\/div>\r\n<\/div><\/div><div class=\"bde-advancedslide-1251-160-1251-1 bde-advancedslide bde-advancedslide-1251-160 swiper-slide\"><div class=\"advanced-slider__slide\">\r\n  <div class=\"bde-div-1251-161-1251-1 bde-div bde-div-1251-161\">\n  \n  \n\t\n\n\n\n<div class=\"bde-star-rating-1251-162-1251-1 bde-star-rating bde-star-rating-1251-162\">\n\n\n\n  <div class='bde-star-rating__wrapper'>\n    <svg aria-hidden=\"true\" focusable=\"false\" data-prefix=\"fas\"  role=\"img\" xmlns=\"http:\/\/www.w3.org\/2000\/svg\" viewbox=\"0 0 576 512\" class=\"svg-inline--fa fa-star fa-w-18 fa-2x\"><path d=\"M259.3 17.8L194 150.2 47.9 171.5c-26.2 3.8-36.7 36.1-17.7 54.6l105.7 103-25 145.5c-4.5 26.3 23.2 46 46.4 33.7L288 439.6l130.7 68.7c23.2 12.2 50.9-7.4 46.4-33.7l-25-145.5 105.7-103c19-18.5 8.5-50.8-17.7-54.6L382 150.2 316.7 17.8c-11.7-23.6-45.6-23.9-57.4 0z\" class=\"\"><\/path><\/svg>\n    <svg aria-hidden=\"true\" focusable=\"false\" data-prefix=\"fas\"  role=\"img\" xmlns=\"http:\/\/www.w3.org\/2000\/svg\" viewbox=\"0 0 576 512\" class=\"svg-inline--fa fa-star fa-w-18 fa-2x\"><path d=\"M259.3 17.8L194 150.2 47.9 171.5c-26.2 3.8-36.7 36.1-17.7 54.6l105.7 103-25 145.5c-4.5 26.3 23.2 46 46.4 33.7L288 439.6l130.7 68.7c23.2 12.2 50.9-7.4 46.4-33.7l-25-145.5 105.7-103c19-18.5 8.5-50.8-17.7-54.6L382 150.2 316.7 17.8c-11.7-23.6-45.6-23.9-57.4 0z\" class=\"\"><\/path><\/svg>\n    <svg aria-hidden=\"true\" focusable=\"false\" data-prefix=\"fas\"  role=\"img\" xmlns=\"http:\/\/www.w3.org\/2000\/svg\" viewbox=\"0 0 576 512\" class=\"svg-inline--fa fa-star fa-w-18 fa-2x\"><path d=\"M259.3 17.8L194 150.2 47.9 171.5c-26.2 3.8-36.7 36.1-17.7 54.6l105.7 103-25 145.5c-4.5 26.3 23.2 46 46.4 33.7L288 439.6l130.7 68.7c23.2 12.2 50.9-7.4 46.4-33.7l-25-145.5 105.7-103c19-18.5 8.5-50.8-17.7-54.6L382 150.2 316.7 17.8c-11.7-23.6-45.6-23.9-57.4 0z\" class=\"\"><\/path><\/svg>\n    <svg aria-hidden=\"true\" focusable=\"false\" data-prefix=\"fas\"  role=\"img\" xmlns=\"http:\/\/www.w3.org\/2000\/svg\" viewbox=\"0 0 576 512\" class=\"svg-inline--fa fa-star fa-w-18 fa-2x\"><path d=\"M259.3 17.8L194 150.2 47.9 171.5c-26.2 3.8-36.7 36.1-17.7 54.6l105.7 103-25 145.5c-4.5 26.3 23.2 46 46.4 33.7L288 439.6l130.7 68.7c23.2 12.2 50.9-7.4 46.4-33.7l-25-145.5 105.7-103c19-18.5 8.5-50.8-17.7-54.6L382 150.2 316.7 17.8c-11.7-23.6-45.6-23.9-57.4 0z\" class=\"\"><\/path><\/svg>\n    <svg aria-hidden=\"true\" focusable=\"false\" data-prefix=\"fas\"  role=\"img\" xmlns=\"http:\/\/www.w3.org\/2000\/svg\" viewbox=\"0 0 576 512\" class=\"svg-inline--fa fa-star fa-w-18 fa-2x\"><path d=\"M259.3 17.8L194 150.2 47.9 171.5c-26.2 3.8-36.7 36.1-17.7 54.6l105.7 103-25 145.5c-4.5 26.3 23.2 46 46.4 33.7L288 439.6l130.7 68.7c23.2 12.2 50.9-7.4 46.4-33.7l-25-145.5 105.7-103c19-18.5 8.5-50.8-17.7-54.6L382 150.2 316.7 17.8c-11.7-23.6-45.6-23.9-57.4 0z\" class=\"\"><\/path><\/svg>\n  <\/div>\n\n\n\n<svg width=\"0\" height=\"0\">\n<lineargradient id=\"starhalf162\" x1=\"0\" x2=\"100%\" y1=\"0\" y2=\"0\">\n        <stop offset=\"0%\" stop-color=\"var(--bde-palette-color-2-9cf302e2-e388-4912-b6fe-f7cdeb9bf61b)\"><\/stop>\n \t\t<stop offset=\"0%\" stop-color=\"lightgrey\"><\/stop>\n<\/lineargradient>\n<\/svg>\n\n<\/div><div class=\"bde-text-1251-163-1251-1 bde-text bde-text-1251-163\">\nQuando entri nell&#039;edificio del MD Medicine, ti senti pi\u00f9 a tuo agio che a disagio, perch\u00e9 non hai immediatamente quella sensazione e quell&#039;odore familiare e sgradevole di ospedale. Sei accolto da un&#039;infermiera cordiale che ti accoglie con gentilezza e ti spiega tutto ci\u00f2 che ti interessa. Tutto ha un effetto rilassante, tanto che quell&#039;ultima sensazione di ansia prima di una visita medica o di un intervento chirurgico scompare davvero. Il medico che visiti \u00e8 un esperto di prim&#039;ordine che si dedica completamente a te, ti ascolta davvero, ha tempo per te e, infine, ti offre consigli professionali. Lascio sempre la sede del MD Medicine con serenit\u00e0 e con la chiara consapevolezza che qui ci sono persone che si prenderanno sempre cura di te. Pertanto, un sincero ringraziamento a tutti voi.\n<\/div>\n<\/div><div class=\"bde-div-1251-164-1251-1 bde-div bde-div-1251-164\">\n  \n  \n\t\n\n\n\n<div class=\"bde-text-1251-165-1251-1 bde-text bde-text-1251-165\">\nNeda Fabrizio\n<\/div>\n<\/div>\r\n<\/div><\/div><div class=\"bde-advancedslide-1251-166-1251-1 bde-advancedslide bde-advancedslide-1251-166 swiper-slide\"><div class=\"advanced-slider__slide\">\r\n  <div class=\"bde-div-1251-167-1251-1 bde-div bde-div-1251-167\">\n  \n  \n\t\n\n\n\n<div class=\"bde-star-rating-1251-168-1251-1 bde-star-rating bde-star-rating-1251-168\">\n\n\n\n  <div class='bde-star-rating__wrapper'>\n    <svg aria-hidden=\"true\" focusable=\"false\" data-prefix=\"fas\"  role=\"img\" xmlns=\"http:\/\/www.w3.org\/2000\/svg\" viewbox=\"0 0 576 512\" class=\"svg-inline--fa fa-star fa-w-18 fa-2x\"><path d=\"M259.3 17.8L194 150.2 47.9 171.5c-26.2 3.8-36.7 36.1-17.7 54.6l105.7 103-25 145.5c-4.5 26.3 23.2 46 46.4 33.7L288 439.6l130.7 68.7c23.2 12.2 50.9-7.4 46.4-33.7l-25-145.5 105.7-103c19-18.5 8.5-50.8-17.7-54.6L382 150.2 316.7 17.8c-11.7-23.6-45.6-23.9-57.4 0z\" class=\"\"><\/path><\/svg>\n    <svg aria-hidden=\"true\" focusable=\"false\" data-prefix=\"fas\"  role=\"img\" xmlns=\"http:\/\/www.w3.org\/2000\/svg\" viewbox=\"0 0 576 512\" class=\"svg-inline--fa fa-star fa-w-18 fa-2x\"><path d=\"M259.3 17.8L194 150.2 47.9 171.5c-26.2 3.8-36.7 36.1-17.7 54.6l105.7 103-25 145.5c-4.5 26.3 23.2 46 46.4 33.7L288 439.6l130.7 68.7c23.2 12.2 50.9-7.4 46.4-33.7l-25-145.5 105.7-103c19-18.5 8.5-50.8-17.7-54.6L382 150.2 316.7 17.8c-11.7-23.6-45.6-23.9-57.4 0z\" class=\"\"><\/path><\/svg>\n    <svg aria-hidden=\"true\" focusable=\"false\" data-prefix=\"fas\"  role=\"img\" xmlns=\"http:\/\/www.w3.org\/2000\/svg\" viewbox=\"0 0 576 512\" class=\"svg-inline--fa fa-star fa-w-18 fa-2x\"><path d=\"M259.3 17.8L194 150.2 47.9 171.5c-26.2 3.8-36.7 36.1-17.7 54.6l105.7 103-25 145.5c-4.5 26.3 23.2 46 46.4 33.7L288 439.6l130.7 68.7c23.2 12.2 50.9-7.4 46.4-33.7l-25-145.5 105.7-103c19-18.5 8.5-50.8-17.7-54.6L382 150.2 316.7 17.8c-11.7-23.6-45.6-23.9-57.4 0z\" class=\"\"><\/path><\/svg>\n    <svg aria-hidden=\"true\" focusable=\"false\" data-prefix=\"fas\"  role=\"img\" xmlns=\"http:\/\/www.w3.org\/2000\/svg\" viewbox=\"0 0 576 512\" class=\"svg-inline--fa fa-star fa-w-18 fa-2x\"><path d=\"M259.3 17.8L194 150.2 47.9 171.5c-26.2 3.8-36.7 36.1-17.7 54.6l105.7 103-25 145.5c-4.5 26.3 23.2 46 46.4 33.7L288 439.6l130.7 68.7c23.2 12.2 50.9-7.4 46.4-33.7l-25-145.5 105.7-103c19-18.5 8.5-50.8-17.7-54.6L382 150.2 316.7 17.8c-11.7-23.6-45.6-23.9-57.4 0z\" class=\"\"><\/path><\/svg>\n    <svg aria-hidden=\"true\" focusable=\"false\" data-prefix=\"fas\"  role=\"img\" xmlns=\"http:\/\/www.w3.org\/2000\/svg\" viewbox=\"0 0 576 512\" class=\"svg-inline--fa fa-star fa-w-18 fa-2x\"><path d=\"M259.3 17.8L194 150.2 47.9 171.5c-26.2 3.8-36.7 36.1-17.7 54.6l105.7 103-25 145.5c-4.5 26.3 23.2 46 46.4 33.7L288 439.6l130.7 68.7c23.2 12.2 50.9-7.4 46.4-33.7l-25-145.5 105.7-103c19-18.5 8.5-50.8-17.7-54.6L382 150.2 316.7 17.8c-11.7-23.6-45.6-23.9-57.4 0z\" class=\"\"><\/path><\/svg>\n  <\/div>\n\n\n\n<svg width=\"0\" height=\"0\">\n<lineargradient id=\"starhalf168\" x1=\"0\" x2=\"100%\" y1=\"0\" y2=\"0\">\n        <stop offset=\"0%\" stop-color=\"var(--bde-palette-color-2-9cf302e2-e388-4912-b6fe-f7cdeb9bf61b)\"><\/stop>\n \t\t<stop offset=\"0%\" stop-color=\"lightgrey\"><\/stop>\n<\/lineargradient>\n<\/svg>\n\n<\/div><div class=\"bde-text-1251-169-1251-1 bde-text bde-text-1251-169\">\nHo un medico personale presso MD Medicine dal 2017. Fin dalla prima visita, sono entrato in un mondo di alta qualit\u00e0 per quanto riguarda la sanit\u00e0: un&#039;accoglienza cortese all&#039;ingresso principale, una sala d&#039;attesa luminosa e senza folla, un appuntamento per la visita all&#039;orario concordato in una clinica moderna e piacevolmente attrezzata, un&#039;infermiera cordiale che mi conosce per nome, un medico rilassato e altamente professionale che ha tempo sia per ascoltarmi che per curarmi. Nello stesso edificio, posso anche usufruire di un laboratorio di analisi e di molti altri servizi sanitari. Posso gestire prescrizioni, visite, prescrizioni e consulenze via e-mail o per telefono, a cui c&#039;\u00e8 sempre qualcuno che risponde... Il sistema di alta qualit\u00e0 di MD Medicine opera non solo a beneficio della salute del paziente, ma anche della sua dignit\u00e0.\n<\/div>\n<\/div><div class=\"bde-div-1251-170-1251-1 bde-div bde-div-1251-170\">\n  \n  \n\t\n\n\n\n<div class=\"bde-text-1251-171-1251-1 bde-text bde-text-1251-171\">\nMaja Ivanic\n<\/div>\n<\/div>\r\n<\/div><\/div>\n    <\/div>\n  <\/div>\n\n              <div class=\"swiper-button-prev\">\n            <svg xmlns=\"http:\/\/www.w3.org\/2000\/svg\" width=\"40\" height=\"40\" viewbox=\"0 0 40 40\" fill=\"none\">\r\n<rect x=\"40\" y=\"40\" width=\"40\" height=\"40\" rx=\"8\" transform=\"rotate(-180 40 40)\" fill=\"#001F3F\"\/>\r\n<path d=\"M20.1733 26.1792L13.7003 20.0004L20.1733 13.8216\" stroke=\"white\" stroke-width=\"1.3125\" stroke-linecap=\"round\" stroke-linejoin=\"round\"\/>\r\n<path d=\"M13.7004 20.0005H26.3003\" stroke=\"white\" stroke-width=\"1.3125\" stroke-linecap=\"round\" stroke-linejoin=\"round\"\/>\r\n<\/svg>\n        <\/div>\n        <div class=\"swiper-button-next\">\n            <svg xmlns=\"http:\/\/www.w3.org\/2000\/svg\" width=\"40\" height=\"40\" viewbox=\"0 0 40 40\" fill=\"none\">\r\n<rect width=\"40\" height=\"40\" rx=\"8\" fill=\"#001F3F\"\/>\r\n<path d=\"M19.8267 13.8208L26.2997 19.9996L19.8267 26.1784\" stroke=\"white\" stroke-width=\"1.3125\" stroke-linecap=\"round\" stroke-linejoin=\"round\"\/>\r\n<path d=\"M26.2996 19.9995L13.6997 19.9995\" stroke=\"white\" stroke-width=\"1.3125\" stroke-linecap=\"round\" stroke-linejoin=\"round\"\/>\r\n<\/svg>\n        <\/div>\n    \n    \n<\/div>\n\n<\/div><\/div><h2 class=\"bde-heading-2149-207 bde-heading\">\nDomande frequenti\n<\/h2><div class=\"bde-text-2149-208 bde-text\">\nHai domande? Qui troverai le risposte alle domande pi\u00f9 frequenti relative ai nostri servizi e alle nostre procedure. Se non trovi la risposta, contattaci: saremo lieti di aiutarti.\n<\/div><div class=\"bde-accordion-2149-209 bde-accordion bde-accordion--pills\"><div class=\"bde-accordion__content-wrapper-2149-210 bde-accordion__content-wrapper\">\n<h3 class=\"bde-accordion__title-tag\">\n  <button type=\"button\" class=\"bde-accordion__button\" id=\"accordion-button-210\" aria-controls=\"accordion-panel-210\" aria-expanded=\"false\">\n     <span class=\"bde-accordion__title\" >Ho bisogno di una prescrizione per un esame oromaxillo-facciale?<\/span>\n     <span class=\"bde-accordion__icon bde-accordion__icon--default\"><\/span>\n     <span class=\"bde-accordion__icon bde-accordion__icon--active\"><\/span>\n  <\/button>\n<\/h3>\n\n<div role=\"region\" class=\"bde-accordion__panel\" id=\"accordion-panel-210\" aria-labelledby=\"accordion-button-210\">\n    <div class=\"bde-accordion__panel-content\">\n        <div class=\"bde-text-2149-211 bde-text\">\nNo. \u00c8 possibile prenotare la visita privatamente senza prescrizione. Lo specialista esaminer\u00e0 il viso e il collo, valuter\u00e0 l\u2019articolazione della mandibola, effettuer\u00e0 un esame intraorale e analizzer\u00e0 un ortopantomogramma o una CBCT. Alla fine riceverete un referto scritto con il piano di trattamento.\n<\/div>\n    <\/div>\n<\/div>\n\n\n\n<\/div><div class=\"bde-accordion__content-wrapper-2149-212 bde-accordion__content-wrapper\">\n<h3 class=\"bde-accordion__title-tag\">\n  <button type=\"button\" class=\"bde-accordion__button\" id=\"accordion-button-212\" aria-controls=\"accordion-panel-212\" aria-expanded=\"false\">\n     <span class=\"bde-accordion__title\" >Come avviene l\u2019estrazione di un dente del giudizio in anestesia generale?<\/span>\n     <span class=\"bde-accordion__icon bde-accordion__icon--default\"><\/span>\n     <span class=\"bde-accordion__icon bde-accordion__icon--active\"><\/span>\n  <\/button>\n<\/h3>\n\n<div role=\"region\" class=\"bde-accordion__panel\" id=\"accordion-panel-212\" aria-labelledby=\"accordion-button-212\">\n    <div class=\"bde-accordion__panel-content\">\n        <div class=\"bde-text-2149-213 bde-text\">\nPrima dell\u2019intervento, eseguiamo una visita preoperatoria e analisi di laboratorio. Il giorno dell\u2019operazione, la procedura dura circa 30 minuti ed \u00e8 effettuata in anestesia generale breve senza ricovero. Dopo due ore di riposo, potete tornare a casa, e i punti vengono rimossi dopo una settimana.\n<\/div>\n    <\/div>\n<\/div>\n\n\n\n<\/div><div class=\"bde-accordion__content-wrapper-2149-214 bde-accordion__content-wrapper\">\n<h3 class=\"bde-accordion__title-tag\">\n  <button type=\"button\" class=\"bde-accordion__button\" id=\"accordion-button-214\" aria-controls=\"accordion-panel-214\" aria-expanded=\"false\">\n     <span class=\"bde-accordion__title\" >Che cos\u2019\u00e8 la chirurgia ortognatica e chi \u00e8 un candidato?<\/span>\n     <span class=\"bde-accordion__icon bde-accordion__icon--default\"><\/span>\n     <span class=\"bde-accordion__icon bde-accordion__icon--active\"><\/span>\n  <\/button>\n<\/h3>\n\n<div role=\"region\" class=\"bde-accordion__panel\" id=\"accordion-panel-214\" aria-labelledby=\"accordion-button-214\">\n    <div class=\"bde-accordion__panel-content\">\n        <div class=\"bde-text-2149-215 bde-text\">\nDie orthognathe (orthofaziale) Chirurgie korrigiert Fehlstellungen zwischen Ober- und Unterkiefer, die Probleme beim Kauen, Sprechen oder Atmen (einschlie\u00dflich OSAS) verursachen. Geeignet ist in der Regel ein Erwachsener, bei dem das Kieferwachstum abgeschlossen ist und eine alleinige kieferorthop\u00e4dische Behandlung nicht ausreicht.\n<\/div>\n    <\/div>\n<\/div>\n\n\n\n<\/div><div class=\"bde-accordion__content-wrapper-2149-216 bde-accordion__content-wrapper\">\n<h3 class=\"bde-accordion__title-tag\">\n  <button type=\"button\" class=\"bde-accordion__button\" id=\"accordion-button-216\" aria-controls=\"accordion-panel-216\" aria-expanded=\"false\">\n     <span class=\"bde-accordion__title\" >Quanto dura il recupero dopo un intervento all\u2019articolazione temporo-mandibolare (ATM)?<\/span>\n     <span class=\"bde-accordion__icon bde-accordion__icon--default\"><\/span>\n     <span class=\"bde-accordion__icon bde-accordion__icon--active\"><\/span>\n  <\/button>\n<\/h3>\n\n<div role=\"region\" class=\"bde-accordion__panel\" id=\"accordion-panel-216\" aria-labelledby=\"accordion-button-216\">\n    <div class=\"bde-accordion__panel-content\">\n        <div class=\"bde-text-2149-217 bde-text\">\nLa maggior parte dei pazienti riprende le normali attivit\u00e0 leggere entro 7\u201310 giorni dall\u2019intervento artroscopico o a cielo aperto dell\u2019ATM. Il carico masticatorio completo e le attivit\u00e0 sportive sono generalmente consentiti dopo 4\u20136 settimane, a seconda del tipo di intervento e dei progressi individuali.\n<\/div>\n    <\/div>\n<\/div>\n\n\n\n<\/div><div class=\"bde-accordion__content-wrapper-2149-218 bde-accordion__content-wrapper\">\n<h3 class=\"bde-accordion__title-tag\">\n  <button type=\"button\" class=\"bde-accordion__button\" id=\"accordion-button-218\" aria-controls=\"accordion-panel-218\" aria-expanded=\"false\">\n     <span class=\"bde-accordion__title\" >\u00c8 possibile eseguire impianti e rialzo del seno mascellare in un\u2019unica seduta?<\/span>\n     <span class=\"bde-accordion__icon bde-accordion__icon--default\"><\/span>\n     <span class=\"bde-accordion__icon bde-accordion__icon--active\"><\/span>\n  <\/button>\n<\/h3>\n\n<div role=\"region\" class=\"bde-accordion__panel\" id=\"accordion-panel-218\" aria-labelledby=\"accordion-button-218\">\n    <div class=\"bde-accordion__panel-content\">\n        <div class=\"bde-text-2149-219 bde-text\">\nSe l\u2019altezza dell\u2019osso \u00e8 sufficiente, l\u2019impianto viene inserito immediatamente. In caso di osso insufficiente, eseguiamo il rialzo del seno mascellare e aggiungiamo un sostituto osseo (spesso arricchito con PRP autologo). L\u2019impianto viene solitamente inserito dopo 4\u20136 mesi, quando il nuovo osso si \u00e8 integrato stabilmente.\n<\/div>\n    <\/div>\n<\/div>\n\n\n\n<\/div>\r\n\r\n<\/div><\/div>\n<\/section>","protected":false},"excerpt":{"rendered":"<p>Nazaj na ambulantne dejavnosti Ambulanta za maksilofacialno kirurgijo Maksilofacialna kirurgija je medicinska specialnost, ki se ukvarja z diagnostiko, zdravljenjem in rehabilitacijo bolezni, po\u0161kodb ter prirojenih in pridobljenih nepravilnosti obraza, ustne votline in \u010deljustnega sklepa. Vklju\u010duje kirur\u0161ke posege v lokalni in splo\u0161ni anesteziji. \u010cakalne dobe Koncesija Oglej si \u010dakalne dobe na ZZZS Samopla\u010dni\u0161ko 1-2 tedna Naro\u010di [&hellip;]<\/p>\n","protected":false},"author":1,"featured_media":0,"parent":358,"menu_order":0,"comment_status":"closed","ping_status":"closed","template":"","meta":{"_acf_changed":false,"inline_featured_image":false,"_breakdance_hide_in_design_set":false,"_breakdance_tags":"","footnotes":""},"class_list":["post-2149","page","type-page","status-publish","hentry"],"acf":[],"yoast_head":"<!-- This site is optimized with the Yoast SEO plugin v27.3 - https:\/\/yoast.com\/product\/yoast-seo-wordpress\/ -->\n<title>Ambulanta za maksilofacialno kirurgijo | MD medicina<\/title>\n<meta name=\"description\" content=\"V MD Medicina strokovno re\u0161ujemo po\u0161kodbe in nepravilnosti obraza ter \u010deljusti. Za va\u0161 samozavesten in zdrav nasmeh. Naro\u010dite se \u0161e danes!\" \/>\n<meta name=\"robots\" content=\"index, follow, max-snippet:-1, max-image-preview:large, max-video-preview:-1\" \/>\n<link rel=\"canonical\" href=\"https:\/\/md-medicina.si\/it\/ambulantne-dejavnosti\/specialisticne-ambulante\/ambulanta-za-maksilofacialno-kirurgijo\/\" \/>\n<meta property=\"og:locale\" content=\"it_IT\" \/>\n<meta property=\"og:type\" content=\"article\" \/>\n<meta property=\"og:title\" content=\"Ambulanta za maksilofacialno kirurgijo | MD medicina\" \/>\n<meta property=\"og:description\" content=\"V MD Medicina strokovno re\u0161ujemo po\u0161kodbe in nepravilnosti obraza ter \u010deljusti. Za va\u0161 samozavesten in zdrav nasmeh. Naro\u010dite se \u0161e danes!\" \/>\n<meta property=\"og:url\" content=\"https:\/\/md-medicina.si\/it\/ambulantne-dejavnosti\/specialisticne-ambulante\/ambulanta-za-maksilofacialno-kirurgijo\/\" \/>\n<meta property=\"og:site_name\" content=\"MD medicina\" \/>\n<meta property=\"article:modified_time\" content=\"2026-03-23T16:26:33+00:00\" \/>\n<meta name=\"twitter:card\" content=\"summary_large_image\" \/>\n<meta name=\"twitter:label1\" content=\"Tempo di lettura stimato\" \/>\n\t<meta name=\"twitter:data1\" content=\"19 minuti\" \/>\n<script type=\"application\/ld+json\" class=\"yoast-schema-graph\">{\"@context\":\"https:\\\/\\\/schema.org\",\"@graph\":[{\"@type\":\"WebPage\",\"@id\":\"https:\\\/\\\/md-medicina.si\\\/ambulantne-dejavnosti\\\/specialisticne-ambulante\\\/ambulanta-za-maksilofacialno-kirurgijo\\\/\",\"url\":\"https:\\\/\\\/md-medicina.si\\\/ambulantne-dejavnosti\\\/specialisticne-ambulante\\\/ambulanta-za-maksilofacialno-kirurgijo\\\/\",\"name\":\"Ambulanta za maksilofacialno kirurgijo | MD medicina\",\"isPartOf\":{\"@id\":\"https:\\\/\\\/md-medicina.si\\\/en\\\/#website\"},\"datePublished\":\"2025-07-01T19:21:59+00:00\",\"dateModified\":\"2026-03-23T16:26:33+00:00\",\"description\":\"V MD Medicina strokovno re\u0161ujemo po\u0161kodbe in nepravilnosti obraza ter \u010deljusti. Za va\u0161 samozavesten in zdrav nasmeh. Naro\u010dite se \u0161e danes!\",\"breadcrumb\":{\"@id\":\"https:\\\/\\\/md-medicina.si\\\/ambulantne-dejavnosti\\\/specialisticne-ambulante\\\/ambulanta-za-maksilofacialno-kirurgijo\\\/#breadcrumb\"},\"inLanguage\":\"it-IT\",\"potentialAction\":[{\"@type\":\"ReadAction\",\"target\":[\"https:\\\/\\\/md-medicina.si\\\/ambulantne-dejavnosti\\\/specialisticne-ambulante\\\/ambulanta-za-maksilofacialno-kirurgijo\\\/\"]}]},{\"@type\":\"BreadcrumbList\",\"@id\":\"https:\\\/\\\/md-medicina.si\\\/ambulantne-dejavnosti\\\/specialisticne-ambulante\\\/ambulanta-za-maksilofacialno-kirurgijo\\\/#breadcrumb\",\"itemListElement\":[{\"@type\":\"ListItem\",\"position\":1,\"name\":\"Home\",\"item\":\"https:\\\/\\\/md-medicina.si\\\/\"},{\"@type\":\"ListItem\",\"position\":2,\"name\":\"Ambulantne dejavnosti\",\"item\":\"https:\\\/\\\/md-medicina.si\\\/ambulantne-dejavnosti\\\/\"},{\"@type\":\"ListItem\",\"position\":3,\"name\":\"Specialisti\u010dne ambulante\",\"item\":\"https:\\\/\\\/md-medicina.si\\\/ambulantne-dejavnosti\\\/specialisticne-ambulante\\\/\"},{\"@type\":\"ListItem\",\"position\":4,\"name\":\"Ambulanta za maksilofacialno kirurgijo\"}]},{\"@type\":\"WebSite\",\"@id\":\"https:\\\/\\\/md-medicina.si\\\/en\\\/#website\",\"url\":\"https:\\\/\\\/md-medicina.si\\\/en\\\/\",\"name\":\"MD medicina\",\"description\":\"Vse za va\u0161e zdravje.\",\"potentialAction\":[{\"@type\":\"SearchAction\",\"target\":{\"@type\":\"EntryPoint\",\"urlTemplate\":\"https:\\\/\\\/md-medicina.si\\\/en\\\/?s={search_term_string}\"},\"query-input\":{\"@type\":\"PropertyValueSpecification\",\"valueRequired\":true,\"valueName\":\"search_term_string\"}}],\"inLanguage\":\"it-IT\"}]}<\/script>\n<!-- \/ Yoast SEO plugin. -->","yoast_head_json":{"title":"Ambulanta za maksilofacialno kirurgijo | MD medicina","description":"V MD Medicina strokovno re\u0161ujemo po\u0161kodbe in nepravilnosti obraza ter \u010deljusti. Za va\u0161 samozavesten in zdrav nasmeh. Naro\u010dite se \u0161e danes!","robots":{"index":"index","follow":"follow","max-snippet":"max-snippet:-1","max-image-preview":"max-image-preview:large","max-video-preview":"max-video-preview:-1"},"canonical":"https:\/\/md-medicina.si\/it\/ambulantne-dejavnosti\/specialisticne-ambulante\/ambulanta-za-maksilofacialno-kirurgijo\/","og_locale":"it_IT","og_type":"article","og_title":"Ambulanta za maksilofacialno kirurgijo | MD medicina","og_description":"V MD Medicina strokovno re\u0161ujemo po\u0161kodbe in nepravilnosti obraza ter \u010deljusti. Za va\u0161 samozavesten in zdrav nasmeh. Naro\u010dite se \u0161e danes!","og_url":"https:\/\/md-medicina.si\/it\/ambulantne-dejavnosti\/specialisticne-ambulante\/ambulanta-za-maksilofacialno-kirurgijo\/","og_site_name":"MD medicina","article_modified_time":"2026-03-23T16:26:33+00:00","twitter_card":"summary_large_image","twitter_misc":{"Tempo di lettura stimato":"19 minuti"},"schema":{"@context":"https:\/\/schema.org","@graph":[{"@type":"WebPage","@id":"https:\/\/md-medicina.si\/ambulantne-dejavnosti\/specialisticne-ambulante\/ambulanta-za-maksilofacialno-kirurgijo\/","url":"https:\/\/md-medicina.si\/ambulantne-dejavnosti\/specialisticne-ambulante\/ambulanta-za-maksilofacialno-kirurgijo\/","name":"Ambulanta za maksilofacialno kirurgijo | MD medicina","isPartOf":{"@id":"https:\/\/md-medicina.si\/en\/#website"},"datePublished":"2025-07-01T19:21:59+00:00","dateModified":"2026-03-23T16:26:33+00:00","description":"V MD Medicina strokovno re\u0161ujemo po\u0161kodbe in nepravilnosti obraza ter \u010deljusti. Za va\u0161 samozavesten in zdrav nasmeh. Naro\u010dite se \u0161e danes!","breadcrumb":{"@id":"https:\/\/md-medicina.si\/ambulantne-dejavnosti\/specialisticne-ambulante\/ambulanta-za-maksilofacialno-kirurgijo\/#breadcrumb"},"inLanguage":"it-IT","potentialAction":[{"@type":"ReadAction","target":["https:\/\/md-medicina.si\/ambulantne-dejavnosti\/specialisticne-ambulante\/ambulanta-za-maksilofacialno-kirurgijo\/"]}]},{"@type":"BreadcrumbList","@id":"https:\/\/md-medicina.si\/ambulantne-dejavnosti\/specialisticne-ambulante\/ambulanta-za-maksilofacialno-kirurgijo\/#breadcrumb","itemListElement":[{"@type":"ListItem","position":1,"name":"Home","item":"https:\/\/md-medicina.si\/"},{"@type":"ListItem","position":2,"name":"Ambulantne dejavnosti","item":"https:\/\/md-medicina.si\/ambulantne-dejavnosti\/"},{"@type":"ListItem","position":3,"name":"Specialisti\u010dne ambulante","item":"https:\/\/md-medicina.si\/ambulantne-dejavnosti\/specialisticne-ambulante\/"},{"@type":"ListItem","position":4,"name":"Ambulanta za maksilofacialno kirurgijo"}]},{"@type":"WebSite","@id":"https:\/\/md-medicina.si\/en\/#website","url":"https:\/\/md-medicina.si\/en\/","name":"MD medicina","description":"Tutto per la tua salute.","potentialAction":[{"@type":"SearchAction","target":{"@type":"EntryPoint","urlTemplate":"https:\/\/md-medicina.si\/en\/?s={search_term_string}"},"query-input":{"@type":"PropertyValueSpecification","valueRequired":true,"valueName":"search_term_string"}}],"inLanguage":"it-IT"}]}},"_links":{"self":[{"href":"https:\/\/md-medicina.si\/it\/wp-json\/wp\/v2\/pages\/2149","targetHints":{"allow":["GET"]}}],"collection":[{"href":"https:\/\/md-medicina.si\/it\/wp-json\/wp\/v2\/pages"}],"about":[{"href":"https:\/\/md-medicina.si\/it\/wp-json\/wp\/v2\/types\/page"}],"author":[{"embeddable":true,"href":"https:\/\/md-medicina.si\/it\/wp-json\/wp\/v2\/users\/1"}],"replies":[{"embeddable":true,"href":"https:\/\/md-medicina.si\/it\/wp-json\/wp\/v2\/comments?post=2149"}],"version-history":[{"count":13,"href":"https:\/\/md-medicina.si\/it\/wp-json\/wp\/v2\/pages\/2149\/revisions"}],"predecessor-version":[{"id":2983,"href":"https:\/\/md-medicina.si\/it\/wp-json\/wp\/v2\/pages\/2149\/revisions\/2983"}],"up":[{"embeddable":true,"href":"https:\/\/md-medicina.si\/it\/wp-json\/wp\/v2\/pages\/358"}],"wp:attachment":[{"href":"https:\/\/md-medicina.si\/it\/wp-json\/wp\/v2\/media?parent=2149"}],"curies":[{"name":"wp","href":"https:\/\/api.w.org\/{rel}","templated":true}]}}