{"id":1098,"date":"2025-05-11T12:51:03","date_gmt":"2025-05-11T12:51:03","guid":{"rendered":"https:\/\/md-medicina.si\/?page_id=1098"},"modified":"2026-03-23T16:10:31","modified_gmt":"2026-03-23T16:10:31","slug":"sprejem-pacienta-v-operacijsko-dvorano-in-monitoring-med-anestezijo","status":"publish","type":"page","link":"https:\/\/md-medicina.si\/it\/ambulantne-dejavnosti\/specialisticne-ambulante\/ambulanta-za-anesteziologijo\/sprejem-pacienta-v-operacijsko-dvorano-in-monitoring-med-anestezijo\/","title":{"rendered":"Ammissione del paziente in sala operatoria e monitoraggio durante l&#039;anestesia"},"content":{"rendered":"<section class=\"bde-section-1098-100 bde-section\">\n              \n  \n  \n\t\n\n\n\n        <div class=\"section-shape-divider-wrapper section-shape-divider-wrapper--1\">\n          <span class=\"section-shape-divider\">\n                      <svg width=\"100%\" height=\"80%\" id=\"svg\" viewbox=\"0 0 1440 350\" xmlns=\"http:\/\/www.w3.org\/2000\/svg\" preserveaspectratio=\"none\" class=\"transition duration-300 ease-in-out delay-150\"><path d=\"M 0,600 L 0,225 C 185.59999999999997,169.8 371.19999999999993,114.6 542,146 C 712.8000000000001,177.4 868.8,295.4 1016,323 C 1163.2,350.6 1301.6,287.8 1440,225 L 1440,600 L 0,600 Z\" stroke=\"none\" stroke-width=\"0\" fill=\"white\" fill-opacity=\"1\" class=\"transition-all duration-300 ease-in-out delay-150 path-0\"><\/path><\/svg>\n                    <\/span>\n      <\/div>\n  <div class=\"section-container\"><div class=\"bde-columns-1098-101 bde-columns\"><div class=\"bde-column-1098-102 bde-column\">\n  \n  \n\t\n\n\n\n<div class=\"bde-button-1098-103 bde-button\">\n    \n                        \n                        \n    \n    \n    \n    \n            \n                    \n            \n            \n\n    \n    \n    \n    \n    \n    <a class=\"breakdance-link button-atom button-atom--custom bde-button__button\" href=\"\/it\/ambulantne-dejavnosti\/specialisticne-ambulante\/ambulanta-za-anesteziologijo\/\" target=\"_self\" data-type=\"url\"  >\n\n    \n        <span class=\"button-atom__text\">Ritorno alla clinica di anestesiologia<\/span>\n\n                            \n        \n                <\/a>\n\n    \n\n\n<\/div><img decoding=\"async\" class=\"bde-image2-1098-104 bde-image2\" src=\"https:\/\/md-medicina.si\/wp-content\/uploads\/2025\/05\/anesteziologija-sprejem-pacienta-glavna.jpg\" loading=\"lazy\" srcset=\"https:\/\/md-medicina.si\/wp-content\/uploads\/2025\/05\/anesteziologija-sprejem-pacienta-glavna.jpg 1920w, https:\/\/md-medicina.si\/wp-content\/uploads\/2025\/05\/anesteziologija-sprejem-pacienta-glavna-300x169.jpg 300w, https:\/\/md-medicina.si\/wp-content\/uploads\/2025\/05\/anesteziologija-sprejem-pacienta-glavna-1024x576.jpg 1024w, https:\/\/md-medicina.si\/wp-content\/uploads\/2025\/05\/anesteziologija-sprejem-pacienta-glavna-768x432.jpg 768w, https:\/\/md-medicina.si\/wp-content\/uploads\/2025\/05\/anesteziologija-sprejem-pacienta-glavna-1536x864.jpg 1536w\" sizes=\"(max-width: 1920px) 100vw, 1920px\">\n<\/div><div class=\"bde-column-1098-105 bde-column\">\n  \n  \n\t\n\n\n\n<h2 class=\"bde-heading-1098-106 bde-heading\">\nAmmissione del paziente in sala operatoria e monitoraggio durante l&#039;anestesia\n<\/h2><div class=\"bde-text-1098-107 bde-text\">\nPrima di entrare in sala operatoria, il paziente deve rimuovere occhiali, lenti a contatto, protesi dentarie e tutti i gioielli. Quando il paziente viene ammesso in sala operatoria, gli viene applicato uno sfigmomanometro al braccio, vengono applicati elettrodi ECG al torace per monitorare la frequenza cardiaca e una pinza (pulsossimetro) viene posizionata al dito per misurare la saturazione di ossigeno nel sangue. In questo modo, l&#039;anestesista monitora le funzioni vitali del paziente su un monitor durante l&#039;anestesia, un processo chiamato monitoraggio. L&#039;entit\u00e0 del monitoraggio dipende dal tipo e dalla complessit\u00e0 dell&#039;intervento e dalle patologie associate del paziente.\n<\/div>\n<\/div><\/div><div class=\"bde-columns-1098-110 bde-columns\"><div class=\"bde-column-1098-111 bde-column\">\n  \n  \n\t\n\n\n\n<h3 class=\"bde-heading-1098-112 bde-heading\">\nUlteriori informazioni\n<\/h3><div class=\"bde-text-1098-113 bde-text\">\nOltre al consueto monitoraggio di base sopra descritto, in determinati interventi o pazienti utilizziamo un monitoraggio esteso (supervisione): misurazione continua diretta della pressione sanguigna inserendo una cannula di plastica nell&#039;arteria, misurazione della profondit\u00e0 dell&#039;anestesia utilizzando un monitor BIS (indice bispettrale) posizionando speciali elettrodi sulla fronte del paziente, misurazione del volume di urina (prima dell&#039;intervento viene inserito un catetere urinario), misurazione dell&#039;ossigenazione del tessuto cerebrale (saturazione di ossigeno) con un monitor NIRS (spettroscopia nel vicino infrarosso), misurazione della temperatura...; esiste inoltre un&#039;ampia gamma di monitor tecnologicamente altamente sviluppati e precisi che vengono utilizzati in interventi impegnativi (LIDCO, PICCO...) per misurare parametri emodinamici, come: gittata cardiaca, pressione polmonare.\n<\/div>\n<\/div><div class=\"bde-column-1098-114 bde-column\">\n  \n  \n\t\n\n\n\n<img decoding=\"async\" class=\"bde-image2-1098-115 bde-image2\" src=\"https:\/\/md-medicina.si\/wp-content\/uploads\/2025\/05\/image-13.jpg\" loading=\"lazy\" srcset=\"https:\/\/md-medicina.si\/wp-content\/uploads\/2025\/05\/image-13.jpg 500w, https:\/\/md-medicina.si\/wp-content\/uploads\/2025\/05\/image-13-300x180.jpg 300w\" sizes=\"(max-width: 500px) 100vw, 500px\">\n<\/div><\/div><div class=\"bde-columns-1098-116 bde-columns\"><div class=\"bde-column-1098-117 bde-column\">\n  \n  \n\t\n\n\n\n<div class=\"bde-text-1098-118 bde-text\">\nDurante l&#039;anestesia generale, i parametri respiratori e la funzionalit\u00e0 polmonare vengono monitorati anche sul monitor dell&#039;apparecchio per anestesia per tutti i pazienti: frequenza e profondit\u00e0 respiratoria, % di ossigeno nella miscela respiratoria, CO2 nell&#039;aria espirata... L&#039;anestesista o l&#039;infermiere di anestesia \u00e8 presente con il paziente per tutta la durata dell&#039;intervento, monitorando attentamente i parametri sopra menzionati e reagendo immediatamente alle minime deviazioni. In questo modo, l&#039;anestesista adatta individualmente la profondit\u00e0 dell&#039;anestesia alle singole fasi dell&#039;intervento e alle condizioni di salute del singolo paziente.\n<\/div>\n<\/div><div class=\"bde-column-1098-119 bde-column\">\n  \n  \n\t\n\n\n\n<div class=\"bde-text-1098-120 bde-text\">\nPrima di ogni anestesia, l&#039;infermiere anestesista inserisce una cannula di plastica nella vena del braccio del paziente e prepara un&#039;infusione. Attraverso questa via endovenosa, al paziente vengono somministrate tutte le sostanze e i farmaci necessari durante e dopo l&#039;intervento: sonniferi, farmaci per alleviare il dolore e la nausea, farmaci per regolare la pressione sanguigna e il polso, liquidi, sangue...\n<\/div>\n<\/div><\/div><\/div>\n<\/section><section class=\"bde-section-1098-121 bde-section\">\n  \n  \n\t\n\n\n\n<div class=\"section-container\"><div class=\"bde-div-1098-153 bde-div\">\n  \n  \n\t\n\n\n\n<h2 class=\"bde-heading-1098-154 bde-heading\">\nIscriviti alla recensione\n<\/h2>\n<\/div><\/div>\n<\/section><section class=\"bde-section-1098-155 bde-section\">\n  \n  \n\t\n\n\n\n<div class=\"section-container\"><div class=\"bde-grid-1098-156 bde-grid\">\n  \n  \n\t\n\n\n\n<div class=\"bde-div-1098-157 bde-div\">\n  \n  \n\t\n\n\n\n<img decoding=\"async\" class=\"bde-image2-1098-158 bde-image2\" src=\"https:\/\/md-medicina.si\/wp-content\/uploads\/2025\/04\/telefon.svg\" loading=\"lazy\" sizes=\"(max-width: 32px) 100vw, 32px\"><div class=\"bde-text-1098-159 bde-text\">\nOrdine telefonico\n<\/div><div class=\"bde-text-1098-160 bde-text\">\n\u00c8 possibile effettuare ordini telefonici dal luned\u00ec al venerd\u00ec dalle 8:00 alle 18:00.\n<\/div><div class=\"bde-button-1098-161 bde-button\">\n    \n                        \n                        \n    \n    \n    \n    \n            \n                    \n            \n            \n\n    \n    \n    \n    \n    \n    <a class=\"breakdance-link button-atom button-atom--custom bde-button__button\" href=\"tel:+38631214444\" target=\"_self\" data-type=\"contact\"  >\n\n    \n        <span class=\"button-atom__text\">Chiama 031 214 444<\/span>\n\n        \n        \n                <\/a>\n\n    \n\n\n<\/div>\n<\/div><div class=\"bde-div-1098-162 bde-div\">\n  \n  \n\t\n\n\n\n<img decoding=\"async\" class=\"bde-image2-1098-163 bde-image2\" src=\"https:\/\/md-medicina.si\/wp-content\/uploads\/2025\/04\/sdf.svg\" loading=\"lazy\" sizes=\"(max-width: 32px) 100vw, 32px\"><div class=\"bde-text-1098-164 bde-text\">\nListini prezzi\n<\/div><div class=\"bde-text-1098-165 bde-text\">\nPer maggiori informazioni sui prezzi dei nostri servizi, clicca sul pulsante qui sotto.\n<\/div><div class=\"bde-button-1098-166 bde-button\">\n    \n                        \n                        \n    \n    \n    \n    \n            \n                    \n            \n            \n\n    \n    \n    \n    \n    \n    <a class=\"breakdance-link button-atom button-atom--custom bde-button__button\" href=\"\/it\/narocanje\/ceniki\/\" target=\"_self\" data-type=\"url\"  >\n\n    \n        <span class=\"button-atom__text\">Listini prezzi<\/span>\n\n        \n        \n                <\/a>\n\n    \n\n\n<\/div>\n<\/div><div class=\"bde-div-1098-167 bde-div\">\n  \n  \n\t\n\n\n\n<img decoding=\"async\" class=\"bde-image2-1098-168 bde-image2\" src=\"https:\/\/md-medicina.si\/wp-content\/uploads\/2025\/04\/Frame.svg\" loading=\"lazy\" sizes=\"(max-width: 32px) 100vw, 32px\"><div class=\"bde-text-1098-169 bde-text\">\nOrari\n<\/div><div class=\"bde-text-1098-170 bde-text\">\nPer visualizzare gli orari di tutti i medici disponibili, fare clic sul pulsante qui sotto.\n<\/div><div class=\"bde-button-1098-171 bde-button\">\n    \n                        \n                        \n    \n    \n    \n    \n            \n                    \n            \n            \n\n    \n    \n    \n    \n    \n    <a class=\"breakdance-link button-atom button-atom--custom bde-button__button\" href=\"\/it\/narocanje\/urniki-narocanja\/\" target=\"_self\" data-type=\"url\"  >\n\n    \n        <span class=\"button-atom__text\">Orari<\/span>\n\n        \n        \n                <\/a>\n\n    \n\n\n<\/div>\n<\/div>\n<\/div><\/div>\n<\/section><section class=\"bde-section-1098-172 bde-section\">\n  \n  \n\t\n\n\n\n        <div class=\"section-shape-divider-wrapper section-shape-divider-wrapper--1\">\n          <span class=\"section-shape-divider\">\n                      <svg width=\"100%\" height=\"100%\" id=\"svg\" viewbox=\"0 0 1440 350\" xmlns=\"http:\/\/www.w3.org\/2000\/svg\" preserveaspectratio=\"none\" class=\"transition duration-300 ease-in-out delay-150\"><path d=\"M 0,600 L 0,225 C 185.59999999999997,169.8 371.19999999999993,114.6 542,146 C 712.8000000000001,177.4 868.8,295.4 1016,323 C 1163.2,350.6 1301.6,287.8 1440,225 L 1440,600 L 0,600 Z\" stroke=\"none\" stroke-width=\"0\" fill=\"#c1e0ef\" fill-opacity=\"1\" class=\"transition-all duration-300 ease-in-out delay-150 path-0\"><\/path><\/svg>\n                    <\/span>\n      <\/div>\n  <div class=\"section-container\"><h2 class=\"bde-heading-1098-173 bde-heading\">\npersonale professionale\n<\/h2><div class=\"bde-text-1098-174 bde-text\">\nCliniche di anestesiologia\n<\/div><div class=\"bde-post-loop-1098-175 bde-post-loop\"><div class=\"bde-loop bde-loop-grid ee-posts ee-posts-grid\">    <article class=\"bde-loop-item ee-post\">\n        <a class=\"bde-container-link-278-100-2867-278-1 bde-container-link bde-container-link-278-100 breakdance-link\" href=\"https:\/\/md-medicina.si\/it\/zdravnik\/goran-mitrovic-dr-med\/\" target=\"_self\" data-type=\"url\">\n  \n  \n\t\n\n\n\n<img decoding=\"async\" class=\"bde-image2-278-101-2867-278-1 bde-image2 bde-image2-278-101\" src=\"https:\/\/md-medicina.si\/wp-content\/uploads\/2025\/10\/Goran-Mitrovic-dr.-med.webp\" loading=\"lazy\" srcset=\"https:\/\/md-medicina.si\/wp-content\/uploads\/2025\/10\/Goran-Mitrovic-dr.-med.webp 800w, https:\/\/md-medicina.si\/wp-content\/uploads\/2025\/10\/Goran-Mitrovic-dr.-med-240x300.webp 240w, https:\/\/md-medicina.si\/wp-content\/uploads\/2025\/10\/Goran-Mitrovic-dr.-med-768x960.webp 768w, https:\/\/md-medicina.si\/wp-content\/uploads\/2025\/10\/Goran-Mitrovic-dr.-med-10x12.webp 10w\" sizes=\"(max-width: 800px) 100vw, 800px\"><div class=\"bde-text-278-102-2867-278-1 bde-text bde-text-278-102\">\nGoran Mitrovi\u0107, dr. med.\n<\/div><div class=\"bde-text-278-103-2867-278-1 bde-text bde-text-278-103\">\nspecialist dru\u017einske medicine\n<\/div><div class=\"bde-text-278-104-2867-278-1 bde-text bde-text-278-104\">\nPosebno se posve\u010da podro\u010djem antikoagulantnega zdravljenja, arterijske hipertenzije ter medicinskemu izvedenstvu in zavarovalni\u0161ki medicini.\n<\/div>\n\n<\/a>    <\/article>\n    <article class=\"bde-loop-item ee-post\">\n        <a class=\"bde-container-link-278-100-272-278-1 bde-container-link bde-container-link-278-100 breakdance-link\" href=\"https:\/\/md-medicina.si\/it\/zdravnik\/dr-bogdan-ambrozic-dr-med\/\" target=\"_self\" data-type=\"url\">\n  \n  \n\t\n\n\n\n<img decoding=\"async\" class=\"bde-image2-278-101-272-278-1 bde-image2 bde-image2-278-101\" src=\"https:\/\/md-medicina.si\/wp-content\/uploads\/2025\/04\/dr.-Bogdan-Ambrozic-dr.-med.webp\" loading=\"lazy\" srcset=\"https:\/\/md-medicina.si\/wp-content\/uploads\/2025\/04\/dr.-Bogdan-Ambrozic-dr.-med.webp 800w, https:\/\/md-medicina.si\/wp-content\/uploads\/2025\/04\/dr.-Bogdan-Ambrozic-dr.-med-240x300.webp 240w, https:\/\/md-medicina.si\/wp-content\/uploads\/2025\/04\/dr.-Bogdan-Ambrozic-dr.-med-768x960.webp 768w\" sizes=\"(max-width: 800px) 100vw, 800px\"><div class=\"bde-text-278-102-272-278-1 bde-text bde-text-278-102\">\nDott. Bogdan Ambro\u017ei\u010d, Dott.\n<\/div><div class=\"bde-text-278-103-272-278-1 bde-text bde-text-278-103\">\nspecialista in chirurgia ortopedica\n<\/div><div class=\"bde-text-278-104-272-278-1 bde-text bde-text-278-104\">\nSi occupa del trattamento chirurgico artroscopico e mininvasivo di lesioni e patologie delle articolazioni della spalla, del ginocchio e della caviglia.\n<\/div>\n\n<\/a>    <\/article>\n    <article class=\"bde-loop-item ee-post\">\n        <a class=\"bde-container-link-278-100-746-278-1 bde-container-link bde-container-link-278-100 breakdance-link\" href=\"https:\/\/md-medicina.si\/it\/zdravnik\/dr-klemen-avsec-dr-med\/\" target=\"_self\" data-type=\"url\">\n  \n  \n\t\n\n\n\n<img decoding=\"async\" class=\"bde-image2-278-101-746-278-1 bde-image2 bde-image2-278-101\" src=\"https:\/\/md-medicina.si\/wp-content\/uploads\/2025\/05\/Klemen-Avsec.webp\" loading=\"lazy\" srcset=\"https:\/\/md-medicina.si\/wp-content\/uploads\/2025\/05\/Klemen-Avsec.webp 800w, https:\/\/md-medicina.si\/wp-content\/uploads\/2025\/05\/Klemen-Avsec-240x300.webp 240w, https:\/\/md-medicina.si\/wp-content\/uploads\/2025\/05\/Klemen-Avsec-768x960.webp 768w\" sizes=\"(max-width: 800px) 100vw, 800px\"><div class=\"bde-text-278-102-746-278-1 bde-text bde-text-278-102\">\nDott. Klemen Avsec, Dott. med.\n<\/div><div class=\"bde-text-278-103-746-278-1 bde-text bde-text-278-103\">\nspecialista in chirurgia ortopedica\n<\/div><div class=\"bde-text-278-104-746-278-1 bde-text bde-text-278-104\">\nSi occupa principalmente dell&#039;usura iniziale e avanzata delle articolazioni del ginocchio e dell&#039;anca e del loro trattamento chirurgico.\n<\/div>\n\n<\/a>    <\/article>\n    <article class=\"bde-loop-item ee-post\">\n        <a class=\"bde-container-link-278-100-721-278-1 bde-container-link bde-container-link-278-100 breakdance-link\" href=\"https:\/\/md-medicina.si\/it\/zdravnik\/dr-klemen-bosnjak-dr-med\/\" target=\"_self\" data-type=\"url\">\n  \n  \n\t\n\n\n\n<img decoding=\"async\" class=\"bde-image2-278-101-721-278-1 bde-image2 bde-image2-278-101\" src=\"https:\/\/md-medicina.si\/wp-content\/uploads\/2025\/05\/dr.-Klemen-Bosnjak-dr.-med.webp\" loading=\"lazy\" srcset=\"https:\/\/md-medicina.si\/wp-content\/uploads\/2025\/05\/dr.-Klemen-Bosnjak-dr.-med.webp 800w, https:\/\/md-medicina.si\/wp-content\/uploads\/2025\/05\/dr.-Klemen-Bosnjak-dr.-med-240x300.webp 240w, https:\/\/md-medicina.si\/wp-content\/uploads\/2025\/05\/dr.-Klemen-Bosnjak-dr.-med-768x960.webp 768w\" sizes=\"(max-width: 800px) 100vw, 800px\"><div class=\"bde-text-278-102-721-278-1 bde-text bde-text-278-102\">\nDott. Klemen Bo\u0161njak, Dott. med.\n<\/div><div class=\"bde-text-278-103-721-278-1 bde-text bde-text-278-103\">\nspecialista in chirurgia ortopedica\n<\/div><div class=\"bde-text-278-104-721-278-1 bde-text bde-text-278-104\">\nNel suo lavoro si occupa principalmente di patologie della colonna vertebrale.\n<\/div>\n\n<\/a>    <\/article>\n    <article class=\"bde-loop-item ee-post\">\n        <a class=\"bde-container-link-278-100-725-278-1 bde-container-link bde-container-link-278-100 breakdance-link\" href=\"https:\/\/md-medicina.si\/it\/zdravnik\/asist-dr-urban-brulc-dr-med\/\" target=\"_self\" data-type=\"url\">\n  \n  \n\t\n\n\n\n<img decoding=\"async\" class=\"bde-image2-278-101-725-278-1 bde-image2 bde-image2-278-101\" src=\"https:\/\/md-medicina.si\/wp-content\/uploads\/2025\/05\/asist.-dr.-Urban-Brulc-dr.-med.-specialist-ortopedske-kirurgije.webp\" loading=\"lazy\" srcset=\"https:\/\/md-medicina.si\/wp-content\/uploads\/2025\/05\/asist.-dr.-Urban-Brulc-dr.-med.-specialist-ortopedske-kirurgije.webp 800w, https:\/\/md-medicina.si\/wp-content\/uploads\/2025\/05\/asist.-dr.-Urban-Brulc-dr.-med.-specialist-ortopedske-kirurgije-240x300.webp 240w, https:\/\/md-medicina.si\/wp-content\/uploads\/2025\/05\/asist.-dr.-Urban-Brulc-dr.-med.-specialist-ortopedske-kirurgije-768x960.webp 768w\" sizes=\"(max-width: 800px) 100vw, 800px\"><div class=\"bde-text-278-102-725-278-1 bde-text bde-text-278-102\">\nAssistere. Dott. Urban Brulc, Dott.\n<\/div><div class=\"bde-text-278-103-725-278-1 bde-text bde-text-278-103\">\nspecialista in chirurgia ortopedica\n<\/div><div class=\"bde-text-278-104-725-278-1 bde-text bde-text-278-104\">\nSi occupa principalmente di problemi legati alla colonna vertebrale e alle articolazioni.\n<\/div>\n\n<\/a>    <\/article>\n    <article class=\"bde-loop-item ee-post\">\n        <a class=\"bde-container-link-278-100-752-278-1 bde-container-link bde-container-link-278-100 breakdance-link\" href=\"https:\/\/md-medicina.si\/it\/zdravnik\/ljubka-dimitrovska-dr-med\/\" target=\"_self\" data-type=\"url\">\n  \n  \n\t\n\n\n\n<img decoding=\"async\" class=\"bde-image2-278-101-752-278-1 bde-image2 bde-image2-278-101\" src=\"https:\/\/md-medicina.si\/wp-content\/uploads\/2025\/05\/Ljupka-Dimitrovska-dr.med_.webp\" loading=\"lazy\" srcset=\"https:\/\/md-medicina.si\/wp-content\/uploads\/2025\/05\/Ljupka-Dimitrovska-dr.med_.webp 800w, https:\/\/md-medicina.si\/wp-content\/uploads\/2025\/05\/Ljupka-Dimitrovska-dr.med_-240x300.webp 240w, https:\/\/md-medicina.si\/wp-content\/uploads\/2025\/05\/Ljupka-Dimitrovska-dr.med_-768x960.webp 768w\" sizes=\"(max-width: 800px) 100vw, 800px\"><div class=\"bde-text-278-102-752-278-1 bde-text bde-text-278-102\">\nDott.ssa Ljupka Dimitrovska, Dott. med.\n<\/div><div class=\"bde-text-278-103-752-278-1 bde-text bde-text-278-103\">\nspecialista in cardiologia e medicina vascolare\n<\/div><div class=\"bde-text-278-104-752-278-1 bde-text bde-text-278-104\">\nSpecializzato in imaging cardiaco non invasivo, con certificazioni internazionali. Sottospecializzazione clinica e di ricerca focalizzata sul trattamento delle cardiopatie strutturali, in particolare delle valvulopatie cardiache.\n<\/div>\n\n<\/a>    <\/article>\n    <article class=\"bde-loop-item ee-post\">\n        <a class=\"bde-container-link-278-100-739-278-1 bde-container-link bde-container-link-278-100 breakdance-link\" href=\"https:\/\/md-medicina.si\/it\/zdravnik\/prof-dr-drago-dolinar-dr-med\/\" target=\"_self\" data-type=\"url\">\n  \n  \n\t\n\n\n\n<img decoding=\"async\" class=\"bde-image2-278-101-739-278-1 bde-image2 bde-image2-278-101\" src=\"https:\/\/md-medicina.si\/wp-content\/uploads\/2025\/05\/prof.-dr.-Drago-Dolinar-dr.-med.webp\" loading=\"lazy\" srcset=\"https:\/\/md-medicina.si\/wp-content\/uploads\/2025\/05\/prof.-dr.-Drago-Dolinar-dr.-med.webp 800w, https:\/\/md-medicina.si\/wp-content\/uploads\/2025\/05\/prof.-dr.-Drago-Dolinar-dr.-med-240x300.webp 240w, https:\/\/md-medicina.si\/wp-content\/uploads\/2025\/05\/prof.-dr.-Drago-Dolinar-dr.-med-768x960.webp 768w\" sizes=\"(max-width: 800px) 100vw, 800px\"><div class=\"bde-text-278-102-739-278-1 bde-text bde-text-278-102\">\nProf. Dott. Drago Dolinar, Dott. med.\n<\/div><div class=\"bde-text-278-103-739-278-1 bde-text bde-text-278-103\">\nspecialista in chirurgia ortopedica\n<\/div><div class=\"bde-text-278-104-739-278-1 bde-text bde-text-278-104\">\n\u00c8 specializzato nell&#039;esecuzione di metodi chirurgici mininvasivi nel campo della chirurgia ortopedica.\n<\/div>\n\n<\/a>    <\/article>\n    <article class=\"bde-loop-item ee-post\">\n        <a class=\"bde-container-link-278-100-747-278-1 bde-container-link bde-container-link-278-100 breakdance-link\" href=\"https:\/\/md-medicina.si\/it\/zdravnik\/cvetka-dragos-jancar-dr-med\/\" target=\"_self\" data-type=\"url\">\n  \n  \n\t\n\n\n\n<img decoding=\"async\" class=\"bde-image2-278-101-747-278-1 bde-image2 bde-image2-278-101\" src=\"https:\/\/md-medicina.si\/wp-content\/uploads\/2025\/05\/cvetka-dragos-jancar-dr-med2.webp\" loading=\"lazy\" srcset=\"https:\/\/md-medicina.si\/wp-content\/uploads\/2025\/05\/cvetka-dragos-jancar-dr-med2.webp 800w, https:\/\/md-medicina.si\/wp-content\/uploads\/2025\/05\/cvetka-dragos-jancar-dr-med2-240x300.webp 240w, https:\/\/md-medicina.si\/wp-content\/uploads\/2025\/05\/cvetka-dragos-jancar-dr-med2-768x960.webp 768w, https:\/\/md-medicina.si\/wp-content\/uploads\/2025\/05\/cvetka-dragos-jancar-dr-med2-10x12.webp 10w\" sizes=\"(max-width: 800px) 100vw, 800px\"><div class=\"bde-text-278-102-747-278-1 bde-text bde-text-278-102\">\nDott.ssa Cvetka Drago\u0161 Jan\u010dar, Dott. med.\n<\/div><div class=\"bde-text-278-103-747-278-1 bde-text bde-text-278-103\">\nspecialista pediatrico\n<\/div><div class=\"bde-text-278-104-747-278-1 bde-text bde-text-278-104\">\nDa molti anni concentra la sua attivit\u00e0 sulla prevenzione, rivolta sia ai bambini che agli adulti. Ha contribuito in modo significativo al riconoscimento degli esami di gestione preventiva con il libro &#034;Healthy Manager - Successful Management&#034;.\n<\/div>\n\n<\/a>    <\/article>\n    <article class=\"bde-loop-item ee-post\">\n        <a class=\"bde-container-link-278-100-740-278-1 bde-container-link bde-container-link-278-100 breakdance-link\" href=\"https:\/\/md-medicina.si\/it\/zdravnik\/prof-dr-matej-drobnic-dr-med\/\" target=\"_self\" data-type=\"url\">\n  \n  \n\t\n\n\n\n<img decoding=\"async\" class=\"bde-image2-278-101-740-278-1 bde-image2 bde-image2-278-101\" src=\"https:\/\/md-medicina.si\/wp-content\/uploads\/2025\/05\/Matej-Drobnic-dr.-med.webp\" loading=\"lazy\" srcset=\"https:\/\/md-medicina.si\/wp-content\/uploads\/2025\/05\/Matej-Drobnic-dr.-med.webp 800w, https:\/\/md-medicina.si\/wp-content\/uploads\/2025\/05\/Matej-Drobnic-dr.-med-240x300.webp 240w, https:\/\/md-medicina.si\/wp-content\/uploads\/2025\/05\/Matej-Drobnic-dr.-med-768x960.webp 768w\" sizes=\"(max-width: 800px) 100vw, 800px\"><div class=\"bde-text-278-102-740-278-1 bde-text bde-text-278-102\">\nProf. Dott. Matej Drobni\u010d, Dott. med.\n<\/div><div class=\"bde-text-278-103-740-278-1 bde-text bde-text-278-103\">\nspecialista in chirurgia ortopedica\n<\/div><div class=\"bde-text-278-104-740-278-1 bde-text bde-text-278-104\">\nSi occupa principalmente di infortuni sportivi alle ginocchia, patologie rotulee, lesioni e patologie dell&#039;articolazione della caviglia superiore e inferiore e del piede.\n<\/div>\n\n<\/a>    <\/article>\n    <article class=\"bde-loop-item ee-post\">\n        <a class=\"bde-container-link-278-100-760-278-1 bde-container-link bde-container-link-278-100 breakdance-link\" href=\"https:\/\/md-medicina.si\/it\/zdravnik\/dejan-galic-dr-med\/\" target=\"_self\" data-type=\"url\">\n  \n  \n\t\n\n\n\n<img decoding=\"async\" class=\"bde-image2-278-101-760-278-1 bde-image2 bde-image2-278-101\" src=\"https:\/\/md-medicina.si\/wp-content\/uploads\/2025\/05\/Dejan-Galic-dr.-med.webp\" loading=\"lazy\" srcset=\"https:\/\/md-medicina.si\/wp-content\/uploads\/2025\/05\/Dejan-Galic-dr.-med.webp 800w, https:\/\/md-medicina.si\/wp-content\/uploads\/2025\/05\/Dejan-Galic-dr.-med-240x300.webp 240w, https:\/\/md-medicina.si\/wp-content\/uploads\/2025\/05\/Dejan-Galic-dr.-med-768x960.webp 768w\" sizes=\"(max-width: 800px) 100vw, 800px\"><div class=\"bde-text-278-102-760-278-1 bde-text bde-text-278-102\">\nDott. Dejan Gali\u010d, FEBU, FECSM\n<\/div><div class=\"bde-text-278-103-760-278-1 bde-text bde-text-278-103\">\nspecialista in urologia\n<\/div><div class=\"bde-text-278-104-760-278-1 bde-text bde-text-278-104\">\nSi occupa di urologia generale, in particolare di oncologia urologica e problemi alla prostata, nonch\u00e9 di medicina sessuale.\n<\/div>\n\n<\/a>    <\/article>\n    <article class=\"bde-loop-item ee-post\">\n        <a class=\"bde-container-link-278-100-731-278-1 bde-container-link bde-container-link-278-100 breakdance-link\" href=\"https:\/\/md-medicina.si\/it\/zdravnik\/doc-dr-simon-hawlina-dr-med-febu\/\" target=\"_self\" data-type=\"url\">\n  \n  \n\t\n\n\n\n<img decoding=\"async\" class=\"bde-image2-278-101-731-278-1 bde-image2 bde-image2-278-101\" src=\"https:\/\/md-medicina.si\/wp-content\/uploads\/2025\/05\/Doc.-dr.-Simon-Hawlina-dr.-med.-FEBU.webp\" loading=\"lazy\" srcset=\"https:\/\/md-medicina.si\/wp-content\/uploads\/2025\/05\/Doc.-dr.-Simon-Hawlina-dr.-med.-FEBU.webp 800w, https:\/\/md-medicina.si\/wp-content\/uploads\/2025\/05\/Doc.-dr.-Simon-Hawlina-dr.-med.-FEBU-240x300.webp 240w, https:\/\/md-medicina.si\/wp-content\/uploads\/2025\/05\/Doc.-dr.-Simon-Hawlina-dr.-med.-FEBU-768x960.webp 768w\" sizes=\"(max-width: 800px) 100vw, 800px\"><div class=\"bde-text-278-102-731-278-1 bde-text bde-text-278-102\">\nAss. Prof. Dott. Simon Hawlina, Dott. med., FEBBRAIO\n<\/div><div class=\"bde-text-278-103-731-278-1 bde-text bde-text-278-103\">\nspecialista in urologia\n<\/div><div class=\"bde-text-278-104-731-278-1 bde-text bde-text-278-104\">\nEsegue un&#039;ampia gamma di interventi chirurgici urologici, concentrandosi sulle tecniche mini-invasive.\n<\/div>\n\n<\/a>    <\/article>\n    <article class=\"bde-loop-item ee-post\">\n        <a class=\"bde-container-link-278-100-3362-278-1 bde-container-link bde-container-link-278-100 breakdance-link\" href=\"https:\/\/md-medicina.si\/it\/zdravnik\/sebastian-jersinovic-dr-med-febu\/\" target=\"_self\" data-type=\"url\">\n  \n  \n\t\n\n\n\n<img decoding=\"async\" class=\"bde-image2-278-101-3362-278-1 bde-image2 bde-image2-278-101\" src=\"https:\/\/md-medicina.si\/wp-content\/uploads\/2026\/01\/Jersinovic-scaled.jpg\" loading=\"lazy\" srcset=\"https:\/\/md-medicina.si\/wp-content\/uploads\/2026\/01\/Jersinovic-scaled.jpg 1707w, https:\/\/md-medicina.si\/wp-content\/uploads\/2026\/01\/Jersinovic-200x300.jpg 200w, https:\/\/md-medicina.si\/wp-content\/uploads\/2026\/01\/Jersinovic-683x1024.jpg 683w, https:\/\/md-medicina.si\/wp-content\/uploads\/2026\/01\/Jersinovic-768x1152.jpg 768w, https:\/\/md-medicina.si\/wp-content\/uploads\/2026\/01\/Jersinovic-1024x1536.jpg 1024w, https:\/\/md-medicina.si\/wp-content\/uploads\/2026\/01\/Jersinovic-1365x2048.jpg 1365w, https:\/\/md-medicina.si\/wp-content\/uploads\/2026\/01\/Jersinovic-8x12.jpg 8w\" sizes=\"(max-width: 1707px) 100vw, 1707px\"><div class=\"bde-text-278-102-3362-278-1 bde-text bde-text-278-102\">\ndr. Sebastian Jer\u0161inovi\u010d, dr. med., FEBU\n<\/div><div class=\"bde-text-278-103-3362-278-1 bde-text bde-text-278-103\">\nspecialista in urologia\n<\/div><div class=\"bde-text-278-104-3362-278-1 bde-text bde-text-278-104\">\nSpecializiran je za minimalno invazivno lasersko endoskopsko urologijo, vklju\u010dno z lasersko enukleacijo prostate (ThuFLEP) in laserskim drobljenjem ledvi\u010dnih kamnov (URS).\n<\/div>\n\n<\/a>    <\/article>\n    <article class=\"bde-loop-item ee-post\">\n        <a class=\"bde-container-link-278-100-720-278-1 bde-container-link bde-container-link-278-100 breakdance-link\" href=\"https:\/\/md-medicina.si\/it\/zdravnik\/dr-mojca-kirbis-dr-med-specialistka-nevrologije\/\" target=\"_self\" data-type=\"url\">\n  \n  \n\t\n\n\n\n<img decoding=\"async\" class=\"bde-image2-278-101-720-278-1 bde-image2 bde-image2-278-101\" src=\"https:\/\/md-medicina.si\/wp-content\/uploads\/2025\/05\/dr.-Mojca-Kirbis-dr.-med.webp\" loading=\"lazy\" srcset=\"https:\/\/md-medicina.si\/wp-content\/uploads\/2025\/05\/dr.-Mojca-Kirbis-dr.-med.webp 800w, https:\/\/md-medicina.si\/wp-content\/uploads\/2025\/05\/dr.-Mojca-Kirbis-dr.-med-240x300.webp 240w, https:\/\/md-medicina.si\/wp-content\/uploads\/2025\/05\/dr.-Mojca-Kirbis-dr.-med-768x960.webp 768w\" sizes=\"(max-width: 800px) 100vw, 800px\"><div class=\"bde-text-278-102-720-278-1 bde-text bde-text-278-102\">\nDott.ssa Mojca Kirbi\u0161, Dott. med., FEBN\n<\/div><div class=\"bde-text-278-103-720-278-1 bde-text bde-text-278-103\">\nspecialista in neurologia\n<\/div><div class=\"bde-text-278-104-720-278-1 bde-text bde-text-278-104\">\nSi concentra in particolare sulla sincope, sui disturbi del sistema nervoso autonomo, sui danni alle fibre nervose periferiche e sulla diagnostica elettrofisiologica.\n<\/div>\n\n<\/a>    <\/article>\n    <article class=\"bde-loop-item ee-post\">\n        <a class=\"bde-container-link-278-100-2325-278-1 bde-container-link bde-container-link-278-100 breakdance-link\" href=\"https:\/\/md-medicina.si\/it\/zdravnik\/doc-dr-simona-kirbis-dr-med\/\" target=\"_self\" data-type=\"url\">\n  \n  \n\t\n\n\n\n<img decoding=\"async\" class=\"bde-image2-278-101-2325-278-1 bde-image2 bde-image2-278-101\" src=\"https:\/\/md-medicina.si\/wp-content\/uploads\/2025\/07\/doc.dr_.-Simona-Kirbis-dr.med_.webp\" loading=\"lazy\" srcset=\"https:\/\/md-medicina.si\/wp-content\/uploads\/2025\/07\/doc.dr_.-Simona-Kirbis-dr.med_.webp 800w, https:\/\/md-medicina.si\/wp-content\/uploads\/2025\/07\/doc.dr_.-Simona-Kirbis-dr.med_-240x300.webp 240w, https:\/\/md-medicina.si\/wp-content\/uploads\/2025\/07\/doc.dr_.-Simona-Kirbis-dr.med_-768x960.webp 768w, https:\/\/md-medicina.si\/wp-content\/uploads\/2025\/07\/doc.dr_.-Simona-Kirbis-dr.med_-10x12.webp 10w\" sizes=\"(max-width: 800px) 100vw, 800px\"><div class=\"bde-text-278-102-2325-278-1 bde-text bde-text-278-102\">\ndoc.dr. Simona Kirbi\u0161, dr.med\n<\/div><div class=\"bde-text-278-103-2325-278-1 bde-text bde-text-278-103\">\nspecialista in medicina interna\n<\/div><div class=\"bde-text-278-104-2325-278-1 bde-text bde-text-278-104\">\nSi occupa della diagnosi, cura e monitoraggio delle malattie cardiovascolari.\n<\/div>\n\n<\/a>    <\/article>\n    <article class=\"bde-loop-item ee-post\">\n        <a class=\"bde-container-link-278-100-729-278-1 bde-container-link bde-container-link-278-100 breakdance-link\" href=\"https:\/\/md-medicina.si\/it\/zdravnik\/prof-dr-andrej-kmetec-dr-med\/\" target=\"_self\" data-type=\"url\">\n  \n  \n\t\n\n\n\n<img decoding=\"async\" class=\"bde-image2-278-101-729-278-1 bde-image2 bde-image2-278-101\" src=\"https:\/\/md-medicina.si\/wp-content\/uploads\/2025\/05\/prof.-dr.-Andrej-Kmetec-dr.-med.webp\" loading=\"lazy\" srcset=\"https:\/\/md-medicina.si\/wp-content\/uploads\/2025\/05\/prof.-dr.-Andrej-Kmetec-dr.-med.webp 800w, https:\/\/md-medicina.si\/wp-content\/uploads\/2025\/05\/prof.-dr.-Andrej-Kmetec-dr.-med-240x300.webp 240w, https:\/\/md-medicina.si\/wp-content\/uploads\/2025\/05\/prof.-dr.-Andrej-Kmetec-dr.-med-768x960.webp 768w\" sizes=\"(max-width: 800px) 100vw, 800px\"><div class=\"bde-text-278-102-729-278-1 bde-text bde-text-278-102\">\nProf. Dott. Andrej Kmetec, Dott. med.\n<\/div><div class=\"bde-text-278-103-729-278-1 bde-text bde-text-278-103\">\nspecialista in urologia\n<\/div><div class=\"bde-text-278-104-729-278-1 bde-text bde-text-278-104\">\nSi occupa del trattamento completo dei problemi del tratto urinario.\n<\/div>\n\n<\/a>    <\/article>\n    <article class=\"bde-loop-item ee-post\">\n        <a class=\"bde-container-link-278-100-2182-278-1 bde-container-link bde-container-link-278-100 breakdance-link\" href=\"https:\/\/md-medicina.si\/it\/zdravnik\/mojca-knez-dr-med-dr-dent-med-spec-maksilofacialne-in-oralne-kirurgije\/\" target=\"_self\" data-type=\"url\">\n  \n  \n\t\n\n\n\n<img decoding=\"async\" class=\"bde-image2-278-101-2182-278-1 bde-image2 bde-image2-278-101\" src=\"https:\/\/md-medicina.si\/wp-content\/uploads\/2025\/07\/Mojca-Knezdr.meddr_.dent_.med_.-.webp\" loading=\"lazy\" srcset=\"https:\/\/md-medicina.si\/wp-content\/uploads\/2025\/07\/Mojca-Knezdr.meddr_.dent_.med_.-.webp 800w, https:\/\/md-medicina.si\/wp-content\/uploads\/2025\/07\/Mojca-Knezdr.meddr_.dent_.med_.--240x300.webp 240w, https:\/\/md-medicina.si\/wp-content\/uploads\/2025\/07\/Mojca-Knezdr.meddr_.dent_.med_.--768x960.webp 768w, https:\/\/md-medicina.si\/wp-content\/uploads\/2025\/07\/Mojca-Knezdr.meddr_.dent_.med_.--10x12.webp 10w\" sizes=\"(max-width: 800px) 100vw, 800px\"><div class=\"bde-text-278-102-2182-278-1 bde-text bde-text-278-102\">\nMojca Knez, dr.med., dr.dent. med.\n<\/div><div class=\"bde-text-278-103-2182-278-1 bde-text bde-text-278-103\">\nspecialista in chirurgia maxillo-facciale e orale\n<\/div><div class=\"bde-text-278-104-2182-278-1 bde-text bde-text-278-104\">\nEsegue visite specialistiche e l\u2019intera gamma di interventi: dalla chirurgia orale semplice e complessa e implantologia fino agli interventi ortognatici.\n<\/div>\n\n<\/a>    <\/article>\n    <article class=\"bde-loop-item ee-post\">\n        <a class=\"bde-container-link-278-100-761-278-1 bde-container-link bde-container-link-278-100 breakdance-link\" href=\"https:\/\/md-medicina.si\/it\/zdravnik\/mile-knezevic-dr-med\/\" target=\"_self\" data-type=\"url\">\n  \n  \n\t\n\n\n\n<img decoding=\"async\" class=\"bde-image2-278-101-761-278-1 bde-image2 bde-image2-278-101\" src=\"https:\/\/md-medicina.si\/wp-content\/uploads\/2025\/05\/mile-knezevic-dr.med2_.webp\" loading=\"lazy\" srcset=\"https:\/\/md-medicina.si\/wp-content\/uploads\/2025\/05\/mile-knezevic-dr.med2_.webp 800w, https:\/\/md-medicina.si\/wp-content\/uploads\/2025\/05\/mile-knezevic-dr.med2_-240x300.webp 240w, https:\/\/md-medicina.si\/wp-content\/uploads\/2025\/05\/mile-knezevic-dr.med2_-768x960.webp 768w, https:\/\/md-medicina.si\/wp-content\/uploads\/2025\/05\/mile-knezevic-dr.med2_-10x12.webp 10w\" sizes=\"(max-width: 800px) 100vw, 800px\"><div class=\"bde-text-278-102-761-278-1 bde-text bde-text-278-102\">\nDott. Mile Kne\u017eevi\u0107, Dott. med.\n<\/div><div class=\"bde-text-278-103-761-278-1 bde-text bde-text-278-103\">\nspecialista in anestesiologia, rianimazione e terapia intensiva perioperatoria\n<\/div><div class=\"bde-text-278-104-761-278-1 bde-text bde-text-278-104\">\n\u00c8 profondamente interessato all&#039;anestesia regionale e ai blocchi dei nervi periferici ecoguidati.\n<\/div>\n\n<\/a>    <\/article>\n    <article class=\"bde-loop-item ee-post\">\n        <a class=\"bde-container-link-278-100-748-278-1 bde-container-link bde-container-link-278-100 breakdance-link\" href=\"https:\/\/md-medicina.si\/it\/zdravnik\/snezana-kocijancic-dr-med\/\" target=\"_self\" data-type=\"url\">\n  \n  \n\t\n\n\n\n<img decoding=\"async\" class=\"bde-image2-278-101-748-278-1 bde-image2 bde-image2-278-101\" src=\"https:\/\/md-medicina.si\/wp-content\/uploads\/2025\/05\/Snezana-Kocijancic-dr.-med.webp\" loading=\"lazy\" srcset=\"https:\/\/md-medicina.si\/wp-content\/uploads\/2025\/05\/Snezana-Kocijancic-dr.-med.webp 800w, https:\/\/md-medicina.si\/wp-content\/uploads\/2025\/05\/Snezana-Kocijancic-dr.-med-240x300.webp 240w, https:\/\/md-medicina.si\/wp-content\/uploads\/2025\/05\/Snezana-Kocijancic-dr.-med-768x960.webp 768w\" sizes=\"(max-width: 800px) 100vw, 800px\"><div class=\"bde-text-278-102-748-278-1 bde-text bde-text-278-102\">\nDott.ssa Sne\u017eana Kocijan\u010di\u010d, Dott. med.\n<\/div><div class=\"bde-text-278-103-748-278-1 bde-text bde-text-278-103\">\nspecialista in medicina generale\n<\/div><div class=\"bde-text-278-104-748-278-1 bde-text bde-text-278-104\">\nSpecializzato in medicina generale, con molti anni di esperienza nell&#039;insegnamento e il titolo di santo.\r\n\r\n\r\n\r\n\r\n\r\n\r\n\r\n\n<\/div>\n\n<\/a>    <\/article>\n    <article class=\"bde-loop-item ee-post\">\n        <a class=\"bde-container-link-278-100-742-278-1 bde-container-link bde-container-link-278-100 breakdance-link\" href=\"https:\/\/md-medicina.si\/it\/zdravnik\/dr-robert-kosak-dr-med\/\" target=\"_self\" data-type=\"url\">\n  \n  \n\t\n\n\n\n<img decoding=\"async\" class=\"bde-image2-278-101-742-278-1 bde-image2 bde-image2-278-101\" src=\"https:\/\/md-medicina.si\/wp-content\/uploads\/2025\/05\/dr.-Robert-Kosak-dr.med_.webp\" loading=\"lazy\" srcset=\"https:\/\/md-medicina.si\/wp-content\/uploads\/2025\/05\/dr.-Robert-Kosak-dr.med_.webp 800w, https:\/\/md-medicina.si\/wp-content\/uploads\/2025\/05\/dr.-Robert-Kosak-dr.med_-240x300.webp 240w, https:\/\/md-medicina.si\/wp-content\/uploads\/2025\/05\/dr.-Robert-Kosak-dr.med_-768x960.webp 768w\" sizes=\"(max-width: 800px) 100vw, 800px\"><div class=\"bde-text-278-102-742-278-1 bde-text bde-text-278-102\">\nDott. Robert Ko\u0161ak, Dott. med.\n<\/div><div class=\"bde-text-278-103-742-278-1 bde-text bde-text-278-103\">\nspecialista in chirurgia ortopedica\n<\/div><div class=\"bde-text-278-104-742-278-1 bde-text bde-text-278-104\">\n\u00c8 specializzato principalmente nel campo della colonna vertebrale: esegue interventi chirurgici su tutta la colonna vertebrale, dalla cervicale, toracica e lombare.\n<\/div>\n\n<\/a>    <\/article>\n    <article class=\"bde-loop-item ee-post\">\n        <a class=\"bde-container-link-278-100-1759-278-1 bde-container-link bde-container-link-278-100 breakdance-link\" href=\"https:\/\/md-medicina.si\/it\/zdravnik\/1759\/\" target=\"_self\" data-type=\"url\">\n  \n  \n\t\n\n\n\n<img decoding=\"async\" class=\"bde-image2-278-101-1759-278-1 bde-image2 bde-image2-278-101\" src=\"https:\/\/md-medicina.si\/wp-content\/uploads\/2025\/05\/Anze-Kristan-1.webp\" loading=\"lazy\" srcset=\"https:\/\/md-medicina.si\/wp-content\/uploads\/2025\/05\/Anze-Kristan-1.webp 800w, https:\/\/md-medicina.si\/wp-content\/uploads\/2025\/05\/Anze-Kristan-1-240x300.webp 240w, https:\/\/md-medicina.si\/wp-content\/uploads\/2025\/05\/Anze-Kristan-1-768x960.webp 768w\" sizes=\"(max-width: 800px) 100vw, 800px\"><div class=\"bde-text-278-102-1759-278-1 bde-text bde-text-278-102\">\nProf. Dott. An\u017ee Kristan, Dott. med.\n<\/div><div class=\"bde-text-278-103-1759-278-1 bde-text bde-text-278-103\">\nspecialista in traumatologia\n<\/div><div class=\"bde-text-278-104-1759-278-1 bde-text bde-text-278-104\">\nSpecialista esperto in traumatologia e chirurgia generale con vasta esperienza a livello internazionale e un ruolo di primo piano nella formazione di specialisti chirurghi in Europa e Africa.\n<\/div>\n\n<\/a>    <\/article>\n    <article class=\"bde-loop-item ee-post\">\n        <a class=\"bde-container-link-278-100-743-278-1 bde-container-link bde-container-link-278-100 breakdance-link\" href=\"https:\/\/md-medicina.si\/it\/zdravnik\/asist-dr-david-martincic-dr-med\/\" target=\"_self\" data-type=\"url\">\n  \n  \n\t\n\n\n\n<img decoding=\"async\" class=\"bde-image2-278-101-743-278-1 bde-image2 bde-image2-278-101\" src=\"https:\/\/md-medicina.si\/wp-content\/uploads\/2025\/05\/asist.-dr.-David-Martincic-dr.-med.webp\" loading=\"lazy\" srcset=\"https:\/\/md-medicina.si\/wp-content\/uploads\/2025\/05\/asist.-dr.-David-Martincic-dr.-med.webp 800w, https:\/\/md-medicina.si\/wp-content\/uploads\/2025\/05\/asist.-dr.-David-Martincic-dr.-med-240x300.webp 240w, https:\/\/md-medicina.si\/wp-content\/uploads\/2025\/05\/asist.-dr.-David-Martincic-dr.-med-768x960.webp 768w\" sizes=\"(max-width: 800px) 100vw, 800px\"><div class=\"bde-text-278-102-743-278-1 bde-text bde-text-278-102\">\nAssistere. Dott. David Martin\u010di\u010d, Dott. med.\n<\/div><div class=\"bde-text-278-103-743-278-1 bde-text bde-text-278-103\">\nspecialista in chirurgia ortopedica\n<\/div><div class=\"bde-text-278-104-743-278-1 bde-text bde-text-278-104\">\nIl suo lavoro si concentra sull&#039;ortopedia sportiva e sulla chirurgia dei tumori ossei.\n<\/div>\n\n<\/a>    <\/article>\n    <article class=\"bde-loop-item ee-post\">\n        <a class=\"bde-container-link-278-100-722-278-1 bde-container-link bde-container-link-278-100 breakdance-link\" href=\"https:\/\/md-medicina.si\/it\/zdravnik\/asist-dr-bostjan-matos-dr-med\/\" target=\"_self\" data-type=\"url\">\n  \n  \n\t\n\n\n\n<img decoding=\"async\" class=\"bde-image2-278-101-722-278-1 bde-image2 bde-image2-278-101\" src=\"https:\/\/md-medicina.si\/wp-content\/uploads\/2025\/05\/dr.-Bostjan-Matos-dr.-med.webp\" loading=\"lazy\" srcset=\"https:\/\/md-medicina.si\/wp-content\/uploads\/2025\/05\/dr.-Bostjan-Matos-dr.-med.webp 800w, https:\/\/md-medicina.si\/wp-content\/uploads\/2025\/05\/dr.-Bostjan-Matos-dr.-med-240x300.webp 240w, https:\/\/md-medicina.si\/wp-content\/uploads\/2025\/05\/dr.-Bostjan-Matos-dr.-med-768x960.webp 768w\" sizes=\"(max-width: 800px) 100vw, 800px\"><div class=\"bde-text-278-102-722-278-1 bde-text bde-text-278-102\">\nAssistere. Dott. Bo\u0161tjan Matos, Dott. med.\n<\/div><div class=\"bde-text-278-103-722-278-1 bde-text bde-text-278-103\">\nspecialista in neurochirurgia\n<\/div><div class=\"bde-text-278-104-722-278-1 bde-text bde-text-278-104\">\nSi occupa principalmente dei processi patologici del cervello e del midollo spinale, nonch\u00e9 dei processi correlati al dolore nella colonna lombare e cervicale.\n<\/div>\n\n<\/a>    <\/article>\n    <article class=\"bde-loop-item ee-post\">\n        <a class=\"bde-container-link-278-100-744-278-1 bde-container-link bde-container-link-278-100 breakdance-link\" href=\"https:\/\/md-medicina.si\/it\/zdravnik\/doc-dr-uros-meglic-dr-med\/\" target=\"_self\" data-type=\"url\">\n  \n  \n\t\n\n\n\n<img decoding=\"async\" class=\"bde-image2-278-101-744-278-1 bde-image2 bde-image2-278-101\" src=\"https:\/\/md-medicina.si\/wp-content\/uploads\/2025\/05\/doc.dr_.-Uros-Meglic-dr.-med.webp\" loading=\"lazy\" srcset=\"https:\/\/md-medicina.si\/wp-content\/uploads\/2025\/05\/doc.dr_.-Uros-Meglic-dr.-med.webp 800w, https:\/\/md-medicina.si\/wp-content\/uploads\/2025\/05\/doc.dr_.-Uros-Meglic-dr.-med-240x300.webp 240w, https:\/\/md-medicina.si\/wp-content\/uploads\/2025\/05\/doc.dr_.-Uros-Meglic-dr.-med-768x960.webp 768w\" sizes=\"(max-width: 800px) 100vw, 800px\"><div class=\"bde-text-278-102-744-278-1 bde-text bde-text-278-102\">\nProf. Assist. Uro\u0161 Megli\u010d, Dott. med., PhD\n<\/div><div class=\"bde-text-278-103-744-278-1 bde-text bde-text-278-103\">\nspecialista in chirurgia ortopedica\n<\/div><div class=\"bde-text-278-104-744-278-1 bde-text bde-text-278-104\">\nSi concentra sul trattamento di lesioni e patologie delle articolazioni della spalla e del gomito.\n<\/div>\n\n<\/a>    <\/article>\n    <article class=\"bde-loop-item ee-post\">\n        <a class=\"bde-container-link-278-100-2207-278-1 bde-container-link bde-container-link-278-100 breakdance-link\" href=\"https:\/\/md-medicina.si\/it\/zdravnik\/maja-merkun-dr-med\/\" target=\"_self\" data-type=\"url\">\n  \n  \n\t\n\n\n\n<img decoding=\"async\" class=\"bde-image2-278-101-2207-278-1 bde-image2 bde-image2-278-101\" src=\"https:\/\/md-medicina.si\/wp-content\/uploads\/2025\/07\/Mateja-Lasic.webp\" loading=\"lazy\" srcset=\"https:\/\/md-medicina.si\/wp-content\/uploads\/2025\/07\/Mateja-Lasic.webp 800w, https:\/\/md-medicina.si\/wp-content\/uploads\/2025\/07\/Mateja-Lasic-240x300.webp 240w, https:\/\/md-medicina.si\/wp-content\/uploads\/2025\/07\/Mateja-Lasic-768x960.webp 768w, https:\/\/md-medicina.si\/wp-content\/uploads\/2025\/07\/Mateja-Lasic-10x12.webp 10w\" sizes=\"(max-width: 800px) 100vw, 800px\"><div class=\"bde-text-278-102-2207-278-1 bde-text bde-text-278-102\">\nMaja Merkun, dr.med.\n<\/div><div class=\"bde-text-278-103-2207-278-1 bde-text bde-text-278-103\">\nspecialista in ginecologia e ostetricia\n<\/div><div class=\"bde-text-278-104-2207-278-1 bde-text bde-text-278-104\">\nVodja dejavnosti ginekologije in porodni\u0161tva v MD medicina. Izvaja specialisti\u010dne preglede in \u0161irok nabor ginekolo\u0161kih posegov z osredoto\u010denostjo na celostnem, posameznici prilagojenem pristopu.\n<\/div>\n\n<\/a>    <\/article>\n    <article class=\"bde-loop-item ee-post\">\n        <a class=\"bde-container-link-278-100-749-278-1 bde-container-link bde-container-link-278-100 breakdance-link\" href=\"https:\/\/md-medicina.si\/it\/zdravnik\/miha-muzic-dr-med\/\" target=\"_self\" data-type=\"url\">\n  \n  \n\t\n\n\n\n<img decoding=\"async\" class=\"bde-image2-278-101-749-278-1 bde-image2 bde-image2-278-101\" src=\"https:\/\/md-medicina.si\/wp-content\/uploads\/2025\/05\/Miha-Muzic-dr.-med.webp\" loading=\"lazy\" srcset=\"https:\/\/md-medicina.si\/wp-content\/uploads\/2025\/05\/Miha-Muzic-dr.-med.webp 800w, https:\/\/md-medicina.si\/wp-content\/uploads\/2025\/05\/Miha-Muzic-dr.-med-240x300.webp 240w, https:\/\/md-medicina.si\/wp-content\/uploads\/2025\/05\/Miha-Muzic-dr.-med-768x960.webp 768w\" sizes=\"(max-width: 800px) 100vw, 800px\"><div class=\"bde-text-278-102-749-278-1 bde-text bde-text-278-102\">\nMiha Mu\u017ei\u010d, dr. med.\n<\/div><div class=\"bde-text-278-103-749-278-1 bde-text bde-text-278-103\">\nspecialist dru\u017einske medicine\n<\/div><div class=\"bde-text-278-104-749-278-1 bde-text bde-text-278-104\">\nSpecializiran za dru\u017einsko medicino z dodatnim znanjem iz interne medicine, dermatologije in urgentne diagnostike.\r\n\r\n\r\n\r\n\r\n\r\n\r\n\n<\/div>\n\n<\/a>    <\/article>\n    <article class=\"bde-loop-item ee-post\">\n        <a class=\"bde-container-link-278-100-755-278-1 bde-container-link bde-container-link-278-100 breakdance-link\" href=\"https:\/\/md-medicina.si\/it\/zdravnik\/prof-dr-zvezdan-pirtosek-dr-med\/\" target=\"_self\" data-type=\"url\">\n  \n  \n\t\n\n\n\n<img decoding=\"async\" class=\"bde-image2-278-101-755-278-1 bde-image2 bde-image2-278-101\" src=\"https:\/\/md-medicina.si\/wp-content\/uploads\/2025\/05\/prof.-dr.-Zvezdan-Pirtosek-dr.-med.webp\" loading=\"lazy\" srcset=\"https:\/\/md-medicina.si\/wp-content\/uploads\/2025\/05\/prof.-dr.-Zvezdan-Pirtosek-dr.-med.webp 800w, https:\/\/md-medicina.si\/wp-content\/uploads\/2025\/05\/prof.-dr.-Zvezdan-Pirtosek-dr.-med-240x300.webp 240w, https:\/\/md-medicina.si\/wp-content\/uploads\/2025\/05\/prof.-dr.-Zvezdan-Pirtosek-dr.-med-768x960.webp 768w\" sizes=\"(max-width: 800px) 100vw, 800px\"><div class=\"bde-text-278-102-755-278-1 bde-text bde-text-278-102\">\nProf. Dott. Zvezdan Pirto\u0161ek, Dott. med.\n<\/div><div class=\"bde-text-278-103-755-278-1 bde-text bde-text-278-103\">\nspecialista in neurologia\n<\/div><div class=\"bde-text-278-104-755-278-1 bde-text bde-text-278-104\">\nSi occupa principalmente di malattie neurodegenerative come il Parkinson e l&#039;Alzheimer.\n<\/div>\n\n<\/a>    <\/article>\n    <article class=\"bde-loop-item ee-post\">\n        <a class=\"bde-container-link-278-100-736-278-1 bde-container-link bde-container-link-278-100 breakdance-link\" href=\"https:\/\/md-medicina.si\/it\/zdravnik\/doc-dr-domen-plut-dr-med\/\" target=\"_self\" data-type=\"url\">\n  \n  \n\t\n\n\n\n<img decoding=\"async\" class=\"bde-image2-278-101-736-278-1 bde-image2 bde-image2-278-101\" src=\"https:\/\/md-medicina.si\/wp-content\/uploads\/2025\/05\/doc.-dr.-Domen-Plut-dr.-med.webp\" loading=\"lazy\" srcset=\"https:\/\/md-medicina.si\/wp-content\/uploads\/2025\/05\/doc.-dr.-Domen-Plut-dr.-med.webp 800w, https:\/\/md-medicina.si\/wp-content\/uploads\/2025\/05\/doc.-dr.-Domen-Plut-dr.-med-240x300.webp 240w, https:\/\/md-medicina.si\/wp-content\/uploads\/2025\/05\/doc.-dr.-Domen-Plut-dr.-med-768x960.webp 768w\" sizes=\"(max-width: 800px) 100vw, 800px\"><div class=\"bde-text-278-102-736-278-1 bde-text bde-text-278-102\">\nDott. Domen Plut, dott. med.\n<\/div><div class=\"bde-text-278-103-736-278-1 bde-text bde-text-278-103\">\nspecialista in radiologia\n<\/div><div class=\"bde-text-278-104-736-278-1 bde-text bde-text-278-104\">\nEsegue principalmente ecografie su bambini e adulti.\n<\/div>\n\n<\/a>    <\/article>\n    <article class=\"bde-loop-item ee-post\">\n        <a class=\"bde-container-link-278-100-737-278-1 bde-container-link bde-container-link-278-100 breakdance-link\" href=\"https:\/\/md-medicina.si\/it\/zdravnik\/asist-peter-slak-dr-med\/\" target=\"_self\" data-type=\"url\">\n  \n  \n\t\n\n\n\n<img decoding=\"async\" class=\"bde-image2-278-101-737-278-1 bde-image2 bde-image2-278-101\" src=\"https:\/\/md-medicina.si\/wp-content\/uploads\/2025\/05\/asist.-Peter-Slak-dr.-med.webp\" loading=\"lazy\" srcset=\"https:\/\/md-medicina.si\/wp-content\/uploads\/2025\/05\/asist.-Peter-Slak-dr.-med.webp 800w, https:\/\/md-medicina.si\/wp-content\/uploads\/2025\/05\/asist.-Peter-Slak-dr.-med-240x300.webp 240w, https:\/\/md-medicina.si\/wp-content\/uploads\/2025\/05\/asist.-Peter-Slak-dr.-med-768x960.webp 768w\" sizes=\"(max-width: 800px) 100vw, 800px\"><div class=\"bde-text-278-102-737-278-1 bde-text bde-text-278-102\">\nAssist. Peter Slak, Dott. med.\n<\/div><div class=\"bde-text-278-103-737-278-1 bde-text bde-text-278-103\">\nspecialista in radiologia\n<\/div><div class=\"bde-text-278-104-737-278-1 bde-text bde-text-278-104\">\nEsegue ecografie dell&#039;addome, delle vie urinarie, dei tessuti molli e degli organi cervicali su persone di tutte le et\u00e0.\n<\/div>\n\n<\/a>    <\/article>\n    <article class=\"bde-loop-item ee-post\">\n        <a class=\"bde-container-link-278-100-745-278-1 bde-container-link bde-container-link-278-100 breakdance-link\" href=\"https:\/\/md-medicina.si\/it\/zdravnik\/asist-dr-tanja-slokar-dr-med\/\" target=\"_self\" data-type=\"url\">\n  \n  \n\t\n\n\n\n<img decoding=\"async\" class=\"bde-image2-278-101-745-278-1 bde-image2 bde-image2-278-101\" src=\"https:\/\/md-medicina.si\/wp-content\/uploads\/2025\/05\/asist.-dr.-Tanja-Slokar-dr.-med.webp\" loading=\"lazy\" srcset=\"https:\/\/md-medicina.si\/wp-content\/uploads\/2025\/05\/asist.-dr.-Tanja-Slokar-dr.-med.webp 800w, https:\/\/md-medicina.si\/wp-content\/uploads\/2025\/05\/asist.-dr.-Tanja-Slokar-dr.-med-240x300.webp 240w, https:\/\/md-medicina.si\/wp-content\/uploads\/2025\/05\/asist.-dr.-Tanja-Slokar-dr.-med-768x960.webp 768w\" sizes=\"(max-width: 800px) 100vw, 800px\"><div class=\"bde-text-278-102-745-278-1 bde-text bde-text-278-102\">\nAssistere. Dott.ssa Tanja Slokar, Dott.ssa med.\n<\/div><div class=\"bde-text-278-103-745-278-1 bde-text bde-text-278-103\">\nspecialista in chirurgia ortopedica\n<\/div><div class=\"bde-text-278-104-745-278-1 bde-text bde-text-278-104\">\nSi occupa di patologia ortopedica generale e varia, con particolare attenzione alla patologia del piede e del ginocchio sia nell&#039;adulto che nel bambino.\n<\/div>\n\n<\/a>    <\/article>\n    <article class=\"bde-loop-item ee-post\">\n        <a class=\"bde-container-link-278-100-1386-278-1 bde-container-link bde-container-link-278-100 breakdance-link\" href=\"https:\/\/md-medicina.si\/it\/zdravnik\/izr-prof-klemen-strazar-dr-med\/\" target=\"_self\" data-type=\"url\">\n  \n  \n\t\n\n\n\n<img decoding=\"async\" class=\"bde-image2-278-101-1386-278-1 bde-image2 bde-image2-278-101\" src=\"https:\/\/md-medicina.si\/wp-content\/uploads\/2025\/05\/izr.-prof.-Klemen-Strazar-dr.-med.webp\" loading=\"lazy\" srcset=\"https:\/\/md-medicina.si\/wp-content\/uploads\/2025\/05\/izr.-prof.-Klemen-Strazar-dr.-med.webp 800w, https:\/\/md-medicina.si\/wp-content\/uploads\/2025\/05\/izr.-prof.-Klemen-Strazar-dr.-med-240x300.webp 240w, https:\/\/md-medicina.si\/wp-content\/uploads\/2025\/05\/izr.-prof.-Klemen-Strazar-dr.-med-768x960.webp 768w\" sizes=\"(max-width: 800px) 100vw, 800px\"><div class=\"bde-text-278-102-1386-278-1 bde-text bde-text-278-102\">\nAss. Prof. Klemen Stra\u017ear, Dott. med., PhD\n<\/div><div class=\"bde-text-278-103-1386-278-1 bde-text bde-text-278-103\">\nspecialista in chirurgia ortopedica\n<\/div><div class=\"bde-text-278-104-1386-278-1 bde-text bde-text-278-104\">\nSpecialista esperto in chirurgia ortopedica che ha affinato le sue competenze presso prestigiose cliniche in tutto il mondo.\n<\/div>\n\n<\/a>    <\/article>\n    <article class=\"bde-loop-item ee-post\">\n        <a class=\"bde-container-link-278-100-728-278-1 bde-container-link bde-container-link-278-100 breakdance-link\" href=\"https:\/\/md-medicina.si\/it\/zdravnik\/asist-dr-lovro-suhodolcan-dr-med\/\" target=\"_self\" data-type=\"url\">\n  \n  \n\t\n\n\n\n<img decoding=\"async\" class=\"bde-image2-278-101-728-278-1 bde-image2 bde-image2-278-101\" src=\"https:\/\/md-medicina.si\/wp-content\/uploads\/2025\/05\/asist.-dr.-Lovro-Suhodolcan-dr.-med.webp\" loading=\"lazy\" srcset=\"https:\/\/md-medicina.si\/wp-content\/uploads\/2025\/05\/asist.-dr.-Lovro-Suhodolcan-dr.-med.webp 800w, https:\/\/md-medicina.si\/wp-content\/uploads\/2025\/05\/asist.-dr.-Lovro-Suhodolcan-dr.-med-240x300.webp 240w, https:\/\/md-medicina.si\/wp-content\/uploads\/2025\/05\/asist.-dr.-Lovro-Suhodolcan-dr.-med-768x960.webp 768w\" sizes=\"(max-width: 800px) 100vw, 800px\"><div class=\"bde-text-278-102-728-278-1 bde-text bde-text-278-102\">\nAssistere. Dott. Lovro Suhodol\u010dan, Dott. med.\n<\/div><div class=\"bde-text-278-103-728-278-1 bde-text bde-text-278-103\">\nspecialista in chirurgia ortopedica\n<\/div><div class=\"bde-text-278-104-728-278-1 bde-text bde-text-278-104\">\nSi occupa del trattamento completo delle patologie della colonna vertebrale, compresa la chirurgia dei tumori e delle deformit\u00e0.\n<\/div>\n\n<\/a>    <\/article>\n    <article class=\"bde-loop-item ee-post\">\n        <a class=\"bde-container-link-278-100-723-278-1 bde-container-link bde-container-link-278-100 breakdance-link\" href=\"https:\/\/md-medicina.si\/it\/zdravnik\/asist-dr-janez-toplisek-dr-med\/\" target=\"_self\" data-type=\"url\">\n  \n  \n\t\n\n\n\n<img decoding=\"async\" class=\"bde-image2-278-101-723-278-1 bde-image2 bde-image2-278-101\" src=\"https:\/\/md-medicina.si\/wp-content\/uploads\/2025\/05\/asist.-dr.-Janez-Toplisek-dr.-med.webp\" loading=\"lazy\" srcset=\"https:\/\/md-medicina.si\/wp-content\/uploads\/2025\/05\/asist.-dr.-Janez-Toplisek-dr.-med.webp 800w, https:\/\/md-medicina.si\/wp-content\/uploads\/2025\/05\/asist.-dr.-Janez-Toplisek-dr.-med-240x300.webp 240w, https:\/\/md-medicina.si\/wp-content\/uploads\/2025\/05\/asist.-dr.-Janez-Toplisek-dr.-med-768x960.webp 768w\" sizes=\"(max-width: 800px) 100vw, 800px\"><div class=\"bde-text-278-102-723-278-1 bde-text bde-text-278-102\">\nAssistere. Dott. Janez Topli\u0161ek, Dott. med.\n<\/div><div class=\"bde-text-278-103-723-278-1 bde-text bde-text-278-103\">\nspecialista in medicina interna, cardiologia e medicina vascolare\n<\/div><div class=\"bde-text-278-104-723-278-1 bde-text bde-text-278-104\">\nSi occupa principalmente di problemi legati al sistema cardiovascolare.\n<\/div>\n\n<\/a>    <\/article>\n    <article class=\"bde-loop-item ee-post\">\n        <a class=\"bde-container-link-278-100-753-278-1 bde-container-link bde-container-link-278-100 breakdance-link\" href=\"https:\/\/md-medicina.si\/it\/zdravnik\/dasa-zugwitz-dr-med\/\" target=\"_self\" data-type=\"url\">\n  \n  \n\t\n\n\n\n<img decoding=\"async\" class=\"bde-image2-278-101-753-278-1 bde-image2 bde-image2-278-101\" src=\"https:\/\/md-medicina.si\/wp-content\/uploads\/2025\/05\/Dasa-Zugwitz-dr.-med.webp\" loading=\"lazy\" srcset=\"https:\/\/md-medicina.si\/wp-content\/uploads\/2025\/05\/Dasa-Zugwitz-dr.-med.webp 800w, https:\/\/md-medicina.si\/wp-content\/uploads\/2025\/05\/Dasa-Zugwitz-dr.-med-240x300.webp 240w, https:\/\/md-medicina.si\/wp-content\/uploads\/2025\/05\/Dasa-Zugwitz-dr.-med-768x960.webp 768w\" sizes=\"(max-width: 800px) 100vw, 800px\"><div class=\"bde-text-278-102-753-278-1 bde-text bde-text-278-102\">\nDott. Da\u0161a Zugwitz, Dott. med.\n<\/div><div class=\"bde-text-278-103-753-278-1 bde-text bde-text-278-103\">\nspecialista in cardiologia e medicina vascolare\n<\/div><div class=\"bde-text-278-104-753-278-1 bde-text bde-text-278-104\">\nSpecializzato in imaging cardiaco con certificazioni internazionali e competenze di ricerca nel campo della cardiologia.\n<\/div>\n\n<\/a>    <\/article>\n    <article class=\"bde-loop-item ee-post\">\n        <a class=\"bde-container-link-278-100-726-278-1 bde-container-link bde-container-link-278-100 breakdance-link\" href=\"https:\/\/md-medicina.si\/it\/zdravnik\/asist-dr-nik-zlak-dr-med\/\" target=\"_self\" data-type=\"url\">\n  \n  \n\t\n\n\n\n<img decoding=\"async\" class=\"bde-image2-278-101-726-278-1 bde-image2 bde-image2-278-101\" src=\"https:\/\/md-medicina.si\/wp-content\/uploads\/2025\/05\/asist.-dr.-Nik-Zlak-dr.-med.webp\" loading=\"lazy\" srcset=\"https:\/\/md-medicina.si\/wp-content\/uploads\/2025\/05\/asist.-dr.-Nik-Zlak-dr.-med.webp 800w, https:\/\/md-medicina.si\/wp-content\/uploads\/2025\/05\/asist.-dr.-Nik-Zlak-dr.-med-240x300.webp 240w, https:\/\/md-medicina.si\/wp-content\/uploads\/2025\/05\/asist.-dr.-Nik-Zlak-dr.-med-768x960.webp 768w\" sizes=\"(max-width: 800px) 100vw, 800px\"><div class=\"bde-text-278-102-726-278-1 bde-text bde-text-278-102\">\nProf. Assist. Nik \u017dlak, Dott. med.\n<\/div><div class=\"bde-text-278-103-726-278-1 bde-text bde-text-278-103\">\nspecialista in chirurgia ortopedica\n<\/div><div class=\"bde-text-278-104-726-278-1 bde-text bde-text-278-104\">\nSi occupa di patologia sportiva e di interventi ricostruttivi su ginocchio, caviglia e spalla, di ortopedia rigenerativa e di patologia del piede.\n<\/div>\n\n<\/a>    <\/article>\n    <article class=\"bde-loop-item ee-post\">\n        <a class=\"bde-container-link-278-100-738-278-1 bde-container-link bde-container-link-278-100 breakdance-link\" href=\"https:\/\/md-medicina.si\/it\/zdravnik\/izr-prof-dr-janez-brecelj-dr-med\/\" target=\"_self\" data-type=\"url\">\n  \n  \n\t\n\n\n\n<img decoding=\"async\" class=\"bde-image2-278-101-738-278-1 bde-image2 bde-image2-278-101\" src=\"https:\/\/md-medicina.si\/wp-content\/uploads\/2025\/05\/Foto-Zupan-scaled.jpg\" loading=\"lazy\" srcset=\"https:\/\/md-medicina.si\/wp-content\/uploads\/2025\/05\/Foto-Zupan-scaled.jpg 1707w, https:\/\/md-medicina.si\/wp-content\/uploads\/2025\/05\/Foto-Zupan-200x300.jpg 200w, https:\/\/md-medicina.si\/wp-content\/uploads\/2025\/05\/Foto-Zupan-683x1024.jpg 683w, https:\/\/md-medicina.si\/wp-content\/uploads\/2025\/05\/Foto-Zupan-768x1152.jpg 768w, https:\/\/md-medicina.si\/wp-content\/uploads\/2025\/05\/Foto-Zupan-1024x1536.jpg 1024w, https:\/\/md-medicina.si\/wp-content\/uploads\/2025\/05\/Foto-Zupan-1365x2048.jpg 1365w, https:\/\/md-medicina.si\/wp-content\/uploads\/2025\/05\/Foto-Zupan-8x12.jpg 8w\" sizes=\"(max-width: 1707px) 100vw, 1707px\"><div class=\"bde-text-278-102-738-278-1 bde-text bde-text-278-102\">\nprof. dr. Oskar Zupanc, dr. med.\n<\/div><div class=\"bde-text-278-103-738-278-1 bde-text bde-text-278-103\">\nspecialista in chirurgia ortopedica\n<\/div><div class=\"bde-text-278-104-738-278-1 bde-text bde-text-278-104\">\nPri svojem delu se ukvarja s \u0161portno patologijo. Osredoto\u010da se predvsem na zdravljenje ramen, komolca in kolen.\n<\/div>\n\n<\/a>    <\/article>\n<\/div>\r\n<\/div><\/div>\n<\/section><section class=\"bde-section-1098-176 bde-section\">\n              \n  \n  \n\t\n\n\n\n<div class=\"section-container\"><h2 class=\"bde-heading-1098-177 bde-heading\">\nOpinioni dei clienti soddisfatti\n<\/h2><div class=\"bde-text-1098-178 bde-text\">\nLe opinioni dei nostri pazienti testimoniano la fiducia, la professionalit\u00e0 e l&#039;approccio personale che mettiamo in pratica ogni giorno nel nostro lavoro.\n<\/div><div class=\"bde-globalblock-1098-214 bde-globalblock\"><div class=\"bde-advancedslider-1251-138-1251-1 bde-advancedslider bde-advancedslider-1251-138\">\n<div class=\"breakdance-swiper-wrapper\" data-swiper-id=\"138\">\n  <div class=\"swiper\">\n    <div class=\"swiper-wrapper\">\n      <div class=\"bde-advancedslide-1251-146-1251-1 bde-advancedslide bde-advancedslide-1251-146 swiper-slide\"><div class=\"advanced-slider__slide\">\r\n  <div class=\"bde-div-1251-147-1251-1 bde-div bde-div-1251-147\">\n  \n  \n\t\n\n\n\n<div class=\"bde-star-rating-1251-148-1251-1 bde-star-rating bde-star-rating-1251-148\">\n\n\n\n  <div class='bde-star-rating__wrapper'>\n    <svg aria-hidden=\"true\" focusable=\"false\" data-prefix=\"fas\"  role=\"img\" xmlns=\"http:\/\/www.w3.org\/2000\/svg\" viewbox=\"0 0 576 512\" class=\"svg-inline--fa fa-star fa-w-18 fa-2x\"><path d=\"M259.3 17.8L194 150.2 47.9 171.5c-26.2 3.8-36.7 36.1-17.7 54.6l105.7 103-25 145.5c-4.5 26.3 23.2 46 46.4 33.7L288 439.6l130.7 68.7c23.2 12.2 50.9-7.4 46.4-33.7l-25-145.5 105.7-103c19-18.5 8.5-50.8-17.7-54.6L382 150.2 316.7 17.8c-11.7-23.6-45.6-23.9-57.4 0z\" class=\"\"><\/path><\/svg>\n    <svg aria-hidden=\"true\" focusable=\"false\" data-prefix=\"fas\"  role=\"img\" xmlns=\"http:\/\/www.w3.org\/2000\/svg\" viewbox=\"0 0 576 512\" class=\"svg-inline--fa fa-star fa-w-18 fa-2x\"><path d=\"M259.3 17.8L194 150.2 47.9 171.5c-26.2 3.8-36.7 36.1-17.7 54.6l105.7 103-25 145.5c-4.5 26.3 23.2 46 46.4 33.7L288 439.6l130.7 68.7c23.2 12.2 50.9-7.4 46.4-33.7l-25-145.5 105.7-103c19-18.5 8.5-50.8-17.7-54.6L382 150.2 316.7 17.8c-11.7-23.6-45.6-23.9-57.4 0z\" class=\"\"><\/path><\/svg>\n    <svg aria-hidden=\"true\" focusable=\"false\" data-prefix=\"fas\"  role=\"img\" xmlns=\"http:\/\/www.w3.org\/2000\/svg\" viewbox=\"0 0 576 512\" class=\"svg-inline--fa fa-star fa-w-18 fa-2x\"><path d=\"M259.3 17.8L194 150.2 47.9 171.5c-26.2 3.8-36.7 36.1-17.7 54.6l105.7 103-25 145.5c-4.5 26.3 23.2 46 46.4 33.7L288 439.6l130.7 68.7c23.2 12.2 50.9-7.4 46.4-33.7l-25-145.5 105.7-103c19-18.5 8.5-50.8-17.7-54.6L382 150.2 316.7 17.8c-11.7-23.6-45.6-23.9-57.4 0z\" class=\"\"><\/path><\/svg>\n    <svg aria-hidden=\"true\" focusable=\"false\" data-prefix=\"fas\"  role=\"img\" xmlns=\"http:\/\/www.w3.org\/2000\/svg\" viewbox=\"0 0 576 512\" class=\"svg-inline--fa fa-star fa-w-18 fa-2x\"><path d=\"M259.3 17.8L194 150.2 47.9 171.5c-26.2 3.8-36.7 36.1-17.7 54.6l105.7 103-25 145.5c-4.5 26.3 23.2 46 46.4 33.7L288 439.6l130.7 68.7c23.2 12.2 50.9-7.4 46.4-33.7l-25-145.5 105.7-103c19-18.5 8.5-50.8-17.7-54.6L382 150.2 316.7 17.8c-11.7-23.6-45.6-23.9-57.4 0z\" class=\"\"><\/path><\/svg>\n    <svg aria-hidden=\"true\" focusable=\"false\" data-prefix=\"fas\"  role=\"img\" xmlns=\"http:\/\/www.w3.org\/2000\/svg\" viewbox=\"0 0 576 512\" class=\"svg-inline--fa fa-star fa-w-18 fa-2x\"><path d=\"M259.3 17.8L194 150.2 47.9 171.5c-26.2 3.8-36.7 36.1-17.7 54.6l105.7 103-25 145.5c-4.5 26.3 23.2 46 46.4 33.7L288 439.6l130.7 68.7c23.2 12.2 50.9-7.4 46.4-33.7l-25-145.5 105.7-103c19-18.5 8.5-50.8-17.7-54.6L382 150.2 316.7 17.8c-11.7-23.6-45.6-23.9-57.4 0z\" class=\"\"><\/path><\/svg>\n  <\/div>\n\n\n\n<svg width=\"0\" height=\"0\">\n<lineargradient id=\"starhalf148\" x1=\"0\" x2=\"100%\" y1=\"0\" y2=\"0\">\n        <stop offset=\"0%\" stop-color=\"var(--bde-palette-color-2-9cf302e2-e388-4912-b6fe-f7cdeb9bf61b)\"><\/stop>\n \t\t<stop offset=\"0%\" stop-color=\"lightgrey\"><\/stop>\n<\/lineargradient>\n<\/svg>\n\n<\/div><div class=\"bde-text-1251-149-1251-1 bde-text bde-text-1251-149\">\nMD Medicina vanta uno staff cordiale e, soprattutto, professionale. Gli anestesisti si assicurano che vi sentiate davvero al sicuro. Il chirurgo vi fornisce tutte le informazioni e svolge il suo lavoro con professionalit\u00e0, prendendosi cura di voi fino alla dimissione e, naturalmente, anche dopo. Infermieri, fisioterapisti e altri operatori sanitari si assicurano che non vi sfugga nulla, anche se in quel momento non potete fare nulla. Professionalit\u00e0, cordialit\u00e0, familiarit\u00e0. Questo \u00e8 probabilmente tutto ci\u00f2 che noi pazienti desideriamo e meritiamo quando abbiamo bisogno di un intervento chirurgico. Ed \u00e8 cos\u00ec che mi sono sentito anch&#039;io, perch\u00e9 tutto, dalla preparazione all&#039;intervento, all&#039;intervento e alle cure postoperatorie, \u00e8 stato svolto in modo superbo. Grazie a tutta l&#039;\u00e9quipe e in bocca al lupo!\n<\/div>\n<\/div><div class=\"bde-div-1251-150-1251-1 bde-div bde-div-1251-150\">\n  \n  \n\t\n\n\n\n<div class=\"bde-text-1251-152-1251-1 bde-text bde-text-1251-152\">\nKatarina Sinkovec\n<\/div>\n<\/div>\r\n<\/div><\/div><div class=\"bde-advancedslide-1251-153-1251-1 bde-advancedslide bde-advancedslide-1251-153 swiper-slide\"><div class=\"advanced-slider__slide\">\r\n  <div class=\"bde-div-1251-154-1251-1 bde-div bde-div-1251-154\">\n  \n  \n\t\n\n\n\n<div class=\"bde-star-rating-1251-155-1251-1 bde-star-rating bde-star-rating-1251-155\">\n\n\n\n  <div class='bde-star-rating__wrapper'>\n    <svg aria-hidden=\"true\" focusable=\"false\" data-prefix=\"fas\"  role=\"img\" xmlns=\"http:\/\/www.w3.org\/2000\/svg\" viewbox=\"0 0 576 512\" class=\"svg-inline--fa fa-star fa-w-18 fa-2x\"><path d=\"M259.3 17.8L194 150.2 47.9 171.5c-26.2 3.8-36.7 36.1-17.7 54.6l105.7 103-25 145.5c-4.5 26.3 23.2 46 46.4 33.7L288 439.6l130.7 68.7c23.2 12.2 50.9-7.4 46.4-33.7l-25-145.5 105.7-103c19-18.5 8.5-50.8-17.7-54.6L382 150.2 316.7 17.8c-11.7-23.6-45.6-23.9-57.4 0z\" class=\"\"><\/path><\/svg>\n    <svg aria-hidden=\"true\" focusable=\"false\" data-prefix=\"fas\"  role=\"img\" xmlns=\"http:\/\/www.w3.org\/2000\/svg\" viewbox=\"0 0 576 512\" class=\"svg-inline--fa fa-star fa-w-18 fa-2x\"><path d=\"M259.3 17.8L194 150.2 47.9 171.5c-26.2 3.8-36.7 36.1-17.7 54.6l105.7 103-25 145.5c-4.5 26.3 23.2 46 46.4 33.7L288 439.6l130.7 68.7c23.2 12.2 50.9-7.4 46.4-33.7l-25-145.5 105.7-103c19-18.5 8.5-50.8-17.7-54.6L382 150.2 316.7 17.8c-11.7-23.6-45.6-23.9-57.4 0z\" class=\"\"><\/path><\/svg>\n    <svg aria-hidden=\"true\" focusable=\"false\" data-prefix=\"fas\"  role=\"img\" xmlns=\"http:\/\/www.w3.org\/2000\/svg\" viewbox=\"0 0 576 512\" class=\"svg-inline--fa fa-star fa-w-18 fa-2x\"><path d=\"M259.3 17.8L194 150.2 47.9 171.5c-26.2 3.8-36.7 36.1-17.7 54.6l105.7 103-25 145.5c-4.5 26.3 23.2 46 46.4 33.7L288 439.6l130.7 68.7c23.2 12.2 50.9-7.4 46.4-33.7l-25-145.5 105.7-103c19-18.5 8.5-50.8-17.7-54.6L382 150.2 316.7 17.8c-11.7-23.6-45.6-23.9-57.4 0z\" class=\"\"><\/path><\/svg>\n    <svg aria-hidden=\"true\" focusable=\"false\" data-prefix=\"fas\"  role=\"img\" xmlns=\"http:\/\/www.w3.org\/2000\/svg\" viewbox=\"0 0 576 512\" class=\"svg-inline--fa fa-star fa-w-18 fa-2x\"><path d=\"M259.3 17.8L194 150.2 47.9 171.5c-26.2 3.8-36.7 36.1-17.7 54.6l105.7 103-25 145.5c-4.5 26.3 23.2 46 46.4 33.7L288 439.6l130.7 68.7c23.2 12.2 50.9-7.4 46.4-33.7l-25-145.5 105.7-103c19-18.5 8.5-50.8-17.7-54.6L382 150.2 316.7 17.8c-11.7-23.6-45.6-23.9-57.4 0z\" class=\"\"><\/path><\/svg>\n    <svg aria-hidden=\"true\" focusable=\"false\" data-prefix=\"fas\"  role=\"img\" xmlns=\"http:\/\/www.w3.org\/2000\/svg\" viewbox=\"0 0 576 512\" class=\"svg-inline--fa fa-star fa-w-18 fa-2x\"><path d=\"M259.3 17.8L194 150.2 47.9 171.5c-26.2 3.8-36.7 36.1-17.7 54.6l105.7 103-25 145.5c-4.5 26.3 23.2 46 46.4 33.7L288 439.6l130.7 68.7c23.2 12.2 50.9-7.4 46.4-33.7l-25-145.5 105.7-103c19-18.5 8.5-50.8-17.7-54.6L382 150.2 316.7 17.8c-11.7-23.6-45.6-23.9-57.4 0z\" class=\"\"><\/path><\/svg>\n  <\/div>\n\n\n\n<svg width=\"0\" height=\"0\">\n<lineargradient id=\"starhalf155\" x1=\"0\" x2=\"100%\" y1=\"0\" y2=\"0\">\n        <stop offset=\"0%\" stop-color=\"var(--bde-palette-color-2-9cf302e2-e388-4912-b6fe-f7cdeb9bf61b)\"><\/stop>\n \t\t<stop offset=\"0%\" stop-color=\"lightgrey\"><\/stop>\n<\/lineargradient>\n<\/svg>\n\n<\/div><div class=\"bde-text-1251-156-1251-1 bde-text bde-text-1251-156\">\nGrazie a tutti voi che utilizzate i dispositivi medici, i metodi e le forme di lavoro pi\u00f9 innovativi nel vostro lavoro medico. Allo stesso tempo, state formando una nuova generazione di medici perch\u00e9 siete personalmente convinti che un approccio collaborativo con il paziente sia vantaggioso non solo per voi, ma anche per noi. Questo ci fa sentire &#034;importanti&#034;.\n<\/div>\n<\/div><div class=\"bde-div-1251-157-1251-1 bde-div bde-div-1251-157\">\n  \n  \n\t\n\n\n\n<div class=\"bde-text-1251-159-1251-1 bde-text bde-text-1251-159\">\nAlenka \u010curin Jan\u017eekovi\u010d &amp; Marijan Jan\u017eekovi\u010d\n<\/div>\n<\/div>\r\n<\/div><\/div><div class=\"bde-advancedslide-1251-160-1251-1 bde-advancedslide bde-advancedslide-1251-160 swiper-slide\"><div class=\"advanced-slider__slide\">\r\n  <div class=\"bde-div-1251-161-1251-1 bde-div bde-div-1251-161\">\n  \n  \n\t\n\n\n\n<div class=\"bde-star-rating-1251-162-1251-1 bde-star-rating bde-star-rating-1251-162\">\n\n\n\n  <div class='bde-star-rating__wrapper'>\n    <svg aria-hidden=\"true\" focusable=\"false\" data-prefix=\"fas\"  role=\"img\" xmlns=\"http:\/\/www.w3.org\/2000\/svg\" viewbox=\"0 0 576 512\" class=\"svg-inline--fa fa-star fa-w-18 fa-2x\"><path d=\"M259.3 17.8L194 150.2 47.9 171.5c-26.2 3.8-36.7 36.1-17.7 54.6l105.7 103-25 145.5c-4.5 26.3 23.2 46 46.4 33.7L288 439.6l130.7 68.7c23.2 12.2 50.9-7.4 46.4-33.7l-25-145.5 105.7-103c19-18.5 8.5-50.8-17.7-54.6L382 150.2 316.7 17.8c-11.7-23.6-45.6-23.9-57.4 0z\" class=\"\"><\/path><\/svg>\n    <svg aria-hidden=\"true\" focusable=\"false\" data-prefix=\"fas\"  role=\"img\" xmlns=\"http:\/\/www.w3.org\/2000\/svg\" viewbox=\"0 0 576 512\" class=\"svg-inline--fa fa-star fa-w-18 fa-2x\"><path d=\"M259.3 17.8L194 150.2 47.9 171.5c-26.2 3.8-36.7 36.1-17.7 54.6l105.7 103-25 145.5c-4.5 26.3 23.2 46 46.4 33.7L288 439.6l130.7 68.7c23.2 12.2 50.9-7.4 46.4-33.7l-25-145.5 105.7-103c19-18.5 8.5-50.8-17.7-54.6L382 150.2 316.7 17.8c-11.7-23.6-45.6-23.9-57.4 0z\" class=\"\"><\/path><\/svg>\n    <svg aria-hidden=\"true\" focusable=\"false\" data-prefix=\"fas\"  role=\"img\" xmlns=\"http:\/\/www.w3.org\/2000\/svg\" viewbox=\"0 0 576 512\" class=\"svg-inline--fa fa-star fa-w-18 fa-2x\"><path d=\"M259.3 17.8L194 150.2 47.9 171.5c-26.2 3.8-36.7 36.1-17.7 54.6l105.7 103-25 145.5c-4.5 26.3 23.2 46 46.4 33.7L288 439.6l130.7 68.7c23.2 12.2 50.9-7.4 46.4-33.7l-25-145.5 105.7-103c19-18.5 8.5-50.8-17.7-54.6L382 150.2 316.7 17.8c-11.7-23.6-45.6-23.9-57.4 0z\" class=\"\"><\/path><\/svg>\n    <svg aria-hidden=\"true\" focusable=\"false\" data-prefix=\"fas\"  role=\"img\" xmlns=\"http:\/\/www.w3.org\/2000\/svg\" viewbox=\"0 0 576 512\" class=\"svg-inline--fa fa-star fa-w-18 fa-2x\"><path d=\"M259.3 17.8L194 150.2 47.9 171.5c-26.2 3.8-36.7 36.1-17.7 54.6l105.7 103-25 145.5c-4.5 26.3 23.2 46 46.4 33.7L288 439.6l130.7 68.7c23.2 12.2 50.9-7.4 46.4-33.7l-25-145.5 105.7-103c19-18.5 8.5-50.8-17.7-54.6L382 150.2 316.7 17.8c-11.7-23.6-45.6-23.9-57.4 0z\" class=\"\"><\/path><\/svg>\n    <svg aria-hidden=\"true\" focusable=\"false\" data-prefix=\"fas\"  role=\"img\" xmlns=\"http:\/\/www.w3.org\/2000\/svg\" viewbox=\"0 0 576 512\" class=\"svg-inline--fa fa-star fa-w-18 fa-2x\"><path d=\"M259.3 17.8L194 150.2 47.9 171.5c-26.2 3.8-36.7 36.1-17.7 54.6l105.7 103-25 145.5c-4.5 26.3 23.2 46 46.4 33.7L288 439.6l130.7 68.7c23.2 12.2 50.9-7.4 46.4-33.7l-25-145.5 105.7-103c19-18.5 8.5-50.8-17.7-54.6L382 150.2 316.7 17.8c-11.7-23.6-45.6-23.9-57.4 0z\" class=\"\"><\/path><\/svg>\n  <\/div>\n\n\n\n<svg width=\"0\" height=\"0\">\n<lineargradient id=\"starhalf162\" x1=\"0\" x2=\"100%\" y1=\"0\" y2=\"0\">\n        <stop offset=\"0%\" stop-color=\"var(--bde-palette-color-2-9cf302e2-e388-4912-b6fe-f7cdeb9bf61b)\"><\/stop>\n \t\t<stop offset=\"0%\" stop-color=\"lightgrey\"><\/stop>\n<\/lineargradient>\n<\/svg>\n\n<\/div><div class=\"bde-text-1251-163-1251-1 bde-text bde-text-1251-163\">\nQuando entri nell&#039;edificio del MD Medicine, ti senti pi\u00f9 a tuo agio che a disagio, perch\u00e9 non hai immediatamente quella sensazione e quell&#039;odore familiare e sgradevole di ospedale. Sei accolto da un&#039;infermiera cordiale che ti accoglie con gentilezza e ti spiega tutto ci\u00f2 che ti interessa. Tutto ha un effetto rilassante, tanto che quell&#039;ultima sensazione di ansia prima di una visita medica o di un intervento chirurgico scompare davvero. Il medico che visiti \u00e8 un esperto di prim&#039;ordine che si dedica completamente a te, ti ascolta davvero, ha tempo per te e, infine, ti offre consigli professionali. Lascio sempre la sede del MD Medicine con serenit\u00e0 e con la chiara consapevolezza che qui ci sono persone che si prenderanno sempre cura di te. Pertanto, un sincero ringraziamento a tutti voi.\n<\/div>\n<\/div><div class=\"bde-div-1251-164-1251-1 bde-div bde-div-1251-164\">\n  \n  \n\t\n\n\n\n<div class=\"bde-text-1251-165-1251-1 bde-text bde-text-1251-165\">\nNeda Fabrizio\n<\/div>\n<\/div>\r\n<\/div><\/div><div class=\"bde-advancedslide-1251-166-1251-1 bde-advancedslide bde-advancedslide-1251-166 swiper-slide\"><div class=\"advanced-slider__slide\">\r\n  <div class=\"bde-div-1251-167-1251-1 bde-div bde-div-1251-167\">\n  \n  \n\t\n\n\n\n<div class=\"bde-star-rating-1251-168-1251-1 bde-star-rating bde-star-rating-1251-168\">\n\n\n\n  <div class='bde-star-rating__wrapper'>\n    <svg aria-hidden=\"true\" focusable=\"false\" data-prefix=\"fas\"  role=\"img\" xmlns=\"http:\/\/www.w3.org\/2000\/svg\" viewbox=\"0 0 576 512\" class=\"svg-inline--fa fa-star fa-w-18 fa-2x\"><path d=\"M259.3 17.8L194 150.2 47.9 171.5c-26.2 3.8-36.7 36.1-17.7 54.6l105.7 103-25 145.5c-4.5 26.3 23.2 46 46.4 33.7L288 439.6l130.7 68.7c23.2 12.2 50.9-7.4 46.4-33.7l-25-145.5 105.7-103c19-18.5 8.5-50.8-17.7-54.6L382 150.2 316.7 17.8c-11.7-23.6-45.6-23.9-57.4 0z\" class=\"\"><\/path><\/svg>\n    <svg aria-hidden=\"true\" focusable=\"false\" data-prefix=\"fas\"  role=\"img\" xmlns=\"http:\/\/www.w3.org\/2000\/svg\" viewbox=\"0 0 576 512\" class=\"svg-inline--fa fa-star fa-w-18 fa-2x\"><path d=\"M259.3 17.8L194 150.2 47.9 171.5c-26.2 3.8-36.7 36.1-17.7 54.6l105.7 103-25 145.5c-4.5 26.3 23.2 46 46.4 33.7L288 439.6l130.7 68.7c23.2 12.2 50.9-7.4 46.4-33.7l-25-145.5 105.7-103c19-18.5 8.5-50.8-17.7-54.6L382 150.2 316.7 17.8c-11.7-23.6-45.6-23.9-57.4 0z\" class=\"\"><\/path><\/svg>\n    <svg aria-hidden=\"true\" focusable=\"false\" data-prefix=\"fas\"  role=\"img\" xmlns=\"http:\/\/www.w3.org\/2000\/svg\" viewbox=\"0 0 576 512\" class=\"svg-inline--fa fa-star fa-w-18 fa-2x\"><path d=\"M259.3 17.8L194 150.2 47.9 171.5c-26.2 3.8-36.7 36.1-17.7 54.6l105.7 103-25 145.5c-4.5 26.3 23.2 46 46.4 33.7L288 439.6l130.7 68.7c23.2 12.2 50.9-7.4 46.4-33.7l-25-145.5 105.7-103c19-18.5 8.5-50.8-17.7-54.6L382 150.2 316.7 17.8c-11.7-23.6-45.6-23.9-57.4 0z\" class=\"\"><\/path><\/svg>\n    <svg aria-hidden=\"true\" focusable=\"false\" data-prefix=\"fas\"  role=\"img\" xmlns=\"http:\/\/www.w3.org\/2000\/svg\" viewbox=\"0 0 576 512\" class=\"svg-inline--fa fa-star fa-w-18 fa-2x\"><path d=\"M259.3 17.8L194 150.2 47.9 171.5c-26.2 3.8-36.7 36.1-17.7 54.6l105.7 103-25 145.5c-4.5 26.3 23.2 46 46.4 33.7L288 439.6l130.7 68.7c23.2 12.2 50.9-7.4 46.4-33.7l-25-145.5 105.7-103c19-18.5 8.5-50.8-17.7-54.6L382 150.2 316.7 17.8c-11.7-23.6-45.6-23.9-57.4 0z\" class=\"\"><\/path><\/svg>\n    <svg aria-hidden=\"true\" focusable=\"false\" data-prefix=\"fas\"  role=\"img\" xmlns=\"http:\/\/www.w3.org\/2000\/svg\" viewbox=\"0 0 576 512\" class=\"svg-inline--fa fa-star fa-w-18 fa-2x\"><path d=\"M259.3 17.8L194 150.2 47.9 171.5c-26.2 3.8-36.7 36.1-17.7 54.6l105.7 103-25 145.5c-4.5 26.3 23.2 46 46.4 33.7L288 439.6l130.7 68.7c23.2 12.2 50.9-7.4 46.4-33.7l-25-145.5 105.7-103c19-18.5 8.5-50.8-17.7-54.6L382 150.2 316.7 17.8c-11.7-23.6-45.6-23.9-57.4 0z\" class=\"\"><\/path><\/svg>\n  <\/div>\n\n\n\n<svg width=\"0\" height=\"0\">\n<lineargradient id=\"starhalf168\" x1=\"0\" x2=\"100%\" y1=\"0\" y2=\"0\">\n        <stop offset=\"0%\" stop-color=\"var(--bde-palette-color-2-9cf302e2-e388-4912-b6fe-f7cdeb9bf61b)\"><\/stop>\n \t\t<stop offset=\"0%\" stop-color=\"lightgrey\"><\/stop>\n<\/lineargradient>\n<\/svg>\n\n<\/div><div class=\"bde-text-1251-169-1251-1 bde-text bde-text-1251-169\">\nHo un medico personale presso MD Medicine dal 2017. Fin dalla prima visita, sono entrato in un mondo di alta qualit\u00e0 per quanto riguarda la sanit\u00e0: un&#039;accoglienza cortese all&#039;ingresso principale, una sala d&#039;attesa luminosa e senza folla, un appuntamento per la visita all&#039;orario concordato in una clinica moderna e piacevolmente attrezzata, un&#039;infermiera cordiale che mi conosce per nome, un medico rilassato e altamente professionale che ha tempo sia per ascoltarmi che per curarmi. Nello stesso edificio, posso anche usufruire di un laboratorio di analisi e di molti altri servizi sanitari. Posso gestire prescrizioni, visite, prescrizioni e consulenze via e-mail o per telefono, a cui c&#039;\u00e8 sempre qualcuno che risponde... Il sistema di alta qualit\u00e0 di MD Medicine opera non solo a beneficio della salute del paziente, ma anche della sua dignit\u00e0.\n<\/div>\n<\/div><div class=\"bde-div-1251-170-1251-1 bde-div bde-div-1251-170\">\n  \n  \n\t\n\n\n\n<div class=\"bde-text-1251-171-1251-1 bde-text bde-text-1251-171\">\nMaja Ivanic\n<\/div>\n<\/div>\r\n<\/div><\/div>\n    <\/div>\n  <\/div>\n\n              <div class=\"swiper-button-prev\">\n            <svg xmlns=\"http:\/\/www.w3.org\/2000\/svg\" width=\"40\" height=\"40\" viewbox=\"0 0 40 40\" fill=\"none\">\r\n<rect x=\"40\" y=\"40\" width=\"40\" height=\"40\" rx=\"8\" transform=\"rotate(-180 40 40)\" fill=\"#001F3F\"\/>\r\n<path d=\"M20.1733 26.1792L13.7003 20.0004L20.1733 13.8216\" stroke=\"white\" stroke-width=\"1.3125\" stroke-linecap=\"round\" stroke-linejoin=\"round\"\/>\r\n<path d=\"M13.7004 20.0005H26.3003\" stroke=\"white\" stroke-width=\"1.3125\" stroke-linecap=\"round\" stroke-linejoin=\"round\"\/>\r\n<\/svg>\n        <\/div>\n        <div class=\"swiper-button-next\">\n            <svg xmlns=\"http:\/\/www.w3.org\/2000\/svg\" width=\"40\" height=\"40\" viewbox=\"0 0 40 40\" fill=\"none\">\r\n<rect width=\"40\" height=\"40\" rx=\"8\" fill=\"#001F3F\"\/>\r\n<path d=\"M19.8267 13.8208L26.2997 19.9996L19.8267 26.1784\" stroke=\"white\" stroke-width=\"1.3125\" stroke-linecap=\"round\" stroke-linejoin=\"round\"\/>\r\n<path d=\"M26.2996 19.9995L13.6997 19.9995\" stroke=\"white\" stroke-width=\"1.3125\" stroke-linecap=\"round\" stroke-linejoin=\"round\"\/>\r\n<\/svg>\n        <\/div>\n    \n    \n<\/div>\n\n<\/div><\/div><h2 class=\"bde-heading-1098-201 bde-heading\">\nDomande frequenti\n<\/h2><div class=\"bde-text-1098-202 bde-text\">\nLorem ipsum dolor sit amet consectetur adipiscing eli mattis sitphasellus mollis sit aliquam sit nullam.\n<\/div><div class=\"bde-accordion-1098-203 bde-accordion bde-accordion--pills\"><div class=\"bde-accordion__content-wrapper-1098-204 bde-accordion__content-wrapper\">\n<h3 class=\"bde-accordion__title-tag\">\n  <button type=\"button\" class=\"bde-accordion__button\" id=\"accordion-button-204\" aria-controls=\"accordion-panel-204\" aria-expanded=\"false\">\n     <span class=\"bde-accordion__title\" >Lorem ipsum dolor sit amet consectetur.<\/span>\n     <span class=\"bde-accordion__icon bde-accordion__icon--default\"><\/span>\n     <span class=\"bde-accordion__icon bde-accordion__icon--active\"><\/span>\n  <\/button>\n<\/h3>\n\n<div role=\"region\" class=\"bde-accordion__panel\" id=\"accordion-panel-204\" aria-labelledby=\"accordion-button-204\">\n    <div class=\"bde-accordion__panel-content\">\n        <div class=\"bde-text-1098-205 bde-text\">\nLorem ipsum dolor sit amet, consectetur cdolor col adipiscing elit. Intero mattis nunc augue vel lacinia erat euismod ut. Sed eleifend tellus nonole tincidunt aliquet. Fusce aliquam mi felis.\n<\/div>\n    <\/div>\n<\/div>\n\n\n\n<\/div><div class=\"bde-accordion__content-wrapper-1098-206 bde-accordion__content-wrapper\">\n<h3 class=\"bde-accordion__title-tag\">\n  <button type=\"button\" class=\"bde-accordion__button\" id=\"accordion-button-206\" aria-controls=\"accordion-panel-206\" aria-expanded=\"false\">\n     <span class=\"bde-accordion__title\" >Quali fattori incidono sul costo della progettazione web?<\/span>\n     <span class=\"bde-accordion__icon bde-accordion__icon--default\"><\/span>\n     <span class=\"bde-accordion__icon bde-accordion__icon--active\"><\/span>\n  <\/button>\n<\/h3>\n\n<div role=\"region\" class=\"bde-accordion__panel\" id=\"accordion-panel-206\" aria-labelledby=\"accordion-button-206\">\n    <div class=\"bde-accordion__panel-content\">\n        <div class=\"bde-text-1098-207 bde-text\">\nLorem ipsum dolor sit amet, consectetur cdolor col adipiscing elit. Intero mattis nunc augue vel lacinia erat euismod ut. Sed eleifend tellus nonole tincidunt aliquet. Fusce aliquam mi felis.\n<\/div>\n    <\/div>\n<\/div>\n\n\n\n<\/div><div class=\"bde-accordion__content-wrapper-1098-208 bde-accordion__content-wrapper\">\n<h3 class=\"bde-accordion__title-tag\">\n  <button type=\"button\" class=\"bde-accordion__button\" id=\"accordion-button-208\" aria-controls=\"accordion-panel-208\" aria-expanded=\"false\">\n     <span class=\"bde-accordion__title\" >Lorem ipsum dolor sit amet consectetur.<\/span>\n     <span class=\"bde-accordion__icon bde-accordion__icon--default\"><\/span>\n     <span class=\"bde-accordion__icon bde-accordion__icon--active\"><\/span>\n  <\/button>\n<\/h3>\n\n<div role=\"region\" class=\"bde-accordion__panel\" id=\"accordion-panel-208\" aria-labelledby=\"accordion-button-208\">\n    <div class=\"bde-accordion__panel-content\">\n        <div class=\"bde-text-1098-209 bde-text\">\nLorem ipsum dolor sit amet, consectetur cdolor col adipiscing elit. Intero mattis nunc augue vel lacinia erat euismod ut. Sed eleifend tellus nonole tincidunt aliquet. Fusce aliquam mi felis.\n<\/div>\n    <\/div>\n<\/div>\n\n\n\n<\/div><div class=\"bde-accordion__content-wrapper-1098-210 bde-accordion__content-wrapper\">\n<h3 class=\"bde-accordion__title-tag\">\n  <button type=\"button\" class=\"bde-accordion__button\" id=\"accordion-button-210\" aria-controls=\"accordion-panel-210\" aria-expanded=\"false\">\n     <span class=\"bde-accordion__title\" >Lorem ipsum dolor sit amet consectetur.<\/span>\n     <span class=\"bde-accordion__icon bde-accordion__icon--default\"><\/span>\n     <span class=\"bde-accordion__icon bde-accordion__icon--active\"><\/span>\n  <\/button>\n<\/h3>\n\n<div role=\"region\" class=\"bde-accordion__panel\" id=\"accordion-panel-210\" aria-labelledby=\"accordion-button-210\">\n    <div class=\"bde-accordion__panel-content\">\n        <div class=\"bde-text-1098-211 bde-text\">\nLorem ipsum dolor sit amet, consectetur cdolor col adipiscing elit. Intero mattis nunc augue vel lacinia erat euismod ut. Sed eleifend tellus nonole tincidunt aliquet. Fusce aliquam mi felis.\n<\/div>\n    <\/div>\n<\/div>\n\n\n\n<\/div><div class=\"bde-accordion__content-wrapper-1098-212 bde-accordion__content-wrapper\">\n<h3 class=\"bde-accordion__title-tag\">\n  <button type=\"button\" class=\"bde-accordion__button\" id=\"accordion-button-212\" aria-controls=\"accordion-panel-212\" aria-expanded=\"false\">\n     <span class=\"bde-accordion__title\" >Lorem ipsum dolor sit amet consectetur.<\/span>\n     <span class=\"bde-accordion__icon bde-accordion__icon--default\"><\/span>\n     <span class=\"bde-accordion__icon bde-accordion__icon--active\"><\/span>\n  <\/button>\n<\/h3>\n\n<div role=\"region\" class=\"bde-accordion__panel\" id=\"accordion-panel-212\" aria-labelledby=\"accordion-button-212\">\n    <div class=\"bde-accordion__panel-content\">\n        <div class=\"bde-text-1098-213 bde-text\">\nLorem ipsum dolor sit amet, consectetur cdolor col adipiscing elit. Intero mattis nunc augue vel lacinia erat euismod ut. Sed eleifend tellus nonole tincidunt aliquet. Fusce aliquam mi felis.\n<\/div>\n    <\/div>\n<\/div>\n\n\n\n<\/div>\r\n\r\n<\/div><\/div>\n<\/section>","protected":false},"excerpt":{"rendered":"<p>Nazaj na ambulanto za anesteziologijo Sprejem pacienta v operacijsko dvorano in monitoring med anestezijo Pred odhodom v operacijsko dvorano mora pacient odstraniti o\u010dala, le\u010de, zobno protezo in ves nakit.\u00a0Ko pacienta sprejmemo v operacijsko dvorano, mu namestimo na roko man\u0161eto za merjenje krvnega tlaka, na prsni ko\u0161 prilepimo EKG elektrode za spremljanje sr\u010dnega utripa ter na [&hellip;]<\/p>\n","protected":false},"author":1,"featured_media":0,"parent":382,"menu_order":0,"comment_status":"closed","ping_status":"closed","template":"","meta":{"_acf_changed":false,"inline_featured_image":false,"_breakdance_hide_in_design_set":false,"_breakdance_tags":"","footnotes":""},"class_list":["post-1098","page","type-page","status-publish","hentry"],"acf":[],"yoast_head":"<!-- This site is optimized with the Yoast SEO plugin v27.3 - https:\/\/yoast.com\/product\/yoast-seo-wordpress\/ -->\n<title>Sprejem pacienta v operacijsko dvorano in monitoring med anestezijo<\/title>\n<meta name=\"description\" content=\"Va\u0161a varnost je vedno na prvem mestu. Preverite, kako na\u0161 natan\u010den monitoring med anestezijo skrbno spremlja va\u0161e srce skozi celoten poseg.\" \/>\n<meta name=\"robots\" content=\"index, follow, max-snippet:-1, max-image-preview:large, max-video-preview:-1\" \/>\n<link rel=\"canonical\" href=\"https:\/\/md-medicina.si\/it\/ambulantne-dejavnosti\/specialisticne-ambulante\/ambulanta-za-anesteziologijo\/sprejem-pacienta-v-operacijsko-dvorano-in-monitoring-med-anestezijo\/\" \/>\n<meta property=\"og:locale\" content=\"it_IT\" \/>\n<meta property=\"og:type\" content=\"article\" \/>\n<meta property=\"og:title\" content=\"Sprejem pacienta v operacijsko dvorano in monitoring med anestezijo\" \/>\n<meta property=\"og:description\" content=\"Va\u0161a varnost je vedno na prvem mestu. Preverite, kako na\u0161 natan\u010den monitoring med anestezijo skrbno spremlja va\u0161e srce skozi celoten poseg.\" \/>\n<meta property=\"og:url\" content=\"https:\/\/md-medicina.si\/it\/ambulantne-dejavnosti\/specialisticne-ambulante\/ambulanta-za-anesteziologijo\/sprejem-pacienta-v-operacijsko-dvorano-in-monitoring-med-anestezijo\/\" \/>\n<meta property=\"og:site_name\" content=\"MD medicina\" \/>\n<meta property=\"article:modified_time\" content=\"2026-03-23T16:10:31+00:00\" \/>\n<meta name=\"twitter:card\" content=\"summary_large_image\" \/>\n<meta name=\"twitter:label1\" content=\"Tempo di lettura stimato\" \/>\n\t<meta name=\"twitter:data1\" content=\"18 minuti\" \/>\n<script type=\"application\/ld+json\" class=\"yoast-schema-graph\">{\"@context\":\"https:\\\/\\\/schema.org\",\"@graph\":[{\"@type\":\"WebPage\",\"@id\":\"https:\\\/\\\/md-medicina.si\\\/ambulantne-dejavnosti\\\/specialisticne-ambulante\\\/ambulanta-za-anesteziologijo\\\/sprejem-pacienta-v-operacijsko-dvorano-in-monitoring-med-anestezijo\\\/\",\"url\":\"https:\\\/\\\/md-medicina.si\\\/ambulantne-dejavnosti\\\/specialisticne-ambulante\\\/ambulanta-za-anesteziologijo\\\/sprejem-pacienta-v-operacijsko-dvorano-in-monitoring-med-anestezijo\\\/\",\"name\":\"Sprejem pacienta v operacijsko dvorano in monitoring med anestezijo\",\"isPartOf\":{\"@id\":\"https:\\\/\\\/md-medicina.si\\\/en\\\/#website\"},\"datePublished\":\"2025-05-11T12:51:03+00:00\",\"dateModified\":\"2026-03-23T16:10:31+00:00\",\"description\":\"Va\u0161a varnost je vedno na prvem mestu. Preverite, kako na\u0161 natan\u010den monitoring med anestezijo skrbno spremlja va\u0161e srce skozi celoten poseg.\",\"breadcrumb\":{\"@id\":\"https:\\\/\\\/md-medicina.si\\\/ambulantne-dejavnosti\\\/specialisticne-ambulante\\\/ambulanta-za-anesteziologijo\\\/sprejem-pacienta-v-operacijsko-dvorano-in-monitoring-med-anestezijo\\\/#breadcrumb\"},\"inLanguage\":\"it-IT\",\"potentialAction\":[{\"@type\":\"ReadAction\",\"target\":[\"https:\\\/\\\/md-medicina.si\\\/ambulantne-dejavnosti\\\/specialisticne-ambulante\\\/ambulanta-za-anesteziologijo\\\/sprejem-pacienta-v-operacijsko-dvorano-in-monitoring-med-anestezijo\\\/\"]}]},{\"@type\":\"BreadcrumbList\",\"@id\":\"https:\\\/\\\/md-medicina.si\\\/ambulantne-dejavnosti\\\/specialisticne-ambulante\\\/ambulanta-za-anesteziologijo\\\/sprejem-pacienta-v-operacijsko-dvorano-in-monitoring-med-anestezijo\\\/#breadcrumb\",\"itemListElement\":[{\"@type\":\"ListItem\",\"position\":1,\"name\":\"Home\",\"item\":\"https:\\\/\\\/md-medicina.si\\\/\"},{\"@type\":\"ListItem\",\"position\":2,\"name\":\"Ambulantne dejavnosti\",\"item\":\"https:\\\/\\\/md-medicina.si\\\/ambulantne-dejavnosti\\\/\"},{\"@type\":\"ListItem\",\"position\":3,\"name\":\"Specialisti\u010dne ambulante\",\"item\":\"https:\\\/\\\/md-medicina.si\\\/ambulantne-dejavnosti\\\/specialisticne-ambulante\\\/\"},{\"@type\":\"ListItem\",\"position\":4,\"name\":\"Ambulanta za anesteziologijo\",\"item\":\"https:\\\/\\\/md-medicina.si\\\/ambulantne-dejavnosti\\\/specialisticne-ambulante\\\/ambulanta-za-anesteziologijo\\\/\"},{\"@type\":\"ListItem\",\"position\":5,\"name\":\"Sprejem pacienta v operacijsko dvorano in monitoring med anestezijo\"}]},{\"@type\":\"WebSite\",\"@id\":\"https:\\\/\\\/md-medicina.si\\\/en\\\/#website\",\"url\":\"https:\\\/\\\/md-medicina.si\\\/en\\\/\",\"name\":\"MD medicina\",\"description\":\"Vse za va\u0161e zdravje.\",\"potentialAction\":[{\"@type\":\"SearchAction\",\"target\":{\"@type\":\"EntryPoint\",\"urlTemplate\":\"https:\\\/\\\/md-medicina.si\\\/en\\\/?s={search_term_string}\"},\"query-input\":{\"@type\":\"PropertyValueSpecification\",\"valueRequired\":true,\"valueName\":\"search_term_string\"}}],\"inLanguage\":\"it-IT\"}]}<\/script>\n<!-- \/ Yoast SEO plugin. -->","yoast_head_json":{"title":"Ammissione del paziente in sala operatoria e monitoraggio durante l&#039;anestesia","description":"Va\u0161a varnost je vedno na prvem mestu. Preverite, kako na\u0161 natan\u010den monitoring med anestezijo skrbno spremlja va\u0161e srce skozi celoten poseg.","robots":{"index":"index","follow":"follow","max-snippet":"max-snippet:-1","max-image-preview":"max-image-preview:large","max-video-preview":"max-video-preview:-1"},"canonical":"https:\/\/md-medicina.si\/it\/ambulantne-dejavnosti\/specialisticne-ambulante\/ambulanta-za-anesteziologijo\/sprejem-pacienta-v-operacijsko-dvorano-in-monitoring-med-anestezijo\/","og_locale":"it_IT","og_type":"article","og_title":"Sprejem pacienta v operacijsko dvorano in monitoring med anestezijo","og_description":"Va\u0161a varnost je vedno na prvem mestu. Preverite, kako na\u0161 natan\u010den monitoring med anestezijo skrbno spremlja va\u0161e srce skozi celoten poseg.","og_url":"https:\/\/md-medicina.si\/it\/ambulantne-dejavnosti\/specialisticne-ambulante\/ambulanta-za-anesteziologijo\/sprejem-pacienta-v-operacijsko-dvorano-in-monitoring-med-anestezijo\/","og_site_name":"MD medicina","article_modified_time":"2026-03-23T16:10:31+00:00","twitter_card":"summary_large_image","twitter_misc":{"Tempo di lettura stimato":"18 minuti"},"schema":{"@context":"https:\/\/schema.org","@graph":[{"@type":"WebPage","@id":"https:\/\/md-medicina.si\/ambulantne-dejavnosti\/specialisticne-ambulante\/ambulanta-za-anesteziologijo\/sprejem-pacienta-v-operacijsko-dvorano-in-monitoring-med-anestezijo\/","url":"https:\/\/md-medicina.si\/ambulantne-dejavnosti\/specialisticne-ambulante\/ambulanta-za-anesteziologijo\/sprejem-pacienta-v-operacijsko-dvorano-in-monitoring-med-anestezijo\/","name":"Ammissione del paziente in sala operatoria e monitoraggio durante l&#039;anestesia","isPartOf":{"@id":"https:\/\/md-medicina.si\/en\/#website"},"datePublished":"2025-05-11T12:51:03+00:00","dateModified":"2026-03-23T16:10:31+00:00","description":"Va\u0161a varnost je vedno na prvem mestu. Preverite, kako na\u0161 natan\u010den monitoring med anestezijo skrbno spremlja va\u0161e srce skozi celoten poseg.","breadcrumb":{"@id":"https:\/\/md-medicina.si\/ambulantne-dejavnosti\/specialisticne-ambulante\/ambulanta-za-anesteziologijo\/sprejem-pacienta-v-operacijsko-dvorano-in-monitoring-med-anestezijo\/#breadcrumb"},"inLanguage":"it-IT","potentialAction":[{"@type":"ReadAction","target":["https:\/\/md-medicina.si\/ambulantne-dejavnosti\/specialisticne-ambulante\/ambulanta-za-anesteziologijo\/sprejem-pacienta-v-operacijsko-dvorano-in-monitoring-med-anestezijo\/"]}]},{"@type":"BreadcrumbList","@id":"https:\/\/md-medicina.si\/ambulantne-dejavnosti\/specialisticne-ambulante\/ambulanta-za-anesteziologijo\/sprejem-pacienta-v-operacijsko-dvorano-in-monitoring-med-anestezijo\/#breadcrumb","itemListElement":[{"@type":"ListItem","position":1,"name":"Home","item":"https:\/\/md-medicina.si\/"},{"@type":"ListItem","position":2,"name":"Ambulantne dejavnosti","item":"https:\/\/md-medicina.si\/ambulantne-dejavnosti\/"},{"@type":"ListItem","position":3,"name":"Specialisti\u010dne ambulante","item":"https:\/\/md-medicina.si\/ambulantne-dejavnosti\/specialisticne-ambulante\/"},{"@type":"ListItem","position":4,"name":"Ambulanta za anesteziologijo","item":"https:\/\/md-medicina.si\/ambulantne-dejavnosti\/specialisticne-ambulante\/ambulanta-za-anesteziologijo\/"},{"@type":"ListItem","position":5,"name":"Sprejem pacienta v operacijsko dvorano in monitoring med anestezijo"}]},{"@type":"WebSite","@id":"https:\/\/md-medicina.si\/en\/#website","url":"https:\/\/md-medicina.si\/en\/","name":"MD medicina","description":"Tutto per la tua salute.","potentialAction":[{"@type":"SearchAction","target":{"@type":"EntryPoint","urlTemplate":"https:\/\/md-medicina.si\/en\/?s={search_term_string}"},"query-input":{"@type":"PropertyValueSpecification","valueRequired":true,"valueName":"search_term_string"}}],"inLanguage":"it-IT"}]}},"_links":{"self":[{"href":"https:\/\/md-medicina.si\/it\/wp-json\/wp\/v2\/pages\/1098","targetHints":{"allow":["GET"]}}],"collection":[{"href":"https:\/\/md-medicina.si\/it\/wp-json\/wp\/v2\/pages"}],"about":[{"href":"https:\/\/md-medicina.si\/it\/wp-json\/wp\/v2\/types\/page"}],"author":[{"embeddable":true,"href":"https:\/\/md-medicina.si\/it\/wp-json\/wp\/v2\/users\/1"}],"replies":[{"embeddable":true,"href":"https:\/\/md-medicina.si\/it\/wp-json\/wp\/v2\/comments?post=1098"}],"version-history":[{"count":5,"href":"https:\/\/md-medicina.si\/it\/wp-json\/wp\/v2\/pages\/1098\/revisions"}],"predecessor-version":[{"id":2397,"href":"https:\/\/md-medicina.si\/it\/wp-json\/wp\/v2\/pages\/1098\/revisions\/2397"}],"up":[{"embeddable":true,"href":"https:\/\/md-medicina.si\/it\/wp-json\/wp\/v2\/pages\/382"}],"wp:attachment":[{"href":"https:\/\/md-medicina.si\/it\/wp-json\/wp\/v2\/media?parent=1098"}],"curies":[{"name":"wp","href":"https:\/\/api.w.org\/{rel}","templated":true}]}}