{"id":619,"date":"2025-04-29T17:26:35","date_gmt":"2025-04-29T17:26:35","guid":{"rendered":"https:\/\/md-medicina.si\/?page_id=619"},"modified":"2026-03-23T16:42:36","modified_gmt":"2026-03-23T16:42:36","slug":"elektromiografija","status":"publish","type":"page","link":"https:\/\/md-medicina.si\/de\/ambulantne-dejavnosti\/specialisticne-ambulante\/nevroloska-ambulanta\/elektromiografija\/","title":{"rendered":"Elektromyographie (EMG)"},"content":{"rendered":"<section class=\"bde-section-619-100 bde-section\">\n              \n  \n  \n\t\n\n\n\n        <div class=\"section-shape-divider-wrapper section-shape-divider-wrapper--1\">\n          <span class=\"section-shape-divider\">\n                      <svg width=\"100%\" height=\"80%\" id=\"svg\" viewbox=\"0 0 1440 350\" xmlns=\"http:\/\/www.w3.org\/2000\/svg\" preserveaspectratio=\"none\" class=\"transition duration-300 ease-in-out delay-150\"><path d=\"M 0,600 L 0,225 C 185.59999999999997,169.8 371.19999999999993,114.6 542,146 C 712.8000000000001,177.4 868.8,295.4 1016,323 C 1163.2,350.6 1301.6,287.8 1440,225 L 1440,600 L 0,600 Z\" stroke=\"none\" stroke-width=\"0\" fill=\"white\" fill-opacity=\"1\" class=\"transition-all duration-300 ease-in-out delay-150 path-0\"><\/path><\/svg>\n                    <\/span>\n      <\/div>\n  <div class=\"section-container\"><div class=\"bde-columns-619-101 bde-columns\"><div class=\"bde-column-619-102 bde-column\">\n  \n  \n\t\n\n\n\n<div class=\"bde-button-619-103 bde-button\">\n    \n                        \n                        \n    \n    \n    \n    \n            \n                    \n            \n            \n\n    \n    \n    \n    \n    \n    <a class=\"breakdance-link button-atom button-atom--custom bde-button__button\" href=\"\/de\/ambulantne-dejavnosti\/specialisticne-ambulante\/nevroloska-ambulanta\/\" target=\"_self\" data-type=\"url\"  >\n\n    \n        <span class=\"button-atom__text\">Zur\u00fcck zur neurologischen Klinik<\/span>\n\n                            \n        \n                <\/a>\n\n    \n\n\n<\/div><img decoding=\"async\" class=\"bde-image2-619-104 bde-image2\" src=\"https:\/\/md-medicina.si\/wp-content\/uploads\/2025\/05\/EMG-Glavna-slika.webp\" loading=\"lazy\" srcset=\"https:\/\/md-medicina.si\/wp-content\/uploads\/2025\/05\/EMG-Glavna-slika.webp 1000w, https:\/\/md-medicina.si\/wp-content\/uploads\/2025\/05\/EMG-Glavna-slika-300x200.webp 300w, https:\/\/md-medicina.si\/wp-content\/uploads\/2025\/05\/EMG-Glavna-slika-768x512.webp 768w\" sizes=\"(max-width: 1000px) 100vw, 1000px\">\n<\/div><div class=\"bde-column-619-105 bde-column\">\n  \n  \n\t\n\n\n\n<h1 class=\"bde-heading-619-106 bde-heading\">\nElektromyographie (EMG)\n<\/h1><div class=\"bde-text-619-107 bde-text\">\nDie Elektromyographie (EMG) ist eine neurophysiologische Untersuchung zur Beurteilung der Funktion von Muskel- und Nervenfasern. Sie kann zur Beurteilung m\u00f6glicher Sch\u00e4den an den Nervenwurzeln in der N\u00e4he der Wirbels\u00e4ule, den sogenannten peripheren Nervenfasern in den Gliedma\u00dfen oder im Gesicht sowie an Muskelfasern eingesetzt werden. Die Untersuchung wird von einem Neurologen mit Spezialkenntnissen in der Elektromyographie durchgef\u00fchrt, gegebenenfalls in Zusammenarbeit mit einem neurophysiologischen Assistenten. \n<\/div><div class=\"bde-div-619-108 bde-div\">\n  \n  \n\t\n\n\n\n<div class=\"bde-text-619-109 bde-text\">\nWartezeiten\n<\/div><div class=\"bde-fancy-divider-619-114 bde-fancy-divider\">\n\n\n<div class=\"bde-fancy-divider__wrapper\">\n  <div class=\"bde-fancy-divider__separator\">\n  \t  <\/div>\n<\/div>\n\n<\/div><div class=\"bde-div-619-115 bde-div\">\n  \n  \n\t\n\n\n\n<div class=\"bde-icon-list-619-116 bde-icon-list\">\n<ul>\n  \n              \n    <li>\n              <div class='bde-icon-list__item-wrapper'>\n      \n      <span class='bde-icon-list__icon'>\n        <svg xmlns=\"http:\/\/www.w3.org\/2000\/svg\" width=\"40\" height=\"40\" viewbox=\"0 0 40 40\" fill=\"none\">\r\n<rect width=\"40\" height=\"40\" rx=\"8\" fill=\"#001F3F\"\/>\r\n<path d=\"M19.8267 13.8208L26.2997 19.9996L19.8267 26.1784\" stroke=\"white\" stroke-width=\"1.3125\" stroke-linecap=\"round\" stroke-linejoin=\"round\"\/>\r\n<path d=\"M26.2996 19.9995L13.6997 19.9995\" stroke=\"white\" stroke-width=\"1.3125\" stroke-linecap=\"round\" stroke-linejoin=\"round\"\/>\r\n<\/svg>\n      <\/span>\n      <span class='bde-icon-list__text' >\n      Selbstzahler\n      <\/span>\n              <\/div>\n      \n    <\/li>\n\n  <\/ul>\n\n<\/div><div class=\"bde-text-619-117 bde-text\">\n1-2 Wochen\n<\/div>\n<\/div>\n<\/div><div class=\"bde-div-619-118 bde-div\">\n  \n  \n\t\n\n\n\n<div class=\"bde-button-619-119 bde-button\">\n    \n                                    \n    \n    \n    \n    \n            \n                    \n            \n            \n\n    \n    \n    \n    \n    \n    <a class=\"breakdance-link button-atom button-atom--primary bde-button__button\" href=\"\/de\/narocanje\/\" target=\"_self\" data-type=\"url\"  >\n\n    \n        <span class=\"button-atom__text\">Untersuchungstermin buchen<\/span>\n\n        \n        \n                <\/a>\n\n    \n\n\n<\/div><div class=\"bde-button-619-120 bde-button\">\n    \n                        \n                        \n    \n    \n    \n    \n            \n                    \n            \n            \n\n    \n    \n    \n    \n    \n    <a class=\"breakdance-link button-atom button-atom--secondary bde-button__button\" href=\"\/de\/ambulantne-dejavnosti\/specialisticne-ambulante\/nevroloska-ambulanta\/elektromiografija\/#potek\" target=\"_self\" data-type=\"url\"  >\n\n    \n        <span class=\"button-atom__text\">Den Fortschritt der Untersuchung ansehen<\/span>\n\n        \n        \n                <\/a>\n\n    \n\n\n<\/div>\n<\/div>\n<\/div><\/div><h3 class=\"bde-heading-619-121 bde-heading\">\nZweck der Untersuchung\n<\/h3><div class=\"bde-columns-619-122 bde-columns\"><div class=\"bde-column-619-123 bde-column\">\n  \n  \n\t\n\n\n\n<div class=\"bde-text-619-124 bde-text\">\nBei einer elektrophysiologischen Untersuchung nutzen wir die elektrischen Potentiale, die an den H\u00fcllen von Nerven- und Muskelfasern w\u00e4hrend ihrer Aktivit\u00e4t entstehen und beurteilen so, ob ein Defekt vorliegt, welcher Art dieser ist (Sch\u00e4digung der Nervenfaser selbst oder Sch\u00e4digung der Nervenh\u00fcllen), wie schwerwiegend er ist und in den meisten F\u00e4llen auch, wie die Heilungschancen sind. \n<\/div>\n<\/div><div class=\"bde-column-619-125 bde-column\">\n  \n  \n\t\n\n\n\n<div class=\"bde-text-619-126 bde-text\">\nZu den Erkrankungen, bei denen die Untersuchung hilfreich ist, z\u00e4hlen Nervenwurzelsch\u00e4digungen durch Ver\u00e4nderungen an der Wirbels\u00e4ule, Nervensch\u00e4digungen und -kompressionen (z. B. Karpaltunnelsyndrom), Nervenerkrankungen (Polyneuropathie), Muskelerkrankungen (Myopathie), Motoneuronerkrankungen und weitere.  \n<\/div>\n<\/div><\/div><div class=\"bde-columns-619-220 bde-columns\"><div class=\"bde-column-619-221 bde-column\">\n  \n  \n\t\n\n\n\n<h3 class=\"bde-heading-619-225 bde-heading\">\nBeschreibung der Untersuchung\n<\/h3><div class=\"bde-text-619-222 bde-text\">\nZu Beginn f\u00fchrt der Arzt eine kurze klinische Untersuchung durch und entscheidet anhand der Befunde, welche Messungen notwendig sind. Die Auswahl wird dabei an die Befunde w\u00e4hrend der Untersuchung angepasst. Da die Behandlung individuell ist, variiert die Dauer der Untersuchungen; die meisten dauern 20\u201330 Minuten. W\u00e4hrend der Untersuchung sitzen oder liegen Sie auf dem Untersuchungstisch. Ringe st\u00f6ren die Untersuchung nicht. Wir bitten Sie, Uhr und Armb\u00e4nder abzulegen. F\u00fcr zuverl\u00e4ssigere Messungen ist es manchmal notwendig, Ihre H\u00e4nde vor der Untersuchung unter warmem Wasser anzuw\u00e4rmen.  <br>\n<\/div>\n<\/div><div class=\"bde-column-619-223 bde-column\">\n  \n  \n\t\n\n\n\n<img decoding=\"async\" class=\"bde-image2-619-226 bde-image2\" src=\"https:\/\/md-medicina.si\/wp-content\/uploads\/2025\/05\/EMG-slika-2.webp\" loading=\"lazy\" srcset=\"https:\/\/md-medicina.si\/wp-content\/uploads\/2025\/05\/EMG-slika-2.webp 1000w, https:\/\/md-medicina.si\/wp-content\/uploads\/2025\/05\/EMG-slika-2-300x200.webp 300w, https:\/\/md-medicina.si\/wp-content\/uploads\/2025\/05\/EMG-slika-2-768x512.webp 768w\" sizes=\"(max-width: 1000px) 100vw, 1000px\">\n<\/div><\/div><div class=\"bde-columns-619-227 bde-columns\"><div class=\"bde-column-619-231 bde-column\">\n  \n  \n\t\n\n\n\n<img decoding=\"async\" class=\"bde-image2-619-232 bde-image2\" src=\"https:\/\/md-medicina.si\/wp-content\/uploads\/2025\/05\/EMG-Slika-3.webp\" loading=\"lazy\" srcset=\"https:\/\/md-medicina.si\/wp-content\/uploads\/2025\/05\/EMG-Slika-3.webp 1000w, https:\/\/md-medicina.si\/wp-content\/uploads\/2025\/05\/EMG-Slika-3-200x300.webp 200w, https:\/\/md-medicina.si\/wp-content\/uploads\/2025\/05\/EMG-Slika-3-684x1024.webp 684w, https:\/\/md-medicina.si\/wp-content\/uploads\/2025\/05\/EMG-Slika-3-768x1150.webp 768w\" sizes=\"(max-width: 1000px) 100vw, 1000px\">\n<\/div><div class=\"bde-column-619-228 bde-column\">\n  \n  \n\t\n\n\n\n<div class=\"bde-text-619-230 bde-text\">\nDie Untersuchung besteht aus zwei Teilen. Bei Oberfl\u00e4chenelektrodenmessungen werden Elektroden auf die Haut geklebt und der Nerv mit mehreren aufeinanderfolgenden elektrischen Reizen stimuliert; dabei werden mehrere Nerven an mehreren Stellen untersucht. Sie sp\u00fcren elektrische Impulse, die zwar unangenehm sein k\u00f6nnen, aber ungef\u00e4hrlich sind. Da der Nerv die Muskeln aktiviert, kommt es auch zu leichten Muskelzuckungen. Bei der Nadelelektromyographie (EMG im engeren Sinne) wird eine Nadelelektrode in einen entspannten Muskel eingef\u00fchrt und die Muskelaktivit\u00e4t im Ruhezustand \u00fcberwacht, anschlie\u00dfend wird der Muskel nach Anweisung des Arztes angespannt und die Potenziale der Muskelfasern w\u00e4hrend der Aktivit\u00e4t gemessen. Die Auswahl der Muskeln folgt dem Innervationsmuster der ausgew\u00e4hlten Nerven bzw. Nervenwurzeln, daher wird die Nadel nicht immer dort eingef\u00fchrt, wo Sie die st\u00e4rksten Beschwerden versp\u00fcren. Eine Nadeluntersuchung ist nicht bei allen Personen notwendig.  \n<\/div>\n<\/div><\/div><\/div>\n<\/section><section id=\"potek\" class=\"bde-section-619-127 bde-section\">\n  \n  \n\t\n\n\n\n<div class=\"section-container\"><h2 class=\"bde-heading-619-128 bde-heading\">\nVerlauf der Untersuchung\n<\/h2><div class=\"bde-text-619-129 bde-text\">\nElektromyographie (EMG)\n<\/div><div class=\"bde-grid-619-130 bde-grid\">\n  \n  \n\t\n\n\n\n<div class=\"bde-div-619-131 bde-div\">\n  \n  \n\t\n\n\n\n<div class=\"bde-icon-619-132 bde-icon\">\n\n    \n            <div class=\"bde-icon-icon breakdance-icon-atom\" >\n    \n                    <svg xmlns=\"http:\/\/www.w3.org\/2000\/svg\" width=\"25\" height=\"24\" viewbox=\"0 0 25 24\" fill=\"none\">\r\n<path d=\"M12.0898 22C17.6127 22 22.0898 17.5228 22.0898 12C22.0898 6.47715 17.6127 2 12.0898 2C6.567 2 2.08984 6.47715 2.08984 12C2.08984 17.5228 6.567 22 12.0898 22Z\" stroke=\"#007CB6\" stroke-width=\"2\" stroke-linecap=\"round\" stroke-linejoin=\"round\"\/>\r\n<path d=\"M9.08984 12L11.0898 14L15.0898 10\" stroke=\"#007CB6\" stroke-width=\"2\" stroke-linecap=\"round\" stroke-linejoin=\"round\"\/>\r\n<\/svg>\n        \n        \n        \n            <\/div>\n    \n\n\n<\/div><div class=\"bde-text-619-133 bde-text\">\nVorbereitung auf die Untersuchung\n<\/div><div class=\"bde-rich-text-619-134 bde-rich-text breakdance-rich-text-styles\">\n<p><span class=\"TextRun SCXW146536102 BCX0\" lang=\"SL-SI\" xml:lang=\"SL-SI\" data-contrast=\"auto\"><span class=\"NormalTextRun SCXW146536102 BCX0\">Es sind keine besonderen Vorbereitungen erforderlich. <\/span><span class=\"NormalTextRun SCXW146536102 BCX0\">Wir bitten Sie lediglich, am Untersuchungstag die Haut an Ihren Extremit\u00e4ten nicht einzucremen, da dies<\/span> <span class=\"NormalTextRun SCXW146536102 BCX0\">f\u00fchrt zu einem schlechteren Kontakt zwischen den Elektroden und der Haut. <\/span><span class=\"NormalTextRun SCXW146536102 BCX0\">Arzt<\/span><span class=\"NormalTextRun SCXW146536102 BCX0\">A<\/span><span class=\"NormalTextRun SCXW146536102 BCX0\"> vor <\/span><span class=\"NormalTextRun SCXW146536102 BCX0\">Anfang <\/span><span class=\"NormalTextRun SCXW146536102 BCX0\">Untersuchungen <\/span><span class=\"NormalTextRun SCXW146536102 BCX0\">warnen, <\/span><span class=\"NormalTextRun SCXW146536102 BCX0\">wenn Sie blutverd\u00fcnnende Medikamente einnehmen, eine Herzklappe implantiert bekommen <\/span><span class=\"NormalTextRun SpellingErrorV2Themed SCXW146536102 BCX0\">Anstifter<\/span><span class=\"NormalTextRun SCXW146536102 BCX0\"> Ali-Medikament<\/span><span class=\"NormalTextRun SCXW146536102 BCX0\">Die<\/span><span class=\"NormalTextRun SCXW146536102 BCX0\"> medizinisches elektronisches Ger\u00e4t und wenn Sie schon einmal einen Kollaps\/eine Synkope hatten.\u00a0<\/span><\/span><span class=\"EOP SCXW146536102 BCX0\" data-ccp-props=\"{&quot;335551550&quot;:6,&quot;335551620&quot;:6}\">\u00a0<\/span><\/p>\n<\/div>\n<\/div><div class=\"bde-div-619-235 bde-div\">\n  \n  \n\t\n\n\n\n<div class=\"bde-icon-619-236 bde-icon\">\n\n    \n            <div class=\"bde-icon-icon breakdance-icon-atom\" >\n    \n                    <svg xmlns=\"http:\/\/www.w3.org\/2000\/svg\" width=\"25\" height=\"24\" viewbox=\"0 0 25 24\" fill=\"none\">\r\n<path d=\"M12.0898 22C17.6127 22 22.0898 17.5228 22.0898 12C22.0898 6.47715 17.6127 2 12.0898 2C6.567 2 2.08984 6.47715 2.08984 12C2.08984 17.5228 6.567 22 12.0898 22Z\" stroke=\"#007CB6\" stroke-width=\"2\" stroke-linecap=\"round\" stroke-linejoin=\"round\"\/>\r\n<path d=\"M9.08984 12L11.0898 14L15.0898 10\" stroke=\"#007CB6\" stroke-width=\"2\" stroke-linecap=\"round\" stroke-linejoin=\"round\"\/>\r\n<\/svg>\n        \n        \n        \n            <\/div>\n    \n\n\n<\/div><div class=\"bde-text-619-237 bde-text\">\nUntersuchungsrisiko\n<\/div><div class=\"bde-rich-text-619-238 bde-rich-text breakdance-rich-text-styles\">\n<p><span class=\"TextRun SCXW189874861 BCX0\" lang=\"SL-SI\" xml:lang=\"SL-SI\" data-contrast=\"auto\"><span class=\"NormalTextRun SCXW189874861 BCX0\">Der Test ist aufgrund der elektrischen Stimulation und der Nadel f\u00fcr die meisten Menschen etwas unangenehm. Es besteht ein \u00e4u\u00dferst geringes Risiko f\u00fcr Blutungen, Infektionen oder Nervensch\u00e4den an der Einstichstelle. Der Nadeltest verursacht selten \u00dcbelkeit oder einen Blutdruckabfall (Synkope), \u00e4hnlich wie bei einer Blutuntersuchung. Sollte dies dennoch auftreten, wird Ihr Arzt Ihnen helfen, die Beschwerden zu minimieren.<\/span> <span class=\"NormalTextRun SCXW189874861 BCX0\">vergeht schneller. An der Injektionsstelle kann sich ein Bluterguss bilden. <\/span><span class=\"NormalTextRun SCXW189874861 BCX0\">klein<\/span><span class=\"NormalTextRun SCXW189874861 BCX0\"> Untersegel<\/span><span class=\"NormalTextRun SCXW189874861 BCX0\">. <\/span><span class=\"NormalTextRun SCXW189874861 BCX0\">Bei der Untersuchung der Brustmuskulatur k\u00f6nnen Sch\u00e4den am Pectoralis major und <\/span><span class=\"NormalTextRun SpellingErrorV2Themed SCXW189874861 BCX0\">Pneumothorax<\/span><span class=\"NormalTextRun SCXW189874861 BCX0\">Eine solche Untersuchung ist selten notwendig.<\/span><span class=\"NormalTextRun SCXW189874861 BCX0\"> In<\/span><span class=\"NormalTextRun SCXW189874861 BCX0\"> Gegebenenfalls besprechen Sie dies vor dem Eingriff mit Ihrem Arzt.<\/span><\/span><span class=\"EOP SCXW189874861 BCX0\" data-ccp-props=\"{&quot;335551550&quot;:6,&quot;335551620&quot;:6}\">\u00a0<\/span><\/p>\n<\/div>\n<\/div><div class=\"bde-div-619-139 bde-div\">\n  \n  \n\t\n\n\n\n<div class=\"bde-icon-619-140 bde-icon\">\n\n    \n            <div class=\"bde-icon-icon breakdance-icon-atom\" >\n    \n                    <svg xmlns=\"http:\/\/www.w3.org\/2000\/svg\" width=\"25\" height=\"24\" viewbox=\"0 0 25 24\" fill=\"none\">\r\n<path d=\"M12.0898 22C17.6127 22 22.0898 17.5228 22.0898 12C22.0898 6.47715 17.6127 2 12.0898 2C6.567 2 2.08984 6.47715 2.08984 12C2.08984 17.5228 6.567 22 12.0898 22Z\" stroke=\"#007CB6\" stroke-width=\"2\" stroke-linecap=\"round\" stroke-linejoin=\"round\"\/>\r\n<path d=\"M9.08984 12L11.0898 14L15.0898 10\" stroke=\"#007CB6\" stroke-width=\"2\" stroke-linecap=\"round\" stroke-linejoin=\"round\"\/>\r\n<\/svg>\n        \n        \n        \n            <\/div>\n    \n\n\n<\/div><div class=\"bde-text-619-141 bde-text\">\nNach der Untersuchung\n<\/div><div class=\"bde-rich-text-619-142 bde-rich-text breakdance-rich-text-styles\">\n<p><span data-contrast=\"auto\">Nach der Untersuchung gibt es keine Einschr\u00e4nkungen, Sie k\u00f6nnen wie gewohnt aktiv sein. Nur wenn bei Ihnen eine Brustmuskeluntersuchung durchgef\u00fchrt wurde, empfehlen wir Ihnen eine kurze Beobachtung. Die Pflaster von der Einstichstelle der Nadelelektrode k\u00f6nnen Sie nach wenigen Minuten entfernen. Sollten starke Schmerzen anhalten oder die Haut an der Einstichstelle ger\u00f6tet sein, wenden Sie sich bitte an unsere Klinik oder Ihren Hausarzt.\u00a0<\/span><span data-ccp-props=\"{&quot;335551550&quot;:6,&quot;335551620&quot;:6}\">\u00a0<\/span><\/p><p><span data-contrast=\"auto\">Nach der Messung erl\u00e4utert Ihnen Ihr Arzt die Ergebnisse umgehend. Anschlie\u00dfend erhalten Sie einen schriftlichen Untersuchungsbericht und die Messergebnisse. Bewahren Sie diese bitte auf, da diese sp\u00e4ter f\u00fcr andere \u00c4rzte wichtige Informationen sein k\u00f6nnen.<\/span><span data-ccp-props=\"{&quot;335551550&quot;:6,&quot;335551620&quot;:6}\">\u00a0<\/span><\/p>\n<\/div>\n<\/div>\n<\/div><div class=\"bde-globalblock-619-234 bde-globalblock\"><div class=\"bde-div-1663-100-1663-1 bde-div bde-div-1663-100\">\n  \n  \n\t\n\n\n\n<h2 class=\"bde-heading-1663-101-1663-1 bde-heading bde-heading-1663-101\">\nAbonnieren Sie den Bericht\n<\/h2>\n<\/div><\/div><\/div>\n<\/section><section class=\"bde-section-619-161 bde-section\">\n  \n  \n\t\n\n\n\n<div class=\"section-container\"><div class=\"bde-grid-619-162 bde-grid\">\n  \n  \n\t\n\n\n\n<div class=\"bde-div-619-163 bde-div\">\n  \n  \n\t\n\n\n\n<img decoding=\"async\" class=\"bde-image2-619-164 bde-image2\" src=\"https:\/\/md-medicina.si\/wp-content\/uploads\/2025\/04\/telefon.svg\" loading=\"lazy\" sizes=\"(max-width: 32px) 100vw, 32px\"><div class=\"bde-text-619-165 bde-text\">\nTelefonische Bestellung\n<\/div><div class=\"bde-text-619-166 bde-text\">\nTelefonische Bestellungen sind von Montag bis Freitag zwischen 8 und 18 Uhr m\u00f6glich.\n<\/div><div class=\"bde-button-619-167 bde-button\">\n    \n                        \n                        \n    \n    \n    \n    \n            \n                    \n            \n            \n\n    \n    \n    \n    \n    \n    <a class=\"breakdance-link button-atom button-atom--custom bde-button__button\" href=\"tel:+38631214444\" target=\"_self\" data-type=\"contact\"  >\n\n    \n        <span class=\"button-atom__text\">Telefon: 031 214 444<\/span>\n\n        \n        \n                <\/a>\n\n    \n\n\n<\/div>\n<\/div><div class=\"bde-div-619-168 bde-div\">\n  \n  \n\t\n\n\n\n<img decoding=\"async\" class=\"bde-image2-619-169 bde-image2\" src=\"https:\/\/md-medicina.si\/wp-content\/uploads\/2025\/04\/sdf.svg\" loading=\"lazy\" sizes=\"(max-width: 32px) 100vw, 32px\"><div class=\"bde-text-619-170 bde-text\">\nPreislisten\n<\/div><div class=\"bde-text-619-171 bde-text\">\nKlicken Sie auf die Schaltfl\u00e4che unten, um weitere Informationen zu den Preisen unserer Dienstleistungen zu erhalten.\n<\/div><div class=\"bde-button-619-172 bde-button\">\n    \n                        \n                        \n    \n    \n    \n    \n            \n                    \n            \n            \n\n    \n    \n    \n    \n    \n    <a class=\"breakdance-link button-atom button-atom--custom bde-button__button\" href=\"\/de\/narocanje\/ceniki\/\" target=\"_self\" data-type=\"url\"  >\n\n    \n        <span class=\"button-atom__text\">Preislisten<\/span>\n\n        \n        \n                <\/a>\n\n    \n\n\n<\/div>\n<\/div><div class=\"bde-div-619-173 bde-div\">\n  \n  \n\t\n\n\n\n<img decoding=\"async\" class=\"bde-image2-619-174 bde-image2\" src=\"https:\/\/md-medicina.si\/wp-content\/uploads\/2025\/04\/Frame.svg\" loading=\"lazy\" sizes=\"(max-width: 32px) 100vw, 32px\"><div class=\"bde-text-619-175 bde-text\">\nZeitpl\u00e4ne\n<\/div><div class=\"bde-text-619-176 bde-text\">\nKlicken Sie auf die Schaltfl\u00e4che unten, um die Terminpl\u00e4ne aller verf\u00fcgbaren \u00c4rzte anzuzeigen.\n<\/div><div class=\"bde-button-619-177 bde-button\">\n    \n                        \n                        \n    \n    \n    \n    \n            \n                    \n            \n            \n\n    \n    \n    \n    \n    \n    <a class=\"breakdance-link button-atom button-atom--custom bde-button__button\" href=\"\/de\/narocanje\/urniki-narocanja\/\" target=\"_self\" data-type=\"url\"  >\n\n    \n        <span class=\"button-atom__text\">Zeitpl\u00e4ne<\/span>\n\n        \n        \n                <\/a>\n\n    \n\n\n<\/div>\n<\/div>\n<\/div><\/div>\n<\/section><section class=\"bde-section-619-178 bde-section\">\n  \n  \n\t\n\n\n\n        <div class=\"section-shape-divider-wrapper section-shape-divider-wrapper--1\">\n          <span class=\"section-shape-divider\">\n                      <svg width=\"100%\" height=\"100%\" id=\"svg\" viewbox=\"0 0 1440 350\" xmlns=\"http:\/\/www.w3.org\/2000\/svg\" preserveaspectratio=\"none\" class=\"transition duration-300 ease-in-out delay-150\"><path d=\"M 0,600 L 0,225 C 185.59999999999997,169.8 371.19999999999993,114.6 542,146 C 712.8000000000001,177.4 868.8,295.4 1016,323 C 1163.2,350.6 1301.6,287.8 1440,225 L 1440,600 L 0,600 Z\" stroke=\"none\" stroke-width=\"0\" fill=\"#c1e0ef\" fill-opacity=\"1\" class=\"transition-all duration-300 ease-in-out delay-150 path-0\"><\/path><\/svg>\n                    <\/span>\n      <\/div>\n  <div class=\"section-container\"><h2 class=\"bde-heading-619-179 bde-heading\">\nProfessionelles Personal\n<\/h2><div class=\"bde-text-619-180 bde-text\">\nNeurologische Ambulanz\n<\/div><div class=\"bde-post-loop-619-181 bde-post-loop\"><div class=\"bde-loop bde-loop-grid ee-posts ee-posts-grid\">    <article class=\"bde-loop-item ee-post\">\n        <a class=\"bde-container-link-278-100-2867-278-1 bde-container-link bde-container-link-278-100 breakdance-link\" href=\"https:\/\/md-medicina.si\/de\/zdravnik\/goran-mitrovic-dr-med\/\" target=\"_self\" data-type=\"url\">\n  \n  \n\t\n\n\n\n<img decoding=\"async\" class=\"bde-image2-278-101-2867-278-1 bde-image2 bde-image2-278-101\" src=\"https:\/\/md-medicina.si\/wp-content\/uploads\/2025\/10\/Goran-Mitrovic-dr.-med.webp\" loading=\"lazy\" srcset=\"https:\/\/md-medicina.si\/wp-content\/uploads\/2025\/10\/Goran-Mitrovic-dr.-med.webp 800w, https:\/\/md-medicina.si\/wp-content\/uploads\/2025\/10\/Goran-Mitrovic-dr.-med-240x300.webp 240w, https:\/\/md-medicina.si\/wp-content\/uploads\/2025\/10\/Goran-Mitrovic-dr.-med-768x960.webp 768w, https:\/\/md-medicina.si\/wp-content\/uploads\/2025\/10\/Goran-Mitrovic-dr.-med-10x12.webp 10w\" sizes=\"(max-width: 800px) 100vw, 800px\"><div class=\"bde-text-278-102-2867-278-1 bde-text bde-text-278-102\">\nGoran Mitrovi\u0107, dr. med.\n<\/div><div class=\"bde-text-278-103-2867-278-1 bde-text bde-text-278-103\">\nspecialist dru\u017einske medicine\n<\/div><div class=\"bde-text-278-104-2867-278-1 bde-text bde-text-278-104\">\nPosebno se posve\u010da podro\u010djem antikoagulantnega zdravljenja, arterijske hipertenzije ter medicinskemu izvedenstvu in zavarovalni\u0161ki medicini.\n<\/div>\n\n<\/a>    <\/article>\n    <article class=\"bde-loop-item ee-post\">\n        <a class=\"bde-container-link-278-100-272-278-1 bde-container-link bde-container-link-278-100 breakdance-link\" href=\"https:\/\/md-medicina.si\/de\/zdravnik\/dr-bogdan-ambrozic-dr-med\/\" target=\"_self\" data-type=\"url\">\n  \n  \n\t\n\n\n\n<img decoding=\"async\" class=\"bde-image2-278-101-272-278-1 bde-image2 bde-image2-278-101\" src=\"https:\/\/md-medicina.si\/wp-content\/uploads\/2025\/04\/dr.-Bogdan-Ambrozic-dr.-med.webp\" loading=\"lazy\" srcset=\"https:\/\/md-medicina.si\/wp-content\/uploads\/2025\/04\/dr.-Bogdan-Ambrozic-dr.-med.webp 800w, https:\/\/md-medicina.si\/wp-content\/uploads\/2025\/04\/dr.-Bogdan-Ambrozic-dr.-med-240x300.webp 240w, https:\/\/md-medicina.si\/wp-content\/uploads\/2025\/04\/dr.-Bogdan-Ambrozic-dr.-med-768x960.webp 768w\" sizes=\"(max-width: 800px) 100vw, 800px\"><div class=\"bde-text-278-102-272-278-1 bde-text bde-text-278-102\">\ndr. Bogdan Ambro\u017ei\u010d, dr. med\n<\/div><div class=\"bde-text-278-103-272-278-1 bde-text bde-text-278-103\">\nFacharzt f\u00fcr orthop\u00e4dische Chirurgie\n<\/div><div class=\"bde-text-278-104-272-278-1 bde-text bde-text-278-104\">\nEr befasst sich mit der arthroskopischen und minimalinvasiven chirurgischen Behandlung von Verletzungen und Erkrankungen der Schulter-, Knie- und Sprunggelenke.\n<\/div>\n\n<\/a>    <\/article>\n    <article class=\"bde-loop-item ee-post\">\n        <a class=\"bde-container-link-278-100-746-278-1 bde-container-link bde-container-link-278-100 breakdance-link\" href=\"https:\/\/md-medicina.si\/de\/zdravnik\/dr-klemen-avsec-dr-med\/\" target=\"_self\" data-type=\"url\">\n  \n  \n\t\n\n\n\n<img decoding=\"async\" class=\"bde-image2-278-101-746-278-1 bde-image2 bde-image2-278-101\" src=\"https:\/\/md-medicina.si\/wp-content\/uploads\/2025\/05\/Klemen-Avsec.webp\" loading=\"lazy\" srcset=\"https:\/\/md-medicina.si\/wp-content\/uploads\/2025\/05\/Klemen-Avsec.webp 800w, https:\/\/md-medicina.si\/wp-content\/uploads\/2025\/05\/Klemen-Avsec-240x300.webp 240w, https:\/\/md-medicina.si\/wp-content\/uploads\/2025\/05\/Klemen-Avsec-768x960.webp 768w\" sizes=\"(max-width: 800px) 100vw, 800px\"><div class=\"bde-text-278-102-746-278-1 bde-text bde-text-278-102\">\nDr. Klemen Avsec, Dr. med\n<\/div><div class=\"bde-text-278-103-746-278-1 bde-text bde-text-278-103\">\nFacharzt f\u00fcr orthop\u00e4dische Chirurgie\n<\/div><div class=\"bde-text-278-104-746-278-1 bde-text bde-text-278-104\">\nEr befasst sich vorwiegend mit beginnenden und fortgeschrittenen Verschlei\u00dferscheinungen der Knie- und H\u00fcftgelenke und deren operativer Behandlung.\n<\/div>\n\n<\/a>    <\/article>\n    <article class=\"bde-loop-item ee-post\">\n        <a class=\"bde-container-link-278-100-721-278-1 bde-container-link bde-container-link-278-100 breakdance-link\" href=\"https:\/\/md-medicina.si\/de\/zdravnik\/dr-klemen-bosnjak-dr-med\/\" target=\"_self\" data-type=\"url\">\n  \n  \n\t\n\n\n\n<img decoding=\"async\" class=\"bde-image2-278-101-721-278-1 bde-image2 bde-image2-278-101\" src=\"https:\/\/md-medicina.si\/wp-content\/uploads\/2025\/05\/dr.-Klemen-Bosnjak-dr.-med.webp\" loading=\"lazy\" srcset=\"https:\/\/md-medicina.si\/wp-content\/uploads\/2025\/05\/dr.-Klemen-Bosnjak-dr.-med.webp 800w, https:\/\/md-medicina.si\/wp-content\/uploads\/2025\/05\/dr.-Klemen-Bosnjak-dr.-med-240x300.webp 240w, https:\/\/md-medicina.si\/wp-content\/uploads\/2025\/05\/dr.-Klemen-Bosnjak-dr.-med-768x960.webp 768w\" sizes=\"(max-width: 800px) 100vw, 800px\"><div class=\"bde-text-278-102-721-278-1 bde-text bde-text-278-102\">\ndr. Klemen Bo\u0161njak, MD\n<\/div><div class=\"bde-text-278-103-721-278-1 bde-text bde-text-278-103\">\nFacharzt f\u00fcr orthop\u00e4dische Chirurgie\n<\/div><div class=\"bde-text-278-104-721-278-1 bde-text bde-text-278-104\">\nIn seiner Arbeit besch\u00e4ftigt er sich haupts\u00e4chlich mit Erkrankungen der Wirbels\u00e4ule.\n<\/div>\n\n<\/a>    <\/article>\n    <article class=\"bde-loop-item ee-post\">\n        <a class=\"bde-container-link-278-100-725-278-1 bde-container-link bde-container-link-278-100 breakdance-link\" href=\"https:\/\/md-medicina.si\/de\/zdravnik\/asist-dr-urban-brulc-dr-med\/\" target=\"_self\" data-type=\"url\">\n  \n  \n\t\n\n\n\n<img decoding=\"async\" class=\"bde-image2-278-101-725-278-1 bde-image2 bde-image2-278-101\" src=\"https:\/\/md-medicina.si\/wp-content\/uploads\/2025\/05\/asist.-dr.-Urban-Brulc-dr.-med.-specialist-ortopedske-kirurgije.webp\" loading=\"lazy\" srcset=\"https:\/\/md-medicina.si\/wp-content\/uploads\/2025\/05\/asist.-dr.-Urban-Brulc-dr.-med.-specialist-ortopedske-kirurgije.webp 800w, https:\/\/md-medicina.si\/wp-content\/uploads\/2025\/05\/asist.-dr.-Urban-Brulc-dr.-med.-specialist-ortopedske-kirurgije-240x300.webp 240w, https:\/\/md-medicina.si\/wp-content\/uploads\/2025\/05\/asist.-dr.-Urban-Brulc-dr.-med.-specialist-ortopedske-kirurgije-768x960.webp 768w\" sizes=\"(max-width: 800px) 100vw, 800px\"><div class=\"bde-text-278-102-725-278-1 bde-text bde-text-278-102\">\nAsiss. Dr. Urban Brulc, dr. med\n<\/div><div class=\"bde-text-278-103-725-278-1 bde-text bde-text-278-103\">\nFacharzt f\u00fcr orthop\u00e4dische Chirurgie\n<\/div><div class=\"bde-text-278-104-725-278-1 bde-text bde-text-278-104\">\nEr befasst sich haupts\u00e4chlich mit Problemen der Wirbels\u00e4ule und der Gelenke.\n<\/div>\n\n<\/a>    <\/article>\n    <article class=\"bde-loop-item ee-post\">\n        <a class=\"bde-container-link-278-100-752-278-1 bde-container-link bde-container-link-278-100 breakdance-link\" href=\"https:\/\/md-medicina.si\/de\/zdravnik\/ljubka-dimitrovska-dr-med\/\" target=\"_self\" data-type=\"url\">\n  \n  \n\t\n\n\n\n<img decoding=\"async\" class=\"bde-image2-278-101-752-278-1 bde-image2 bde-image2-278-101\" src=\"https:\/\/md-medicina.si\/wp-content\/uploads\/2025\/05\/Ljupka-Dimitrovska-dr.med_.webp\" loading=\"lazy\" srcset=\"https:\/\/md-medicina.si\/wp-content\/uploads\/2025\/05\/Ljupka-Dimitrovska-dr.med_.webp 800w, https:\/\/md-medicina.si\/wp-content\/uploads\/2025\/05\/Ljupka-Dimitrovska-dr.med_-240x300.webp 240w, https:\/\/md-medicina.si\/wp-content\/uploads\/2025\/05\/Ljupka-Dimitrovska-dr.med_-768x960.webp 768w\" sizes=\"(max-width: 800px) 100vw, 800px\"><div class=\"bde-text-278-102-752-278-1 bde-text bde-text-278-102\">\nLjupka Dimitrovska, MD.\n<\/div><div class=\"bde-text-278-103-752-278-1 bde-text bde-text-278-103\">\nFacharzt f\u00fcr Kardiologie und Gef\u00e4\u00dfmedizin\n<\/div><div class=\"bde-text-278-104-752-278-1 bde-text bde-text-278-104\">\nSpezialisiert auf nicht-invasive Herzbildgebung mit internationalen Zertifizierungen. Klinisch und forschungsorientiertes Spezialgebiet mit Schwerpunkt auf der Behandlung struktureller Herzerkrankungen, insbesondere Herzklappenerkrankungen.\n<\/div>\n\n<\/a>    <\/article>\n    <article class=\"bde-loop-item ee-post\">\n        <a class=\"bde-container-link-278-100-739-278-1 bde-container-link bde-container-link-278-100 breakdance-link\" href=\"https:\/\/md-medicina.si\/de\/zdravnik\/prof-dr-drago-dolinar-dr-med\/\" target=\"_self\" data-type=\"url\">\n  \n  \n\t\n\n\n\n<img decoding=\"async\" class=\"bde-image2-278-101-739-278-1 bde-image2 bde-image2-278-101\" src=\"https:\/\/md-medicina.si\/wp-content\/uploads\/2025\/05\/prof.-dr.-Drago-Dolinar-dr.-med.webp\" loading=\"lazy\" srcset=\"https:\/\/md-medicina.si\/wp-content\/uploads\/2025\/05\/prof.-dr.-Drago-Dolinar-dr.-med.webp 800w, https:\/\/md-medicina.si\/wp-content\/uploads\/2025\/05\/prof.-dr.-Drago-Dolinar-dr.-med-240x300.webp 240w, https:\/\/md-medicina.si\/wp-content\/uploads\/2025\/05\/prof.-dr.-Drago-Dolinar-dr.-med-768x960.webp 768w\" sizes=\"(max-width: 800px) 100vw, 800px\"><div class=\"bde-text-278-102-739-278-1 bde-text bde-text-278-102\">\nProf. Dr. Drago Dolinar, MD\n<\/div><div class=\"bde-text-278-103-739-278-1 bde-text bde-text-278-103\">\nFacharzt f\u00fcr orthop\u00e4dische Chirurgie\n<\/div><div class=\"bde-text-278-104-739-278-1 bde-text bde-text-278-104\">\nEr ist spezialisiert auf die Durchf\u00fchrung minimalinvasiver Operationsmethoden im Bereich der orthop\u00e4dischen Chirurgie.\n<\/div>\n\n<\/a>    <\/article>\n    <article class=\"bde-loop-item ee-post\">\n        <a class=\"bde-container-link-278-100-747-278-1 bde-container-link bde-container-link-278-100 breakdance-link\" href=\"https:\/\/md-medicina.si\/de\/zdravnik\/cvetka-dragos-jancar-dr-med\/\" target=\"_self\" data-type=\"url\">\n  \n  \n\t\n\n\n\n<img decoding=\"async\" class=\"bde-image2-278-101-747-278-1 bde-image2 bde-image2-278-101\" src=\"https:\/\/md-medicina.si\/wp-content\/uploads\/2025\/05\/cvetka-dragos-jancar-dr-med2.webp\" loading=\"lazy\" srcset=\"https:\/\/md-medicina.si\/wp-content\/uploads\/2025\/05\/cvetka-dragos-jancar-dr-med2.webp 800w, https:\/\/md-medicina.si\/wp-content\/uploads\/2025\/05\/cvetka-dragos-jancar-dr-med2-240x300.webp 240w, https:\/\/md-medicina.si\/wp-content\/uploads\/2025\/05\/cvetka-dragos-jancar-dr-med2-768x960.webp 768w, https:\/\/md-medicina.si\/wp-content\/uploads\/2025\/05\/cvetka-dragos-jancar-dr-med2-10x12.webp 10w\" sizes=\"(max-width: 800px) 100vw, 800px\"><div class=\"bde-text-278-102-747-278-1 bde-text bde-text-278-102\">\nCvetka Drago\u0161 Jan\u010dar, MD.\n<\/div><div class=\"bde-text-278-103-747-278-1 bde-text bde-text-278-103\">\nKinderarzt\n<\/div><div class=\"bde-text-278-104-747-278-1 bde-text bde-text-278-104\">\nSeit vielen Jahren konzentriert sie ihre T\u00e4tigkeit auf die Pr\u00e4vention bei Kindern und Erwachsenen. Mit dem Buch \u201eGesunde Manager \u2013 Erfolgreiches Management\u201c hat sie ma\u00dfgeblich zur Anerkennung pr\u00e4ventiver Managementuntersuchungen beigetragen.\n<\/div>\n\n<\/a>    <\/article>\n    <article class=\"bde-loop-item ee-post\">\n        <a class=\"bde-container-link-278-100-740-278-1 bde-container-link bde-container-link-278-100 breakdance-link\" href=\"https:\/\/md-medicina.si\/de\/zdravnik\/prof-dr-matej-drobnic-dr-med\/\" target=\"_self\" data-type=\"url\">\n  \n  \n\t\n\n\n\n<img decoding=\"async\" class=\"bde-image2-278-101-740-278-1 bde-image2 bde-image2-278-101\" src=\"https:\/\/md-medicina.si\/wp-content\/uploads\/2025\/05\/Matej-Drobnic-dr.-med.webp\" loading=\"lazy\" srcset=\"https:\/\/md-medicina.si\/wp-content\/uploads\/2025\/05\/Matej-Drobnic-dr.-med.webp 800w, https:\/\/md-medicina.si\/wp-content\/uploads\/2025\/05\/Matej-Drobnic-dr.-med-240x300.webp 240w, https:\/\/md-medicina.si\/wp-content\/uploads\/2025\/05\/Matej-Drobnic-dr.-med-768x960.webp 768w\" sizes=\"(max-width: 800px) 100vw, 800px\"><div class=\"bde-text-278-102-740-278-1 bde-text bde-text-278-102\">\nProf. Dr. Matej Drobni\u010d, MD\n<\/div><div class=\"bde-text-278-103-740-278-1 bde-text bde-text-278-103\">\nFacharzt f\u00fcr orthop\u00e4dische Chirurgie\n<\/div><div class=\"bde-text-278-104-740-278-1 bde-text bde-text-278-104\">\nEr befasst sich vorwiegend mit Sportverletzungen des Knies, Patellapathologien, Verletzungen und Erkrankungen des oberen und unteren Sprunggelenks sowie des Fu\u00dfes.\n<\/div>\n\n<\/a>    <\/article>\n    <article class=\"bde-loop-item ee-post\">\n        <a class=\"bde-container-link-278-100-760-278-1 bde-container-link bde-container-link-278-100 breakdance-link\" href=\"https:\/\/md-medicina.si\/de\/zdravnik\/dejan-galic-dr-med\/\" target=\"_self\" data-type=\"url\">\n  \n  \n\t\n\n\n\n<img decoding=\"async\" class=\"bde-image2-278-101-760-278-1 bde-image2 bde-image2-278-101\" src=\"https:\/\/md-medicina.si\/wp-content\/uploads\/2025\/05\/Dejan-Galic-dr.-med.webp\" loading=\"lazy\" srcset=\"https:\/\/md-medicina.si\/wp-content\/uploads\/2025\/05\/Dejan-Galic-dr.-med.webp 800w, https:\/\/md-medicina.si\/wp-content\/uploads\/2025\/05\/Dejan-Galic-dr.-med-240x300.webp 240w, https:\/\/md-medicina.si\/wp-content\/uploads\/2025\/05\/Dejan-Galic-dr.-med-768x960.webp 768w\" sizes=\"(max-width: 800px) 100vw, 800px\"><div class=\"bde-text-278-102-760-278-1 bde-text bde-text-278-102\">\nDejan Gali\u010d, MD, FEBU, FECSM\n<\/div><div class=\"bde-text-278-103-760-278-1 bde-text bde-text-278-103\">\nFacharzt f\u00fcr Urologie\n<\/div><div class=\"bde-text-278-104-760-278-1 bde-text bde-text-278-104\">\nEr besch\u00e4ftigt sich mit allgemeiner Urologie, insbesondere urologischer Onkologie und Prostataproblemen, sowie Sexualmedizin.\n<\/div>\n\n<\/a>    <\/article>\n    <article class=\"bde-loop-item ee-post\">\n        <a class=\"bde-container-link-278-100-731-278-1 bde-container-link bde-container-link-278-100 breakdance-link\" href=\"https:\/\/md-medicina.si\/de\/zdravnik\/doc-dr-simon-hawlina-dr-med-febu\/\" target=\"_self\" data-type=\"url\">\n  \n  \n\t\n\n\n\n<img decoding=\"async\" class=\"bde-image2-278-101-731-278-1 bde-image2 bde-image2-278-101\" src=\"https:\/\/md-medicina.si\/wp-content\/uploads\/2025\/05\/Doc.-dr.-Simon-Hawlina-dr.-med.-FEBU.webp\" loading=\"lazy\" srcset=\"https:\/\/md-medicina.si\/wp-content\/uploads\/2025\/05\/Doc.-dr.-Simon-Hawlina-dr.-med.-FEBU.webp 800w, https:\/\/md-medicina.si\/wp-content\/uploads\/2025\/05\/Doc.-dr.-Simon-Hawlina-dr.-med.-FEBU-240x300.webp 240w, https:\/\/md-medicina.si\/wp-content\/uploads\/2025\/05\/Doc.-dr.-Simon-Hawlina-dr.-med.-FEBU-768x960.webp 768w\" sizes=\"(max-width: 800px) 100vw, 800px\"><div class=\"bde-text-278-102-731-278-1 bde-text bde-text-278-102\">\nAssoc. Prof. Dr. Simon Hawlina, MD, FEBU\n<\/div><div class=\"bde-text-278-103-731-278-1 bde-text bde-text-278-103\">\nFacharzt f\u00fcr Urologie\n<\/div><div class=\"bde-text-278-104-731-278-1 bde-text bde-text-278-104\">\nEr f\u00fchrt ein breites Spektrum urologischer chirurgischer Eingriffe durch und konzentriert sich dabei auf minimalinvasive Techniken.\n<\/div>\n\n<\/a>    <\/article>\n    <article class=\"bde-loop-item ee-post\">\n        <a class=\"bde-container-link-278-100-3362-278-1 bde-container-link bde-container-link-278-100 breakdance-link\" href=\"https:\/\/md-medicina.si\/de\/zdravnik\/sebastian-jersinovic-dr-med-febu\/\" target=\"_self\" data-type=\"url\">\n  \n  \n\t\n\n\n\n<img decoding=\"async\" class=\"bde-image2-278-101-3362-278-1 bde-image2 bde-image2-278-101\" src=\"https:\/\/md-medicina.si\/wp-content\/uploads\/2026\/01\/Jersinovic-scaled.jpg\" loading=\"lazy\" srcset=\"https:\/\/md-medicina.si\/wp-content\/uploads\/2026\/01\/Jersinovic-scaled.jpg 1707w, https:\/\/md-medicina.si\/wp-content\/uploads\/2026\/01\/Jersinovic-200x300.jpg 200w, https:\/\/md-medicina.si\/wp-content\/uploads\/2026\/01\/Jersinovic-683x1024.jpg 683w, https:\/\/md-medicina.si\/wp-content\/uploads\/2026\/01\/Jersinovic-768x1152.jpg 768w, https:\/\/md-medicina.si\/wp-content\/uploads\/2026\/01\/Jersinovic-1024x1536.jpg 1024w, https:\/\/md-medicina.si\/wp-content\/uploads\/2026\/01\/Jersinovic-1365x2048.jpg 1365w, https:\/\/md-medicina.si\/wp-content\/uploads\/2026\/01\/Jersinovic-8x12.jpg 8w\" sizes=\"(max-width: 1707px) 100vw, 1707px\"><div class=\"bde-text-278-102-3362-278-1 bde-text bde-text-278-102\">\ndr. Sebastian Jer\u0161inovi\u010d, dr. med., FEBU\n<\/div><div class=\"bde-text-278-103-3362-278-1 bde-text bde-text-278-103\">\nFacharzt f\u00fcr Urologie\n<\/div><div class=\"bde-text-278-104-3362-278-1 bde-text bde-text-278-104\">\nSpecializiran je za minimalno invazivno lasersko endoskopsko urologijo, vklju\u010dno z lasersko enukleacijo prostate (ThuFLEP) in laserskim drobljenjem ledvi\u010dnih kamnov (URS).\n<\/div>\n\n<\/a>    <\/article>\n    <article class=\"bde-loop-item ee-post\">\n        <a class=\"bde-container-link-278-100-720-278-1 bde-container-link bde-container-link-278-100 breakdance-link\" href=\"https:\/\/md-medicina.si\/de\/zdravnik\/dr-mojca-kirbis-dr-med-specialistka-nevrologije\/\" target=\"_self\" data-type=\"url\">\n  \n  \n\t\n\n\n\n<img decoding=\"async\" class=\"bde-image2-278-101-720-278-1 bde-image2 bde-image2-278-101\" src=\"https:\/\/md-medicina.si\/wp-content\/uploads\/2025\/05\/dr.-Mojca-Kirbis-dr.-med.webp\" loading=\"lazy\" srcset=\"https:\/\/md-medicina.si\/wp-content\/uploads\/2025\/05\/dr.-Mojca-Kirbis-dr.-med.webp 800w, https:\/\/md-medicina.si\/wp-content\/uploads\/2025\/05\/dr.-Mojca-Kirbis-dr.-med-240x300.webp 240w, https:\/\/md-medicina.si\/wp-content\/uploads\/2025\/05\/dr.-Mojca-Kirbis-dr.-med-768x960.webp 768w\" sizes=\"(max-width: 800px) 100vw, 800px\"><div class=\"bde-text-278-102-720-278-1 bde-text bde-text-278-102\">\nDr. Mojca Kirbi\u0161, MD, FEBN\n<\/div><div class=\"bde-text-278-103-720-278-1 bde-text bde-text-278-103\">\nFacharzt f\u00fcr Neurologie\n<\/div><div class=\"bde-text-278-104-720-278-1 bde-text bde-text-278-104\">\nBesondere Schwerpunkte liegen auf Synkopen, Erkrankungen des autonomen Nervensystems, peripheren Nervenfasersch\u00e4den und der elektrophysiologischen Diagnostik.\n<\/div>\n\n<\/a>    <\/article>\n    <article class=\"bde-loop-item ee-post\">\n        <a class=\"bde-container-link-278-100-2325-278-1 bde-container-link bde-container-link-278-100 breakdance-link\" href=\"https:\/\/md-medicina.si\/de\/zdravnik\/doc-dr-simona-kirbis-dr-med\/\" target=\"_self\" data-type=\"url\">\n  \n  \n\t\n\n\n\n<img decoding=\"async\" class=\"bde-image2-278-101-2325-278-1 bde-image2 bde-image2-278-101\" src=\"https:\/\/md-medicina.si\/wp-content\/uploads\/2025\/07\/doc.dr_.-Simona-Kirbis-dr.med_.webp\" loading=\"lazy\" srcset=\"https:\/\/md-medicina.si\/wp-content\/uploads\/2025\/07\/doc.dr_.-Simona-Kirbis-dr.med_.webp 800w, https:\/\/md-medicina.si\/wp-content\/uploads\/2025\/07\/doc.dr_.-Simona-Kirbis-dr.med_-240x300.webp 240w, https:\/\/md-medicina.si\/wp-content\/uploads\/2025\/07\/doc.dr_.-Simona-Kirbis-dr.med_-768x960.webp 768w, https:\/\/md-medicina.si\/wp-content\/uploads\/2025\/07\/doc.dr_.-Simona-Kirbis-dr.med_-10x12.webp 10w\" sizes=\"(max-width: 800px) 100vw, 800px\"><div class=\"bde-text-278-102-2325-278-1 bde-text bde-text-278-102\">\ndoc.dr. Simona Kirbi\u0161, dr.med\n<\/div><div class=\"bde-text-278-103-2325-278-1 bde-text bde-text-278-103\">\nSpezialistin f\u00fcr Innere Medizin\n<\/div><div class=\"bde-text-278-104-2325-278-1 bde-text bde-text-278-104\">\nSie befasst sich mit der Diagnose, Behandlung und \u00dcberwachung von Herz-Kreislauf-Erkrankungen.\n<\/div>\n\n<\/a>    <\/article>\n    <article class=\"bde-loop-item ee-post\">\n        <a class=\"bde-container-link-278-100-729-278-1 bde-container-link bde-container-link-278-100 breakdance-link\" href=\"https:\/\/md-medicina.si\/de\/zdravnik\/prof-dr-andrej-kmetec-dr-med\/\" target=\"_self\" data-type=\"url\">\n  \n  \n\t\n\n\n\n<img decoding=\"async\" class=\"bde-image2-278-101-729-278-1 bde-image2 bde-image2-278-101\" src=\"https:\/\/md-medicina.si\/wp-content\/uploads\/2025\/05\/prof.-dr.-Andrej-Kmetec-dr.-med.webp\" loading=\"lazy\" srcset=\"https:\/\/md-medicina.si\/wp-content\/uploads\/2025\/05\/prof.-dr.-Andrej-Kmetec-dr.-med.webp 800w, https:\/\/md-medicina.si\/wp-content\/uploads\/2025\/05\/prof.-dr.-Andrej-Kmetec-dr.-med-240x300.webp 240w, https:\/\/md-medicina.si\/wp-content\/uploads\/2025\/05\/prof.-dr.-Andrej-Kmetec-dr.-med-768x960.webp 768w\" sizes=\"(max-width: 800px) 100vw, 800px\"><div class=\"bde-text-278-102-729-278-1 bde-text bde-text-278-102\">\nProf. Dr. Andrej Kmetec, MD\n<\/div><div class=\"bde-text-278-103-729-278-1 bde-text bde-text-278-103\">\nFacharzt f\u00fcr Urologie\n<\/div><div class=\"bde-text-278-104-729-278-1 bde-text bde-text-278-104\">\nEs befasst sich mit der umfassenden Behandlung von Harnwegsbeschwerden.\n<\/div>\n\n<\/a>    <\/article>\n    <article class=\"bde-loop-item ee-post\">\n        <a class=\"bde-container-link-278-100-2182-278-1 bde-container-link bde-container-link-278-100 breakdance-link\" href=\"https:\/\/md-medicina.si\/de\/zdravnik\/mojca-knez-dr-med-dr-dent-med-spec-maksilofacialne-in-oralne-kirurgije\/\" target=\"_self\" data-type=\"url\">\n  \n  \n\t\n\n\n\n<img decoding=\"async\" class=\"bde-image2-278-101-2182-278-1 bde-image2 bde-image2-278-101\" src=\"https:\/\/md-medicina.si\/wp-content\/uploads\/2025\/07\/Mojca-Knezdr.meddr_.dent_.med_.-.webp\" loading=\"lazy\" srcset=\"https:\/\/md-medicina.si\/wp-content\/uploads\/2025\/07\/Mojca-Knezdr.meddr_.dent_.med_.-.webp 800w, https:\/\/md-medicina.si\/wp-content\/uploads\/2025\/07\/Mojca-Knezdr.meddr_.dent_.med_.--240x300.webp 240w, https:\/\/md-medicina.si\/wp-content\/uploads\/2025\/07\/Mojca-Knezdr.meddr_.dent_.med_.--768x960.webp 768w, https:\/\/md-medicina.si\/wp-content\/uploads\/2025\/07\/Mojca-Knezdr.meddr_.dent_.med_.--10x12.webp 10w\" sizes=\"(max-width: 800px) 100vw, 800px\"><div class=\"bde-text-278-102-2182-278-1 bde-text bde-text-278-102\">\nMojca Knez, dr.med., dr.dent. med.\n<\/div><div class=\"bde-text-278-103-2182-278-1 bde-text bde-text-278-103\">\nSpezialistin f\u00fcr Kiefer- und Oralchirurgie\n<\/div><div class=\"bde-text-278-104-2182-278-1 bde-text bde-text-278-104\">\nSie f\u00fchrt fach\u00e4rztliche Untersuchungen und das gesamte Spektrum an Eingriffen durch: von einfacher und komplexer Oralchirurgie und Implantologie bis hin zu orthognathen Operationen.\n<\/div>\n\n<\/a>    <\/article>\n    <article class=\"bde-loop-item ee-post\">\n        <a class=\"bde-container-link-278-100-761-278-1 bde-container-link bde-container-link-278-100 breakdance-link\" href=\"https:\/\/md-medicina.si\/de\/zdravnik\/mile-knezevic-dr-med\/\" target=\"_self\" data-type=\"url\">\n  \n  \n\t\n\n\n\n<img decoding=\"async\" class=\"bde-image2-278-101-761-278-1 bde-image2 bde-image2-278-101\" src=\"https:\/\/md-medicina.si\/wp-content\/uploads\/2025\/05\/mile-knezevic-dr.med2_.webp\" loading=\"lazy\" srcset=\"https:\/\/md-medicina.si\/wp-content\/uploads\/2025\/05\/mile-knezevic-dr.med2_.webp 800w, https:\/\/md-medicina.si\/wp-content\/uploads\/2025\/05\/mile-knezevic-dr.med2_-240x300.webp 240w, https:\/\/md-medicina.si\/wp-content\/uploads\/2025\/05\/mile-knezevic-dr.med2_-768x960.webp 768w, https:\/\/md-medicina.si\/wp-content\/uploads\/2025\/05\/mile-knezevic-dr.med2_-10x12.webp 10w\" sizes=\"(max-width: 800px) 100vw, 800px\"><div class=\"bde-text-278-102-761-278-1 bde-text bde-text-278-102\">\nMile Kne\u017eevi\u0107, MD.\n<\/div><div class=\"bde-text-278-103-761-278-1 bde-text bde-text-278-103\">\nFacharzt f\u00fcr An\u00e4sthesiologie, Reanimation und perioperative Intensivmedizin\n<\/div><div class=\"bde-text-278-104-761-278-1 bde-text bde-text-278-104\">\nEr ist intensiv in die Regionalan\u00e4sthesie und ultraschallgesteuerte periphere Nervenblockaden involviert.\n<\/div>\n\n<\/a>    <\/article>\n    <article class=\"bde-loop-item ee-post\">\n        <a class=\"bde-container-link-278-100-748-278-1 bde-container-link bde-container-link-278-100 breakdance-link\" href=\"https:\/\/md-medicina.si\/de\/zdravnik\/snezana-kocijancic-dr-med\/\" target=\"_self\" data-type=\"url\">\n  \n  \n\t\n\n\n\n<img decoding=\"async\" class=\"bde-image2-278-101-748-278-1 bde-image2 bde-image2-278-101\" src=\"https:\/\/md-medicina.si\/wp-content\/uploads\/2025\/05\/Snezana-Kocijancic-dr.-med.webp\" loading=\"lazy\" srcset=\"https:\/\/md-medicina.si\/wp-content\/uploads\/2025\/05\/Snezana-Kocijancic-dr.-med.webp 800w, https:\/\/md-medicina.si\/wp-content\/uploads\/2025\/05\/Snezana-Kocijancic-dr.-med-240x300.webp 240w, https:\/\/md-medicina.si\/wp-content\/uploads\/2025\/05\/Snezana-Kocijancic-dr.-med-768x960.webp 768w\" sizes=\"(max-width: 800px) 100vw, 800px\"><div class=\"bde-text-278-102-748-278-1 bde-text bde-text-278-102\">\nSne\u017eana Kocijan\u010di\u010d, MD.\n<\/div><div class=\"bde-text-278-103-748-278-1 bde-text bde-text-278-103\">\nFacharzt f\u00fcr Allgemeinmedizin\n<\/div><div class=\"bde-text-278-104-748-278-1 bde-text bde-text-278-104\">\nFacharzt f\u00fcr Allgemeinmedizin mit langj\u00e4hriger Lehrerfahrung und Heiligentitel.\r\n\r\n\r\n\r\n\r\n\r\n\r\n\r\n\n<\/div>\n\n<\/a>    <\/article>\n    <article class=\"bde-loop-item ee-post\">\n        <a class=\"bde-container-link-278-100-742-278-1 bde-container-link bde-container-link-278-100 breakdance-link\" href=\"https:\/\/md-medicina.si\/de\/zdravnik\/dr-robert-kosak-dr-med\/\" target=\"_self\" data-type=\"url\">\n  \n  \n\t\n\n\n\n<img decoding=\"async\" class=\"bde-image2-278-101-742-278-1 bde-image2 bde-image2-278-101\" src=\"https:\/\/md-medicina.si\/wp-content\/uploads\/2025\/05\/dr.-Robert-Kosak-dr.med_.webp\" loading=\"lazy\" srcset=\"https:\/\/md-medicina.si\/wp-content\/uploads\/2025\/05\/dr.-Robert-Kosak-dr.med_.webp 800w, https:\/\/md-medicina.si\/wp-content\/uploads\/2025\/05\/dr.-Robert-Kosak-dr.med_-240x300.webp 240w, https:\/\/md-medicina.si\/wp-content\/uploads\/2025\/05\/dr.-Robert-Kosak-dr.med_-768x960.webp 768w\" sizes=\"(max-width: 800px) 100vw, 800px\"><div class=\"bde-text-278-102-742-278-1 bde-text bde-text-278-102\">\nDr. Robert Ko\u0161ak, MD.\n<\/div><div class=\"bde-text-278-103-742-278-1 bde-text bde-text-278-103\">\nFacharzt f\u00fcr orthop\u00e4dische Chirurgie\n<\/div><div class=\"bde-text-278-104-742-278-1 bde-text bde-text-278-104\">\nEr ist vor allem auf den Bereich der Wirbels\u00e4ule spezialisiert \u2013 er f\u00fchrt Wirbels\u00e4ulenoperationen an der gesamten Wirbels\u00e4ule durch, von der Hals-, Brust- bis zur Lendenwirbels\u00e4ule.\n<\/div>\n\n<\/a>    <\/article>\n    <article class=\"bde-loop-item ee-post\">\n        <a class=\"bde-container-link-278-100-1759-278-1 bde-container-link bde-container-link-278-100 breakdance-link\" href=\"https:\/\/md-medicina.si\/de\/zdravnik\/1759\/\" target=\"_self\" data-type=\"url\">\n  \n  \n\t\n\n\n\n<img decoding=\"async\" class=\"bde-image2-278-101-1759-278-1 bde-image2 bde-image2-278-101\" src=\"https:\/\/md-medicina.si\/wp-content\/uploads\/2025\/05\/Anze-Kristan-1.webp\" loading=\"lazy\" srcset=\"https:\/\/md-medicina.si\/wp-content\/uploads\/2025\/05\/Anze-Kristan-1.webp 800w, https:\/\/md-medicina.si\/wp-content\/uploads\/2025\/05\/Anze-Kristan-1-240x300.webp 240w, https:\/\/md-medicina.si\/wp-content\/uploads\/2025\/05\/Anze-Kristan-1-768x960.webp 768w\" sizes=\"(max-width: 800px) 100vw, 800px\"><div class=\"bde-text-278-102-1759-278-1 bde-text bde-text-278-102\">\nProf. Dr. An\u017ee Kristan, MD\n<\/div><div class=\"bde-text-278-103-1759-278-1 bde-text bde-text-278-103\">\nFacharzt f\u00fcr Traumatologie\n<\/div><div class=\"bde-text-278-104-1759-278-1 bde-text bde-text-278-104\">\nErfahrener Facharzt f\u00fcr Traumatologie und Allgemeinchirurgie mit umfangreicher internationaler Praxis und einer f\u00fchrenden Rolle in der Ausbildung chirurgischer Spezialisten in Europa und Afrika.\n<\/div>\n\n<\/a>    <\/article>\n    <article class=\"bde-loop-item ee-post\">\n        <a class=\"bde-container-link-278-100-743-278-1 bde-container-link bde-container-link-278-100 breakdance-link\" href=\"https:\/\/md-medicina.si\/de\/zdravnik\/asist-dr-david-martincic-dr-med\/\" target=\"_self\" data-type=\"url\">\n  \n  \n\t\n\n\n\n<img decoding=\"async\" class=\"bde-image2-278-101-743-278-1 bde-image2 bde-image2-278-101\" src=\"https:\/\/md-medicina.si\/wp-content\/uploads\/2025\/05\/asist.-dr.-David-Martincic-dr.-med.webp\" loading=\"lazy\" srcset=\"https:\/\/md-medicina.si\/wp-content\/uploads\/2025\/05\/asist.-dr.-David-Martincic-dr.-med.webp 800w, https:\/\/md-medicina.si\/wp-content\/uploads\/2025\/05\/asist.-dr.-David-Martincic-dr.-med-240x300.webp 240w, https:\/\/md-medicina.si\/wp-content\/uploads\/2025\/05\/asist.-dr.-David-Martincic-dr.-med-768x960.webp 768w\" sizes=\"(max-width: 800px) 100vw, 800px\"><div class=\"bde-text-278-102-743-278-1 bde-text bde-text-278-102\">\nAssist. Dr. David Martin\u010di\u010d, MD\n<\/div><div class=\"bde-text-278-103-743-278-1 bde-text bde-text-278-103\">\nFacharzt f\u00fcr orthop\u00e4dische Chirurgie\n<\/div><div class=\"bde-text-278-104-743-278-1 bde-text bde-text-278-104\">\nSeine Arbeitsschwerpunkte liegen in der Sportorthop\u00e4die und Knochentumorchirurgie.\n<\/div>\n\n<\/a>    <\/article>\n    <article class=\"bde-loop-item ee-post\">\n        <a class=\"bde-container-link-278-100-722-278-1 bde-container-link bde-container-link-278-100 breakdance-link\" href=\"https:\/\/md-medicina.si\/de\/zdravnik\/asist-dr-bostjan-matos-dr-med\/\" target=\"_self\" data-type=\"url\">\n  \n  \n\t\n\n\n\n<img decoding=\"async\" class=\"bde-image2-278-101-722-278-1 bde-image2 bde-image2-278-101\" src=\"https:\/\/md-medicina.si\/wp-content\/uploads\/2025\/05\/dr.-Bostjan-Matos-dr.-med.webp\" loading=\"lazy\" srcset=\"https:\/\/md-medicina.si\/wp-content\/uploads\/2025\/05\/dr.-Bostjan-Matos-dr.-med.webp 800w, https:\/\/md-medicina.si\/wp-content\/uploads\/2025\/05\/dr.-Bostjan-Matos-dr.-med-240x300.webp 240w, https:\/\/md-medicina.si\/wp-content\/uploads\/2025\/05\/dr.-Bostjan-Matos-dr.-med-768x960.webp 768w\" sizes=\"(max-width: 800px) 100vw, 800px\"><div class=\"bde-text-278-102-722-278-1 bde-text bde-text-278-102\">\nAssist.. Dr. Bo\u0161tjan Matos, MD\n<\/div><div class=\"bde-text-278-103-722-278-1 bde-text bde-text-278-103\">\nFacharzt f\u00fcr Neurochirurgie\n<\/div><div class=\"bde-text-278-104-722-278-1 bde-text bde-text-278-104\">\nEr befasst sich vorwiegend mit krankhaften Prozessen im Gehirn und R\u00fcckenmark sowie mit Schmerzprozessen im Bereich der Lenden- und Halswirbels\u00e4ule.\n<\/div>\n\n<\/a>    <\/article>\n    <article class=\"bde-loop-item ee-post\">\n        <a class=\"bde-container-link-278-100-744-278-1 bde-container-link bde-container-link-278-100 breakdance-link\" href=\"https:\/\/md-medicina.si\/de\/zdravnik\/doc-dr-uros-meglic-dr-med\/\" target=\"_self\" data-type=\"url\">\n  \n  \n\t\n\n\n\n<img decoding=\"async\" class=\"bde-image2-278-101-744-278-1 bde-image2 bde-image2-278-101\" src=\"https:\/\/md-medicina.si\/wp-content\/uploads\/2025\/05\/doc.dr_.-Uros-Meglic-dr.-med.webp\" loading=\"lazy\" srcset=\"https:\/\/md-medicina.si\/wp-content\/uploads\/2025\/05\/doc.dr_.-Uros-Meglic-dr.-med.webp 800w, https:\/\/md-medicina.si\/wp-content\/uploads\/2025\/05\/doc.dr_.-Uros-Meglic-dr.-med-240x300.webp 240w, https:\/\/md-medicina.si\/wp-content\/uploads\/2025\/05\/doc.dr_.-Uros-Meglic-dr.-med-768x960.webp 768w\" sizes=\"(max-width: 800px) 100vw, 800px\"><div class=\"bde-text-278-102-744-278-1 bde-text bde-text-278-102\">\nAssistenzprofessor Uro\u0161 Megli\u010d, MD, PhD\n<\/div><div class=\"bde-text-278-103-744-278-1 bde-text bde-text-278-103\">\nFacharzt f\u00fcr orthop\u00e4dische Chirurgie\n<\/div><div class=\"bde-text-278-104-744-278-1 bde-text bde-text-278-104\">\nDer Schwerpunkt liegt auf der Behandlung von Verletzungen und Erkrankungen der Schulter- und Ellenbogengelenke.\n<\/div>\n\n<\/a>    <\/article>\n    <article class=\"bde-loop-item ee-post\">\n        <a class=\"bde-container-link-278-100-2207-278-1 bde-container-link bde-container-link-278-100 breakdance-link\" href=\"https:\/\/md-medicina.si\/de\/zdravnik\/maja-merkun-dr-med\/\" target=\"_self\" data-type=\"url\">\n  \n  \n\t\n\n\n\n<img decoding=\"async\" class=\"bde-image2-278-101-2207-278-1 bde-image2 bde-image2-278-101\" src=\"https:\/\/md-medicina.si\/wp-content\/uploads\/2025\/07\/Mateja-Lasic.webp\" loading=\"lazy\" srcset=\"https:\/\/md-medicina.si\/wp-content\/uploads\/2025\/07\/Mateja-Lasic.webp 800w, https:\/\/md-medicina.si\/wp-content\/uploads\/2025\/07\/Mateja-Lasic-240x300.webp 240w, https:\/\/md-medicina.si\/wp-content\/uploads\/2025\/07\/Mateja-Lasic-768x960.webp 768w, https:\/\/md-medicina.si\/wp-content\/uploads\/2025\/07\/Mateja-Lasic-10x12.webp 10w\" sizes=\"(max-width: 800px) 100vw, 800px\"><div class=\"bde-text-278-102-2207-278-1 bde-text bde-text-278-102\">\nMaja Merkun, dr.med.\n<\/div><div class=\"bde-text-278-103-2207-278-1 bde-text bde-text-278-103\">\nSpezialistin f\u00fcr Gyn\u00e4kologie und Geburtshilfe\n<\/div><div class=\"bde-text-278-104-2207-278-1 bde-text bde-text-278-104\">\nVodja dejavnosti ginekologije in porodni\u0161tva v MD medicina. Izvaja specialisti\u010dne preglede in \u0161irok nabor ginekolo\u0161kih posegov z osredoto\u010denostjo na celostnem, posameznici prilagojenem pristopu.\n<\/div>\n\n<\/a>    <\/article>\n    <article class=\"bde-loop-item ee-post\">\n        <a class=\"bde-container-link-278-100-749-278-1 bde-container-link bde-container-link-278-100 breakdance-link\" href=\"https:\/\/md-medicina.si\/de\/zdravnik\/miha-muzic-dr-med\/\" target=\"_self\" data-type=\"url\">\n  \n  \n\t\n\n\n\n<img decoding=\"async\" class=\"bde-image2-278-101-749-278-1 bde-image2 bde-image2-278-101\" src=\"https:\/\/md-medicina.si\/wp-content\/uploads\/2025\/05\/Miha-Muzic-dr.-med.webp\" loading=\"lazy\" srcset=\"https:\/\/md-medicina.si\/wp-content\/uploads\/2025\/05\/Miha-Muzic-dr.-med.webp 800w, https:\/\/md-medicina.si\/wp-content\/uploads\/2025\/05\/Miha-Muzic-dr.-med-240x300.webp 240w, https:\/\/md-medicina.si\/wp-content\/uploads\/2025\/05\/Miha-Muzic-dr.-med-768x960.webp 768w\" sizes=\"(max-width: 800px) 100vw, 800px\"><div class=\"bde-text-278-102-749-278-1 bde-text bde-text-278-102\">\nMiha Mu\u017ei\u010d, dr. med.\n<\/div><div class=\"bde-text-278-103-749-278-1 bde-text bde-text-278-103\">\nspecialist dru\u017einske medicine\n<\/div><div class=\"bde-text-278-104-749-278-1 bde-text bde-text-278-104\">\nSpecializiran za dru\u017einsko medicino z dodatnim znanjem iz interne medicine, dermatologije in urgentne diagnostike.\r\n\r\n\r\n\r\n\r\n\r\n\r\n\n<\/div>\n\n<\/a>    <\/article>\n    <article class=\"bde-loop-item ee-post\">\n        <a class=\"bde-container-link-278-100-755-278-1 bde-container-link bde-container-link-278-100 breakdance-link\" href=\"https:\/\/md-medicina.si\/de\/zdravnik\/prof-dr-zvezdan-pirtosek-dr-med\/\" target=\"_self\" data-type=\"url\">\n  \n  \n\t\n\n\n\n<img decoding=\"async\" class=\"bde-image2-278-101-755-278-1 bde-image2 bde-image2-278-101\" src=\"https:\/\/md-medicina.si\/wp-content\/uploads\/2025\/05\/prof.-dr.-Zvezdan-Pirtosek-dr.-med.webp\" loading=\"lazy\" srcset=\"https:\/\/md-medicina.si\/wp-content\/uploads\/2025\/05\/prof.-dr.-Zvezdan-Pirtosek-dr.-med.webp 800w, https:\/\/md-medicina.si\/wp-content\/uploads\/2025\/05\/prof.-dr.-Zvezdan-Pirtosek-dr.-med-240x300.webp 240w, https:\/\/md-medicina.si\/wp-content\/uploads\/2025\/05\/prof.-dr.-Zvezdan-Pirtosek-dr.-med-768x960.webp 768w\" sizes=\"(max-width: 800px) 100vw, 800px\"><div class=\"bde-text-278-102-755-278-1 bde-text bde-text-278-102\">\nProf. Dr. Zvezdan Pirto\u0161ek, MD\n<\/div><div class=\"bde-text-278-103-755-278-1 bde-text bde-text-278-103\">\nFacharzt f\u00fcr Neurologie\n<\/div><div class=\"bde-text-278-104-755-278-1 bde-text bde-text-278-104\">\nEr besch\u00e4ftigt sich haupts\u00e4chlich mit neurodegenerativen Erkrankungen wie Parkinson und Alzheimer.\n<\/div>\n\n<\/a>    <\/article>\n    <article class=\"bde-loop-item ee-post\">\n        <a class=\"bde-container-link-278-100-736-278-1 bde-container-link bde-container-link-278-100 breakdance-link\" href=\"https:\/\/md-medicina.si\/de\/zdravnik\/doc-dr-domen-plut-dr-med\/\" target=\"_self\" data-type=\"url\">\n  \n  \n\t\n\n\n\n<img decoding=\"async\" class=\"bde-image2-278-101-736-278-1 bde-image2 bde-image2-278-101\" src=\"https:\/\/md-medicina.si\/wp-content\/uploads\/2025\/05\/doc.-dr.-Domen-Plut-dr.-med.webp\" loading=\"lazy\" srcset=\"https:\/\/md-medicina.si\/wp-content\/uploads\/2025\/05\/doc.-dr.-Domen-Plut-dr.-med.webp 800w, https:\/\/md-medicina.si\/wp-content\/uploads\/2025\/05\/doc.-dr.-Domen-Plut-dr.-med-240x300.webp 240w, https:\/\/md-medicina.si\/wp-content\/uploads\/2025\/05\/doc.-dr.-Domen-Plut-dr.-med-768x960.webp 768w\" sizes=\"(max-width: 800px) 100vw, 800px\"><div class=\"bde-text-278-102-736-278-1 bde-text bde-text-278-102\">\ndoc. dr. Domen Plut, MD\n<\/div><div class=\"bde-text-278-103-736-278-1 bde-text bde-text-278-103\">\nFacharzt f\u00fcr Radiologie\n<\/div><div class=\"bde-text-278-104-736-278-1 bde-text bde-text-278-104\">\nEr f\u00fchrt haupts\u00e4chlich Ultraschalluntersuchungen bei Kindern und Erwachsenen durch.\n<\/div>\n\n<\/a>    <\/article>\n    <article class=\"bde-loop-item ee-post\">\n        <a class=\"bde-container-link-278-100-737-278-1 bde-container-link bde-container-link-278-100 breakdance-link\" href=\"https:\/\/md-medicina.si\/de\/zdravnik\/asist-peter-slak-dr-med\/\" target=\"_self\" data-type=\"url\">\n  \n  \n\t\n\n\n\n<img decoding=\"async\" class=\"bde-image2-278-101-737-278-1 bde-image2 bde-image2-278-101\" src=\"https:\/\/md-medicina.si\/wp-content\/uploads\/2025\/05\/asist.-Peter-Slak-dr.-med.webp\" loading=\"lazy\" srcset=\"https:\/\/md-medicina.si\/wp-content\/uploads\/2025\/05\/asist.-Peter-Slak-dr.-med.webp 800w, https:\/\/md-medicina.si\/wp-content\/uploads\/2025\/05\/asist.-Peter-Slak-dr.-med-240x300.webp 240w, https:\/\/md-medicina.si\/wp-content\/uploads\/2025\/05\/asist.-Peter-Slak-dr.-med-768x960.webp 768w\" sizes=\"(max-width: 800px) 100vw, 800px\"><div class=\"bde-text-278-102-737-278-1 bde-text bde-text-278-102\">\nAssist. Dr. Peter Slak, MD\n<\/div><div class=\"bde-text-278-103-737-278-1 bde-text bde-text-278-103\">\nFacharzt f\u00fcr Radiologie\n<\/div><div class=\"bde-text-278-104-737-278-1 bde-text bde-text-278-104\">\nEr f\u00fchrt Ultraschalluntersuchungen des Bauchraums, der Harnwege, der Weichteile und der Halsorgane bei Menschen jeden Alters durch.\n<\/div>\n\n<\/a>    <\/article>\n    <article class=\"bde-loop-item ee-post\">\n        <a class=\"bde-container-link-278-100-745-278-1 bde-container-link bde-container-link-278-100 breakdance-link\" href=\"https:\/\/md-medicina.si\/de\/zdravnik\/asist-dr-tanja-slokar-dr-med\/\" target=\"_self\" data-type=\"url\">\n  \n  \n\t\n\n\n\n<img decoding=\"async\" class=\"bde-image2-278-101-745-278-1 bde-image2 bde-image2-278-101\" src=\"https:\/\/md-medicina.si\/wp-content\/uploads\/2025\/05\/asist.-dr.-Tanja-Slokar-dr.-med.webp\" loading=\"lazy\" srcset=\"https:\/\/md-medicina.si\/wp-content\/uploads\/2025\/05\/asist.-dr.-Tanja-Slokar-dr.-med.webp 800w, https:\/\/md-medicina.si\/wp-content\/uploads\/2025\/05\/asist.-dr.-Tanja-Slokar-dr.-med-240x300.webp 240w, https:\/\/md-medicina.si\/wp-content\/uploads\/2025\/05\/asist.-dr.-Tanja-Slokar-dr.-med-768x960.webp 768w\" sizes=\"(max-width: 800px) 100vw, 800px\"><div class=\"bde-text-278-102-745-278-1 bde-text bde-text-278-102\">\nAssist. Dr. Tanja Slokar, MD\n<\/div><div class=\"bde-text-278-103-745-278-1 bde-text bde-text-278-103\">\nFacharzt f\u00fcr orthop\u00e4dische Chirurgie\n<\/div><div class=\"bde-text-278-104-745-278-1 bde-text bde-text-278-104\">\nEr befasst sich mit allgemeiner und vielf\u00e4ltiger orthop\u00e4discher Pathologie, mit Schwerpunkt auf Fu\u00df- und Kniepathologie bei Erwachsenen und Kindern.\n<\/div>\n\n<\/a>    <\/article>\n    <article class=\"bde-loop-item ee-post\">\n        <a class=\"bde-container-link-278-100-1386-278-1 bde-container-link bde-container-link-278-100 breakdance-link\" href=\"https:\/\/md-medicina.si\/de\/zdravnik\/izr-prof-klemen-strazar-dr-med\/\" target=\"_self\" data-type=\"url\">\n  \n  \n\t\n\n\n\n<img decoding=\"async\" class=\"bde-image2-278-101-1386-278-1 bde-image2 bde-image2-278-101\" src=\"https:\/\/md-medicina.si\/wp-content\/uploads\/2025\/05\/izr.-prof.-Klemen-Strazar-dr.-med.webp\" loading=\"lazy\" srcset=\"https:\/\/md-medicina.si\/wp-content\/uploads\/2025\/05\/izr.-prof.-Klemen-Strazar-dr.-med.webp 800w, https:\/\/md-medicina.si\/wp-content\/uploads\/2025\/05\/izr.-prof.-Klemen-Strazar-dr.-med-240x300.webp 240w, https:\/\/md-medicina.si\/wp-content\/uploads\/2025\/05\/izr.-prof.-Klemen-Strazar-dr.-med-768x960.webp 768w\" sizes=\"(max-width: 800px) 100vw, 800px\"><div class=\"bde-text-278-102-1386-278-1 bde-text bde-text-278-102\">\nAssoc. Prof. Klemen Stra\u017ear, MD, PhD\n<\/div><div class=\"bde-text-278-103-1386-278-1 bde-text bde-text-278-103\">\nFacharzt f\u00fcr orthop\u00e4dische Chirurgie\n<\/div><div class=\"bde-text-278-104-1386-278-1 bde-text bde-text-278-104\">\nEin erfahrener Facharzt f\u00fcr orthop\u00e4dische Chirurgie, der seine F\u00e4higkeiten in renommierten Kliniken auf der ganzen Welt verfeinert hat.\n<\/div>\n\n<\/a>    <\/article>\n    <article class=\"bde-loop-item ee-post\">\n        <a class=\"bde-container-link-278-100-728-278-1 bde-container-link bde-container-link-278-100 breakdance-link\" href=\"https:\/\/md-medicina.si\/de\/zdravnik\/asist-dr-lovro-suhodolcan-dr-med\/\" target=\"_self\" data-type=\"url\">\n  \n  \n\t\n\n\n\n<img decoding=\"async\" class=\"bde-image2-278-101-728-278-1 bde-image2 bde-image2-278-101\" src=\"https:\/\/md-medicina.si\/wp-content\/uploads\/2025\/05\/asist.-dr.-Lovro-Suhodolcan-dr.-med.webp\" loading=\"lazy\" srcset=\"https:\/\/md-medicina.si\/wp-content\/uploads\/2025\/05\/asist.-dr.-Lovro-Suhodolcan-dr.-med.webp 800w, https:\/\/md-medicina.si\/wp-content\/uploads\/2025\/05\/asist.-dr.-Lovro-Suhodolcan-dr.-med-240x300.webp 240w, https:\/\/md-medicina.si\/wp-content\/uploads\/2025\/05\/asist.-dr.-Lovro-Suhodolcan-dr.-med-768x960.webp 768w\" sizes=\"(max-width: 800px) 100vw, 800px\"><div class=\"bde-text-278-102-728-278-1 bde-text bde-text-278-102\">\nAssist. Dr. Lovro Suhodol\u010dan, MD\n<\/div><div class=\"bde-text-278-103-728-278-1 bde-text bde-text-278-103\">\nFacharzt f\u00fcr orthop\u00e4dische Chirurgie\n<\/div><div class=\"bde-text-278-104-728-278-1 bde-text bde-text-278-104\">\nEr befasst sich mit der umfassenden Behandlung von Wirbels\u00e4ulenerkrankungen, einschlie\u00dflich Tumorchirurgie und Deformit\u00e4ten.\n<\/div>\n\n<\/a>    <\/article>\n    <article class=\"bde-loop-item ee-post\">\n        <a class=\"bde-container-link-278-100-723-278-1 bde-container-link bde-container-link-278-100 breakdance-link\" href=\"https:\/\/md-medicina.si\/de\/zdravnik\/asist-dr-janez-toplisek-dr-med\/\" target=\"_self\" data-type=\"url\">\n  \n  \n\t\n\n\n\n<img decoding=\"async\" class=\"bde-image2-278-101-723-278-1 bde-image2 bde-image2-278-101\" src=\"https:\/\/md-medicina.si\/wp-content\/uploads\/2025\/05\/asist.-dr.-Janez-Toplisek-dr.-med.webp\" loading=\"lazy\" srcset=\"https:\/\/md-medicina.si\/wp-content\/uploads\/2025\/05\/asist.-dr.-Janez-Toplisek-dr.-med.webp 800w, https:\/\/md-medicina.si\/wp-content\/uploads\/2025\/05\/asist.-dr.-Janez-Toplisek-dr.-med-240x300.webp 240w, https:\/\/md-medicina.si\/wp-content\/uploads\/2025\/05\/asist.-dr.-Janez-Toplisek-dr.-med-768x960.webp 768w\" sizes=\"(max-width: 800px) 100vw, 800px\"><div class=\"bde-text-278-102-723-278-1 bde-text bde-text-278-102\">\nAssist. Dr. Janez Topli\u0161ek, MD\n<\/div><div class=\"bde-text-278-103-723-278-1 bde-text bde-text-278-103\">\nFacharzt f\u00fcr Innere Medizin, Kardiologie und Gef\u00e4\u00dfmedizin\n<\/div><div class=\"bde-text-278-104-723-278-1 bde-text bde-text-278-104\">\nDabei geht es vor allem um Probleme des Herz-Kreislauf-Systems.\n<\/div>\n\n<\/a>    <\/article>\n    <article class=\"bde-loop-item ee-post\">\n        <a class=\"bde-container-link-278-100-753-278-1 bde-container-link bde-container-link-278-100 breakdance-link\" href=\"https:\/\/md-medicina.si\/de\/zdravnik\/dasa-zugwitz-dr-med\/\" target=\"_self\" data-type=\"url\">\n  \n  \n\t\n\n\n\n<img decoding=\"async\" class=\"bde-image2-278-101-753-278-1 bde-image2 bde-image2-278-101\" src=\"https:\/\/md-medicina.si\/wp-content\/uploads\/2025\/05\/Dasa-Zugwitz-dr.-med.webp\" loading=\"lazy\" srcset=\"https:\/\/md-medicina.si\/wp-content\/uploads\/2025\/05\/Dasa-Zugwitz-dr.-med.webp 800w, https:\/\/md-medicina.si\/wp-content\/uploads\/2025\/05\/Dasa-Zugwitz-dr.-med-240x300.webp 240w, https:\/\/md-medicina.si\/wp-content\/uploads\/2025\/05\/Dasa-Zugwitz-dr.-med-768x960.webp 768w\" sizes=\"(max-width: 800px) 100vw, 800px\"><div class=\"bde-text-278-102-753-278-1 bde-text bde-text-278-102\">\nDa\u0161a Zugwitz, MD.\n<\/div><div class=\"bde-text-278-103-753-278-1 bde-text bde-text-278-103\">\nFacharzt f\u00fcr Kardiologie und Gef\u00e4\u00dfmedizin\n<\/div><div class=\"bde-text-278-104-753-278-1 bde-text bde-text-278-104\">\nSpezialisiert auf Herzbildgebung mit internationalen Zertifizierungen und Forschungskenntnissen im Bereich der Kardiologie.\n<\/div>\n\n<\/a>    <\/article>\n    <article class=\"bde-loop-item ee-post\">\n        <a class=\"bde-container-link-278-100-726-278-1 bde-container-link bde-container-link-278-100 breakdance-link\" href=\"https:\/\/md-medicina.si\/de\/zdravnik\/asist-dr-nik-zlak-dr-med\/\" target=\"_self\" data-type=\"url\">\n  \n  \n\t\n\n\n\n<img decoding=\"async\" class=\"bde-image2-278-101-726-278-1 bde-image2 bde-image2-278-101\" src=\"https:\/\/md-medicina.si\/wp-content\/uploads\/2025\/05\/asist.-dr.-Nik-Zlak-dr.-med.webp\" loading=\"lazy\" srcset=\"https:\/\/md-medicina.si\/wp-content\/uploads\/2025\/05\/asist.-dr.-Nik-Zlak-dr.-med.webp 800w, https:\/\/md-medicina.si\/wp-content\/uploads\/2025\/05\/asist.-dr.-Nik-Zlak-dr.-med-240x300.webp 240w, https:\/\/md-medicina.si\/wp-content\/uploads\/2025\/05\/asist.-dr.-Nik-Zlak-dr.-med-768x960.webp 768w\" sizes=\"(max-width: 800px) 100vw, 800px\"><div class=\"bde-text-278-102-726-278-1 bde-text bde-text-278-102\">\nAssist. Dr. Nik \u017dlak, MD\n<\/div><div class=\"bde-text-278-103-726-278-1 bde-text bde-text-278-103\">\nFacharzt f\u00fcr orthop\u00e4dische Chirurgie\n<\/div><div class=\"bde-text-278-104-726-278-1 bde-text bde-text-278-104\">\nEr befasst sich mit Sportpathologie und rekonstruktiven Eingriffen an Knie, Kn\u00f6chel und Schulter, regenerativer Orthop\u00e4die und Fu\u00dfpathologie.\n<\/div>\n\n<\/a>    <\/article>\n    <article class=\"bde-loop-item ee-post\">\n        <a class=\"bde-container-link-278-100-738-278-1 bde-container-link bde-container-link-278-100 breakdance-link\" href=\"https:\/\/md-medicina.si\/de\/zdravnik\/izr-prof-dr-janez-brecelj-dr-med\/\" target=\"_self\" data-type=\"url\">\n  \n  \n\t\n\n\n\n<img decoding=\"async\" class=\"bde-image2-278-101-738-278-1 bde-image2 bde-image2-278-101\" src=\"https:\/\/md-medicina.si\/wp-content\/uploads\/2025\/05\/Foto-Zupan-scaled.jpg\" loading=\"lazy\" srcset=\"https:\/\/md-medicina.si\/wp-content\/uploads\/2025\/05\/Foto-Zupan-scaled.jpg 1707w, https:\/\/md-medicina.si\/wp-content\/uploads\/2025\/05\/Foto-Zupan-200x300.jpg 200w, https:\/\/md-medicina.si\/wp-content\/uploads\/2025\/05\/Foto-Zupan-683x1024.jpg 683w, https:\/\/md-medicina.si\/wp-content\/uploads\/2025\/05\/Foto-Zupan-768x1152.jpg 768w, https:\/\/md-medicina.si\/wp-content\/uploads\/2025\/05\/Foto-Zupan-1024x1536.jpg 1024w, https:\/\/md-medicina.si\/wp-content\/uploads\/2025\/05\/Foto-Zupan-1365x2048.jpg 1365w, https:\/\/md-medicina.si\/wp-content\/uploads\/2025\/05\/Foto-Zupan-8x12.jpg 8w\" sizes=\"(max-width: 1707px) 100vw, 1707px\"><div class=\"bde-text-278-102-738-278-1 bde-text bde-text-278-102\">\nprof. dr. Oskar Zupanc, dr. med.\n<\/div><div class=\"bde-text-278-103-738-278-1 bde-text bde-text-278-103\">\nFacharzt f\u00fcr orthop\u00e4dische Chirurgie\n<\/div><div class=\"bde-text-278-104-738-278-1 bde-text bde-text-278-104\">\nPri svojem delu se ukvarja s \u0161portno patologijo. Osredoto\u010da se predvsem na zdravljenje ramen, komolca in kolen.\n<\/div>\n\n<\/a>    <\/article>\n<\/div>\r\n<\/div><\/div>\n<\/section><section class=\"bde-section-619-182 bde-section\">\n              \n  \n  \n\t\n\n\n\n<div class=\"section-container\"><h2 class=\"bde-heading-619-183 bde-heading\">\nMeinungen zufriedener Kunden\n<\/h2><div class=\"bde-text-619-184 bde-text\">\nDie Meinungen unserer Patienten zeugen von dem Vertrauen, der Professionalit\u00e4t und dem pers\u00f6nlichen Ansatz, den wir in unserer Arbeit t\u00e4glich umsetzen.\n<\/div><div class=\"bde-globalblock-619-233 bde-globalblock\"><div class=\"bde-advancedslider-1251-138-1251-1 bde-advancedslider bde-advancedslider-1251-138\">\n<div class=\"breakdance-swiper-wrapper\" data-swiper-id=\"138\">\n  <div class=\"swiper\">\n    <div class=\"swiper-wrapper\">\n      <div class=\"bde-advancedslide-1251-146-1251-1 bde-advancedslide bde-advancedslide-1251-146 swiper-slide\"><div class=\"advanced-slider__slide\">\r\n  <div class=\"bde-div-1251-147-1251-1 bde-div bde-div-1251-147\">\n  \n  \n\t\n\n\n\n<div class=\"bde-star-rating-1251-148-1251-1 bde-star-rating bde-star-rating-1251-148\">\n\n\n\n  <div class='bde-star-rating__wrapper'>\n    <svg aria-hidden=\"true\" focusable=\"false\" data-prefix=\"fas\"  role=\"img\" xmlns=\"http:\/\/www.w3.org\/2000\/svg\" viewbox=\"0 0 576 512\" class=\"svg-inline--fa fa-star fa-w-18 fa-2x\"><path d=\"M259.3 17.8L194 150.2 47.9 171.5c-26.2 3.8-36.7 36.1-17.7 54.6l105.7 103-25 145.5c-4.5 26.3 23.2 46 46.4 33.7L288 439.6l130.7 68.7c23.2 12.2 50.9-7.4 46.4-33.7l-25-145.5 105.7-103c19-18.5 8.5-50.8-17.7-54.6L382 150.2 316.7 17.8c-11.7-23.6-45.6-23.9-57.4 0z\" class=\"\"><\/path><\/svg>\n    <svg aria-hidden=\"true\" focusable=\"false\" data-prefix=\"fas\"  role=\"img\" xmlns=\"http:\/\/www.w3.org\/2000\/svg\" viewbox=\"0 0 576 512\" class=\"svg-inline--fa fa-star fa-w-18 fa-2x\"><path d=\"M259.3 17.8L194 150.2 47.9 171.5c-26.2 3.8-36.7 36.1-17.7 54.6l105.7 103-25 145.5c-4.5 26.3 23.2 46 46.4 33.7L288 439.6l130.7 68.7c23.2 12.2 50.9-7.4 46.4-33.7l-25-145.5 105.7-103c19-18.5 8.5-50.8-17.7-54.6L382 150.2 316.7 17.8c-11.7-23.6-45.6-23.9-57.4 0z\" class=\"\"><\/path><\/svg>\n    <svg aria-hidden=\"true\" focusable=\"false\" data-prefix=\"fas\"  role=\"img\" xmlns=\"http:\/\/www.w3.org\/2000\/svg\" viewbox=\"0 0 576 512\" class=\"svg-inline--fa fa-star fa-w-18 fa-2x\"><path d=\"M259.3 17.8L194 150.2 47.9 171.5c-26.2 3.8-36.7 36.1-17.7 54.6l105.7 103-25 145.5c-4.5 26.3 23.2 46 46.4 33.7L288 439.6l130.7 68.7c23.2 12.2 50.9-7.4 46.4-33.7l-25-145.5 105.7-103c19-18.5 8.5-50.8-17.7-54.6L382 150.2 316.7 17.8c-11.7-23.6-45.6-23.9-57.4 0z\" class=\"\"><\/path><\/svg>\n    <svg aria-hidden=\"true\" focusable=\"false\" data-prefix=\"fas\"  role=\"img\" xmlns=\"http:\/\/www.w3.org\/2000\/svg\" viewbox=\"0 0 576 512\" class=\"svg-inline--fa fa-star fa-w-18 fa-2x\"><path d=\"M259.3 17.8L194 150.2 47.9 171.5c-26.2 3.8-36.7 36.1-17.7 54.6l105.7 103-25 145.5c-4.5 26.3 23.2 46 46.4 33.7L288 439.6l130.7 68.7c23.2 12.2 50.9-7.4 46.4-33.7l-25-145.5 105.7-103c19-18.5 8.5-50.8-17.7-54.6L382 150.2 316.7 17.8c-11.7-23.6-45.6-23.9-57.4 0z\" class=\"\"><\/path><\/svg>\n    <svg aria-hidden=\"true\" focusable=\"false\" data-prefix=\"fas\"  role=\"img\" xmlns=\"http:\/\/www.w3.org\/2000\/svg\" viewbox=\"0 0 576 512\" class=\"svg-inline--fa fa-star fa-w-18 fa-2x\"><path d=\"M259.3 17.8L194 150.2 47.9 171.5c-26.2 3.8-36.7 36.1-17.7 54.6l105.7 103-25 145.5c-4.5 26.3 23.2 46 46.4 33.7L288 439.6l130.7 68.7c23.2 12.2 50.9-7.4 46.4-33.7l-25-145.5 105.7-103c19-18.5 8.5-50.8-17.7-54.6L382 150.2 316.7 17.8c-11.7-23.6-45.6-23.9-57.4 0z\" class=\"\"><\/path><\/svg>\n  <\/div>\n\n\n\n<svg width=\"0\" height=\"0\">\n<lineargradient id=\"starhalf148\" x1=\"0\" x2=\"100%\" y1=\"0\" y2=\"0\">\n        <stop offset=\"0%\" stop-color=\"var(--bde-palette-color-2-9cf302e2-e388-4912-b6fe-f7cdeb9bf61b)\"><\/stop>\n \t\t<stop offset=\"0%\" stop-color=\"lightgrey\"><\/stop>\n<\/lineargradient>\n<\/svg>\n\n<\/div><div class=\"bde-text-1251-149-1251-1 bde-text bde-text-1251-149\">\nMD Medicina hat freundliches und vor allem professionelles Personal. Die An\u00e4sthesisten geben einem das Gef\u00fchl, wirklich sicher zu sein. Der Chirurg kl\u00e4rt einen umfassend auf und erledigt seine Arbeit professionell. Er k\u00fcmmert sich bis zur Entlassung und nat\u00fcrlich auch danach um einen. Die Krankenschwestern, der Physiotherapeut und andere k\u00fcmmern sich darum, dass einem nichts entgeht, auch wenn man gerade nichts tun kann. Professionalit\u00e4t, Freundlichkeit, Gem\u00fctlichkeit. Das ist wohl alles, was wir als Patienten uns w\u00fcnschen und verdienen, wenn wir operiert werden m\u00fcssen. Und so ging es mir auch, denn von der Vorbereitung auf den Eingriff \u00fcber die Operation bis hin zur Nachsorge verlief alles hervorragend. Vielen Dank an das gesamte Team und alles Gute!\n<\/div>\n<\/div><div class=\"bde-div-1251-150-1251-1 bde-div bde-div-1251-150\">\n  \n  \n\t\n\n\n\n<div class=\"bde-text-1251-152-1251-1 bde-text bde-text-1251-152\">\nKatarina Sinkovec\n<\/div>\n<\/div>\r\n<\/div><\/div><div class=\"bde-advancedslide-1251-153-1251-1 bde-advancedslide bde-advancedslide-1251-153 swiper-slide\"><div class=\"advanced-slider__slide\">\r\n  <div class=\"bde-div-1251-154-1251-1 bde-div bde-div-1251-154\">\n  \n  \n\t\n\n\n\n<div class=\"bde-star-rating-1251-155-1251-1 bde-star-rating bde-star-rating-1251-155\">\n\n\n\n  <div class='bde-star-rating__wrapper'>\n    <svg aria-hidden=\"true\" focusable=\"false\" data-prefix=\"fas\"  role=\"img\" xmlns=\"http:\/\/www.w3.org\/2000\/svg\" viewbox=\"0 0 576 512\" class=\"svg-inline--fa fa-star fa-w-18 fa-2x\"><path d=\"M259.3 17.8L194 150.2 47.9 171.5c-26.2 3.8-36.7 36.1-17.7 54.6l105.7 103-25 145.5c-4.5 26.3 23.2 46 46.4 33.7L288 439.6l130.7 68.7c23.2 12.2 50.9-7.4 46.4-33.7l-25-145.5 105.7-103c19-18.5 8.5-50.8-17.7-54.6L382 150.2 316.7 17.8c-11.7-23.6-45.6-23.9-57.4 0z\" class=\"\"><\/path><\/svg>\n    <svg aria-hidden=\"true\" focusable=\"false\" data-prefix=\"fas\"  role=\"img\" xmlns=\"http:\/\/www.w3.org\/2000\/svg\" viewbox=\"0 0 576 512\" class=\"svg-inline--fa fa-star fa-w-18 fa-2x\"><path d=\"M259.3 17.8L194 150.2 47.9 171.5c-26.2 3.8-36.7 36.1-17.7 54.6l105.7 103-25 145.5c-4.5 26.3 23.2 46 46.4 33.7L288 439.6l130.7 68.7c23.2 12.2 50.9-7.4 46.4-33.7l-25-145.5 105.7-103c19-18.5 8.5-50.8-17.7-54.6L382 150.2 316.7 17.8c-11.7-23.6-45.6-23.9-57.4 0z\" class=\"\"><\/path><\/svg>\n    <svg aria-hidden=\"true\" focusable=\"false\" data-prefix=\"fas\"  role=\"img\" xmlns=\"http:\/\/www.w3.org\/2000\/svg\" viewbox=\"0 0 576 512\" class=\"svg-inline--fa fa-star fa-w-18 fa-2x\"><path d=\"M259.3 17.8L194 150.2 47.9 171.5c-26.2 3.8-36.7 36.1-17.7 54.6l105.7 103-25 145.5c-4.5 26.3 23.2 46 46.4 33.7L288 439.6l130.7 68.7c23.2 12.2 50.9-7.4 46.4-33.7l-25-145.5 105.7-103c19-18.5 8.5-50.8-17.7-54.6L382 150.2 316.7 17.8c-11.7-23.6-45.6-23.9-57.4 0z\" class=\"\"><\/path><\/svg>\n    <svg aria-hidden=\"true\" focusable=\"false\" data-prefix=\"fas\"  role=\"img\" xmlns=\"http:\/\/www.w3.org\/2000\/svg\" viewbox=\"0 0 576 512\" class=\"svg-inline--fa fa-star fa-w-18 fa-2x\"><path d=\"M259.3 17.8L194 150.2 47.9 171.5c-26.2 3.8-36.7 36.1-17.7 54.6l105.7 103-25 145.5c-4.5 26.3 23.2 46 46.4 33.7L288 439.6l130.7 68.7c23.2 12.2 50.9-7.4 46.4-33.7l-25-145.5 105.7-103c19-18.5 8.5-50.8-17.7-54.6L382 150.2 316.7 17.8c-11.7-23.6-45.6-23.9-57.4 0z\" class=\"\"><\/path><\/svg>\n    <svg aria-hidden=\"true\" focusable=\"false\" data-prefix=\"fas\"  role=\"img\" xmlns=\"http:\/\/www.w3.org\/2000\/svg\" viewbox=\"0 0 576 512\" class=\"svg-inline--fa fa-star fa-w-18 fa-2x\"><path d=\"M259.3 17.8L194 150.2 47.9 171.5c-26.2 3.8-36.7 36.1-17.7 54.6l105.7 103-25 145.5c-4.5 26.3 23.2 46 46.4 33.7L288 439.6l130.7 68.7c23.2 12.2 50.9-7.4 46.4-33.7l-25-145.5 105.7-103c19-18.5 8.5-50.8-17.7-54.6L382 150.2 316.7 17.8c-11.7-23.6-45.6-23.9-57.4 0z\" class=\"\"><\/path><\/svg>\n  <\/div>\n\n\n\n<svg width=\"0\" height=\"0\">\n<lineargradient id=\"starhalf155\" x1=\"0\" x2=\"100%\" y1=\"0\" y2=\"0\">\n        <stop offset=\"0%\" stop-color=\"var(--bde-palette-color-2-9cf302e2-e388-4912-b6fe-f7cdeb9bf61b)\"><\/stop>\n \t\t<stop offset=\"0%\" stop-color=\"lightgrey\"><\/stop>\n<\/lineargradient>\n<\/svg>\n\n<\/div><div class=\"bde-text-1251-156-1251-1 bde-text bde-text-1251-156\">\nVielen Dank an alle, die in ihrer \u00e4rztlichen Arbeit modernste medizinische Ger\u00e4te, Methoden und Arbeitsformen einsetzen. Gleichzeitig bilden Sie eine neue Generation von \u00c4rzten aus, weil Sie pers\u00f6nlich davon \u00fcberzeugt sind, dass ein partnerschaftlicher Umgang mit dem Patienten nicht nur Ihnen, sondern auch uns zugutekommt. Das gibt uns das Gef\u00fchl, \u201ewichtig\u201c zu sein.\n<\/div>\n<\/div><div class=\"bde-div-1251-157-1251-1 bde-div bde-div-1251-157\">\n  \n  \n\t\n\n\n\n<div class=\"bde-text-1251-159-1251-1 bde-text bde-text-1251-159\">\nAlenka \u010curin Jan\u017eekovi\u010d &amp; Marijan Jan\u017eekovi\u010d\n<\/div>\n<\/div>\r\n<\/div><\/div><div class=\"bde-advancedslide-1251-160-1251-1 bde-advancedslide bde-advancedslide-1251-160 swiper-slide\"><div class=\"advanced-slider__slide\">\r\n  <div class=\"bde-div-1251-161-1251-1 bde-div bde-div-1251-161\">\n  \n  \n\t\n\n\n\n<div class=\"bde-star-rating-1251-162-1251-1 bde-star-rating bde-star-rating-1251-162\">\n\n\n\n  <div class='bde-star-rating__wrapper'>\n    <svg aria-hidden=\"true\" focusable=\"false\" data-prefix=\"fas\"  role=\"img\" xmlns=\"http:\/\/www.w3.org\/2000\/svg\" viewbox=\"0 0 576 512\" class=\"svg-inline--fa fa-star fa-w-18 fa-2x\"><path d=\"M259.3 17.8L194 150.2 47.9 171.5c-26.2 3.8-36.7 36.1-17.7 54.6l105.7 103-25 145.5c-4.5 26.3 23.2 46 46.4 33.7L288 439.6l130.7 68.7c23.2 12.2 50.9-7.4 46.4-33.7l-25-145.5 105.7-103c19-18.5 8.5-50.8-17.7-54.6L382 150.2 316.7 17.8c-11.7-23.6-45.6-23.9-57.4 0z\" class=\"\"><\/path><\/svg>\n    <svg aria-hidden=\"true\" focusable=\"false\" data-prefix=\"fas\"  role=\"img\" xmlns=\"http:\/\/www.w3.org\/2000\/svg\" viewbox=\"0 0 576 512\" class=\"svg-inline--fa fa-star fa-w-18 fa-2x\"><path d=\"M259.3 17.8L194 150.2 47.9 171.5c-26.2 3.8-36.7 36.1-17.7 54.6l105.7 103-25 145.5c-4.5 26.3 23.2 46 46.4 33.7L288 439.6l130.7 68.7c23.2 12.2 50.9-7.4 46.4-33.7l-25-145.5 105.7-103c19-18.5 8.5-50.8-17.7-54.6L382 150.2 316.7 17.8c-11.7-23.6-45.6-23.9-57.4 0z\" class=\"\"><\/path><\/svg>\n    <svg aria-hidden=\"true\" focusable=\"false\" data-prefix=\"fas\"  role=\"img\" xmlns=\"http:\/\/www.w3.org\/2000\/svg\" viewbox=\"0 0 576 512\" class=\"svg-inline--fa fa-star fa-w-18 fa-2x\"><path d=\"M259.3 17.8L194 150.2 47.9 171.5c-26.2 3.8-36.7 36.1-17.7 54.6l105.7 103-25 145.5c-4.5 26.3 23.2 46 46.4 33.7L288 439.6l130.7 68.7c23.2 12.2 50.9-7.4 46.4-33.7l-25-145.5 105.7-103c19-18.5 8.5-50.8-17.7-54.6L382 150.2 316.7 17.8c-11.7-23.6-45.6-23.9-57.4 0z\" class=\"\"><\/path><\/svg>\n    <svg aria-hidden=\"true\" focusable=\"false\" data-prefix=\"fas\"  role=\"img\" xmlns=\"http:\/\/www.w3.org\/2000\/svg\" viewbox=\"0 0 576 512\" class=\"svg-inline--fa fa-star fa-w-18 fa-2x\"><path d=\"M259.3 17.8L194 150.2 47.9 171.5c-26.2 3.8-36.7 36.1-17.7 54.6l105.7 103-25 145.5c-4.5 26.3 23.2 46 46.4 33.7L288 439.6l130.7 68.7c23.2 12.2 50.9-7.4 46.4-33.7l-25-145.5 105.7-103c19-18.5 8.5-50.8-17.7-54.6L382 150.2 316.7 17.8c-11.7-23.6-45.6-23.9-57.4 0z\" class=\"\"><\/path><\/svg>\n    <svg aria-hidden=\"true\" focusable=\"false\" data-prefix=\"fas\"  role=\"img\" xmlns=\"http:\/\/www.w3.org\/2000\/svg\" viewbox=\"0 0 576 512\" class=\"svg-inline--fa fa-star fa-w-18 fa-2x\"><path d=\"M259.3 17.8L194 150.2 47.9 171.5c-26.2 3.8-36.7 36.1-17.7 54.6l105.7 103-25 145.5c-4.5 26.3 23.2 46 46.4 33.7L288 439.6l130.7 68.7c23.2 12.2 50.9-7.4 46.4-33.7l-25-145.5 105.7-103c19-18.5 8.5-50.8-17.7-54.6L382 150.2 316.7 17.8c-11.7-23.6-45.6-23.9-57.4 0z\" class=\"\"><\/path><\/svg>\n  <\/div>\n\n\n\n<svg width=\"0\" height=\"0\">\n<lineargradient id=\"starhalf162\" x1=\"0\" x2=\"100%\" y1=\"0\" y2=\"0\">\n        <stop offset=\"0%\" stop-color=\"var(--bde-palette-color-2-9cf302e2-e388-4912-b6fe-f7cdeb9bf61b)\"><\/stop>\n \t\t<stop offset=\"0%\" stop-color=\"lightgrey\"><\/stop>\n<\/lineargradient>\n<\/svg>\n\n<\/div><div class=\"bde-text-1251-163-1251-1 bde-text bde-text-1251-163\">\nWenn man das MD-Medizin-Geb\u00e4ude betritt, f\u00fchlt man sich sofort wohl, da man nicht sofort das vertraute und unangenehme Gef\u00fchl und den Geruch eines Krankenhauses versp\u00fcrt. Man wird von einer freundlichen Krankenschwester begr\u00fc\u00dft, die einen freundlich begr\u00fc\u00dft und alles erkl\u00e4rt, was einen interessiert. Alles wirkt entspannend, sodass die letzte Angst vor einer \u00e4rztlichen Untersuchung oder Operation wirklich verschwindet. Der Arzt, den man aufsucht, ist ein Top-Experte, der sich voll und ganz einem widmet, einem wirklich zuh\u00f6rt, sich Zeit f\u00fcr einen nimmt und einen schlie\u00dflich professionell ber\u00e4t. Ich verlasse die R\u00e4umlichkeiten von MD-Medizin stets ruhig und mit dem klaren Gef\u00fchl, dass hier Menschen sind, die sich stets um einen k\u00fcmmern. Daher ein herzliches Dankesch\u00f6n an Sie alle.\n<\/div>\n<\/div><div class=\"bde-div-1251-164-1251-1 bde-div bde-div-1251-164\">\n  \n  \n\t\n\n\n\n<div class=\"bde-text-1251-165-1251-1 bde-text bde-text-1251-165\">\nNeda Fabrizio\n<\/div>\n<\/div>\r\n<\/div><\/div><div class=\"bde-advancedslide-1251-166-1251-1 bde-advancedslide bde-advancedslide-1251-166 swiper-slide\"><div class=\"advanced-slider__slide\">\r\n  <div class=\"bde-div-1251-167-1251-1 bde-div bde-div-1251-167\">\n  \n  \n\t\n\n\n\n<div class=\"bde-star-rating-1251-168-1251-1 bde-star-rating bde-star-rating-1251-168\">\n\n\n\n  <div class='bde-star-rating__wrapper'>\n    <svg aria-hidden=\"true\" focusable=\"false\" data-prefix=\"fas\"  role=\"img\" xmlns=\"http:\/\/www.w3.org\/2000\/svg\" viewbox=\"0 0 576 512\" class=\"svg-inline--fa fa-star fa-w-18 fa-2x\"><path d=\"M259.3 17.8L194 150.2 47.9 171.5c-26.2 3.8-36.7 36.1-17.7 54.6l105.7 103-25 145.5c-4.5 26.3 23.2 46 46.4 33.7L288 439.6l130.7 68.7c23.2 12.2 50.9-7.4 46.4-33.7l-25-145.5 105.7-103c19-18.5 8.5-50.8-17.7-54.6L382 150.2 316.7 17.8c-11.7-23.6-45.6-23.9-57.4 0z\" class=\"\"><\/path><\/svg>\n    <svg aria-hidden=\"true\" focusable=\"false\" data-prefix=\"fas\"  role=\"img\" xmlns=\"http:\/\/www.w3.org\/2000\/svg\" viewbox=\"0 0 576 512\" class=\"svg-inline--fa fa-star fa-w-18 fa-2x\"><path d=\"M259.3 17.8L194 150.2 47.9 171.5c-26.2 3.8-36.7 36.1-17.7 54.6l105.7 103-25 145.5c-4.5 26.3 23.2 46 46.4 33.7L288 439.6l130.7 68.7c23.2 12.2 50.9-7.4 46.4-33.7l-25-145.5 105.7-103c19-18.5 8.5-50.8-17.7-54.6L382 150.2 316.7 17.8c-11.7-23.6-45.6-23.9-57.4 0z\" class=\"\"><\/path><\/svg>\n    <svg aria-hidden=\"true\" focusable=\"false\" data-prefix=\"fas\"  role=\"img\" xmlns=\"http:\/\/www.w3.org\/2000\/svg\" viewbox=\"0 0 576 512\" class=\"svg-inline--fa fa-star fa-w-18 fa-2x\"><path d=\"M259.3 17.8L194 150.2 47.9 171.5c-26.2 3.8-36.7 36.1-17.7 54.6l105.7 103-25 145.5c-4.5 26.3 23.2 46 46.4 33.7L288 439.6l130.7 68.7c23.2 12.2 50.9-7.4 46.4-33.7l-25-145.5 105.7-103c19-18.5 8.5-50.8-17.7-54.6L382 150.2 316.7 17.8c-11.7-23.6-45.6-23.9-57.4 0z\" class=\"\"><\/path><\/svg>\n    <svg aria-hidden=\"true\" focusable=\"false\" data-prefix=\"fas\"  role=\"img\" xmlns=\"http:\/\/www.w3.org\/2000\/svg\" viewbox=\"0 0 576 512\" class=\"svg-inline--fa fa-star fa-w-18 fa-2x\"><path d=\"M259.3 17.8L194 150.2 47.9 171.5c-26.2 3.8-36.7 36.1-17.7 54.6l105.7 103-25 145.5c-4.5 26.3 23.2 46 46.4 33.7L288 439.6l130.7 68.7c23.2 12.2 50.9-7.4 46.4-33.7l-25-145.5 105.7-103c19-18.5 8.5-50.8-17.7-54.6L382 150.2 316.7 17.8c-11.7-23.6-45.6-23.9-57.4 0z\" class=\"\"><\/path><\/svg>\n    <svg aria-hidden=\"true\" focusable=\"false\" data-prefix=\"fas\"  role=\"img\" xmlns=\"http:\/\/www.w3.org\/2000\/svg\" viewbox=\"0 0 576 512\" class=\"svg-inline--fa fa-star fa-w-18 fa-2x\"><path d=\"M259.3 17.8L194 150.2 47.9 171.5c-26.2 3.8-36.7 36.1-17.7 54.6l105.7 103-25 145.5c-4.5 26.3 23.2 46 46.4 33.7L288 439.6l130.7 68.7c23.2 12.2 50.9-7.4 46.4-33.7l-25-145.5 105.7-103c19-18.5 8.5-50.8-17.7-54.6L382 150.2 316.7 17.8c-11.7-23.6-45.6-23.9-57.4 0z\" class=\"\"><\/path><\/svg>\n  <\/div>\n\n\n\n<svg width=\"0\" height=\"0\">\n<lineargradient id=\"starhalf168\" x1=\"0\" x2=\"100%\" y1=\"0\" y2=\"0\">\n        <stop offset=\"0%\" stop-color=\"var(--bde-palette-color-2-9cf302e2-e388-4912-b6fe-f7cdeb9bf61b)\"><\/stop>\n \t\t<stop offset=\"0%\" stop-color=\"lightgrey\"><\/stop>\n<\/lineargradient>\n<\/svg>\n\n<\/div><div class=\"bde-text-1251-169-1251-1 bde-text bde-text-1251-169\">\nSeit 2017 habe ich bei MD Medicine einen pers\u00f6nlichen Arzt. Schon beim ersten Besuch betrat ich die \u00fcberdurchschnittliche Welt der Gesundheitskonzession: ein h\u00f6flicher Empfang am \u00fcbersichtlichen Haupteingang, ein helles Wartezimmer ohne Gedr\u00e4nge, ein Untersuchungstermin zum vereinbarten Zeitpunkt in einer modernen und angenehm ausgestatteten Klinik, eine freundliche Krankenschwester, die mich mit Namen kennt, ein entspannter und hochprofessioneller Arzt, der sich Zeit nimmt, mir zuzuh\u00f6ren und mich zu behandeln. Im selben Geb\u00e4ude kann ich auch ein Labor und viele andere Gesundheitsdienstleistungen in Anspruch nehmen. Bestellungen, \u00dcberweisungen, Rezepte, Beratungen kann ich per E-Mail oder Telefon vereinbaren, wo immer jemand antwortet... Das hochwertige System von MD Medicine dient nicht nur der Gesundheit des Patienten, sondern auch seiner W\u00fcrde.\n<\/div>\n<\/div><div class=\"bde-div-1251-170-1251-1 bde-div bde-div-1251-170\">\n  \n  \n\t\n\n\n\n<div class=\"bde-text-1251-171-1251-1 bde-text bde-text-1251-171\">\nMaja Ivanic\n<\/div>\n<\/div>\r\n<\/div><\/div>\n    <\/div>\n  <\/div>\n\n              <div class=\"swiper-button-prev\">\n            <svg xmlns=\"http:\/\/www.w3.org\/2000\/svg\" width=\"40\" height=\"40\" viewbox=\"0 0 40 40\" fill=\"none\">\r\n<rect x=\"40\" y=\"40\" width=\"40\" height=\"40\" rx=\"8\" transform=\"rotate(-180 40 40)\" fill=\"#001F3F\"\/>\r\n<path d=\"M20.1733 26.1792L13.7003 20.0004L20.1733 13.8216\" stroke=\"white\" stroke-width=\"1.3125\" stroke-linecap=\"round\" stroke-linejoin=\"round\"\/>\r\n<path d=\"M13.7004 20.0005H26.3003\" stroke=\"white\" stroke-width=\"1.3125\" stroke-linecap=\"round\" stroke-linejoin=\"round\"\/>\r\n<\/svg>\n        <\/div>\n        <div class=\"swiper-button-next\">\n            <svg xmlns=\"http:\/\/www.w3.org\/2000\/svg\" width=\"40\" height=\"40\" viewbox=\"0 0 40 40\" fill=\"none\">\r\n<rect width=\"40\" height=\"40\" rx=\"8\" fill=\"#001F3F\"\/>\r\n<path d=\"M19.8267 13.8208L26.2997 19.9996L19.8267 26.1784\" stroke=\"white\" stroke-width=\"1.3125\" stroke-linecap=\"round\" stroke-linejoin=\"round\"\/>\r\n<path d=\"M26.2996 19.9995L13.6997 19.9995\" stroke=\"white\" stroke-width=\"1.3125\" stroke-linecap=\"round\" stroke-linejoin=\"round\"\/>\r\n<\/svg>\n        <\/div>\n    \n    \n<\/div>\n\n<\/div><\/div><h2 class=\"bde-heading-619-207 bde-heading\">\nH\u00e4ufig gestellte Fragen\n<\/h2><div class=\"bde-text-619-208 bde-text\">\nLorem ipsum dolor sit amet consectetur adipiscing eli mattis sit Phasellus mollis sit aliquam sit nullam.\n<\/div><div class=\"bde-accordion-619-209 bde-accordion bde-accordion--pills\"><div class=\"bde-accordion__content-wrapper-619-210 bde-accordion__content-wrapper\">\n<h3 class=\"bde-accordion__title-tag\">\n  <button type=\"button\" class=\"bde-accordion__button\" id=\"accordion-button-210\" aria-controls=\"accordion-panel-210\" aria-expanded=\"false\">\n     <span class=\"bde-accordion__title\" >Lorem ipsum dolor sit amet consectetur.<\/span>\n     <span class=\"bde-accordion__icon bde-accordion__icon--default\"><\/span>\n     <span class=\"bde-accordion__icon bde-accordion__icon--active\"><\/span>\n  <\/button>\n<\/h3>\n\n<div role=\"region\" class=\"bde-accordion__panel\" id=\"accordion-panel-210\" aria-labelledby=\"accordion-button-210\">\n    <div class=\"bde-accordion__panel-content\">\n        <div class=\"bde-text-619-211 bde-text\">\nLorem ipsum dolor sit amet, consectetur cdolor col adipiscing elit. Integer Mattis nunc augue vel lacinia erat euismod ut. Sed eleifend tellus nonole tincidunt aliquet. Fusce aliquam mi felis.\n<\/div>\n    <\/div>\n<\/div>\n\n\n\n<\/div><div class=\"bde-accordion__content-wrapper-619-212 bde-accordion__content-wrapper\">\n<h3 class=\"bde-accordion__title-tag\">\n  <button type=\"button\" class=\"bde-accordion__button\" id=\"accordion-button-212\" aria-controls=\"accordion-panel-212\" aria-expanded=\"false\">\n     <span class=\"bde-accordion__title\" >Welche Faktoren beeinflussen die Kosten f\u00fcr Webdesign?<\/span>\n     <span class=\"bde-accordion__icon bde-accordion__icon--default\"><\/span>\n     <span class=\"bde-accordion__icon bde-accordion__icon--active\"><\/span>\n  <\/button>\n<\/h3>\n\n<div role=\"region\" class=\"bde-accordion__panel\" id=\"accordion-panel-212\" aria-labelledby=\"accordion-button-212\">\n    <div class=\"bde-accordion__panel-content\">\n        <div class=\"bde-text-619-213 bde-text\">\nLorem ipsum dolor sit amet, consectetur cdolor col adipiscing elit. Integer Mattis nunc augue vel lacinia erat euismod ut. Sed eleifend tellus nonole tincidunt aliquet. Fusce aliquam mi felis.\n<\/div>\n    <\/div>\n<\/div>\n\n\n\n<\/div><div class=\"bde-accordion__content-wrapper-619-214 bde-accordion__content-wrapper\">\n<h3 class=\"bde-accordion__title-tag\">\n  <button type=\"button\" class=\"bde-accordion__button\" id=\"accordion-button-214\" aria-controls=\"accordion-panel-214\" aria-expanded=\"false\">\n     <span class=\"bde-accordion__title\" >Lorem ipsum dolor sit amet consectetur.<\/span>\n     <span class=\"bde-accordion__icon bde-accordion__icon--default\"><\/span>\n     <span class=\"bde-accordion__icon bde-accordion__icon--active\"><\/span>\n  <\/button>\n<\/h3>\n\n<div role=\"region\" class=\"bde-accordion__panel\" id=\"accordion-panel-214\" aria-labelledby=\"accordion-button-214\">\n    <div class=\"bde-accordion__panel-content\">\n        <div class=\"bde-text-619-215 bde-text\">\nLorem ipsum dolor sit amet, consectetur cdolor col adipiscing elit. Integer Mattis nunc augue vel lacinia erat euismod ut. Sed eleifend tellus nonole tincidunt aliquet. Fusce aliquam mi felis.\n<\/div>\n    <\/div>\n<\/div>\n\n\n\n<\/div><div class=\"bde-accordion__content-wrapper-619-216 bde-accordion__content-wrapper\">\n<h3 class=\"bde-accordion__title-tag\">\n  <button type=\"button\" class=\"bde-accordion__button\" id=\"accordion-button-216\" aria-controls=\"accordion-panel-216\" aria-expanded=\"false\">\n     <span class=\"bde-accordion__title\" >Lorem ipsum dolor sit amet consectetur.<\/span>\n     <span class=\"bde-accordion__icon bde-accordion__icon--default\"><\/span>\n     <span class=\"bde-accordion__icon bde-accordion__icon--active\"><\/span>\n  <\/button>\n<\/h3>\n\n<div role=\"region\" class=\"bde-accordion__panel\" id=\"accordion-panel-216\" aria-labelledby=\"accordion-button-216\">\n    <div class=\"bde-accordion__panel-content\">\n        <div class=\"bde-text-619-217 bde-text\">\nLorem ipsum dolor sit amet, consectetur cdolor col adipiscing elit. Integer Mattis nunc augue vel lacinia erat euismod ut. Sed eleifend tellus nonole tincidunt aliquet. Fusce aliquam mi felis.\n<\/div>\n    <\/div>\n<\/div>\n\n\n\n<\/div><div class=\"bde-accordion__content-wrapper-619-218 bde-accordion__content-wrapper\">\n<h3 class=\"bde-accordion__title-tag\">\n  <button type=\"button\" class=\"bde-accordion__button\" id=\"accordion-button-218\" aria-controls=\"accordion-panel-218\" aria-expanded=\"false\">\n     <span class=\"bde-accordion__title\" >Lorem ipsum dolor sit amet consectetur.<\/span>\n     <span class=\"bde-accordion__icon bde-accordion__icon--default\"><\/span>\n     <span class=\"bde-accordion__icon bde-accordion__icon--active\"><\/span>\n  <\/button>\n<\/h3>\n\n<div role=\"region\" class=\"bde-accordion__panel\" id=\"accordion-panel-218\" aria-labelledby=\"accordion-button-218\">\n    <div class=\"bde-accordion__panel-content\">\n        <div class=\"bde-text-619-219 bde-text\">\nLorem ipsum dolor sit amet, consectetur cdolor col adipiscing elit. Integer Mattis nunc augue vel lacinia erat euismod ut. Sed eleifend tellus nonole tincidunt aliquet. Fusce aliquam mi felis.\n<\/div>\n    <\/div>\n<\/div>\n\n\n\n<\/div>\r\n\r\n<\/div><\/div>\n<\/section>","protected":false},"excerpt":{"rendered":"<p>Nazaj na nevrolo\u0161ko ambulanto Elektromiografija (EMG) Elektromiografija (EMG) sodi med nevrofiziolo\u0161ke preiskave, s katerimi ocenjujemo delovanje mi\u0161i\u010dnih in \u017eiv\u010dnih vlaken. Z njeno pomo\u010djo lahko ocenimo morebitno prizadetost \u017eiv\u010dnih korenin ob hrbtenici, t.i. perifernih \u017eiv\u010dnih vlaken v okon\u010dinah ali na obrazu ter mi\u0161i\u010dnih vlaken. Preiskavo izvaja specialist nevrolog s posebnimi znanji iz elektromiografije, lahko v sodelovanju [&hellip;]<\/p>\n","protected":false},"author":1,"featured_media":0,"parent":616,"menu_order":0,"comment_status":"closed","ping_status":"closed","template":"","meta":{"_acf_changed":false,"inline_featured_image":false,"_breakdance_hide_in_design_set":false,"_breakdance_tags":"","footnotes":""},"class_list":["post-619","page","type-page","status-publish","hentry"],"acf":[],"yoast_head":"<!-- This site is optimized with the Yoast SEO plugin v27.3 - https:\/\/yoast.com\/product\/yoast-seo-wordpress\/ -->\n<title>Elektromiografija (EMG) | MD medicina<\/title>\n<meta name=\"description\" content=\"Preiskava elektromiografija (EMG) v MD Medicina hitro odkrije vzroke mravljin\u010denja. Pridite na vrsto v 1\u20132 tednih in prejmite izvid takoj.\" \/>\n<meta name=\"robots\" content=\"index, follow, max-snippet:-1, max-image-preview:large, max-video-preview:-1\" \/>\n<link rel=\"canonical\" href=\"https:\/\/md-medicina.si\/de\/ambulantne-dejavnosti\/specialisticne-ambulante\/nevroloska-ambulanta\/elektromiografija\/\" \/>\n<meta property=\"og:locale\" content=\"de_DE\" \/>\n<meta property=\"og:type\" content=\"article\" \/>\n<meta property=\"og:title\" content=\"Elektromiografija (EMG) | MD medicina\" \/>\n<meta property=\"og:description\" content=\"Preiskava elektromiografija (EMG) v MD Medicina hitro odkrije vzroke mravljin\u010denja. Pridite na vrsto v 1\u20132 tednih in prejmite izvid takoj.\" \/>\n<meta property=\"og:url\" content=\"https:\/\/md-medicina.si\/de\/ambulantne-dejavnosti\/specialisticne-ambulante\/nevroloska-ambulanta\/elektromiografija\/\" \/>\n<meta property=\"og:site_name\" content=\"MD medicina\" \/>\n<meta property=\"article:modified_time\" content=\"2026-03-23T16:42:36+00:00\" \/>\n<meta name=\"twitter:card\" content=\"summary_large_image\" \/>\n<meta name=\"twitter:label1\" content=\"Gesch\u00e4tzte Lesezeit\" \/>\n\t<meta name=\"twitter:data1\" content=\"20\u00a0Minuten\" \/>\n<script type=\"application\/ld+json\" class=\"yoast-schema-graph\">{\"@context\":\"https:\\\/\\\/schema.org\",\"@graph\":[{\"@type\":\"WebPage\",\"@id\":\"https:\\\/\\\/md-medicina.si\\\/ambulantne-dejavnosti\\\/specialisticne-ambulante\\\/nevroloska-ambulanta\\\/elektromiografija\\\/\",\"url\":\"https:\\\/\\\/md-medicina.si\\\/ambulantne-dejavnosti\\\/specialisticne-ambulante\\\/nevroloska-ambulanta\\\/elektromiografija\\\/\",\"name\":\"Elektromiografija (EMG) | MD medicina\",\"isPartOf\":{\"@id\":\"https:\\\/\\\/md-medicina.si\\\/en\\\/#website\"},\"datePublished\":\"2025-04-29T17:26:35+00:00\",\"dateModified\":\"2026-03-23T16:42:36+00:00\",\"description\":\"Preiskava elektromiografija (EMG) v MD Medicina hitro odkrije vzroke mravljin\u010denja. Pridite na vrsto v 1\u20132 tednih in prejmite izvid takoj.\",\"breadcrumb\":{\"@id\":\"https:\\\/\\\/md-medicina.si\\\/ambulantne-dejavnosti\\\/specialisticne-ambulante\\\/nevroloska-ambulanta\\\/elektromiografija\\\/#breadcrumb\"},\"inLanguage\":\"de\",\"potentialAction\":[{\"@type\":\"ReadAction\",\"target\":[\"https:\\\/\\\/md-medicina.si\\\/ambulantne-dejavnosti\\\/specialisticne-ambulante\\\/nevroloska-ambulanta\\\/elektromiografija\\\/\"]}]},{\"@type\":\"BreadcrumbList\",\"@id\":\"https:\\\/\\\/md-medicina.si\\\/ambulantne-dejavnosti\\\/specialisticne-ambulante\\\/nevroloska-ambulanta\\\/elektromiografija\\\/#breadcrumb\",\"itemListElement\":[{\"@type\":\"ListItem\",\"position\":1,\"name\":\"Home\",\"item\":\"https:\\\/\\\/md-medicina.si\\\/\"},{\"@type\":\"ListItem\",\"position\":2,\"name\":\"Ambulantne dejavnosti\",\"item\":\"https:\\\/\\\/md-medicina.si\\\/ambulantne-dejavnosti\\\/\"},{\"@type\":\"ListItem\",\"position\":3,\"name\":\"Specialisti\u010dne ambulante\",\"item\":\"https:\\\/\\\/md-medicina.si\\\/ambulantne-dejavnosti\\\/specialisticne-ambulante\\\/\"},{\"@type\":\"ListItem\",\"position\":4,\"name\":\"Nevrolo\u0161ka ambulanta\",\"item\":\"https:\\\/\\\/md-medicina.si\\\/ambulantne-dejavnosti\\\/specialisticne-ambulante\\\/nevroloska-ambulanta\\\/\"},{\"@type\":\"ListItem\",\"position\":5,\"name\":\"Elektromiografija (EMG)\"}]},{\"@type\":\"WebSite\",\"@id\":\"https:\\\/\\\/md-medicina.si\\\/en\\\/#website\",\"url\":\"https:\\\/\\\/md-medicina.si\\\/en\\\/\",\"name\":\"MD medicina\",\"description\":\"Vse za va\u0161e zdravje.\",\"potentialAction\":[{\"@type\":\"SearchAction\",\"target\":{\"@type\":\"EntryPoint\",\"urlTemplate\":\"https:\\\/\\\/md-medicina.si\\\/en\\\/?s={search_term_string}\"},\"query-input\":{\"@type\":\"PropertyValueSpecification\",\"valueRequired\":true,\"valueName\":\"search_term_string\"}}],\"inLanguage\":\"de\"}]}<\/script>\n<!-- \/ Yoast SEO plugin. -->","yoast_head_json":{"title":"Elektromiografija (EMG) | MD medicina","description":"Preiskava elektromiografija (EMG) v MD Medicina hitro odkrije vzroke mravljin\u010denja. Pridite na vrsto v 1\u20132 tednih in prejmite izvid takoj.","robots":{"index":"index","follow":"follow","max-snippet":"max-snippet:-1","max-image-preview":"max-image-preview:large","max-video-preview":"max-video-preview:-1"},"canonical":"https:\/\/md-medicina.si\/de\/ambulantne-dejavnosti\/specialisticne-ambulante\/nevroloska-ambulanta\/elektromiografija\/","og_locale":"de_DE","og_type":"article","og_title":"Elektromiografija (EMG) | MD medicina","og_description":"Preiskava elektromiografija (EMG) v MD Medicina hitro odkrije vzroke mravljin\u010denja. Pridite na vrsto v 1\u20132 tednih in prejmite izvid takoj.","og_url":"https:\/\/md-medicina.si\/de\/ambulantne-dejavnosti\/specialisticne-ambulante\/nevroloska-ambulanta\/elektromiografija\/","og_site_name":"MD medicina","article_modified_time":"2026-03-23T16:42:36+00:00","twitter_card":"summary_large_image","twitter_misc":{"Gesch\u00e4tzte Lesezeit":"20\u00a0Minuten"},"schema":{"@context":"https:\/\/schema.org","@graph":[{"@type":"WebPage","@id":"https:\/\/md-medicina.si\/ambulantne-dejavnosti\/specialisticne-ambulante\/nevroloska-ambulanta\/elektromiografija\/","url":"https:\/\/md-medicina.si\/ambulantne-dejavnosti\/specialisticne-ambulante\/nevroloska-ambulanta\/elektromiografija\/","name":"Elektromiografija (EMG) | MD medicina","isPartOf":{"@id":"https:\/\/md-medicina.si\/en\/#website"},"datePublished":"2025-04-29T17:26:35+00:00","dateModified":"2026-03-23T16:42:36+00:00","description":"Preiskava elektromiografija (EMG) v MD Medicina hitro odkrije vzroke mravljin\u010denja. Pridite na vrsto v 1\u20132 tednih in prejmite izvid takoj.","breadcrumb":{"@id":"https:\/\/md-medicina.si\/ambulantne-dejavnosti\/specialisticne-ambulante\/nevroloska-ambulanta\/elektromiografija\/#breadcrumb"},"inLanguage":"de","potentialAction":[{"@type":"ReadAction","target":["https:\/\/md-medicina.si\/ambulantne-dejavnosti\/specialisticne-ambulante\/nevroloska-ambulanta\/elektromiografija\/"]}]},{"@type":"BreadcrumbList","@id":"https:\/\/md-medicina.si\/ambulantne-dejavnosti\/specialisticne-ambulante\/nevroloska-ambulanta\/elektromiografija\/#breadcrumb","itemListElement":[{"@type":"ListItem","position":1,"name":"Home","item":"https:\/\/md-medicina.si\/"},{"@type":"ListItem","position":2,"name":"Ambulantne dejavnosti","item":"https:\/\/md-medicina.si\/ambulantne-dejavnosti\/"},{"@type":"ListItem","position":3,"name":"Specialisti\u010dne ambulante","item":"https:\/\/md-medicina.si\/ambulantne-dejavnosti\/specialisticne-ambulante\/"},{"@type":"ListItem","position":4,"name":"Nevrolo\u0161ka ambulanta","item":"https:\/\/md-medicina.si\/ambulantne-dejavnosti\/specialisticne-ambulante\/nevroloska-ambulanta\/"},{"@type":"ListItem","position":5,"name":"Elektromiografija (EMG)"}]},{"@type":"WebSite","@id":"https:\/\/md-medicina.si\/en\/#website","url":"https:\/\/md-medicina.si\/en\/","name":"MD medicina","description":"Alles f\u00fcr Ihre Gesundheit.","potentialAction":[{"@type":"SearchAction","target":{"@type":"EntryPoint","urlTemplate":"https:\/\/md-medicina.si\/en\/?s={search_term_string}"},"query-input":{"@type":"PropertyValueSpecification","valueRequired":true,"valueName":"search_term_string"}}],"inLanguage":"de"}]}},"_links":{"self":[{"href":"https:\/\/md-medicina.si\/de\/wp-json\/wp\/v2\/pages\/619","targetHints":{"allow":["GET"]}}],"collection":[{"href":"https:\/\/md-medicina.si\/de\/wp-json\/wp\/v2\/pages"}],"about":[{"href":"https:\/\/md-medicina.si\/de\/wp-json\/wp\/v2\/types\/page"}],"author":[{"embeddable":true,"href":"https:\/\/md-medicina.si\/de\/wp-json\/wp\/v2\/users\/1"}],"replies":[{"embeddable":true,"href":"https:\/\/md-medicina.si\/de\/wp-json\/wp\/v2\/comments?post=619"}],"version-history":[{"count":12,"href":"https:\/\/md-medicina.si\/de\/wp-json\/wp\/v2\/pages\/619\/revisions"}],"predecessor-version":[{"id":2309,"href":"https:\/\/md-medicina.si\/de\/wp-json\/wp\/v2\/pages\/619\/revisions\/2309"}],"up":[{"embeddable":true,"href":"https:\/\/md-medicina.si\/de\/wp-json\/wp\/v2\/pages\/616"}],"wp:attachment":[{"href":"https:\/\/md-medicina.si\/de\/wp-json\/wp\/v2\/media?parent=619"}],"curies":[{"name":"wp","href":"https:\/\/api.w.org\/{rel}","templated":true}]}}