{"id":382,"date":"2025-04-25T09:10:52","date_gmt":"2025-04-25T09:10:52","guid":{"rendered":"https:\/\/md-medicina.si\/?page_id=382"},"modified":"2026-03-23T15:47:22","modified_gmt":"2026-03-23T15:47:22","slug":"ambulanta-za-anesteziologijo","status":"publish","type":"page","link":"https:\/\/md-medicina.si\/de\/ambulantne-dejavnosti\/specialisticne-ambulante\/ambulanta-za-anesteziologijo\/","title":{"rendered":"An\u00e4sthesiologische Ambulanz"},"content":{"rendered":"<section class=\"bde-section-382-100 bde-section\">\n              \n  \n  \n\t\n\n\n\n        <div class=\"section-shape-divider-wrapper section-shape-divider-wrapper--1\">\n          <span class=\"section-shape-divider\">\n                      <svg width=\"100%\" height=\"80%\" id=\"svg\" viewbox=\"0 0 1440 350\" xmlns=\"http:\/\/www.w3.org\/2000\/svg\" preserveaspectratio=\"none\" class=\"transition duration-300 ease-in-out delay-150\"><path d=\"M 0,600 L 0,225 C 185.59999999999997,169.8 371.19999999999993,114.6 542,146 C 712.8000000000001,177.4 868.8,295.4 1016,323 C 1163.2,350.6 1301.6,287.8 1440,225 L 1440,600 L 0,600 Z\" stroke=\"none\" stroke-width=\"0\" fill=\"white\" fill-opacity=\"1\" class=\"transition-all duration-300 ease-in-out delay-150 path-0\"><\/path><\/svg>\n                    <\/span>\n      <\/div>\n  <div class=\"section-container\"><div class=\"bde-columns-382-101 bde-columns\"><div class=\"bde-column-382-102 bde-column\">\n  \n  \n\t\n\n\n\n<div class=\"bde-button-382-103 bde-button\">\n    \n                        \n                        \n    \n    \n    \n    \n            \n                    \n            \n            \n\n    \n    \n    \n    \n    \n    <a class=\"breakdance-link button-atom button-atom--custom bde-button__button\" href=\"\/de\/ambulantne-dejavnosti\/\" target=\"_self\" data-type=\"url\"  >\n\n    \n        <span class=\"button-atom__text\">Zur\u00fcck zu den ambulanten Aktivit\u00e4ten<\/span>\n\n                            \n        \n                <\/a>\n\n    \n\n\n<\/div><img decoding=\"async\" class=\"bde-image2-382-104 bde-image2\" src=\"https:\/\/md-medicina.si\/wp-content\/uploads\/2025\/05\/anesteziologija-1.webp\" loading=\"lazy\" srcset=\"https:\/\/md-medicina.si\/wp-content\/uploads\/2025\/05\/anesteziologija-1.webp 1100w, https:\/\/md-medicina.si\/wp-content\/uploads\/2025\/05\/anesteziologija-1-300x200.webp 300w, https:\/\/md-medicina.si\/wp-content\/uploads\/2025\/05\/anesteziologija-1-1024x682.webp 1024w, https:\/\/md-medicina.si\/wp-content\/uploads\/2025\/05\/anesteziologija-1-768x512.webp 768w\" sizes=\"(max-width: 1100px) 100vw, 1100px\">\n<\/div><div class=\"bde-column-382-105 bde-column\">\n  \n  \n\t\n\n\n\n<h1 class=\"bde-heading-382-106 bde-heading\">\nAn\u00e4sthesiologische Ambulanz\n<\/h1><div class=\"bde-text-382-107 bde-text\">\nDie An\u00e4sthesiologie ist ein Zweig der Medizin, der sich mit der umfassenden Patientenversorgung w\u00e4hrend der Operationsvorbereitung, w\u00e4hrend des Eingriffs selbst und danach, einschlie\u00dflich der Schmerzlinderung, befasst. Die An\u00e4sthesie wird unter der Leitung eines An\u00e4sthesisten mit Unterst\u00fctzung einer An\u00e4sthesiepflegekraft durchgef\u00fchrt. Ein An\u00e4sthesist ist ein Facharzt, der Narkose verabreicht, lebensbedrohliche Patienten auf Intensivstationen behandelt, akute und chronische Schmerzen behandelt und an der Versorgung schwerverletzter Patienten beteiligt ist.\n<\/div><div class=\"bde-div-382-114 bde-div\">\n  \n  \n\t\n\n\n\n<div class=\"bde-button-382-115 bde-button\">\n    \n                                    \n    \n    \n    \n    \n            \n                    \n            \n            \n\n    \n    \n    \n    \n    \n    <a class=\"breakdance-link button-atom button-atom--primary bde-button__button\" href=\"\/de\/ambulantne-dejavnosti\/specialisticne-ambulante\/ambulanta-za-anesteziologijo\/#podrocja-dela\" target=\"_self\" data-type=\"url\"  >\n\n    \n        <span class=\"button-atom__text\">Arbeitsbereiche anzeigen<\/span>\n\n        \n        \n                <\/a>\n\n    \n\n\n<\/div>\n<\/div>\n<\/div><\/div><div class=\"bde-columns-382-117 bde-columns\"><div class=\"bde-column-382-118 bde-column\">\n  \n  \n\t\n\n\n\n<h3 class=\"bde-heading-382-119 bde-heading\">\nOder Stra\u00dfenh\u00e4ndler\n<\/h3><div class=\"bde-text-382-120 bde-text\">\nDie An\u00e4sthesiologie ist ein Zweig der Medizin, der sich mit der umfassenden Patientenversorgung w\u00e4hrend der Operationsvorbereitung, w\u00e4hrend des Eingriffs selbst und danach, einschlie\u00dflich der Schmerzlinderung, befasst. Die An\u00e4sthesie wird unter der Leitung eines An\u00e4sthesisten mit Unterst\u00fctzung einer An\u00e4sthesiepflegekraft durchgef\u00fchrt. Ein An\u00e4sthesist ist ein Facharzt, der Narkose verabreicht, lebensbedrohliche Patienten auf Intensivstationen behandelt, akute und chronische Schmerzen behandelt und an der Versorgung schwerverletzter Patienten beteiligt ist.\n<\/div>\n<\/div><div class=\"bde-column-382-121 bde-column\">\n  \n  \n\t\n\n\n\n<img decoding=\"async\" class=\"bde-image2-382-208 bde-image2\" src=\"https:\/\/md-medicina.si\/wp-content\/uploads\/2025\/05\/image-13.jpg\" loading=\"lazy\" srcset=\"https:\/\/md-medicina.si\/wp-content\/uploads\/2025\/05\/image-13.jpg 500w, https:\/\/md-medicina.si\/wp-content\/uploads\/2025\/05\/image-13-300x180.jpg 300w\" sizes=\"(max-width: 500px) 100vw, 500px\">\n<\/div><\/div><div class=\"bde-columns-382-202 bde-columns\"><div class=\"bde-column-382-203 bde-column\">\n  \n  \n\t\n\n\n\n<div class=\"bde-text-382-205 bde-text\">\nDer Patient trifft sich einige Tage vor der Operation mit dem An\u00e4sthesisten in der An\u00e4sthesiesprechstunde. Dort erkundigt sich der An\u00e4sthesist nach dem allgemeinen Gesundheitszustand des Patienten, fr\u00fcheren und aktuellen Erkrankungen, Allergien und regelm\u00e4\u00dfigen Therapien und gibt dem Patienten weitere Anweisungen zur Vorbereitung auf die Narkose (einschlie\u00dflich der Einnahme regelm\u00e4\u00dfig eingenommener Medikamente). Vor der Wahl der Narkosemethode erl\u00e4utert der An\u00e4sthesist dem Patienten die M\u00f6glichkeiten und Vorteile der einzelnen Narkosearten in Abh\u00e4ngigkeit von der geplanten Operation und seinem Gesundheitszustand. Anschlie\u00dfend wird gem\u00e4\u00df den W\u00fcnschen des Patienten die sicherste Narkosemethode vereinbart. Am Tag der Operation wird der Patient vom An\u00e4sthesisten und einer An\u00e4sthesiepflegekraft in Empfang genommen, die den Patienten auf die Operation vorbereiten, die Narkose durchf\u00fchren und w\u00e4hrend des gesamten Eingriffs f\u00fcr seine Sicherheit sorgen. Der An\u00e4sthesist sorgt auch nach der Operation f\u00fcr Schmerzlinderung, in der Regel durch die Verabreichung von Medikamenten in eine Vene oder durch die Blockierung bestimmter Nerven.\n<\/div>\n<\/div><div class=\"bde-column-382-206 bde-column\">\n  \n  \n\t\n\n\n\n<div class=\"bde-text-382-207 bde-text\">\nNarkose ist ein Zustand, in dem der Patient w\u00e4hrend der Operation keine Schmerzen versp\u00fcrt. Es gibt verschiedene Arten der Narkose: Allgemeinan\u00e4sthesie (der Patient schl\u00e4ft), Regionalan\u00e4sthesie (nur ein bestimmter K\u00f6rperteil wird bet\u00e4ubt, der Patient ist jedoch wach oder sediert) oder eine Kombination aus beiden. Die Wahl der Narkose h\u00e4ngt vom geplanten chirurgischen Eingriff, dem Allgemeinzustand des Patienten und seinen Begleiterkrankungen ab. Das Hauptziel der Narkose ist eine sichere Operationsumgebung, in der der Patient keine Schmerzen versp\u00fcrt, sich nicht bewegt und alle Vitalfunktionen (Blutdruck, Herzfrequenz und Blutsauerstoffkonzentration) im Normbereich liegen. Alle seine Vitalfunktionen werden w\u00e4hrend des Eingriffs sorgf\u00e4ltig \u00fcberwacht und reguliert, damit der Chirurg optimale Bedingungen f\u00fcr die Durchf\u00fchrung der Operation hat. Der An\u00e4sthesist und die An\u00e4sthesiepflegekraft gew\u00e4hrleisten w\u00e4hrend der gesamten Operation die Sicherheit des Patienten, \u00fcberwachen und regulieren die normale Funktion lebenswichtiger Organe und ersetzen verlorene Fl\u00fcssigkeiten.\n<\/div>\n<\/div><\/div><\/div>\n<\/section><section id=\"podrocja-dela\" class=\"bde-section-382-209 bde-section\">\n  \n  \n\t\n\n\n\n<div class=\"section-container\"><h2 class=\"bde-heading-382-210 bde-heading\">\nArbeitsbereiche\n<\/h2><div class=\"bde-text-382-211 bde-text\">\nin der Ambulanz f\u00fcr An\u00e4sthesie\n<\/div><div class=\"bde-grid-382-212 bde-grid\">\n  \n  \n\t\n\n\n\n<div class=\"bde-div-382-213 bde-div\">\n  \n  \n\t\n\n\n\n<div class=\"bde-div-382-302 bde-div\">\n  \n  \n\t\n\n\n\n<div class=\"bde-icon-382-214 bde-icon\">\n\n    \n            <div class=\"bde-icon-icon breakdance-icon-atom\" >\n    \n                    <svg xmlns=\"http:\/\/www.w3.org\/2000\/svg\" width=\"25\" height=\"24\" viewbox=\"0 0 25 24\" fill=\"none\">\r\n<path d=\"M12.0898 22C17.6127 22 22.0898 17.5228 22.0898 12C22.0898 6.47715 17.6127 2 12.0898 2C6.567 2 2.08984 6.47715 2.08984 12C2.08984 17.5228 6.567 22 12.0898 22Z\" stroke=\"#007CB6\" stroke-width=\"2\" stroke-linecap=\"round\" stroke-linejoin=\"round\"\/>\r\n<path d=\"M9.08984 12L11.0898 14L15.0898 10\" stroke=\"#007CB6\" stroke-width=\"2\" stroke-linecap=\"round\" stroke-linejoin=\"round\"\/>\r\n<\/svg>\n        \n        \n        \n            <\/div>\n    \n\n\n<\/div><div class=\"bde-text-382-215 bde-text\">\nAn\u00e4sthesiologische Ambulanz\n<\/div><div class=\"bde-rich-text-382-216 bde-rich-text breakdance-rich-text-styles\">\n<p>Bei MD medicina treffen Sie sich einige Tage vor der Operation in der pr\u00e4operativen An\u00e4sthesiesprechstunde mit einem An\u00e4sthesisten. Zusammen mit der Einladung zur An\u00e4sthesieuntersuchung erhalten Sie auch alle notwendigen Hinweise f\u00fcr Ihren pers\u00f6nlichen Arzt, welche Untersuchungen Sie je nach Alter, Begleiterkrankungen und Art der Operation vor der Operation bzw. Narkose ben\u00f6tigen. Die Ergebnisse der genannten Untersuchungen bringen Sie dann zur An\u00e4sthesieuntersuchung mit.<\/p>\n<\/div>\n<\/div><div class=\"bde-div-382-267 bde-div\">\n  \n  \n\t\n\n\n\n<a class=\"bde-container-link-382-269 bde-container-link oglej breakdance-link\" href=\"\/de\/ambulantne-dejavnosti\/specialisticne-ambulante\/ambulanta-za-anesteziologijo\/anestezioloska-ambulanta\/\" target=\"_self\" data-type=\"url\">\n  \n  \n\t\n\n\n\n<div class=\"bde-text-382-270 bde-text\">\nMehr erfahren\n<\/div><div class=\"bde-icon-382-271 bde-icon ikona\">\n\n    \n            <div class=\"bde-icon-icon breakdance-icon-atom\" >\n    \n                    <svg xmlns=\"http:\/\/www.w3.org\/2000\/svg\" width=\"27\" height=\"24\" viewbox=\"0 0 27 24\" fill=\"none\">\r\n<rect x=\"0.981201\" width=\"25.9587\" height=\"24\" rx=\"4\" fill=\"#001F3F\"\/>\r\n<path d=\"M13.8657 7.88086L18.1811 12.0001L13.8657 16.1193\" stroke=\"white\" stroke-width=\"1.5\" stroke-linecap=\"round\" stroke-linejoin=\"round\"\/>\r\n<path d=\"M18.1812 12L9.78125 12\" stroke=\"white\" stroke-width=\"1.5\" stroke-linecap=\"round\" stroke-linejoin=\"round\"\/>\r\n<\/svg>\n        \n        \n        \n            <\/div>\n    \n\n\n<\/div>\n\n<\/a>\n<\/div>\n<\/div><div class=\"bde-div-382-217 bde-div\">\n  \n  \n\t\n\n\n\n<div class=\"bde-div-382-303 bde-div\">\n  \n  \n\t\n\n\n\n<div class=\"bde-icon-382-218 bde-icon\">\n\n    \n            <div class=\"bde-icon-icon breakdance-icon-atom\" >\n    \n                    <svg xmlns=\"http:\/\/www.w3.org\/2000\/svg\" width=\"25\" height=\"24\" viewbox=\"0 0 25 24\" fill=\"none\">\r\n<path d=\"M12.0898 22C17.6127 22 22.0898 17.5228 22.0898 12C22.0898 6.47715 17.6127 2 12.0898 2C6.567 2 2.08984 6.47715 2.08984 12C2.08984 17.5228 6.567 22 12.0898 22Z\" stroke=\"#007CB6\" stroke-width=\"2\" stroke-linecap=\"round\" stroke-linejoin=\"round\"\/>\r\n<path d=\"M9.08984 12L11.0898 14L15.0898 10\" stroke=\"#007CB6\" stroke-width=\"2\" stroke-linecap=\"round\" stroke-linejoin=\"round\"\/>\r\n<\/svg>\n        \n        \n        \n            <\/div>\n    \n\n\n<\/div><div class=\"bde-text-382-219 bde-text\">\nPatientenaufnahme in den Operationssaal und \u00dcberwachung w\u00e4hrend der Narkose\n<\/div><div class=\"bde-rich-text-382-259 bde-rich-text breakdance-rich-text-styles\">\n<p>Vor dem Betreten des Operationssaals muss der Patient Brille, Kontaktlinsen, Zahnersatz und s\u00e4mtlichen Schmuck ablegen. Bei der Aufnahme in den Operationssaal wird dem Patienten eine Blutdruckmanschette angelegt, EKG-Elektroden werden an der Brust befestigt, um die Herzfrequenz zu \u00fcberwachen, und ein Fingerclip (Pulsoximeter) wird am Finger des Patienten angebracht, um die Blutsauerstoffs\u00e4ttigung zu messen.<\/p>\n<\/div>\n<\/div><div class=\"bde-div-382-272 bde-div\">\n  \n  \n\t\n\n\n\n<a class=\"bde-container-link-382-274 bde-container-link oglej breakdance-link\" href=\"\/de\/ambulantne-dejavnosti\/specialisticne-ambulante\/ambulanta-za-anesteziologijo\/sprejem-pacienta-v-operacijsko-dvorano-in-monitoring-med-anestezijo\/\" target=\"_self\" data-type=\"url\">\n  \n  \n\t\n\n\n\n<div class=\"bde-text-382-275 bde-text\">\nMehr erfahren\n<\/div><div class=\"bde-icon-382-276 bde-icon ikona\">\n\n    \n            <div class=\"bde-icon-icon breakdance-icon-atom\" >\n    \n                    <svg xmlns=\"http:\/\/www.w3.org\/2000\/svg\" width=\"27\" height=\"24\" viewbox=\"0 0 27 24\" fill=\"none\">\r\n<rect x=\"0.981201\" width=\"25.9587\" height=\"24\" rx=\"4\" fill=\"#001F3F\"\/>\r\n<path d=\"M13.8657 7.88086L18.1811 12.0001L13.8657 16.1193\" stroke=\"white\" stroke-width=\"1.5\" stroke-linecap=\"round\" stroke-linejoin=\"round\"\/>\r\n<path d=\"M18.1812 12L9.78125 12\" stroke=\"white\" stroke-width=\"1.5\" stroke-linecap=\"round\" stroke-linejoin=\"round\"\/>\r\n<\/svg>\n        \n        \n        \n            <\/div>\n    \n\n\n<\/div>\n\n<\/a>\n<\/div>\n<\/div><div class=\"bde-div-382-221 bde-div\">\n  \n  \n\t\n\n\n\n<div class=\"bde-div-382-304 bde-div\">\n  \n  \n\t\n\n\n\n<div class=\"bde-icon-382-222 bde-icon\">\n\n    \n            <div class=\"bde-icon-icon breakdance-icon-atom\" >\n    \n                    <svg xmlns=\"http:\/\/www.w3.org\/2000\/svg\" width=\"25\" height=\"24\" viewbox=\"0 0 25 24\" fill=\"none\">\r\n<path d=\"M12.0898 22C17.6127 22 22.0898 17.5228 22.0898 12C22.0898 6.47715 17.6127 2 12.0898 2C6.567 2 2.08984 6.47715 2.08984 12C2.08984 17.5228 6.567 22 12.0898 22Z\" stroke=\"#007CB6\" stroke-width=\"2\" stroke-linecap=\"round\" stroke-linejoin=\"round\"\/>\r\n<path d=\"M9.08984 12L11.0898 14L15.0898 10\" stroke=\"#007CB6\" stroke-width=\"2\" stroke-linecap=\"round\" stroke-linejoin=\"round\"\/>\r\n<\/svg>\n        \n        \n        \n            <\/div>\n    \n\n\n<\/div><div class=\"bde-text-382-223 bde-text\">\nTransfusion\n<\/div><div class=\"bde-rich-text-382-260 bde-rich-text breakdance-rich-text-styles\">\n<p>W\u00e4hrend einer Operation ersetzt der An\u00e4sthesist die verlorene K\u00f6rperfl\u00fcssigkeit des Patienten durch Infusionen. Bei einigen gr\u00f6\u00dferen Operationen ist auch der Ersatz des verlorenen Blutes notwendig, was als Transfusion bezeichnet wird. Dabei ber\u00fccksichtigt der An\u00e4sthesist die neuesten Richtlinien und Standards f\u00fcr die Verabreichung von Transfusionen oder Blutprodukten.<\/p>\n<\/div>\n<\/div><div class=\"bde-div-382-277 bde-div\">\n  \n  \n\t\n\n\n\n<a class=\"bde-container-link-382-279 bde-container-link oglej breakdance-link\" href=\"\/de\/ambulantne-dejavnosti\/specialisticne-ambulante\/ambulanta-za-anesteziologijo\/transfuzija\/\" target=\"_self\" data-type=\"url\">\n  \n  \n\t\n\n\n\n<div class=\"bde-text-382-280 bde-text\">\nMehr erfahren\n<\/div><div class=\"bde-icon-382-281 bde-icon ikona\">\n\n    \n            <div class=\"bde-icon-icon breakdance-icon-atom\" >\n    \n                    <svg xmlns=\"http:\/\/www.w3.org\/2000\/svg\" width=\"27\" height=\"24\" viewbox=\"0 0 27 24\" fill=\"none\">\r\n<rect x=\"0.981201\" width=\"25.9587\" height=\"24\" rx=\"4\" fill=\"#001F3F\"\/>\r\n<path d=\"M13.8657 7.88086L18.1811 12.0001L13.8657 16.1193\" stroke=\"white\" stroke-width=\"1.5\" stroke-linecap=\"round\" stroke-linejoin=\"round\"\/>\r\n<path d=\"M18.1812 12L9.78125 12\" stroke=\"white\" stroke-width=\"1.5\" stroke-linecap=\"round\" stroke-linejoin=\"round\"\/>\r\n<\/svg>\n        \n        \n        \n            <\/div>\n    \n\n\n<\/div>\n\n<\/a>\n<\/div>\n<\/div><div class=\"bde-div-382-225 bde-div\">\n  \n  \n\t\n\n\n\n<div class=\"bde-div-382-305 bde-div\">\n  \n  \n\t\n\n\n\n<div class=\"bde-icon-382-226 bde-icon\">\n\n    \n            <div class=\"bde-icon-icon breakdance-icon-atom\" >\n    \n                    <svg xmlns=\"http:\/\/www.w3.org\/2000\/svg\" width=\"25\" height=\"24\" viewbox=\"0 0 25 24\" fill=\"none\">\r\n<path d=\"M12.0898 22C17.6127 22 22.0898 17.5228 22.0898 12C22.0898 6.47715 17.6127 2 12.0898 2C6.567 2 2.08984 6.47715 2.08984 12C2.08984 17.5228 6.567 22 12.0898 22Z\" stroke=\"#007CB6\" stroke-width=\"2\" stroke-linecap=\"round\" stroke-linejoin=\"round\"\/>\r\n<path d=\"M9.08984 12L11.0898 14L15.0898 10\" stroke=\"#007CB6\" stroke-width=\"2\" stroke-linecap=\"round\" stroke-linejoin=\"round\"\/>\r\n<\/svg>\n        \n        \n        \n            <\/div>\n    \n\n\n<\/div><div class=\"bde-text-382-227 bde-text\">\nAufwachen aus der Vollnarkose und postoperative \u00dcberwachung\n<\/div><div class=\"bde-rich-text-382-261 bde-rich-text breakdance-rich-text-styles\">\n<p>Der An\u00e4sthesist steuert die Narkose so, dass der Schlaf je nach Operation angemessen lange anh\u00e4lt und der Patient nach der Operation schnell und angenehm aufwacht und keine Schmerzen versp\u00fcrt. Das Aufwachen erfolgt im Operationssaal, wo der Patient vom An\u00e4sthesisten und der An\u00e4sthesiepflegekraft \u00fcberwacht wird. Sobald der Patient aufwacht, selbstst\u00e4ndig zufriedenstellend atmet und seine Reflexe zur\u00fcckgekehrt sind, entfernt der An\u00e4sthesist den Beatmungsschlauch (oder die Larynxmaske). Der Patient erinnert sich sp\u00e4ter in der Regel nicht mehr an diese Zeit.<\/p>\n<\/div>\n<\/div><div class=\"bde-div-382-282 bde-div\">\n  \n  \n\t\n\n\n\n<a class=\"bde-container-link-382-284 bde-container-link oglej breakdance-link\" href=\"\/de\/ambulantne-dejavnosti\/specialisticne-ambulante\/ambulanta-za-anesteziologijo\/zbujanje-po-splosni-anesteziji-in-pooperativni-nadzor\/\" target=\"_self\" data-type=\"url\">\n  \n  \n\t\n\n\n\n<div class=\"bde-text-382-285 bde-text\">\nMehr erfahren\n<\/div><div class=\"bde-icon-382-286 bde-icon ikona\">\n\n    \n            <div class=\"bde-icon-icon breakdance-icon-atom\" >\n    \n                    <svg xmlns=\"http:\/\/www.w3.org\/2000\/svg\" width=\"27\" height=\"24\" viewbox=\"0 0 27 24\" fill=\"none\">\r\n<rect x=\"0.981201\" width=\"25.9587\" height=\"24\" rx=\"4\" fill=\"#001F3F\"\/>\r\n<path d=\"M13.8657 7.88086L18.1811 12.0001L13.8657 16.1193\" stroke=\"white\" stroke-width=\"1.5\" stroke-linecap=\"round\" stroke-linejoin=\"round\"\/>\r\n<path d=\"M18.1812 12L9.78125 12\" stroke=\"white\" stroke-width=\"1.5\" stroke-linecap=\"round\" stroke-linejoin=\"round\"\/>\r\n<\/svg>\n        \n        \n        \n            <\/div>\n    \n\n\n<\/div>\n\n<\/a>\n<\/div>\n<\/div><div class=\"bde-div-382-229 bde-div\">\n  \n  \n\t\n\n\n\n<div class=\"bde-div-382-306 bde-div\">\n  \n  \n\t\n\n\n\n<div class=\"bde-icon-382-230 bde-icon\">\n\n    \n            <div class=\"bde-icon-icon breakdance-icon-atom\" >\n    \n                    <svg xmlns=\"http:\/\/www.w3.org\/2000\/svg\" width=\"25\" height=\"24\" viewbox=\"0 0 25 24\" fill=\"none\">\r\n<path d=\"M12.0898 22C17.6127 22 22.0898 17.5228 22.0898 12C22.0898 6.47715 17.6127 2 12.0898 2C6.567 2 2.08984 6.47715 2.08984 12C2.08984 17.5228 6.567 22 12.0898 22Z\" stroke=\"#007CB6\" stroke-width=\"2\" stroke-linecap=\"round\" stroke-linejoin=\"round\"\/>\r\n<path d=\"M9.08984 12L11.0898 14L15.0898 10\" stroke=\"#007CB6\" stroke-width=\"2\" stroke-linecap=\"round\" stroke-linejoin=\"round\"\/>\r\n<\/svg>\n        \n        \n        \n            <\/div>\n    \n\n\n<\/div><div class=\"bde-text-382-231 bde-text\">\nPostoperative Schmerzlinderung\n<\/div><div class=\"bde-rich-text-382-262 bde-rich-text breakdance-rich-text-styles\">\n<p>Der An\u00e4sthesist sorgt daf\u00fcr, dass Sie nach der Operation keine oder nur minimale Schmerzen haben. Sie werden aktiv daran beteiligt und m\u00fcssen die Schmerzen nicht ertragen. Eine gute Schmerztherapie ist sehr wichtig, denn Schmerzen sind nicht nur unangenehm und belastend, sondern haben auch andere negative Auswirkungen: Blutdruckanstieg, beschleunigter Herzschlag, Aussch\u00fcttung von Stresshormonen usw. Eine gute Schmerztherapie erm\u00f6glicht eine gute Zusammenarbeit mit dem Physiotherapeuten und verk\u00fcrzt und verbessert so Ihre Genesung.<\/p>\n<\/div>\n<\/div><div class=\"bde-div-382-287 bde-div\">\n  \n  \n\t\n\n\n\n<a class=\"bde-container-link-382-289 bde-container-link oglej breakdance-link\" href=\"\/de\/ambulantne-dejavnosti\/specialisticne-ambulante\/ambulanta-za-anesteziologijo\/lajsanje-pooperativne-bolecine\/\" target=\"_self\" data-type=\"url\">\n  \n  \n\t\n\n\n\n<div class=\"bde-text-382-290 bde-text\">\nMehr erfahren\n<\/div><div class=\"bde-icon-382-291 bde-icon ikona\">\n\n    \n            <div class=\"bde-icon-icon breakdance-icon-atom\" >\n    \n                    <svg xmlns=\"http:\/\/www.w3.org\/2000\/svg\" width=\"27\" height=\"24\" viewbox=\"0 0 27 24\" fill=\"none\">\r\n<rect x=\"0.981201\" width=\"25.9587\" height=\"24\" rx=\"4\" fill=\"#001F3F\"\/>\r\n<path d=\"M13.8657 7.88086L18.1811 12.0001L13.8657 16.1193\" stroke=\"white\" stroke-width=\"1.5\" stroke-linecap=\"round\" stroke-linejoin=\"round\"\/>\r\n<path d=\"M18.1812 12L9.78125 12\" stroke=\"white\" stroke-width=\"1.5\" stroke-linecap=\"round\" stroke-linejoin=\"round\"\/>\r\n<\/svg>\n        \n        \n        \n            <\/div>\n    \n\n\n<\/div>\n\n<\/a>\n<\/div>\n<\/div><div class=\"bde-div-382-233 bde-div\">\n  \n  \n\t\n\n\n\n<div class=\"bde-div-382-307 bde-div\">\n  \n  \n\t\n\n\n\n<div class=\"bde-icon-382-234 bde-icon\">\n\n    \n            <div class=\"bde-icon-icon breakdance-icon-atom\" >\n    \n                    <svg xmlns=\"http:\/\/www.w3.org\/2000\/svg\" width=\"25\" height=\"24\" viewbox=\"0 0 25 24\" fill=\"none\">\r\n<path d=\"M12.0898 22C17.6127 22 22.0898 17.5228 22.0898 12C22.0898 6.47715 17.6127 2 12.0898 2C6.567 2 2.08984 6.47715 2.08984 12C2.08984 17.5228 6.567 22 12.0898 22Z\" stroke=\"#007CB6\" stroke-width=\"2\" stroke-linecap=\"round\" stroke-linejoin=\"round\"\/>\r\n<path d=\"M9.08984 12L11.0898 14L15.0898 10\" stroke=\"#007CB6\" stroke-width=\"2\" stroke-linecap=\"round\" stroke-linejoin=\"round\"\/>\r\n<\/svg>\n        \n        \n        \n            <\/div>\n    \n\n\n<\/div><div class=\"bde-text-382-235 bde-text\">\nEss- und Trinkgewohnheiten vor und nach der Narkose\n<\/div><div class=\"bde-rich-text-382-263 bde-rich-text breakdance-rich-text-styles\">\n<p>Vor einem geplanten chirurgischen Eingriff sollte der Patient mindestens 6 Stunden vor Einleitung der Narkose keine feste Nahrung zu sich nehmen. Klare Fl\u00fcssigkeiten (Wasser oder unges\u00fc\u00dfter Tee) d\u00fcrfen jedoch bis zu 2 Stunden vor Einleitung der Narkose getrunken werden. Mindestens 2 Stunden vor Einleitung der Narkose sollte au\u00dferdem mit dem Kaugummikauen und Rauchen aufgeh\u00f6rt werden.<\/p>\n<\/div>\n<\/div><div class=\"bde-div-382-292 bde-div\">\n  \n  \n\t\n\n\n\n<a class=\"bde-container-link-382-294 bde-container-link oglej breakdance-link\" href=\"\/de\/ambulantne-dejavnosti\/specialisticne-ambulante\/ambulanta-za-anesteziologijo\/rezim-hranjenja-in-pitja-pred-in-po-anesteziji\/\" target=\"_self\" data-type=\"url\">\n  \n  \n\t\n\n\n\n<div class=\"bde-text-382-295 bde-text\">\nMehr erfahren\n<\/div><div class=\"bde-icon-382-296 bde-icon ikona\">\n\n    \n            <div class=\"bde-icon-icon breakdance-icon-atom\" >\n    \n                    <svg xmlns=\"http:\/\/www.w3.org\/2000\/svg\" width=\"27\" height=\"24\" viewbox=\"0 0 27 24\" fill=\"none\">\r\n<rect x=\"0.981201\" width=\"25.9587\" height=\"24\" rx=\"4\" fill=\"#001F3F\"\/>\r\n<path d=\"M13.8657 7.88086L18.1811 12.0001L13.8657 16.1193\" stroke=\"white\" stroke-width=\"1.5\" stroke-linecap=\"round\" stroke-linejoin=\"round\"\/>\r\n<path d=\"M18.1812 12L9.78125 12\" stroke=\"white\" stroke-width=\"1.5\" stroke-linecap=\"round\" stroke-linejoin=\"round\"\/>\r\n<\/svg>\n        \n        \n        \n            <\/div>\n    \n\n\n<\/div>\n\n<\/a>\n<\/div>\n<\/div><div class=\"bde-div-382-237 bde-div\">\n  \n  \n\t\n\n\n\n<div class=\"bde-div-382-308 bde-div\">\n  \n  \n\t\n\n\n\n<div class=\"bde-icon-382-238 bde-icon\">\n\n    \n            <div class=\"bde-icon-icon breakdance-icon-atom\" >\n    \n                    <svg xmlns=\"http:\/\/www.w3.org\/2000\/svg\" width=\"25\" height=\"24\" viewbox=\"0 0 25 24\" fill=\"none\">\r\n<path d=\"M12.0898 22C17.6127 22 22.0898 17.5228 22.0898 12C22.0898 6.47715 17.6127 2 12.0898 2C6.567 2 2.08984 6.47715 2.08984 12C2.08984 17.5228 6.567 22 12.0898 22Z\" stroke=\"#007CB6\" stroke-width=\"2\" stroke-linecap=\"round\" stroke-linejoin=\"round\"\/>\r\n<path d=\"M9.08984 12L11.0898 14L15.0898 10\" stroke=\"#007CB6\" stroke-width=\"2\" stroke-linecap=\"round\" stroke-linejoin=\"round\"\/>\r\n<\/svg>\n        \n        \n        \n            <\/div>\n    \n\n\n<\/div><div class=\"bde-text-382-239 bde-text\">\nRisikobeurteilung bei Operationen und Stellungnahme zur Narkosetauglichkeit\n<\/div><div class=\"bde-rich-text-382-264 bde-rich-text breakdance-rich-text-styles\">\n<p>Unter Ber\u00fccksichtigung der modernen medizinischen Lehrmeinung ist eine geplante An\u00e4sthesie sicher und wird nach den modernsten fachlichen Richtlinien durchgef\u00fchrt. In den letzten Jahren haben wir Zugang zu neueren An\u00e4sthetika, technologisch fortschrittlichen An\u00e4sthesieger\u00e4ten, neueren, pr\u00e4zisen Ger\u00e4ten zur \u00dcberwachung oder Steuerung der Vitalfunktionen der Patienten und gut ausgebildeten An\u00e4sthesisten, die alle zur sicheren Durchf\u00fchrung der An\u00e4sthesie beitragen.<\/p>\n<\/div>\n<\/div><div class=\"bde-div-382-297 bde-div\">\n  \n  \n\t\n\n\n\n<a class=\"bde-container-link-382-299 bde-container-link oglej breakdance-link\" href=\"\/de\/ambulantne-dejavnosti\/specialisticne-ambulante\/ambulanta-za-anesteziologijo\/ocena-tveganja-za-operacijo-in-mnenje-o-sposobnosti-za-anestezijo\/\" target=\"_self\" data-type=\"url\">\n  \n  \n\t\n\n\n\n<div class=\"bde-text-382-300 bde-text\">\nMehr erfahren\n<\/div><div class=\"bde-icon-382-301 bde-icon ikona\">\n\n    \n            <div class=\"bde-icon-icon breakdance-icon-atom\" >\n    \n                    <svg xmlns=\"http:\/\/www.w3.org\/2000\/svg\" width=\"27\" height=\"24\" viewbox=\"0 0 27 24\" fill=\"none\">\r\n<rect x=\"0.981201\" width=\"25.9587\" height=\"24\" rx=\"4\" fill=\"#001F3F\"\/>\r\n<path d=\"M13.8657 7.88086L18.1811 12.0001L13.8657 16.1193\" stroke=\"white\" stroke-width=\"1.5\" stroke-linecap=\"round\" stroke-linejoin=\"round\"\/>\r\n<path d=\"M18.1812 12L9.78125 12\" stroke=\"white\" stroke-width=\"1.5\" stroke-linecap=\"round\" stroke-linejoin=\"round\"\/>\r\n<\/svg>\n        \n        \n        \n            <\/div>\n    \n\n\n<\/div>\n\n<\/a>\n<\/div>\n<\/div>\n<\/div><\/div>\n<\/section><section class=\"bde-section-382-143 bde-section\">\n  \n  \n\t\n\n\n\n<div class=\"section-container\"><div class=\"bde-grid-382-144 bde-grid\">\n  \n  \n\t\n\n\n\n<div class=\"bde-div-382-145 bde-div\">\n  \n  \n\t\n\n\n\n<img decoding=\"async\" class=\"bde-image2-382-146 bde-image2\" src=\"https:\/\/md-medicina.si\/wp-content\/uploads\/2025\/04\/telefon.svg\" loading=\"lazy\" sizes=\"(max-width: 32px) 100vw, 32px\"><div class=\"bde-text-382-147 bde-text\">\nTelefonische Bestellung\n<\/div><div class=\"bde-text-382-148 bde-text\">\nTelefonische Bestellungen sind von Montag bis Freitag zwischen 8 und 18 Uhr m\u00f6glich.\n<\/div><div class=\"bde-button-382-149 bde-button\">\n    \n                        \n                        \n    \n    \n    \n    \n            \n                    \n            \n            \n\n    \n    \n    \n    \n    \n    <a class=\"breakdance-link button-atom button-atom--custom bde-button__button\" href=\"tel:+38631214444\" target=\"_self\" data-type=\"contact\"  >\n\n    \n        <span class=\"button-atom__text\">Telefon: 031 214 444<\/span>\n\n        \n        \n                <\/a>\n\n    \n\n\n<\/div>\n<\/div><div class=\"bde-div-382-150 bde-div\">\n  \n  \n\t\n\n\n\n<img decoding=\"async\" class=\"bde-image2-382-151 bde-image2\" src=\"https:\/\/md-medicina.si\/wp-content\/uploads\/2025\/04\/sdf.svg\" loading=\"lazy\" sizes=\"(max-width: 32px) 100vw, 32px\"><div class=\"bde-text-382-152 bde-text\">\nPreislisten\n<\/div><div class=\"bde-text-382-153 bde-text\">\nKlicken Sie auf die Schaltfl\u00e4che unten, um weitere Informationen zu den Preisen unserer Dienstleistungen zu erhalten.\n<\/div><div class=\"bde-button-382-154 bde-button\">\n    \n                        \n                        \n    \n    \n    \n    \n            \n                    \n            \n            \n\n    \n    \n    \n    \n    \n    <a class=\"breakdance-link button-atom button-atom--custom bde-button__button\" href=\"\/de\/narocanje\/ceniki\/\" target=\"_self\" data-type=\"url\"  >\n\n    \n        <span class=\"button-atom__text\">Preislisten<\/span>\n\n        \n        \n                <\/a>\n\n    \n\n\n<\/div>\n<\/div><div class=\"bde-div-382-155 bde-div\">\n  \n  \n\t\n\n\n\n<img decoding=\"async\" class=\"bde-image2-382-156 bde-image2\" src=\"https:\/\/md-medicina.si\/wp-content\/uploads\/2025\/04\/Frame.svg\" loading=\"lazy\" sizes=\"(max-width: 32px) 100vw, 32px\"><div class=\"bde-text-382-157 bde-text\">\nZeitpl\u00e4ne\n<\/div><div class=\"bde-text-382-158 bde-text\">\nKlicken Sie auf die Schaltfl\u00e4che unten, um die Terminpl\u00e4ne aller verf\u00fcgbaren \u00c4rzte anzuzeigen.\n<\/div><div class=\"bde-button-382-159 bde-button\">\n    \n                        \n                        \n    \n    \n    \n    \n            \n                    \n            \n            \n\n    \n    \n    \n    \n    \n    <a class=\"breakdance-link button-atom button-atom--custom bde-button__button\" href=\"\/de\/narocanje\/urniki-narocanja\/\" target=\"_self\" data-type=\"url\"  >\n\n    \n        <span class=\"button-atom__text\">Zeitpl\u00e4ne<\/span>\n\n        \n        \n                <\/a>\n\n    \n\n\n<\/div>\n<\/div>\n<\/div><\/div>\n<\/section><section class=\"bde-section-382-160 bde-section\">\n  \n  \n\t\n\n\n\n        <div class=\"section-shape-divider-wrapper section-shape-divider-wrapper--1\">\n          <span class=\"section-shape-divider\">\n                      <svg width=\"100%\" height=\"100%\" id=\"svg\" viewbox=\"0 0 1440 350\" xmlns=\"http:\/\/www.w3.org\/2000\/svg\" preserveaspectratio=\"none\" class=\"transition duration-300 ease-in-out delay-150\"><path d=\"M 0,600 L 0,225 C 185.59999999999997,169.8 371.19999999999993,114.6 542,146 C 712.8000000000001,177.4 868.8,295.4 1016,323 C 1163.2,350.6 1301.6,287.8 1440,225 L 1440,600 L 0,600 Z\" stroke=\"none\" stroke-width=\"0\" fill=\"#c1e0ef\" fill-opacity=\"1\" class=\"transition-all duration-300 ease-in-out delay-150 path-0\"><\/path><\/svg>\n                    <\/span>\n      <\/div>\n  <div class=\"section-container\"><h2 class=\"bde-heading-382-161 bde-heading\">\nProfessionelles Personal\n<\/h2><div class=\"bde-text-382-162 bde-text\">\nAn\u00e4sthesiologische Ambulanz\n<\/div><div class=\"bde-post-loop-382-163 bde-post-loop\"><div class=\"bde-loop bde-loop-grid ee-posts ee-posts-grid\">    <article class=\"bde-loop-item ee-post\">\n        <a class=\"bde-container-link-278-100-2867-278-1 bde-container-link bde-container-link-278-100 breakdance-link\" href=\"https:\/\/md-medicina.si\/de\/zdravnik\/goran-mitrovic-dr-med\/\" target=\"_self\" data-type=\"url\">\n  \n  \n\t\n\n\n\n<img decoding=\"async\" class=\"bde-image2-278-101-2867-278-1 bde-image2 bde-image2-278-101\" src=\"https:\/\/md-medicina.si\/wp-content\/uploads\/2025\/10\/Goran-Mitrovic-dr.-med.webp\" loading=\"lazy\" srcset=\"https:\/\/md-medicina.si\/wp-content\/uploads\/2025\/10\/Goran-Mitrovic-dr.-med.webp 800w, https:\/\/md-medicina.si\/wp-content\/uploads\/2025\/10\/Goran-Mitrovic-dr.-med-240x300.webp 240w, https:\/\/md-medicina.si\/wp-content\/uploads\/2025\/10\/Goran-Mitrovic-dr.-med-768x960.webp 768w, https:\/\/md-medicina.si\/wp-content\/uploads\/2025\/10\/Goran-Mitrovic-dr.-med-10x12.webp 10w\" sizes=\"(max-width: 800px) 100vw, 800px\"><div class=\"bde-text-278-102-2867-278-1 bde-text bde-text-278-102\">\nGoran Mitrovi\u0107, dr. med.\n<\/div><div class=\"bde-text-278-103-2867-278-1 bde-text bde-text-278-103\">\nspecialist dru\u017einske medicine\n<\/div><div class=\"bde-text-278-104-2867-278-1 bde-text bde-text-278-104\">\nPosebno se posve\u010da podro\u010djem antikoagulantnega zdravljenja, arterijske hipertenzije ter medicinskemu izvedenstvu in zavarovalni\u0161ki medicini.\n<\/div>\n\n<\/a>    <\/article>\n    <article class=\"bde-loop-item ee-post\">\n        <a class=\"bde-container-link-278-100-272-278-1 bde-container-link bde-container-link-278-100 breakdance-link\" href=\"https:\/\/md-medicina.si\/de\/zdravnik\/dr-bogdan-ambrozic-dr-med\/\" target=\"_self\" data-type=\"url\">\n  \n  \n\t\n\n\n\n<img decoding=\"async\" class=\"bde-image2-278-101-272-278-1 bde-image2 bde-image2-278-101\" src=\"https:\/\/md-medicina.si\/wp-content\/uploads\/2025\/04\/dr.-Bogdan-Ambrozic-dr.-med.webp\" loading=\"lazy\" srcset=\"https:\/\/md-medicina.si\/wp-content\/uploads\/2025\/04\/dr.-Bogdan-Ambrozic-dr.-med.webp 800w, https:\/\/md-medicina.si\/wp-content\/uploads\/2025\/04\/dr.-Bogdan-Ambrozic-dr.-med-240x300.webp 240w, https:\/\/md-medicina.si\/wp-content\/uploads\/2025\/04\/dr.-Bogdan-Ambrozic-dr.-med-768x960.webp 768w\" sizes=\"(max-width: 800px) 100vw, 800px\"><div class=\"bde-text-278-102-272-278-1 bde-text bde-text-278-102\">\ndr. Bogdan Ambro\u017ei\u010d, dr. med\n<\/div><div class=\"bde-text-278-103-272-278-1 bde-text bde-text-278-103\">\nFacharzt f\u00fcr orthop\u00e4dische Chirurgie\n<\/div><div class=\"bde-text-278-104-272-278-1 bde-text bde-text-278-104\">\nEr befasst sich mit der arthroskopischen und minimalinvasiven chirurgischen Behandlung von Verletzungen und Erkrankungen der Schulter-, Knie- und Sprunggelenke.\n<\/div>\n\n<\/a>    <\/article>\n    <article class=\"bde-loop-item ee-post\">\n        <a class=\"bde-container-link-278-100-746-278-1 bde-container-link bde-container-link-278-100 breakdance-link\" href=\"https:\/\/md-medicina.si\/de\/zdravnik\/dr-klemen-avsec-dr-med\/\" target=\"_self\" data-type=\"url\">\n  \n  \n\t\n\n\n\n<img decoding=\"async\" class=\"bde-image2-278-101-746-278-1 bde-image2 bde-image2-278-101\" src=\"https:\/\/md-medicina.si\/wp-content\/uploads\/2025\/05\/Klemen-Avsec.webp\" loading=\"lazy\" srcset=\"https:\/\/md-medicina.si\/wp-content\/uploads\/2025\/05\/Klemen-Avsec.webp 800w, https:\/\/md-medicina.si\/wp-content\/uploads\/2025\/05\/Klemen-Avsec-240x300.webp 240w, https:\/\/md-medicina.si\/wp-content\/uploads\/2025\/05\/Klemen-Avsec-768x960.webp 768w\" sizes=\"(max-width: 800px) 100vw, 800px\"><div class=\"bde-text-278-102-746-278-1 bde-text bde-text-278-102\">\nDr. Klemen Avsec, Dr. med\n<\/div><div class=\"bde-text-278-103-746-278-1 bde-text bde-text-278-103\">\nFacharzt f\u00fcr orthop\u00e4dische Chirurgie\n<\/div><div class=\"bde-text-278-104-746-278-1 bde-text bde-text-278-104\">\nEr befasst sich vorwiegend mit beginnenden und fortgeschrittenen Verschlei\u00dferscheinungen der Knie- und H\u00fcftgelenke und deren operativer Behandlung.\n<\/div>\n\n<\/a>    <\/article>\n    <article class=\"bde-loop-item ee-post\">\n        <a class=\"bde-container-link-278-100-721-278-1 bde-container-link bde-container-link-278-100 breakdance-link\" href=\"https:\/\/md-medicina.si\/de\/zdravnik\/dr-klemen-bosnjak-dr-med\/\" target=\"_self\" data-type=\"url\">\n  \n  \n\t\n\n\n\n<img decoding=\"async\" class=\"bde-image2-278-101-721-278-1 bde-image2 bde-image2-278-101\" src=\"https:\/\/md-medicina.si\/wp-content\/uploads\/2025\/05\/dr.-Klemen-Bosnjak-dr.-med.webp\" loading=\"lazy\" srcset=\"https:\/\/md-medicina.si\/wp-content\/uploads\/2025\/05\/dr.-Klemen-Bosnjak-dr.-med.webp 800w, https:\/\/md-medicina.si\/wp-content\/uploads\/2025\/05\/dr.-Klemen-Bosnjak-dr.-med-240x300.webp 240w, https:\/\/md-medicina.si\/wp-content\/uploads\/2025\/05\/dr.-Klemen-Bosnjak-dr.-med-768x960.webp 768w\" sizes=\"(max-width: 800px) 100vw, 800px\"><div class=\"bde-text-278-102-721-278-1 bde-text bde-text-278-102\">\ndr. Klemen Bo\u0161njak, MD\n<\/div><div class=\"bde-text-278-103-721-278-1 bde-text bde-text-278-103\">\nFacharzt f\u00fcr orthop\u00e4dische Chirurgie\n<\/div><div class=\"bde-text-278-104-721-278-1 bde-text bde-text-278-104\">\nIn seiner Arbeit besch\u00e4ftigt er sich haupts\u00e4chlich mit Erkrankungen der Wirbels\u00e4ule.\n<\/div>\n\n<\/a>    <\/article>\n    <article class=\"bde-loop-item ee-post\">\n        <a class=\"bde-container-link-278-100-725-278-1 bde-container-link bde-container-link-278-100 breakdance-link\" href=\"https:\/\/md-medicina.si\/de\/zdravnik\/asist-dr-urban-brulc-dr-med\/\" target=\"_self\" data-type=\"url\">\n  \n  \n\t\n\n\n\n<img decoding=\"async\" class=\"bde-image2-278-101-725-278-1 bde-image2 bde-image2-278-101\" src=\"https:\/\/md-medicina.si\/wp-content\/uploads\/2025\/05\/asist.-dr.-Urban-Brulc-dr.-med.-specialist-ortopedske-kirurgije.webp\" loading=\"lazy\" srcset=\"https:\/\/md-medicina.si\/wp-content\/uploads\/2025\/05\/asist.-dr.-Urban-Brulc-dr.-med.-specialist-ortopedske-kirurgije.webp 800w, https:\/\/md-medicina.si\/wp-content\/uploads\/2025\/05\/asist.-dr.-Urban-Brulc-dr.-med.-specialist-ortopedske-kirurgije-240x300.webp 240w, https:\/\/md-medicina.si\/wp-content\/uploads\/2025\/05\/asist.-dr.-Urban-Brulc-dr.-med.-specialist-ortopedske-kirurgije-768x960.webp 768w\" sizes=\"(max-width: 800px) 100vw, 800px\"><div class=\"bde-text-278-102-725-278-1 bde-text bde-text-278-102\">\nAsiss. Dr. Urban Brulc, dr. med\n<\/div><div class=\"bde-text-278-103-725-278-1 bde-text bde-text-278-103\">\nFacharzt f\u00fcr orthop\u00e4dische Chirurgie\n<\/div><div class=\"bde-text-278-104-725-278-1 bde-text bde-text-278-104\">\nEr befasst sich haupts\u00e4chlich mit Problemen der Wirbels\u00e4ule und der Gelenke.\n<\/div>\n\n<\/a>    <\/article>\n    <article class=\"bde-loop-item ee-post\">\n        <a class=\"bde-container-link-278-100-752-278-1 bde-container-link bde-container-link-278-100 breakdance-link\" href=\"https:\/\/md-medicina.si\/de\/zdravnik\/ljubka-dimitrovska-dr-med\/\" target=\"_self\" data-type=\"url\">\n  \n  \n\t\n\n\n\n<img decoding=\"async\" class=\"bde-image2-278-101-752-278-1 bde-image2 bde-image2-278-101\" src=\"https:\/\/md-medicina.si\/wp-content\/uploads\/2025\/05\/Ljupka-Dimitrovska-dr.med_.webp\" loading=\"lazy\" srcset=\"https:\/\/md-medicina.si\/wp-content\/uploads\/2025\/05\/Ljupka-Dimitrovska-dr.med_.webp 800w, https:\/\/md-medicina.si\/wp-content\/uploads\/2025\/05\/Ljupka-Dimitrovska-dr.med_-240x300.webp 240w, https:\/\/md-medicina.si\/wp-content\/uploads\/2025\/05\/Ljupka-Dimitrovska-dr.med_-768x960.webp 768w\" sizes=\"(max-width: 800px) 100vw, 800px\"><div class=\"bde-text-278-102-752-278-1 bde-text bde-text-278-102\">\nLjupka Dimitrovska, MD.\n<\/div><div class=\"bde-text-278-103-752-278-1 bde-text bde-text-278-103\">\nFacharzt f\u00fcr Kardiologie und Gef\u00e4\u00dfmedizin\n<\/div><div class=\"bde-text-278-104-752-278-1 bde-text bde-text-278-104\">\nSpezialisiert auf nicht-invasive Herzbildgebung mit internationalen Zertifizierungen. Klinisch und forschungsorientiertes Spezialgebiet mit Schwerpunkt auf der Behandlung struktureller Herzerkrankungen, insbesondere Herzklappenerkrankungen.\n<\/div>\n\n<\/a>    <\/article>\n    <article class=\"bde-loop-item ee-post\">\n        <a class=\"bde-container-link-278-100-739-278-1 bde-container-link bde-container-link-278-100 breakdance-link\" href=\"https:\/\/md-medicina.si\/de\/zdravnik\/prof-dr-drago-dolinar-dr-med\/\" target=\"_self\" data-type=\"url\">\n  \n  \n\t\n\n\n\n<img decoding=\"async\" class=\"bde-image2-278-101-739-278-1 bde-image2 bde-image2-278-101\" src=\"https:\/\/md-medicina.si\/wp-content\/uploads\/2025\/05\/prof.-dr.-Drago-Dolinar-dr.-med.webp\" loading=\"lazy\" srcset=\"https:\/\/md-medicina.si\/wp-content\/uploads\/2025\/05\/prof.-dr.-Drago-Dolinar-dr.-med.webp 800w, https:\/\/md-medicina.si\/wp-content\/uploads\/2025\/05\/prof.-dr.-Drago-Dolinar-dr.-med-240x300.webp 240w, https:\/\/md-medicina.si\/wp-content\/uploads\/2025\/05\/prof.-dr.-Drago-Dolinar-dr.-med-768x960.webp 768w\" sizes=\"(max-width: 800px) 100vw, 800px\"><div class=\"bde-text-278-102-739-278-1 bde-text bde-text-278-102\">\nProf. Dr. Drago Dolinar, MD\n<\/div><div class=\"bde-text-278-103-739-278-1 bde-text bde-text-278-103\">\nFacharzt f\u00fcr orthop\u00e4dische Chirurgie\n<\/div><div class=\"bde-text-278-104-739-278-1 bde-text bde-text-278-104\">\nEr ist spezialisiert auf die Durchf\u00fchrung minimalinvasiver Operationsmethoden im Bereich der orthop\u00e4dischen Chirurgie.\n<\/div>\n\n<\/a>    <\/article>\n    <article class=\"bde-loop-item ee-post\">\n        <a class=\"bde-container-link-278-100-747-278-1 bde-container-link bde-container-link-278-100 breakdance-link\" href=\"https:\/\/md-medicina.si\/de\/zdravnik\/cvetka-dragos-jancar-dr-med\/\" target=\"_self\" data-type=\"url\">\n  \n  \n\t\n\n\n\n<img decoding=\"async\" class=\"bde-image2-278-101-747-278-1 bde-image2 bde-image2-278-101\" src=\"https:\/\/md-medicina.si\/wp-content\/uploads\/2025\/05\/cvetka-dragos-jancar-dr-med2.webp\" loading=\"lazy\" srcset=\"https:\/\/md-medicina.si\/wp-content\/uploads\/2025\/05\/cvetka-dragos-jancar-dr-med2.webp 800w, https:\/\/md-medicina.si\/wp-content\/uploads\/2025\/05\/cvetka-dragos-jancar-dr-med2-240x300.webp 240w, https:\/\/md-medicina.si\/wp-content\/uploads\/2025\/05\/cvetka-dragos-jancar-dr-med2-768x960.webp 768w, https:\/\/md-medicina.si\/wp-content\/uploads\/2025\/05\/cvetka-dragos-jancar-dr-med2-10x12.webp 10w\" sizes=\"(max-width: 800px) 100vw, 800px\"><div class=\"bde-text-278-102-747-278-1 bde-text bde-text-278-102\">\nCvetka Drago\u0161 Jan\u010dar, MD.\n<\/div><div class=\"bde-text-278-103-747-278-1 bde-text bde-text-278-103\">\nKinderarzt\n<\/div><div class=\"bde-text-278-104-747-278-1 bde-text bde-text-278-104\">\nSeit vielen Jahren konzentriert sie ihre T\u00e4tigkeit auf die Pr\u00e4vention bei Kindern und Erwachsenen. Mit dem Buch \u201eGesunde Manager \u2013 Erfolgreiches Management\u201c hat sie ma\u00dfgeblich zur Anerkennung pr\u00e4ventiver Managementuntersuchungen beigetragen.\n<\/div>\n\n<\/a>    <\/article>\n    <article class=\"bde-loop-item ee-post\">\n        <a class=\"bde-container-link-278-100-740-278-1 bde-container-link bde-container-link-278-100 breakdance-link\" href=\"https:\/\/md-medicina.si\/de\/zdravnik\/prof-dr-matej-drobnic-dr-med\/\" target=\"_self\" data-type=\"url\">\n  \n  \n\t\n\n\n\n<img decoding=\"async\" class=\"bde-image2-278-101-740-278-1 bde-image2 bde-image2-278-101\" src=\"https:\/\/md-medicina.si\/wp-content\/uploads\/2025\/05\/Matej-Drobnic-dr.-med.webp\" loading=\"lazy\" srcset=\"https:\/\/md-medicina.si\/wp-content\/uploads\/2025\/05\/Matej-Drobnic-dr.-med.webp 800w, https:\/\/md-medicina.si\/wp-content\/uploads\/2025\/05\/Matej-Drobnic-dr.-med-240x300.webp 240w, https:\/\/md-medicina.si\/wp-content\/uploads\/2025\/05\/Matej-Drobnic-dr.-med-768x960.webp 768w\" sizes=\"(max-width: 800px) 100vw, 800px\"><div class=\"bde-text-278-102-740-278-1 bde-text bde-text-278-102\">\nProf. Dr. Matej Drobni\u010d, MD\n<\/div><div class=\"bde-text-278-103-740-278-1 bde-text bde-text-278-103\">\nFacharzt f\u00fcr orthop\u00e4dische Chirurgie\n<\/div><div class=\"bde-text-278-104-740-278-1 bde-text bde-text-278-104\">\nEr befasst sich vorwiegend mit Sportverletzungen des Knies, Patellapathologien, Verletzungen und Erkrankungen des oberen und unteren Sprunggelenks sowie des Fu\u00dfes.\n<\/div>\n\n<\/a>    <\/article>\n    <article class=\"bde-loop-item ee-post\">\n        <a class=\"bde-container-link-278-100-760-278-1 bde-container-link bde-container-link-278-100 breakdance-link\" href=\"https:\/\/md-medicina.si\/de\/zdravnik\/dejan-galic-dr-med\/\" target=\"_self\" data-type=\"url\">\n  \n  \n\t\n\n\n\n<img decoding=\"async\" class=\"bde-image2-278-101-760-278-1 bde-image2 bde-image2-278-101\" src=\"https:\/\/md-medicina.si\/wp-content\/uploads\/2025\/05\/Dejan-Galic-dr.-med.webp\" loading=\"lazy\" srcset=\"https:\/\/md-medicina.si\/wp-content\/uploads\/2025\/05\/Dejan-Galic-dr.-med.webp 800w, https:\/\/md-medicina.si\/wp-content\/uploads\/2025\/05\/Dejan-Galic-dr.-med-240x300.webp 240w, https:\/\/md-medicina.si\/wp-content\/uploads\/2025\/05\/Dejan-Galic-dr.-med-768x960.webp 768w\" sizes=\"(max-width: 800px) 100vw, 800px\"><div class=\"bde-text-278-102-760-278-1 bde-text bde-text-278-102\">\nDejan Gali\u010d, MD, FEBU, FECSM\n<\/div><div class=\"bde-text-278-103-760-278-1 bde-text bde-text-278-103\">\nFacharzt f\u00fcr Urologie\n<\/div><div class=\"bde-text-278-104-760-278-1 bde-text bde-text-278-104\">\nEr besch\u00e4ftigt sich mit allgemeiner Urologie, insbesondere urologischer Onkologie und Prostataproblemen, sowie Sexualmedizin.\n<\/div>\n\n<\/a>    <\/article>\n    <article class=\"bde-loop-item ee-post\">\n        <a class=\"bde-container-link-278-100-731-278-1 bde-container-link bde-container-link-278-100 breakdance-link\" href=\"https:\/\/md-medicina.si\/de\/zdravnik\/doc-dr-simon-hawlina-dr-med-febu\/\" target=\"_self\" data-type=\"url\">\n  \n  \n\t\n\n\n\n<img decoding=\"async\" class=\"bde-image2-278-101-731-278-1 bde-image2 bde-image2-278-101\" src=\"https:\/\/md-medicina.si\/wp-content\/uploads\/2025\/05\/Doc.-dr.-Simon-Hawlina-dr.-med.-FEBU.webp\" loading=\"lazy\" srcset=\"https:\/\/md-medicina.si\/wp-content\/uploads\/2025\/05\/Doc.-dr.-Simon-Hawlina-dr.-med.-FEBU.webp 800w, https:\/\/md-medicina.si\/wp-content\/uploads\/2025\/05\/Doc.-dr.-Simon-Hawlina-dr.-med.-FEBU-240x300.webp 240w, https:\/\/md-medicina.si\/wp-content\/uploads\/2025\/05\/Doc.-dr.-Simon-Hawlina-dr.-med.-FEBU-768x960.webp 768w\" sizes=\"(max-width: 800px) 100vw, 800px\"><div class=\"bde-text-278-102-731-278-1 bde-text bde-text-278-102\">\nAssoc. Prof. Dr. Simon Hawlina, MD, FEBU\n<\/div><div class=\"bde-text-278-103-731-278-1 bde-text bde-text-278-103\">\nFacharzt f\u00fcr Urologie\n<\/div><div class=\"bde-text-278-104-731-278-1 bde-text bde-text-278-104\">\nEr f\u00fchrt ein breites Spektrum urologischer chirurgischer Eingriffe durch und konzentriert sich dabei auf minimalinvasive Techniken.\n<\/div>\n\n<\/a>    <\/article>\n    <article class=\"bde-loop-item ee-post\">\n        <a class=\"bde-container-link-278-100-3362-278-1 bde-container-link bde-container-link-278-100 breakdance-link\" href=\"https:\/\/md-medicina.si\/de\/zdravnik\/sebastian-jersinovic-dr-med-febu\/\" target=\"_self\" data-type=\"url\">\n  \n  \n\t\n\n\n\n<img decoding=\"async\" class=\"bde-image2-278-101-3362-278-1 bde-image2 bde-image2-278-101\" src=\"https:\/\/md-medicina.si\/wp-content\/uploads\/2026\/01\/Jersinovic-scaled.jpg\" loading=\"lazy\" srcset=\"https:\/\/md-medicina.si\/wp-content\/uploads\/2026\/01\/Jersinovic-scaled.jpg 1707w, https:\/\/md-medicina.si\/wp-content\/uploads\/2026\/01\/Jersinovic-200x300.jpg 200w, https:\/\/md-medicina.si\/wp-content\/uploads\/2026\/01\/Jersinovic-683x1024.jpg 683w, https:\/\/md-medicina.si\/wp-content\/uploads\/2026\/01\/Jersinovic-768x1152.jpg 768w, https:\/\/md-medicina.si\/wp-content\/uploads\/2026\/01\/Jersinovic-1024x1536.jpg 1024w, https:\/\/md-medicina.si\/wp-content\/uploads\/2026\/01\/Jersinovic-1365x2048.jpg 1365w, https:\/\/md-medicina.si\/wp-content\/uploads\/2026\/01\/Jersinovic-8x12.jpg 8w\" sizes=\"(max-width: 1707px) 100vw, 1707px\"><div class=\"bde-text-278-102-3362-278-1 bde-text bde-text-278-102\">\ndr. Sebastian Jer\u0161inovi\u010d, dr. med., FEBU\n<\/div><div class=\"bde-text-278-103-3362-278-1 bde-text bde-text-278-103\">\nFacharzt f\u00fcr Urologie\n<\/div><div class=\"bde-text-278-104-3362-278-1 bde-text bde-text-278-104\">\nSpecializiran je za minimalno invazivno lasersko endoskopsko urologijo, vklju\u010dno z lasersko enukleacijo prostate (ThuFLEP) in laserskim drobljenjem ledvi\u010dnih kamnov (URS).\n<\/div>\n\n<\/a>    <\/article>\n    <article class=\"bde-loop-item ee-post\">\n        <a class=\"bde-container-link-278-100-720-278-1 bde-container-link bde-container-link-278-100 breakdance-link\" href=\"https:\/\/md-medicina.si\/de\/zdravnik\/dr-mojca-kirbis-dr-med-specialistka-nevrologije\/\" target=\"_self\" data-type=\"url\">\n  \n  \n\t\n\n\n\n<img decoding=\"async\" class=\"bde-image2-278-101-720-278-1 bde-image2 bde-image2-278-101\" src=\"https:\/\/md-medicina.si\/wp-content\/uploads\/2025\/05\/dr.-Mojca-Kirbis-dr.-med.webp\" loading=\"lazy\" srcset=\"https:\/\/md-medicina.si\/wp-content\/uploads\/2025\/05\/dr.-Mojca-Kirbis-dr.-med.webp 800w, https:\/\/md-medicina.si\/wp-content\/uploads\/2025\/05\/dr.-Mojca-Kirbis-dr.-med-240x300.webp 240w, https:\/\/md-medicina.si\/wp-content\/uploads\/2025\/05\/dr.-Mojca-Kirbis-dr.-med-768x960.webp 768w\" sizes=\"(max-width: 800px) 100vw, 800px\"><div class=\"bde-text-278-102-720-278-1 bde-text bde-text-278-102\">\nDr. Mojca Kirbi\u0161, MD, FEBN\n<\/div><div class=\"bde-text-278-103-720-278-1 bde-text bde-text-278-103\">\nFacharzt f\u00fcr Neurologie\n<\/div><div class=\"bde-text-278-104-720-278-1 bde-text bde-text-278-104\">\nBesondere Schwerpunkte liegen auf Synkopen, Erkrankungen des autonomen Nervensystems, peripheren Nervenfasersch\u00e4den und der elektrophysiologischen Diagnostik.\n<\/div>\n\n<\/a>    <\/article>\n    <article class=\"bde-loop-item ee-post\">\n        <a class=\"bde-container-link-278-100-2325-278-1 bde-container-link bde-container-link-278-100 breakdance-link\" href=\"https:\/\/md-medicina.si\/de\/zdravnik\/doc-dr-simona-kirbis-dr-med\/\" target=\"_self\" data-type=\"url\">\n  \n  \n\t\n\n\n\n<img decoding=\"async\" class=\"bde-image2-278-101-2325-278-1 bde-image2 bde-image2-278-101\" src=\"https:\/\/md-medicina.si\/wp-content\/uploads\/2025\/07\/doc.dr_.-Simona-Kirbis-dr.med_.webp\" loading=\"lazy\" srcset=\"https:\/\/md-medicina.si\/wp-content\/uploads\/2025\/07\/doc.dr_.-Simona-Kirbis-dr.med_.webp 800w, https:\/\/md-medicina.si\/wp-content\/uploads\/2025\/07\/doc.dr_.-Simona-Kirbis-dr.med_-240x300.webp 240w, https:\/\/md-medicina.si\/wp-content\/uploads\/2025\/07\/doc.dr_.-Simona-Kirbis-dr.med_-768x960.webp 768w, https:\/\/md-medicina.si\/wp-content\/uploads\/2025\/07\/doc.dr_.-Simona-Kirbis-dr.med_-10x12.webp 10w\" sizes=\"(max-width: 800px) 100vw, 800px\"><div class=\"bde-text-278-102-2325-278-1 bde-text bde-text-278-102\">\ndoc.dr. Simona Kirbi\u0161, dr.med\n<\/div><div class=\"bde-text-278-103-2325-278-1 bde-text bde-text-278-103\">\nSpezialistin f\u00fcr Innere Medizin\n<\/div><div class=\"bde-text-278-104-2325-278-1 bde-text bde-text-278-104\">\nSie befasst sich mit der Diagnose, Behandlung und \u00dcberwachung von Herz-Kreislauf-Erkrankungen.\n<\/div>\n\n<\/a>    <\/article>\n    <article class=\"bde-loop-item ee-post\">\n        <a class=\"bde-container-link-278-100-729-278-1 bde-container-link bde-container-link-278-100 breakdance-link\" href=\"https:\/\/md-medicina.si\/de\/zdravnik\/prof-dr-andrej-kmetec-dr-med\/\" target=\"_self\" data-type=\"url\">\n  \n  \n\t\n\n\n\n<img decoding=\"async\" class=\"bde-image2-278-101-729-278-1 bde-image2 bde-image2-278-101\" src=\"https:\/\/md-medicina.si\/wp-content\/uploads\/2025\/05\/prof.-dr.-Andrej-Kmetec-dr.-med.webp\" loading=\"lazy\" srcset=\"https:\/\/md-medicina.si\/wp-content\/uploads\/2025\/05\/prof.-dr.-Andrej-Kmetec-dr.-med.webp 800w, https:\/\/md-medicina.si\/wp-content\/uploads\/2025\/05\/prof.-dr.-Andrej-Kmetec-dr.-med-240x300.webp 240w, https:\/\/md-medicina.si\/wp-content\/uploads\/2025\/05\/prof.-dr.-Andrej-Kmetec-dr.-med-768x960.webp 768w\" sizes=\"(max-width: 800px) 100vw, 800px\"><div class=\"bde-text-278-102-729-278-1 bde-text bde-text-278-102\">\nProf. Dr. Andrej Kmetec, MD\n<\/div><div class=\"bde-text-278-103-729-278-1 bde-text bde-text-278-103\">\nFacharzt f\u00fcr Urologie\n<\/div><div class=\"bde-text-278-104-729-278-1 bde-text bde-text-278-104\">\nEs befasst sich mit der umfassenden Behandlung von Harnwegsbeschwerden.\n<\/div>\n\n<\/a>    <\/article>\n    <article class=\"bde-loop-item ee-post\">\n        <a class=\"bde-container-link-278-100-2182-278-1 bde-container-link bde-container-link-278-100 breakdance-link\" href=\"https:\/\/md-medicina.si\/de\/zdravnik\/mojca-knez-dr-med-dr-dent-med-spec-maksilofacialne-in-oralne-kirurgije\/\" target=\"_self\" data-type=\"url\">\n  \n  \n\t\n\n\n\n<img decoding=\"async\" class=\"bde-image2-278-101-2182-278-1 bde-image2 bde-image2-278-101\" src=\"https:\/\/md-medicina.si\/wp-content\/uploads\/2025\/07\/Mojca-Knezdr.meddr_.dent_.med_.-.webp\" loading=\"lazy\" srcset=\"https:\/\/md-medicina.si\/wp-content\/uploads\/2025\/07\/Mojca-Knezdr.meddr_.dent_.med_.-.webp 800w, https:\/\/md-medicina.si\/wp-content\/uploads\/2025\/07\/Mojca-Knezdr.meddr_.dent_.med_.--240x300.webp 240w, https:\/\/md-medicina.si\/wp-content\/uploads\/2025\/07\/Mojca-Knezdr.meddr_.dent_.med_.--768x960.webp 768w, https:\/\/md-medicina.si\/wp-content\/uploads\/2025\/07\/Mojca-Knezdr.meddr_.dent_.med_.--10x12.webp 10w\" sizes=\"(max-width: 800px) 100vw, 800px\"><div class=\"bde-text-278-102-2182-278-1 bde-text bde-text-278-102\">\nMojca Knez, dr.med., dr.dent. med.\n<\/div><div class=\"bde-text-278-103-2182-278-1 bde-text bde-text-278-103\">\nSpezialistin f\u00fcr Kiefer- und Oralchirurgie\n<\/div><div class=\"bde-text-278-104-2182-278-1 bde-text bde-text-278-104\">\nSie f\u00fchrt fach\u00e4rztliche Untersuchungen und das gesamte Spektrum an Eingriffen durch: von einfacher und komplexer Oralchirurgie und Implantologie bis hin zu orthognathen Operationen.\n<\/div>\n\n<\/a>    <\/article>\n    <article class=\"bde-loop-item ee-post\">\n        <a class=\"bde-container-link-278-100-761-278-1 bde-container-link bde-container-link-278-100 breakdance-link\" href=\"https:\/\/md-medicina.si\/de\/zdravnik\/mile-knezevic-dr-med\/\" target=\"_self\" data-type=\"url\">\n  \n  \n\t\n\n\n\n<img decoding=\"async\" class=\"bde-image2-278-101-761-278-1 bde-image2 bde-image2-278-101\" src=\"https:\/\/md-medicina.si\/wp-content\/uploads\/2025\/05\/mile-knezevic-dr.med2_.webp\" loading=\"lazy\" srcset=\"https:\/\/md-medicina.si\/wp-content\/uploads\/2025\/05\/mile-knezevic-dr.med2_.webp 800w, https:\/\/md-medicina.si\/wp-content\/uploads\/2025\/05\/mile-knezevic-dr.med2_-240x300.webp 240w, https:\/\/md-medicina.si\/wp-content\/uploads\/2025\/05\/mile-knezevic-dr.med2_-768x960.webp 768w, https:\/\/md-medicina.si\/wp-content\/uploads\/2025\/05\/mile-knezevic-dr.med2_-10x12.webp 10w\" sizes=\"(max-width: 800px) 100vw, 800px\"><div class=\"bde-text-278-102-761-278-1 bde-text bde-text-278-102\">\nMile Kne\u017eevi\u0107, MD.\n<\/div><div class=\"bde-text-278-103-761-278-1 bde-text bde-text-278-103\">\nFacharzt f\u00fcr An\u00e4sthesiologie, Reanimation und perioperative Intensivmedizin\n<\/div><div class=\"bde-text-278-104-761-278-1 bde-text bde-text-278-104\">\nEr ist intensiv in die Regionalan\u00e4sthesie und ultraschallgesteuerte periphere Nervenblockaden involviert.\n<\/div>\n\n<\/a>    <\/article>\n    <article class=\"bde-loop-item ee-post\">\n        <a class=\"bde-container-link-278-100-748-278-1 bde-container-link bde-container-link-278-100 breakdance-link\" href=\"https:\/\/md-medicina.si\/de\/zdravnik\/snezana-kocijancic-dr-med\/\" target=\"_self\" data-type=\"url\">\n  \n  \n\t\n\n\n\n<img decoding=\"async\" class=\"bde-image2-278-101-748-278-1 bde-image2 bde-image2-278-101\" src=\"https:\/\/md-medicina.si\/wp-content\/uploads\/2025\/05\/Snezana-Kocijancic-dr.-med.webp\" loading=\"lazy\" srcset=\"https:\/\/md-medicina.si\/wp-content\/uploads\/2025\/05\/Snezana-Kocijancic-dr.-med.webp 800w, https:\/\/md-medicina.si\/wp-content\/uploads\/2025\/05\/Snezana-Kocijancic-dr.-med-240x300.webp 240w, https:\/\/md-medicina.si\/wp-content\/uploads\/2025\/05\/Snezana-Kocijancic-dr.-med-768x960.webp 768w\" sizes=\"(max-width: 800px) 100vw, 800px\"><div class=\"bde-text-278-102-748-278-1 bde-text bde-text-278-102\">\nSne\u017eana Kocijan\u010di\u010d, MD.\n<\/div><div class=\"bde-text-278-103-748-278-1 bde-text bde-text-278-103\">\nFacharzt f\u00fcr Allgemeinmedizin\n<\/div><div class=\"bde-text-278-104-748-278-1 bde-text bde-text-278-104\">\nFacharzt f\u00fcr Allgemeinmedizin mit langj\u00e4hriger Lehrerfahrung und Heiligentitel.\r\n\r\n\r\n\r\n\r\n\r\n\r\n\r\n\n<\/div>\n\n<\/a>    <\/article>\n    <article class=\"bde-loop-item ee-post\">\n        <a class=\"bde-container-link-278-100-742-278-1 bde-container-link bde-container-link-278-100 breakdance-link\" href=\"https:\/\/md-medicina.si\/de\/zdravnik\/dr-robert-kosak-dr-med\/\" target=\"_self\" data-type=\"url\">\n  \n  \n\t\n\n\n\n<img decoding=\"async\" class=\"bde-image2-278-101-742-278-1 bde-image2 bde-image2-278-101\" src=\"https:\/\/md-medicina.si\/wp-content\/uploads\/2025\/05\/dr.-Robert-Kosak-dr.med_.webp\" loading=\"lazy\" srcset=\"https:\/\/md-medicina.si\/wp-content\/uploads\/2025\/05\/dr.-Robert-Kosak-dr.med_.webp 800w, https:\/\/md-medicina.si\/wp-content\/uploads\/2025\/05\/dr.-Robert-Kosak-dr.med_-240x300.webp 240w, https:\/\/md-medicina.si\/wp-content\/uploads\/2025\/05\/dr.-Robert-Kosak-dr.med_-768x960.webp 768w\" sizes=\"(max-width: 800px) 100vw, 800px\"><div class=\"bde-text-278-102-742-278-1 bde-text bde-text-278-102\">\nDr. Robert Ko\u0161ak, MD.\n<\/div><div class=\"bde-text-278-103-742-278-1 bde-text bde-text-278-103\">\nFacharzt f\u00fcr orthop\u00e4dische Chirurgie\n<\/div><div class=\"bde-text-278-104-742-278-1 bde-text bde-text-278-104\">\nEr ist vor allem auf den Bereich der Wirbels\u00e4ule spezialisiert \u2013 er f\u00fchrt Wirbels\u00e4ulenoperationen an der gesamten Wirbels\u00e4ule durch, von der Hals-, Brust- bis zur Lendenwirbels\u00e4ule.\n<\/div>\n\n<\/a>    <\/article>\n    <article class=\"bde-loop-item ee-post\">\n        <a class=\"bde-container-link-278-100-1759-278-1 bde-container-link bde-container-link-278-100 breakdance-link\" href=\"https:\/\/md-medicina.si\/de\/zdravnik\/1759\/\" target=\"_self\" data-type=\"url\">\n  \n  \n\t\n\n\n\n<img decoding=\"async\" class=\"bde-image2-278-101-1759-278-1 bde-image2 bde-image2-278-101\" src=\"https:\/\/md-medicina.si\/wp-content\/uploads\/2025\/05\/Anze-Kristan-1.webp\" loading=\"lazy\" srcset=\"https:\/\/md-medicina.si\/wp-content\/uploads\/2025\/05\/Anze-Kristan-1.webp 800w, https:\/\/md-medicina.si\/wp-content\/uploads\/2025\/05\/Anze-Kristan-1-240x300.webp 240w, https:\/\/md-medicina.si\/wp-content\/uploads\/2025\/05\/Anze-Kristan-1-768x960.webp 768w\" sizes=\"(max-width: 800px) 100vw, 800px\"><div class=\"bde-text-278-102-1759-278-1 bde-text bde-text-278-102\">\nProf. Dr. An\u017ee Kristan, MD\n<\/div><div class=\"bde-text-278-103-1759-278-1 bde-text bde-text-278-103\">\nFacharzt f\u00fcr Traumatologie\n<\/div><div class=\"bde-text-278-104-1759-278-1 bde-text bde-text-278-104\">\nErfahrener Facharzt f\u00fcr Traumatologie und Allgemeinchirurgie mit umfangreicher internationaler Praxis und einer f\u00fchrenden Rolle in der Ausbildung chirurgischer Spezialisten in Europa und Afrika.\n<\/div>\n\n<\/a>    <\/article>\n    <article class=\"bde-loop-item ee-post\">\n        <a class=\"bde-container-link-278-100-743-278-1 bde-container-link bde-container-link-278-100 breakdance-link\" href=\"https:\/\/md-medicina.si\/de\/zdravnik\/asist-dr-david-martincic-dr-med\/\" target=\"_self\" data-type=\"url\">\n  \n  \n\t\n\n\n\n<img decoding=\"async\" class=\"bde-image2-278-101-743-278-1 bde-image2 bde-image2-278-101\" src=\"https:\/\/md-medicina.si\/wp-content\/uploads\/2025\/05\/asist.-dr.-David-Martincic-dr.-med.webp\" loading=\"lazy\" srcset=\"https:\/\/md-medicina.si\/wp-content\/uploads\/2025\/05\/asist.-dr.-David-Martincic-dr.-med.webp 800w, https:\/\/md-medicina.si\/wp-content\/uploads\/2025\/05\/asist.-dr.-David-Martincic-dr.-med-240x300.webp 240w, https:\/\/md-medicina.si\/wp-content\/uploads\/2025\/05\/asist.-dr.-David-Martincic-dr.-med-768x960.webp 768w\" sizes=\"(max-width: 800px) 100vw, 800px\"><div class=\"bde-text-278-102-743-278-1 bde-text bde-text-278-102\">\nAssist. Dr. David Martin\u010di\u010d, MD\n<\/div><div class=\"bde-text-278-103-743-278-1 bde-text bde-text-278-103\">\nFacharzt f\u00fcr orthop\u00e4dische Chirurgie\n<\/div><div class=\"bde-text-278-104-743-278-1 bde-text bde-text-278-104\">\nSeine Arbeitsschwerpunkte liegen in der Sportorthop\u00e4die und Knochentumorchirurgie.\n<\/div>\n\n<\/a>    <\/article>\n    <article class=\"bde-loop-item ee-post\">\n        <a class=\"bde-container-link-278-100-722-278-1 bde-container-link bde-container-link-278-100 breakdance-link\" href=\"https:\/\/md-medicina.si\/de\/zdravnik\/asist-dr-bostjan-matos-dr-med\/\" target=\"_self\" data-type=\"url\">\n  \n  \n\t\n\n\n\n<img decoding=\"async\" class=\"bde-image2-278-101-722-278-1 bde-image2 bde-image2-278-101\" src=\"https:\/\/md-medicina.si\/wp-content\/uploads\/2025\/05\/dr.-Bostjan-Matos-dr.-med.webp\" loading=\"lazy\" srcset=\"https:\/\/md-medicina.si\/wp-content\/uploads\/2025\/05\/dr.-Bostjan-Matos-dr.-med.webp 800w, https:\/\/md-medicina.si\/wp-content\/uploads\/2025\/05\/dr.-Bostjan-Matos-dr.-med-240x300.webp 240w, https:\/\/md-medicina.si\/wp-content\/uploads\/2025\/05\/dr.-Bostjan-Matos-dr.-med-768x960.webp 768w\" sizes=\"(max-width: 800px) 100vw, 800px\"><div class=\"bde-text-278-102-722-278-1 bde-text bde-text-278-102\">\nAssist.. Dr. Bo\u0161tjan Matos, MD\n<\/div><div class=\"bde-text-278-103-722-278-1 bde-text bde-text-278-103\">\nFacharzt f\u00fcr Neurochirurgie\n<\/div><div class=\"bde-text-278-104-722-278-1 bde-text bde-text-278-104\">\nEr befasst sich vorwiegend mit krankhaften Prozessen im Gehirn und R\u00fcckenmark sowie mit Schmerzprozessen im Bereich der Lenden- und Halswirbels\u00e4ule.\n<\/div>\n\n<\/a>    <\/article>\n    <article class=\"bde-loop-item ee-post\">\n        <a class=\"bde-container-link-278-100-744-278-1 bde-container-link bde-container-link-278-100 breakdance-link\" href=\"https:\/\/md-medicina.si\/de\/zdravnik\/doc-dr-uros-meglic-dr-med\/\" target=\"_self\" data-type=\"url\">\n  \n  \n\t\n\n\n\n<img decoding=\"async\" class=\"bde-image2-278-101-744-278-1 bde-image2 bde-image2-278-101\" src=\"https:\/\/md-medicina.si\/wp-content\/uploads\/2025\/05\/doc.dr_.-Uros-Meglic-dr.-med.webp\" loading=\"lazy\" srcset=\"https:\/\/md-medicina.si\/wp-content\/uploads\/2025\/05\/doc.dr_.-Uros-Meglic-dr.-med.webp 800w, https:\/\/md-medicina.si\/wp-content\/uploads\/2025\/05\/doc.dr_.-Uros-Meglic-dr.-med-240x300.webp 240w, https:\/\/md-medicina.si\/wp-content\/uploads\/2025\/05\/doc.dr_.-Uros-Meglic-dr.-med-768x960.webp 768w\" sizes=\"(max-width: 800px) 100vw, 800px\"><div class=\"bde-text-278-102-744-278-1 bde-text bde-text-278-102\">\nAssistenzprofessor Uro\u0161 Megli\u010d, MD, PhD\n<\/div><div class=\"bde-text-278-103-744-278-1 bde-text bde-text-278-103\">\nFacharzt f\u00fcr orthop\u00e4dische Chirurgie\n<\/div><div class=\"bde-text-278-104-744-278-1 bde-text bde-text-278-104\">\nDer Schwerpunkt liegt auf der Behandlung von Verletzungen und Erkrankungen der Schulter- und Ellenbogengelenke.\n<\/div>\n\n<\/a>    <\/article>\n    <article class=\"bde-loop-item ee-post\">\n        <a class=\"bde-container-link-278-100-2207-278-1 bde-container-link bde-container-link-278-100 breakdance-link\" href=\"https:\/\/md-medicina.si\/de\/zdravnik\/maja-merkun-dr-med\/\" target=\"_self\" data-type=\"url\">\n  \n  \n\t\n\n\n\n<img decoding=\"async\" class=\"bde-image2-278-101-2207-278-1 bde-image2 bde-image2-278-101\" src=\"https:\/\/md-medicina.si\/wp-content\/uploads\/2025\/07\/Mateja-Lasic.webp\" loading=\"lazy\" srcset=\"https:\/\/md-medicina.si\/wp-content\/uploads\/2025\/07\/Mateja-Lasic.webp 800w, https:\/\/md-medicina.si\/wp-content\/uploads\/2025\/07\/Mateja-Lasic-240x300.webp 240w, https:\/\/md-medicina.si\/wp-content\/uploads\/2025\/07\/Mateja-Lasic-768x960.webp 768w, https:\/\/md-medicina.si\/wp-content\/uploads\/2025\/07\/Mateja-Lasic-10x12.webp 10w\" sizes=\"(max-width: 800px) 100vw, 800px\"><div class=\"bde-text-278-102-2207-278-1 bde-text bde-text-278-102\">\nMaja Merkun, dr.med.\n<\/div><div class=\"bde-text-278-103-2207-278-1 bde-text bde-text-278-103\">\nSpezialistin f\u00fcr Gyn\u00e4kologie und Geburtshilfe\n<\/div><div class=\"bde-text-278-104-2207-278-1 bde-text bde-text-278-104\">\nVodja dejavnosti ginekologije in porodni\u0161tva v MD medicina. Izvaja specialisti\u010dne preglede in \u0161irok nabor ginekolo\u0161kih posegov z osredoto\u010denostjo na celostnem, posameznici prilagojenem pristopu.\n<\/div>\n\n<\/a>    <\/article>\n    <article class=\"bde-loop-item ee-post\">\n        <a class=\"bde-container-link-278-100-749-278-1 bde-container-link bde-container-link-278-100 breakdance-link\" href=\"https:\/\/md-medicina.si\/de\/zdravnik\/miha-muzic-dr-med\/\" target=\"_self\" data-type=\"url\">\n  \n  \n\t\n\n\n\n<img decoding=\"async\" class=\"bde-image2-278-101-749-278-1 bde-image2 bde-image2-278-101\" src=\"https:\/\/md-medicina.si\/wp-content\/uploads\/2025\/05\/Miha-Muzic-dr.-med.webp\" loading=\"lazy\" srcset=\"https:\/\/md-medicina.si\/wp-content\/uploads\/2025\/05\/Miha-Muzic-dr.-med.webp 800w, https:\/\/md-medicina.si\/wp-content\/uploads\/2025\/05\/Miha-Muzic-dr.-med-240x300.webp 240w, https:\/\/md-medicina.si\/wp-content\/uploads\/2025\/05\/Miha-Muzic-dr.-med-768x960.webp 768w\" sizes=\"(max-width: 800px) 100vw, 800px\"><div class=\"bde-text-278-102-749-278-1 bde-text bde-text-278-102\">\nMiha Mu\u017ei\u010d, dr. med.\n<\/div><div class=\"bde-text-278-103-749-278-1 bde-text bde-text-278-103\">\nspecialist dru\u017einske medicine\n<\/div><div class=\"bde-text-278-104-749-278-1 bde-text bde-text-278-104\">\nSpecializiran za dru\u017einsko medicino z dodatnim znanjem iz interne medicine, dermatologije in urgentne diagnostike.\r\n\r\n\r\n\r\n\r\n\r\n\r\n\n<\/div>\n\n<\/a>    <\/article>\n    <article class=\"bde-loop-item ee-post\">\n        <a class=\"bde-container-link-278-100-755-278-1 bde-container-link bde-container-link-278-100 breakdance-link\" href=\"https:\/\/md-medicina.si\/de\/zdravnik\/prof-dr-zvezdan-pirtosek-dr-med\/\" target=\"_self\" data-type=\"url\">\n  \n  \n\t\n\n\n\n<img decoding=\"async\" class=\"bde-image2-278-101-755-278-1 bde-image2 bde-image2-278-101\" src=\"https:\/\/md-medicina.si\/wp-content\/uploads\/2025\/05\/prof.-dr.-Zvezdan-Pirtosek-dr.-med.webp\" loading=\"lazy\" srcset=\"https:\/\/md-medicina.si\/wp-content\/uploads\/2025\/05\/prof.-dr.-Zvezdan-Pirtosek-dr.-med.webp 800w, https:\/\/md-medicina.si\/wp-content\/uploads\/2025\/05\/prof.-dr.-Zvezdan-Pirtosek-dr.-med-240x300.webp 240w, https:\/\/md-medicina.si\/wp-content\/uploads\/2025\/05\/prof.-dr.-Zvezdan-Pirtosek-dr.-med-768x960.webp 768w\" sizes=\"(max-width: 800px) 100vw, 800px\"><div class=\"bde-text-278-102-755-278-1 bde-text bde-text-278-102\">\nProf. Dr. Zvezdan Pirto\u0161ek, MD\n<\/div><div class=\"bde-text-278-103-755-278-1 bde-text bde-text-278-103\">\nFacharzt f\u00fcr Neurologie\n<\/div><div class=\"bde-text-278-104-755-278-1 bde-text bde-text-278-104\">\nEr besch\u00e4ftigt sich haupts\u00e4chlich mit neurodegenerativen Erkrankungen wie Parkinson und Alzheimer.\n<\/div>\n\n<\/a>    <\/article>\n    <article class=\"bde-loop-item ee-post\">\n        <a class=\"bde-container-link-278-100-736-278-1 bde-container-link bde-container-link-278-100 breakdance-link\" href=\"https:\/\/md-medicina.si\/de\/zdravnik\/doc-dr-domen-plut-dr-med\/\" target=\"_self\" data-type=\"url\">\n  \n  \n\t\n\n\n\n<img decoding=\"async\" class=\"bde-image2-278-101-736-278-1 bde-image2 bde-image2-278-101\" src=\"https:\/\/md-medicina.si\/wp-content\/uploads\/2025\/05\/doc.-dr.-Domen-Plut-dr.-med.webp\" loading=\"lazy\" srcset=\"https:\/\/md-medicina.si\/wp-content\/uploads\/2025\/05\/doc.-dr.-Domen-Plut-dr.-med.webp 800w, https:\/\/md-medicina.si\/wp-content\/uploads\/2025\/05\/doc.-dr.-Domen-Plut-dr.-med-240x300.webp 240w, https:\/\/md-medicina.si\/wp-content\/uploads\/2025\/05\/doc.-dr.-Domen-Plut-dr.-med-768x960.webp 768w\" sizes=\"(max-width: 800px) 100vw, 800px\"><div class=\"bde-text-278-102-736-278-1 bde-text bde-text-278-102\">\ndoc. dr. Domen Plut, MD\n<\/div><div class=\"bde-text-278-103-736-278-1 bde-text bde-text-278-103\">\nFacharzt f\u00fcr Radiologie\n<\/div><div class=\"bde-text-278-104-736-278-1 bde-text bde-text-278-104\">\nEr f\u00fchrt haupts\u00e4chlich Ultraschalluntersuchungen bei Kindern und Erwachsenen durch.\n<\/div>\n\n<\/a>    <\/article>\n    <article class=\"bde-loop-item ee-post\">\n        <a class=\"bde-container-link-278-100-737-278-1 bde-container-link bde-container-link-278-100 breakdance-link\" href=\"https:\/\/md-medicina.si\/de\/zdravnik\/asist-peter-slak-dr-med\/\" target=\"_self\" data-type=\"url\">\n  \n  \n\t\n\n\n\n<img decoding=\"async\" class=\"bde-image2-278-101-737-278-1 bde-image2 bde-image2-278-101\" src=\"https:\/\/md-medicina.si\/wp-content\/uploads\/2025\/05\/asist.-Peter-Slak-dr.-med.webp\" loading=\"lazy\" srcset=\"https:\/\/md-medicina.si\/wp-content\/uploads\/2025\/05\/asist.-Peter-Slak-dr.-med.webp 800w, https:\/\/md-medicina.si\/wp-content\/uploads\/2025\/05\/asist.-Peter-Slak-dr.-med-240x300.webp 240w, https:\/\/md-medicina.si\/wp-content\/uploads\/2025\/05\/asist.-Peter-Slak-dr.-med-768x960.webp 768w\" sizes=\"(max-width: 800px) 100vw, 800px\"><div class=\"bde-text-278-102-737-278-1 bde-text bde-text-278-102\">\nAssist. Dr. Peter Slak, MD\n<\/div><div class=\"bde-text-278-103-737-278-1 bde-text bde-text-278-103\">\nFacharzt f\u00fcr Radiologie\n<\/div><div class=\"bde-text-278-104-737-278-1 bde-text bde-text-278-104\">\nEr f\u00fchrt Ultraschalluntersuchungen des Bauchraums, der Harnwege, der Weichteile und der Halsorgane bei Menschen jeden Alters durch.\n<\/div>\n\n<\/a>    <\/article>\n    <article class=\"bde-loop-item ee-post\">\n        <a class=\"bde-container-link-278-100-745-278-1 bde-container-link bde-container-link-278-100 breakdance-link\" href=\"https:\/\/md-medicina.si\/de\/zdravnik\/asist-dr-tanja-slokar-dr-med\/\" target=\"_self\" data-type=\"url\">\n  \n  \n\t\n\n\n\n<img decoding=\"async\" class=\"bde-image2-278-101-745-278-1 bde-image2 bde-image2-278-101\" src=\"https:\/\/md-medicina.si\/wp-content\/uploads\/2025\/05\/asist.-dr.-Tanja-Slokar-dr.-med.webp\" loading=\"lazy\" srcset=\"https:\/\/md-medicina.si\/wp-content\/uploads\/2025\/05\/asist.-dr.-Tanja-Slokar-dr.-med.webp 800w, https:\/\/md-medicina.si\/wp-content\/uploads\/2025\/05\/asist.-dr.-Tanja-Slokar-dr.-med-240x300.webp 240w, https:\/\/md-medicina.si\/wp-content\/uploads\/2025\/05\/asist.-dr.-Tanja-Slokar-dr.-med-768x960.webp 768w\" sizes=\"(max-width: 800px) 100vw, 800px\"><div class=\"bde-text-278-102-745-278-1 bde-text bde-text-278-102\">\nAssist. Dr. Tanja Slokar, MD\n<\/div><div class=\"bde-text-278-103-745-278-1 bde-text bde-text-278-103\">\nFacharzt f\u00fcr orthop\u00e4dische Chirurgie\n<\/div><div class=\"bde-text-278-104-745-278-1 bde-text bde-text-278-104\">\nEr befasst sich mit allgemeiner und vielf\u00e4ltiger orthop\u00e4discher Pathologie, mit Schwerpunkt auf Fu\u00df- und Kniepathologie bei Erwachsenen und Kindern.\n<\/div>\n\n<\/a>    <\/article>\n    <article class=\"bde-loop-item ee-post\">\n        <a class=\"bde-container-link-278-100-1386-278-1 bde-container-link bde-container-link-278-100 breakdance-link\" href=\"https:\/\/md-medicina.si\/de\/zdravnik\/izr-prof-klemen-strazar-dr-med\/\" target=\"_self\" data-type=\"url\">\n  \n  \n\t\n\n\n\n<img decoding=\"async\" class=\"bde-image2-278-101-1386-278-1 bde-image2 bde-image2-278-101\" src=\"https:\/\/md-medicina.si\/wp-content\/uploads\/2025\/05\/izr.-prof.-Klemen-Strazar-dr.-med.webp\" loading=\"lazy\" srcset=\"https:\/\/md-medicina.si\/wp-content\/uploads\/2025\/05\/izr.-prof.-Klemen-Strazar-dr.-med.webp 800w, https:\/\/md-medicina.si\/wp-content\/uploads\/2025\/05\/izr.-prof.-Klemen-Strazar-dr.-med-240x300.webp 240w, https:\/\/md-medicina.si\/wp-content\/uploads\/2025\/05\/izr.-prof.-Klemen-Strazar-dr.-med-768x960.webp 768w\" sizes=\"(max-width: 800px) 100vw, 800px\"><div class=\"bde-text-278-102-1386-278-1 bde-text bde-text-278-102\">\nAssoc. Prof. Klemen Stra\u017ear, MD, PhD\n<\/div><div class=\"bde-text-278-103-1386-278-1 bde-text bde-text-278-103\">\nFacharzt f\u00fcr orthop\u00e4dische Chirurgie\n<\/div><div class=\"bde-text-278-104-1386-278-1 bde-text bde-text-278-104\">\nEin erfahrener Facharzt f\u00fcr orthop\u00e4dische Chirurgie, der seine F\u00e4higkeiten in renommierten Kliniken auf der ganzen Welt verfeinert hat.\n<\/div>\n\n<\/a>    <\/article>\n    <article class=\"bde-loop-item ee-post\">\n        <a class=\"bde-container-link-278-100-728-278-1 bde-container-link bde-container-link-278-100 breakdance-link\" href=\"https:\/\/md-medicina.si\/de\/zdravnik\/asist-dr-lovro-suhodolcan-dr-med\/\" target=\"_self\" data-type=\"url\">\n  \n  \n\t\n\n\n\n<img decoding=\"async\" class=\"bde-image2-278-101-728-278-1 bde-image2 bde-image2-278-101\" src=\"https:\/\/md-medicina.si\/wp-content\/uploads\/2025\/05\/asist.-dr.-Lovro-Suhodolcan-dr.-med.webp\" loading=\"lazy\" srcset=\"https:\/\/md-medicina.si\/wp-content\/uploads\/2025\/05\/asist.-dr.-Lovro-Suhodolcan-dr.-med.webp 800w, https:\/\/md-medicina.si\/wp-content\/uploads\/2025\/05\/asist.-dr.-Lovro-Suhodolcan-dr.-med-240x300.webp 240w, https:\/\/md-medicina.si\/wp-content\/uploads\/2025\/05\/asist.-dr.-Lovro-Suhodolcan-dr.-med-768x960.webp 768w\" sizes=\"(max-width: 800px) 100vw, 800px\"><div class=\"bde-text-278-102-728-278-1 bde-text bde-text-278-102\">\nAssist. Dr. Lovro Suhodol\u010dan, MD\n<\/div><div class=\"bde-text-278-103-728-278-1 bde-text bde-text-278-103\">\nFacharzt f\u00fcr orthop\u00e4dische Chirurgie\n<\/div><div class=\"bde-text-278-104-728-278-1 bde-text bde-text-278-104\">\nEr befasst sich mit der umfassenden Behandlung von Wirbels\u00e4ulenerkrankungen, einschlie\u00dflich Tumorchirurgie und Deformit\u00e4ten.\n<\/div>\n\n<\/a>    <\/article>\n    <article class=\"bde-loop-item ee-post\">\n        <a class=\"bde-container-link-278-100-723-278-1 bde-container-link bde-container-link-278-100 breakdance-link\" href=\"https:\/\/md-medicina.si\/de\/zdravnik\/asist-dr-janez-toplisek-dr-med\/\" target=\"_self\" data-type=\"url\">\n  \n  \n\t\n\n\n\n<img decoding=\"async\" class=\"bde-image2-278-101-723-278-1 bde-image2 bde-image2-278-101\" src=\"https:\/\/md-medicina.si\/wp-content\/uploads\/2025\/05\/asist.-dr.-Janez-Toplisek-dr.-med.webp\" loading=\"lazy\" srcset=\"https:\/\/md-medicina.si\/wp-content\/uploads\/2025\/05\/asist.-dr.-Janez-Toplisek-dr.-med.webp 800w, https:\/\/md-medicina.si\/wp-content\/uploads\/2025\/05\/asist.-dr.-Janez-Toplisek-dr.-med-240x300.webp 240w, https:\/\/md-medicina.si\/wp-content\/uploads\/2025\/05\/asist.-dr.-Janez-Toplisek-dr.-med-768x960.webp 768w\" sizes=\"(max-width: 800px) 100vw, 800px\"><div class=\"bde-text-278-102-723-278-1 bde-text bde-text-278-102\">\nAssist. Dr. Janez Topli\u0161ek, MD\n<\/div><div class=\"bde-text-278-103-723-278-1 bde-text bde-text-278-103\">\nFacharzt f\u00fcr Innere Medizin, Kardiologie und Gef\u00e4\u00dfmedizin\n<\/div><div class=\"bde-text-278-104-723-278-1 bde-text bde-text-278-104\">\nDabei geht es vor allem um Probleme des Herz-Kreislauf-Systems.\n<\/div>\n\n<\/a>    <\/article>\n    <article class=\"bde-loop-item ee-post\">\n        <a class=\"bde-container-link-278-100-753-278-1 bde-container-link bde-container-link-278-100 breakdance-link\" href=\"https:\/\/md-medicina.si\/de\/zdravnik\/dasa-zugwitz-dr-med\/\" target=\"_self\" data-type=\"url\">\n  \n  \n\t\n\n\n\n<img decoding=\"async\" class=\"bde-image2-278-101-753-278-1 bde-image2 bde-image2-278-101\" src=\"https:\/\/md-medicina.si\/wp-content\/uploads\/2025\/05\/Dasa-Zugwitz-dr.-med.webp\" loading=\"lazy\" srcset=\"https:\/\/md-medicina.si\/wp-content\/uploads\/2025\/05\/Dasa-Zugwitz-dr.-med.webp 800w, https:\/\/md-medicina.si\/wp-content\/uploads\/2025\/05\/Dasa-Zugwitz-dr.-med-240x300.webp 240w, https:\/\/md-medicina.si\/wp-content\/uploads\/2025\/05\/Dasa-Zugwitz-dr.-med-768x960.webp 768w\" sizes=\"(max-width: 800px) 100vw, 800px\"><div class=\"bde-text-278-102-753-278-1 bde-text bde-text-278-102\">\nDa\u0161a Zugwitz, MD.\n<\/div><div class=\"bde-text-278-103-753-278-1 bde-text bde-text-278-103\">\nFacharzt f\u00fcr Kardiologie und Gef\u00e4\u00dfmedizin\n<\/div><div class=\"bde-text-278-104-753-278-1 bde-text bde-text-278-104\">\nSpezialisiert auf Herzbildgebung mit internationalen Zertifizierungen und Forschungskenntnissen im Bereich der Kardiologie.\n<\/div>\n\n<\/a>    <\/article>\n    <article class=\"bde-loop-item ee-post\">\n        <a class=\"bde-container-link-278-100-726-278-1 bde-container-link bde-container-link-278-100 breakdance-link\" href=\"https:\/\/md-medicina.si\/de\/zdravnik\/asist-dr-nik-zlak-dr-med\/\" target=\"_self\" data-type=\"url\">\n  \n  \n\t\n\n\n\n<img decoding=\"async\" class=\"bde-image2-278-101-726-278-1 bde-image2 bde-image2-278-101\" src=\"https:\/\/md-medicina.si\/wp-content\/uploads\/2025\/05\/asist.-dr.-Nik-Zlak-dr.-med.webp\" loading=\"lazy\" srcset=\"https:\/\/md-medicina.si\/wp-content\/uploads\/2025\/05\/asist.-dr.-Nik-Zlak-dr.-med.webp 800w, https:\/\/md-medicina.si\/wp-content\/uploads\/2025\/05\/asist.-dr.-Nik-Zlak-dr.-med-240x300.webp 240w, https:\/\/md-medicina.si\/wp-content\/uploads\/2025\/05\/asist.-dr.-Nik-Zlak-dr.-med-768x960.webp 768w\" sizes=\"(max-width: 800px) 100vw, 800px\"><div class=\"bde-text-278-102-726-278-1 bde-text bde-text-278-102\">\nAssist. Dr. Nik \u017dlak, MD\n<\/div><div class=\"bde-text-278-103-726-278-1 bde-text bde-text-278-103\">\nFacharzt f\u00fcr orthop\u00e4dische Chirurgie\n<\/div><div class=\"bde-text-278-104-726-278-1 bde-text bde-text-278-104\">\nEr befasst sich mit Sportpathologie und rekonstruktiven Eingriffen an Knie, Kn\u00f6chel und Schulter, regenerativer Orthop\u00e4die und Fu\u00dfpathologie.\n<\/div>\n\n<\/a>    <\/article>\n    <article class=\"bde-loop-item ee-post\">\n        <a class=\"bde-container-link-278-100-738-278-1 bde-container-link bde-container-link-278-100 breakdance-link\" href=\"https:\/\/md-medicina.si\/de\/zdravnik\/izr-prof-dr-janez-brecelj-dr-med\/\" target=\"_self\" data-type=\"url\">\n  \n  \n\t\n\n\n\n<img decoding=\"async\" class=\"bde-image2-278-101-738-278-1 bde-image2 bde-image2-278-101\" src=\"https:\/\/md-medicina.si\/wp-content\/uploads\/2025\/05\/Foto-Zupan-scaled.jpg\" loading=\"lazy\" srcset=\"https:\/\/md-medicina.si\/wp-content\/uploads\/2025\/05\/Foto-Zupan-scaled.jpg 1707w, https:\/\/md-medicina.si\/wp-content\/uploads\/2025\/05\/Foto-Zupan-200x300.jpg 200w, https:\/\/md-medicina.si\/wp-content\/uploads\/2025\/05\/Foto-Zupan-683x1024.jpg 683w, https:\/\/md-medicina.si\/wp-content\/uploads\/2025\/05\/Foto-Zupan-768x1152.jpg 768w, https:\/\/md-medicina.si\/wp-content\/uploads\/2025\/05\/Foto-Zupan-1024x1536.jpg 1024w, https:\/\/md-medicina.si\/wp-content\/uploads\/2025\/05\/Foto-Zupan-1365x2048.jpg 1365w, https:\/\/md-medicina.si\/wp-content\/uploads\/2025\/05\/Foto-Zupan-8x12.jpg 8w\" sizes=\"(max-width: 1707px) 100vw, 1707px\"><div class=\"bde-text-278-102-738-278-1 bde-text bde-text-278-102\">\nprof. dr. Oskar Zupanc, dr. med.\n<\/div><div class=\"bde-text-278-103-738-278-1 bde-text bde-text-278-103\">\nFacharzt f\u00fcr orthop\u00e4dische Chirurgie\n<\/div><div class=\"bde-text-278-104-738-278-1 bde-text bde-text-278-104\">\nPri svojem delu se ukvarja s \u0161portno patologijo. Osredoto\u010da se predvsem na zdravljenje ramen, komolca in kolen.\n<\/div>\n\n<\/a>    <\/article>\n<\/div>\r\n<\/div><\/div>\n<\/section><section class=\"bde-section-382-164 bde-section\">\n              \n  \n  \n\t\n\n\n\n<div class=\"section-container\"><h2 class=\"bde-heading-382-165 bde-heading\">\nMeinungen zufriedener Kunden\n<\/h2><div class=\"bde-text-382-166 bde-text\">\nDie Meinungen unserer Patienten zeugen von dem Vertrauen, der Professionalit\u00e4t und dem pers\u00f6nlichen Ansatz, den wir in unserer Arbeit t\u00e4glich umsetzen.\n<\/div><div class=\"bde-globalblock-382-266 bde-globalblock\"><div class=\"bde-advancedslider-1251-138-1251-1 bde-advancedslider bde-advancedslider-1251-138\">\n<div class=\"breakdance-swiper-wrapper\" data-swiper-id=\"138\">\n  <div class=\"swiper\">\n    <div class=\"swiper-wrapper\">\n      <div class=\"bde-advancedslide-1251-146-1251-1 bde-advancedslide bde-advancedslide-1251-146 swiper-slide\"><div class=\"advanced-slider__slide\">\r\n  <div class=\"bde-div-1251-147-1251-1 bde-div bde-div-1251-147\">\n  \n  \n\t\n\n\n\n<div class=\"bde-star-rating-1251-148-1251-1 bde-star-rating bde-star-rating-1251-148\">\n\n\n\n  <div class='bde-star-rating__wrapper'>\n    <svg aria-hidden=\"true\" focusable=\"false\" data-prefix=\"fas\"  role=\"img\" xmlns=\"http:\/\/www.w3.org\/2000\/svg\" viewbox=\"0 0 576 512\" class=\"svg-inline--fa fa-star fa-w-18 fa-2x\"><path d=\"M259.3 17.8L194 150.2 47.9 171.5c-26.2 3.8-36.7 36.1-17.7 54.6l105.7 103-25 145.5c-4.5 26.3 23.2 46 46.4 33.7L288 439.6l130.7 68.7c23.2 12.2 50.9-7.4 46.4-33.7l-25-145.5 105.7-103c19-18.5 8.5-50.8-17.7-54.6L382 150.2 316.7 17.8c-11.7-23.6-45.6-23.9-57.4 0z\" class=\"\"><\/path><\/svg>\n    <svg aria-hidden=\"true\" focusable=\"false\" data-prefix=\"fas\"  role=\"img\" xmlns=\"http:\/\/www.w3.org\/2000\/svg\" viewbox=\"0 0 576 512\" class=\"svg-inline--fa fa-star fa-w-18 fa-2x\"><path d=\"M259.3 17.8L194 150.2 47.9 171.5c-26.2 3.8-36.7 36.1-17.7 54.6l105.7 103-25 145.5c-4.5 26.3 23.2 46 46.4 33.7L288 439.6l130.7 68.7c23.2 12.2 50.9-7.4 46.4-33.7l-25-145.5 105.7-103c19-18.5 8.5-50.8-17.7-54.6L382 150.2 316.7 17.8c-11.7-23.6-45.6-23.9-57.4 0z\" class=\"\"><\/path><\/svg>\n    <svg aria-hidden=\"true\" focusable=\"false\" data-prefix=\"fas\"  role=\"img\" xmlns=\"http:\/\/www.w3.org\/2000\/svg\" viewbox=\"0 0 576 512\" class=\"svg-inline--fa fa-star fa-w-18 fa-2x\"><path d=\"M259.3 17.8L194 150.2 47.9 171.5c-26.2 3.8-36.7 36.1-17.7 54.6l105.7 103-25 145.5c-4.5 26.3 23.2 46 46.4 33.7L288 439.6l130.7 68.7c23.2 12.2 50.9-7.4 46.4-33.7l-25-145.5 105.7-103c19-18.5 8.5-50.8-17.7-54.6L382 150.2 316.7 17.8c-11.7-23.6-45.6-23.9-57.4 0z\" class=\"\"><\/path><\/svg>\n    <svg aria-hidden=\"true\" focusable=\"false\" data-prefix=\"fas\"  role=\"img\" xmlns=\"http:\/\/www.w3.org\/2000\/svg\" viewbox=\"0 0 576 512\" class=\"svg-inline--fa fa-star fa-w-18 fa-2x\"><path d=\"M259.3 17.8L194 150.2 47.9 171.5c-26.2 3.8-36.7 36.1-17.7 54.6l105.7 103-25 145.5c-4.5 26.3 23.2 46 46.4 33.7L288 439.6l130.7 68.7c23.2 12.2 50.9-7.4 46.4-33.7l-25-145.5 105.7-103c19-18.5 8.5-50.8-17.7-54.6L382 150.2 316.7 17.8c-11.7-23.6-45.6-23.9-57.4 0z\" class=\"\"><\/path><\/svg>\n    <svg aria-hidden=\"true\" focusable=\"false\" data-prefix=\"fas\"  role=\"img\" xmlns=\"http:\/\/www.w3.org\/2000\/svg\" viewbox=\"0 0 576 512\" class=\"svg-inline--fa fa-star fa-w-18 fa-2x\"><path d=\"M259.3 17.8L194 150.2 47.9 171.5c-26.2 3.8-36.7 36.1-17.7 54.6l105.7 103-25 145.5c-4.5 26.3 23.2 46 46.4 33.7L288 439.6l130.7 68.7c23.2 12.2 50.9-7.4 46.4-33.7l-25-145.5 105.7-103c19-18.5 8.5-50.8-17.7-54.6L382 150.2 316.7 17.8c-11.7-23.6-45.6-23.9-57.4 0z\" class=\"\"><\/path><\/svg>\n  <\/div>\n\n\n\n<svg width=\"0\" height=\"0\">\n<lineargradient id=\"starhalf148\" x1=\"0\" x2=\"100%\" y1=\"0\" y2=\"0\">\n        <stop offset=\"0%\" stop-color=\"var(--bde-palette-color-2-9cf302e2-e388-4912-b6fe-f7cdeb9bf61b)\"><\/stop>\n \t\t<stop offset=\"0%\" stop-color=\"lightgrey\"><\/stop>\n<\/lineargradient>\n<\/svg>\n\n<\/div><div class=\"bde-text-1251-149-1251-1 bde-text bde-text-1251-149\">\nMD Medicina hat freundliches und vor allem professionelles Personal. Die An\u00e4sthesisten geben einem das Gef\u00fchl, wirklich sicher zu sein. Der Chirurg kl\u00e4rt einen umfassend auf und erledigt seine Arbeit professionell. Er k\u00fcmmert sich bis zur Entlassung und nat\u00fcrlich auch danach um einen. Die Krankenschwestern, der Physiotherapeut und andere k\u00fcmmern sich darum, dass einem nichts entgeht, auch wenn man gerade nichts tun kann. Professionalit\u00e4t, Freundlichkeit, Gem\u00fctlichkeit. Das ist wohl alles, was wir als Patienten uns w\u00fcnschen und verdienen, wenn wir operiert werden m\u00fcssen. Und so ging es mir auch, denn von der Vorbereitung auf den Eingriff \u00fcber die Operation bis hin zur Nachsorge verlief alles hervorragend. Vielen Dank an das gesamte Team und alles Gute!\n<\/div>\n<\/div><div class=\"bde-div-1251-150-1251-1 bde-div bde-div-1251-150\">\n  \n  \n\t\n\n\n\n<div class=\"bde-text-1251-152-1251-1 bde-text bde-text-1251-152\">\nKatarina Sinkovec\n<\/div>\n<\/div>\r\n<\/div><\/div><div class=\"bde-advancedslide-1251-153-1251-1 bde-advancedslide bde-advancedslide-1251-153 swiper-slide\"><div class=\"advanced-slider__slide\">\r\n  <div class=\"bde-div-1251-154-1251-1 bde-div bde-div-1251-154\">\n  \n  \n\t\n\n\n\n<div class=\"bde-star-rating-1251-155-1251-1 bde-star-rating bde-star-rating-1251-155\">\n\n\n\n  <div class='bde-star-rating__wrapper'>\n    <svg aria-hidden=\"true\" focusable=\"false\" data-prefix=\"fas\"  role=\"img\" xmlns=\"http:\/\/www.w3.org\/2000\/svg\" viewbox=\"0 0 576 512\" class=\"svg-inline--fa fa-star fa-w-18 fa-2x\"><path d=\"M259.3 17.8L194 150.2 47.9 171.5c-26.2 3.8-36.7 36.1-17.7 54.6l105.7 103-25 145.5c-4.5 26.3 23.2 46 46.4 33.7L288 439.6l130.7 68.7c23.2 12.2 50.9-7.4 46.4-33.7l-25-145.5 105.7-103c19-18.5 8.5-50.8-17.7-54.6L382 150.2 316.7 17.8c-11.7-23.6-45.6-23.9-57.4 0z\" class=\"\"><\/path><\/svg>\n    <svg aria-hidden=\"true\" focusable=\"false\" data-prefix=\"fas\"  role=\"img\" xmlns=\"http:\/\/www.w3.org\/2000\/svg\" viewbox=\"0 0 576 512\" class=\"svg-inline--fa fa-star fa-w-18 fa-2x\"><path d=\"M259.3 17.8L194 150.2 47.9 171.5c-26.2 3.8-36.7 36.1-17.7 54.6l105.7 103-25 145.5c-4.5 26.3 23.2 46 46.4 33.7L288 439.6l130.7 68.7c23.2 12.2 50.9-7.4 46.4-33.7l-25-145.5 105.7-103c19-18.5 8.5-50.8-17.7-54.6L382 150.2 316.7 17.8c-11.7-23.6-45.6-23.9-57.4 0z\" class=\"\"><\/path><\/svg>\n    <svg aria-hidden=\"true\" focusable=\"false\" data-prefix=\"fas\"  role=\"img\" xmlns=\"http:\/\/www.w3.org\/2000\/svg\" viewbox=\"0 0 576 512\" class=\"svg-inline--fa fa-star fa-w-18 fa-2x\"><path d=\"M259.3 17.8L194 150.2 47.9 171.5c-26.2 3.8-36.7 36.1-17.7 54.6l105.7 103-25 145.5c-4.5 26.3 23.2 46 46.4 33.7L288 439.6l130.7 68.7c23.2 12.2 50.9-7.4 46.4-33.7l-25-145.5 105.7-103c19-18.5 8.5-50.8-17.7-54.6L382 150.2 316.7 17.8c-11.7-23.6-45.6-23.9-57.4 0z\" class=\"\"><\/path><\/svg>\n    <svg aria-hidden=\"true\" focusable=\"false\" data-prefix=\"fas\"  role=\"img\" xmlns=\"http:\/\/www.w3.org\/2000\/svg\" viewbox=\"0 0 576 512\" class=\"svg-inline--fa fa-star fa-w-18 fa-2x\"><path d=\"M259.3 17.8L194 150.2 47.9 171.5c-26.2 3.8-36.7 36.1-17.7 54.6l105.7 103-25 145.5c-4.5 26.3 23.2 46 46.4 33.7L288 439.6l130.7 68.7c23.2 12.2 50.9-7.4 46.4-33.7l-25-145.5 105.7-103c19-18.5 8.5-50.8-17.7-54.6L382 150.2 316.7 17.8c-11.7-23.6-45.6-23.9-57.4 0z\" class=\"\"><\/path><\/svg>\n    <svg aria-hidden=\"true\" focusable=\"false\" data-prefix=\"fas\"  role=\"img\" xmlns=\"http:\/\/www.w3.org\/2000\/svg\" viewbox=\"0 0 576 512\" class=\"svg-inline--fa fa-star fa-w-18 fa-2x\"><path d=\"M259.3 17.8L194 150.2 47.9 171.5c-26.2 3.8-36.7 36.1-17.7 54.6l105.7 103-25 145.5c-4.5 26.3 23.2 46 46.4 33.7L288 439.6l130.7 68.7c23.2 12.2 50.9-7.4 46.4-33.7l-25-145.5 105.7-103c19-18.5 8.5-50.8-17.7-54.6L382 150.2 316.7 17.8c-11.7-23.6-45.6-23.9-57.4 0z\" class=\"\"><\/path><\/svg>\n  <\/div>\n\n\n\n<svg width=\"0\" height=\"0\">\n<lineargradient id=\"starhalf155\" x1=\"0\" x2=\"100%\" y1=\"0\" y2=\"0\">\n        <stop offset=\"0%\" stop-color=\"var(--bde-palette-color-2-9cf302e2-e388-4912-b6fe-f7cdeb9bf61b)\"><\/stop>\n \t\t<stop offset=\"0%\" stop-color=\"lightgrey\"><\/stop>\n<\/lineargradient>\n<\/svg>\n\n<\/div><div class=\"bde-text-1251-156-1251-1 bde-text bde-text-1251-156\">\nVielen Dank an alle, die in ihrer \u00e4rztlichen Arbeit modernste medizinische Ger\u00e4te, Methoden und Arbeitsformen einsetzen. Gleichzeitig bilden Sie eine neue Generation von \u00c4rzten aus, weil Sie pers\u00f6nlich davon \u00fcberzeugt sind, dass ein partnerschaftlicher Umgang mit dem Patienten nicht nur Ihnen, sondern auch uns zugutekommt. Das gibt uns das Gef\u00fchl, \u201ewichtig\u201c zu sein.\n<\/div>\n<\/div><div class=\"bde-div-1251-157-1251-1 bde-div bde-div-1251-157\">\n  \n  \n\t\n\n\n\n<div class=\"bde-text-1251-159-1251-1 bde-text bde-text-1251-159\">\nAlenka \u010curin Jan\u017eekovi\u010d &amp; Marijan Jan\u017eekovi\u010d\n<\/div>\n<\/div>\r\n<\/div><\/div><div class=\"bde-advancedslide-1251-160-1251-1 bde-advancedslide bde-advancedslide-1251-160 swiper-slide\"><div class=\"advanced-slider__slide\">\r\n  <div class=\"bde-div-1251-161-1251-1 bde-div bde-div-1251-161\">\n  \n  \n\t\n\n\n\n<div class=\"bde-star-rating-1251-162-1251-1 bde-star-rating bde-star-rating-1251-162\">\n\n\n\n  <div class='bde-star-rating__wrapper'>\n    <svg aria-hidden=\"true\" focusable=\"false\" data-prefix=\"fas\"  role=\"img\" xmlns=\"http:\/\/www.w3.org\/2000\/svg\" viewbox=\"0 0 576 512\" class=\"svg-inline--fa fa-star fa-w-18 fa-2x\"><path d=\"M259.3 17.8L194 150.2 47.9 171.5c-26.2 3.8-36.7 36.1-17.7 54.6l105.7 103-25 145.5c-4.5 26.3 23.2 46 46.4 33.7L288 439.6l130.7 68.7c23.2 12.2 50.9-7.4 46.4-33.7l-25-145.5 105.7-103c19-18.5 8.5-50.8-17.7-54.6L382 150.2 316.7 17.8c-11.7-23.6-45.6-23.9-57.4 0z\" class=\"\"><\/path><\/svg>\n    <svg aria-hidden=\"true\" focusable=\"false\" data-prefix=\"fas\"  role=\"img\" xmlns=\"http:\/\/www.w3.org\/2000\/svg\" viewbox=\"0 0 576 512\" class=\"svg-inline--fa fa-star fa-w-18 fa-2x\"><path d=\"M259.3 17.8L194 150.2 47.9 171.5c-26.2 3.8-36.7 36.1-17.7 54.6l105.7 103-25 145.5c-4.5 26.3 23.2 46 46.4 33.7L288 439.6l130.7 68.7c23.2 12.2 50.9-7.4 46.4-33.7l-25-145.5 105.7-103c19-18.5 8.5-50.8-17.7-54.6L382 150.2 316.7 17.8c-11.7-23.6-45.6-23.9-57.4 0z\" class=\"\"><\/path><\/svg>\n    <svg aria-hidden=\"true\" focusable=\"false\" data-prefix=\"fas\"  role=\"img\" xmlns=\"http:\/\/www.w3.org\/2000\/svg\" viewbox=\"0 0 576 512\" class=\"svg-inline--fa fa-star fa-w-18 fa-2x\"><path d=\"M259.3 17.8L194 150.2 47.9 171.5c-26.2 3.8-36.7 36.1-17.7 54.6l105.7 103-25 145.5c-4.5 26.3 23.2 46 46.4 33.7L288 439.6l130.7 68.7c23.2 12.2 50.9-7.4 46.4-33.7l-25-145.5 105.7-103c19-18.5 8.5-50.8-17.7-54.6L382 150.2 316.7 17.8c-11.7-23.6-45.6-23.9-57.4 0z\" class=\"\"><\/path><\/svg>\n    <svg aria-hidden=\"true\" focusable=\"false\" data-prefix=\"fas\"  role=\"img\" xmlns=\"http:\/\/www.w3.org\/2000\/svg\" viewbox=\"0 0 576 512\" class=\"svg-inline--fa fa-star fa-w-18 fa-2x\"><path d=\"M259.3 17.8L194 150.2 47.9 171.5c-26.2 3.8-36.7 36.1-17.7 54.6l105.7 103-25 145.5c-4.5 26.3 23.2 46 46.4 33.7L288 439.6l130.7 68.7c23.2 12.2 50.9-7.4 46.4-33.7l-25-145.5 105.7-103c19-18.5 8.5-50.8-17.7-54.6L382 150.2 316.7 17.8c-11.7-23.6-45.6-23.9-57.4 0z\" class=\"\"><\/path><\/svg>\n    <svg aria-hidden=\"true\" focusable=\"false\" data-prefix=\"fas\"  role=\"img\" xmlns=\"http:\/\/www.w3.org\/2000\/svg\" viewbox=\"0 0 576 512\" class=\"svg-inline--fa fa-star fa-w-18 fa-2x\"><path d=\"M259.3 17.8L194 150.2 47.9 171.5c-26.2 3.8-36.7 36.1-17.7 54.6l105.7 103-25 145.5c-4.5 26.3 23.2 46 46.4 33.7L288 439.6l130.7 68.7c23.2 12.2 50.9-7.4 46.4-33.7l-25-145.5 105.7-103c19-18.5 8.5-50.8-17.7-54.6L382 150.2 316.7 17.8c-11.7-23.6-45.6-23.9-57.4 0z\" class=\"\"><\/path><\/svg>\n  <\/div>\n\n\n\n<svg width=\"0\" height=\"0\">\n<lineargradient id=\"starhalf162\" x1=\"0\" x2=\"100%\" y1=\"0\" y2=\"0\">\n        <stop offset=\"0%\" stop-color=\"var(--bde-palette-color-2-9cf302e2-e388-4912-b6fe-f7cdeb9bf61b)\"><\/stop>\n \t\t<stop offset=\"0%\" stop-color=\"lightgrey\"><\/stop>\n<\/lineargradient>\n<\/svg>\n\n<\/div><div class=\"bde-text-1251-163-1251-1 bde-text bde-text-1251-163\">\nWenn man das MD-Medizin-Geb\u00e4ude betritt, f\u00fchlt man sich sofort wohl, da man nicht sofort das vertraute und unangenehme Gef\u00fchl und den Geruch eines Krankenhauses versp\u00fcrt. Man wird von einer freundlichen Krankenschwester begr\u00fc\u00dft, die einen freundlich begr\u00fc\u00dft und alles erkl\u00e4rt, was einen interessiert. Alles wirkt entspannend, sodass die letzte Angst vor einer \u00e4rztlichen Untersuchung oder Operation wirklich verschwindet. Der Arzt, den man aufsucht, ist ein Top-Experte, der sich voll und ganz einem widmet, einem wirklich zuh\u00f6rt, sich Zeit f\u00fcr einen nimmt und einen schlie\u00dflich professionell ber\u00e4t. Ich verlasse die R\u00e4umlichkeiten von MD-Medizin stets ruhig und mit dem klaren Gef\u00fchl, dass hier Menschen sind, die sich stets um einen k\u00fcmmern. Daher ein herzliches Dankesch\u00f6n an Sie alle.\n<\/div>\n<\/div><div class=\"bde-div-1251-164-1251-1 bde-div bde-div-1251-164\">\n  \n  \n\t\n\n\n\n<div class=\"bde-text-1251-165-1251-1 bde-text bde-text-1251-165\">\nNeda Fabrizio\n<\/div>\n<\/div>\r\n<\/div><\/div><div class=\"bde-advancedslide-1251-166-1251-1 bde-advancedslide bde-advancedslide-1251-166 swiper-slide\"><div class=\"advanced-slider__slide\">\r\n  <div class=\"bde-div-1251-167-1251-1 bde-div bde-div-1251-167\">\n  \n  \n\t\n\n\n\n<div class=\"bde-star-rating-1251-168-1251-1 bde-star-rating bde-star-rating-1251-168\">\n\n\n\n  <div class='bde-star-rating__wrapper'>\n    <svg aria-hidden=\"true\" focusable=\"false\" data-prefix=\"fas\"  role=\"img\" xmlns=\"http:\/\/www.w3.org\/2000\/svg\" viewbox=\"0 0 576 512\" class=\"svg-inline--fa fa-star fa-w-18 fa-2x\"><path d=\"M259.3 17.8L194 150.2 47.9 171.5c-26.2 3.8-36.7 36.1-17.7 54.6l105.7 103-25 145.5c-4.5 26.3 23.2 46 46.4 33.7L288 439.6l130.7 68.7c23.2 12.2 50.9-7.4 46.4-33.7l-25-145.5 105.7-103c19-18.5 8.5-50.8-17.7-54.6L382 150.2 316.7 17.8c-11.7-23.6-45.6-23.9-57.4 0z\" class=\"\"><\/path><\/svg>\n    <svg aria-hidden=\"true\" focusable=\"false\" data-prefix=\"fas\"  role=\"img\" xmlns=\"http:\/\/www.w3.org\/2000\/svg\" viewbox=\"0 0 576 512\" class=\"svg-inline--fa fa-star fa-w-18 fa-2x\"><path d=\"M259.3 17.8L194 150.2 47.9 171.5c-26.2 3.8-36.7 36.1-17.7 54.6l105.7 103-25 145.5c-4.5 26.3 23.2 46 46.4 33.7L288 439.6l130.7 68.7c23.2 12.2 50.9-7.4 46.4-33.7l-25-145.5 105.7-103c19-18.5 8.5-50.8-17.7-54.6L382 150.2 316.7 17.8c-11.7-23.6-45.6-23.9-57.4 0z\" class=\"\"><\/path><\/svg>\n    <svg aria-hidden=\"true\" focusable=\"false\" data-prefix=\"fas\"  role=\"img\" xmlns=\"http:\/\/www.w3.org\/2000\/svg\" viewbox=\"0 0 576 512\" class=\"svg-inline--fa fa-star fa-w-18 fa-2x\"><path d=\"M259.3 17.8L194 150.2 47.9 171.5c-26.2 3.8-36.7 36.1-17.7 54.6l105.7 103-25 145.5c-4.5 26.3 23.2 46 46.4 33.7L288 439.6l130.7 68.7c23.2 12.2 50.9-7.4 46.4-33.7l-25-145.5 105.7-103c19-18.5 8.5-50.8-17.7-54.6L382 150.2 316.7 17.8c-11.7-23.6-45.6-23.9-57.4 0z\" class=\"\"><\/path><\/svg>\n    <svg aria-hidden=\"true\" focusable=\"false\" data-prefix=\"fas\"  role=\"img\" xmlns=\"http:\/\/www.w3.org\/2000\/svg\" viewbox=\"0 0 576 512\" class=\"svg-inline--fa fa-star fa-w-18 fa-2x\"><path d=\"M259.3 17.8L194 150.2 47.9 171.5c-26.2 3.8-36.7 36.1-17.7 54.6l105.7 103-25 145.5c-4.5 26.3 23.2 46 46.4 33.7L288 439.6l130.7 68.7c23.2 12.2 50.9-7.4 46.4-33.7l-25-145.5 105.7-103c19-18.5 8.5-50.8-17.7-54.6L382 150.2 316.7 17.8c-11.7-23.6-45.6-23.9-57.4 0z\" class=\"\"><\/path><\/svg>\n    <svg aria-hidden=\"true\" focusable=\"false\" data-prefix=\"fas\"  role=\"img\" xmlns=\"http:\/\/www.w3.org\/2000\/svg\" viewbox=\"0 0 576 512\" class=\"svg-inline--fa fa-star fa-w-18 fa-2x\"><path d=\"M259.3 17.8L194 150.2 47.9 171.5c-26.2 3.8-36.7 36.1-17.7 54.6l105.7 103-25 145.5c-4.5 26.3 23.2 46 46.4 33.7L288 439.6l130.7 68.7c23.2 12.2 50.9-7.4 46.4-33.7l-25-145.5 105.7-103c19-18.5 8.5-50.8-17.7-54.6L382 150.2 316.7 17.8c-11.7-23.6-45.6-23.9-57.4 0z\" class=\"\"><\/path><\/svg>\n  <\/div>\n\n\n\n<svg width=\"0\" height=\"0\">\n<lineargradient id=\"starhalf168\" x1=\"0\" x2=\"100%\" y1=\"0\" y2=\"0\">\n        <stop offset=\"0%\" stop-color=\"var(--bde-palette-color-2-9cf302e2-e388-4912-b6fe-f7cdeb9bf61b)\"><\/stop>\n \t\t<stop offset=\"0%\" stop-color=\"lightgrey\"><\/stop>\n<\/lineargradient>\n<\/svg>\n\n<\/div><div class=\"bde-text-1251-169-1251-1 bde-text bde-text-1251-169\">\nSeit 2017 habe ich bei MD Medicine einen pers\u00f6nlichen Arzt. Schon beim ersten Besuch betrat ich die \u00fcberdurchschnittliche Welt der Gesundheitskonzession: ein h\u00f6flicher Empfang am \u00fcbersichtlichen Haupteingang, ein helles Wartezimmer ohne Gedr\u00e4nge, ein Untersuchungstermin zum vereinbarten Zeitpunkt in einer modernen und angenehm ausgestatteten Klinik, eine freundliche Krankenschwester, die mich mit Namen kennt, ein entspannter und hochprofessioneller Arzt, der sich Zeit nimmt, mir zuzuh\u00f6ren und mich zu behandeln. Im selben Geb\u00e4ude kann ich auch ein Labor und viele andere Gesundheitsdienstleistungen in Anspruch nehmen. Bestellungen, \u00dcberweisungen, Rezepte, Beratungen kann ich per E-Mail oder Telefon vereinbaren, wo immer jemand antwortet... Das hochwertige System von MD Medicine dient nicht nur der Gesundheit des Patienten, sondern auch seiner W\u00fcrde.\n<\/div>\n<\/div><div class=\"bde-div-1251-170-1251-1 bde-div bde-div-1251-170\">\n  \n  \n\t\n\n\n\n<div class=\"bde-text-1251-171-1251-1 bde-text bde-text-1251-171\">\nMaja Ivanic\n<\/div>\n<\/div>\r\n<\/div><\/div>\n    <\/div>\n  <\/div>\n\n              <div class=\"swiper-button-prev\">\n            <svg xmlns=\"http:\/\/www.w3.org\/2000\/svg\" width=\"40\" height=\"40\" viewbox=\"0 0 40 40\" fill=\"none\">\r\n<rect x=\"40\" y=\"40\" width=\"40\" height=\"40\" rx=\"8\" transform=\"rotate(-180 40 40)\" fill=\"#001F3F\"\/>\r\n<path d=\"M20.1733 26.1792L13.7003 20.0004L20.1733 13.8216\" stroke=\"white\" stroke-width=\"1.3125\" stroke-linecap=\"round\" stroke-linejoin=\"round\"\/>\r\n<path d=\"M13.7004 20.0005H26.3003\" stroke=\"white\" stroke-width=\"1.3125\" stroke-linecap=\"round\" stroke-linejoin=\"round\"\/>\r\n<\/svg>\n        <\/div>\n        <div class=\"swiper-button-next\">\n            <svg xmlns=\"http:\/\/www.w3.org\/2000\/svg\" width=\"40\" height=\"40\" viewbox=\"0 0 40 40\" fill=\"none\">\r\n<rect width=\"40\" height=\"40\" rx=\"8\" fill=\"#001F3F\"\/>\r\n<path d=\"M19.8267 13.8208L26.2997 19.9996L19.8267 26.1784\" stroke=\"white\" stroke-width=\"1.3125\" stroke-linecap=\"round\" stroke-linejoin=\"round\"\/>\r\n<path d=\"M26.2996 19.9995L13.6997 19.9995\" stroke=\"white\" stroke-width=\"1.3125\" stroke-linecap=\"round\" stroke-linejoin=\"round\"\/>\r\n<\/svg>\n        <\/div>\n    \n    \n<\/div>\n\n<\/div><\/div><h2 class=\"bde-heading-382-189 bde-heading\">\nH\u00e4ufig gestellte Fragen\n<\/h2><div class=\"bde-text-382-190 bde-text\">\nSie haben Fragen? Hier finden Sie Antworten auf die h\u00e4ufigsten Fragen zu unseren Leistungen und Verfahren. Sollten Sie die Antwort nicht finden, kontaktieren Sie uns gerne \u2013 wir helfen Ihnen gerne weiter.\n<\/div><div class=\"bde-accordion-382-191 bde-accordion bde-accordion--pills\"><div class=\"bde-accordion__content-wrapper-382-192 bde-accordion__content-wrapper\">\n<h3 class=\"bde-accordion__title-tag\">\n  <button type=\"button\" class=\"bde-accordion__button\" id=\"accordion-button-192\" aria-controls=\"accordion-panel-192\" aria-expanded=\"false\">\n     <span class=\"bde-accordion__title\" >Wann und wie erfahre ich, welche Narkose bei mir angewendet wird?<\/span>\n     <span class=\"bde-accordion__icon bde-accordion__icon--default\"><\/span>\n     <span class=\"bde-accordion__icon bde-accordion__icon--active\"><\/span>\n  <\/button>\n<\/h3>\n\n<div role=\"region\" class=\"bde-accordion__panel\" id=\"accordion-panel-192\" aria-labelledby=\"accordion-button-192\">\n    <div class=\"bde-accordion__panel-content\">\n        <div class=\"bde-text-382-193 bde-text\">\nDie Art der Narkose wird vom An\u00e4sthesisten anhand der Art des Eingriffs, Ihres Gesundheitszustands und Ihrer W\u00fcnsche bestimmt. Im Rahmen der Voruntersuchung werden alle M\u00f6glichkeiten, Risiken und Ihre bisherigen Erfahrungen besprochen. Gemeinsam mit Ihnen w\u00e4hlt er die am besten geeignete Narkoseform.\n<\/div>\n    <\/div>\n<\/div>\n\n\n\n<\/div><div class=\"bde-accordion__content-wrapper-382-194 bde-accordion__content-wrapper\">\n<h3 class=\"bde-accordion__title-tag\">\n  <button type=\"button\" class=\"bde-accordion__button\" id=\"accordion-button-194\" aria-controls=\"accordion-panel-194\" aria-expanded=\"false\">\n     <span class=\"bde-accordion__title\" >Was beinhaltet eine pr\u00e4operative Untersuchung beim An\u00e4sthesisten?<\/span>\n     <span class=\"bde-accordion__icon bde-accordion__icon--default\"><\/span>\n     <span class=\"bde-accordion__icon bde-accordion__icon--active\"><\/span>\n  <\/button>\n<\/h3>\n\n<div role=\"region\" class=\"bde-accordion__panel\" id=\"accordion-panel-194\" aria-labelledby=\"accordion-button-194\">\n    <div class=\"bde-accordion__panel-content\">\n        <div class=\"bde-text-382-195 bde-text\">\nDie Untersuchung umfasst eine Beurteilung Ihres allgemeinen Gesundheitszustands, eine \u00dcberpr\u00fcfung der Laborergebnisse, eventueller Allergien, Ihrer Therapie und Ihrer bisherigen Erfahrungen mit Narkose. Der An\u00e4sthesist informiert Sie \u00fcber die Art der Narkose und den Schmerzlinderungsplan nach dem Eingriff.\n<\/div>\n    <\/div>\n<\/div>\n\n\n\n<\/div><div class=\"bde-accordion__content-wrapper-382-196 bde-accordion__content-wrapper\">\n<h3 class=\"bde-accordion__title-tag\">\n  <button type=\"button\" class=\"bde-accordion__button\" id=\"accordion-button-196\" aria-controls=\"accordion-panel-196\" aria-expanded=\"false\">\n     <span class=\"bde-accordion__title\" >Was ist der Unterschied zwischen Vollnarkose und \u00f6rtlicher Bet\u00e4ubung?<\/span>\n     <span class=\"bde-accordion__icon bde-accordion__icon--default\"><\/span>\n     <span class=\"bde-accordion__icon bde-accordion__icon--active\"><\/span>\n  <\/button>\n<\/h3>\n\n<div role=\"region\" class=\"bde-accordion__panel\" id=\"accordion-panel-196\" aria-labelledby=\"accordion-button-196\">\n    <div class=\"bde-accordion__panel-content\">\n        <div class=\"bde-text-382-197 bde-text\">\nBei einer Vollnarkose schlafen Sie und sp\u00fcren nichts. Bei einer Lokalan\u00e4sthesie wird nur ein bestimmter K\u00f6rperteil bet\u00e4ubt, w\u00e4hrend Sie wach bleiben. Es gibt auch Zwischenformen wie Regionalan\u00e4sthesie und Sedierung. Die Wahl h\u00e4ngt vom Eingriff und Ihrem Gesundheitszustand ab.\n<\/div>\n    <\/div>\n<\/div>\n\n\n\n<\/div><div class=\"bde-accordion__content-wrapper-382-198 bde-accordion__content-wrapper\">\n<h3 class=\"bde-accordion__title-tag\">\n  <button type=\"button\" class=\"bde-accordion__button\" id=\"accordion-button-198\" aria-controls=\"accordion-panel-198\" aria-expanded=\"false\">\n     <span class=\"bde-accordion__title\" > Wie lange dauert es, bis ich nach dem Eingriff von der Narkose erhole?<\/span>\n     <span class=\"bde-accordion__icon bde-accordion__icon--default\"><\/span>\n     <span class=\"bde-accordion__icon bde-accordion__icon--active\"><\/span>\n  <\/button>\n<\/h3>\n\n<div role=\"region\" class=\"bde-accordion__panel\" id=\"accordion-panel-198\" aria-labelledby=\"accordion-button-198\">\n    <div class=\"bde-accordion__panel-content\">\n        <div class=\"bde-text-382-199 bde-text\">\nDie Erholung h\u00e4ngt von der Art der An\u00e4sthesie ab. Nach einer Lokalan\u00e4sthesie k\u00f6nnen Sie Ihre Aktivit\u00e4ten schnell wieder aufnehmen, nach einer Vollnarkose dauert es jedoch mehrere Stunden, bis Sie vollst\u00e4ndig wach sind und Ihre Orientierung wiedererlangen. Manchmal k\u00f6nnen M\u00fcdigkeit, \u00dcbelkeit oder Verwirrtheit auftreten, die in der Regel innerhalb von 24 Stunden abklingen.\n<\/div>\n    <\/div>\n<\/div>\n\n\n\n<\/div><div class=\"bde-accordion__content-wrapper-382-200 bde-accordion__content-wrapper\">\n<h3 class=\"bde-accordion__title-tag\">\n  <button type=\"button\" class=\"bde-accordion__button\" id=\"accordion-button-200\" aria-controls=\"accordion-panel-200\" aria-expanded=\"false\">\n     <span class=\"bde-accordion__title\" >Werde ich nach der Operation starke Schmerzen haben? Wie werden Sie mit den Schmerzen umgehen?<\/span>\n     <span class=\"bde-accordion__icon bde-accordion__icon--default\"><\/span>\n     <span class=\"bde-accordion__icon bde-accordion__icon--active\"><\/span>\n  <\/button>\n<\/h3>\n\n<div role=\"region\" class=\"bde-accordion__panel\" id=\"accordion-panel-200\" aria-labelledby=\"accordion-button-200\">\n    <div class=\"bde-accordion__panel-content\">\n        <div class=\"bde-text-382-201 bde-text\">\nDie Schmerzlinderung ist ein wichtiger Bestandteil der An\u00e4sthesie. Der An\u00e4sthesist sorgt w\u00e4hrend des Eingriffs f\u00fcr eine ausreichende Schmerzlinderung, und nach der Operation erhalten Sie auf den Eingriff und Ihre Bed\u00fcrfnisse abgestimmte Schmerzmittel. Ziel ist es, die Schmerzen zu minimieren und sich schnellstm\u00f6glich zu erholen.\n<\/div>\n    <\/div>\n<\/div>\n\n\n\n<\/div>\r\n\r\n<\/div><\/div>\n<\/section>","protected":false},"excerpt":{"rendered":"<p>Nazaj na ambulantne dejavnosti Ambulanta za anesteziologijo Anesteziologija je veja medicine, ki se ukvarja s popolno oskrbo pacienta v \u010dasu priprave na operativni poseg, med samim posegom in po njem, vklju\u010dno z laj\u0161anjem bole\u010dine. Anestezija poteka pod vodstvom zdravnika anesteziologa ob pomo\u010di anesteziolo\u0161ke medicinske sestre. Anesteziolog je zdravnik specialist, ki daje anestezijo, zdravi \u017eivljenjsko ogro\u017eene [&hellip;]<\/p>\n","protected":false},"author":1,"featured_media":0,"parent":358,"menu_order":0,"comment_status":"closed","ping_status":"closed","template":"","meta":{"_acf_changed":false,"inline_featured_image":false,"_breakdance_hide_in_design_set":false,"_breakdance_tags":"","footnotes":""},"class_list":["post-382","page","type-page","status-publish","hentry"],"acf":[],"yoast_head":"<!-- This site is optimized with the Yoast SEO plugin v27.3 - https:\/\/yoast.com\/product\/yoast-seo-wordpress\/ -->\n<title>Ambulanta za anesteziologijo | MD medicina<\/title>\n<meta name=\"description\" content=\"V MD Medicina vam Ambulanta za anesteziologijo nudi varno pripravo na poseg in laj\u0161anje bole\u010din. Rezervirajte svoj strokovni termin \u0161e danes!\" \/>\n<meta name=\"robots\" content=\"index, follow, max-snippet:-1, max-image-preview:large, max-video-preview:-1\" \/>\n<link rel=\"canonical\" href=\"https:\/\/md-medicina.si\/de\/ambulantne-dejavnosti\/specialisticne-ambulante\/ambulanta-za-anesteziologijo\/\" \/>\n<meta property=\"og:locale\" content=\"de_DE\" \/>\n<meta property=\"og:type\" content=\"article\" \/>\n<meta property=\"og:title\" content=\"Ambulanta za anesteziologijo | MD medicina\" \/>\n<meta property=\"og:description\" content=\"V MD Medicina vam Ambulanta za anesteziologijo nudi varno pripravo na poseg in laj\u0161anje bole\u010din. Rezervirajte svoj strokovni termin \u0161e danes!\" \/>\n<meta property=\"og:url\" content=\"https:\/\/md-medicina.si\/de\/ambulantne-dejavnosti\/specialisticne-ambulante\/ambulanta-za-anesteziologijo\/\" \/>\n<meta property=\"og:site_name\" content=\"MD medicina\" \/>\n<meta property=\"article:modified_time\" content=\"2026-03-23T15:47:22+00:00\" \/>\n<meta name=\"twitter:card\" content=\"summary_large_image\" \/>\n<meta name=\"twitter:label1\" content=\"Gesch\u00e4tzte Lesezeit\" \/>\n\t<meta name=\"twitter:data1\" content=\"22\u00a0Minuten\" \/>\n<script type=\"application\/ld+json\" class=\"yoast-schema-graph\">{\"@context\":\"https:\\\/\\\/schema.org\",\"@graph\":[{\"@type\":\"WebPage\",\"@id\":\"https:\\\/\\\/md-medicina.si\\\/ambulantne-dejavnosti\\\/specialisticne-ambulante\\\/ambulanta-za-anesteziologijo\\\/\",\"url\":\"https:\\\/\\\/md-medicina.si\\\/ambulantne-dejavnosti\\\/specialisticne-ambulante\\\/ambulanta-za-anesteziologijo\\\/\",\"name\":\"Ambulanta za anesteziologijo | MD medicina\",\"isPartOf\":{\"@id\":\"https:\\\/\\\/md-medicina.si\\\/en\\\/#website\"},\"datePublished\":\"2025-04-25T09:10:52+00:00\",\"dateModified\":\"2026-03-23T15:47:22+00:00\",\"description\":\"V MD Medicina vam Ambulanta za anesteziologijo nudi varno pripravo na poseg in laj\u0161anje bole\u010din. Rezervirajte svoj strokovni termin \u0161e danes!\",\"breadcrumb\":{\"@id\":\"https:\\\/\\\/md-medicina.si\\\/ambulantne-dejavnosti\\\/specialisticne-ambulante\\\/ambulanta-za-anesteziologijo\\\/#breadcrumb\"},\"inLanguage\":\"de\",\"potentialAction\":[{\"@type\":\"ReadAction\",\"target\":[\"https:\\\/\\\/md-medicina.si\\\/ambulantne-dejavnosti\\\/specialisticne-ambulante\\\/ambulanta-za-anesteziologijo\\\/\"]}]},{\"@type\":\"BreadcrumbList\",\"@id\":\"https:\\\/\\\/md-medicina.si\\\/ambulantne-dejavnosti\\\/specialisticne-ambulante\\\/ambulanta-za-anesteziologijo\\\/#breadcrumb\",\"itemListElement\":[{\"@type\":\"ListItem\",\"position\":1,\"name\":\"Home\",\"item\":\"https:\\\/\\\/md-medicina.si\\\/\"},{\"@type\":\"ListItem\",\"position\":2,\"name\":\"Ambulantne dejavnosti\",\"item\":\"https:\\\/\\\/md-medicina.si\\\/ambulantne-dejavnosti\\\/\"},{\"@type\":\"ListItem\",\"position\":3,\"name\":\"Specialisti\u010dne ambulante\",\"item\":\"https:\\\/\\\/md-medicina.si\\\/ambulantne-dejavnosti\\\/specialisticne-ambulante\\\/\"},{\"@type\":\"ListItem\",\"position\":4,\"name\":\"Ambulanta za anesteziologijo\"}]},{\"@type\":\"WebSite\",\"@id\":\"https:\\\/\\\/md-medicina.si\\\/en\\\/#website\",\"url\":\"https:\\\/\\\/md-medicina.si\\\/en\\\/\",\"name\":\"MD medicina\",\"description\":\"Vse za va\u0161e zdravje.\",\"potentialAction\":[{\"@type\":\"SearchAction\",\"target\":{\"@type\":\"EntryPoint\",\"urlTemplate\":\"https:\\\/\\\/md-medicina.si\\\/en\\\/?s={search_term_string}\"},\"query-input\":{\"@type\":\"PropertyValueSpecification\",\"valueRequired\":true,\"valueName\":\"search_term_string\"}}],\"inLanguage\":\"de\"}]}<\/script>\n<!-- \/ Yoast SEO plugin. -->","yoast_head_json":{"title":"Ambulanta za anesteziologijo | MD medicina","description":"V MD Medicina vam Ambulanta za anesteziologijo nudi varno pripravo na poseg in laj\u0161anje bole\u010din. Rezervirajte svoj strokovni termin \u0161e danes!","robots":{"index":"index","follow":"follow","max-snippet":"max-snippet:-1","max-image-preview":"max-image-preview:large","max-video-preview":"max-video-preview:-1"},"canonical":"https:\/\/md-medicina.si\/de\/ambulantne-dejavnosti\/specialisticne-ambulante\/ambulanta-za-anesteziologijo\/","og_locale":"de_DE","og_type":"article","og_title":"Ambulanta za anesteziologijo | MD medicina","og_description":"V MD Medicina vam Ambulanta za anesteziologijo nudi varno pripravo na poseg in laj\u0161anje bole\u010din. Rezervirajte svoj strokovni termin \u0161e danes!","og_url":"https:\/\/md-medicina.si\/de\/ambulantne-dejavnosti\/specialisticne-ambulante\/ambulanta-za-anesteziologijo\/","og_site_name":"MD medicina","article_modified_time":"2026-03-23T15:47:22+00:00","twitter_card":"summary_large_image","twitter_misc":{"Gesch\u00e4tzte Lesezeit":"22\u00a0Minuten"},"schema":{"@context":"https:\/\/schema.org","@graph":[{"@type":"WebPage","@id":"https:\/\/md-medicina.si\/ambulantne-dejavnosti\/specialisticne-ambulante\/ambulanta-za-anesteziologijo\/","url":"https:\/\/md-medicina.si\/ambulantne-dejavnosti\/specialisticne-ambulante\/ambulanta-za-anesteziologijo\/","name":"Ambulanta za anesteziologijo | MD medicina","isPartOf":{"@id":"https:\/\/md-medicina.si\/en\/#website"},"datePublished":"2025-04-25T09:10:52+00:00","dateModified":"2026-03-23T15:47:22+00:00","description":"V MD Medicina vam Ambulanta za anesteziologijo nudi varno pripravo na poseg in laj\u0161anje bole\u010din. Rezervirajte svoj strokovni termin \u0161e danes!","breadcrumb":{"@id":"https:\/\/md-medicina.si\/ambulantne-dejavnosti\/specialisticne-ambulante\/ambulanta-za-anesteziologijo\/#breadcrumb"},"inLanguage":"de","potentialAction":[{"@type":"ReadAction","target":["https:\/\/md-medicina.si\/ambulantne-dejavnosti\/specialisticne-ambulante\/ambulanta-za-anesteziologijo\/"]}]},{"@type":"BreadcrumbList","@id":"https:\/\/md-medicina.si\/ambulantne-dejavnosti\/specialisticne-ambulante\/ambulanta-za-anesteziologijo\/#breadcrumb","itemListElement":[{"@type":"ListItem","position":1,"name":"Home","item":"https:\/\/md-medicina.si\/"},{"@type":"ListItem","position":2,"name":"Ambulantne dejavnosti","item":"https:\/\/md-medicina.si\/ambulantne-dejavnosti\/"},{"@type":"ListItem","position":3,"name":"Specialisti\u010dne ambulante","item":"https:\/\/md-medicina.si\/ambulantne-dejavnosti\/specialisticne-ambulante\/"},{"@type":"ListItem","position":4,"name":"Ambulanta za anesteziologijo"}]},{"@type":"WebSite","@id":"https:\/\/md-medicina.si\/en\/#website","url":"https:\/\/md-medicina.si\/en\/","name":"MD medicina","description":"Alles f\u00fcr Ihre Gesundheit.","potentialAction":[{"@type":"SearchAction","target":{"@type":"EntryPoint","urlTemplate":"https:\/\/md-medicina.si\/en\/?s={search_term_string}"},"query-input":{"@type":"PropertyValueSpecification","valueRequired":true,"valueName":"search_term_string"}}],"inLanguage":"de"}]}},"_links":{"self":[{"href":"https:\/\/md-medicina.si\/de\/wp-json\/wp\/v2\/pages\/382","targetHints":{"allow":["GET"]}}],"collection":[{"href":"https:\/\/md-medicina.si\/de\/wp-json\/wp\/v2\/pages"}],"about":[{"href":"https:\/\/md-medicina.si\/de\/wp-json\/wp\/v2\/types\/page"}],"author":[{"embeddable":true,"href":"https:\/\/md-medicina.si\/de\/wp-json\/wp\/v2\/users\/1"}],"replies":[{"embeddable":true,"href":"https:\/\/md-medicina.si\/de\/wp-json\/wp\/v2\/comments?post=382"}],"version-history":[{"count":25,"href":"https:\/\/md-medicina.si\/de\/wp-json\/wp\/v2\/pages\/382\/revisions"}],"predecessor-version":[{"id":2117,"href":"https:\/\/md-medicina.si\/de\/wp-json\/wp\/v2\/pages\/382\/revisions\/2117"}],"up":[{"embeddable":true,"href":"https:\/\/md-medicina.si\/de\/wp-json\/wp\/v2\/pages\/358"}],"wp:attachment":[{"href":"https:\/\/md-medicina.si\/de\/wp-json\/wp\/v2\/media?parent=382"}],"curies":[{"name":"wp","href":"https:\/\/api.w.org\/{rel}","templated":true}]}}