{"id":2203,"date":"2025-07-07T14:31:53","date_gmt":"2025-07-07T14:31:53","guid":{"rendered":"https:\/\/md-medicina.si\/?page_id=2203"},"modified":"2026-04-29T13:05:01","modified_gmt":"2026-04-29T13:05:01","slug":"ambulanta-za-ginekologijo","status":"publish","type":"page","link":"https:\/\/md-medicina.si\/de\/ambulantne-dejavnosti\/specialisticne-ambulante\/ambulanta-za-ginekologijo\/","title":{"rendered":"Ambulanta za ginekologijo"},"content":{"rendered":"<section class=\"bde-section-2203-100 bde-section\">\n              \n  \n  \n\t\n\n\n\n        <div class=\"section-shape-divider-wrapper section-shape-divider-wrapper--1\">\n          <span class=\"section-shape-divider\">\n                      <svg width=\"100%\" height=\"80%\" id=\"svg\" viewbox=\"0 0 1440 350\" xmlns=\"http:\/\/www.w3.org\/2000\/svg\" preserveaspectratio=\"none\" class=\"transition duration-300 ease-in-out delay-150\"><path d=\"M 0,600 L 0,225 C 185.59999999999997,169.8 371.19999999999993,114.6 542,146 C 712.8000000000001,177.4 868.8,295.4 1016,323 C 1163.2,350.6 1301.6,287.8 1440,225 L 1440,600 L 0,600 Z\" stroke=\"none\" stroke-width=\"0\" fill=\"white\" fill-opacity=\"1\" class=\"transition-all duration-300 ease-in-out delay-150 path-0\"><\/path><\/svg>\n                    <\/span>\n      <\/div>\n  <div class=\"section-container\"><div class=\"bde-columns-2203-101 bde-columns\"><div class=\"bde-column-2203-102 bde-column\">\n  \n  \n\t\n\n\n\n<div class=\"bde-button-2203-103 bde-button\">\n    \n                        \n                        \n    \n    \n    \n    \n            \n                    \n            \n            \n\n    \n    \n    \n    \n    \n    <a class=\"breakdance-link button-atom button-atom--custom bde-button__button\" href=\"\/de\/ambulantne-dejavnosti\/splosna-ambulanta\/\" target=\"_self\" data-type=\"url\"  >\n\n    \n        <span class=\"button-atom__text\">Zur\u00fcck zu den ambulanten Aktivit\u00e4ten<\/span>\n\n                            \n        \n                <\/a>\n\n    \n\n\n<\/div><img decoding=\"async\" class=\"bde-image2-2203-104 bde-image2\" src=\"https:\/\/md-medicina.si\/wp-content\/uploads\/2025\/07\/Ginekoloska-ambulanta-Glavna.webp\" loading=\"lazy\" srcset=\"https:\/\/md-medicina.si\/wp-content\/uploads\/2025\/07\/Ginekoloska-ambulanta-Glavna.webp 1000w, https:\/\/md-medicina.si\/wp-content\/uploads\/2025\/07\/Ginekoloska-ambulanta-Glavna-300x200.webp 300w, https:\/\/md-medicina.si\/wp-content\/uploads\/2025\/07\/Ginekoloska-ambulanta-Glavna-768x512.webp 768w, https:\/\/md-medicina.si\/wp-content\/uploads\/2025\/07\/Ginekoloska-ambulanta-Glavna-18x12.webp 18w\" sizes=\"(max-width: 1000px) 100vw, 1000px\">\n<\/div><div class=\"bde-column-2203-105 bde-column\">\n  \n  \n\t\n\n\n\n<h1 class=\"bde-heading-2203-106 bde-heading\">\nGyn\u00e4kologische ambulanz\n<\/h1><div class=\"bde-text-2203-271 bde-text\">\nDie Praxis verf\u00fcgt \u00fcber eine Konzession f\u00fcr ambulante Gyn\u00e4kologie.\n<\/div><div class=\"bde-text-2203-107 bde-text\">\nUnser Ziel ist es, dass sich jede Frau \u2013 unabh\u00e4ngig von Alter oder Problem \u2013 geh\u00f6rt, verstanden und umfassend unterst\u00fctzt f\u00fchlt. Wir verpflichten uns zu einer qualitativ hochwertigen Betreuung mit modernsten diagnostischen und therapeutischen Methoden, in einer Umgebung, in der Sicherheit, Professionalit\u00e4t, Freundlichkeit, Respekt, Diskretion und Vertrauen an erster Stelle stehen. Mit einem individuellen und zugleich ganzheitlichen Ansatz, der sowohl die medizinische als auch die menschliche Seite einbezieht, setzen wir uns f\u00fcr eine wirksame Behandlung und den langfristigen Erhalt der Frauengesundheit in allen Lebensphasen ein.<br>\n<\/div><div class=\"bde-div-2203-108 bde-div\">\n  \n  \n\t\n\n\n\n<div class=\"bde-text-2203-109 bde-text\">\nWartezeiten\n<\/div><div class=\"bde-fancy-divider-2203-110 bde-fancy-divider\">\n\n\n<div class=\"bde-fancy-divider__wrapper\">\n  <div class=\"bde-fancy-divider__separator\">\n  \t  <\/div>\n<\/div>\n\n<\/div><div class=\"bde-div-2203-111 bde-div\">\n  \n  \n\t\n\n\n\n<div class=\"bde-icon-list-2203-112 bde-icon-list\">\n<ul>\n  \n              \n    <li>\n              <div class='bde-icon-list__item-wrapper'>\n      \n      <span class='bde-icon-list__icon'>\n        <svg xmlns=\"http:\/\/www.w3.org\/2000\/svg\" width=\"40\" height=\"40\" viewbox=\"0 0 40 40\" fill=\"none\">\r\n<rect width=\"40\" height=\"40\" rx=\"8\" fill=\"#001F3F\"\/>\r\n<path d=\"M19.8267 13.8208L26.2997 19.9996L19.8267 26.1784\" stroke=\"white\" stroke-width=\"1.3125\" stroke-linecap=\"round\" stroke-linejoin=\"round\"\/>\r\n<path d=\"M26.2996 19.9995L13.6997 19.9995\" stroke=\"white\" stroke-width=\"1.3125\" stroke-linecap=\"round\" stroke-linejoin=\"round\"\/>\r\n<\/svg>\n      <\/span>\n      <span class='bde-icon-list__text' >\n      Konzession\n      <\/span>\n              <\/div>\n      \n    <\/li>\n\n  <\/ul>\n\n<\/div><div class=\"bde-button-2203-113 bde-button\">\n    \n                                    \n    \n    \n    \n    \n            \n                    \n            \n            \n\n    \n    \n    \n    \n    \n    <a class=\"breakdance-link button-atom button-atom--primary bde-button__button\" href=\"#cakalne_ginekologija\" target=\"_self\" data-type=\"url\"  >\n\n    \n        <span class=\"button-atom__text\">Oglej si \u010dakalne dobe<\/span>\n\n        \n        \n                <\/a>\n\n    \n\n\n<\/div>\n<\/div><div class=\"bde-fancy-divider-2203-114 bde-fancy-divider\">\n\n\n<div class=\"bde-fancy-divider__wrapper\">\n  <div class=\"bde-fancy-divider__separator\">\n  \t  <\/div>\n<\/div>\n\n<\/div><div class=\"bde-div-2203-115 bde-div\">\n  \n  \n\t\n\n\n\n<div class=\"bde-icon-list-2203-116 bde-icon-list\">\n<ul>\n  \n              \n    <li>\n              <div class='bde-icon-list__item-wrapper'>\n      \n      <span class='bde-icon-list__icon'>\n        <svg xmlns=\"http:\/\/www.w3.org\/2000\/svg\" width=\"40\" height=\"40\" viewbox=\"0 0 40 40\" fill=\"none\">\r\n<rect width=\"40\" height=\"40\" rx=\"8\" fill=\"#001F3F\"\/>\r\n<path d=\"M19.8267 13.8208L26.2997 19.9996L19.8267 26.1784\" stroke=\"white\" stroke-width=\"1.3125\" stroke-linecap=\"round\" stroke-linejoin=\"round\"\/>\r\n<path d=\"M26.2996 19.9995L13.6997 19.9995\" stroke=\"white\" stroke-width=\"1.3125\" stroke-linecap=\"round\" stroke-linejoin=\"round\"\/>\r\n<\/svg>\n      <\/span>\n      <span class='bde-icon-list__text' >\n      Selbstzahler\n      <\/span>\n              <\/div>\n      \n    <\/li>\n\n  <\/ul>\n\n<\/div><div class=\"bde-text-2203-117 bde-text\">\n1-2 Wochen\n<\/div>\n<\/div>\n<\/div><div class=\"bde-div-2203-118 bde-div\">\n  \n  \n\t\n\n\n\n<div class=\"bde-button-2203-119 bde-button\">\n    \n                                    \n    \n    \n    \n    \n            \n                    \n            \n            \n\n    \n    \n    \n    \n    \n    <a class=\"breakdance-link button-atom button-atom--primary bde-button__button\" href=\"\/de\/narocanje\/\" target=\"_self\" data-type=\"url\"  >\n\n    \n        <span class=\"button-atom__text\">Untersuchungstermin buchen<\/span>\n\n        \n        \n                <\/a>\n\n    \n\n\n<\/div><div class=\"bde-button-2203-120 bde-button\">\n    \n                        \n                        \n    \n    \n    \n    \n            \n                    \n            \n            \n\n    \n    \n    \n    \n    \n    <a class=\"breakdance-link button-atom button-atom--secondary bde-button__button\" href=\"\/de\/ambulantne-dejavnosti\/specialisticne-ambulante\/ambulanta-za-ginekologijo\/#podrocja-dela\" target=\"_self\" data-type=\"url\"  >\n\n    \n        <span class=\"button-atom__text\">Arbeitsbereiche anzeigen<\/span>\n\n        \n        \n                <\/a>\n\n    \n\n\n<\/div>\n<\/div>\n<\/div><\/div><div class=\"bde-fancy-container-2203-300 bde-fancy-container\">\n  \n  \n\t\n\n\n\n<div class=\"bde-notification-bar-2203-305 bde-notification-bar\">\n<div class=\"notification-bar-type-success notification-bar-style-style1\">\n\n            <div class=\"ee-alertbox-icon\"><svg xmlns=\"http:\/\/www.w3.org\/2000\/svg\" viewbox=\"0 0 512 512\"><!-- Font Awesome Free 5.15.1 by @fontawesome - https:\/\/fontawesome.com License - https:\/\/fontawesome.com\/license\/free (Icons: CC BY 4.0, Fonts: SIL OFL 1.1, Code: MIT License) --><path d=\"M256 8C119.043 8 8 119.083 8 256c0 136.997 111.043 248 248 248s248-111.003 248-248C504 119.083 392.957 8 256 8zm0 110c23.196 0 42 18.804 42 42s-18.804 42-42 42-42-18.804-42-42 18.804-42 42-42zm56 254c0 6.627-5.373 12-12 12h-88c-6.627 0-12-5.373-12-12v-24c0-6.627 5.373-12 12-12h12v-64h-12c-6.627 0-12-5.373-12-12v-24c0-6.627 5.373-12 12-12h64c6.627 0 12 5.373 12 12v100h12c6.627 0 12 5.373 12 12v24z\"\/><\/svg><\/div>\n    \n    <div class=\"ee-alertbox-content\">\n        <div class=\"ee-alertbox-title\" >OBVESTILO O ODSOTNOSTI<\/div>              \t\t<div class=\"ee-alertbox-desc\" >\n            \tPozdravljeni,<br><br>obve\u0161\u010damo vas, da je dr. Merkun Maja med 2. 3. 2026 in 18. 3. 2026 odsotna.<br><br>Nadome\u0161\u010danje je urejeno pri ginekologinji Ani Lasi\u010d, dr. med., Clinical d.o.o. (narocanje@clinical.si).<br><br>V nujnih primerih se obrnite na najbli\u017ejo ginekolo\u0161ko urgentno ambulanto.\n      \t\t<\/div>\n                    <\/div>\n\n            <button type=\"button\" class=\"ee-alertbox-close\">\n        <span aria-hidden=\"true\">\u00d7<\/span>\n        <\/button>\n    \n<\/div>\n<\/div>\n<\/div><h3 class=\"bde-heading-2203-121 bde-heading\">\nOder Stra\u00dfenh\u00e4ndler\n<\/h3><div class=\"bde-columns-2203-122 bde-columns\"><div class=\"bde-column-2203-123 bde-column\">\n  \n  \n\t\n\n\n\n<div class=\"bde-text-2203-124 bde-text\">\nIn unserer gyn\u00e4kologischen Praxis f\u00fchren wir Untersuchungen im Rahmen der Pr\u00e4vention, der Fr\u00fcherkennung und der Behandlung von Erkrankungen der Fortpflanzungsorgane durch. Neben hochwertiger Ultraschalldiagnostik nutzen wir modernste diagnostische und therapeutische Verfahren wie Expertinnen-Ultraschall der Beckenorgane, Kolposkopie, Hysteroskopie, ultraschallgesteuerte Punktionen und chirurgische Behandlungen. Wir legen Wert auf minimalinvasive Techniken, die schonender f\u00fcr den K\u00f6rper sind und den Patientinnen eine schnellere und leichtere Genesung erm\u00f6glichen.<br><br>Wir widmen uns den h\u00e4ufigsten gyn\u00e4kologischen Problemen, wie Menstruationsst\u00f6rungen, Entz\u00fcndungen und Infektionen, gutartigen Ver\u00e4nderungen der Fortpflanzungsorgane (Zysten, Myome, Polypen), Beckenbodenbeschwerden (z. B. Geb\u00e4rmutter- oder Blasensenkung, Harninkontinenz) sowie vielen weiteren Erkrankungen der Fortpflanzungsorgane und des kleinen Beckens, die die Lebensqualit\u00e4t beeintr\u00e4chtigen k\u00f6nnen. <br>\n<\/div>\n<\/div><div class=\"bde-column-2203-125 bde-column\">\n  \n  \n\t\n\n\n\n<div class=\"bde-text-2203-126 bde-text\">\nBesonderen Wert legen wir auch auf die Pr\u00e4vention, Fr\u00fcherkennung, Diagnostik und Behandlung von Krebsvorstufen und Krebserkrankungen der Fortpflanzungsorgane (\u00e4u\u00dfere Genitalien, Vagina, Geb\u00e4rmutterhals, Geb\u00e4rmutter und Endometrium, Eileiter und Eierst\u00f6cke).<br><br>Wir beraten zu sexueller Gesundheit, hormonellem Gleichgewicht, der Wahl der am besten geeigneten Verh\u00fctungsmethode und zur Familienplanung. Wir k\u00fcmmern uns um die Gesundheit und das Wohlbefinden von Frauen und bieten Vorsorgeuntersuchungen in allen Lebensphasen an \u2013 w\u00e4hrend der Schwangerschaft, nach der Geburt und auch sp\u00e4ter, wenn Frauen mit den Herausforderungen der Menopause konfrontiert werden. <br><br>\n<\/div>\n<\/div><\/div><\/div>\n<\/section><section id=\"podrocja-dela\" class=\"bde-section-2203-230 bde-section\">\n  \n  \n\t\n\n\n\n<div class=\"section-container\"><h2 class=\"bde-heading-2203-231 bde-heading\">\nArbeitsbereiche\n<\/h2><div class=\"bde-text-2203-232 bde-text\">\nGyn\u00e4kologische Ambulanzen\n<\/div><div class=\"bde-grid-2203-233 bde-grid\">\n  \n  \n\t\n\n\n\n<div class=\"bde-div-2203-234 bde-div\">\n  \n  \n\t\n\n\n\n<div class=\"bde-div-2203-235 bde-div\">\n  \n  \n\t\n\n\n\n<div class=\"bde-icon-2203-236 bde-icon\">\n\n    \n            <div class=\"bde-icon-icon breakdance-icon-atom\" >\n    \n                    <svg xmlns=\"http:\/\/www.w3.org\/2000\/svg\" width=\"25\" height=\"24\" viewbox=\"0 0 25 24\" fill=\"none\">\r\n<path d=\"M12.0898 22C17.6127 22 22.0898 17.5228 22.0898 12C22.0898 6.47715 17.6127 2 12.0898 2C6.567 2 2.08984 6.47715 2.08984 12C2.08984 17.5228 6.567 22 12.0898 22Z\" stroke=\"#007CB6\" stroke-width=\"2\" stroke-linecap=\"round\" stroke-linejoin=\"round\"\/>\r\n<path d=\"M9.08984 12L11.0898 14L15.0898 10\" stroke=\"#007CB6\" stroke-width=\"2\" stroke-linecap=\"round\" stroke-linejoin=\"round\"\/>\r\n<\/svg>\n        \n        \n        \n            <\/div>\n    \n\n\n<\/div><div class=\"bde-text-2203-237 bde-text\">\nPr\u00e4ventive Gyn\u00e4kologie\n<\/div><div class=\"bde-rich-text-2203-238 bde-rich-text breakdance-rich-text-styles\">\n<p>Regelm\u00e4\u00dfige gyn\u00e4kologische Untersuchungen und Vorsorgeuntersuchungen sind entscheidend f\u00fcr die Erhaltung der Frauengesundheit. Wir \u00fcberpr\u00fcfen auf Krebsvorstufen des Geb\u00e4rmutterhalses, beraten zur HPV-Impfung und zu sicherem Sexualverhalten. Bei auff\u00e4lligen Befunden f\u00fchren wir Kolposkopien, Hysteroskopien, Biopsien und Ultraschalluntersuchungen durch und nehmen bei Bedarf sofort therapeutische Eingriffe vor. Die Pr\u00e4vention umfasst auch die Brustuntersuchung, das Erlernen der Selbstuntersuchung und Gespr\u00e4che \u00fcber fr\u00fche Anzeichen von gyn\u00e4kologischen Krebserkrankungen. Mit einem individuellen Ansatz m\u00f6chten wir Frauen bef\u00e4higen, ihren K\u00f6rper besser zu verstehen und f\u00fcr ihre Lebensqualit\u00e4t zu sorgen.<\/p>\n<\/div>\n<\/div>\n<\/div><div class=\"bde-div-2203-239 bde-div\">\n  \n  \n\t\n\n\n\n<div class=\"bde-div-2203-240 bde-div\">\n  \n  \n\t\n\n\n\n<div class=\"bde-icon-2203-241 bde-icon\">\n\n    \n            <div class=\"bde-icon-icon breakdance-icon-atom\" >\n    \n                    <svg xmlns=\"http:\/\/www.w3.org\/2000\/svg\" width=\"25\" height=\"24\" viewbox=\"0 0 25 24\" fill=\"none\">\r\n<path d=\"M12.0898 22C17.6127 22 22.0898 17.5228 22.0898 12C22.0898 6.47715 17.6127 2 12.0898 2C6.567 2 2.08984 6.47715 2.08984 12C2.08984 17.5228 6.567 22 12.0898 22Z\" stroke=\"#007CB6\" stroke-width=\"2\" stroke-linecap=\"round\" stroke-linejoin=\"round\"\/>\r\n<path d=\"M9.08984 12L11.0898 14L15.0898 10\" stroke=\"#007CB6\" stroke-width=\"2\" stroke-linecap=\"round\" stroke-linejoin=\"round\"\/>\r\n<\/svg>\n        \n        \n        \n            <\/div>\n    \n\n\n<\/div><div class=\"bde-text-2203-242 bde-text\">\nGyn\u00e4kologische Beschwerden und Erkrankungen\n<\/div><div class=\"bde-rich-text-2203-243 bde-rich-text breakdance-rich-text-styles\">\n<p><span style=\"font-weight: 400;\">Wir behandeln die h\u00e4ufigsten gyn\u00e4kologischen Beschwerden, die die Lebensqualit\u00e4t und das allgemeine Wohlbefinden beeintr\u00e4chtigen. Dazu geh\u00f6ren Unregelm\u00e4\u00dfigkeiten und St\u00f6rungen des Menstruationszyklus (z. B. starke, unregelm\u00e4\u00dfige oder schmerzhafte Menstruationen), Schmerzen im Unterbauch, unangenehmer oder ungew\u00f6hnlicher vaginaler Ausfluss, Entz\u00fcndungen der Geschlechtsorgane und sexuell \u00fcbertragbare Infektionen sowie Schmerzen beim Geschlechtsverkehr.\u00a0<\/span><\/p><p><span style=\"font-weight: 400;\">Wir besch\u00e4ftigen uns auch mit der Diagnostik und Behandlung von benignen Ver\u00e4nderungen und Erkrankungen der Eierst\u00f6cke (Zysten, Endometriome), der Geb\u00e4rmutter und der Geb\u00e4rmutterschleimhaut (Myome, Polypen, Adenomyose, Septen), des Geb\u00e4rmutterhalses sowie der Vagina und der \u00e4u\u00dferen Genitalien (Kondylome, Polypen, Muttermale, Hautver\u00e4nderungen).<\/span><\/p>\n<\/div>\n<\/div>\n<\/div><div class=\"bde-div-2203-247 bde-div\">\n  \n  \n\t\n\n\n\n<div class=\"bde-icon-2203-248 bde-icon\">\n\n    \n            <div class=\"bde-icon-icon breakdance-icon-atom\" >\n    \n                    <svg xmlns=\"http:\/\/www.w3.org\/2000\/svg\" width=\"25\" height=\"24\" viewbox=\"0 0 25 24\" fill=\"none\">\r\n<path d=\"M12.0898 22C17.6127 22 22.0898 17.5228 22.0898 12C22.0898 6.47715 17.6127 2 12.0898 2C6.567 2 2.08984 6.47715 2.08984 12C2.08984 17.5228 6.567 22 12.0898 22Z\" stroke=\"#007CB6\" stroke-width=\"2\" stroke-linecap=\"round\" stroke-linejoin=\"round\"\/>\r\n<path d=\"M9.08984 12L11.0898 14L15.0898 10\" stroke=\"#007CB6\" stroke-width=\"2\" stroke-linecap=\"round\" stroke-linejoin=\"round\"\/>\r\n<\/svg>\n        \n        \n        \n            <\/div>\n    \n\n\n<\/div><div class=\"bde-text-2203-249 bde-text\">\nFr\u00fcherkennung und Behandlung von Pr\u00e4kanzerosen und Krebserkrankungen\n<\/div><div class=\"bde-rich-text-2203-250 bde-rich-text breakdance-rich-text-styles\">\n<p>Mit fortschrittlichen, minimal-invasiven Diagnosemethoden (Biopsie, Kolposkopie, Hysteroskopie, Ultraschall, Punktion, Laparoskopie) erkennen wir rechtzeitig pr\u00e4kanzer\u00f6se Ver\u00e4nderungen und Krebserkrankungen der Geschlechtsorgane: Geb\u00e4rmutterhals, Geb\u00e4rmutterschleimhaut, Eierst\u00f6cke, Eileiter, Scheide und \u00e4u\u00dfere Genitalien.<\/p><p>Besonderes Augenmerk legen wir auf fr\u00fche Warnzeichen (ungew\u00f6hnliche Blutungen, Ausfluss nach der Menopause, Bl\u00e4hungen, Druck im Bauch, Ver\u00e4nderungen beim Wasserlassen oder Stuhlgang, Beckenschmerzen und unerkl\u00e4rliche M\u00fcdigkeit), die Frauen oft \u00fcbersehen. In einer sicheren und unterst\u00fctzenden Umgebung erm\u00f6glichen wir eine schnelle Diagnostik und bei Bedarf die Einbindung von Onkologie-Spezialisten, um ein fr\u00fchzeitiges Handeln und eine umfassende Betreuung in allen Behandlungsphasen zu gew\u00e4hrleisten.<\/p>\n<\/div>\n<\/div><div class=\"bde-div-2203-251 bde-div\">\n  \n  \n\t\n\n\n\n<div class=\"bde-icon-2203-252 bde-icon\">\n\n    \n            <div class=\"bde-icon-icon breakdance-icon-atom\" >\n    \n                    <svg xmlns=\"http:\/\/www.w3.org\/2000\/svg\" width=\"25\" height=\"24\" viewbox=\"0 0 25 24\" fill=\"none\">\r\n<path d=\"M12.0898 22C17.6127 22 22.0898 17.5228 22.0898 12C22.0898 6.47715 17.6127 2 12.0898 2C6.567 2 2.08984 6.47715 2.08984 12C2.08984 17.5228 6.567 22 12.0898 22Z\" stroke=\"#007CB6\" stroke-width=\"2\" stroke-linecap=\"round\" stroke-linejoin=\"round\"\/>\r\n<path d=\"M9.08984 12L11.0898 14L15.0898 10\" stroke=\"#007CB6\" stroke-width=\"2\" stroke-linecap=\"round\" stroke-linejoin=\"round\"\/>\r\n<\/svg>\n        \n        \n        \n            <\/div>\n    \n\n\n<\/div><div class=\"bde-text-2203-253 bde-text\">\nFamilienplanung und Verh\u00fctung\n<\/div><div class=\"bde-rich-text-2203-254 bde-rich-text breakdance-rich-text-styles\">\n<p><span style=\"font-weight: 400;\">In unserer Praxis bieten wir Ihnen fachkundige und individuell angepasste Beratung bei der Wahl der Verh\u00fctungsmethode, die am besten zu Ihrem Lebensstil, Ihrem Gesundheitszustand und Ihren W\u00fcnschen passt. Wir helfen Ihnen, die verschiedenen M\u00f6glichkeiten \u2013 von hormonellen Pillen, Vaginalringen und Intrauterinpessaren bis hin zu nat\u00fcrlichen Methoden \u2013 zu verstehen und gemeinsam eine L\u00f6sung zu finden, die Ihnen den gr\u00f6\u00dften Komfort und die h\u00f6chste Sicherheit bietet.<\/span><\/p><p><span style=\"font-weight: 400;\">Wir stehen Ihnen bei der Schwangerschaftsplanung zur Seite, beraten Sie zur gesunden Vorbereitung auf die Mutterschaft und unterst\u00fctzen Sie bei Fruchtbarkeitsproblemen.\u00a0<\/span><\/p><p><span style=\"font-weight: 400;\">Uns ist bewusst, dass Familienplanung und die Wahl der Verh\u00fctung wichtige Entscheidungen sind. Deshalb legen wir Wert auf eine freundliche, offene und diskrete Vorgehensweise, bei der Ihre Bedenken und Fragen jederzeit willkommen sind.<\/span><\/p>\n<\/div>\n<\/div><div class=\"bde-div-2203-255 bde-div\">\n  \n  \n\t\n\n\n\n<div class=\"bde-icon-2203-256 bde-icon\">\n\n    \n            <div class=\"bde-icon-icon breakdance-icon-atom\" >\n    \n                    <svg xmlns=\"http:\/\/www.w3.org\/2000\/svg\" width=\"25\" height=\"24\" viewbox=\"0 0 25 24\" fill=\"none\">\r\n<path d=\"M12.0898 22C17.6127 22 22.0898 17.5228 22.0898 12C22.0898 6.47715 17.6127 2 12.0898 2C6.567 2 2.08984 6.47715 2.08984 12C2.08984 17.5228 6.567 22 12.0898 22Z\" stroke=\"#007CB6\" stroke-width=\"2\" stroke-linecap=\"round\" stroke-linejoin=\"round\"\/>\r\n<path d=\"M9.08984 12L11.0898 14L15.0898 10\" stroke=\"#007CB6\" stroke-width=\"2\" stroke-linecap=\"round\" stroke-linejoin=\"round\"\/>\r\n<\/svg>\n        \n        \n        \n            <\/div>\n    \n\n\n<\/div><div class=\"bde-text-2203-257 bde-text\">\nHormonal Balance\n<\/div><div class=\"bde-rich-text-2203-258 bde-rich-text breakdance-rich-text-styles\">\n<p>Das hormonelle Gleichgewicht ist entscheidend f\u00fcr die Funktion des Fortpflanzungssystems sowie f\u00fcr zahlreiche k\u00f6rperliche und emotionale Funktionen. In unserer Ambulanz behandeln wir St\u00f6rungen ganzheitlich in allen Lebensphasen \u2013 von der Pubert\u00e4t bis zur Menopause. Wir beraten bei unregelm\u00e4\u00dfigen Menstruationen, PMS, schmerzhaften Ovulationen, Akne, \u00fcberm\u00e4\u00dfiger Behaarung sowie Gewichts- und Stimmungsschwankungen.<\/p><p>In den Wechseljahren helfen wir bei Hitzewallungen, vaginaler Trockenheit, Schlaflosigkeit und vermindertem Libido und f\u00fchren bei Bedarf eine Hormonersatztherapie mit st\u00e4ndiger Sicherheits\u00fcberwachung durch. Mit individueller Diagnostik und modernen Therapien suchen wir in Zusammenarbeit mit Sub\u00adspezialisten die Ursache der Beschwerden und den bestgeeigneten Behandlungsweg.<\/p>\n<\/div>\n<\/div><div class=\"bde-div-2203-267 bde-div\">\n  \n  \n\t\n\n\n\n<div class=\"bde-icon-2203-268 bde-icon\">\n\n    \n            <div class=\"bde-icon-icon breakdance-icon-atom\" >\n    \n                    <svg xmlns=\"http:\/\/www.w3.org\/2000\/svg\" width=\"25\" height=\"24\" viewbox=\"0 0 25 24\" fill=\"none\">\r\n<path d=\"M12.0898 22C17.6127 22 22.0898 17.5228 22.0898 12C22.0898 6.47715 17.6127 2 12.0898 2C6.567 2 2.08984 6.47715 2.08984 12C2.08984 17.5228 6.567 22 12.0898 22Z\" stroke=\"#007CB6\" stroke-width=\"2\" stroke-linecap=\"round\" stroke-linejoin=\"round\"\/>\r\n<path d=\"M9.08984 12L11.0898 14L15.0898 10\" stroke=\"#007CB6\" stroke-width=\"2\" stroke-linecap=\"round\" stroke-linejoin=\"round\"\/>\r\n<\/svg>\n        \n        \n        \n            <\/div>\n    \n\n\n<\/div><div class=\"bde-text-2203-269 bde-text\">\nUrogyn\u00e4kologie und St\u00f6rungen des Beckenbodens\n<\/div><div class=\"bde-rich-text-2203-270 bde-rich-text breakdance-rich-text-styles\">\n<p>Die Urogyn\u00e4kologie befasst sich mit Harninkontinenz, h\u00e4ufigem oder schmerzhaftem Wasserlassen sowie dem Vorfall der Beckenorgane. Diese Probleme treten h\u00e4ufig nach der Geburt, bei k\u00f6rperlicher Belastung oder in den Wechseljahren auf und k\u00f6nnen die Lebensqualit\u00e4t erheblich beeintr\u00e4chtigen.<\/p><p>Die Diagnose wird durch eine gr\u00fcndliche klinische Untersuchung, Ultraschall und bei Bedarf urodynamische Untersuchungen gestellt. Die Behandlung umfasst verhaltensorientierte Ma\u00dfnahmen, Beckenboden\u00fcbungen, Medikamente oder minimalinvasive chirurgische Eingriffe, die individuell angepasst werden.<\/p>\n<\/div>\n<\/div><div class=\"bde-div-2203-272 bde-div\">\n  \n  \n\t\n\n\n\n<div class=\"bde-icon-2203-273 bde-icon\">\n\n    \n            <div class=\"bde-icon-icon breakdance-icon-atom\" >\n    \n                    <svg xmlns=\"http:\/\/www.w3.org\/2000\/svg\" width=\"25\" height=\"24\" viewbox=\"0 0 25 24\" fill=\"none\">\r\n<path d=\"M12.0898 22C17.6127 22 22.0898 17.5228 22.0898 12C22.0898 6.47715 17.6127 2 12.0898 2C6.567 2 2.08984 6.47715 2.08984 12C2.08984 17.5228 6.567 22 12.0898 22Z\" stroke=\"#007CB6\" stroke-width=\"2\" stroke-linecap=\"round\" stroke-linejoin=\"round\"\/>\r\n<path d=\"M9.08984 12L11.0898 14L15.0898 10\" stroke=\"#007CB6\" stroke-width=\"2\" stroke-linecap=\"round\" stroke-linejoin=\"round\"\/>\r\n<\/svg>\n        \n        \n        \n            <\/div>\n    \n\n\n<\/div><div class=\"bde-text-2203-274 bde-text\">\nSchwangerschaft und Wochenbettbetreuung\n<\/div><div class=\"bde-rich-text-2203-275 bde-rich-text breakdance-rich-text-styles\">\n<p>Die Schwangerschaft bringt zahlreiche k\u00f6rperliche und emotionale Ver\u00e4nderungen mit sich. Daher gew\u00e4hrleisten wir in unserer Praxis eine sichere Betreuung durch regelm\u00e4\u00dfige Untersuchungen, Ultraschall und Labortests. Wir beraten individuell zu Ern\u00e4hrung, Bewegung und zur Linderung h\u00e4ufiger Schwangerschaftsbeschwerden. Zwischen der 11. und 14. Woche f\u00fchren wir einen kombinierten Screening-Test (Nackenfaltenmessung + Hormone) durch und bieten auf Wunsch auch einen NIPT-Test der fetalen DNA zur genaueren Beurteilung chromosomaler Abweichungen an. Schwangere mit erh\u00f6htem Risiko (Diabetes, Bluthochdruck, fr\u00fchere Komplikationen) werden in Zusammenarbeit mit Perinatologen h\u00e4ufiger kontrolliert. Nach der Geburt unterst\u00fctzen wir eine schnelle Erholung, beraten zum Stillen, \u00fcberwachen das hormonelle Gleichgewicht und besprechen Verh\u00fctung sowie Sexualit\u00e4t.<\/p>\n<\/div>\n<\/div>\n<\/div><div id=\"cakalne_ginekologija\" class=\"bde-div-2203-313 bde-div\">\n  \n  \n\t\n\n\n\n\n<\/div><\/div>\n<\/section><section class=\"bde-section-2203-307 bde-section\">\n  \n  \n\t\n\n\n\n<div class=\"section-container\"><div class=\"bde-rich-text-2203-312 bde-rich-text breakdance-rich-text-styles\">\n<h2>\u010cakalna doba - koncesijska ambulanta<\/h2><ul><li>za redni preventivni ginekolo\u0161ki pregled: do 3 mesece<\/li><\/ul><h5>Opredeljevanje<\/h5><p>\u0160tevilo opredeljenih pacientk na dan 12. 3. 2026: 351 - kar pomeni, da je ambulanta 16,5 % zasedena.<\/p><p>\u0160e vedno je mo\u017ena opredelitev v koncesijsko ambulanto. Za opredelitev nam pi\u0161ite na: <a href=\"mailto:ginekologija@md-medicina.si\">ginekologija@md-medicina.si<\/a><\/p><p>Sporo\u010dilo naj vsebuje:<\/p><ul><li>va\u0161e ime in priimek,<\/li><li>datum rojstva,<\/li><li>\u0161tevilko KZZ (9-mestna \u0161tevilka na va\u0161i kartici zdravstvenega zavarovanja),<\/li><li>telefonsko \u0161tevilko.<\/li><li style=\"list-style-type: none;\">\u00a0<\/li><\/ul>\n<\/div><\/div>\n<\/section><section class=\"bde-section-2203-306 bde-section\">\n  \n  \n\t\n\n\n\n<div class=\"section-container\"><div class=\"bde-globalblock-2203-266 bde-globalblock\"><div class=\"bde-div-1663-100-1663-1 bde-div bde-div-1663-100\">\n  \n  \n\t\n\n\n\n<h2 class=\"bde-heading-1663-101-1663-1 bde-heading bde-heading-1663-101\">\nAbonnieren Sie den Bericht\n<\/h2>\n<\/div><\/div><\/div>\n<\/section><section class=\"bde-section-2203-161 bde-section\">\n  \n  \n\t\n\n\n\n<div class=\"section-container\"><div class=\"bde-grid-2203-162 bde-grid\">\n  \n  \n\t\n\n\n\n<div class=\"bde-div-2203-163 bde-div\">\n  \n  \n\t\n\n\n\n<img decoding=\"async\" class=\"bde-image2-2203-164 bde-image2\" src=\"https:\/\/md-medicina.si\/wp-content\/uploads\/2025\/04\/telefon.svg\" loading=\"lazy\" sizes=\"(max-width: 32px) 100vw, 32px\"><div class=\"bde-text-2203-165 bde-text\">\nTelefonische Bestellung\n<\/div><div class=\"bde-text-2203-314 bde-text\">\nNaro\u010danje prek telefona za koncesijsko ambulanto poteka ob<br>ponedeljkih in sredah od 12:00 do 16:00 ure<br>ter ob torkih od 7:00 do 11:00 ure.\n<\/div><div class=\"bde-button-2203-167 bde-button\">\n    \n                        \n                        \n    \n    \n    \n    \n            \n                    \n            \n            \n\n    \n    \n    \n    \n    \n    <a class=\"breakdance-link button-atom button-atom--custom bde-button__button\" href=\"tel:+3861 320 06 44\" target=\"_self\" data-type=\"contact\"  >\n\n    \n        <span class=\"button-atom__text\">Pokli\u010di na 01 320 06 44<\/span>\n\n        \n        \n                <\/a>\n\n    \n\n\n<\/div>\n<\/div><div class=\"bde-div-2203-168 bde-div\">\n  \n  \n\t\n\n\n\n<img decoding=\"async\" class=\"bde-image2-2203-169 bde-image2\" src=\"https:\/\/md-medicina.si\/wp-content\/uploads\/2025\/04\/sdf.svg\" loading=\"lazy\" sizes=\"(max-width: 32px) 100vw, 32px\"><div class=\"bde-text-2203-170 bde-text\">\nPreislisten\n<\/div><div class=\"bde-text-2203-171 bde-text\">\nZa ve\u010d informacij o cenah na\u0161ih uslug kliknite spodnji gumb.\n<\/div><div class=\"bde-button-2203-172 bde-button\">\n    \n                        \n                        \n    \n    \n    \n    \n            \n                    \n            \n            \n\n    \n    \n    \n    \n    \n    <a class=\"breakdance-link button-atom button-atom--custom bde-button__button\" href=\"\/de\/narocanje\/ceniki\/\" target=\"_self\" data-type=\"url\"  >\n\n    \n        <span class=\"button-atom__text\">Preislisten<\/span>\n\n        \n        \n                <\/a>\n\n    \n\n\n<\/div>\n<\/div><div class=\"bde-div-2203-173 bde-div\">\n  \n  \n\t\n\n\n\n<img decoding=\"async\" class=\"bde-image2-2203-174 bde-image2\" src=\"https:\/\/md-medicina.si\/wp-content\/uploads\/2025\/04\/Frame.svg\" loading=\"lazy\" sizes=\"(max-width: 32px) 100vw, 32px\"><div class=\"bde-text-2203-175 bde-text\">\nZeitpl\u00e4ne\n<\/div><div class=\"bde-text-2203-176 bde-text\">\nZa ogled urnikov vseh razpolo\u017eljivih zdravnikov kliknite spodnji gumb.\n<\/div><div class=\"bde-button-2203-177 bde-button\">\n    \n                        \n                        \n    \n    \n    \n    \n            \n                    \n            \n            \n\n    \n    \n    \n    \n    \n    <a class=\"breakdance-link button-atom button-atom--custom bde-button__button\" href=\"\/de\/narocanje\/urniki-narocanja\/\" target=\"_self\" data-type=\"url\"  >\n\n    \n        <span class=\"button-atom__text\">Zeitpl\u00e4ne<\/span>\n\n        \n        \n                <\/a>\n\n    \n\n\n<\/div>\n<\/div>\n<\/div><div class=\"bde-text-2203-166 bde-text\">\nZa naro\u010danje in dodatne informacije o samopla\u010dni\u0161kih storitvah nas lahko kontaktirate na e-naslov: <a href=\"mailto:ginekologija@md-medicina.si\">ginekologija@md-medicina.si<\/a>\n<\/div><\/div>\n<\/section><section class=\"bde-section-2203-178 bde-section\">\n  \n  \n\t\n\n\n\n        <div class=\"section-shape-divider-wrapper section-shape-divider-wrapper--1\">\n          <span class=\"section-shape-divider\">\n                      <svg width=\"100%\" height=\"100%\" id=\"svg\" viewbox=\"0 0 1440 350\" xmlns=\"http:\/\/www.w3.org\/2000\/svg\" preserveaspectratio=\"none\" class=\"transition duration-300 ease-in-out delay-150\"><path d=\"M 0,600 L 0,225 C 185.59999999999997,169.8 371.19999999999993,114.6 542,146 C 712.8000000000001,177.4 868.8,295.4 1016,323 C 1163.2,350.6 1301.6,287.8 1440,225 L 1440,600 L 0,600 Z\" stroke=\"none\" stroke-width=\"0\" fill=\"#c1e0ef\" fill-opacity=\"1\" class=\"transition-all duration-300 ease-in-out delay-150 path-0\"><\/path><\/svg>\n                    <\/span>\n      <\/div>\n  <div class=\"section-container\"><h2 class=\"bde-heading-2203-179 bde-heading\">\nProfessionelles Personal\n<\/h2><div class=\"bde-text-2203-180 bde-text\">\nGyn\u00e4kologische Ambulanzen\n<\/div><div class=\"bde-post-loop-2203-181 bde-post-loop\"><div class=\"bde-loop bde-loop-grid ee-posts ee-posts-grid\">    <article class=\"bde-loop-item ee-post\">\n        <a class=\"bde-container-link-278-100-2867-278-1 bde-container-link bde-container-link-278-100 breakdance-link\" href=\"https:\/\/md-medicina.si\/de\/zdravnik\/goran-mitrovic-dr-med\/\" target=\"_self\" data-type=\"url\">\n  \n  \n\t\n\n\n\n<img decoding=\"async\" class=\"bde-image2-278-101-2867-278-1 bde-image2 bde-image2-278-101\" src=\"https:\/\/md-medicina.si\/wp-content\/uploads\/2025\/10\/Goran-Mitrovic-dr.-med.webp\" loading=\"lazy\" srcset=\"https:\/\/md-medicina.si\/wp-content\/uploads\/2025\/10\/Goran-Mitrovic-dr.-med.webp 800w, https:\/\/md-medicina.si\/wp-content\/uploads\/2025\/10\/Goran-Mitrovic-dr.-med-240x300.webp 240w, https:\/\/md-medicina.si\/wp-content\/uploads\/2025\/10\/Goran-Mitrovic-dr.-med-768x960.webp 768w, https:\/\/md-medicina.si\/wp-content\/uploads\/2025\/10\/Goran-Mitrovic-dr.-med-10x12.webp 10w\" sizes=\"(max-width: 800px) 100vw, 800px\"><div class=\"bde-text-278-102-2867-278-1 bde-text bde-text-278-102\">\nGoran Mitrovi\u0107, dr. med.\n<\/div><div class=\"bde-text-278-103-2867-278-1 bde-text bde-text-278-103\">\nspecialist dru\u017einske medicine\n<\/div><div class=\"bde-text-278-104-2867-278-1 bde-text bde-text-278-104\">\nPosebno se posve\u010da podro\u010djem antikoagulantnega zdravljenja, arterijske hipertenzije ter medicinskemu izvedenstvu in zavarovalni\u0161ki medicini.\n<\/div>\n\n<\/a>    <\/article>\n    <article class=\"bde-loop-item ee-post\">\n        <a class=\"bde-container-link-278-100-272-278-1 bde-container-link bde-container-link-278-100 breakdance-link\" href=\"https:\/\/md-medicina.si\/de\/zdravnik\/dr-bogdan-ambrozic-dr-med\/\" target=\"_self\" data-type=\"url\">\n  \n  \n\t\n\n\n\n<img decoding=\"async\" class=\"bde-image2-278-101-272-278-1 bde-image2 bde-image2-278-101\" src=\"https:\/\/md-medicina.si\/wp-content\/uploads\/2025\/04\/dr.-Bogdan-Ambrozic-dr.-med.webp\" loading=\"lazy\" srcset=\"https:\/\/md-medicina.si\/wp-content\/uploads\/2025\/04\/dr.-Bogdan-Ambrozic-dr.-med.webp 800w, https:\/\/md-medicina.si\/wp-content\/uploads\/2025\/04\/dr.-Bogdan-Ambrozic-dr.-med-240x300.webp 240w, https:\/\/md-medicina.si\/wp-content\/uploads\/2025\/04\/dr.-Bogdan-Ambrozic-dr.-med-768x960.webp 768w\" sizes=\"(max-width: 800px) 100vw, 800px\"><div class=\"bde-text-278-102-272-278-1 bde-text bde-text-278-102\">\ndr. Bogdan Ambro\u017ei\u010d, dr. med\n<\/div><div class=\"bde-text-278-103-272-278-1 bde-text bde-text-278-103\">\nFacharzt f\u00fcr orthop\u00e4dische Chirurgie\n<\/div><div class=\"bde-text-278-104-272-278-1 bde-text bde-text-278-104\">\nEr befasst sich mit der arthroskopischen und minimalinvasiven chirurgischen Behandlung von Verletzungen und Erkrankungen der Schulter-, Knie- und Sprunggelenke.\n<\/div>\n\n<\/a>    <\/article>\n    <article class=\"bde-loop-item ee-post\">\n        <a class=\"bde-container-link-278-100-746-278-1 bde-container-link bde-container-link-278-100 breakdance-link\" href=\"https:\/\/md-medicina.si\/de\/zdravnik\/dr-klemen-avsec-dr-med\/\" target=\"_self\" data-type=\"url\">\n  \n  \n\t\n\n\n\n<img decoding=\"async\" class=\"bde-image2-278-101-746-278-1 bde-image2 bde-image2-278-101\" src=\"https:\/\/md-medicina.si\/wp-content\/uploads\/2025\/05\/Klemen-Avsec.webp\" loading=\"lazy\" srcset=\"https:\/\/md-medicina.si\/wp-content\/uploads\/2025\/05\/Klemen-Avsec.webp 800w, https:\/\/md-medicina.si\/wp-content\/uploads\/2025\/05\/Klemen-Avsec-240x300.webp 240w, https:\/\/md-medicina.si\/wp-content\/uploads\/2025\/05\/Klemen-Avsec-768x960.webp 768w\" sizes=\"(max-width: 800px) 100vw, 800px\"><div class=\"bde-text-278-102-746-278-1 bde-text bde-text-278-102\">\nDr. Klemen Avsec, Dr. med\n<\/div><div class=\"bde-text-278-103-746-278-1 bde-text bde-text-278-103\">\nFacharzt f\u00fcr orthop\u00e4dische Chirurgie\n<\/div><div class=\"bde-text-278-104-746-278-1 bde-text bde-text-278-104\">\nEr befasst sich vorwiegend mit beginnenden und fortgeschrittenen Verschlei\u00dferscheinungen der Knie- und H\u00fcftgelenke und deren operativer Behandlung.\n<\/div>\n\n<\/a>    <\/article>\n    <article class=\"bde-loop-item ee-post\">\n        <a class=\"bde-container-link-278-100-721-278-1 bde-container-link bde-container-link-278-100 breakdance-link\" href=\"https:\/\/md-medicina.si\/de\/zdravnik\/dr-klemen-bosnjak-dr-med\/\" target=\"_self\" data-type=\"url\">\n  \n  \n\t\n\n\n\n<img decoding=\"async\" class=\"bde-image2-278-101-721-278-1 bde-image2 bde-image2-278-101\" src=\"https:\/\/md-medicina.si\/wp-content\/uploads\/2025\/05\/dr.-Klemen-Bosnjak-dr.-med.webp\" loading=\"lazy\" srcset=\"https:\/\/md-medicina.si\/wp-content\/uploads\/2025\/05\/dr.-Klemen-Bosnjak-dr.-med.webp 800w, https:\/\/md-medicina.si\/wp-content\/uploads\/2025\/05\/dr.-Klemen-Bosnjak-dr.-med-240x300.webp 240w, https:\/\/md-medicina.si\/wp-content\/uploads\/2025\/05\/dr.-Klemen-Bosnjak-dr.-med-768x960.webp 768w\" sizes=\"(max-width: 800px) 100vw, 800px\"><div class=\"bde-text-278-102-721-278-1 bde-text bde-text-278-102\">\ndr. Klemen Bo\u0161njak, MD\n<\/div><div class=\"bde-text-278-103-721-278-1 bde-text bde-text-278-103\">\nFacharzt f\u00fcr orthop\u00e4dische Chirurgie\n<\/div><div class=\"bde-text-278-104-721-278-1 bde-text bde-text-278-104\">\nIn seiner Arbeit besch\u00e4ftigt er sich haupts\u00e4chlich mit Erkrankungen der Wirbels\u00e4ule.\n<\/div>\n\n<\/a>    <\/article>\n    <article class=\"bde-loop-item ee-post\">\n        <a class=\"bde-container-link-278-100-725-278-1 bde-container-link bde-container-link-278-100 breakdance-link\" href=\"https:\/\/md-medicina.si\/de\/zdravnik\/asist-dr-urban-brulc-dr-med\/\" target=\"_self\" data-type=\"url\">\n  \n  \n\t\n\n\n\n<img decoding=\"async\" class=\"bde-image2-278-101-725-278-1 bde-image2 bde-image2-278-101\" src=\"https:\/\/md-medicina.si\/wp-content\/uploads\/2025\/05\/asist.-dr.-Urban-Brulc-dr.-med.-specialist-ortopedske-kirurgije.webp\" loading=\"lazy\" srcset=\"https:\/\/md-medicina.si\/wp-content\/uploads\/2025\/05\/asist.-dr.-Urban-Brulc-dr.-med.-specialist-ortopedske-kirurgije.webp 800w, https:\/\/md-medicina.si\/wp-content\/uploads\/2025\/05\/asist.-dr.-Urban-Brulc-dr.-med.-specialist-ortopedske-kirurgije-240x300.webp 240w, https:\/\/md-medicina.si\/wp-content\/uploads\/2025\/05\/asist.-dr.-Urban-Brulc-dr.-med.-specialist-ortopedske-kirurgije-768x960.webp 768w\" sizes=\"(max-width: 800px) 100vw, 800px\"><div class=\"bde-text-278-102-725-278-1 bde-text bde-text-278-102\">\nAsiss. Dr. Urban Brulc, dr. med\n<\/div><div class=\"bde-text-278-103-725-278-1 bde-text bde-text-278-103\">\nFacharzt f\u00fcr orthop\u00e4dische Chirurgie\n<\/div><div class=\"bde-text-278-104-725-278-1 bde-text bde-text-278-104\">\nEr befasst sich haupts\u00e4chlich mit Problemen der Wirbels\u00e4ule und der Gelenke.\n<\/div>\n\n<\/a>    <\/article>\n    <article class=\"bde-loop-item ee-post\">\n        <a class=\"bde-container-link-278-100-752-278-1 bde-container-link bde-container-link-278-100 breakdance-link\" href=\"https:\/\/md-medicina.si\/de\/zdravnik\/ljubka-dimitrovska-dr-med\/\" target=\"_self\" data-type=\"url\">\n  \n  \n\t\n\n\n\n<img decoding=\"async\" class=\"bde-image2-278-101-752-278-1 bde-image2 bde-image2-278-101\" src=\"https:\/\/md-medicina.si\/wp-content\/uploads\/2025\/05\/Ljupka-Dimitrovska-dr.med_.webp\" loading=\"lazy\" srcset=\"https:\/\/md-medicina.si\/wp-content\/uploads\/2025\/05\/Ljupka-Dimitrovska-dr.med_.webp 800w, https:\/\/md-medicina.si\/wp-content\/uploads\/2025\/05\/Ljupka-Dimitrovska-dr.med_-240x300.webp 240w, https:\/\/md-medicina.si\/wp-content\/uploads\/2025\/05\/Ljupka-Dimitrovska-dr.med_-768x960.webp 768w\" sizes=\"(max-width: 800px) 100vw, 800px\"><div class=\"bde-text-278-102-752-278-1 bde-text bde-text-278-102\">\nLjupka Dimitrovska, MD.\n<\/div><div class=\"bde-text-278-103-752-278-1 bde-text bde-text-278-103\">\nFacharzt f\u00fcr Kardiologie und Gef\u00e4\u00dfmedizin\n<\/div><div class=\"bde-text-278-104-752-278-1 bde-text bde-text-278-104\">\nSpezialisiert auf nicht-invasive Herzbildgebung mit internationalen Zertifizierungen. Klinisch und forschungsorientiertes Spezialgebiet mit Schwerpunkt auf der Behandlung struktureller Herzerkrankungen, insbesondere Herzklappenerkrankungen.\n<\/div>\n\n<\/a>    <\/article>\n    <article class=\"bde-loop-item ee-post\">\n        <a class=\"bde-container-link-278-100-739-278-1 bde-container-link bde-container-link-278-100 breakdance-link\" href=\"https:\/\/md-medicina.si\/de\/zdravnik\/prof-dr-drago-dolinar-dr-med\/\" target=\"_self\" data-type=\"url\">\n  \n  \n\t\n\n\n\n<img decoding=\"async\" class=\"bde-image2-278-101-739-278-1 bde-image2 bde-image2-278-101\" src=\"https:\/\/md-medicina.si\/wp-content\/uploads\/2025\/05\/prof.-dr.-Drago-Dolinar-dr.-med.webp\" loading=\"lazy\" srcset=\"https:\/\/md-medicina.si\/wp-content\/uploads\/2025\/05\/prof.-dr.-Drago-Dolinar-dr.-med.webp 800w, https:\/\/md-medicina.si\/wp-content\/uploads\/2025\/05\/prof.-dr.-Drago-Dolinar-dr.-med-240x300.webp 240w, https:\/\/md-medicina.si\/wp-content\/uploads\/2025\/05\/prof.-dr.-Drago-Dolinar-dr.-med-768x960.webp 768w\" sizes=\"(max-width: 800px) 100vw, 800px\"><div class=\"bde-text-278-102-739-278-1 bde-text bde-text-278-102\">\nProf. Dr. Drago Dolinar, MD\n<\/div><div class=\"bde-text-278-103-739-278-1 bde-text bde-text-278-103\">\nFacharzt f\u00fcr orthop\u00e4dische Chirurgie\n<\/div><div class=\"bde-text-278-104-739-278-1 bde-text bde-text-278-104\">\nEr ist spezialisiert auf die Durchf\u00fchrung minimalinvasiver Operationsmethoden im Bereich der orthop\u00e4dischen Chirurgie.\n<\/div>\n\n<\/a>    <\/article>\n    <article class=\"bde-loop-item ee-post\">\n        <a class=\"bde-container-link-278-100-747-278-1 bde-container-link bde-container-link-278-100 breakdance-link\" href=\"https:\/\/md-medicina.si\/de\/zdravnik\/cvetka-dragos-jancar-dr-med\/\" target=\"_self\" data-type=\"url\">\n  \n  \n\t\n\n\n\n<img decoding=\"async\" class=\"bde-image2-278-101-747-278-1 bde-image2 bde-image2-278-101\" src=\"https:\/\/md-medicina.si\/wp-content\/uploads\/2025\/05\/cvetka-dragos-jancar-dr-med2.webp\" loading=\"lazy\" srcset=\"https:\/\/md-medicina.si\/wp-content\/uploads\/2025\/05\/cvetka-dragos-jancar-dr-med2.webp 800w, https:\/\/md-medicina.si\/wp-content\/uploads\/2025\/05\/cvetka-dragos-jancar-dr-med2-240x300.webp 240w, https:\/\/md-medicina.si\/wp-content\/uploads\/2025\/05\/cvetka-dragos-jancar-dr-med2-768x960.webp 768w, https:\/\/md-medicina.si\/wp-content\/uploads\/2025\/05\/cvetka-dragos-jancar-dr-med2-10x12.webp 10w\" sizes=\"(max-width: 800px) 100vw, 800px\"><div class=\"bde-text-278-102-747-278-1 bde-text bde-text-278-102\">\nCvetka Drago\u0161 Jan\u010dar, MD.\n<\/div><div class=\"bde-text-278-103-747-278-1 bde-text bde-text-278-103\">\nKinderarzt\n<\/div><div class=\"bde-text-278-104-747-278-1 bde-text bde-text-278-104\">\nSeit vielen Jahren konzentriert sie ihre T\u00e4tigkeit auf die Pr\u00e4vention bei Kindern und Erwachsenen. Mit dem Buch \u201eGesunde Manager \u2013 Erfolgreiches Management\u201c hat sie ma\u00dfgeblich zur Anerkennung pr\u00e4ventiver Managementuntersuchungen beigetragen.\n<\/div>\n\n<\/a>    <\/article>\n    <article class=\"bde-loop-item ee-post\">\n        <a class=\"bde-container-link-278-100-740-278-1 bde-container-link bde-container-link-278-100 breakdance-link\" href=\"https:\/\/md-medicina.si\/de\/zdravnik\/prof-dr-matej-drobnic-dr-med\/\" target=\"_self\" data-type=\"url\">\n  \n  \n\t\n\n\n\n<img decoding=\"async\" class=\"bde-image2-278-101-740-278-1 bde-image2 bde-image2-278-101\" src=\"https:\/\/md-medicina.si\/wp-content\/uploads\/2025\/05\/Matej-Drobnic-dr.-med.webp\" loading=\"lazy\" srcset=\"https:\/\/md-medicina.si\/wp-content\/uploads\/2025\/05\/Matej-Drobnic-dr.-med.webp 800w, https:\/\/md-medicina.si\/wp-content\/uploads\/2025\/05\/Matej-Drobnic-dr.-med-240x300.webp 240w, https:\/\/md-medicina.si\/wp-content\/uploads\/2025\/05\/Matej-Drobnic-dr.-med-768x960.webp 768w\" sizes=\"(max-width: 800px) 100vw, 800px\"><div class=\"bde-text-278-102-740-278-1 bde-text bde-text-278-102\">\nProf. Dr. Matej Drobni\u010d, MD\n<\/div><div class=\"bde-text-278-103-740-278-1 bde-text bde-text-278-103\">\nFacharzt f\u00fcr orthop\u00e4dische Chirurgie\n<\/div><div class=\"bde-text-278-104-740-278-1 bde-text bde-text-278-104\">\nEr befasst sich vorwiegend mit Sportverletzungen des Knies, Patellapathologien, Verletzungen und Erkrankungen des oberen und unteren Sprunggelenks sowie des Fu\u00dfes.\n<\/div>\n\n<\/a>    <\/article>\n    <article class=\"bde-loop-item ee-post\">\n        <a class=\"bde-container-link-278-100-760-278-1 bde-container-link bde-container-link-278-100 breakdance-link\" href=\"https:\/\/md-medicina.si\/de\/zdravnik\/dejan-galic-dr-med\/\" target=\"_self\" data-type=\"url\">\n  \n  \n\t\n\n\n\n<img decoding=\"async\" class=\"bde-image2-278-101-760-278-1 bde-image2 bde-image2-278-101\" src=\"https:\/\/md-medicina.si\/wp-content\/uploads\/2025\/05\/Dejan-Galic-dr.-med.webp\" loading=\"lazy\" srcset=\"https:\/\/md-medicina.si\/wp-content\/uploads\/2025\/05\/Dejan-Galic-dr.-med.webp 800w, https:\/\/md-medicina.si\/wp-content\/uploads\/2025\/05\/Dejan-Galic-dr.-med-240x300.webp 240w, https:\/\/md-medicina.si\/wp-content\/uploads\/2025\/05\/Dejan-Galic-dr.-med-768x960.webp 768w\" sizes=\"(max-width: 800px) 100vw, 800px\"><div class=\"bde-text-278-102-760-278-1 bde-text bde-text-278-102\">\nDejan Gali\u010d, MD, FEBU, FECSM\n<\/div><div class=\"bde-text-278-103-760-278-1 bde-text bde-text-278-103\">\nFacharzt f\u00fcr Urologie\n<\/div><div class=\"bde-text-278-104-760-278-1 bde-text bde-text-278-104\">\nEr besch\u00e4ftigt sich mit allgemeiner Urologie, insbesondere urologischer Onkologie und Prostataproblemen, sowie Sexualmedizin.\n<\/div>\n\n<\/a>    <\/article>\n    <article class=\"bde-loop-item ee-post\">\n        <a class=\"bde-container-link-278-100-731-278-1 bde-container-link bde-container-link-278-100 breakdance-link\" href=\"https:\/\/md-medicina.si\/de\/zdravnik\/doc-dr-simon-hawlina-dr-med-febu\/\" target=\"_self\" data-type=\"url\">\n  \n  \n\t\n\n\n\n<img decoding=\"async\" class=\"bde-image2-278-101-731-278-1 bde-image2 bde-image2-278-101\" src=\"https:\/\/md-medicina.si\/wp-content\/uploads\/2025\/05\/Doc.-dr.-Simon-Hawlina-dr.-med.-FEBU.webp\" loading=\"lazy\" srcset=\"https:\/\/md-medicina.si\/wp-content\/uploads\/2025\/05\/Doc.-dr.-Simon-Hawlina-dr.-med.-FEBU.webp 800w, https:\/\/md-medicina.si\/wp-content\/uploads\/2025\/05\/Doc.-dr.-Simon-Hawlina-dr.-med.-FEBU-240x300.webp 240w, https:\/\/md-medicina.si\/wp-content\/uploads\/2025\/05\/Doc.-dr.-Simon-Hawlina-dr.-med.-FEBU-768x960.webp 768w\" sizes=\"(max-width: 800px) 100vw, 800px\"><div class=\"bde-text-278-102-731-278-1 bde-text bde-text-278-102\">\nAssoc. Prof. Dr. Simon Hawlina, MD, FEBU\n<\/div><div class=\"bde-text-278-103-731-278-1 bde-text bde-text-278-103\">\nFacharzt f\u00fcr Urologie\n<\/div><div class=\"bde-text-278-104-731-278-1 bde-text bde-text-278-104\">\nEr f\u00fchrt ein breites Spektrum urologischer chirurgischer Eingriffe durch und konzentriert sich dabei auf minimalinvasive Techniken.\n<\/div>\n\n<\/a>    <\/article>\n    <article class=\"bde-loop-item ee-post\">\n        <a class=\"bde-container-link-278-100-3362-278-1 bde-container-link bde-container-link-278-100 breakdance-link\" href=\"https:\/\/md-medicina.si\/de\/zdravnik\/sebastian-jersinovic-dr-med-febu\/\" target=\"_self\" data-type=\"url\">\n  \n  \n\t\n\n\n\n<img decoding=\"async\" class=\"bde-image2-278-101-3362-278-1 bde-image2 bde-image2-278-101\" src=\"https:\/\/md-medicina.si\/wp-content\/uploads\/2026\/01\/Jersinovic-scaled.jpg\" loading=\"lazy\" srcset=\"https:\/\/md-medicina.si\/wp-content\/uploads\/2026\/01\/Jersinovic-scaled.jpg 1707w, https:\/\/md-medicina.si\/wp-content\/uploads\/2026\/01\/Jersinovic-200x300.jpg 200w, https:\/\/md-medicina.si\/wp-content\/uploads\/2026\/01\/Jersinovic-683x1024.jpg 683w, https:\/\/md-medicina.si\/wp-content\/uploads\/2026\/01\/Jersinovic-768x1152.jpg 768w, https:\/\/md-medicina.si\/wp-content\/uploads\/2026\/01\/Jersinovic-1024x1536.jpg 1024w, https:\/\/md-medicina.si\/wp-content\/uploads\/2026\/01\/Jersinovic-1365x2048.jpg 1365w, https:\/\/md-medicina.si\/wp-content\/uploads\/2026\/01\/Jersinovic-8x12.jpg 8w\" sizes=\"(max-width: 1707px) 100vw, 1707px\"><div class=\"bde-text-278-102-3362-278-1 bde-text bde-text-278-102\">\ndr. Sebastian Jer\u0161inovi\u010d, dr. med., FEBU\n<\/div><div class=\"bde-text-278-103-3362-278-1 bde-text bde-text-278-103\">\nFacharzt f\u00fcr Urologie\n<\/div><div class=\"bde-text-278-104-3362-278-1 bde-text bde-text-278-104\">\nSpecializiran je za minimalno invazivno lasersko endoskopsko urologijo, vklju\u010dno z lasersko enukleacijo prostate (ThuFLEP) in laserskim drobljenjem ledvi\u010dnih kamnov (URS).\n<\/div>\n\n<\/a>    <\/article>\n    <article class=\"bde-loop-item ee-post\">\n        <a class=\"bde-container-link-278-100-720-278-1 bde-container-link bde-container-link-278-100 breakdance-link\" href=\"https:\/\/md-medicina.si\/de\/zdravnik\/dr-mojca-kirbis-dr-med-specialistka-nevrologije\/\" target=\"_self\" data-type=\"url\">\n  \n  \n\t\n\n\n\n<img decoding=\"async\" class=\"bde-image2-278-101-720-278-1 bde-image2 bde-image2-278-101\" src=\"https:\/\/md-medicina.si\/wp-content\/uploads\/2025\/05\/dr.-Mojca-Kirbis-dr.-med.webp\" loading=\"lazy\" srcset=\"https:\/\/md-medicina.si\/wp-content\/uploads\/2025\/05\/dr.-Mojca-Kirbis-dr.-med.webp 800w, https:\/\/md-medicina.si\/wp-content\/uploads\/2025\/05\/dr.-Mojca-Kirbis-dr.-med-240x300.webp 240w, https:\/\/md-medicina.si\/wp-content\/uploads\/2025\/05\/dr.-Mojca-Kirbis-dr.-med-768x960.webp 768w\" sizes=\"(max-width: 800px) 100vw, 800px\"><div class=\"bde-text-278-102-720-278-1 bde-text bde-text-278-102\">\nDr. Mojca Kirbi\u0161, MD, FEBN\n<\/div><div class=\"bde-text-278-103-720-278-1 bde-text bde-text-278-103\">\nFacharzt f\u00fcr Neurologie\n<\/div><div class=\"bde-text-278-104-720-278-1 bde-text bde-text-278-104\">\nBesondere Schwerpunkte liegen auf Synkopen, Erkrankungen des autonomen Nervensystems, peripheren Nervenfasersch\u00e4den und der elektrophysiologischen Diagnostik.\n<\/div>\n\n<\/a>    <\/article>\n    <article class=\"bde-loop-item ee-post\">\n        <a class=\"bde-container-link-278-100-2325-278-1 bde-container-link bde-container-link-278-100 breakdance-link\" href=\"https:\/\/md-medicina.si\/de\/zdravnik\/doc-dr-simona-kirbis-dr-med\/\" target=\"_self\" data-type=\"url\">\n  \n  \n\t\n\n\n\n<img decoding=\"async\" class=\"bde-image2-278-101-2325-278-1 bde-image2 bde-image2-278-101\" src=\"https:\/\/md-medicina.si\/wp-content\/uploads\/2025\/07\/doc.dr_.-Simona-Kirbis-dr.med_.webp\" loading=\"lazy\" srcset=\"https:\/\/md-medicina.si\/wp-content\/uploads\/2025\/07\/doc.dr_.-Simona-Kirbis-dr.med_.webp 800w, https:\/\/md-medicina.si\/wp-content\/uploads\/2025\/07\/doc.dr_.-Simona-Kirbis-dr.med_-240x300.webp 240w, https:\/\/md-medicina.si\/wp-content\/uploads\/2025\/07\/doc.dr_.-Simona-Kirbis-dr.med_-768x960.webp 768w, https:\/\/md-medicina.si\/wp-content\/uploads\/2025\/07\/doc.dr_.-Simona-Kirbis-dr.med_-10x12.webp 10w\" sizes=\"(max-width: 800px) 100vw, 800px\"><div class=\"bde-text-278-102-2325-278-1 bde-text bde-text-278-102\">\ndoc.dr. Simona Kirbi\u0161, dr.med\n<\/div><div class=\"bde-text-278-103-2325-278-1 bde-text bde-text-278-103\">\nSpezialistin f\u00fcr Innere Medizin\n<\/div><div class=\"bde-text-278-104-2325-278-1 bde-text bde-text-278-104\">\nSie befasst sich mit der Diagnose, Behandlung und \u00dcberwachung von Herz-Kreislauf-Erkrankungen.\n<\/div>\n\n<\/a>    <\/article>\n    <article class=\"bde-loop-item ee-post\">\n        <a class=\"bde-container-link-278-100-729-278-1 bde-container-link bde-container-link-278-100 breakdance-link\" href=\"https:\/\/md-medicina.si\/de\/zdravnik\/prof-dr-andrej-kmetec-dr-med\/\" target=\"_self\" data-type=\"url\">\n  \n  \n\t\n\n\n\n<img decoding=\"async\" class=\"bde-image2-278-101-729-278-1 bde-image2 bde-image2-278-101\" src=\"https:\/\/md-medicina.si\/wp-content\/uploads\/2025\/05\/prof.-dr.-Andrej-Kmetec-dr.-med.webp\" loading=\"lazy\" srcset=\"https:\/\/md-medicina.si\/wp-content\/uploads\/2025\/05\/prof.-dr.-Andrej-Kmetec-dr.-med.webp 800w, https:\/\/md-medicina.si\/wp-content\/uploads\/2025\/05\/prof.-dr.-Andrej-Kmetec-dr.-med-240x300.webp 240w, https:\/\/md-medicina.si\/wp-content\/uploads\/2025\/05\/prof.-dr.-Andrej-Kmetec-dr.-med-768x960.webp 768w\" sizes=\"(max-width: 800px) 100vw, 800px\"><div class=\"bde-text-278-102-729-278-1 bde-text bde-text-278-102\">\nProf. Dr. Andrej Kmetec, MD\n<\/div><div class=\"bde-text-278-103-729-278-1 bde-text bde-text-278-103\">\nFacharzt f\u00fcr Urologie\n<\/div><div class=\"bde-text-278-104-729-278-1 bde-text bde-text-278-104\">\nEs befasst sich mit der umfassenden Behandlung von Harnwegsbeschwerden.\n<\/div>\n\n<\/a>    <\/article>\n    <article class=\"bde-loop-item ee-post\">\n        <a class=\"bde-container-link-278-100-2182-278-1 bde-container-link bde-container-link-278-100 breakdance-link\" href=\"https:\/\/md-medicina.si\/de\/zdravnik\/mojca-knez-dr-med-dr-dent-med-spec-maksilofacialne-in-oralne-kirurgije\/\" target=\"_self\" data-type=\"url\">\n  \n  \n\t\n\n\n\n<img decoding=\"async\" class=\"bde-image2-278-101-2182-278-1 bde-image2 bde-image2-278-101\" src=\"https:\/\/md-medicina.si\/wp-content\/uploads\/2025\/07\/Mojca-Knezdr.meddr_.dent_.med_.-.webp\" loading=\"lazy\" srcset=\"https:\/\/md-medicina.si\/wp-content\/uploads\/2025\/07\/Mojca-Knezdr.meddr_.dent_.med_.-.webp 800w, https:\/\/md-medicina.si\/wp-content\/uploads\/2025\/07\/Mojca-Knezdr.meddr_.dent_.med_.--240x300.webp 240w, https:\/\/md-medicina.si\/wp-content\/uploads\/2025\/07\/Mojca-Knezdr.meddr_.dent_.med_.--768x960.webp 768w, https:\/\/md-medicina.si\/wp-content\/uploads\/2025\/07\/Mojca-Knezdr.meddr_.dent_.med_.--10x12.webp 10w\" sizes=\"(max-width: 800px) 100vw, 800px\"><div class=\"bde-text-278-102-2182-278-1 bde-text bde-text-278-102\">\nMojca Knez, dr.med., dr.dent. med.\n<\/div><div class=\"bde-text-278-103-2182-278-1 bde-text bde-text-278-103\">\nSpezialistin f\u00fcr Kiefer- und Oralchirurgie\n<\/div><div class=\"bde-text-278-104-2182-278-1 bde-text bde-text-278-104\">\nSie f\u00fchrt fach\u00e4rztliche Untersuchungen und das gesamte Spektrum an Eingriffen durch: von einfacher und komplexer Oralchirurgie und Implantologie bis hin zu orthognathen Operationen.\n<\/div>\n\n<\/a>    <\/article>\n    <article class=\"bde-loop-item ee-post\">\n        <a class=\"bde-container-link-278-100-761-278-1 bde-container-link bde-container-link-278-100 breakdance-link\" href=\"https:\/\/md-medicina.si\/de\/zdravnik\/mile-knezevic-dr-med\/\" target=\"_self\" data-type=\"url\">\n  \n  \n\t\n\n\n\n<img decoding=\"async\" class=\"bde-image2-278-101-761-278-1 bde-image2 bde-image2-278-101\" src=\"https:\/\/md-medicina.si\/wp-content\/uploads\/2025\/05\/mile-knezevic-dr.med2_.webp\" loading=\"lazy\" srcset=\"https:\/\/md-medicina.si\/wp-content\/uploads\/2025\/05\/mile-knezevic-dr.med2_.webp 800w, https:\/\/md-medicina.si\/wp-content\/uploads\/2025\/05\/mile-knezevic-dr.med2_-240x300.webp 240w, https:\/\/md-medicina.si\/wp-content\/uploads\/2025\/05\/mile-knezevic-dr.med2_-768x960.webp 768w, https:\/\/md-medicina.si\/wp-content\/uploads\/2025\/05\/mile-knezevic-dr.med2_-10x12.webp 10w\" sizes=\"(max-width: 800px) 100vw, 800px\"><div class=\"bde-text-278-102-761-278-1 bde-text bde-text-278-102\">\nMile Kne\u017eevi\u0107, MD.\n<\/div><div class=\"bde-text-278-103-761-278-1 bde-text bde-text-278-103\">\nFacharzt f\u00fcr An\u00e4sthesiologie, Reanimation und perioperative Intensivmedizin\n<\/div><div class=\"bde-text-278-104-761-278-1 bde-text bde-text-278-104\">\nEr ist intensiv in die Regionalan\u00e4sthesie und ultraschallgesteuerte periphere Nervenblockaden involviert.\n<\/div>\n\n<\/a>    <\/article>\n    <article class=\"bde-loop-item ee-post\">\n        <a class=\"bde-container-link-278-100-748-278-1 bde-container-link bde-container-link-278-100 breakdance-link\" href=\"https:\/\/md-medicina.si\/de\/zdravnik\/snezana-kocijancic-dr-med\/\" target=\"_self\" data-type=\"url\">\n  \n  \n\t\n\n\n\n<img decoding=\"async\" class=\"bde-image2-278-101-748-278-1 bde-image2 bde-image2-278-101\" src=\"https:\/\/md-medicina.si\/wp-content\/uploads\/2025\/05\/Snezana-Kocijancic-dr.-med.webp\" loading=\"lazy\" srcset=\"https:\/\/md-medicina.si\/wp-content\/uploads\/2025\/05\/Snezana-Kocijancic-dr.-med.webp 800w, https:\/\/md-medicina.si\/wp-content\/uploads\/2025\/05\/Snezana-Kocijancic-dr.-med-240x300.webp 240w, https:\/\/md-medicina.si\/wp-content\/uploads\/2025\/05\/Snezana-Kocijancic-dr.-med-768x960.webp 768w\" sizes=\"(max-width: 800px) 100vw, 800px\"><div class=\"bde-text-278-102-748-278-1 bde-text bde-text-278-102\">\nSne\u017eana Kocijan\u010di\u010d, MD.\n<\/div><div class=\"bde-text-278-103-748-278-1 bde-text bde-text-278-103\">\nFacharzt f\u00fcr Allgemeinmedizin\n<\/div><div class=\"bde-text-278-104-748-278-1 bde-text bde-text-278-104\">\nFacharzt f\u00fcr Allgemeinmedizin mit langj\u00e4hriger Lehrerfahrung und Heiligentitel.\r\n\r\n\r\n\r\n\r\n\r\n\r\n\r\n\n<\/div>\n\n<\/a>    <\/article>\n    <article class=\"bde-loop-item ee-post\">\n        <a class=\"bde-container-link-278-100-742-278-1 bde-container-link bde-container-link-278-100 breakdance-link\" href=\"https:\/\/md-medicina.si\/de\/zdravnik\/dr-robert-kosak-dr-med\/\" target=\"_self\" data-type=\"url\">\n  \n  \n\t\n\n\n\n<img decoding=\"async\" class=\"bde-image2-278-101-742-278-1 bde-image2 bde-image2-278-101\" src=\"https:\/\/md-medicina.si\/wp-content\/uploads\/2025\/05\/dr.-Robert-Kosak-dr.med_.webp\" loading=\"lazy\" srcset=\"https:\/\/md-medicina.si\/wp-content\/uploads\/2025\/05\/dr.-Robert-Kosak-dr.med_.webp 800w, https:\/\/md-medicina.si\/wp-content\/uploads\/2025\/05\/dr.-Robert-Kosak-dr.med_-240x300.webp 240w, https:\/\/md-medicina.si\/wp-content\/uploads\/2025\/05\/dr.-Robert-Kosak-dr.med_-768x960.webp 768w\" sizes=\"(max-width: 800px) 100vw, 800px\"><div class=\"bde-text-278-102-742-278-1 bde-text bde-text-278-102\">\nDr. Robert Ko\u0161ak, MD.\n<\/div><div class=\"bde-text-278-103-742-278-1 bde-text bde-text-278-103\">\nFacharzt f\u00fcr orthop\u00e4dische Chirurgie\n<\/div><div class=\"bde-text-278-104-742-278-1 bde-text bde-text-278-104\">\nEr ist vor allem auf den Bereich der Wirbels\u00e4ule spezialisiert \u2013 er f\u00fchrt Wirbels\u00e4ulenoperationen an der gesamten Wirbels\u00e4ule durch, von der Hals-, Brust- bis zur Lendenwirbels\u00e4ule.\n<\/div>\n\n<\/a>    <\/article>\n    <article class=\"bde-loop-item ee-post\">\n        <a class=\"bde-container-link-278-100-1759-278-1 bde-container-link bde-container-link-278-100 breakdance-link\" href=\"https:\/\/md-medicina.si\/de\/zdravnik\/1759\/\" target=\"_self\" data-type=\"url\">\n  \n  \n\t\n\n\n\n<img decoding=\"async\" class=\"bde-image2-278-101-1759-278-1 bde-image2 bde-image2-278-101\" src=\"https:\/\/md-medicina.si\/wp-content\/uploads\/2025\/05\/Anze-Kristan-1.webp\" loading=\"lazy\" srcset=\"https:\/\/md-medicina.si\/wp-content\/uploads\/2025\/05\/Anze-Kristan-1.webp 800w, https:\/\/md-medicina.si\/wp-content\/uploads\/2025\/05\/Anze-Kristan-1-240x300.webp 240w, https:\/\/md-medicina.si\/wp-content\/uploads\/2025\/05\/Anze-Kristan-1-768x960.webp 768w\" sizes=\"(max-width: 800px) 100vw, 800px\"><div class=\"bde-text-278-102-1759-278-1 bde-text bde-text-278-102\">\nProf. Dr. An\u017ee Kristan, MD\n<\/div><div class=\"bde-text-278-103-1759-278-1 bde-text bde-text-278-103\">\nFacharzt f\u00fcr Traumatologie\n<\/div><div class=\"bde-text-278-104-1759-278-1 bde-text bde-text-278-104\">\nErfahrener Facharzt f\u00fcr Traumatologie und Allgemeinchirurgie mit umfangreicher internationaler Praxis und einer f\u00fchrenden Rolle in der Ausbildung chirurgischer Spezialisten in Europa und Afrika.\n<\/div>\n\n<\/a>    <\/article>\n    <article class=\"bde-loop-item ee-post\">\n        <a class=\"bde-container-link-278-100-743-278-1 bde-container-link bde-container-link-278-100 breakdance-link\" href=\"https:\/\/md-medicina.si\/de\/zdravnik\/asist-dr-david-martincic-dr-med\/\" target=\"_self\" data-type=\"url\">\n  \n  \n\t\n\n\n\n<img decoding=\"async\" class=\"bde-image2-278-101-743-278-1 bde-image2 bde-image2-278-101\" src=\"https:\/\/md-medicina.si\/wp-content\/uploads\/2025\/05\/asist.-dr.-David-Martincic-dr.-med.webp\" loading=\"lazy\" srcset=\"https:\/\/md-medicina.si\/wp-content\/uploads\/2025\/05\/asist.-dr.-David-Martincic-dr.-med.webp 800w, https:\/\/md-medicina.si\/wp-content\/uploads\/2025\/05\/asist.-dr.-David-Martincic-dr.-med-240x300.webp 240w, https:\/\/md-medicina.si\/wp-content\/uploads\/2025\/05\/asist.-dr.-David-Martincic-dr.-med-768x960.webp 768w\" sizes=\"(max-width: 800px) 100vw, 800px\"><div class=\"bde-text-278-102-743-278-1 bde-text bde-text-278-102\">\nAssist. Dr. David Martin\u010di\u010d, MD\n<\/div><div class=\"bde-text-278-103-743-278-1 bde-text bde-text-278-103\">\nFacharzt f\u00fcr orthop\u00e4dische Chirurgie\n<\/div><div class=\"bde-text-278-104-743-278-1 bde-text bde-text-278-104\">\nSeine Arbeitsschwerpunkte liegen in der Sportorthop\u00e4die und Knochentumorchirurgie.\n<\/div>\n\n<\/a>    <\/article>\n    <article class=\"bde-loop-item ee-post\">\n        <a class=\"bde-container-link-278-100-722-278-1 bde-container-link bde-container-link-278-100 breakdance-link\" href=\"https:\/\/md-medicina.si\/de\/zdravnik\/asist-dr-bostjan-matos-dr-med\/\" target=\"_self\" data-type=\"url\">\n  \n  \n\t\n\n\n\n<img decoding=\"async\" class=\"bde-image2-278-101-722-278-1 bde-image2 bde-image2-278-101\" src=\"https:\/\/md-medicina.si\/wp-content\/uploads\/2025\/05\/dr.-Bostjan-Matos-dr.-med.webp\" loading=\"lazy\" srcset=\"https:\/\/md-medicina.si\/wp-content\/uploads\/2025\/05\/dr.-Bostjan-Matos-dr.-med.webp 800w, https:\/\/md-medicina.si\/wp-content\/uploads\/2025\/05\/dr.-Bostjan-Matos-dr.-med-240x300.webp 240w, https:\/\/md-medicina.si\/wp-content\/uploads\/2025\/05\/dr.-Bostjan-Matos-dr.-med-768x960.webp 768w\" sizes=\"(max-width: 800px) 100vw, 800px\"><div class=\"bde-text-278-102-722-278-1 bde-text bde-text-278-102\">\nAssist.. Dr. Bo\u0161tjan Matos, MD\n<\/div><div class=\"bde-text-278-103-722-278-1 bde-text bde-text-278-103\">\nFacharzt f\u00fcr Neurochirurgie\n<\/div><div class=\"bde-text-278-104-722-278-1 bde-text bde-text-278-104\">\nEr befasst sich vorwiegend mit krankhaften Prozessen im Gehirn und R\u00fcckenmark sowie mit Schmerzprozessen im Bereich der Lenden- und Halswirbels\u00e4ule.\n<\/div>\n\n<\/a>    <\/article>\n    <article class=\"bde-loop-item ee-post\">\n        <a class=\"bde-container-link-278-100-744-278-1 bde-container-link bde-container-link-278-100 breakdance-link\" href=\"https:\/\/md-medicina.si\/de\/zdravnik\/doc-dr-uros-meglic-dr-med\/\" target=\"_self\" data-type=\"url\">\n  \n  \n\t\n\n\n\n<img decoding=\"async\" class=\"bde-image2-278-101-744-278-1 bde-image2 bde-image2-278-101\" src=\"https:\/\/md-medicina.si\/wp-content\/uploads\/2025\/05\/doc.dr_.-Uros-Meglic-dr.-med.webp\" loading=\"lazy\" srcset=\"https:\/\/md-medicina.si\/wp-content\/uploads\/2025\/05\/doc.dr_.-Uros-Meglic-dr.-med.webp 800w, https:\/\/md-medicina.si\/wp-content\/uploads\/2025\/05\/doc.dr_.-Uros-Meglic-dr.-med-240x300.webp 240w, https:\/\/md-medicina.si\/wp-content\/uploads\/2025\/05\/doc.dr_.-Uros-Meglic-dr.-med-768x960.webp 768w\" sizes=\"(max-width: 800px) 100vw, 800px\"><div class=\"bde-text-278-102-744-278-1 bde-text bde-text-278-102\">\nAssistenzprofessor Uro\u0161 Megli\u010d, MD, PhD\n<\/div><div class=\"bde-text-278-103-744-278-1 bde-text bde-text-278-103\">\nFacharzt f\u00fcr orthop\u00e4dische Chirurgie\n<\/div><div class=\"bde-text-278-104-744-278-1 bde-text bde-text-278-104\">\nDer Schwerpunkt liegt auf der Behandlung von Verletzungen und Erkrankungen der Schulter- und Ellenbogengelenke.\n<\/div>\n\n<\/a>    <\/article>\n    <article class=\"bde-loop-item ee-post\">\n        <a class=\"bde-container-link-278-100-2207-278-1 bde-container-link bde-container-link-278-100 breakdance-link\" href=\"https:\/\/md-medicina.si\/de\/zdravnik\/maja-merkun-dr-med\/\" target=\"_self\" data-type=\"url\">\n  \n  \n\t\n\n\n\n<img decoding=\"async\" class=\"bde-image2-278-101-2207-278-1 bde-image2 bde-image2-278-101\" src=\"https:\/\/md-medicina.si\/wp-content\/uploads\/2025\/07\/Mateja-Lasic.webp\" loading=\"lazy\" srcset=\"https:\/\/md-medicina.si\/wp-content\/uploads\/2025\/07\/Mateja-Lasic.webp 800w, https:\/\/md-medicina.si\/wp-content\/uploads\/2025\/07\/Mateja-Lasic-240x300.webp 240w, https:\/\/md-medicina.si\/wp-content\/uploads\/2025\/07\/Mateja-Lasic-768x960.webp 768w, https:\/\/md-medicina.si\/wp-content\/uploads\/2025\/07\/Mateja-Lasic-10x12.webp 10w\" sizes=\"(max-width: 800px) 100vw, 800px\"><div class=\"bde-text-278-102-2207-278-1 bde-text bde-text-278-102\">\nMaja Merkun, dr.med.\n<\/div><div class=\"bde-text-278-103-2207-278-1 bde-text bde-text-278-103\">\nSpezialistin f\u00fcr Gyn\u00e4kologie und Geburtshilfe\n<\/div><div class=\"bde-text-278-104-2207-278-1 bde-text bde-text-278-104\">\nVodja dejavnosti ginekologije in porodni\u0161tva v MD medicina. Izvaja specialisti\u010dne preglede in \u0161irok nabor ginekolo\u0161kih posegov z osredoto\u010denostjo na celostnem, posameznici prilagojenem pristopu.\n<\/div>\n\n<\/a>    <\/article>\n    <article class=\"bde-loop-item ee-post\">\n        <a class=\"bde-container-link-278-100-749-278-1 bde-container-link bde-container-link-278-100 breakdance-link\" href=\"https:\/\/md-medicina.si\/de\/zdravnik\/miha-muzic-dr-med\/\" target=\"_self\" data-type=\"url\">\n  \n  \n\t\n\n\n\n<img decoding=\"async\" class=\"bde-image2-278-101-749-278-1 bde-image2 bde-image2-278-101\" src=\"https:\/\/md-medicina.si\/wp-content\/uploads\/2025\/05\/Miha-Muzic-dr.-med.webp\" loading=\"lazy\" srcset=\"https:\/\/md-medicina.si\/wp-content\/uploads\/2025\/05\/Miha-Muzic-dr.-med.webp 800w, https:\/\/md-medicina.si\/wp-content\/uploads\/2025\/05\/Miha-Muzic-dr.-med-240x300.webp 240w, https:\/\/md-medicina.si\/wp-content\/uploads\/2025\/05\/Miha-Muzic-dr.-med-768x960.webp 768w\" sizes=\"(max-width: 800px) 100vw, 800px\"><div class=\"bde-text-278-102-749-278-1 bde-text bde-text-278-102\">\nMiha Mu\u017ei\u010d, dr. med.\n<\/div><div class=\"bde-text-278-103-749-278-1 bde-text bde-text-278-103\">\nspecialist dru\u017einske medicine\n<\/div><div class=\"bde-text-278-104-749-278-1 bde-text bde-text-278-104\">\nSpecializiran za dru\u017einsko medicino z dodatnim znanjem iz interne medicine, dermatologije in urgentne diagnostike.\r\n\r\n\r\n\r\n\r\n\r\n\r\n\n<\/div>\n\n<\/a>    <\/article>\n    <article class=\"bde-loop-item ee-post\">\n        <a class=\"bde-container-link-278-100-755-278-1 bde-container-link bde-container-link-278-100 breakdance-link\" href=\"https:\/\/md-medicina.si\/de\/zdravnik\/prof-dr-zvezdan-pirtosek-dr-med\/\" target=\"_self\" data-type=\"url\">\n  \n  \n\t\n\n\n\n<img decoding=\"async\" class=\"bde-image2-278-101-755-278-1 bde-image2 bde-image2-278-101\" src=\"https:\/\/md-medicina.si\/wp-content\/uploads\/2025\/05\/prof.-dr.-Zvezdan-Pirtosek-dr.-med.webp\" loading=\"lazy\" srcset=\"https:\/\/md-medicina.si\/wp-content\/uploads\/2025\/05\/prof.-dr.-Zvezdan-Pirtosek-dr.-med.webp 800w, https:\/\/md-medicina.si\/wp-content\/uploads\/2025\/05\/prof.-dr.-Zvezdan-Pirtosek-dr.-med-240x300.webp 240w, https:\/\/md-medicina.si\/wp-content\/uploads\/2025\/05\/prof.-dr.-Zvezdan-Pirtosek-dr.-med-768x960.webp 768w\" sizes=\"(max-width: 800px) 100vw, 800px\"><div class=\"bde-text-278-102-755-278-1 bde-text bde-text-278-102\">\nProf. Dr. Zvezdan Pirto\u0161ek, MD\n<\/div><div class=\"bde-text-278-103-755-278-1 bde-text bde-text-278-103\">\nFacharzt f\u00fcr Neurologie\n<\/div><div class=\"bde-text-278-104-755-278-1 bde-text bde-text-278-104\">\nEr besch\u00e4ftigt sich haupts\u00e4chlich mit neurodegenerativen Erkrankungen wie Parkinson und Alzheimer.\n<\/div>\n\n<\/a>    <\/article>\n    <article class=\"bde-loop-item ee-post\">\n        <a class=\"bde-container-link-278-100-736-278-1 bde-container-link bde-container-link-278-100 breakdance-link\" href=\"https:\/\/md-medicina.si\/de\/zdravnik\/doc-dr-domen-plut-dr-med\/\" target=\"_self\" data-type=\"url\">\n  \n  \n\t\n\n\n\n<img decoding=\"async\" class=\"bde-image2-278-101-736-278-1 bde-image2 bde-image2-278-101\" src=\"https:\/\/md-medicina.si\/wp-content\/uploads\/2025\/05\/doc.-dr.-Domen-Plut-dr.-med.webp\" loading=\"lazy\" srcset=\"https:\/\/md-medicina.si\/wp-content\/uploads\/2025\/05\/doc.-dr.-Domen-Plut-dr.-med.webp 800w, https:\/\/md-medicina.si\/wp-content\/uploads\/2025\/05\/doc.-dr.-Domen-Plut-dr.-med-240x300.webp 240w, https:\/\/md-medicina.si\/wp-content\/uploads\/2025\/05\/doc.-dr.-Domen-Plut-dr.-med-768x960.webp 768w\" sizes=\"(max-width: 800px) 100vw, 800px\"><div class=\"bde-text-278-102-736-278-1 bde-text bde-text-278-102\">\ndoc. dr. Domen Plut, MD\n<\/div><div class=\"bde-text-278-103-736-278-1 bde-text bde-text-278-103\">\nFacharzt f\u00fcr Radiologie\n<\/div><div class=\"bde-text-278-104-736-278-1 bde-text bde-text-278-104\">\nEr f\u00fchrt haupts\u00e4chlich Ultraschalluntersuchungen bei Kindern und Erwachsenen durch.\n<\/div>\n\n<\/a>    <\/article>\n    <article class=\"bde-loop-item ee-post\">\n        <a class=\"bde-container-link-278-100-737-278-1 bde-container-link bde-container-link-278-100 breakdance-link\" href=\"https:\/\/md-medicina.si\/de\/zdravnik\/asist-peter-slak-dr-med\/\" target=\"_self\" data-type=\"url\">\n  \n  \n\t\n\n\n\n<img decoding=\"async\" class=\"bde-image2-278-101-737-278-1 bde-image2 bde-image2-278-101\" src=\"https:\/\/md-medicina.si\/wp-content\/uploads\/2025\/05\/asist.-Peter-Slak-dr.-med.webp\" loading=\"lazy\" srcset=\"https:\/\/md-medicina.si\/wp-content\/uploads\/2025\/05\/asist.-Peter-Slak-dr.-med.webp 800w, https:\/\/md-medicina.si\/wp-content\/uploads\/2025\/05\/asist.-Peter-Slak-dr.-med-240x300.webp 240w, https:\/\/md-medicina.si\/wp-content\/uploads\/2025\/05\/asist.-Peter-Slak-dr.-med-768x960.webp 768w\" sizes=\"(max-width: 800px) 100vw, 800px\"><div class=\"bde-text-278-102-737-278-1 bde-text bde-text-278-102\">\nAssist. Dr. Peter Slak, MD\n<\/div><div class=\"bde-text-278-103-737-278-1 bde-text bde-text-278-103\">\nFacharzt f\u00fcr Radiologie\n<\/div><div class=\"bde-text-278-104-737-278-1 bde-text bde-text-278-104\">\nEr f\u00fchrt Ultraschalluntersuchungen des Bauchraums, der Harnwege, der Weichteile und der Halsorgane bei Menschen jeden Alters durch.\n<\/div>\n\n<\/a>    <\/article>\n    <article class=\"bde-loop-item ee-post\">\n        <a class=\"bde-container-link-278-100-745-278-1 bde-container-link bde-container-link-278-100 breakdance-link\" href=\"https:\/\/md-medicina.si\/de\/zdravnik\/asist-dr-tanja-slokar-dr-med\/\" target=\"_self\" data-type=\"url\">\n  \n  \n\t\n\n\n\n<img decoding=\"async\" class=\"bde-image2-278-101-745-278-1 bde-image2 bde-image2-278-101\" src=\"https:\/\/md-medicina.si\/wp-content\/uploads\/2025\/05\/asist.-dr.-Tanja-Slokar-dr.-med.webp\" loading=\"lazy\" srcset=\"https:\/\/md-medicina.si\/wp-content\/uploads\/2025\/05\/asist.-dr.-Tanja-Slokar-dr.-med.webp 800w, https:\/\/md-medicina.si\/wp-content\/uploads\/2025\/05\/asist.-dr.-Tanja-Slokar-dr.-med-240x300.webp 240w, https:\/\/md-medicina.si\/wp-content\/uploads\/2025\/05\/asist.-dr.-Tanja-Slokar-dr.-med-768x960.webp 768w\" sizes=\"(max-width: 800px) 100vw, 800px\"><div class=\"bde-text-278-102-745-278-1 bde-text bde-text-278-102\">\nAssist. Dr. Tanja Slokar, MD\n<\/div><div class=\"bde-text-278-103-745-278-1 bde-text bde-text-278-103\">\nFacharzt f\u00fcr orthop\u00e4dische Chirurgie\n<\/div><div class=\"bde-text-278-104-745-278-1 bde-text bde-text-278-104\">\nEr befasst sich mit allgemeiner und vielf\u00e4ltiger orthop\u00e4discher Pathologie, mit Schwerpunkt auf Fu\u00df- und Kniepathologie bei Erwachsenen und Kindern.\n<\/div>\n\n<\/a>    <\/article>\n    <article class=\"bde-loop-item ee-post\">\n        <a class=\"bde-container-link-278-100-1386-278-1 bde-container-link bde-container-link-278-100 breakdance-link\" href=\"https:\/\/md-medicina.si\/de\/zdravnik\/izr-prof-klemen-strazar-dr-med\/\" target=\"_self\" data-type=\"url\">\n  \n  \n\t\n\n\n\n<img decoding=\"async\" class=\"bde-image2-278-101-1386-278-1 bde-image2 bde-image2-278-101\" src=\"https:\/\/md-medicina.si\/wp-content\/uploads\/2025\/05\/izr.-prof.-Klemen-Strazar-dr.-med.webp\" loading=\"lazy\" srcset=\"https:\/\/md-medicina.si\/wp-content\/uploads\/2025\/05\/izr.-prof.-Klemen-Strazar-dr.-med.webp 800w, https:\/\/md-medicina.si\/wp-content\/uploads\/2025\/05\/izr.-prof.-Klemen-Strazar-dr.-med-240x300.webp 240w, https:\/\/md-medicina.si\/wp-content\/uploads\/2025\/05\/izr.-prof.-Klemen-Strazar-dr.-med-768x960.webp 768w\" sizes=\"(max-width: 800px) 100vw, 800px\"><div class=\"bde-text-278-102-1386-278-1 bde-text bde-text-278-102\">\nAssoc. Prof. Klemen Stra\u017ear, MD, PhD\n<\/div><div class=\"bde-text-278-103-1386-278-1 bde-text bde-text-278-103\">\nFacharzt f\u00fcr orthop\u00e4dische Chirurgie\n<\/div><div class=\"bde-text-278-104-1386-278-1 bde-text bde-text-278-104\">\nEin erfahrener Facharzt f\u00fcr orthop\u00e4dische Chirurgie, der seine F\u00e4higkeiten in renommierten Kliniken auf der ganzen Welt verfeinert hat.\n<\/div>\n\n<\/a>    <\/article>\n    <article class=\"bde-loop-item ee-post\">\n        <a class=\"bde-container-link-278-100-728-278-1 bde-container-link bde-container-link-278-100 breakdance-link\" href=\"https:\/\/md-medicina.si\/de\/zdravnik\/asist-dr-lovro-suhodolcan-dr-med\/\" target=\"_self\" data-type=\"url\">\n  \n  \n\t\n\n\n\n<img decoding=\"async\" class=\"bde-image2-278-101-728-278-1 bde-image2 bde-image2-278-101\" src=\"https:\/\/md-medicina.si\/wp-content\/uploads\/2025\/05\/asist.-dr.-Lovro-Suhodolcan-dr.-med.webp\" loading=\"lazy\" srcset=\"https:\/\/md-medicina.si\/wp-content\/uploads\/2025\/05\/asist.-dr.-Lovro-Suhodolcan-dr.-med.webp 800w, https:\/\/md-medicina.si\/wp-content\/uploads\/2025\/05\/asist.-dr.-Lovro-Suhodolcan-dr.-med-240x300.webp 240w, https:\/\/md-medicina.si\/wp-content\/uploads\/2025\/05\/asist.-dr.-Lovro-Suhodolcan-dr.-med-768x960.webp 768w\" sizes=\"(max-width: 800px) 100vw, 800px\"><div class=\"bde-text-278-102-728-278-1 bde-text bde-text-278-102\">\nAssist. Dr. Lovro Suhodol\u010dan, MD\n<\/div><div class=\"bde-text-278-103-728-278-1 bde-text bde-text-278-103\">\nFacharzt f\u00fcr orthop\u00e4dische Chirurgie\n<\/div><div class=\"bde-text-278-104-728-278-1 bde-text bde-text-278-104\">\nEr befasst sich mit der umfassenden Behandlung von Wirbels\u00e4ulenerkrankungen, einschlie\u00dflich Tumorchirurgie und Deformit\u00e4ten.\n<\/div>\n\n<\/a>    <\/article>\n    <article class=\"bde-loop-item ee-post\">\n        <a class=\"bde-container-link-278-100-723-278-1 bde-container-link bde-container-link-278-100 breakdance-link\" href=\"https:\/\/md-medicina.si\/de\/zdravnik\/asist-dr-janez-toplisek-dr-med\/\" target=\"_self\" data-type=\"url\">\n  \n  \n\t\n\n\n\n<img decoding=\"async\" class=\"bde-image2-278-101-723-278-1 bde-image2 bde-image2-278-101\" src=\"https:\/\/md-medicina.si\/wp-content\/uploads\/2025\/05\/asist.-dr.-Janez-Toplisek-dr.-med.webp\" loading=\"lazy\" srcset=\"https:\/\/md-medicina.si\/wp-content\/uploads\/2025\/05\/asist.-dr.-Janez-Toplisek-dr.-med.webp 800w, https:\/\/md-medicina.si\/wp-content\/uploads\/2025\/05\/asist.-dr.-Janez-Toplisek-dr.-med-240x300.webp 240w, https:\/\/md-medicina.si\/wp-content\/uploads\/2025\/05\/asist.-dr.-Janez-Toplisek-dr.-med-768x960.webp 768w\" sizes=\"(max-width: 800px) 100vw, 800px\"><div class=\"bde-text-278-102-723-278-1 bde-text bde-text-278-102\">\nAssist. Dr. Janez Topli\u0161ek, MD\n<\/div><div class=\"bde-text-278-103-723-278-1 bde-text bde-text-278-103\">\nFacharzt f\u00fcr Innere Medizin, Kardiologie und Gef\u00e4\u00dfmedizin\n<\/div><div class=\"bde-text-278-104-723-278-1 bde-text bde-text-278-104\">\nDabei geht es vor allem um Probleme des Herz-Kreislauf-Systems.\n<\/div>\n\n<\/a>    <\/article>\n    <article class=\"bde-loop-item ee-post\">\n        <a class=\"bde-container-link-278-100-753-278-1 bde-container-link bde-container-link-278-100 breakdance-link\" href=\"https:\/\/md-medicina.si\/de\/zdravnik\/dasa-zugwitz-dr-med\/\" target=\"_self\" data-type=\"url\">\n  \n  \n\t\n\n\n\n<img decoding=\"async\" class=\"bde-image2-278-101-753-278-1 bde-image2 bde-image2-278-101\" src=\"https:\/\/md-medicina.si\/wp-content\/uploads\/2025\/05\/Dasa-Zugwitz-dr.-med.webp\" loading=\"lazy\" srcset=\"https:\/\/md-medicina.si\/wp-content\/uploads\/2025\/05\/Dasa-Zugwitz-dr.-med.webp 800w, https:\/\/md-medicina.si\/wp-content\/uploads\/2025\/05\/Dasa-Zugwitz-dr.-med-240x300.webp 240w, https:\/\/md-medicina.si\/wp-content\/uploads\/2025\/05\/Dasa-Zugwitz-dr.-med-768x960.webp 768w\" sizes=\"(max-width: 800px) 100vw, 800px\"><div class=\"bde-text-278-102-753-278-1 bde-text bde-text-278-102\">\nDa\u0161a Zugwitz, MD.\n<\/div><div class=\"bde-text-278-103-753-278-1 bde-text bde-text-278-103\">\nFacharzt f\u00fcr Kardiologie und Gef\u00e4\u00dfmedizin\n<\/div><div class=\"bde-text-278-104-753-278-1 bde-text bde-text-278-104\">\nSpezialisiert auf Herzbildgebung mit internationalen Zertifizierungen und Forschungskenntnissen im Bereich der Kardiologie.\n<\/div>\n\n<\/a>    <\/article>\n    <article class=\"bde-loop-item ee-post\">\n        <a class=\"bde-container-link-278-100-726-278-1 bde-container-link bde-container-link-278-100 breakdance-link\" href=\"https:\/\/md-medicina.si\/de\/zdravnik\/asist-dr-nik-zlak-dr-med\/\" target=\"_self\" data-type=\"url\">\n  \n  \n\t\n\n\n\n<img decoding=\"async\" class=\"bde-image2-278-101-726-278-1 bde-image2 bde-image2-278-101\" src=\"https:\/\/md-medicina.si\/wp-content\/uploads\/2025\/05\/asist.-dr.-Nik-Zlak-dr.-med.webp\" loading=\"lazy\" srcset=\"https:\/\/md-medicina.si\/wp-content\/uploads\/2025\/05\/asist.-dr.-Nik-Zlak-dr.-med.webp 800w, https:\/\/md-medicina.si\/wp-content\/uploads\/2025\/05\/asist.-dr.-Nik-Zlak-dr.-med-240x300.webp 240w, https:\/\/md-medicina.si\/wp-content\/uploads\/2025\/05\/asist.-dr.-Nik-Zlak-dr.-med-768x960.webp 768w\" sizes=\"(max-width: 800px) 100vw, 800px\"><div class=\"bde-text-278-102-726-278-1 bde-text bde-text-278-102\">\nAssist. Dr. Nik \u017dlak, MD\n<\/div><div class=\"bde-text-278-103-726-278-1 bde-text bde-text-278-103\">\nFacharzt f\u00fcr orthop\u00e4dische Chirurgie\n<\/div><div class=\"bde-text-278-104-726-278-1 bde-text bde-text-278-104\">\nEr befasst sich mit Sportpathologie und rekonstruktiven Eingriffen an Knie, Kn\u00f6chel und Schulter, regenerativer Orthop\u00e4die und Fu\u00dfpathologie.\n<\/div>\n\n<\/a>    <\/article>\n    <article class=\"bde-loop-item ee-post\">\n        <a class=\"bde-container-link-278-100-738-278-1 bde-container-link bde-container-link-278-100 breakdance-link\" href=\"https:\/\/md-medicina.si\/de\/zdravnik\/izr-prof-dr-janez-brecelj-dr-med\/\" target=\"_self\" data-type=\"url\">\n  \n  \n\t\n\n\n\n<img decoding=\"async\" class=\"bde-image2-278-101-738-278-1 bde-image2 bde-image2-278-101\" src=\"https:\/\/md-medicina.si\/wp-content\/uploads\/2025\/05\/Foto-Zupan-scaled.jpg\" loading=\"lazy\" srcset=\"https:\/\/md-medicina.si\/wp-content\/uploads\/2025\/05\/Foto-Zupan-scaled.jpg 1707w, https:\/\/md-medicina.si\/wp-content\/uploads\/2025\/05\/Foto-Zupan-200x300.jpg 200w, https:\/\/md-medicina.si\/wp-content\/uploads\/2025\/05\/Foto-Zupan-683x1024.jpg 683w, https:\/\/md-medicina.si\/wp-content\/uploads\/2025\/05\/Foto-Zupan-768x1152.jpg 768w, https:\/\/md-medicina.si\/wp-content\/uploads\/2025\/05\/Foto-Zupan-1024x1536.jpg 1024w, https:\/\/md-medicina.si\/wp-content\/uploads\/2025\/05\/Foto-Zupan-1365x2048.jpg 1365w, https:\/\/md-medicina.si\/wp-content\/uploads\/2025\/05\/Foto-Zupan-8x12.jpg 8w\" sizes=\"(max-width: 1707px) 100vw, 1707px\"><div class=\"bde-text-278-102-738-278-1 bde-text bde-text-278-102\">\nprof. dr. Oskar Zupanc, dr. med.\n<\/div><div class=\"bde-text-278-103-738-278-1 bde-text bde-text-278-103\">\nFacharzt f\u00fcr orthop\u00e4dische Chirurgie\n<\/div><div class=\"bde-text-278-104-738-278-1 bde-text bde-text-278-104\">\nPri svojem delu se ukvarja s \u0161portno patologijo. Osredoto\u010da se predvsem na zdravljenje ramen, komolca in kolen.\n<\/div>\n\n<\/a>    <\/article>\n<\/div>\r\n<\/div><\/div>\n<\/section><section class=\"bde-section-2203-182 bde-section\">\n              \n  \n  \n\t\n\n\n\n<div class=\"section-container\"><h2 class=\"bde-heading-2203-183 bde-heading\">\nMeinungen zufriedener Kunden\n<\/h2><div class=\"bde-text-2203-184 bde-text\">\nDie Meinungen unserer Patienten zeugen von dem Vertrauen, der Professionalit\u00e4t und dem pers\u00f6nlichen Ansatz, den wir in unserer Arbeit t\u00e4glich umsetzen.\n<\/div><div class=\"bde-globalblock-2203-224 bde-globalblock\"><div class=\"bde-advancedslider-1251-138-1251-1 bde-advancedslider bde-advancedslider-1251-138\">\n<div class=\"breakdance-swiper-wrapper\" data-swiper-id=\"138\">\n  <div class=\"swiper\">\n    <div class=\"swiper-wrapper\">\n      <div class=\"bde-advancedslide-1251-146-1251-1 bde-advancedslide bde-advancedslide-1251-146 swiper-slide\"><div class=\"advanced-slider__slide\">\r\n  <div class=\"bde-div-1251-147-1251-1 bde-div bde-div-1251-147\">\n  \n  \n\t\n\n\n\n<div class=\"bde-star-rating-1251-148-1251-1 bde-star-rating bde-star-rating-1251-148\">\n\n\n\n  <div class='bde-star-rating__wrapper'>\n    <svg aria-hidden=\"true\" focusable=\"false\" data-prefix=\"fas\"  role=\"img\" xmlns=\"http:\/\/www.w3.org\/2000\/svg\" viewbox=\"0 0 576 512\" class=\"svg-inline--fa fa-star fa-w-18 fa-2x\"><path d=\"M259.3 17.8L194 150.2 47.9 171.5c-26.2 3.8-36.7 36.1-17.7 54.6l105.7 103-25 145.5c-4.5 26.3 23.2 46 46.4 33.7L288 439.6l130.7 68.7c23.2 12.2 50.9-7.4 46.4-33.7l-25-145.5 105.7-103c19-18.5 8.5-50.8-17.7-54.6L382 150.2 316.7 17.8c-11.7-23.6-45.6-23.9-57.4 0z\" class=\"\"><\/path><\/svg>\n    <svg aria-hidden=\"true\" focusable=\"false\" data-prefix=\"fas\"  role=\"img\" xmlns=\"http:\/\/www.w3.org\/2000\/svg\" viewbox=\"0 0 576 512\" class=\"svg-inline--fa fa-star fa-w-18 fa-2x\"><path d=\"M259.3 17.8L194 150.2 47.9 171.5c-26.2 3.8-36.7 36.1-17.7 54.6l105.7 103-25 145.5c-4.5 26.3 23.2 46 46.4 33.7L288 439.6l130.7 68.7c23.2 12.2 50.9-7.4 46.4-33.7l-25-145.5 105.7-103c19-18.5 8.5-50.8-17.7-54.6L382 150.2 316.7 17.8c-11.7-23.6-45.6-23.9-57.4 0z\" class=\"\"><\/path><\/svg>\n    <svg aria-hidden=\"true\" focusable=\"false\" data-prefix=\"fas\"  role=\"img\" xmlns=\"http:\/\/www.w3.org\/2000\/svg\" viewbox=\"0 0 576 512\" class=\"svg-inline--fa fa-star fa-w-18 fa-2x\"><path d=\"M259.3 17.8L194 150.2 47.9 171.5c-26.2 3.8-36.7 36.1-17.7 54.6l105.7 103-25 145.5c-4.5 26.3 23.2 46 46.4 33.7L288 439.6l130.7 68.7c23.2 12.2 50.9-7.4 46.4-33.7l-25-145.5 105.7-103c19-18.5 8.5-50.8-17.7-54.6L382 150.2 316.7 17.8c-11.7-23.6-45.6-23.9-57.4 0z\" class=\"\"><\/path><\/svg>\n    <svg aria-hidden=\"true\" focusable=\"false\" data-prefix=\"fas\"  role=\"img\" xmlns=\"http:\/\/www.w3.org\/2000\/svg\" viewbox=\"0 0 576 512\" class=\"svg-inline--fa fa-star fa-w-18 fa-2x\"><path d=\"M259.3 17.8L194 150.2 47.9 171.5c-26.2 3.8-36.7 36.1-17.7 54.6l105.7 103-25 145.5c-4.5 26.3 23.2 46 46.4 33.7L288 439.6l130.7 68.7c23.2 12.2 50.9-7.4 46.4-33.7l-25-145.5 105.7-103c19-18.5 8.5-50.8-17.7-54.6L382 150.2 316.7 17.8c-11.7-23.6-45.6-23.9-57.4 0z\" class=\"\"><\/path><\/svg>\n    <svg aria-hidden=\"true\" focusable=\"false\" data-prefix=\"fas\"  role=\"img\" xmlns=\"http:\/\/www.w3.org\/2000\/svg\" viewbox=\"0 0 576 512\" class=\"svg-inline--fa fa-star fa-w-18 fa-2x\"><path d=\"M259.3 17.8L194 150.2 47.9 171.5c-26.2 3.8-36.7 36.1-17.7 54.6l105.7 103-25 145.5c-4.5 26.3 23.2 46 46.4 33.7L288 439.6l130.7 68.7c23.2 12.2 50.9-7.4 46.4-33.7l-25-145.5 105.7-103c19-18.5 8.5-50.8-17.7-54.6L382 150.2 316.7 17.8c-11.7-23.6-45.6-23.9-57.4 0z\" class=\"\"><\/path><\/svg>\n  <\/div>\n\n\n\n<svg width=\"0\" height=\"0\">\n<lineargradient id=\"starhalf148\" x1=\"0\" x2=\"100%\" y1=\"0\" y2=\"0\">\n        <stop offset=\"0%\" stop-color=\"var(--bde-palette-color-2-9cf302e2-e388-4912-b6fe-f7cdeb9bf61b)\"><\/stop>\n \t\t<stop offset=\"0%\" stop-color=\"lightgrey\"><\/stop>\n<\/lineargradient>\n<\/svg>\n\n<\/div><div class=\"bde-text-1251-149-1251-1 bde-text bde-text-1251-149\">\nMD Medicina hat freundliches und vor allem professionelles Personal. Die An\u00e4sthesisten geben einem das Gef\u00fchl, wirklich sicher zu sein. Der Chirurg kl\u00e4rt einen umfassend auf und erledigt seine Arbeit professionell. Er k\u00fcmmert sich bis zur Entlassung und nat\u00fcrlich auch danach um einen. Die Krankenschwestern, der Physiotherapeut und andere k\u00fcmmern sich darum, dass einem nichts entgeht, auch wenn man gerade nichts tun kann. Professionalit\u00e4t, Freundlichkeit, Gem\u00fctlichkeit. Das ist wohl alles, was wir als Patienten uns w\u00fcnschen und verdienen, wenn wir operiert werden m\u00fcssen. Und so ging es mir auch, denn von der Vorbereitung auf den Eingriff \u00fcber die Operation bis hin zur Nachsorge verlief alles hervorragend. Vielen Dank an das gesamte Team und alles Gute!\n<\/div>\n<\/div><div class=\"bde-div-1251-150-1251-1 bde-div bde-div-1251-150\">\n  \n  \n\t\n\n\n\n<div class=\"bde-text-1251-152-1251-1 bde-text bde-text-1251-152\">\nKatarina Sinkovec\n<\/div>\n<\/div>\r\n<\/div><\/div><div class=\"bde-advancedslide-1251-153-1251-1 bde-advancedslide bde-advancedslide-1251-153 swiper-slide\"><div class=\"advanced-slider__slide\">\r\n  <div class=\"bde-div-1251-154-1251-1 bde-div bde-div-1251-154\">\n  \n  \n\t\n\n\n\n<div class=\"bde-star-rating-1251-155-1251-1 bde-star-rating bde-star-rating-1251-155\">\n\n\n\n  <div class='bde-star-rating__wrapper'>\n    <svg aria-hidden=\"true\" focusable=\"false\" data-prefix=\"fas\"  role=\"img\" xmlns=\"http:\/\/www.w3.org\/2000\/svg\" viewbox=\"0 0 576 512\" class=\"svg-inline--fa fa-star fa-w-18 fa-2x\"><path d=\"M259.3 17.8L194 150.2 47.9 171.5c-26.2 3.8-36.7 36.1-17.7 54.6l105.7 103-25 145.5c-4.5 26.3 23.2 46 46.4 33.7L288 439.6l130.7 68.7c23.2 12.2 50.9-7.4 46.4-33.7l-25-145.5 105.7-103c19-18.5 8.5-50.8-17.7-54.6L382 150.2 316.7 17.8c-11.7-23.6-45.6-23.9-57.4 0z\" class=\"\"><\/path><\/svg>\n    <svg aria-hidden=\"true\" focusable=\"false\" data-prefix=\"fas\"  role=\"img\" xmlns=\"http:\/\/www.w3.org\/2000\/svg\" viewbox=\"0 0 576 512\" class=\"svg-inline--fa fa-star fa-w-18 fa-2x\"><path d=\"M259.3 17.8L194 150.2 47.9 171.5c-26.2 3.8-36.7 36.1-17.7 54.6l105.7 103-25 145.5c-4.5 26.3 23.2 46 46.4 33.7L288 439.6l130.7 68.7c23.2 12.2 50.9-7.4 46.4-33.7l-25-145.5 105.7-103c19-18.5 8.5-50.8-17.7-54.6L382 150.2 316.7 17.8c-11.7-23.6-45.6-23.9-57.4 0z\" class=\"\"><\/path><\/svg>\n    <svg aria-hidden=\"true\" focusable=\"false\" data-prefix=\"fas\"  role=\"img\" xmlns=\"http:\/\/www.w3.org\/2000\/svg\" viewbox=\"0 0 576 512\" class=\"svg-inline--fa fa-star fa-w-18 fa-2x\"><path d=\"M259.3 17.8L194 150.2 47.9 171.5c-26.2 3.8-36.7 36.1-17.7 54.6l105.7 103-25 145.5c-4.5 26.3 23.2 46 46.4 33.7L288 439.6l130.7 68.7c23.2 12.2 50.9-7.4 46.4-33.7l-25-145.5 105.7-103c19-18.5 8.5-50.8-17.7-54.6L382 150.2 316.7 17.8c-11.7-23.6-45.6-23.9-57.4 0z\" class=\"\"><\/path><\/svg>\n    <svg aria-hidden=\"true\" focusable=\"false\" data-prefix=\"fas\"  role=\"img\" xmlns=\"http:\/\/www.w3.org\/2000\/svg\" viewbox=\"0 0 576 512\" class=\"svg-inline--fa fa-star fa-w-18 fa-2x\"><path d=\"M259.3 17.8L194 150.2 47.9 171.5c-26.2 3.8-36.7 36.1-17.7 54.6l105.7 103-25 145.5c-4.5 26.3 23.2 46 46.4 33.7L288 439.6l130.7 68.7c23.2 12.2 50.9-7.4 46.4-33.7l-25-145.5 105.7-103c19-18.5 8.5-50.8-17.7-54.6L382 150.2 316.7 17.8c-11.7-23.6-45.6-23.9-57.4 0z\" class=\"\"><\/path><\/svg>\n    <svg aria-hidden=\"true\" focusable=\"false\" data-prefix=\"fas\"  role=\"img\" xmlns=\"http:\/\/www.w3.org\/2000\/svg\" viewbox=\"0 0 576 512\" class=\"svg-inline--fa fa-star fa-w-18 fa-2x\"><path d=\"M259.3 17.8L194 150.2 47.9 171.5c-26.2 3.8-36.7 36.1-17.7 54.6l105.7 103-25 145.5c-4.5 26.3 23.2 46 46.4 33.7L288 439.6l130.7 68.7c23.2 12.2 50.9-7.4 46.4-33.7l-25-145.5 105.7-103c19-18.5 8.5-50.8-17.7-54.6L382 150.2 316.7 17.8c-11.7-23.6-45.6-23.9-57.4 0z\" class=\"\"><\/path><\/svg>\n  <\/div>\n\n\n\n<svg width=\"0\" height=\"0\">\n<lineargradient id=\"starhalf155\" x1=\"0\" x2=\"100%\" y1=\"0\" y2=\"0\">\n        <stop offset=\"0%\" stop-color=\"var(--bde-palette-color-2-9cf302e2-e388-4912-b6fe-f7cdeb9bf61b)\"><\/stop>\n \t\t<stop offset=\"0%\" stop-color=\"lightgrey\"><\/stop>\n<\/lineargradient>\n<\/svg>\n\n<\/div><div class=\"bde-text-1251-156-1251-1 bde-text bde-text-1251-156\">\nVielen Dank an alle, die in ihrer \u00e4rztlichen Arbeit modernste medizinische Ger\u00e4te, Methoden und Arbeitsformen einsetzen. Gleichzeitig bilden Sie eine neue Generation von \u00c4rzten aus, weil Sie pers\u00f6nlich davon \u00fcberzeugt sind, dass ein partnerschaftlicher Umgang mit dem Patienten nicht nur Ihnen, sondern auch uns zugutekommt. Das gibt uns das Gef\u00fchl, \u201ewichtig\u201c zu sein.\n<\/div>\n<\/div><div class=\"bde-div-1251-157-1251-1 bde-div bde-div-1251-157\">\n  \n  \n\t\n\n\n\n<div class=\"bde-text-1251-159-1251-1 bde-text bde-text-1251-159\">\nAlenka \u010curin Jan\u017eekovi\u010d &amp; Marijan Jan\u017eekovi\u010d\n<\/div>\n<\/div>\r\n<\/div><\/div><div class=\"bde-advancedslide-1251-160-1251-1 bde-advancedslide bde-advancedslide-1251-160 swiper-slide\"><div class=\"advanced-slider__slide\">\r\n  <div class=\"bde-div-1251-161-1251-1 bde-div bde-div-1251-161\">\n  \n  \n\t\n\n\n\n<div class=\"bde-star-rating-1251-162-1251-1 bde-star-rating bde-star-rating-1251-162\">\n\n\n\n  <div class='bde-star-rating__wrapper'>\n    <svg aria-hidden=\"true\" focusable=\"false\" data-prefix=\"fas\"  role=\"img\" xmlns=\"http:\/\/www.w3.org\/2000\/svg\" viewbox=\"0 0 576 512\" class=\"svg-inline--fa fa-star fa-w-18 fa-2x\"><path d=\"M259.3 17.8L194 150.2 47.9 171.5c-26.2 3.8-36.7 36.1-17.7 54.6l105.7 103-25 145.5c-4.5 26.3 23.2 46 46.4 33.7L288 439.6l130.7 68.7c23.2 12.2 50.9-7.4 46.4-33.7l-25-145.5 105.7-103c19-18.5 8.5-50.8-17.7-54.6L382 150.2 316.7 17.8c-11.7-23.6-45.6-23.9-57.4 0z\" class=\"\"><\/path><\/svg>\n    <svg aria-hidden=\"true\" focusable=\"false\" data-prefix=\"fas\"  role=\"img\" xmlns=\"http:\/\/www.w3.org\/2000\/svg\" viewbox=\"0 0 576 512\" class=\"svg-inline--fa fa-star fa-w-18 fa-2x\"><path d=\"M259.3 17.8L194 150.2 47.9 171.5c-26.2 3.8-36.7 36.1-17.7 54.6l105.7 103-25 145.5c-4.5 26.3 23.2 46 46.4 33.7L288 439.6l130.7 68.7c23.2 12.2 50.9-7.4 46.4-33.7l-25-145.5 105.7-103c19-18.5 8.5-50.8-17.7-54.6L382 150.2 316.7 17.8c-11.7-23.6-45.6-23.9-57.4 0z\" class=\"\"><\/path><\/svg>\n    <svg aria-hidden=\"true\" focusable=\"false\" data-prefix=\"fas\"  role=\"img\" xmlns=\"http:\/\/www.w3.org\/2000\/svg\" viewbox=\"0 0 576 512\" class=\"svg-inline--fa fa-star fa-w-18 fa-2x\"><path d=\"M259.3 17.8L194 150.2 47.9 171.5c-26.2 3.8-36.7 36.1-17.7 54.6l105.7 103-25 145.5c-4.5 26.3 23.2 46 46.4 33.7L288 439.6l130.7 68.7c23.2 12.2 50.9-7.4 46.4-33.7l-25-145.5 105.7-103c19-18.5 8.5-50.8-17.7-54.6L382 150.2 316.7 17.8c-11.7-23.6-45.6-23.9-57.4 0z\" class=\"\"><\/path><\/svg>\n    <svg aria-hidden=\"true\" focusable=\"false\" data-prefix=\"fas\"  role=\"img\" xmlns=\"http:\/\/www.w3.org\/2000\/svg\" viewbox=\"0 0 576 512\" class=\"svg-inline--fa fa-star fa-w-18 fa-2x\"><path d=\"M259.3 17.8L194 150.2 47.9 171.5c-26.2 3.8-36.7 36.1-17.7 54.6l105.7 103-25 145.5c-4.5 26.3 23.2 46 46.4 33.7L288 439.6l130.7 68.7c23.2 12.2 50.9-7.4 46.4-33.7l-25-145.5 105.7-103c19-18.5 8.5-50.8-17.7-54.6L382 150.2 316.7 17.8c-11.7-23.6-45.6-23.9-57.4 0z\" class=\"\"><\/path><\/svg>\n    <svg aria-hidden=\"true\" focusable=\"false\" data-prefix=\"fas\"  role=\"img\" xmlns=\"http:\/\/www.w3.org\/2000\/svg\" viewbox=\"0 0 576 512\" class=\"svg-inline--fa fa-star fa-w-18 fa-2x\"><path d=\"M259.3 17.8L194 150.2 47.9 171.5c-26.2 3.8-36.7 36.1-17.7 54.6l105.7 103-25 145.5c-4.5 26.3 23.2 46 46.4 33.7L288 439.6l130.7 68.7c23.2 12.2 50.9-7.4 46.4-33.7l-25-145.5 105.7-103c19-18.5 8.5-50.8-17.7-54.6L382 150.2 316.7 17.8c-11.7-23.6-45.6-23.9-57.4 0z\" class=\"\"><\/path><\/svg>\n  <\/div>\n\n\n\n<svg width=\"0\" height=\"0\">\n<lineargradient id=\"starhalf162\" x1=\"0\" x2=\"100%\" y1=\"0\" y2=\"0\">\n        <stop offset=\"0%\" stop-color=\"var(--bde-palette-color-2-9cf302e2-e388-4912-b6fe-f7cdeb9bf61b)\"><\/stop>\n \t\t<stop offset=\"0%\" stop-color=\"lightgrey\"><\/stop>\n<\/lineargradient>\n<\/svg>\n\n<\/div><div class=\"bde-text-1251-163-1251-1 bde-text bde-text-1251-163\">\nWenn man das MD-Medizin-Geb\u00e4ude betritt, f\u00fchlt man sich sofort wohl, da man nicht sofort das vertraute und unangenehme Gef\u00fchl und den Geruch eines Krankenhauses versp\u00fcrt. Man wird von einer freundlichen Krankenschwester begr\u00fc\u00dft, die einen freundlich begr\u00fc\u00dft und alles erkl\u00e4rt, was einen interessiert. Alles wirkt entspannend, sodass die letzte Angst vor einer \u00e4rztlichen Untersuchung oder Operation wirklich verschwindet. Der Arzt, den man aufsucht, ist ein Top-Experte, der sich voll und ganz einem widmet, einem wirklich zuh\u00f6rt, sich Zeit f\u00fcr einen nimmt und einen schlie\u00dflich professionell ber\u00e4t. Ich verlasse die R\u00e4umlichkeiten von MD-Medizin stets ruhig und mit dem klaren Gef\u00fchl, dass hier Menschen sind, die sich stets um einen k\u00fcmmern. Daher ein herzliches Dankesch\u00f6n an Sie alle.\n<\/div>\n<\/div><div class=\"bde-div-1251-164-1251-1 bde-div bde-div-1251-164\">\n  \n  \n\t\n\n\n\n<div class=\"bde-text-1251-165-1251-1 bde-text bde-text-1251-165\">\nNeda Fabrizio\n<\/div>\n<\/div>\r\n<\/div><\/div><div class=\"bde-advancedslide-1251-166-1251-1 bde-advancedslide bde-advancedslide-1251-166 swiper-slide\"><div class=\"advanced-slider__slide\">\r\n  <div class=\"bde-div-1251-167-1251-1 bde-div bde-div-1251-167\">\n  \n  \n\t\n\n\n\n<div class=\"bde-star-rating-1251-168-1251-1 bde-star-rating bde-star-rating-1251-168\">\n\n\n\n  <div class='bde-star-rating__wrapper'>\n    <svg aria-hidden=\"true\" focusable=\"false\" data-prefix=\"fas\"  role=\"img\" xmlns=\"http:\/\/www.w3.org\/2000\/svg\" viewbox=\"0 0 576 512\" class=\"svg-inline--fa fa-star fa-w-18 fa-2x\"><path d=\"M259.3 17.8L194 150.2 47.9 171.5c-26.2 3.8-36.7 36.1-17.7 54.6l105.7 103-25 145.5c-4.5 26.3 23.2 46 46.4 33.7L288 439.6l130.7 68.7c23.2 12.2 50.9-7.4 46.4-33.7l-25-145.5 105.7-103c19-18.5 8.5-50.8-17.7-54.6L382 150.2 316.7 17.8c-11.7-23.6-45.6-23.9-57.4 0z\" class=\"\"><\/path><\/svg>\n    <svg aria-hidden=\"true\" focusable=\"false\" data-prefix=\"fas\"  role=\"img\" xmlns=\"http:\/\/www.w3.org\/2000\/svg\" viewbox=\"0 0 576 512\" class=\"svg-inline--fa fa-star fa-w-18 fa-2x\"><path d=\"M259.3 17.8L194 150.2 47.9 171.5c-26.2 3.8-36.7 36.1-17.7 54.6l105.7 103-25 145.5c-4.5 26.3 23.2 46 46.4 33.7L288 439.6l130.7 68.7c23.2 12.2 50.9-7.4 46.4-33.7l-25-145.5 105.7-103c19-18.5 8.5-50.8-17.7-54.6L382 150.2 316.7 17.8c-11.7-23.6-45.6-23.9-57.4 0z\" class=\"\"><\/path><\/svg>\n    <svg aria-hidden=\"true\" focusable=\"false\" data-prefix=\"fas\"  role=\"img\" xmlns=\"http:\/\/www.w3.org\/2000\/svg\" viewbox=\"0 0 576 512\" class=\"svg-inline--fa fa-star fa-w-18 fa-2x\"><path d=\"M259.3 17.8L194 150.2 47.9 171.5c-26.2 3.8-36.7 36.1-17.7 54.6l105.7 103-25 145.5c-4.5 26.3 23.2 46 46.4 33.7L288 439.6l130.7 68.7c23.2 12.2 50.9-7.4 46.4-33.7l-25-145.5 105.7-103c19-18.5 8.5-50.8-17.7-54.6L382 150.2 316.7 17.8c-11.7-23.6-45.6-23.9-57.4 0z\" class=\"\"><\/path><\/svg>\n    <svg aria-hidden=\"true\" focusable=\"false\" data-prefix=\"fas\"  role=\"img\" xmlns=\"http:\/\/www.w3.org\/2000\/svg\" viewbox=\"0 0 576 512\" class=\"svg-inline--fa fa-star fa-w-18 fa-2x\"><path d=\"M259.3 17.8L194 150.2 47.9 171.5c-26.2 3.8-36.7 36.1-17.7 54.6l105.7 103-25 145.5c-4.5 26.3 23.2 46 46.4 33.7L288 439.6l130.7 68.7c23.2 12.2 50.9-7.4 46.4-33.7l-25-145.5 105.7-103c19-18.5 8.5-50.8-17.7-54.6L382 150.2 316.7 17.8c-11.7-23.6-45.6-23.9-57.4 0z\" class=\"\"><\/path><\/svg>\n    <svg aria-hidden=\"true\" focusable=\"false\" data-prefix=\"fas\"  role=\"img\" xmlns=\"http:\/\/www.w3.org\/2000\/svg\" viewbox=\"0 0 576 512\" class=\"svg-inline--fa fa-star fa-w-18 fa-2x\"><path d=\"M259.3 17.8L194 150.2 47.9 171.5c-26.2 3.8-36.7 36.1-17.7 54.6l105.7 103-25 145.5c-4.5 26.3 23.2 46 46.4 33.7L288 439.6l130.7 68.7c23.2 12.2 50.9-7.4 46.4-33.7l-25-145.5 105.7-103c19-18.5 8.5-50.8-17.7-54.6L382 150.2 316.7 17.8c-11.7-23.6-45.6-23.9-57.4 0z\" class=\"\"><\/path><\/svg>\n  <\/div>\n\n\n\n<svg width=\"0\" height=\"0\">\n<lineargradient id=\"starhalf168\" x1=\"0\" x2=\"100%\" y1=\"0\" y2=\"0\">\n        <stop offset=\"0%\" stop-color=\"var(--bde-palette-color-2-9cf302e2-e388-4912-b6fe-f7cdeb9bf61b)\"><\/stop>\n \t\t<stop offset=\"0%\" stop-color=\"lightgrey\"><\/stop>\n<\/lineargradient>\n<\/svg>\n\n<\/div><div class=\"bde-text-1251-169-1251-1 bde-text bde-text-1251-169\">\nSeit 2017 habe ich bei MD Medicine einen pers\u00f6nlichen Arzt. Schon beim ersten Besuch betrat ich die \u00fcberdurchschnittliche Welt der Gesundheitskonzession: ein h\u00f6flicher Empfang am \u00fcbersichtlichen Haupteingang, ein helles Wartezimmer ohne Gedr\u00e4nge, ein Untersuchungstermin zum vereinbarten Zeitpunkt in einer modernen und angenehm ausgestatteten Klinik, eine freundliche Krankenschwester, die mich mit Namen kennt, ein entspannter und hochprofessioneller Arzt, der sich Zeit nimmt, mir zuzuh\u00f6ren und mich zu behandeln. Im selben Geb\u00e4ude kann ich auch ein Labor und viele andere Gesundheitsdienstleistungen in Anspruch nehmen. Bestellungen, \u00dcberweisungen, Rezepte, Beratungen kann ich per E-Mail oder Telefon vereinbaren, wo immer jemand antwortet... Das hochwertige System von MD Medicine dient nicht nur der Gesundheit des Patienten, sondern auch seiner W\u00fcrde.\n<\/div>\n<\/div><div class=\"bde-div-1251-170-1251-1 bde-div bde-div-1251-170\">\n  \n  \n\t\n\n\n\n<div class=\"bde-text-1251-171-1251-1 bde-text bde-text-1251-171\">\nMaja Ivanic\n<\/div>\n<\/div>\r\n<\/div><\/div>\n    <\/div>\n  <\/div>\n\n              <div class=\"swiper-button-prev\">\n            <svg xmlns=\"http:\/\/www.w3.org\/2000\/svg\" width=\"40\" height=\"40\" viewbox=\"0 0 40 40\" fill=\"none\">\r\n<rect x=\"40\" y=\"40\" width=\"40\" height=\"40\" rx=\"8\" transform=\"rotate(-180 40 40)\" fill=\"#001F3F\"\/>\r\n<path d=\"M20.1733 26.1792L13.7003 20.0004L20.1733 13.8216\" stroke=\"white\" stroke-width=\"1.3125\" stroke-linecap=\"round\" stroke-linejoin=\"round\"\/>\r\n<path d=\"M13.7004 20.0005H26.3003\" stroke=\"white\" stroke-width=\"1.3125\" stroke-linecap=\"round\" stroke-linejoin=\"round\"\/>\r\n<\/svg>\n        <\/div>\n        <div class=\"swiper-button-next\">\n            <svg xmlns=\"http:\/\/www.w3.org\/2000\/svg\" width=\"40\" height=\"40\" viewbox=\"0 0 40 40\" fill=\"none\">\r\n<rect width=\"40\" height=\"40\" rx=\"8\" fill=\"#001F3F\"\/>\r\n<path d=\"M19.8267 13.8208L26.2997 19.9996L19.8267 26.1784\" stroke=\"white\" stroke-width=\"1.3125\" stroke-linecap=\"round\" stroke-linejoin=\"round\"\/>\r\n<path d=\"M26.2996 19.9995L13.6997 19.9995\" stroke=\"white\" stroke-width=\"1.3125\" stroke-linecap=\"round\" stroke-linejoin=\"round\"\/>\r\n<\/svg>\n        <\/div>\n    \n    \n<\/div>\n\n<\/div><\/div><h2 class=\"bde-heading-2203-207 bde-heading\">\nH\u00e4ufig gestellte Fragen\n<\/h2><div class=\"bde-text-2203-208 bde-text\">\nSie haben Fragen? Hier finden Sie Antworten auf die h\u00e4ufigsten Fragen zu unseren Leistungen und Verfahren. Sollten Sie die Antwort nicht finden, kontaktieren Sie uns gerne \u2013 wir helfen Ihnen gerne weiter.\n<\/div><div class=\"bde-accordion-2203-209 bde-accordion bde-accordion--pills\"><div class=\"bde-accordion__content-wrapper-2203-210 bde-accordion__content-wrapper\">\n<h3 class=\"bde-accordion__title-tag\">\n  <button type=\"button\" class=\"bde-accordion__button\" id=\"accordion-button-210\" aria-controls=\"accordion-panel-210\" aria-expanded=\"false\">\n     <span class=\"bde-accordion__title\" >Wie oft sollte ich eine gyn\u00e4kologische Vorsorgeuntersuchung durchf\u00fchren lassen?<\/span>\n     <span class=\"bde-accordion__icon bde-accordion__icon--default\"><\/span>\n     <span class=\"bde-accordion__icon bde-accordion__icon--active\"><\/span>\n  <\/button>\n<\/h3>\n\n<div role=\"region\" class=\"bde-accordion__panel\" id=\"accordion-panel-210\" aria-labelledby=\"accordion-button-210\">\n    <div class=\"bde-accordion__panel-content\">\n        <div class=\"bde-text-2203-211 bde-text\">\nDen meisten Frauen empfehlen wir eine Untersuchung pro Jahr, die einen gyn\u00e4kologischen Ultraschall, einen Pap-Abstrich und eine klinische Brustuntersuchung umfasst. Wenn fr\u00fchere Befunde unauff\u00e4llig sind, kann das Intervall in Absprache mit der \u00c4rztin verl\u00e4ngert werden; bei Risikofaktoren (HPV, famili\u00e4re Krebsvorgeschichte) sollten die Untersuchungen h\u00e4ufiger erfolgen.\n<\/div>\n    <\/div>\n<\/div>\n\n\n\n<\/div><div class=\"bde-accordion__content-wrapper-2203-212 bde-accordion__content-wrapper\">\n<h3 class=\"bde-accordion__title-tag\">\n  <button type=\"button\" class=\"bde-accordion__button\" id=\"accordion-button-212\" aria-controls=\"accordion-panel-212\" aria-expanded=\"false\">\n     <span class=\"bde-accordion__title\" >Welche unklaren Symptome sollte ich so bald wie m\u00f6glich abkl\u00e4ren lassen?<\/span>\n     <span class=\"bde-accordion__icon bde-accordion__icon--default\"><\/span>\n     <span class=\"bde-accordion__icon bde-accordion__icon--active\"><\/span>\n  <\/button>\n<\/h3>\n\n<div role=\"region\" class=\"bde-accordion__panel\" id=\"accordion-panel-212\" aria-labelledby=\"accordion-button-212\">\n    <div class=\"bde-accordion__panel-content\">\n        <div class=\"bde-text-2203-213 bde-text\">\nUngew\u00f6hnliche oder zwischenzeitliche Blutungen, Blutungen nach dem Geschlechtsverkehr, ungew\u00f6hnlicher Ausfluss, Bl\u00e4hungen oder Schmerzen im Unterbauch, Druckgef\u00fchl im Becken sowie Harnverlust \u2013 all diese Anzeichen k\u00f6nnen auf eine Infektion, eine hormonelle St\u00f6rung oder eine fr\u00fche Erkrankung der Geschlechtsorgane hinweisen, daher ist eine sofortige Terminvereinbarung sinnvoll.\n<\/div>\n    <\/div>\n<\/div>\n\n\n\n<\/div><div class=\"bde-accordion__content-wrapper-2203-214 bde-accordion__content-wrapper\">\n<h3 class=\"bde-accordion__title-tag\">\n  <button type=\"button\" class=\"bde-accordion__button\" id=\"accordion-button-214\" aria-controls=\"accordion-panel-214\" aria-expanded=\"false\">\n     <span class=\"bde-accordion__title\" >Welche Verh\u00fctungsmethoden bieten Sie an und k\u00f6nnen Sie mir bei der Auswahl helfen?<\/span>\n     <span class=\"bde-accordion__icon bde-accordion__icon--default\"><\/span>\n     <span class=\"bde-accordion__icon bde-accordion__icon--active\"><\/span>\n  <\/button>\n<\/h3>\n\n<div role=\"region\" class=\"bde-accordion__panel\" id=\"accordion-panel-214\" aria-labelledby=\"accordion-button-214\">\n    <div class=\"bde-accordion__panel-content\">\n        <div class=\"bde-text-2203-215 bde-text\">\nJa. Beim Beratungsgespr\u00e4ch bewerten wir Ihren Lebensstil, gesundheitliche Faktoren und W\u00fcnsche und w\u00e4hlen gemeinsam die am besten geeignete Methode: hormonelle Pillen, Intrauterinpessar (Kupfer oder hormonell), Vaginalring, Injektionen oder nat\u00fcrliche Methoden. Nach Beginn der gew\u00e4hlten Verh\u00fctung bieten wir regelm\u00e4\u00dfige Kontrollen und passen sie bei Bedarf an.\n<\/div>\n    <\/div>\n<\/div>\n\n\n\n<\/div><div class=\"bde-accordion__content-wrapper-2203-216 bde-accordion__content-wrapper\">\n<h3 class=\"bde-accordion__title-tag\">\n  <button type=\"button\" class=\"bde-accordion__button\" id=\"accordion-button-216\" aria-controls=\"accordion-panel-216\" aria-expanded=\"false\">\n     <span class=\"bde-accordion__title\" >Kann ich in Ihrer Praxis einen nicht-invasiven Pr\u00e4nataltest (NIPT) durchf\u00fchren lassen?<\/span>\n     <span class=\"bde-accordion__icon bde-accordion__icon--default\"><\/span>\n     <span class=\"bde-accordion__icon bde-accordion__icon--active\"><\/span>\n  <\/button>\n<\/h3>\n\n<div role=\"region\" class=\"bde-accordion__panel\" id=\"accordion-panel-216\" aria-labelledby=\"accordion-button-216\">\n    <div class=\"bde-accordion__panel-content\">\n        <div class=\"bde-text-2203-217 bde-text\">\nJa. Zwischen der 10. und 12. Schwangerschaftswoche analysieren wir freie fetale DNA aus einer Blutprobe der Mutter, um das Risiko der h\u00e4ufigsten Chromosomenanomalien zu bewerten. Das Ergebnis liegt in 7\u201310 Tagen vor, zusammen mit einer genetischen Beratung zu den weiteren Schritten.\n<\/div>\n    <\/div>\n<\/div>\n\n\n\n<\/div><div class=\"bde-accordion__content-wrapper-2203-218 bde-accordion__content-wrapper\">\n<h3 class=\"bde-accordion__title-tag\">\n  <button type=\"button\" class=\"bde-accordion__button\" id=\"accordion-button-218\" aria-controls=\"accordion-panel-218\" aria-expanded=\"false\">\n     <span class=\"bde-accordion__title\" >Wie erfolgt die Behandlung von Harninkontinenz und Beckenorganprolaps?<\/span>\n     <span class=\"bde-accordion__icon bde-accordion__icon--default\"><\/span>\n     <span class=\"bde-accordion__icon bde-accordion__icon--active\"><\/span>\n  <\/button>\n<\/h3>\n\n<div role=\"region\" class=\"bde-accordion__panel\" id=\"accordion-panel-218\" aria-labelledby=\"accordion-button-218\">\n    <div class=\"bde-accordion__panel-content\">\n        <div class=\"bde-text-2203-219 bde-text\">\nWir beginnen mit einer genauen uro-gyn\u00e4kologischen Diagnostik: klinische Untersuchung, Ultraschall und bei Bedarf urodynamischer Test. Zun\u00e4chst empfehlen wir Beckenbodenmuskel\u00fcbungen und Verhaltensma\u00dfnahmen; wenn dies nicht ausreicht, setzen wir Medikamente oder minimalinvasive chirurgische Verfahren (B\u00e4nder, Netze, laparoskopische Suspensionen) ein, alles individuell auf Ihren Zustand abgestimmt.\n<\/div>\n    <\/div>\n<\/div>\n\n\n\n<\/div>\r\n\r\n<\/div><\/div>\n<\/section>","protected":false},"excerpt":{"rendered":"<p>Nazaj na ambulantne dejavnosti Ginekolo\u0161ka ambulanta Ordinacija ima koncesijo za ambulantno ginekologijo. Na\u0161 cilj je, da se vsaka \u017eenska \u2013 ne glede na starost ali te\u017eavo, s katero se soo\u010da \u2013 po\u010duti sli\u0161ano, razumljeno in dele\u017eno prave podpore. Zavezani smo visokokakovostni obravnavi z najsodobnej\u0161mi diagnosti\u010dnimi in terapevtskimi pristopi v okolju, kjer je varnost, strokovnost, prijaznost, [&hellip;]<\/p>\n","protected":false},"author":2,"featured_media":0,"parent":358,"menu_order":0,"comment_status":"closed","ping_status":"closed","template":"","meta":{"_acf_changed":false,"inline_featured_image":false,"_breakdance_hide_in_design_set":false,"_breakdance_tags":"","footnotes":""},"class_list":["post-2203","page","type-page","status-publish","hentry"],"acf":[],"yoast_head":"<!-- This site is optimized with the Yoast SEO plugin v27.3 - https:\/\/yoast.com\/product\/yoast-seo-wordpress\/ -->\n<title>Ambulanta za ginekologijo | MD medicina<\/title>\n<meta name=\"description\" content=\"V MD Medicina vam ambulanta za ginekologijo nudi varno in diskretno obravnavo. Stokovni pregledi za va\u0161e zdravje in popolno brezskrbnost.\" \/>\n<meta name=\"robots\" content=\"index, follow, max-snippet:-1, max-image-preview:large, max-video-preview:-1\" \/>\n<link rel=\"canonical\" href=\"https:\/\/md-medicina.si\/de\/ambulantne-dejavnosti\/specialisticne-ambulante\/ambulanta-za-ginekologijo\/\" \/>\n<meta property=\"og:locale\" content=\"de_DE\" \/>\n<meta property=\"og:type\" content=\"article\" \/>\n<meta property=\"og:title\" content=\"Ambulanta za ginekologijo | MD medicina\" \/>\n<meta property=\"og:description\" content=\"V MD Medicina vam ambulanta za ginekologijo nudi varno in diskretno obravnavo. Stokovni pregledi za va\u0161e zdravje in popolno brezskrbnost.\" \/>\n<meta property=\"og:url\" content=\"https:\/\/md-medicina.si\/de\/ambulantne-dejavnosti\/specialisticne-ambulante\/ambulanta-za-ginekologijo\/\" \/>\n<meta property=\"og:site_name\" content=\"MD medicina\" \/>\n<meta property=\"article:modified_time\" content=\"2026-04-29T13:05:01+00:00\" \/>\n<meta name=\"twitter:card\" content=\"summary_large_image\" \/>\n<meta name=\"twitter:label1\" content=\"Gesch\u00e4tzte Lesezeit\" \/>\n\t<meta name=\"twitter:data1\" content=\"24\u00a0Minuten\" \/>\n<script type=\"application\/ld+json\" class=\"yoast-schema-graph\">{\"@context\":\"https:\\\/\\\/schema.org\",\"@graph\":[{\"@type\":\"WebPage\",\"@id\":\"https:\\\/\\\/md-medicina.si\\\/ambulantne-dejavnosti\\\/specialisticne-ambulante\\\/ambulanta-za-ginekologijo\\\/\",\"url\":\"https:\\\/\\\/md-medicina.si\\\/ambulantne-dejavnosti\\\/specialisticne-ambulante\\\/ambulanta-za-ginekologijo\\\/\",\"name\":\"Ambulanta za ginekologijo | MD medicina\",\"isPartOf\":{\"@id\":\"https:\\\/\\\/md-medicina.si\\\/en\\\/#website\"},\"datePublished\":\"2025-07-07T14:31:53+00:00\",\"dateModified\":\"2026-04-29T13:05:01+00:00\",\"description\":\"V MD Medicina vam ambulanta za ginekologijo nudi varno in diskretno obravnavo. Stokovni pregledi za va\u0161e zdravje in popolno brezskrbnost.\",\"breadcrumb\":{\"@id\":\"https:\\\/\\\/md-medicina.si\\\/ambulantne-dejavnosti\\\/specialisticne-ambulante\\\/ambulanta-za-ginekologijo\\\/#breadcrumb\"},\"inLanguage\":\"de\",\"potentialAction\":[{\"@type\":\"ReadAction\",\"target\":[\"https:\\\/\\\/md-medicina.si\\\/ambulantne-dejavnosti\\\/specialisticne-ambulante\\\/ambulanta-za-ginekologijo\\\/\"]}]},{\"@type\":\"BreadcrumbList\",\"@id\":\"https:\\\/\\\/md-medicina.si\\\/ambulantne-dejavnosti\\\/specialisticne-ambulante\\\/ambulanta-za-ginekologijo\\\/#breadcrumb\",\"itemListElement\":[{\"@type\":\"ListItem\",\"position\":1,\"name\":\"Home\",\"item\":\"https:\\\/\\\/md-medicina.si\\\/\"},{\"@type\":\"ListItem\",\"position\":2,\"name\":\"Ambulantne dejavnosti\",\"item\":\"https:\\\/\\\/md-medicina.si\\\/ambulantne-dejavnosti\\\/\"},{\"@type\":\"ListItem\",\"position\":3,\"name\":\"Specialisti\u010dne ambulante\",\"item\":\"https:\\\/\\\/md-medicina.si\\\/ambulantne-dejavnosti\\\/specialisticne-ambulante\\\/\"},{\"@type\":\"ListItem\",\"position\":4,\"name\":\"Ambulanta za ginekologijo\"}]},{\"@type\":\"WebSite\",\"@id\":\"https:\\\/\\\/md-medicina.si\\\/en\\\/#website\",\"url\":\"https:\\\/\\\/md-medicina.si\\\/en\\\/\",\"name\":\"MD medicina\",\"description\":\"Vse za va\u0161e zdravje.\",\"potentialAction\":[{\"@type\":\"SearchAction\",\"target\":{\"@type\":\"EntryPoint\",\"urlTemplate\":\"https:\\\/\\\/md-medicina.si\\\/en\\\/?s={search_term_string}\"},\"query-input\":{\"@type\":\"PropertyValueSpecification\",\"valueRequired\":true,\"valueName\":\"search_term_string\"}}],\"inLanguage\":\"de\"}]}<\/script>\n<!-- \/ Yoast SEO plugin. -->","yoast_head_json":{"title":"Ambulanta za ginekologijo | MD medicina","description":"V MD Medicina vam ambulanta za ginekologijo nudi varno in diskretno obravnavo. Stokovni pregledi za va\u0161e zdravje in popolno brezskrbnost.","robots":{"index":"index","follow":"follow","max-snippet":"max-snippet:-1","max-image-preview":"max-image-preview:large","max-video-preview":"max-video-preview:-1"},"canonical":"https:\/\/md-medicina.si\/de\/ambulantne-dejavnosti\/specialisticne-ambulante\/ambulanta-za-ginekologijo\/","og_locale":"de_DE","og_type":"article","og_title":"Ambulanta za ginekologijo | MD medicina","og_description":"V MD Medicina vam ambulanta za ginekologijo nudi varno in diskretno obravnavo. Stokovni pregledi za va\u0161e zdravje in popolno brezskrbnost.","og_url":"https:\/\/md-medicina.si\/de\/ambulantne-dejavnosti\/specialisticne-ambulante\/ambulanta-za-ginekologijo\/","og_site_name":"MD medicina","article_modified_time":"2026-04-29T13:05:01+00:00","twitter_card":"summary_large_image","twitter_misc":{"Gesch\u00e4tzte Lesezeit":"24\u00a0Minuten"},"schema":{"@context":"https:\/\/schema.org","@graph":[{"@type":"WebPage","@id":"https:\/\/md-medicina.si\/ambulantne-dejavnosti\/specialisticne-ambulante\/ambulanta-za-ginekologijo\/","url":"https:\/\/md-medicina.si\/ambulantne-dejavnosti\/specialisticne-ambulante\/ambulanta-za-ginekologijo\/","name":"Ambulanta za ginekologijo | MD medicina","isPartOf":{"@id":"https:\/\/md-medicina.si\/en\/#website"},"datePublished":"2025-07-07T14:31:53+00:00","dateModified":"2026-04-29T13:05:01+00:00","description":"V MD Medicina vam ambulanta za ginekologijo nudi varno in diskretno obravnavo. Stokovni pregledi za va\u0161e zdravje in popolno brezskrbnost.","breadcrumb":{"@id":"https:\/\/md-medicina.si\/ambulantne-dejavnosti\/specialisticne-ambulante\/ambulanta-za-ginekologijo\/#breadcrumb"},"inLanguage":"de","potentialAction":[{"@type":"ReadAction","target":["https:\/\/md-medicina.si\/ambulantne-dejavnosti\/specialisticne-ambulante\/ambulanta-za-ginekologijo\/"]}]},{"@type":"BreadcrumbList","@id":"https:\/\/md-medicina.si\/ambulantne-dejavnosti\/specialisticne-ambulante\/ambulanta-za-ginekologijo\/#breadcrumb","itemListElement":[{"@type":"ListItem","position":1,"name":"Home","item":"https:\/\/md-medicina.si\/"},{"@type":"ListItem","position":2,"name":"Ambulantne dejavnosti","item":"https:\/\/md-medicina.si\/ambulantne-dejavnosti\/"},{"@type":"ListItem","position":3,"name":"Specialisti\u010dne ambulante","item":"https:\/\/md-medicina.si\/ambulantne-dejavnosti\/specialisticne-ambulante\/"},{"@type":"ListItem","position":4,"name":"Ambulanta za ginekologijo"}]},{"@type":"WebSite","@id":"https:\/\/md-medicina.si\/en\/#website","url":"https:\/\/md-medicina.si\/en\/","name":"MD medicina","description":"Alles f\u00fcr Ihre Gesundheit.","potentialAction":[{"@type":"SearchAction","target":{"@type":"EntryPoint","urlTemplate":"https:\/\/md-medicina.si\/en\/?s={search_term_string}"},"query-input":{"@type":"PropertyValueSpecification","valueRequired":true,"valueName":"search_term_string"}}],"inLanguage":"de"}]}},"_links":{"self":[{"href":"https:\/\/md-medicina.si\/de\/wp-json\/wp\/v2\/pages\/2203","targetHints":{"allow":["GET"]}}],"collection":[{"href":"https:\/\/md-medicina.si\/de\/wp-json\/wp\/v2\/pages"}],"about":[{"href":"https:\/\/md-medicina.si\/de\/wp-json\/wp\/v2\/types\/page"}],"author":[{"embeddable":true,"href":"https:\/\/md-medicina.si\/de\/wp-json\/wp\/v2\/users\/2"}],"replies":[{"embeddable":true,"href":"https:\/\/md-medicina.si\/de\/wp-json\/wp\/v2\/comments?post=2203"}],"version-history":[{"count":36,"href":"https:\/\/md-medicina.si\/de\/wp-json\/wp\/v2\/pages\/2203\/revisions"}],"predecessor-version":[{"id":3757,"href":"https:\/\/md-medicina.si\/de\/wp-json\/wp\/v2\/pages\/2203\/revisions\/3757"}],"up":[{"embeddable":true,"href":"https:\/\/md-medicina.si\/de\/wp-json\/wp\/v2\/pages\/358"}],"wp:attachment":[{"href":"https:\/\/md-medicina.si\/de\/wp-json\/wp\/v2\/media?parent=2203"}],"curies":[{"name":"wp","href":"https:\/\/api.w.org\/{rel}","templated":true}]}}