{"id":1109,"date":"2025-05-11T12:58:20","date_gmt":"2025-05-11T12:58:20","guid":{"rendered":"https:\/\/md-medicina.si\/?page_id=1109"},"modified":"2026-03-23T15:49:36","modified_gmt":"2026-03-23T15:49:36","slug":"lajsanje-pooperativne-bolecine","status":"publish","type":"page","link":"https:\/\/md-medicina.si\/de\/ambulantne-dejavnosti\/specialisticne-ambulante\/ambulanta-za-anesteziologijo\/lajsanje-pooperativne-bolecine\/","title":{"rendered":"Postoperative Schmerzlinderung"},"content":{"rendered":"<section class=\"bde-section-1109-100 bde-section\">\n              \n  \n  \n\t\n\n\n\n        <div class=\"section-shape-divider-wrapper section-shape-divider-wrapper--1\">\n          <span class=\"section-shape-divider\">\n                      <svg width=\"100%\" height=\"80%\" id=\"svg\" viewbox=\"0 0 1440 350\" xmlns=\"http:\/\/www.w3.org\/2000\/svg\" preserveaspectratio=\"none\" class=\"transition duration-300 ease-in-out delay-150\"><path d=\"M 0,600 L 0,225 C 185.59999999999997,169.8 371.19999999999993,114.6 542,146 C 712.8000000000001,177.4 868.8,295.4 1016,323 C 1163.2,350.6 1301.6,287.8 1440,225 L 1440,600 L 0,600 Z\" stroke=\"none\" stroke-width=\"0\" fill=\"white\" fill-opacity=\"1\" class=\"transition-all duration-300 ease-in-out delay-150 path-0\"><\/path><\/svg>\n                    <\/span>\n      <\/div>\n  <div class=\"section-container\"><div class=\"bde-columns-1109-101 bde-columns\"><div class=\"bde-column-1109-102 bde-column\">\n  \n  \n\t\n\n\n\n<div class=\"bde-button-1109-103 bde-button\">\n    \n                        \n                        \n    \n    \n    \n    \n            \n                    \n            \n            \n\n    \n    \n    \n    \n    \n    <a class=\"breakdance-link button-atom button-atom--custom bde-button__button\" href=\"\/de\/ambulantne-dejavnosti\/specialisticne-ambulante\/ambulanta-za-anesteziologijo\/\" target=\"_self\" data-type=\"url\"  >\n\n    \n        <span class=\"button-atom__text\">Zur\u00fcck zur An\u00e4sthesie Ambulanz<\/span>\n\n                            \n        \n                <\/a>\n\n    \n\n\n<\/div><img decoding=\"async\" class=\"bde-image2-1109-104 bde-image2\" src=\"https:\/\/md-medicina.si\/wp-content\/uploads\/2025\/05\/lajsaje-bolecine-po-operaciji-glavna.webp\" loading=\"lazy\" srcset=\"https:\/\/md-medicina.si\/wp-content\/uploads\/2025\/05\/lajsaje-bolecine-po-operaciji-glavna.webp 1000w, https:\/\/md-medicina.si\/wp-content\/uploads\/2025\/05\/lajsaje-bolecine-po-operaciji-glavna-300x200.webp 300w, https:\/\/md-medicina.si\/wp-content\/uploads\/2025\/05\/lajsaje-bolecine-po-operaciji-glavna-768x512.webp 768w\" sizes=\"(max-width: 1000px) 100vw, 1000px\">\n<\/div><div class=\"bde-column-1109-105 bde-column\">\n  \n  \n\t\n\n\n\n<h2 class=\"bde-heading-1109-106 bde-heading\">\nPostoperative Schmerzlinderung\n<\/h2><div class=\"bde-text-1109-107 bde-text\">\nDer An\u00e4sthesist sorgt daf\u00fcr, dass Sie nach der Operation keine oder nur minimale Schmerzen haben. Sie werden aktiv daran beteiligt und m\u00fcssen die Schmerzen nicht ertragen. Eine gute Schmerzbehandlung ist sehr wichtig, denn Schmerzen sind nicht nur unangenehm und belastend, sondern haben auch andere negative Auswirkungen: erh\u00f6hten Blutdruck, beschleunigten Herzschlag, die Aussch\u00fcttung von Stresshormonen usw.\n<\/div>\n<\/div><\/div><div class=\"bde-columns-1109-108 bde-columns\"><div class=\"bde-column-1109-109 bde-column\">\n  \n  \n\t\n\n\n\n<h3 class=\"bde-heading-1109-110 bde-heading\">\nWeitere Informationen\n<\/h3><div class=\"bde-text-1109-111 bde-text\">\nEin gutes Schmerzmanagement erm\u00f6glicht eine gute Zusammenarbeit mit Ihrem Physiotherapeuten, was Ihre Genesung verk\u00fcrzt und verbessert. Ebenso verringert eine gut behandelte akute postoperative Schmerztherapie die Entwicklung chronischer Schmerzen.\u2028<br><br>Verschiedene Schmerzmittel (Analgetika) werden zur Vorbeugung und Linderung von Schmerzen eingesetzt und wirken an verschiedenen Stellen im K\u00f6rper. Es empfiehlt sich, Schmerzmittel miteinander zu kombinieren, da dies Nebenwirkungen reduziert und die Wirksamkeit erh\u00f6ht. Je nach Operation und Narkose gibt es verschiedene Methoden und Verfahren zur Schmerzlinderung. Die postoperative Schmerzlinderung erfolgt durch einen An\u00e4sthesisten, der auch den Schmerzmittelplan auf dem Temperaturblatt festh\u00e4lt.\n<\/div>\n<\/div><div class=\"bde-column-1109-112 bde-column\">\n  \n  \n\t\n\n\n\n<img decoding=\"async\" class=\"bde-image2-1109-113 bde-image2\" src=\"https:\/\/md-medicina.si\/wp-content\/uploads\/2025\/05\/lajsaje-bolecine-po-operaciji-fizioterapija.webp\" loading=\"lazy\" srcset=\"https:\/\/md-medicina.si\/wp-content\/uploads\/2025\/05\/lajsaje-bolecine-po-operaciji-fizioterapija.webp 1000w, https:\/\/md-medicina.si\/wp-content\/uploads\/2025\/05\/lajsaje-bolecine-po-operaciji-fizioterapija-300x200.webp 300w, https:\/\/md-medicina.si\/wp-content\/uploads\/2025\/05\/lajsaje-bolecine-po-operaciji-fizioterapija-768x512.webp 768w\" sizes=\"(max-width: 1000px) 100vw, 1000px\">\n<\/div><\/div><div class=\"bde-columns-1109-114 bde-columns\"><div class=\"bde-column-1109-115 bde-column\">\n  \n  \n\t\n\n\n\n<div class=\"bde-text-1109-116 bde-text\">\nBei gr\u00f6\u00dferen Operationen, bei denen mit st\u00e4rkeren postoperativen Schmerzen zu rechnen ist, erh\u00e4lt der Patient \u00fcber eine spezielle elektronisch gesteuerte Pumpe eine kontinuierliche intraven\u00f6se Infusion (patientenkontrollierte Analgesie, PCA) und kann sich bei Schmerzen selbst eine bestimmte Dosis eines Schmerzmittels geben. \u00c4hnlich verh\u00e4lt es sich mit der PCA: Bei bestimmten Operationen kann dem Patienten ein Schmerzmittel \u00fcber einen speziellen Katheter verabreicht werden, den der An\u00e4sthesist vor oder nach der Operation mittels Ultraschall in der N\u00e4he eines bestimmten Nervs oder Nervengeflechts einf\u00fchrt. Nach der Operation beurteilen der Patient und eine Pflegekraft die St\u00e4rke der Schmerzen. Zur Beurteilung der Schmerzen wird eine \u201eSchmerzintensit\u00e4tsskala\u201c (visuelle Analgesie-Skala, VAS) von 0 bis 10 verwendet, wobei 0 keine Schmerzen, 10 unertr\u00e4gliche Schmerzen und ein Wert von 3 die zus\u00e4tzliche Gabe eines Schmerzmittels bedeutet.\n<\/div>\n<\/div><div class=\"bde-column-1109-117 bde-column\">\n  \n  \n\t\n\n\n\n<div class=\"bde-text-1109-118 bde-text\">\nDas Schmerzempfinden ist von Mensch zu Mensch sehr unterschiedlich. Auch die Pflegekraft, die den Patienten im Aufwachraum und sp\u00e4ter auf der Intensivstation st\u00e4ndig \u00fcberwacht, wird ihn regelm\u00e4\u00dfig nach seinen Schmerzen fragen. Der Patient muss angeben, ob er Schmerzen hat. Deshalb wird jedem Patienten zus\u00e4tzlich zur \u00fcblichen Schmerzmitteldosis eine sogenannte \u201eNotfalldosis Schmerzmittel\u201c auf dem Fieberbogen vermerkt, die er erh\u00e4lt, wenn er die Schmerzen auf der VAS-Skala mit \u00fcber 3 bewertet. Wichtig ist auch, dass der Patient sofort Bescheid gibt, sobald er Schmerzen versp\u00fcrt, da die Wirkung des Medikaments erst nach einiger Zeit einsetzt und so starke Schmerzen am besten vermieden werden k\u00f6nnen.\n<\/div>\n<\/div><\/div><\/div>\n<\/section><section class=\"bde-section-1109-119 bde-section\">\n  \n  \n\t\n\n\n\n<div class=\"section-container\"><div class=\"bde-div-1109-120 bde-div\">\n  \n  \n\t\n\n\n\n<h2 class=\"bde-heading-1109-121 bde-heading\">\nAbonnieren Sie den Bericht\n<\/h2>\n<\/div><\/div>\n<\/section><section class=\"bde-section-1109-122 bde-section\">\n  \n  \n\t\n\n\n\n<div class=\"section-container\"><div class=\"bde-grid-1109-123 bde-grid\">\n  \n  \n\t\n\n\n\n<div class=\"bde-div-1109-124 bde-div\">\n  \n  \n\t\n\n\n\n<img decoding=\"async\" class=\"bde-image2-1109-125 bde-image2\" src=\"https:\/\/md-medicina.si\/wp-content\/uploads\/2025\/04\/telefon.svg\" loading=\"lazy\" sizes=\"(max-width: 32px) 100vw, 32px\"><div class=\"bde-text-1109-126 bde-text\">\nTelefonische Bestellung\n<\/div><div class=\"bde-text-1109-127 bde-text\">\nTelefonische Bestellungen sind von Montag bis Freitag zwischen 8 und 18 Uhr m\u00f6glich.\n<\/div><div class=\"bde-button-1109-128 bde-button\">\n    \n                        \n                        \n    \n    \n    \n    \n            \n                    \n            \n            \n\n    \n    \n    \n    \n    \n    <a class=\"breakdance-link button-atom button-atom--custom bde-button__button\" href=\"tel:+38631214444\" target=\"_self\" data-type=\"contact\"  >\n\n    \n        <span class=\"button-atom__text\">Telefon: 031 214 444<\/span>\n\n        \n        \n                <\/a>\n\n    \n\n\n<\/div>\n<\/div><div class=\"bde-div-1109-129 bde-div\">\n  \n  \n\t\n\n\n\n<img decoding=\"async\" class=\"bde-image2-1109-130 bde-image2\" src=\"https:\/\/md-medicina.si\/wp-content\/uploads\/2025\/04\/sdf.svg\" loading=\"lazy\" sizes=\"(max-width: 32px) 100vw, 32px\"><div class=\"bde-text-1109-131 bde-text\">\nPreislisten\n<\/div><div class=\"bde-text-1109-132 bde-text\">\nKlicken Sie auf die Schaltfl\u00e4che unten, um weitere Informationen zu den Preisen unserer Dienstleistungen zu erhalten.\n<\/div><div class=\"bde-button-1109-133 bde-button\">\n    \n                        \n                        \n    \n    \n    \n    \n            \n                    \n            \n            \n\n    \n    \n    \n    \n    \n    <a class=\"breakdance-link button-atom button-atom--custom bde-button__button\" href=\"\/de\/narocanje\/ceniki\/\" target=\"_self\" data-type=\"url\"  >\n\n    \n        <span class=\"button-atom__text\">Preislisten<\/span>\n\n        \n        \n                <\/a>\n\n    \n\n\n<\/div>\n<\/div><div class=\"bde-div-1109-134 bde-div\">\n  \n  \n\t\n\n\n\n<img decoding=\"async\" class=\"bde-image2-1109-135 bde-image2\" src=\"https:\/\/md-medicina.si\/wp-content\/uploads\/2025\/04\/Frame.svg\" loading=\"lazy\" sizes=\"(max-width: 32px) 100vw, 32px\"><div class=\"bde-text-1109-136 bde-text\">\nZeitpl\u00e4ne\n<\/div><div class=\"bde-text-1109-137 bde-text\">\nKlicken Sie auf die Schaltfl\u00e4che unten, um die Terminpl\u00e4ne aller verf\u00fcgbaren \u00c4rzte anzuzeigen.\n<\/div><div class=\"bde-button-1109-138 bde-button\">\n    \n                        \n                        \n    \n    \n    \n    \n            \n                    \n            \n            \n\n    \n    \n    \n    \n    \n    <a class=\"breakdance-link button-atom button-atom--custom bde-button__button\" href=\"\/de\/narocanje\/urniki-narocanja\/\" target=\"_self\" data-type=\"url\"  >\n\n    \n        <span class=\"button-atom__text\">Zeitpl\u00e4ne<\/span>\n\n        \n        \n                <\/a>\n\n    \n\n\n<\/div>\n<\/div>\n<\/div><\/div>\n<\/section><section class=\"bde-section-1109-139 bde-section\">\n  \n  \n\t\n\n\n\n        <div class=\"section-shape-divider-wrapper section-shape-divider-wrapper--1\">\n          <span class=\"section-shape-divider\">\n                      <svg width=\"100%\" height=\"100%\" id=\"svg\" viewbox=\"0 0 1440 350\" xmlns=\"http:\/\/www.w3.org\/2000\/svg\" preserveaspectratio=\"none\" class=\"transition duration-300 ease-in-out delay-150\"><path d=\"M 0,600 L 0,225 C 185.59999999999997,169.8 371.19999999999993,114.6 542,146 C 712.8000000000001,177.4 868.8,295.4 1016,323 C 1163.2,350.6 1301.6,287.8 1440,225 L 1440,600 L 0,600 Z\" stroke=\"none\" stroke-width=\"0\" fill=\"#c1e0ef\" fill-opacity=\"1\" class=\"transition-all duration-300 ease-in-out delay-150 path-0\"><\/path><\/svg>\n                    <\/span>\n      <\/div>\n  <div class=\"section-container\"><h2 class=\"bde-heading-1109-140 bde-heading\">\nProfessionelles Personal\n<\/h2><div class=\"bde-text-1109-141 bde-text\">\nAn\u00e4sthesiologische Ambulanz\n<\/div><div class=\"bde-post-loop-1109-142 bde-post-loop\"><div class=\"bde-loop bde-loop-grid ee-posts ee-posts-grid\">    <article class=\"bde-loop-item ee-post\">\n        <a class=\"bde-container-link-278-100-2867-278-1 bde-container-link bde-container-link-278-100 breakdance-link\" href=\"https:\/\/md-medicina.si\/de\/zdravnik\/goran-mitrovic-dr-med\/\" target=\"_self\" data-type=\"url\">\n  \n  \n\t\n\n\n\n<img decoding=\"async\" class=\"bde-image2-278-101-2867-278-1 bde-image2 bde-image2-278-101\" src=\"https:\/\/md-medicina.si\/wp-content\/uploads\/2025\/10\/Goran-Mitrovic-dr.-med.webp\" loading=\"lazy\" srcset=\"https:\/\/md-medicina.si\/wp-content\/uploads\/2025\/10\/Goran-Mitrovic-dr.-med.webp 800w, https:\/\/md-medicina.si\/wp-content\/uploads\/2025\/10\/Goran-Mitrovic-dr.-med-240x300.webp 240w, https:\/\/md-medicina.si\/wp-content\/uploads\/2025\/10\/Goran-Mitrovic-dr.-med-768x960.webp 768w, https:\/\/md-medicina.si\/wp-content\/uploads\/2025\/10\/Goran-Mitrovic-dr.-med-10x12.webp 10w\" sizes=\"(max-width: 800px) 100vw, 800px\"><div class=\"bde-text-278-102-2867-278-1 bde-text bde-text-278-102\">\nGoran Mitrovi\u0107, dr. med.\n<\/div><div class=\"bde-text-278-103-2867-278-1 bde-text bde-text-278-103\">\nspecialist dru\u017einske medicine\n<\/div><div class=\"bde-text-278-104-2867-278-1 bde-text bde-text-278-104\">\nPosebno se posve\u010da podro\u010djem antikoagulantnega zdravljenja, arterijske hipertenzije ter medicinskemu izvedenstvu in zavarovalni\u0161ki medicini.\n<\/div>\n\n<\/a>    <\/article>\n    <article class=\"bde-loop-item ee-post\">\n        <a class=\"bde-container-link-278-100-272-278-1 bde-container-link bde-container-link-278-100 breakdance-link\" href=\"https:\/\/md-medicina.si\/de\/zdravnik\/dr-bogdan-ambrozic-dr-med\/\" target=\"_self\" data-type=\"url\">\n  \n  \n\t\n\n\n\n<img decoding=\"async\" class=\"bde-image2-278-101-272-278-1 bde-image2 bde-image2-278-101\" src=\"https:\/\/md-medicina.si\/wp-content\/uploads\/2025\/04\/dr.-Bogdan-Ambrozic-dr.-med.webp\" loading=\"lazy\" srcset=\"https:\/\/md-medicina.si\/wp-content\/uploads\/2025\/04\/dr.-Bogdan-Ambrozic-dr.-med.webp 800w, https:\/\/md-medicina.si\/wp-content\/uploads\/2025\/04\/dr.-Bogdan-Ambrozic-dr.-med-240x300.webp 240w, https:\/\/md-medicina.si\/wp-content\/uploads\/2025\/04\/dr.-Bogdan-Ambrozic-dr.-med-768x960.webp 768w\" sizes=\"(max-width: 800px) 100vw, 800px\"><div class=\"bde-text-278-102-272-278-1 bde-text bde-text-278-102\">\ndr. Bogdan Ambro\u017ei\u010d, dr. med\n<\/div><div class=\"bde-text-278-103-272-278-1 bde-text bde-text-278-103\">\nFacharzt f\u00fcr orthop\u00e4dische Chirurgie\n<\/div><div class=\"bde-text-278-104-272-278-1 bde-text bde-text-278-104\">\nEr befasst sich mit der arthroskopischen und minimalinvasiven chirurgischen Behandlung von Verletzungen und Erkrankungen der Schulter-, Knie- und Sprunggelenke.\n<\/div>\n\n<\/a>    <\/article>\n    <article class=\"bde-loop-item ee-post\">\n        <a class=\"bde-container-link-278-100-746-278-1 bde-container-link bde-container-link-278-100 breakdance-link\" href=\"https:\/\/md-medicina.si\/de\/zdravnik\/dr-klemen-avsec-dr-med\/\" target=\"_self\" data-type=\"url\">\n  \n  \n\t\n\n\n\n<img decoding=\"async\" class=\"bde-image2-278-101-746-278-1 bde-image2 bde-image2-278-101\" src=\"https:\/\/md-medicina.si\/wp-content\/uploads\/2025\/05\/Klemen-Avsec.webp\" loading=\"lazy\" srcset=\"https:\/\/md-medicina.si\/wp-content\/uploads\/2025\/05\/Klemen-Avsec.webp 800w, https:\/\/md-medicina.si\/wp-content\/uploads\/2025\/05\/Klemen-Avsec-240x300.webp 240w, https:\/\/md-medicina.si\/wp-content\/uploads\/2025\/05\/Klemen-Avsec-768x960.webp 768w\" sizes=\"(max-width: 800px) 100vw, 800px\"><div class=\"bde-text-278-102-746-278-1 bde-text bde-text-278-102\">\nDr. Klemen Avsec, Dr. med\n<\/div><div class=\"bde-text-278-103-746-278-1 bde-text bde-text-278-103\">\nFacharzt f\u00fcr orthop\u00e4dische Chirurgie\n<\/div><div class=\"bde-text-278-104-746-278-1 bde-text bde-text-278-104\">\nEr befasst sich vorwiegend mit beginnenden und fortgeschrittenen Verschlei\u00dferscheinungen der Knie- und H\u00fcftgelenke und deren operativer Behandlung.\n<\/div>\n\n<\/a>    <\/article>\n    <article class=\"bde-loop-item ee-post\">\n        <a class=\"bde-container-link-278-100-721-278-1 bde-container-link bde-container-link-278-100 breakdance-link\" href=\"https:\/\/md-medicina.si\/de\/zdravnik\/dr-klemen-bosnjak-dr-med\/\" target=\"_self\" data-type=\"url\">\n  \n  \n\t\n\n\n\n<img decoding=\"async\" class=\"bde-image2-278-101-721-278-1 bde-image2 bde-image2-278-101\" src=\"https:\/\/md-medicina.si\/wp-content\/uploads\/2025\/05\/dr.-Klemen-Bosnjak-dr.-med.webp\" loading=\"lazy\" srcset=\"https:\/\/md-medicina.si\/wp-content\/uploads\/2025\/05\/dr.-Klemen-Bosnjak-dr.-med.webp 800w, https:\/\/md-medicina.si\/wp-content\/uploads\/2025\/05\/dr.-Klemen-Bosnjak-dr.-med-240x300.webp 240w, https:\/\/md-medicina.si\/wp-content\/uploads\/2025\/05\/dr.-Klemen-Bosnjak-dr.-med-768x960.webp 768w\" sizes=\"(max-width: 800px) 100vw, 800px\"><div class=\"bde-text-278-102-721-278-1 bde-text bde-text-278-102\">\ndr. Klemen Bo\u0161njak, MD\n<\/div><div class=\"bde-text-278-103-721-278-1 bde-text bde-text-278-103\">\nFacharzt f\u00fcr orthop\u00e4dische Chirurgie\n<\/div><div class=\"bde-text-278-104-721-278-1 bde-text bde-text-278-104\">\nIn seiner Arbeit besch\u00e4ftigt er sich haupts\u00e4chlich mit Erkrankungen der Wirbels\u00e4ule.\n<\/div>\n\n<\/a>    <\/article>\n    <article class=\"bde-loop-item ee-post\">\n        <a class=\"bde-container-link-278-100-725-278-1 bde-container-link bde-container-link-278-100 breakdance-link\" href=\"https:\/\/md-medicina.si\/de\/zdravnik\/asist-dr-urban-brulc-dr-med\/\" target=\"_self\" data-type=\"url\">\n  \n  \n\t\n\n\n\n<img decoding=\"async\" class=\"bde-image2-278-101-725-278-1 bde-image2 bde-image2-278-101\" src=\"https:\/\/md-medicina.si\/wp-content\/uploads\/2025\/05\/asist.-dr.-Urban-Brulc-dr.-med.-specialist-ortopedske-kirurgije.webp\" loading=\"lazy\" srcset=\"https:\/\/md-medicina.si\/wp-content\/uploads\/2025\/05\/asist.-dr.-Urban-Brulc-dr.-med.-specialist-ortopedske-kirurgije.webp 800w, https:\/\/md-medicina.si\/wp-content\/uploads\/2025\/05\/asist.-dr.-Urban-Brulc-dr.-med.-specialist-ortopedske-kirurgije-240x300.webp 240w, https:\/\/md-medicina.si\/wp-content\/uploads\/2025\/05\/asist.-dr.-Urban-Brulc-dr.-med.-specialist-ortopedske-kirurgije-768x960.webp 768w\" sizes=\"(max-width: 800px) 100vw, 800px\"><div class=\"bde-text-278-102-725-278-1 bde-text bde-text-278-102\">\nAsiss. Dr. Urban Brulc, dr. med\n<\/div><div class=\"bde-text-278-103-725-278-1 bde-text bde-text-278-103\">\nFacharzt f\u00fcr orthop\u00e4dische Chirurgie\n<\/div><div class=\"bde-text-278-104-725-278-1 bde-text bde-text-278-104\">\nEr befasst sich haupts\u00e4chlich mit Problemen der Wirbels\u00e4ule und der Gelenke.\n<\/div>\n\n<\/a>    <\/article>\n    <article class=\"bde-loop-item ee-post\">\n        <a class=\"bde-container-link-278-100-752-278-1 bde-container-link bde-container-link-278-100 breakdance-link\" href=\"https:\/\/md-medicina.si\/de\/zdravnik\/ljubka-dimitrovska-dr-med\/\" target=\"_self\" data-type=\"url\">\n  \n  \n\t\n\n\n\n<img decoding=\"async\" class=\"bde-image2-278-101-752-278-1 bde-image2 bde-image2-278-101\" src=\"https:\/\/md-medicina.si\/wp-content\/uploads\/2025\/05\/Ljupka-Dimitrovska-dr.med_.webp\" loading=\"lazy\" srcset=\"https:\/\/md-medicina.si\/wp-content\/uploads\/2025\/05\/Ljupka-Dimitrovska-dr.med_.webp 800w, https:\/\/md-medicina.si\/wp-content\/uploads\/2025\/05\/Ljupka-Dimitrovska-dr.med_-240x300.webp 240w, https:\/\/md-medicina.si\/wp-content\/uploads\/2025\/05\/Ljupka-Dimitrovska-dr.med_-768x960.webp 768w\" sizes=\"(max-width: 800px) 100vw, 800px\"><div class=\"bde-text-278-102-752-278-1 bde-text bde-text-278-102\">\nLjupka Dimitrovska, MD.\n<\/div><div class=\"bde-text-278-103-752-278-1 bde-text bde-text-278-103\">\nFacharzt f\u00fcr Kardiologie und Gef\u00e4\u00dfmedizin\n<\/div><div class=\"bde-text-278-104-752-278-1 bde-text bde-text-278-104\">\nSpezialisiert auf nicht-invasive Herzbildgebung mit internationalen Zertifizierungen. Klinisch und forschungsorientiertes Spezialgebiet mit Schwerpunkt auf der Behandlung struktureller Herzerkrankungen, insbesondere Herzklappenerkrankungen.\n<\/div>\n\n<\/a>    <\/article>\n    <article class=\"bde-loop-item ee-post\">\n        <a class=\"bde-container-link-278-100-739-278-1 bde-container-link bde-container-link-278-100 breakdance-link\" href=\"https:\/\/md-medicina.si\/de\/zdravnik\/prof-dr-drago-dolinar-dr-med\/\" target=\"_self\" data-type=\"url\">\n  \n  \n\t\n\n\n\n<img decoding=\"async\" class=\"bde-image2-278-101-739-278-1 bde-image2 bde-image2-278-101\" src=\"https:\/\/md-medicina.si\/wp-content\/uploads\/2025\/05\/prof.-dr.-Drago-Dolinar-dr.-med.webp\" loading=\"lazy\" srcset=\"https:\/\/md-medicina.si\/wp-content\/uploads\/2025\/05\/prof.-dr.-Drago-Dolinar-dr.-med.webp 800w, https:\/\/md-medicina.si\/wp-content\/uploads\/2025\/05\/prof.-dr.-Drago-Dolinar-dr.-med-240x300.webp 240w, https:\/\/md-medicina.si\/wp-content\/uploads\/2025\/05\/prof.-dr.-Drago-Dolinar-dr.-med-768x960.webp 768w\" sizes=\"(max-width: 800px) 100vw, 800px\"><div class=\"bde-text-278-102-739-278-1 bde-text bde-text-278-102\">\nProf. Dr. Drago Dolinar, MD\n<\/div><div class=\"bde-text-278-103-739-278-1 bde-text bde-text-278-103\">\nFacharzt f\u00fcr orthop\u00e4dische Chirurgie\n<\/div><div class=\"bde-text-278-104-739-278-1 bde-text bde-text-278-104\">\nEr ist spezialisiert auf die Durchf\u00fchrung minimalinvasiver Operationsmethoden im Bereich der orthop\u00e4dischen Chirurgie.\n<\/div>\n\n<\/a>    <\/article>\n    <article class=\"bde-loop-item ee-post\">\n        <a class=\"bde-container-link-278-100-747-278-1 bde-container-link bde-container-link-278-100 breakdance-link\" href=\"https:\/\/md-medicina.si\/de\/zdravnik\/cvetka-dragos-jancar-dr-med\/\" target=\"_self\" data-type=\"url\">\n  \n  \n\t\n\n\n\n<img decoding=\"async\" class=\"bde-image2-278-101-747-278-1 bde-image2 bde-image2-278-101\" src=\"https:\/\/md-medicina.si\/wp-content\/uploads\/2025\/05\/cvetka-dragos-jancar-dr-med2.webp\" loading=\"lazy\" srcset=\"https:\/\/md-medicina.si\/wp-content\/uploads\/2025\/05\/cvetka-dragos-jancar-dr-med2.webp 800w, https:\/\/md-medicina.si\/wp-content\/uploads\/2025\/05\/cvetka-dragos-jancar-dr-med2-240x300.webp 240w, https:\/\/md-medicina.si\/wp-content\/uploads\/2025\/05\/cvetka-dragos-jancar-dr-med2-768x960.webp 768w, https:\/\/md-medicina.si\/wp-content\/uploads\/2025\/05\/cvetka-dragos-jancar-dr-med2-10x12.webp 10w\" sizes=\"(max-width: 800px) 100vw, 800px\"><div class=\"bde-text-278-102-747-278-1 bde-text bde-text-278-102\">\nCvetka Drago\u0161 Jan\u010dar, MD.\n<\/div><div class=\"bde-text-278-103-747-278-1 bde-text bde-text-278-103\">\nKinderarzt\n<\/div><div class=\"bde-text-278-104-747-278-1 bde-text bde-text-278-104\">\nSeit vielen Jahren konzentriert sie ihre T\u00e4tigkeit auf die Pr\u00e4vention bei Kindern und Erwachsenen. Mit dem Buch \u201eGesunde Manager \u2013 Erfolgreiches Management\u201c hat sie ma\u00dfgeblich zur Anerkennung pr\u00e4ventiver Managementuntersuchungen beigetragen.\n<\/div>\n\n<\/a>    <\/article>\n    <article class=\"bde-loop-item ee-post\">\n        <a class=\"bde-container-link-278-100-740-278-1 bde-container-link bde-container-link-278-100 breakdance-link\" href=\"https:\/\/md-medicina.si\/de\/zdravnik\/prof-dr-matej-drobnic-dr-med\/\" target=\"_self\" data-type=\"url\">\n  \n  \n\t\n\n\n\n<img decoding=\"async\" class=\"bde-image2-278-101-740-278-1 bde-image2 bde-image2-278-101\" src=\"https:\/\/md-medicina.si\/wp-content\/uploads\/2025\/05\/Matej-Drobnic-dr.-med.webp\" loading=\"lazy\" srcset=\"https:\/\/md-medicina.si\/wp-content\/uploads\/2025\/05\/Matej-Drobnic-dr.-med.webp 800w, https:\/\/md-medicina.si\/wp-content\/uploads\/2025\/05\/Matej-Drobnic-dr.-med-240x300.webp 240w, https:\/\/md-medicina.si\/wp-content\/uploads\/2025\/05\/Matej-Drobnic-dr.-med-768x960.webp 768w\" sizes=\"(max-width: 800px) 100vw, 800px\"><div class=\"bde-text-278-102-740-278-1 bde-text bde-text-278-102\">\nProf. Dr. Matej Drobni\u010d, MD\n<\/div><div class=\"bde-text-278-103-740-278-1 bde-text bde-text-278-103\">\nFacharzt f\u00fcr orthop\u00e4dische Chirurgie\n<\/div><div class=\"bde-text-278-104-740-278-1 bde-text bde-text-278-104\">\nEr befasst sich vorwiegend mit Sportverletzungen des Knies, Patellapathologien, Verletzungen und Erkrankungen des oberen und unteren Sprunggelenks sowie des Fu\u00dfes.\n<\/div>\n\n<\/a>    <\/article>\n    <article class=\"bde-loop-item ee-post\">\n        <a class=\"bde-container-link-278-100-760-278-1 bde-container-link bde-container-link-278-100 breakdance-link\" href=\"https:\/\/md-medicina.si\/de\/zdravnik\/dejan-galic-dr-med\/\" target=\"_self\" data-type=\"url\">\n  \n  \n\t\n\n\n\n<img decoding=\"async\" class=\"bde-image2-278-101-760-278-1 bde-image2 bde-image2-278-101\" src=\"https:\/\/md-medicina.si\/wp-content\/uploads\/2025\/05\/Dejan-Galic-dr.-med.webp\" loading=\"lazy\" srcset=\"https:\/\/md-medicina.si\/wp-content\/uploads\/2025\/05\/Dejan-Galic-dr.-med.webp 800w, https:\/\/md-medicina.si\/wp-content\/uploads\/2025\/05\/Dejan-Galic-dr.-med-240x300.webp 240w, https:\/\/md-medicina.si\/wp-content\/uploads\/2025\/05\/Dejan-Galic-dr.-med-768x960.webp 768w\" sizes=\"(max-width: 800px) 100vw, 800px\"><div class=\"bde-text-278-102-760-278-1 bde-text bde-text-278-102\">\nDejan Gali\u010d, MD, FEBU, FECSM\n<\/div><div class=\"bde-text-278-103-760-278-1 bde-text bde-text-278-103\">\nFacharzt f\u00fcr Urologie\n<\/div><div class=\"bde-text-278-104-760-278-1 bde-text bde-text-278-104\">\nEr besch\u00e4ftigt sich mit allgemeiner Urologie, insbesondere urologischer Onkologie und Prostataproblemen, sowie Sexualmedizin.\n<\/div>\n\n<\/a>    <\/article>\n    <article class=\"bde-loop-item ee-post\">\n        <a class=\"bde-container-link-278-100-731-278-1 bde-container-link bde-container-link-278-100 breakdance-link\" href=\"https:\/\/md-medicina.si\/de\/zdravnik\/doc-dr-simon-hawlina-dr-med-febu\/\" target=\"_self\" data-type=\"url\">\n  \n  \n\t\n\n\n\n<img decoding=\"async\" class=\"bde-image2-278-101-731-278-1 bde-image2 bde-image2-278-101\" src=\"https:\/\/md-medicina.si\/wp-content\/uploads\/2025\/05\/Doc.-dr.-Simon-Hawlina-dr.-med.-FEBU.webp\" loading=\"lazy\" srcset=\"https:\/\/md-medicina.si\/wp-content\/uploads\/2025\/05\/Doc.-dr.-Simon-Hawlina-dr.-med.-FEBU.webp 800w, https:\/\/md-medicina.si\/wp-content\/uploads\/2025\/05\/Doc.-dr.-Simon-Hawlina-dr.-med.-FEBU-240x300.webp 240w, https:\/\/md-medicina.si\/wp-content\/uploads\/2025\/05\/Doc.-dr.-Simon-Hawlina-dr.-med.-FEBU-768x960.webp 768w\" sizes=\"(max-width: 800px) 100vw, 800px\"><div class=\"bde-text-278-102-731-278-1 bde-text bde-text-278-102\">\nAssoc. Prof. Dr. Simon Hawlina, MD, FEBU\n<\/div><div class=\"bde-text-278-103-731-278-1 bde-text bde-text-278-103\">\nFacharzt f\u00fcr Urologie\n<\/div><div class=\"bde-text-278-104-731-278-1 bde-text bde-text-278-104\">\nEr f\u00fchrt ein breites Spektrum urologischer chirurgischer Eingriffe durch und konzentriert sich dabei auf minimalinvasive Techniken.\n<\/div>\n\n<\/a>    <\/article>\n    <article class=\"bde-loop-item ee-post\">\n        <a class=\"bde-container-link-278-100-3362-278-1 bde-container-link bde-container-link-278-100 breakdance-link\" href=\"https:\/\/md-medicina.si\/de\/zdravnik\/sebastian-jersinovic-dr-med-febu\/\" target=\"_self\" data-type=\"url\">\n  \n  \n\t\n\n\n\n<img decoding=\"async\" class=\"bde-image2-278-101-3362-278-1 bde-image2 bde-image2-278-101\" src=\"https:\/\/md-medicina.si\/wp-content\/uploads\/2026\/01\/Jersinovic-scaled.jpg\" loading=\"lazy\" srcset=\"https:\/\/md-medicina.si\/wp-content\/uploads\/2026\/01\/Jersinovic-scaled.jpg 1707w, https:\/\/md-medicina.si\/wp-content\/uploads\/2026\/01\/Jersinovic-200x300.jpg 200w, https:\/\/md-medicina.si\/wp-content\/uploads\/2026\/01\/Jersinovic-683x1024.jpg 683w, https:\/\/md-medicina.si\/wp-content\/uploads\/2026\/01\/Jersinovic-768x1152.jpg 768w, https:\/\/md-medicina.si\/wp-content\/uploads\/2026\/01\/Jersinovic-1024x1536.jpg 1024w, https:\/\/md-medicina.si\/wp-content\/uploads\/2026\/01\/Jersinovic-1365x2048.jpg 1365w, https:\/\/md-medicina.si\/wp-content\/uploads\/2026\/01\/Jersinovic-8x12.jpg 8w\" sizes=\"(max-width: 1707px) 100vw, 1707px\"><div class=\"bde-text-278-102-3362-278-1 bde-text bde-text-278-102\">\ndr. Sebastian Jer\u0161inovi\u010d, dr. med., FEBU\n<\/div><div class=\"bde-text-278-103-3362-278-1 bde-text bde-text-278-103\">\nFacharzt f\u00fcr Urologie\n<\/div><div class=\"bde-text-278-104-3362-278-1 bde-text bde-text-278-104\">\nSpecializiran je za minimalno invazivno lasersko endoskopsko urologijo, vklju\u010dno z lasersko enukleacijo prostate (ThuFLEP) in laserskim drobljenjem ledvi\u010dnih kamnov (URS).\n<\/div>\n\n<\/a>    <\/article>\n    <article class=\"bde-loop-item ee-post\">\n        <a class=\"bde-container-link-278-100-720-278-1 bde-container-link bde-container-link-278-100 breakdance-link\" href=\"https:\/\/md-medicina.si\/de\/zdravnik\/dr-mojca-kirbis-dr-med-specialistka-nevrologije\/\" target=\"_self\" data-type=\"url\">\n  \n  \n\t\n\n\n\n<img decoding=\"async\" class=\"bde-image2-278-101-720-278-1 bde-image2 bde-image2-278-101\" src=\"https:\/\/md-medicina.si\/wp-content\/uploads\/2025\/05\/dr.-Mojca-Kirbis-dr.-med.webp\" loading=\"lazy\" srcset=\"https:\/\/md-medicina.si\/wp-content\/uploads\/2025\/05\/dr.-Mojca-Kirbis-dr.-med.webp 800w, https:\/\/md-medicina.si\/wp-content\/uploads\/2025\/05\/dr.-Mojca-Kirbis-dr.-med-240x300.webp 240w, https:\/\/md-medicina.si\/wp-content\/uploads\/2025\/05\/dr.-Mojca-Kirbis-dr.-med-768x960.webp 768w\" sizes=\"(max-width: 800px) 100vw, 800px\"><div class=\"bde-text-278-102-720-278-1 bde-text bde-text-278-102\">\nDr. Mojca Kirbi\u0161, MD, FEBN\n<\/div><div class=\"bde-text-278-103-720-278-1 bde-text bde-text-278-103\">\nFacharzt f\u00fcr Neurologie\n<\/div><div class=\"bde-text-278-104-720-278-1 bde-text bde-text-278-104\">\nBesondere Schwerpunkte liegen auf Synkopen, Erkrankungen des autonomen Nervensystems, peripheren Nervenfasersch\u00e4den und der elektrophysiologischen Diagnostik.\n<\/div>\n\n<\/a>    <\/article>\n    <article class=\"bde-loop-item ee-post\">\n        <a class=\"bde-container-link-278-100-2325-278-1 bde-container-link bde-container-link-278-100 breakdance-link\" href=\"https:\/\/md-medicina.si\/de\/zdravnik\/doc-dr-simona-kirbis-dr-med\/\" target=\"_self\" data-type=\"url\">\n  \n  \n\t\n\n\n\n<img decoding=\"async\" class=\"bde-image2-278-101-2325-278-1 bde-image2 bde-image2-278-101\" src=\"https:\/\/md-medicina.si\/wp-content\/uploads\/2025\/07\/doc.dr_.-Simona-Kirbis-dr.med_.webp\" loading=\"lazy\" srcset=\"https:\/\/md-medicina.si\/wp-content\/uploads\/2025\/07\/doc.dr_.-Simona-Kirbis-dr.med_.webp 800w, https:\/\/md-medicina.si\/wp-content\/uploads\/2025\/07\/doc.dr_.-Simona-Kirbis-dr.med_-240x300.webp 240w, https:\/\/md-medicina.si\/wp-content\/uploads\/2025\/07\/doc.dr_.-Simona-Kirbis-dr.med_-768x960.webp 768w, https:\/\/md-medicina.si\/wp-content\/uploads\/2025\/07\/doc.dr_.-Simona-Kirbis-dr.med_-10x12.webp 10w\" sizes=\"(max-width: 800px) 100vw, 800px\"><div class=\"bde-text-278-102-2325-278-1 bde-text bde-text-278-102\">\ndoc.dr. Simona Kirbi\u0161, dr.med\n<\/div><div class=\"bde-text-278-103-2325-278-1 bde-text bde-text-278-103\">\nSpezialistin f\u00fcr Innere Medizin\n<\/div><div class=\"bde-text-278-104-2325-278-1 bde-text bde-text-278-104\">\nSie befasst sich mit der Diagnose, Behandlung und \u00dcberwachung von Herz-Kreislauf-Erkrankungen.\n<\/div>\n\n<\/a>    <\/article>\n    <article class=\"bde-loop-item ee-post\">\n        <a class=\"bde-container-link-278-100-729-278-1 bde-container-link bde-container-link-278-100 breakdance-link\" href=\"https:\/\/md-medicina.si\/de\/zdravnik\/prof-dr-andrej-kmetec-dr-med\/\" target=\"_self\" data-type=\"url\">\n  \n  \n\t\n\n\n\n<img decoding=\"async\" class=\"bde-image2-278-101-729-278-1 bde-image2 bde-image2-278-101\" src=\"https:\/\/md-medicina.si\/wp-content\/uploads\/2025\/05\/prof.-dr.-Andrej-Kmetec-dr.-med.webp\" loading=\"lazy\" srcset=\"https:\/\/md-medicina.si\/wp-content\/uploads\/2025\/05\/prof.-dr.-Andrej-Kmetec-dr.-med.webp 800w, https:\/\/md-medicina.si\/wp-content\/uploads\/2025\/05\/prof.-dr.-Andrej-Kmetec-dr.-med-240x300.webp 240w, https:\/\/md-medicina.si\/wp-content\/uploads\/2025\/05\/prof.-dr.-Andrej-Kmetec-dr.-med-768x960.webp 768w\" sizes=\"(max-width: 800px) 100vw, 800px\"><div class=\"bde-text-278-102-729-278-1 bde-text bde-text-278-102\">\nProf. Dr. Andrej Kmetec, MD\n<\/div><div class=\"bde-text-278-103-729-278-1 bde-text bde-text-278-103\">\nFacharzt f\u00fcr Urologie\n<\/div><div class=\"bde-text-278-104-729-278-1 bde-text bde-text-278-104\">\nEs befasst sich mit der umfassenden Behandlung von Harnwegsbeschwerden.\n<\/div>\n\n<\/a>    <\/article>\n    <article class=\"bde-loop-item ee-post\">\n        <a class=\"bde-container-link-278-100-2182-278-1 bde-container-link bde-container-link-278-100 breakdance-link\" href=\"https:\/\/md-medicina.si\/de\/zdravnik\/mojca-knez-dr-med-dr-dent-med-spec-maksilofacialne-in-oralne-kirurgije\/\" target=\"_self\" data-type=\"url\">\n  \n  \n\t\n\n\n\n<img decoding=\"async\" class=\"bde-image2-278-101-2182-278-1 bde-image2 bde-image2-278-101\" src=\"https:\/\/md-medicina.si\/wp-content\/uploads\/2025\/07\/Mojca-Knezdr.meddr_.dent_.med_.-.webp\" loading=\"lazy\" srcset=\"https:\/\/md-medicina.si\/wp-content\/uploads\/2025\/07\/Mojca-Knezdr.meddr_.dent_.med_.-.webp 800w, https:\/\/md-medicina.si\/wp-content\/uploads\/2025\/07\/Mojca-Knezdr.meddr_.dent_.med_.--240x300.webp 240w, https:\/\/md-medicina.si\/wp-content\/uploads\/2025\/07\/Mojca-Knezdr.meddr_.dent_.med_.--768x960.webp 768w, https:\/\/md-medicina.si\/wp-content\/uploads\/2025\/07\/Mojca-Knezdr.meddr_.dent_.med_.--10x12.webp 10w\" sizes=\"(max-width: 800px) 100vw, 800px\"><div class=\"bde-text-278-102-2182-278-1 bde-text bde-text-278-102\">\nMojca Knez, dr.med., dr.dent. med.\n<\/div><div class=\"bde-text-278-103-2182-278-1 bde-text bde-text-278-103\">\nSpezialistin f\u00fcr Kiefer- und Oralchirurgie\n<\/div><div class=\"bde-text-278-104-2182-278-1 bde-text bde-text-278-104\">\nSie f\u00fchrt fach\u00e4rztliche Untersuchungen und das gesamte Spektrum an Eingriffen durch: von einfacher und komplexer Oralchirurgie und Implantologie bis hin zu orthognathen Operationen.\n<\/div>\n\n<\/a>    <\/article>\n    <article class=\"bde-loop-item ee-post\">\n        <a class=\"bde-container-link-278-100-761-278-1 bde-container-link bde-container-link-278-100 breakdance-link\" href=\"https:\/\/md-medicina.si\/de\/zdravnik\/mile-knezevic-dr-med\/\" target=\"_self\" data-type=\"url\">\n  \n  \n\t\n\n\n\n<img decoding=\"async\" class=\"bde-image2-278-101-761-278-1 bde-image2 bde-image2-278-101\" src=\"https:\/\/md-medicina.si\/wp-content\/uploads\/2025\/05\/mile-knezevic-dr.med2_.webp\" loading=\"lazy\" srcset=\"https:\/\/md-medicina.si\/wp-content\/uploads\/2025\/05\/mile-knezevic-dr.med2_.webp 800w, https:\/\/md-medicina.si\/wp-content\/uploads\/2025\/05\/mile-knezevic-dr.med2_-240x300.webp 240w, https:\/\/md-medicina.si\/wp-content\/uploads\/2025\/05\/mile-knezevic-dr.med2_-768x960.webp 768w, https:\/\/md-medicina.si\/wp-content\/uploads\/2025\/05\/mile-knezevic-dr.med2_-10x12.webp 10w\" sizes=\"(max-width: 800px) 100vw, 800px\"><div class=\"bde-text-278-102-761-278-1 bde-text bde-text-278-102\">\nMile Kne\u017eevi\u0107, MD.\n<\/div><div class=\"bde-text-278-103-761-278-1 bde-text bde-text-278-103\">\nFacharzt f\u00fcr An\u00e4sthesiologie, Reanimation und perioperative Intensivmedizin\n<\/div><div class=\"bde-text-278-104-761-278-1 bde-text bde-text-278-104\">\nEr ist intensiv in die Regionalan\u00e4sthesie und ultraschallgesteuerte periphere Nervenblockaden involviert.\n<\/div>\n\n<\/a>    <\/article>\n    <article class=\"bde-loop-item ee-post\">\n        <a class=\"bde-container-link-278-100-748-278-1 bde-container-link bde-container-link-278-100 breakdance-link\" href=\"https:\/\/md-medicina.si\/de\/zdravnik\/snezana-kocijancic-dr-med\/\" target=\"_self\" data-type=\"url\">\n  \n  \n\t\n\n\n\n<img decoding=\"async\" class=\"bde-image2-278-101-748-278-1 bde-image2 bde-image2-278-101\" src=\"https:\/\/md-medicina.si\/wp-content\/uploads\/2025\/05\/Snezana-Kocijancic-dr.-med.webp\" loading=\"lazy\" srcset=\"https:\/\/md-medicina.si\/wp-content\/uploads\/2025\/05\/Snezana-Kocijancic-dr.-med.webp 800w, https:\/\/md-medicina.si\/wp-content\/uploads\/2025\/05\/Snezana-Kocijancic-dr.-med-240x300.webp 240w, https:\/\/md-medicina.si\/wp-content\/uploads\/2025\/05\/Snezana-Kocijancic-dr.-med-768x960.webp 768w\" sizes=\"(max-width: 800px) 100vw, 800px\"><div class=\"bde-text-278-102-748-278-1 bde-text bde-text-278-102\">\nSne\u017eana Kocijan\u010di\u010d, MD.\n<\/div><div class=\"bde-text-278-103-748-278-1 bde-text bde-text-278-103\">\nFacharzt f\u00fcr Allgemeinmedizin\n<\/div><div class=\"bde-text-278-104-748-278-1 bde-text bde-text-278-104\">\nFacharzt f\u00fcr Allgemeinmedizin mit langj\u00e4hriger Lehrerfahrung und Heiligentitel.\r\n\r\n\r\n\r\n\r\n\r\n\r\n\r\n\n<\/div>\n\n<\/a>    <\/article>\n    <article class=\"bde-loop-item ee-post\">\n        <a class=\"bde-container-link-278-100-742-278-1 bde-container-link bde-container-link-278-100 breakdance-link\" href=\"https:\/\/md-medicina.si\/de\/zdravnik\/dr-robert-kosak-dr-med\/\" target=\"_self\" data-type=\"url\">\n  \n  \n\t\n\n\n\n<img decoding=\"async\" class=\"bde-image2-278-101-742-278-1 bde-image2 bde-image2-278-101\" src=\"https:\/\/md-medicina.si\/wp-content\/uploads\/2025\/05\/dr.-Robert-Kosak-dr.med_.webp\" loading=\"lazy\" srcset=\"https:\/\/md-medicina.si\/wp-content\/uploads\/2025\/05\/dr.-Robert-Kosak-dr.med_.webp 800w, https:\/\/md-medicina.si\/wp-content\/uploads\/2025\/05\/dr.-Robert-Kosak-dr.med_-240x300.webp 240w, https:\/\/md-medicina.si\/wp-content\/uploads\/2025\/05\/dr.-Robert-Kosak-dr.med_-768x960.webp 768w\" sizes=\"(max-width: 800px) 100vw, 800px\"><div class=\"bde-text-278-102-742-278-1 bde-text bde-text-278-102\">\nDr. Robert Ko\u0161ak, MD.\n<\/div><div class=\"bde-text-278-103-742-278-1 bde-text bde-text-278-103\">\nFacharzt f\u00fcr orthop\u00e4dische Chirurgie\n<\/div><div class=\"bde-text-278-104-742-278-1 bde-text bde-text-278-104\">\nEr ist vor allem auf den Bereich der Wirbels\u00e4ule spezialisiert \u2013 er f\u00fchrt Wirbels\u00e4ulenoperationen an der gesamten Wirbels\u00e4ule durch, von der Hals-, Brust- bis zur Lendenwirbels\u00e4ule.\n<\/div>\n\n<\/a>    <\/article>\n    <article class=\"bde-loop-item ee-post\">\n        <a class=\"bde-container-link-278-100-1759-278-1 bde-container-link bde-container-link-278-100 breakdance-link\" href=\"https:\/\/md-medicina.si\/de\/zdravnik\/1759\/\" target=\"_self\" data-type=\"url\">\n  \n  \n\t\n\n\n\n<img decoding=\"async\" class=\"bde-image2-278-101-1759-278-1 bde-image2 bde-image2-278-101\" src=\"https:\/\/md-medicina.si\/wp-content\/uploads\/2025\/05\/Anze-Kristan-1.webp\" loading=\"lazy\" srcset=\"https:\/\/md-medicina.si\/wp-content\/uploads\/2025\/05\/Anze-Kristan-1.webp 800w, https:\/\/md-medicina.si\/wp-content\/uploads\/2025\/05\/Anze-Kristan-1-240x300.webp 240w, https:\/\/md-medicina.si\/wp-content\/uploads\/2025\/05\/Anze-Kristan-1-768x960.webp 768w\" sizes=\"(max-width: 800px) 100vw, 800px\"><div class=\"bde-text-278-102-1759-278-1 bde-text bde-text-278-102\">\nProf. Dr. An\u017ee Kristan, MD\n<\/div><div class=\"bde-text-278-103-1759-278-1 bde-text bde-text-278-103\">\nFacharzt f\u00fcr Traumatologie\n<\/div><div class=\"bde-text-278-104-1759-278-1 bde-text bde-text-278-104\">\nErfahrener Facharzt f\u00fcr Traumatologie und Allgemeinchirurgie mit umfangreicher internationaler Praxis und einer f\u00fchrenden Rolle in der Ausbildung chirurgischer Spezialisten in Europa und Afrika.\n<\/div>\n\n<\/a>    <\/article>\n    <article class=\"bde-loop-item ee-post\">\n        <a class=\"bde-container-link-278-100-743-278-1 bde-container-link bde-container-link-278-100 breakdance-link\" href=\"https:\/\/md-medicina.si\/de\/zdravnik\/asist-dr-david-martincic-dr-med\/\" target=\"_self\" data-type=\"url\">\n  \n  \n\t\n\n\n\n<img decoding=\"async\" class=\"bde-image2-278-101-743-278-1 bde-image2 bde-image2-278-101\" src=\"https:\/\/md-medicina.si\/wp-content\/uploads\/2025\/05\/asist.-dr.-David-Martincic-dr.-med.webp\" loading=\"lazy\" srcset=\"https:\/\/md-medicina.si\/wp-content\/uploads\/2025\/05\/asist.-dr.-David-Martincic-dr.-med.webp 800w, https:\/\/md-medicina.si\/wp-content\/uploads\/2025\/05\/asist.-dr.-David-Martincic-dr.-med-240x300.webp 240w, https:\/\/md-medicina.si\/wp-content\/uploads\/2025\/05\/asist.-dr.-David-Martincic-dr.-med-768x960.webp 768w\" sizes=\"(max-width: 800px) 100vw, 800px\"><div class=\"bde-text-278-102-743-278-1 bde-text bde-text-278-102\">\nAssist. Dr. David Martin\u010di\u010d, MD\n<\/div><div class=\"bde-text-278-103-743-278-1 bde-text bde-text-278-103\">\nFacharzt f\u00fcr orthop\u00e4dische Chirurgie\n<\/div><div class=\"bde-text-278-104-743-278-1 bde-text bde-text-278-104\">\nSeine Arbeitsschwerpunkte liegen in der Sportorthop\u00e4die und Knochentumorchirurgie.\n<\/div>\n\n<\/a>    <\/article>\n    <article class=\"bde-loop-item ee-post\">\n        <a class=\"bde-container-link-278-100-722-278-1 bde-container-link bde-container-link-278-100 breakdance-link\" href=\"https:\/\/md-medicina.si\/de\/zdravnik\/asist-dr-bostjan-matos-dr-med\/\" target=\"_self\" data-type=\"url\">\n  \n  \n\t\n\n\n\n<img decoding=\"async\" class=\"bde-image2-278-101-722-278-1 bde-image2 bde-image2-278-101\" src=\"https:\/\/md-medicina.si\/wp-content\/uploads\/2025\/05\/dr.-Bostjan-Matos-dr.-med.webp\" loading=\"lazy\" srcset=\"https:\/\/md-medicina.si\/wp-content\/uploads\/2025\/05\/dr.-Bostjan-Matos-dr.-med.webp 800w, https:\/\/md-medicina.si\/wp-content\/uploads\/2025\/05\/dr.-Bostjan-Matos-dr.-med-240x300.webp 240w, https:\/\/md-medicina.si\/wp-content\/uploads\/2025\/05\/dr.-Bostjan-Matos-dr.-med-768x960.webp 768w\" sizes=\"(max-width: 800px) 100vw, 800px\"><div class=\"bde-text-278-102-722-278-1 bde-text bde-text-278-102\">\nAssist.. Dr. Bo\u0161tjan Matos, MD\n<\/div><div class=\"bde-text-278-103-722-278-1 bde-text bde-text-278-103\">\nFacharzt f\u00fcr Neurochirurgie\n<\/div><div class=\"bde-text-278-104-722-278-1 bde-text bde-text-278-104\">\nEr befasst sich vorwiegend mit krankhaften Prozessen im Gehirn und R\u00fcckenmark sowie mit Schmerzprozessen im Bereich der Lenden- und Halswirbels\u00e4ule.\n<\/div>\n\n<\/a>    <\/article>\n    <article class=\"bde-loop-item ee-post\">\n        <a class=\"bde-container-link-278-100-744-278-1 bde-container-link bde-container-link-278-100 breakdance-link\" href=\"https:\/\/md-medicina.si\/de\/zdravnik\/doc-dr-uros-meglic-dr-med\/\" target=\"_self\" data-type=\"url\">\n  \n  \n\t\n\n\n\n<img decoding=\"async\" class=\"bde-image2-278-101-744-278-1 bde-image2 bde-image2-278-101\" src=\"https:\/\/md-medicina.si\/wp-content\/uploads\/2025\/05\/doc.dr_.-Uros-Meglic-dr.-med.webp\" loading=\"lazy\" srcset=\"https:\/\/md-medicina.si\/wp-content\/uploads\/2025\/05\/doc.dr_.-Uros-Meglic-dr.-med.webp 800w, https:\/\/md-medicina.si\/wp-content\/uploads\/2025\/05\/doc.dr_.-Uros-Meglic-dr.-med-240x300.webp 240w, https:\/\/md-medicina.si\/wp-content\/uploads\/2025\/05\/doc.dr_.-Uros-Meglic-dr.-med-768x960.webp 768w\" sizes=\"(max-width: 800px) 100vw, 800px\"><div class=\"bde-text-278-102-744-278-1 bde-text bde-text-278-102\">\nAssistenzprofessor Uro\u0161 Megli\u010d, MD, PhD\n<\/div><div class=\"bde-text-278-103-744-278-1 bde-text bde-text-278-103\">\nFacharzt f\u00fcr orthop\u00e4dische Chirurgie\n<\/div><div class=\"bde-text-278-104-744-278-1 bde-text bde-text-278-104\">\nDer Schwerpunkt liegt auf der Behandlung von Verletzungen und Erkrankungen der Schulter- und Ellenbogengelenke.\n<\/div>\n\n<\/a>    <\/article>\n    <article class=\"bde-loop-item ee-post\">\n        <a class=\"bde-container-link-278-100-2207-278-1 bde-container-link bde-container-link-278-100 breakdance-link\" href=\"https:\/\/md-medicina.si\/de\/zdravnik\/maja-merkun-dr-med\/\" target=\"_self\" data-type=\"url\">\n  \n  \n\t\n\n\n\n<img decoding=\"async\" class=\"bde-image2-278-101-2207-278-1 bde-image2 bde-image2-278-101\" src=\"https:\/\/md-medicina.si\/wp-content\/uploads\/2025\/07\/Mateja-Lasic.webp\" loading=\"lazy\" srcset=\"https:\/\/md-medicina.si\/wp-content\/uploads\/2025\/07\/Mateja-Lasic.webp 800w, https:\/\/md-medicina.si\/wp-content\/uploads\/2025\/07\/Mateja-Lasic-240x300.webp 240w, https:\/\/md-medicina.si\/wp-content\/uploads\/2025\/07\/Mateja-Lasic-768x960.webp 768w, https:\/\/md-medicina.si\/wp-content\/uploads\/2025\/07\/Mateja-Lasic-10x12.webp 10w\" sizes=\"(max-width: 800px) 100vw, 800px\"><div class=\"bde-text-278-102-2207-278-1 bde-text bde-text-278-102\">\nMaja Merkun, dr.med.\n<\/div><div class=\"bde-text-278-103-2207-278-1 bde-text bde-text-278-103\">\nSpezialistin f\u00fcr Gyn\u00e4kologie und Geburtshilfe\n<\/div><div class=\"bde-text-278-104-2207-278-1 bde-text bde-text-278-104\">\nVodja dejavnosti ginekologije in porodni\u0161tva v MD medicina. Izvaja specialisti\u010dne preglede in \u0161irok nabor ginekolo\u0161kih posegov z osredoto\u010denostjo na celostnem, posameznici prilagojenem pristopu.\n<\/div>\n\n<\/a>    <\/article>\n    <article class=\"bde-loop-item ee-post\">\n        <a class=\"bde-container-link-278-100-749-278-1 bde-container-link bde-container-link-278-100 breakdance-link\" href=\"https:\/\/md-medicina.si\/de\/zdravnik\/miha-muzic-dr-med\/\" target=\"_self\" data-type=\"url\">\n  \n  \n\t\n\n\n\n<img decoding=\"async\" class=\"bde-image2-278-101-749-278-1 bde-image2 bde-image2-278-101\" src=\"https:\/\/md-medicina.si\/wp-content\/uploads\/2025\/05\/Miha-Muzic-dr.-med.webp\" loading=\"lazy\" srcset=\"https:\/\/md-medicina.si\/wp-content\/uploads\/2025\/05\/Miha-Muzic-dr.-med.webp 800w, https:\/\/md-medicina.si\/wp-content\/uploads\/2025\/05\/Miha-Muzic-dr.-med-240x300.webp 240w, https:\/\/md-medicina.si\/wp-content\/uploads\/2025\/05\/Miha-Muzic-dr.-med-768x960.webp 768w\" sizes=\"(max-width: 800px) 100vw, 800px\"><div class=\"bde-text-278-102-749-278-1 bde-text bde-text-278-102\">\nMiha Mu\u017ei\u010d, dr. med.\n<\/div><div class=\"bde-text-278-103-749-278-1 bde-text bde-text-278-103\">\nspecialist dru\u017einske medicine\n<\/div><div class=\"bde-text-278-104-749-278-1 bde-text bde-text-278-104\">\nSpecializiran za dru\u017einsko medicino z dodatnim znanjem iz interne medicine, dermatologije in urgentne diagnostike.\r\n\r\n\r\n\r\n\r\n\r\n\r\n\n<\/div>\n\n<\/a>    <\/article>\n    <article class=\"bde-loop-item ee-post\">\n        <a class=\"bde-container-link-278-100-755-278-1 bde-container-link bde-container-link-278-100 breakdance-link\" href=\"https:\/\/md-medicina.si\/de\/zdravnik\/prof-dr-zvezdan-pirtosek-dr-med\/\" target=\"_self\" data-type=\"url\">\n  \n  \n\t\n\n\n\n<img decoding=\"async\" class=\"bde-image2-278-101-755-278-1 bde-image2 bde-image2-278-101\" src=\"https:\/\/md-medicina.si\/wp-content\/uploads\/2025\/05\/prof.-dr.-Zvezdan-Pirtosek-dr.-med.webp\" loading=\"lazy\" srcset=\"https:\/\/md-medicina.si\/wp-content\/uploads\/2025\/05\/prof.-dr.-Zvezdan-Pirtosek-dr.-med.webp 800w, https:\/\/md-medicina.si\/wp-content\/uploads\/2025\/05\/prof.-dr.-Zvezdan-Pirtosek-dr.-med-240x300.webp 240w, https:\/\/md-medicina.si\/wp-content\/uploads\/2025\/05\/prof.-dr.-Zvezdan-Pirtosek-dr.-med-768x960.webp 768w\" sizes=\"(max-width: 800px) 100vw, 800px\"><div class=\"bde-text-278-102-755-278-1 bde-text bde-text-278-102\">\nProf. Dr. Zvezdan Pirto\u0161ek, MD\n<\/div><div class=\"bde-text-278-103-755-278-1 bde-text bde-text-278-103\">\nFacharzt f\u00fcr Neurologie\n<\/div><div class=\"bde-text-278-104-755-278-1 bde-text bde-text-278-104\">\nEr besch\u00e4ftigt sich haupts\u00e4chlich mit neurodegenerativen Erkrankungen wie Parkinson und Alzheimer.\n<\/div>\n\n<\/a>    <\/article>\n    <article class=\"bde-loop-item ee-post\">\n        <a class=\"bde-container-link-278-100-736-278-1 bde-container-link bde-container-link-278-100 breakdance-link\" href=\"https:\/\/md-medicina.si\/de\/zdravnik\/doc-dr-domen-plut-dr-med\/\" target=\"_self\" data-type=\"url\">\n  \n  \n\t\n\n\n\n<img decoding=\"async\" class=\"bde-image2-278-101-736-278-1 bde-image2 bde-image2-278-101\" src=\"https:\/\/md-medicina.si\/wp-content\/uploads\/2025\/05\/doc.-dr.-Domen-Plut-dr.-med.webp\" loading=\"lazy\" srcset=\"https:\/\/md-medicina.si\/wp-content\/uploads\/2025\/05\/doc.-dr.-Domen-Plut-dr.-med.webp 800w, https:\/\/md-medicina.si\/wp-content\/uploads\/2025\/05\/doc.-dr.-Domen-Plut-dr.-med-240x300.webp 240w, https:\/\/md-medicina.si\/wp-content\/uploads\/2025\/05\/doc.-dr.-Domen-Plut-dr.-med-768x960.webp 768w\" sizes=\"(max-width: 800px) 100vw, 800px\"><div class=\"bde-text-278-102-736-278-1 bde-text bde-text-278-102\">\ndoc. dr. Domen Plut, MD\n<\/div><div class=\"bde-text-278-103-736-278-1 bde-text bde-text-278-103\">\nFacharzt f\u00fcr Radiologie\n<\/div><div class=\"bde-text-278-104-736-278-1 bde-text bde-text-278-104\">\nEr f\u00fchrt haupts\u00e4chlich Ultraschalluntersuchungen bei Kindern und Erwachsenen durch.\n<\/div>\n\n<\/a>    <\/article>\n    <article class=\"bde-loop-item ee-post\">\n        <a class=\"bde-container-link-278-100-737-278-1 bde-container-link bde-container-link-278-100 breakdance-link\" href=\"https:\/\/md-medicina.si\/de\/zdravnik\/asist-peter-slak-dr-med\/\" target=\"_self\" data-type=\"url\">\n  \n  \n\t\n\n\n\n<img decoding=\"async\" class=\"bde-image2-278-101-737-278-1 bde-image2 bde-image2-278-101\" src=\"https:\/\/md-medicina.si\/wp-content\/uploads\/2025\/05\/asist.-Peter-Slak-dr.-med.webp\" loading=\"lazy\" srcset=\"https:\/\/md-medicina.si\/wp-content\/uploads\/2025\/05\/asist.-Peter-Slak-dr.-med.webp 800w, https:\/\/md-medicina.si\/wp-content\/uploads\/2025\/05\/asist.-Peter-Slak-dr.-med-240x300.webp 240w, https:\/\/md-medicina.si\/wp-content\/uploads\/2025\/05\/asist.-Peter-Slak-dr.-med-768x960.webp 768w\" sizes=\"(max-width: 800px) 100vw, 800px\"><div class=\"bde-text-278-102-737-278-1 bde-text bde-text-278-102\">\nAssist. Dr. Peter Slak, MD\n<\/div><div class=\"bde-text-278-103-737-278-1 bde-text bde-text-278-103\">\nFacharzt f\u00fcr Radiologie\n<\/div><div class=\"bde-text-278-104-737-278-1 bde-text bde-text-278-104\">\nEr f\u00fchrt Ultraschalluntersuchungen des Bauchraums, der Harnwege, der Weichteile und der Halsorgane bei Menschen jeden Alters durch.\n<\/div>\n\n<\/a>    <\/article>\n    <article class=\"bde-loop-item ee-post\">\n        <a class=\"bde-container-link-278-100-745-278-1 bde-container-link bde-container-link-278-100 breakdance-link\" href=\"https:\/\/md-medicina.si\/de\/zdravnik\/asist-dr-tanja-slokar-dr-med\/\" target=\"_self\" data-type=\"url\">\n  \n  \n\t\n\n\n\n<img decoding=\"async\" class=\"bde-image2-278-101-745-278-1 bde-image2 bde-image2-278-101\" src=\"https:\/\/md-medicina.si\/wp-content\/uploads\/2025\/05\/asist.-dr.-Tanja-Slokar-dr.-med.webp\" loading=\"lazy\" srcset=\"https:\/\/md-medicina.si\/wp-content\/uploads\/2025\/05\/asist.-dr.-Tanja-Slokar-dr.-med.webp 800w, https:\/\/md-medicina.si\/wp-content\/uploads\/2025\/05\/asist.-dr.-Tanja-Slokar-dr.-med-240x300.webp 240w, https:\/\/md-medicina.si\/wp-content\/uploads\/2025\/05\/asist.-dr.-Tanja-Slokar-dr.-med-768x960.webp 768w\" sizes=\"(max-width: 800px) 100vw, 800px\"><div class=\"bde-text-278-102-745-278-1 bde-text bde-text-278-102\">\nAssist. Dr. Tanja Slokar, MD\n<\/div><div class=\"bde-text-278-103-745-278-1 bde-text bde-text-278-103\">\nFacharzt f\u00fcr orthop\u00e4dische Chirurgie\n<\/div><div class=\"bde-text-278-104-745-278-1 bde-text bde-text-278-104\">\nEr befasst sich mit allgemeiner und vielf\u00e4ltiger orthop\u00e4discher Pathologie, mit Schwerpunkt auf Fu\u00df- und Kniepathologie bei Erwachsenen und Kindern.\n<\/div>\n\n<\/a>    <\/article>\n    <article class=\"bde-loop-item ee-post\">\n        <a class=\"bde-container-link-278-100-1386-278-1 bde-container-link bde-container-link-278-100 breakdance-link\" href=\"https:\/\/md-medicina.si\/de\/zdravnik\/izr-prof-klemen-strazar-dr-med\/\" target=\"_self\" data-type=\"url\">\n  \n  \n\t\n\n\n\n<img decoding=\"async\" class=\"bde-image2-278-101-1386-278-1 bde-image2 bde-image2-278-101\" src=\"https:\/\/md-medicina.si\/wp-content\/uploads\/2025\/05\/izr.-prof.-Klemen-Strazar-dr.-med.webp\" loading=\"lazy\" srcset=\"https:\/\/md-medicina.si\/wp-content\/uploads\/2025\/05\/izr.-prof.-Klemen-Strazar-dr.-med.webp 800w, https:\/\/md-medicina.si\/wp-content\/uploads\/2025\/05\/izr.-prof.-Klemen-Strazar-dr.-med-240x300.webp 240w, https:\/\/md-medicina.si\/wp-content\/uploads\/2025\/05\/izr.-prof.-Klemen-Strazar-dr.-med-768x960.webp 768w\" sizes=\"(max-width: 800px) 100vw, 800px\"><div class=\"bde-text-278-102-1386-278-1 bde-text bde-text-278-102\">\nAssoc. Prof. Klemen Stra\u017ear, MD, PhD\n<\/div><div class=\"bde-text-278-103-1386-278-1 bde-text bde-text-278-103\">\nFacharzt f\u00fcr orthop\u00e4dische Chirurgie\n<\/div><div class=\"bde-text-278-104-1386-278-1 bde-text bde-text-278-104\">\nEin erfahrener Facharzt f\u00fcr orthop\u00e4dische Chirurgie, der seine F\u00e4higkeiten in renommierten Kliniken auf der ganzen Welt verfeinert hat.\n<\/div>\n\n<\/a>    <\/article>\n    <article class=\"bde-loop-item ee-post\">\n        <a class=\"bde-container-link-278-100-728-278-1 bde-container-link bde-container-link-278-100 breakdance-link\" href=\"https:\/\/md-medicina.si\/de\/zdravnik\/asist-dr-lovro-suhodolcan-dr-med\/\" target=\"_self\" data-type=\"url\">\n  \n  \n\t\n\n\n\n<img decoding=\"async\" class=\"bde-image2-278-101-728-278-1 bde-image2 bde-image2-278-101\" src=\"https:\/\/md-medicina.si\/wp-content\/uploads\/2025\/05\/asist.-dr.-Lovro-Suhodolcan-dr.-med.webp\" loading=\"lazy\" srcset=\"https:\/\/md-medicina.si\/wp-content\/uploads\/2025\/05\/asist.-dr.-Lovro-Suhodolcan-dr.-med.webp 800w, https:\/\/md-medicina.si\/wp-content\/uploads\/2025\/05\/asist.-dr.-Lovro-Suhodolcan-dr.-med-240x300.webp 240w, https:\/\/md-medicina.si\/wp-content\/uploads\/2025\/05\/asist.-dr.-Lovro-Suhodolcan-dr.-med-768x960.webp 768w\" sizes=\"(max-width: 800px) 100vw, 800px\"><div class=\"bde-text-278-102-728-278-1 bde-text bde-text-278-102\">\nAssist. Dr. Lovro Suhodol\u010dan, MD\n<\/div><div class=\"bde-text-278-103-728-278-1 bde-text bde-text-278-103\">\nFacharzt f\u00fcr orthop\u00e4dische Chirurgie\n<\/div><div class=\"bde-text-278-104-728-278-1 bde-text bde-text-278-104\">\nEr befasst sich mit der umfassenden Behandlung von Wirbels\u00e4ulenerkrankungen, einschlie\u00dflich Tumorchirurgie und Deformit\u00e4ten.\n<\/div>\n\n<\/a>    <\/article>\n    <article class=\"bde-loop-item ee-post\">\n        <a class=\"bde-container-link-278-100-723-278-1 bde-container-link bde-container-link-278-100 breakdance-link\" href=\"https:\/\/md-medicina.si\/de\/zdravnik\/asist-dr-janez-toplisek-dr-med\/\" target=\"_self\" data-type=\"url\">\n  \n  \n\t\n\n\n\n<img decoding=\"async\" class=\"bde-image2-278-101-723-278-1 bde-image2 bde-image2-278-101\" src=\"https:\/\/md-medicina.si\/wp-content\/uploads\/2025\/05\/asist.-dr.-Janez-Toplisek-dr.-med.webp\" loading=\"lazy\" srcset=\"https:\/\/md-medicina.si\/wp-content\/uploads\/2025\/05\/asist.-dr.-Janez-Toplisek-dr.-med.webp 800w, https:\/\/md-medicina.si\/wp-content\/uploads\/2025\/05\/asist.-dr.-Janez-Toplisek-dr.-med-240x300.webp 240w, https:\/\/md-medicina.si\/wp-content\/uploads\/2025\/05\/asist.-dr.-Janez-Toplisek-dr.-med-768x960.webp 768w\" sizes=\"(max-width: 800px) 100vw, 800px\"><div class=\"bde-text-278-102-723-278-1 bde-text bde-text-278-102\">\nAssist. Dr. Janez Topli\u0161ek, MD\n<\/div><div class=\"bde-text-278-103-723-278-1 bde-text bde-text-278-103\">\nFacharzt f\u00fcr Innere Medizin, Kardiologie und Gef\u00e4\u00dfmedizin\n<\/div><div class=\"bde-text-278-104-723-278-1 bde-text bde-text-278-104\">\nDabei geht es vor allem um Probleme des Herz-Kreislauf-Systems.\n<\/div>\n\n<\/a>    <\/article>\n    <article class=\"bde-loop-item ee-post\">\n        <a class=\"bde-container-link-278-100-753-278-1 bde-container-link bde-container-link-278-100 breakdance-link\" href=\"https:\/\/md-medicina.si\/de\/zdravnik\/dasa-zugwitz-dr-med\/\" target=\"_self\" data-type=\"url\">\n  \n  \n\t\n\n\n\n<img decoding=\"async\" class=\"bde-image2-278-101-753-278-1 bde-image2 bde-image2-278-101\" src=\"https:\/\/md-medicina.si\/wp-content\/uploads\/2025\/05\/Dasa-Zugwitz-dr.-med.webp\" loading=\"lazy\" srcset=\"https:\/\/md-medicina.si\/wp-content\/uploads\/2025\/05\/Dasa-Zugwitz-dr.-med.webp 800w, https:\/\/md-medicina.si\/wp-content\/uploads\/2025\/05\/Dasa-Zugwitz-dr.-med-240x300.webp 240w, https:\/\/md-medicina.si\/wp-content\/uploads\/2025\/05\/Dasa-Zugwitz-dr.-med-768x960.webp 768w\" sizes=\"(max-width: 800px) 100vw, 800px\"><div class=\"bde-text-278-102-753-278-1 bde-text bde-text-278-102\">\nDa\u0161a Zugwitz, MD.\n<\/div><div class=\"bde-text-278-103-753-278-1 bde-text bde-text-278-103\">\nFacharzt f\u00fcr Kardiologie und Gef\u00e4\u00dfmedizin\n<\/div><div class=\"bde-text-278-104-753-278-1 bde-text bde-text-278-104\">\nSpezialisiert auf Herzbildgebung mit internationalen Zertifizierungen und Forschungskenntnissen im Bereich der Kardiologie.\n<\/div>\n\n<\/a>    <\/article>\n    <article class=\"bde-loop-item ee-post\">\n        <a class=\"bde-container-link-278-100-726-278-1 bde-container-link bde-container-link-278-100 breakdance-link\" href=\"https:\/\/md-medicina.si\/de\/zdravnik\/asist-dr-nik-zlak-dr-med\/\" target=\"_self\" data-type=\"url\">\n  \n  \n\t\n\n\n\n<img decoding=\"async\" class=\"bde-image2-278-101-726-278-1 bde-image2 bde-image2-278-101\" src=\"https:\/\/md-medicina.si\/wp-content\/uploads\/2025\/05\/asist.-dr.-Nik-Zlak-dr.-med.webp\" loading=\"lazy\" srcset=\"https:\/\/md-medicina.si\/wp-content\/uploads\/2025\/05\/asist.-dr.-Nik-Zlak-dr.-med.webp 800w, https:\/\/md-medicina.si\/wp-content\/uploads\/2025\/05\/asist.-dr.-Nik-Zlak-dr.-med-240x300.webp 240w, https:\/\/md-medicina.si\/wp-content\/uploads\/2025\/05\/asist.-dr.-Nik-Zlak-dr.-med-768x960.webp 768w\" sizes=\"(max-width: 800px) 100vw, 800px\"><div class=\"bde-text-278-102-726-278-1 bde-text bde-text-278-102\">\nAssist. Dr. Nik \u017dlak, MD\n<\/div><div class=\"bde-text-278-103-726-278-1 bde-text bde-text-278-103\">\nFacharzt f\u00fcr orthop\u00e4dische Chirurgie\n<\/div><div class=\"bde-text-278-104-726-278-1 bde-text bde-text-278-104\">\nEr befasst sich mit Sportpathologie und rekonstruktiven Eingriffen an Knie, Kn\u00f6chel und Schulter, regenerativer Orthop\u00e4die und Fu\u00dfpathologie.\n<\/div>\n\n<\/a>    <\/article>\n    <article class=\"bde-loop-item ee-post\">\n        <a class=\"bde-container-link-278-100-738-278-1 bde-container-link bde-container-link-278-100 breakdance-link\" href=\"https:\/\/md-medicina.si\/de\/zdravnik\/izr-prof-dr-janez-brecelj-dr-med\/\" target=\"_self\" data-type=\"url\">\n  \n  \n\t\n\n\n\n<img decoding=\"async\" class=\"bde-image2-278-101-738-278-1 bde-image2 bde-image2-278-101\" src=\"https:\/\/md-medicina.si\/wp-content\/uploads\/2025\/05\/Foto-Zupan-scaled.jpg\" loading=\"lazy\" srcset=\"https:\/\/md-medicina.si\/wp-content\/uploads\/2025\/05\/Foto-Zupan-scaled.jpg 1707w, https:\/\/md-medicina.si\/wp-content\/uploads\/2025\/05\/Foto-Zupan-200x300.jpg 200w, https:\/\/md-medicina.si\/wp-content\/uploads\/2025\/05\/Foto-Zupan-683x1024.jpg 683w, https:\/\/md-medicina.si\/wp-content\/uploads\/2025\/05\/Foto-Zupan-768x1152.jpg 768w, https:\/\/md-medicina.si\/wp-content\/uploads\/2025\/05\/Foto-Zupan-1024x1536.jpg 1024w, https:\/\/md-medicina.si\/wp-content\/uploads\/2025\/05\/Foto-Zupan-1365x2048.jpg 1365w, https:\/\/md-medicina.si\/wp-content\/uploads\/2025\/05\/Foto-Zupan-8x12.jpg 8w\" sizes=\"(max-width: 1707px) 100vw, 1707px\"><div class=\"bde-text-278-102-738-278-1 bde-text bde-text-278-102\">\nprof. dr. Oskar Zupanc, dr. med.\n<\/div><div class=\"bde-text-278-103-738-278-1 bde-text bde-text-278-103\">\nFacharzt f\u00fcr orthop\u00e4dische Chirurgie\n<\/div><div class=\"bde-text-278-104-738-278-1 bde-text bde-text-278-104\">\nPri svojem delu se ukvarja s \u0161portno patologijo. Osredoto\u010da se predvsem na zdravljenje ramen, komolca in kolen.\n<\/div>\n\n<\/a>    <\/article>\n<\/div>\r\n<\/div><\/div>\n<\/section><section class=\"bde-section-1109-143 bde-section\">\n              \n  \n  \n\t\n\n\n\n<div class=\"section-container\"><h2 class=\"bde-heading-1109-144 bde-heading\">\nMeinungen zufriedener Kunden\n<\/h2><div class=\"bde-text-1109-145 bde-text\">\nDie Meinungen unserer Patienten zeugen von dem Vertrauen, der Professionalit\u00e4t und dem pers\u00f6nlichen Ansatz, den wir in unserer Arbeit t\u00e4glich umsetzen.\n<\/div><div class=\"bde-globalblock-1109-181 bde-globalblock\"><div class=\"bde-advancedslider-1251-138-1251-1 bde-advancedslider bde-advancedslider-1251-138\">\n<div class=\"breakdance-swiper-wrapper\" data-swiper-id=\"138\">\n  <div class=\"swiper\">\n    <div class=\"swiper-wrapper\">\n      <div class=\"bde-advancedslide-1251-146-1251-1 bde-advancedslide bde-advancedslide-1251-146 swiper-slide\"><div class=\"advanced-slider__slide\">\r\n  <div class=\"bde-div-1251-147-1251-1 bde-div bde-div-1251-147\">\n  \n  \n\t\n\n\n\n<div class=\"bde-star-rating-1251-148-1251-1 bde-star-rating bde-star-rating-1251-148\">\n\n\n\n  <div class='bde-star-rating__wrapper'>\n    <svg aria-hidden=\"true\" focusable=\"false\" data-prefix=\"fas\"  role=\"img\" xmlns=\"http:\/\/www.w3.org\/2000\/svg\" viewbox=\"0 0 576 512\" class=\"svg-inline--fa fa-star fa-w-18 fa-2x\"><path d=\"M259.3 17.8L194 150.2 47.9 171.5c-26.2 3.8-36.7 36.1-17.7 54.6l105.7 103-25 145.5c-4.5 26.3 23.2 46 46.4 33.7L288 439.6l130.7 68.7c23.2 12.2 50.9-7.4 46.4-33.7l-25-145.5 105.7-103c19-18.5 8.5-50.8-17.7-54.6L382 150.2 316.7 17.8c-11.7-23.6-45.6-23.9-57.4 0z\" class=\"\"><\/path><\/svg>\n    <svg aria-hidden=\"true\" focusable=\"false\" data-prefix=\"fas\"  role=\"img\" xmlns=\"http:\/\/www.w3.org\/2000\/svg\" viewbox=\"0 0 576 512\" class=\"svg-inline--fa fa-star fa-w-18 fa-2x\"><path d=\"M259.3 17.8L194 150.2 47.9 171.5c-26.2 3.8-36.7 36.1-17.7 54.6l105.7 103-25 145.5c-4.5 26.3 23.2 46 46.4 33.7L288 439.6l130.7 68.7c23.2 12.2 50.9-7.4 46.4-33.7l-25-145.5 105.7-103c19-18.5 8.5-50.8-17.7-54.6L382 150.2 316.7 17.8c-11.7-23.6-45.6-23.9-57.4 0z\" class=\"\"><\/path><\/svg>\n    <svg aria-hidden=\"true\" focusable=\"false\" data-prefix=\"fas\"  role=\"img\" xmlns=\"http:\/\/www.w3.org\/2000\/svg\" viewbox=\"0 0 576 512\" class=\"svg-inline--fa fa-star fa-w-18 fa-2x\"><path d=\"M259.3 17.8L194 150.2 47.9 171.5c-26.2 3.8-36.7 36.1-17.7 54.6l105.7 103-25 145.5c-4.5 26.3 23.2 46 46.4 33.7L288 439.6l130.7 68.7c23.2 12.2 50.9-7.4 46.4-33.7l-25-145.5 105.7-103c19-18.5 8.5-50.8-17.7-54.6L382 150.2 316.7 17.8c-11.7-23.6-45.6-23.9-57.4 0z\" class=\"\"><\/path><\/svg>\n    <svg aria-hidden=\"true\" focusable=\"false\" data-prefix=\"fas\"  role=\"img\" xmlns=\"http:\/\/www.w3.org\/2000\/svg\" viewbox=\"0 0 576 512\" class=\"svg-inline--fa fa-star fa-w-18 fa-2x\"><path d=\"M259.3 17.8L194 150.2 47.9 171.5c-26.2 3.8-36.7 36.1-17.7 54.6l105.7 103-25 145.5c-4.5 26.3 23.2 46 46.4 33.7L288 439.6l130.7 68.7c23.2 12.2 50.9-7.4 46.4-33.7l-25-145.5 105.7-103c19-18.5 8.5-50.8-17.7-54.6L382 150.2 316.7 17.8c-11.7-23.6-45.6-23.9-57.4 0z\" class=\"\"><\/path><\/svg>\n    <svg aria-hidden=\"true\" focusable=\"false\" data-prefix=\"fas\"  role=\"img\" xmlns=\"http:\/\/www.w3.org\/2000\/svg\" viewbox=\"0 0 576 512\" class=\"svg-inline--fa fa-star fa-w-18 fa-2x\"><path d=\"M259.3 17.8L194 150.2 47.9 171.5c-26.2 3.8-36.7 36.1-17.7 54.6l105.7 103-25 145.5c-4.5 26.3 23.2 46 46.4 33.7L288 439.6l130.7 68.7c23.2 12.2 50.9-7.4 46.4-33.7l-25-145.5 105.7-103c19-18.5 8.5-50.8-17.7-54.6L382 150.2 316.7 17.8c-11.7-23.6-45.6-23.9-57.4 0z\" class=\"\"><\/path><\/svg>\n  <\/div>\n\n\n\n<svg width=\"0\" height=\"0\">\n<lineargradient id=\"starhalf148\" x1=\"0\" x2=\"100%\" y1=\"0\" y2=\"0\">\n        <stop offset=\"0%\" stop-color=\"var(--bde-palette-color-2-9cf302e2-e388-4912-b6fe-f7cdeb9bf61b)\"><\/stop>\n \t\t<stop offset=\"0%\" stop-color=\"lightgrey\"><\/stop>\n<\/lineargradient>\n<\/svg>\n\n<\/div><div class=\"bde-text-1251-149-1251-1 bde-text bde-text-1251-149\">\nMD Medicina hat freundliches und vor allem professionelles Personal. Die An\u00e4sthesisten geben einem das Gef\u00fchl, wirklich sicher zu sein. Der Chirurg kl\u00e4rt einen umfassend auf und erledigt seine Arbeit professionell. Er k\u00fcmmert sich bis zur Entlassung und nat\u00fcrlich auch danach um einen. Die Krankenschwestern, der Physiotherapeut und andere k\u00fcmmern sich darum, dass einem nichts entgeht, auch wenn man gerade nichts tun kann. Professionalit\u00e4t, Freundlichkeit, Gem\u00fctlichkeit. Das ist wohl alles, was wir als Patienten uns w\u00fcnschen und verdienen, wenn wir operiert werden m\u00fcssen. Und so ging es mir auch, denn von der Vorbereitung auf den Eingriff \u00fcber die Operation bis hin zur Nachsorge verlief alles hervorragend. Vielen Dank an das gesamte Team und alles Gute!\n<\/div>\n<\/div><div class=\"bde-div-1251-150-1251-1 bde-div bde-div-1251-150\">\n  \n  \n\t\n\n\n\n<div class=\"bde-text-1251-152-1251-1 bde-text bde-text-1251-152\">\nKatarina Sinkovec\n<\/div>\n<\/div>\r\n<\/div><\/div><div class=\"bde-advancedslide-1251-153-1251-1 bde-advancedslide bde-advancedslide-1251-153 swiper-slide\"><div class=\"advanced-slider__slide\">\r\n  <div class=\"bde-div-1251-154-1251-1 bde-div bde-div-1251-154\">\n  \n  \n\t\n\n\n\n<div class=\"bde-star-rating-1251-155-1251-1 bde-star-rating bde-star-rating-1251-155\">\n\n\n\n  <div class='bde-star-rating__wrapper'>\n    <svg aria-hidden=\"true\" focusable=\"false\" data-prefix=\"fas\"  role=\"img\" xmlns=\"http:\/\/www.w3.org\/2000\/svg\" viewbox=\"0 0 576 512\" class=\"svg-inline--fa fa-star fa-w-18 fa-2x\"><path d=\"M259.3 17.8L194 150.2 47.9 171.5c-26.2 3.8-36.7 36.1-17.7 54.6l105.7 103-25 145.5c-4.5 26.3 23.2 46 46.4 33.7L288 439.6l130.7 68.7c23.2 12.2 50.9-7.4 46.4-33.7l-25-145.5 105.7-103c19-18.5 8.5-50.8-17.7-54.6L382 150.2 316.7 17.8c-11.7-23.6-45.6-23.9-57.4 0z\" class=\"\"><\/path><\/svg>\n    <svg aria-hidden=\"true\" focusable=\"false\" data-prefix=\"fas\"  role=\"img\" xmlns=\"http:\/\/www.w3.org\/2000\/svg\" viewbox=\"0 0 576 512\" class=\"svg-inline--fa fa-star fa-w-18 fa-2x\"><path d=\"M259.3 17.8L194 150.2 47.9 171.5c-26.2 3.8-36.7 36.1-17.7 54.6l105.7 103-25 145.5c-4.5 26.3 23.2 46 46.4 33.7L288 439.6l130.7 68.7c23.2 12.2 50.9-7.4 46.4-33.7l-25-145.5 105.7-103c19-18.5 8.5-50.8-17.7-54.6L382 150.2 316.7 17.8c-11.7-23.6-45.6-23.9-57.4 0z\" class=\"\"><\/path><\/svg>\n    <svg aria-hidden=\"true\" focusable=\"false\" data-prefix=\"fas\"  role=\"img\" xmlns=\"http:\/\/www.w3.org\/2000\/svg\" viewbox=\"0 0 576 512\" class=\"svg-inline--fa fa-star fa-w-18 fa-2x\"><path d=\"M259.3 17.8L194 150.2 47.9 171.5c-26.2 3.8-36.7 36.1-17.7 54.6l105.7 103-25 145.5c-4.5 26.3 23.2 46 46.4 33.7L288 439.6l130.7 68.7c23.2 12.2 50.9-7.4 46.4-33.7l-25-145.5 105.7-103c19-18.5 8.5-50.8-17.7-54.6L382 150.2 316.7 17.8c-11.7-23.6-45.6-23.9-57.4 0z\" class=\"\"><\/path><\/svg>\n    <svg aria-hidden=\"true\" focusable=\"false\" data-prefix=\"fas\"  role=\"img\" xmlns=\"http:\/\/www.w3.org\/2000\/svg\" viewbox=\"0 0 576 512\" class=\"svg-inline--fa fa-star fa-w-18 fa-2x\"><path d=\"M259.3 17.8L194 150.2 47.9 171.5c-26.2 3.8-36.7 36.1-17.7 54.6l105.7 103-25 145.5c-4.5 26.3 23.2 46 46.4 33.7L288 439.6l130.7 68.7c23.2 12.2 50.9-7.4 46.4-33.7l-25-145.5 105.7-103c19-18.5 8.5-50.8-17.7-54.6L382 150.2 316.7 17.8c-11.7-23.6-45.6-23.9-57.4 0z\" class=\"\"><\/path><\/svg>\n    <svg aria-hidden=\"true\" focusable=\"false\" data-prefix=\"fas\"  role=\"img\" xmlns=\"http:\/\/www.w3.org\/2000\/svg\" viewbox=\"0 0 576 512\" class=\"svg-inline--fa fa-star fa-w-18 fa-2x\"><path d=\"M259.3 17.8L194 150.2 47.9 171.5c-26.2 3.8-36.7 36.1-17.7 54.6l105.7 103-25 145.5c-4.5 26.3 23.2 46 46.4 33.7L288 439.6l130.7 68.7c23.2 12.2 50.9-7.4 46.4-33.7l-25-145.5 105.7-103c19-18.5 8.5-50.8-17.7-54.6L382 150.2 316.7 17.8c-11.7-23.6-45.6-23.9-57.4 0z\" class=\"\"><\/path><\/svg>\n  <\/div>\n\n\n\n<svg width=\"0\" height=\"0\">\n<lineargradient id=\"starhalf155\" x1=\"0\" x2=\"100%\" y1=\"0\" y2=\"0\">\n        <stop offset=\"0%\" stop-color=\"var(--bde-palette-color-2-9cf302e2-e388-4912-b6fe-f7cdeb9bf61b)\"><\/stop>\n \t\t<stop offset=\"0%\" stop-color=\"lightgrey\"><\/stop>\n<\/lineargradient>\n<\/svg>\n\n<\/div><div class=\"bde-text-1251-156-1251-1 bde-text bde-text-1251-156\">\nVielen Dank an alle, die in ihrer \u00e4rztlichen Arbeit modernste medizinische Ger\u00e4te, Methoden und Arbeitsformen einsetzen. Gleichzeitig bilden Sie eine neue Generation von \u00c4rzten aus, weil Sie pers\u00f6nlich davon \u00fcberzeugt sind, dass ein partnerschaftlicher Umgang mit dem Patienten nicht nur Ihnen, sondern auch uns zugutekommt. Das gibt uns das Gef\u00fchl, \u201ewichtig\u201c zu sein.\n<\/div>\n<\/div><div class=\"bde-div-1251-157-1251-1 bde-div bde-div-1251-157\">\n  \n  \n\t\n\n\n\n<div class=\"bde-text-1251-159-1251-1 bde-text bde-text-1251-159\">\nAlenka \u010curin Jan\u017eekovi\u010d &amp; Marijan Jan\u017eekovi\u010d\n<\/div>\n<\/div>\r\n<\/div><\/div><div class=\"bde-advancedslide-1251-160-1251-1 bde-advancedslide bde-advancedslide-1251-160 swiper-slide\"><div class=\"advanced-slider__slide\">\r\n  <div class=\"bde-div-1251-161-1251-1 bde-div bde-div-1251-161\">\n  \n  \n\t\n\n\n\n<div class=\"bde-star-rating-1251-162-1251-1 bde-star-rating bde-star-rating-1251-162\">\n\n\n\n  <div class='bde-star-rating__wrapper'>\n    <svg aria-hidden=\"true\" focusable=\"false\" data-prefix=\"fas\"  role=\"img\" xmlns=\"http:\/\/www.w3.org\/2000\/svg\" viewbox=\"0 0 576 512\" class=\"svg-inline--fa fa-star fa-w-18 fa-2x\"><path d=\"M259.3 17.8L194 150.2 47.9 171.5c-26.2 3.8-36.7 36.1-17.7 54.6l105.7 103-25 145.5c-4.5 26.3 23.2 46 46.4 33.7L288 439.6l130.7 68.7c23.2 12.2 50.9-7.4 46.4-33.7l-25-145.5 105.7-103c19-18.5 8.5-50.8-17.7-54.6L382 150.2 316.7 17.8c-11.7-23.6-45.6-23.9-57.4 0z\" class=\"\"><\/path><\/svg>\n    <svg aria-hidden=\"true\" focusable=\"false\" data-prefix=\"fas\"  role=\"img\" xmlns=\"http:\/\/www.w3.org\/2000\/svg\" viewbox=\"0 0 576 512\" class=\"svg-inline--fa fa-star fa-w-18 fa-2x\"><path d=\"M259.3 17.8L194 150.2 47.9 171.5c-26.2 3.8-36.7 36.1-17.7 54.6l105.7 103-25 145.5c-4.5 26.3 23.2 46 46.4 33.7L288 439.6l130.7 68.7c23.2 12.2 50.9-7.4 46.4-33.7l-25-145.5 105.7-103c19-18.5 8.5-50.8-17.7-54.6L382 150.2 316.7 17.8c-11.7-23.6-45.6-23.9-57.4 0z\" class=\"\"><\/path><\/svg>\n    <svg aria-hidden=\"true\" focusable=\"false\" data-prefix=\"fas\"  role=\"img\" xmlns=\"http:\/\/www.w3.org\/2000\/svg\" viewbox=\"0 0 576 512\" class=\"svg-inline--fa fa-star fa-w-18 fa-2x\"><path d=\"M259.3 17.8L194 150.2 47.9 171.5c-26.2 3.8-36.7 36.1-17.7 54.6l105.7 103-25 145.5c-4.5 26.3 23.2 46 46.4 33.7L288 439.6l130.7 68.7c23.2 12.2 50.9-7.4 46.4-33.7l-25-145.5 105.7-103c19-18.5 8.5-50.8-17.7-54.6L382 150.2 316.7 17.8c-11.7-23.6-45.6-23.9-57.4 0z\" class=\"\"><\/path><\/svg>\n    <svg aria-hidden=\"true\" focusable=\"false\" data-prefix=\"fas\"  role=\"img\" xmlns=\"http:\/\/www.w3.org\/2000\/svg\" viewbox=\"0 0 576 512\" class=\"svg-inline--fa fa-star fa-w-18 fa-2x\"><path d=\"M259.3 17.8L194 150.2 47.9 171.5c-26.2 3.8-36.7 36.1-17.7 54.6l105.7 103-25 145.5c-4.5 26.3 23.2 46 46.4 33.7L288 439.6l130.7 68.7c23.2 12.2 50.9-7.4 46.4-33.7l-25-145.5 105.7-103c19-18.5 8.5-50.8-17.7-54.6L382 150.2 316.7 17.8c-11.7-23.6-45.6-23.9-57.4 0z\" class=\"\"><\/path><\/svg>\n    <svg aria-hidden=\"true\" focusable=\"false\" data-prefix=\"fas\"  role=\"img\" xmlns=\"http:\/\/www.w3.org\/2000\/svg\" viewbox=\"0 0 576 512\" class=\"svg-inline--fa fa-star fa-w-18 fa-2x\"><path d=\"M259.3 17.8L194 150.2 47.9 171.5c-26.2 3.8-36.7 36.1-17.7 54.6l105.7 103-25 145.5c-4.5 26.3 23.2 46 46.4 33.7L288 439.6l130.7 68.7c23.2 12.2 50.9-7.4 46.4-33.7l-25-145.5 105.7-103c19-18.5 8.5-50.8-17.7-54.6L382 150.2 316.7 17.8c-11.7-23.6-45.6-23.9-57.4 0z\" class=\"\"><\/path><\/svg>\n  <\/div>\n\n\n\n<svg width=\"0\" height=\"0\">\n<lineargradient id=\"starhalf162\" x1=\"0\" x2=\"100%\" y1=\"0\" y2=\"0\">\n        <stop offset=\"0%\" stop-color=\"var(--bde-palette-color-2-9cf302e2-e388-4912-b6fe-f7cdeb9bf61b)\"><\/stop>\n \t\t<stop offset=\"0%\" stop-color=\"lightgrey\"><\/stop>\n<\/lineargradient>\n<\/svg>\n\n<\/div><div class=\"bde-text-1251-163-1251-1 bde-text bde-text-1251-163\">\nWenn man das MD-Medizin-Geb\u00e4ude betritt, f\u00fchlt man sich sofort wohl, da man nicht sofort das vertraute und unangenehme Gef\u00fchl und den Geruch eines Krankenhauses versp\u00fcrt. Man wird von einer freundlichen Krankenschwester begr\u00fc\u00dft, die einen freundlich begr\u00fc\u00dft und alles erkl\u00e4rt, was einen interessiert. Alles wirkt entspannend, sodass die letzte Angst vor einer \u00e4rztlichen Untersuchung oder Operation wirklich verschwindet. Der Arzt, den man aufsucht, ist ein Top-Experte, der sich voll und ganz einem widmet, einem wirklich zuh\u00f6rt, sich Zeit f\u00fcr einen nimmt und einen schlie\u00dflich professionell ber\u00e4t. Ich verlasse die R\u00e4umlichkeiten von MD-Medizin stets ruhig und mit dem klaren Gef\u00fchl, dass hier Menschen sind, die sich stets um einen k\u00fcmmern. Daher ein herzliches Dankesch\u00f6n an Sie alle.\n<\/div>\n<\/div><div class=\"bde-div-1251-164-1251-1 bde-div bde-div-1251-164\">\n  \n  \n\t\n\n\n\n<div class=\"bde-text-1251-165-1251-1 bde-text bde-text-1251-165\">\nNeda Fabrizio\n<\/div>\n<\/div>\r\n<\/div><\/div><div class=\"bde-advancedslide-1251-166-1251-1 bde-advancedslide bde-advancedslide-1251-166 swiper-slide\"><div class=\"advanced-slider__slide\">\r\n  <div class=\"bde-div-1251-167-1251-1 bde-div bde-div-1251-167\">\n  \n  \n\t\n\n\n\n<div class=\"bde-star-rating-1251-168-1251-1 bde-star-rating bde-star-rating-1251-168\">\n\n\n\n  <div class='bde-star-rating__wrapper'>\n    <svg aria-hidden=\"true\" focusable=\"false\" data-prefix=\"fas\"  role=\"img\" xmlns=\"http:\/\/www.w3.org\/2000\/svg\" viewbox=\"0 0 576 512\" class=\"svg-inline--fa fa-star fa-w-18 fa-2x\"><path d=\"M259.3 17.8L194 150.2 47.9 171.5c-26.2 3.8-36.7 36.1-17.7 54.6l105.7 103-25 145.5c-4.5 26.3 23.2 46 46.4 33.7L288 439.6l130.7 68.7c23.2 12.2 50.9-7.4 46.4-33.7l-25-145.5 105.7-103c19-18.5 8.5-50.8-17.7-54.6L382 150.2 316.7 17.8c-11.7-23.6-45.6-23.9-57.4 0z\" class=\"\"><\/path><\/svg>\n    <svg aria-hidden=\"true\" focusable=\"false\" data-prefix=\"fas\"  role=\"img\" xmlns=\"http:\/\/www.w3.org\/2000\/svg\" viewbox=\"0 0 576 512\" class=\"svg-inline--fa fa-star fa-w-18 fa-2x\"><path d=\"M259.3 17.8L194 150.2 47.9 171.5c-26.2 3.8-36.7 36.1-17.7 54.6l105.7 103-25 145.5c-4.5 26.3 23.2 46 46.4 33.7L288 439.6l130.7 68.7c23.2 12.2 50.9-7.4 46.4-33.7l-25-145.5 105.7-103c19-18.5 8.5-50.8-17.7-54.6L382 150.2 316.7 17.8c-11.7-23.6-45.6-23.9-57.4 0z\" class=\"\"><\/path><\/svg>\n    <svg aria-hidden=\"true\" focusable=\"false\" data-prefix=\"fas\"  role=\"img\" xmlns=\"http:\/\/www.w3.org\/2000\/svg\" viewbox=\"0 0 576 512\" class=\"svg-inline--fa fa-star fa-w-18 fa-2x\"><path d=\"M259.3 17.8L194 150.2 47.9 171.5c-26.2 3.8-36.7 36.1-17.7 54.6l105.7 103-25 145.5c-4.5 26.3 23.2 46 46.4 33.7L288 439.6l130.7 68.7c23.2 12.2 50.9-7.4 46.4-33.7l-25-145.5 105.7-103c19-18.5 8.5-50.8-17.7-54.6L382 150.2 316.7 17.8c-11.7-23.6-45.6-23.9-57.4 0z\" class=\"\"><\/path><\/svg>\n    <svg aria-hidden=\"true\" focusable=\"false\" data-prefix=\"fas\"  role=\"img\" xmlns=\"http:\/\/www.w3.org\/2000\/svg\" viewbox=\"0 0 576 512\" class=\"svg-inline--fa fa-star fa-w-18 fa-2x\"><path d=\"M259.3 17.8L194 150.2 47.9 171.5c-26.2 3.8-36.7 36.1-17.7 54.6l105.7 103-25 145.5c-4.5 26.3 23.2 46 46.4 33.7L288 439.6l130.7 68.7c23.2 12.2 50.9-7.4 46.4-33.7l-25-145.5 105.7-103c19-18.5 8.5-50.8-17.7-54.6L382 150.2 316.7 17.8c-11.7-23.6-45.6-23.9-57.4 0z\" class=\"\"><\/path><\/svg>\n    <svg aria-hidden=\"true\" focusable=\"false\" data-prefix=\"fas\"  role=\"img\" xmlns=\"http:\/\/www.w3.org\/2000\/svg\" viewbox=\"0 0 576 512\" class=\"svg-inline--fa fa-star fa-w-18 fa-2x\"><path d=\"M259.3 17.8L194 150.2 47.9 171.5c-26.2 3.8-36.7 36.1-17.7 54.6l105.7 103-25 145.5c-4.5 26.3 23.2 46 46.4 33.7L288 439.6l130.7 68.7c23.2 12.2 50.9-7.4 46.4-33.7l-25-145.5 105.7-103c19-18.5 8.5-50.8-17.7-54.6L382 150.2 316.7 17.8c-11.7-23.6-45.6-23.9-57.4 0z\" class=\"\"><\/path><\/svg>\n  <\/div>\n\n\n\n<svg width=\"0\" height=\"0\">\n<lineargradient id=\"starhalf168\" x1=\"0\" x2=\"100%\" y1=\"0\" y2=\"0\">\n        <stop offset=\"0%\" stop-color=\"var(--bde-palette-color-2-9cf302e2-e388-4912-b6fe-f7cdeb9bf61b)\"><\/stop>\n \t\t<stop offset=\"0%\" stop-color=\"lightgrey\"><\/stop>\n<\/lineargradient>\n<\/svg>\n\n<\/div><div class=\"bde-text-1251-169-1251-1 bde-text bde-text-1251-169\">\nSeit 2017 habe ich bei MD Medicine einen pers\u00f6nlichen Arzt. Schon beim ersten Besuch betrat ich die \u00fcberdurchschnittliche Welt der Gesundheitskonzession: ein h\u00f6flicher Empfang am \u00fcbersichtlichen Haupteingang, ein helles Wartezimmer ohne Gedr\u00e4nge, ein Untersuchungstermin zum vereinbarten Zeitpunkt in einer modernen und angenehm ausgestatteten Klinik, eine freundliche Krankenschwester, die mich mit Namen kennt, ein entspannter und hochprofessioneller Arzt, der sich Zeit nimmt, mir zuzuh\u00f6ren und mich zu behandeln. Im selben Geb\u00e4ude kann ich auch ein Labor und viele andere Gesundheitsdienstleistungen in Anspruch nehmen. Bestellungen, \u00dcberweisungen, Rezepte, Beratungen kann ich per E-Mail oder Telefon vereinbaren, wo immer jemand antwortet... Das hochwertige System von MD Medicine dient nicht nur der Gesundheit des Patienten, sondern auch seiner W\u00fcrde.\n<\/div>\n<\/div><div class=\"bde-div-1251-170-1251-1 bde-div bde-div-1251-170\">\n  \n  \n\t\n\n\n\n<div class=\"bde-text-1251-171-1251-1 bde-text bde-text-1251-171\">\nMaja Ivanic\n<\/div>\n<\/div>\r\n<\/div><\/div>\n    <\/div>\n  <\/div>\n\n              <div class=\"swiper-button-prev\">\n            <svg xmlns=\"http:\/\/www.w3.org\/2000\/svg\" width=\"40\" height=\"40\" viewbox=\"0 0 40 40\" fill=\"none\">\r\n<rect x=\"40\" y=\"40\" width=\"40\" height=\"40\" rx=\"8\" transform=\"rotate(-180 40 40)\" fill=\"#001F3F\"\/>\r\n<path d=\"M20.1733 26.1792L13.7003 20.0004L20.1733 13.8216\" stroke=\"white\" stroke-width=\"1.3125\" stroke-linecap=\"round\" stroke-linejoin=\"round\"\/>\r\n<path d=\"M13.7004 20.0005H26.3003\" stroke=\"white\" stroke-width=\"1.3125\" stroke-linecap=\"round\" stroke-linejoin=\"round\"\/>\r\n<\/svg>\n        <\/div>\n        <div class=\"swiper-button-next\">\n            <svg xmlns=\"http:\/\/www.w3.org\/2000\/svg\" width=\"40\" height=\"40\" viewbox=\"0 0 40 40\" fill=\"none\">\r\n<rect width=\"40\" height=\"40\" rx=\"8\" fill=\"#001F3F\"\/>\r\n<path d=\"M19.8267 13.8208L26.2997 19.9996L19.8267 26.1784\" stroke=\"white\" stroke-width=\"1.3125\" stroke-linecap=\"round\" stroke-linejoin=\"round\"\/>\r\n<path d=\"M26.2996 19.9995L13.6997 19.9995\" stroke=\"white\" stroke-width=\"1.3125\" stroke-linecap=\"round\" stroke-linejoin=\"round\"\/>\r\n<\/svg>\n        <\/div>\n    \n    \n<\/div>\n\n<\/div><\/div><h2 class=\"bde-heading-1109-168 bde-heading\">\nH\u00e4ufig gestellte Fragen\n<\/h2><div class=\"bde-text-1109-169 bde-text\">\nLorem ipsum dolor sit amet consectetur adipiscing eli mattis sit Phasellus mollis sit aliquam sit nullam.\n<\/div><div class=\"bde-accordion-1109-170 bde-accordion bde-accordion--pills\"><div class=\"bde-accordion__content-wrapper-1109-171 bde-accordion__content-wrapper\">\n<h3 class=\"bde-accordion__title-tag\">\n  <button type=\"button\" class=\"bde-accordion__button\" id=\"accordion-button-171\" aria-controls=\"accordion-panel-171\" aria-expanded=\"false\">\n     <span class=\"bde-accordion__title\" >Lorem ipsum dolor sit amet consectetur.<\/span>\n     <span class=\"bde-accordion__icon bde-accordion__icon--default\"><\/span>\n     <span class=\"bde-accordion__icon bde-accordion__icon--active\"><\/span>\n  <\/button>\n<\/h3>\n\n<div role=\"region\" class=\"bde-accordion__panel\" id=\"accordion-panel-171\" aria-labelledby=\"accordion-button-171\">\n    <div class=\"bde-accordion__panel-content\">\n        <div class=\"bde-text-1109-172 bde-text\">\nLorem ipsum dolor sit amet, consectetur cdolor col adipiscing elit. Integer Mattis nunc augue vel lacinia erat euismod ut. Sed eleifend tellus nonole tincidunt aliquet. Fusce aliquam mi felis.\n<\/div>\n    <\/div>\n<\/div>\n\n\n\n<\/div><div class=\"bde-accordion__content-wrapper-1109-173 bde-accordion__content-wrapper\">\n<h3 class=\"bde-accordion__title-tag\">\n  <button type=\"button\" class=\"bde-accordion__button\" id=\"accordion-button-173\" aria-controls=\"accordion-panel-173\" aria-expanded=\"false\">\n     <span class=\"bde-accordion__title\" >Welche Faktoren beeinflussen die Kosten f\u00fcr Webdesign?<\/span>\n     <span class=\"bde-accordion__icon bde-accordion__icon--default\"><\/span>\n     <span class=\"bde-accordion__icon bde-accordion__icon--active\"><\/span>\n  <\/button>\n<\/h3>\n\n<div role=\"region\" class=\"bde-accordion__panel\" id=\"accordion-panel-173\" aria-labelledby=\"accordion-button-173\">\n    <div class=\"bde-accordion__panel-content\">\n        <div class=\"bde-text-1109-174 bde-text\">\nLorem ipsum dolor sit amet, consectetur cdolor col adipiscing elit. Integer Mattis nunc augue vel lacinia erat euismod ut. Sed eleifend tellus nonole tincidunt aliquet. Fusce aliquam mi felis.\n<\/div>\n    <\/div>\n<\/div>\n\n\n\n<\/div><div class=\"bde-accordion__content-wrapper-1109-175 bde-accordion__content-wrapper\">\n<h3 class=\"bde-accordion__title-tag\">\n  <button type=\"button\" class=\"bde-accordion__button\" id=\"accordion-button-175\" aria-controls=\"accordion-panel-175\" aria-expanded=\"false\">\n     <span class=\"bde-accordion__title\" >Lorem ipsum dolor sit amet consectetur.<\/span>\n     <span class=\"bde-accordion__icon bde-accordion__icon--default\"><\/span>\n     <span class=\"bde-accordion__icon bde-accordion__icon--active\"><\/span>\n  <\/button>\n<\/h3>\n\n<div role=\"region\" class=\"bde-accordion__panel\" id=\"accordion-panel-175\" aria-labelledby=\"accordion-button-175\">\n    <div class=\"bde-accordion__panel-content\">\n        <div class=\"bde-text-1109-176 bde-text\">\nLorem ipsum dolor sit amet, consectetur cdolor col adipiscing elit. Integer Mattis nunc augue vel lacinia erat euismod ut. Sed eleifend tellus nonole tincidunt aliquet. Fusce aliquam mi felis.\n<\/div>\n    <\/div>\n<\/div>\n\n\n\n<\/div><div class=\"bde-accordion__content-wrapper-1109-177 bde-accordion__content-wrapper\">\n<h3 class=\"bde-accordion__title-tag\">\n  <button type=\"button\" class=\"bde-accordion__button\" id=\"accordion-button-177\" aria-controls=\"accordion-panel-177\" aria-expanded=\"false\">\n     <span class=\"bde-accordion__title\" >Lorem ipsum dolor sit amet consectetur.<\/span>\n     <span class=\"bde-accordion__icon bde-accordion__icon--default\"><\/span>\n     <span class=\"bde-accordion__icon bde-accordion__icon--active\"><\/span>\n  <\/button>\n<\/h3>\n\n<div role=\"region\" class=\"bde-accordion__panel\" id=\"accordion-panel-177\" aria-labelledby=\"accordion-button-177\">\n    <div class=\"bde-accordion__panel-content\">\n        <div class=\"bde-text-1109-178 bde-text\">\nLorem ipsum dolor sit amet, consectetur cdolor col adipiscing elit. Integer Mattis nunc augue vel lacinia erat euismod ut. Sed eleifend tellus nonole tincidunt aliquet. Fusce aliquam mi felis.\n<\/div>\n    <\/div>\n<\/div>\n\n\n\n<\/div><div class=\"bde-accordion__content-wrapper-1109-179 bde-accordion__content-wrapper\">\n<h3 class=\"bde-accordion__title-tag\">\n  <button type=\"button\" class=\"bde-accordion__button\" id=\"accordion-button-179\" aria-controls=\"accordion-panel-179\" aria-expanded=\"false\">\n     <span class=\"bde-accordion__title\" >Lorem ipsum dolor sit amet consectetur.<\/span>\n     <span class=\"bde-accordion__icon bde-accordion__icon--default\"><\/span>\n     <span class=\"bde-accordion__icon bde-accordion__icon--active\"><\/span>\n  <\/button>\n<\/h3>\n\n<div role=\"region\" class=\"bde-accordion__panel\" id=\"accordion-panel-179\" aria-labelledby=\"accordion-button-179\">\n    <div class=\"bde-accordion__panel-content\">\n        <div class=\"bde-text-1109-180 bde-text\">\nLorem ipsum dolor sit amet, consectetur cdolor col adipiscing elit. Integer Mattis nunc augue vel lacinia erat euismod ut. Sed eleifend tellus nonole tincidunt aliquet. Fusce aliquam mi felis.\n<\/div>\n    <\/div>\n<\/div>\n\n\n\n<\/div>\r\n\r\n<\/div><\/div>\n<\/section>","protected":false},"excerpt":{"rendered":"<p>Nazaj na ambulanto za anesteziologijo Laj\u0161anje pooperativne bole\u010dine Anesteziolog bo poskrbel, da vas bo po operaciji ne bo bolelo, oziroma, da bo pooperativna bole\u010dina \u010dim manj\u0161a. Pri tem boste tudi sami aktivno sodelovali in ni potrebno, da trpite bole\u010dino. Dobro zdravljenje bole\u010dine je zelo pomembno, saj poleg tega, da je bole\u010dina neprijetna in trpite, ima [&hellip;]<\/p>\n","protected":false},"author":1,"featured_media":0,"parent":382,"menu_order":0,"comment_status":"closed","ping_status":"closed","template":"","meta":{"_acf_changed":false,"inline_featured_image":false,"_breakdance_hide_in_design_set":false,"_breakdance_tags":"","footnotes":""},"class_list":["post-1109","page","type-page","status-publish","hentry"],"acf":[],"yoast_head":"<!-- This site is optimized with the Yoast SEO plugin v27.3 - https:\/\/yoast.com\/product\/yoast-seo-wordpress\/ -->\n<title>Laj\u0161anje pooperativne bole\u010dine | MD medicina<\/title>\n<meta name=\"description\" content=\"V MD Medicina vam na\u0161e strokovno laj\u0161anje pooperativne bole\u010dine omogo\u010da hitrej\u0161e okrevanje brez nepotrebnega trpljenja. Preverite! &gt;&gt;\" \/>\n<meta name=\"robots\" content=\"index, follow, max-snippet:-1, max-image-preview:large, max-video-preview:-1\" \/>\n<link rel=\"canonical\" href=\"https:\/\/md-medicina.si\/de\/ambulantne-dejavnosti\/specialisticne-ambulante\/ambulanta-za-anesteziologijo\/lajsanje-pooperativne-bolecine\/\" \/>\n<meta property=\"og:locale\" content=\"de_DE\" \/>\n<meta property=\"og:type\" content=\"article\" \/>\n<meta property=\"og:title\" content=\"Laj\u0161anje pooperativne bole\u010dine | MD medicina\" \/>\n<meta property=\"og:description\" content=\"V MD Medicina vam na\u0161e strokovno laj\u0161anje pooperativne bole\u010dine omogo\u010da hitrej\u0161e okrevanje brez nepotrebnega trpljenja. Preverite! &gt;&gt;\" \/>\n<meta property=\"og:url\" content=\"https:\/\/md-medicina.si\/de\/ambulantne-dejavnosti\/specialisticne-ambulante\/ambulanta-za-anesteziologijo\/lajsanje-pooperativne-bolecine\/\" \/>\n<meta property=\"og:site_name\" content=\"MD medicina\" \/>\n<meta property=\"article:modified_time\" content=\"2026-03-23T15:49:36+00:00\" \/>\n<meta name=\"twitter:card\" content=\"summary_large_image\" \/>\n<meta name=\"twitter:label1\" content=\"Gesch\u00e4tzte Lesezeit\" \/>\n\t<meta name=\"twitter:data1\" content=\"19\u00a0Minuten\" \/>\n<script type=\"application\/ld+json\" class=\"yoast-schema-graph\">{\"@context\":\"https:\\\/\\\/schema.org\",\"@graph\":[{\"@type\":\"WebPage\",\"@id\":\"https:\\\/\\\/md-medicina.si\\\/ambulantne-dejavnosti\\\/specialisticne-ambulante\\\/ambulanta-za-anesteziologijo\\\/lajsanje-pooperativne-bolecine\\\/\",\"url\":\"https:\\\/\\\/md-medicina.si\\\/ambulantne-dejavnosti\\\/specialisticne-ambulante\\\/ambulanta-za-anesteziologijo\\\/lajsanje-pooperativne-bolecine\\\/\",\"name\":\"Laj\u0161anje pooperativne bole\u010dine | MD medicina\",\"isPartOf\":{\"@id\":\"https:\\\/\\\/md-medicina.si\\\/en\\\/#website\"},\"datePublished\":\"2025-05-11T12:58:20+00:00\",\"dateModified\":\"2026-03-23T15:49:36+00:00\",\"description\":\"V MD Medicina vam na\u0161e strokovno laj\u0161anje pooperativne bole\u010dine omogo\u010da hitrej\u0161e okrevanje brez nepotrebnega trpljenja. Preverite! >>\",\"breadcrumb\":{\"@id\":\"https:\\\/\\\/md-medicina.si\\\/ambulantne-dejavnosti\\\/specialisticne-ambulante\\\/ambulanta-za-anesteziologijo\\\/lajsanje-pooperativne-bolecine\\\/#breadcrumb\"},\"inLanguage\":\"de\",\"potentialAction\":[{\"@type\":\"ReadAction\",\"target\":[\"https:\\\/\\\/md-medicina.si\\\/ambulantne-dejavnosti\\\/specialisticne-ambulante\\\/ambulanta-za-anesteziologijo\\\/lajsanje-pooperativne-bolecine\\\/\"]}]},{\"@type\":\"BreadcrumbList\",\"@id\":\"https:\\\/\\\/md-medicina.si\\\/ambulantne-dejavnosti\\\/specialisticne-ambulante\\\/ambulanta-za-anesteziologijo\\\/lajsanje-pooperativne-bolecine\\\/#breadcrumb\",\"itemListElement\":[{\"@type\":\"ListItem\",\"position\":1,\"name\":\"Home\",\"item\":\"https:\\\/\\\/md-medicina.si\\\/\"},{\"@type\":\"ListItem\",\"position\":2,\"name\":\"Ambulantne dejavnosti\",\"item\":\"https:\\\/\\\/md-medicina.si\\\/ambulantne-dejavnosti\\\/\"},{\"@type\":\"ListItem\",\"position\":3,\"name\":\"Specialisti\u010dne ambulante\",\"item\":\"https:\\\/\\\/md-medicina.si\\\/ambulantne-dejavnosti\\\/specialisticne-ambulante\\\/\"},{\"@type\":\"ListItem\",\"position\":4,\"name\":\"Ambulanta za anesteziologijo\",\"item\":\"https:\\\/\\\/md-medicina.si\\\/ambulantne-dejavnosti\\\/specialisticne-ambulante\\\/ambulanta-za-anesteziologijo\\\/\"},{\"@type\":\"ListItem\",\"position\":5,\"name\":\"Laj\u0161anje pooperativne bole\u010dine\"}]},{\"@type\":\"WebSite\",\"@id\":\"https:\\\/\\\/md-medicina.si\\\/en\\\/#website\",\"url\":\"https:\\\/\\\/md-medicina.si\\\/en\\\/\",\"name\":\"MD medicina\",\"description\":\"Vse za va\u0161e zdravje.\",\"potentialAction\":[{\"@type\":\"SearchAction\",\"target\":{\"@type\":\"EntryPoint\",\"urlTemplate\":\"https:\\\/\\\/md-medicina.si\\\/en\\\/?s={search_term_string}\"},\"query-input\":{\"@type\":\"PropertyValueSpecification\",\"valueRequired\":true,\"valueName\":\"search_term_string\"}}],\"inLanguage\":\"de\"}]}<\/script>\n<!-- \/ Yoast SEO plugin. -->","yoast_head_json":{"title":"Laj\u0161anje pooperativne bole\u010dine | MD medicina","description":"V MD Medicina vam na\u0161e strokovno laj\u0161anje pooperativne bole\u010dine omogo\u010da hitrej\u0161e okrevanje brez nepotrebnega trpljenja. Preverite! >>","robots":{"index":"index","follow":"follow","max-snippet":"max-snippet:-1","max-image-preview":"max-image-preview:large","max-video-preview":"max-video-preview:-1"},"canonical":"https:\/\/md-medicina.si\/de\/ambulantne-dejavnosti\/specialisticne-ambulante\/ambulanta-za-anesteziologijo\/lajsanje-pooperativne-bolecine\/","og_locale":"de_DE","og_type":"article","og_title":"Laj\u0161anje pooperativne bole\u010dine | MD medicina","og_description":"V MD Medicina vam na\u0161e strokovno laj\u0161anje pooperativne bole\u010dine omogo\u010da hitrej\u0161e okrevanje brez nepotrebnega trpljenja. Preverite! >>","og_url":"https:\/\/md-medicina.si\/de\/ambulantne-dejavnosti\/specialisticne-ambulante\/ambulanta-za-anesteziologijo\/lajsanje-pooperativne-bolecine\/","og_site_name":"MD medicina","article_modified_time":"2026-03-23T15:49:36+00:00","twitter_card":"summary_large_image","twitter_misc":{"Gesch\u00e4tzte Lesezeit":"19\u00a0Minuten"},"schema":{"@context":"https:\/\/schema.org","@graph":[{"@type":"WebPage","@id":"https:\/\/md-medicina.si\/ambulantne-dejavnosti\/specialisticne-ambulante\/ambulanta-za-anesteziologijo\/lajsanje-pooperativne-bolecine\/","url":"https:\/\/md-medicina.si\/ambulantne-dejavnosti\/specialisticne-ambulante\/ambulanta-za-anesteziologijo\/lajsanje-pooperativne-bolecine\/","name":"Laj\u0161anje pooperativne bole\u010dine | MD medicina","isPartOf":{"@id":"https:\/\/md-medicina.si\/en\/#website"},"datePublished":"2025-05-11T12:58:20+00:00","dateModified":"2026-03-23T15:49:36+00:00","description":"V MD Medicina vam na\u0161e strokovno laj\u0161anje pooperativne bole\u010dine omogo\u010da hitrej\u0161e okrevanje brez nepotrebnega trpljenja. Preverite! >>","breadcrumb":{"@id":"https:\/\/md-medicina.si\/ambulantne-dejavnosti\/specialisticne-ambulante\/ambulanta-za-anesteziologijo\/lajsanje-pooperativne-bolecine\/#breadcrumb"},"inLanguage":"de","potentialAction":[{"@type":"ReadAction","target":["https:\/\/md-medicina.si\/ambulantne-dejavnosti\/specialisticne-ambulante\/ambulanta-za-anesteziologijo\/lajsanje-pooperativne-bolecine\/"]}]},{"@type":"BreadcrumbList","@id":"https:\/\/md-medicina.si\/ambulantne-dejavnosti\/specialisticne-ambulante\/ambulanta-za-anesteziologijo\/lajsanje-pooperativne-bolecine\/#breadcrumb","itemListElement":[{"@type":"ListItem","position":1,"name":"Home","item":"https:\/\/md-medicina.si\/"},{"@type":"ListItem","position":2,"name":"Ambulantne dejavnosti","item":"https:\/\/md-medicina.si\/ambulantne-dejavnosti\/"},{"@type":"ListItem","position":3,"name":"Specialisti\u010dne ambulante","item":"https:\/\/md-medicina.si\/ambulantne-dejavnosti\/specialisticne-ambulante\/"},{"@type":"ListItem","position":4,"name":"Ambulanta za anesteziologijo","item":"https:\/\/md-medicina.si\/ambulantne-dejavnosti\/specialisticne-ambulante\/ambulanta-za-anesteziologijo\/"},{"@type":"ListItem","position":5,"name":"Laj\u0161anje pooperativne bole\u010dine"}]},{"@type":"WebSite","@id":"https:\/\/md-medicina.si\/en\/#website","url":"https:\/\/md-medicina.si\/en\/","name":"MD medicina","description":"Alles f\u00fcr Ihre Gesundheit.","potentialAction":[{"@type":"SearchAction","target":{"@type":"EntryPoint","urlTemplate":"https:\/\/md-medicina.si\/en\/?s={search_term_string}"},"query-input":{"@type":"PropertyValueSpecification","valueRequired":true,"valueName":"search_term_string"}}],"inLanguage":"de"}]}},"_links":{"self":[{"href":"https:\/\/md-medicina.si\/de\/wp-json\/wp\/v2\/pages\/1109","targetHints":{"allow":["GET"]}}],"collection":[{"href":"https:\/\/md-medicina.si\/de\/wp-json\/wp\/v2\/pages"}],"about":[{"href":"https:\/\/md-medicina.si\/de\/wp-json\/wp\/v2\/types\/page"}],"author":[{"embeddable":true,"href":"https:\/\/md-medicina.si\/de\/wp-json\/wp\/v2\/users\/1"}],"replies":[{"embeddable":true,"href":"https:\/\/md-medicina.si\/de\/wp-json\/wp\/v2\/comments?post=1109"}],"version-history":[{"count":4,"href":"https:\/\/md-medicina.si\/de\/wp-json\/wp\/v2\/pages\/1109\/revisions"}],"predecessor-version":[{"id":2393,"href":"https:\/\/md-medicina.si\/de\/wp-json\/wp\/v2\/pages\/1109\/revisions\/2393"}],"up":[{"embeddable":true,"href":"https:\/\/md-medicina.si\/de\/wp-json\/wp\/v2\/pages\/382"}],"wp:attachment":[{"href":"https:\/\/md-medicina.si\/de\/wp-json\/wp\/v2\/media?parent=1109"}],"curies":[{"name":"wp","href":"https:\/\/api.w.org\/{rel}","templated":true}]}}